{"id":49348,"date":"2022-01-30T12:38:31","date_gmt":"2022-01-30T11:38:31","guid":{"rendered":"https:\/\/pmza.sk\/?page_id=49348"},"modified":"2026-04-15T13:21:19","modified_gmt":"2026-04-15T11:21:19","slug":"muza","status":"publish","type":"page","link":"https:\/\/pmza.sk\/?page_id=49348","title":{"rendered":"\u010casopis M\u00daZA"},"content":{"rendered":"\t\t<div data-elementor-type=\"wp-post\" data-elementor-id=\"49348\" class=\"elementor elementor-49348\">\n\t\t\t\t\t\t<section class=\"elementor-section elementor-top-section elementor-element elementor-element-688ad38 elementor-section-content-middle elementor-section-boxed elementor-section-height-default elementor-section-height-default\" data-id=\"688ad38\" data-element_type=\"section\" data-settings=\"{&quot;background_background&quot;:&quot;classic&quot;}\">\n\t\t\t\t\t\t\t<div class=\"elementor-background-overlay\"><\/div>\n\t\t\t\t\t\t\t<div class=\"elementor-container elementor-column-gap-no\">\n\t\t\t\t\t<div class=\"elementor-column elementor-col-100 elementor-top-column elementor-element elementor-element-148e58a\" data-id=\"148e58a\" data-element_type=\"column\">\n\t\t\t<div class=\"elementor-widget-wrap elementor-element-populated\">\n\t\t\t\t\t\t<div class=\"elementor-element elementor-element-d915ffa elementor-widget elementor-widget-heading\" data-id=\"d915ffa\" data-element_type=\"widget\" data-widget_type=\"heading.default\">\n\t\t\t\t<div class=\"elementor-widget-container\">\n\t\t\t\t\t<h1 class=\"elementor-heading-title elementor-size-default\">\u010casopis M\u00daZA<\/h1>\t\t\t\t<\/div>\n\t\t\t\t<\/div>\n\t\t\t\t\t<\/div>\n\t\t<\/div>\n\t\t\t\t\t<\/div>\n\t\t<\/section>\n\t\t\t\t<section class=\"elementor-section elementor-top-section elementor-element elementor-element-303906c elementor-section-content-top elementor-section-boxed elementor-section-height-default elementor-section-height-default\" data-id=\"303906c\" data-element_type=\"section\">\n\t\t\t\t\t\t<div class=\"elementor-container elementor-column-gap-no\">\n\t\t\t\t\t<div class=\"elementor-column elementor-col-100 elementor-top-column elementor-element elementor-element-79e7669\" data-id=\"79e7669\" data-element_type=\"column\">\n\t\t\t<div class=\"elementor-widget-wrap elementor-element-populated\">\n\t\t\t\t\t\t<div class=\"elementor-element elementor-element-c1c9279 elementor-widget elementor-widget-text-editor\" data-id=\"c1c9279\" data-element_type=\"widget\" data-widget_type=\"text-editor.default\">\n\t\t\t\t<div class=\"elementor-widget-container\">\n\t\t\t\t\t\t\t\t\t<p>M\u00da<span style=\"color: #000000;\">ZA<\/span> je elektronick\u00fd popul\u00e1rno-n\u00e1u\u010dn\u00fd \u010dasopis, ktor\u00fd vyd\u00e1va Pova\u017esk\u00e9 m\u00fazeum minim\u00e1lne jedenkr\u00e1t ro\u010dne. N\u00e1zov vznikol ako skratka slov M\u00daZEUM a \u017dILINA. Jeho cie\u013eom je \u0161irokej verejnosti pribli\u017eova\u0165 t\u00e9my z oblasti spolo\u010densk\u00fdch a pr\u00edrodn\u00fdch vied sp\u00e4t\u00e9 s okresmi \u017dilina a Byt\u010da (regi\u00f3n Horn\u00e9 Pova\u017eie) a z\u00e1rove\u0148 informova\u0165 aj o realizovan\u00fdch m\u00fazejn\u00fdch v\u00fdstav\u00e1ch, podujatiach, akvizi\u010dnej \u010di v\u00fdskumnej \u010dinnosti v tomto regi\u00f3ne. Niektor\u00e9 \u010d\u00edsla \u010dasopisu m\u00f4\u017eu by\u0165 \u00a0zameran\u00e9 na ur\u010dit\u00fa t\u00e9mu \u2013 napr\u00edklad v\u00fdznamn\u00e9 v\u00fdro\u010dia r\u00f4zneho charakteru.<\/p><p><b>Vydavate\u013e:<\/b> Pova\u017esk\u00e9 m\u00fazeum, organiz\u00e1cia v zria\u010fovate\u013eskej p\u00f4sobnosti \u017dilinsk\u00e9ho samospr\u00e1vneho kraja, Topo\u013eov\u00e1 1, 010 03 \u017dilina<\/p>\t\t\t\t\t\t\t\t<\/div>\n\t\t\t\t<\/div>\n\t\t\t\t<section class=\"elementor-section elementor-inner-section elementor-element elementor-element-19cdd67 elementor-section-boxed elementor-section-height-default elementor-section-height-default\" data-id=\"19cdd67\" data-element_type=\"section\">\n\t\t\t\t\t\t<div class=\"elementor-container elementor-column-gap-default\">\n\t\t\t\t\t<div class=\"elementor-column elementor-col-50 elementor-inner-column elementor-element elementor-element-afee74e\" data-id=\"afee74e\" data-element_type=\"column\">\n\t\t\t<div class=\"elementor-widget-wrap elementor-element-populated\">\n\t\t\t\t\t\t<div class=\"elementor-element elementor-element-5b818aa elementor-widget elementor-widget-image\" data-id=\"5b818aa\" data-element_type=\"widget\" data-widget_type=\"image.default\">\n\t\t\t\t<div class=\"elementor-widget-container\">\n\t\t\t\t\t\t\t\t\t\t\t\t\t\t\t\t<a href=\"https:\/\/pmza.sk\/muza_2025_01a\/muza_2025_01a.html#p=1\">\n\t\t\t\t\t\t\t<img fetchpriority=\"high\" decoding=\"async\" width=\"520\" height=\"736\" src=\"https:\/\/pmza.sk\/wp-content\/uploads\/2025\/08\/Muza_2025_01_o-520x736.jpg\" class=\"attachment-large size-large wp-image-71642\" alt=\"\" srcset=\"https:\/\/pmza.sk\/wp-content\/uploads\/2025\/08\/Muza_2025_01_o-520x736.jpg 520w, https:\/\/pmza.sk\/wp-content\/uploads\/2025\/08\/Muza_2025_01_o-254x360.jpg 254w, https:\/\/pmza.sk\/wp-content\/uploads\/2025\/08\/Muza_2025_01_o-600x849.jpg 600w, https:\/\/pmza.sk\/wp-content\/uploads\/2025\/08\/Muza_2025_01_o.jpg 648w\" sizes=\"(max-width: 520px) 100vw, 520px\" \/>\t\t\t\t\t\t\t\t<\/a>\n\t\t\t\t\t\t\t\t\t\t\t\t\t\t\t<\/div>\n\t\t\t\t<\/div>\n\t\t\t\t\t<\/div>\n\t\t<\/div>\n\t\t\t\t<div class=\"elementor-column elementor-col-50 elementor-inner-column elementor-element elementor-element-82199d5\" data-id=\"82199d5\" data-element_type=\"column\">\n\t\t\t<div class=\"elementor-widget-wrap elementor-element-populated\">\n\t\t\t\t\t\t<div class=\"elementor-element elementor-element-4e06454 elementor-widget elementor-widget-text-editor\" data-id=\"4e06454\" data-element_type=\"widget\" data-widget_type=\"text-editor.default\">\n\t\t\t\t<div class=\"elementor-widget-container\">\n\t\t\t\t\t\t\t\t\t<p><span style=\"font-style: inherit; font-weight: inherit;\"><strong><a href=\"https:\/\/pmza.sk\/muza_2025_01a\/muza_2025_01a.html#p=4\">Cechov\u00e1 heraldika v zbierkach Pova\u017esk\u00e9ho m\u00fazea<\/a><\/strong> \/ Darina Bellovi\u010dov\u00e1<br \/><\/span><span style=\"font-style: inherit; font-weight: inherit;\"><a href=\"https:\/\/pmza.sk\/muza_2025_01a\/muza_2025_01a.html#p=14\"><strong>Jednu vlakov\u00fa zast\u00e1vku, pros\u00edm<\/strong><\/a> \/ Peter \u0160imko<br \/><\/span><span style=\"font-style: inherit; font-weight: inherit;\"><strong><a href=\"https:\/\/pmza.sk\/muza_2025_01a\/muza_2025_01a.html#p=20\">Spomienka na soch\u00e1ra Pavla Bindera<\/a><\/strong> \/ Zdeno Hogh<br \/><\/span><span style=\"font-style: inherit; font-weight: inherit;\"><strong><a href=\"https:\/\/pmza.sk\/muza_2025_01a\/muza_2025_01a.html#p=24\">Tipy na v\u00fdlety za p\u00f4vabn\u00fdmi kvetmi do okolia \u017diliny II. \u010das\u0165<\/a><\/strong> \/ Kv\u011bta Kickov\u00e1<\/span><\/p><p><em>Udalos\u0165<br \/><\/em><strong><a href=\"https:\/\/pmza.sk\/muza_2025_01a\/muza_2025_01a.html#p=32\">Rok drot\u00e1rstva v Pova\u017eskom m\u00fazeu<\/a> <\/strong>\/ Katar\u00edna Hallonov\u00e1, Magdal\u00e9na Lackov\u00e1<\/p><p><em>V\u00fdstava<\/em><br \/><a href=\"https:\/\/pmza.sk\/muza_2025_01a\/muza_2025_01a.html#p=38\"><strong>Dosky, ktor\u00e9 znamenali svet<\/strong><\/a> \/ Tatiana Kub\u00e1\u0148ov\u00e1<\/p><p><em>Ochrana zbierok<\/em><br \/><strong><a href=\"https:\/\/pmza.sk\/muza_2025_01a\/muza_2025_01a.html#p=44\">In persona Christi. (Re\u0161taurovanie cirkevn\u00fdch text\u00edli\u00ed \u2013 III. etapa)<\/a> <\/strong>\/ Adriana B\u00e1rdyov\u00e1<br \/><span style=\"font-style: inherit; font-weight: inherit;\"><strong><a href=\"https:\/\/pmza.sk\/muza_2025_01a\/muza_2025_01a.html#p=48\">Re\u0161taurovanie bibli\u00ed zo 17. \u2013 18. storo\u010dia (I. etapa)<\/a><\/strong> \/ Adriana B\u00e1rdyov\u00e1<br \/><\/span><span style=\"font-style: inherit; font-weight: inherit;\"><strong><a href=\"https:\/\/pmza.sk\/muza_2025_01a\/muza_2025_01a.html#p=52\">Re\u0161taurovanie \u0161es\u0165miestnych z\u00e1prahov\u00fdch san\u00ed \u2013 1. etapa<\/a><\/strong> \/ Peter \u0160imko<\/span><\/p><p><em>Rozhovor<\/em><br \/><strong><a href=\"https:\/\/pmza.sk\/muza_2025_01a\/muza_2025_01a.html#p=56\">Vytv\u00e1ram nie\u010do pekn\u00e9 pre bud\u00face gener\u00e1cie \/ Rozhovor s prepar\u00e1torom Fedorom Sedilekom<\/a><\/strong> \/ Magdal\u00e9na Lackov\u00e1<\/p><p><em>Podujatie<\/em><br \/><strong><a href=\"https:\/\/pmza.sk\/muza_2025_01a\/muza_2025_01a.html#p=62\">Stretnutie drot\u00e1rskych majstrov, XXX. ro\u010dn\u00edk<\/a><\/strong> \/ Katar\u00edna Hallonov\u00e1<\/p><p><em>Z m\u00faze\u00e1lnej kuchyne<\/em><br \/><strong><a href=\"https:\/\/pmza.sk\/muza_2025_01a\/muza_2025_01a.html#p=68\">Nebo pod rukami re\u0161taur\u00e1torov<\/a> <\/strong>\/ Jozef Mih\u00e1lik<\/p>\t\t\t\t\t\t\t\t<\/div>\n\t\t\t\t<\/div>\n\t\t\t\t\t<\/div>\n\t\t<\/div>\n\t\t\t\t\t<\/div>\n\t\t<\/section>\n\t\t\t\t<section class=\"elementor-section elementor-inner-section elementor-element elementor-element-2a10173 elementor-section-boxed elementor-section-height-default elementor-section-height-default\" data-id=\"2a10173\" data-element_type=\"section\">\n\t\t\t\t\t\t<div class=\"elementor-container elementor-column-gap-default\">\n\t\t\t\t\t<div class=\"elementor-column elementor-col-50 elementor-inner-column elementor-element elementor-element-ced6272\" data-id=\"ced6272\" data-element_type=\"column\">\n\t\t\t<div class=\"elementor-widget-wrap elementor-element-populated\">\n\t\t\t\t\t\t<div class=\"elementor-element elementor-element-c3f7f46 elementor-widget elementor-widget-image\" data-id=\"c3f7f46\" data-element_type=\"widget\" data-widget_type=\"image.default\">\n\t\t\t\t<div class=\"elementor-widget-container\">\n\t\t\t\t\t\t\t\t\t\t\t\t\t\t\t\t<a href=\"https:\/\/pmza.sk\/muza_2024_01\/mobile\/index.html#p=1\" target=\"_blank\">\n\t\t\t\t\t\t\t<img decoding=\"async\" width=\"520\" height=\"736\" src=\"https:\/\/pmza.sk\/wp-content\/uploads\/2024\/09\/iba_Titulka-520x736.jpg\" class=\"attachment-large size-large wp-image-65572\" alt=\"\" srcset=\"https:\/\/pmza.sk\/wp-content\/uploads\/2024\/09\/iba_Titulka-520x736.jpg 520w, https:\/\/pmza.sk\/wp-content\/uploads\/2024\/09\/iba_Titulka-255x360.jpg 255w, https:\/\/pmza.sk\/wp-content\/uploads\/2024\/09\/iba_Titulka-768x1086.jpg 768w, https:\/\/pmza.sk\/wp-content\/uploads\/2024\/09\/iba_Titulka-1086x1536.jpg 1086w, https:\/\/pmza.sk\/wp-content\/uploads\/2024\/09\/iba_Titulka-1448x2048.jpg 1448w, https:\/\/pmza.sk\/wp-content\/uploads\/2024\/09\/iba_Titulka-600x849.jpg 600w, https:\/\/pmza.sk\/wp-content\/uploads\/2024\/09\/iba_Titulka-scaled.jpg 1810w\" sizes=\"(max-width: 520px) 100vw, 520px\" \/>\t\t\t\t\t\t\t\t<\/a>\n\t\t\t\t\t\t\t\t\t\t\t\t\t\t\t<\/div>\n\t\t\t\t<\/div>\n\t\t\t\t<div class=\"elementor-element elementor-element-20e7a0a elementor-widget elementor-widget-heading\" data-id=\"20e7a0a\" data-element_type=\"widget\" data-widget_type=\"heading.default\">\n\t\t\t\t<div class=\"elementor-widget-container\">\n\t\t\t\t\t<h2 class=\"elementor-heading-title elementor-size-default\">1\/2024<\/h2>\t\t\t\t<\/div>\n\t\t\t\t<\/div>\n\t\t\t\t\t<\/div>\n\t\t<\/div>\n\t\t\t\t<div class=\"elementor-column elementor-col-50 elementor-inner-column elementor-element elementor-element-52adeba\" data-id=\"52adeba\" data-element_type=\"column\">\n\t\t\t<div class=\"elementor-widget-wrap elementor-element-populated\">\n\t\t\t\t\t\t<div class=\"elementor-element elementor-element-d4443b8 elementor-widget elementor-widget-text-editor\" data-id=\"d4443b8\" data-element_type=\"widget\" data-widget_type=\"text-editor.default\">\n\t\t\t\t<div class=\"elementor-widget-container\">\n\t\t\t\t\t\t\t\t\t<p><strong><span style=\"font-size: 15px;\">Obsah:<\/span><\/strong><\/p><p><span style=\"font-size: 15px;\"><a href=\"https:\/\/pmza.sk\/muza_2024_01\/mobile\/index.html#p=4\" target=\"_blank\" rel=\"noopener\"><strong>Miniat\u00fary kolies voza ako ochrann\u00e9 symboly lat\u00e9nskych obyvate\u013eov<\/strong><\/a> \/ Zuzana Stanekov\u00e1<br \/><\/span><a href=\"https:\/\/pmza.sk\/muza_2024_01\/mobile\/index.html#p=8\" target=\"_blank\" rel=\"noopener\"><strong><span style=\"font-size: 15px;\">Hanns Hoerbiger dnes zn\u00e1my ako propag\u00e1tor pseudovedeckej te\u00f3rie,\u00a0<\/span><\/strong><\/a><span style=\"font-size: 15px;\"><a href=\"https:\/\/pmza.sk\/muza_2024_01\/mobile\/index.html#p=8\" target=\"_blank\" rel=\"noopener\"><strong>kedysi hlavn\u00fd in\u017einier s\u00fakennej tov\u00e1rne v \u017diline<\/strong><\/a> \/ Zuzana Kudzbelov\u00e1<br \/><\/span><span style=\"font-size: 15px;\"><a href=\"https:\/\/pmza.sk\/muza_2024_01\/mobile\/index.html#p=16\" target=\"_blank\" rel=\"noopener\"><strong>Ako sa stavali dreven\u00e9 mosty \/ Most cez V\u00e1h medzi \u017dilinou a Budat\u00ednom<\/strong><\/a> \/ Peter \u0160imko<br \/><\/span><span style=\"font-size: 15px;\"><a href=\"https:\/\/pmza.sk\/muza_2024_01\/mobile\/index.html#p=22\" target=\"_blank\" rel=\"noopener\"><strong>Pracovn\u00fd rok v drevorezb\u00e1ch Pova\u017esk\u00e9ho m\u00fazea<\/strong><\/a> \/ Adriana B\u00e1rdyov\u00e1<br \/><\/span><span style=\"font-size: 15px;\"><a href=\"https:\/\/pmza.sk\/muza_2024_01\/mobile\/index.html#p=26\" target=\"_blank\" rel=\"noopener\"><strong>Vyprch\u00e1 \u010daro star\u00fdch fotografi\u00ed a poh\u013eadn\u00edc?<\/strong><\/a> \/ Peter \u0160imko<\/span><\/p><p><em>Zauj\u00edmavosti<br \/><\/em><a href=\"https:\/\/pmza.sk\/muza_2024_01\/mobile\/index.html#p=30\" target=\"_blank\" rel=\"noopener\"><strong>\u010co nap\u00edsali, to nap\u00edsali \/ Epigrafick\u00e9 n\u00e1pisy v \u017diline<\/strong><\/a> \/ Michal Jureck\u00fd<br \/><a href=\"https:\/\/pmza.sk\/muza_2024_01\/mobile\/index.html#p=36\"><strong>Tipy na v\u00fdlety za p\u00f4vabn\u00fdmi kvetmi v okol\u00ed \u017diliny<\/strong><\/a> \/ Kv\u011bta Kickov\u00e1<\/p><p><em>Expoz\u00edcie<br \/><\/em><a href=\"https:\/\/pmza.sk\/muza_2024_01\/mobile\/index.html#p=40\"><strong>Interakt\u00edvna expoz\u00edcia na Hrade Stre\u010dno<\/strong><\/a> \/ Andrea Slan\u00e1<br \/><a href=\"https:\/\/pmza.sk\/muza_2024_01\/mobile\/index.html#p=44\" target=\"_blank\" rel=\"noopener\"><strong>Sala\u0161 na Podfa\u010dkovskej sa vr\u00e1til do \u010ci\u010dmian<\/strong><\/a> \/ Adriana B\u00e1rdyov\u00e1<\/p><p><em>V\u00fdstavy<br \/><\/em><a href=\"https:\/\/pmza.sk\/muza_2024_01\/mobile\/index.html#p=46\" target=\"_blank\" rel=\"noopener\"><strong>\u010co dr\u00f4t spojil, \u010das nerozdel\u00ed<\/strong> <\/a>\/ Katar\u00edna Kendrov\u00e1<br \/><a href=\"https:\/\/pmza.sk\/muza_2024_01\/mobile\/index.html#p=50\" target=\"_blank\" rel=\"noopener\"><strong>Pozdravy jari<\/strong><\/a> \/ Katar\u00edna Hallonov\u00e1<\/p><p><em>Ochrana zbierok<br \/><\/em><a href=\"https:\/\/pmza.sk\/muza_2024_01\/mobile\/index.html#p=56\" target=\"_blank\" rel=\"noopener\"><strong>In persona Christi \/ Re\u0161taurovanie cirkevn\u00fdch text\u00edli\u00ed \u2013 II. a III. etapa<\/strong><\/a> \/ Dominika Hlob\u00edkov\u00e1<\/p><p><em>Udalos\u0165<br \/><\/em><a href=\"https:\/\/pmza.sk\/muza_2024_01\/mobile\/index.html#p=58\" target=\"_blank\" rel=\"noopener\"><strong>Celoslovensk\u00e9 stretnutie Zachr\u00e1\u0148me hrady v \u017diline<\/strong><\/a> \/ Jozef Mih\u00e1lik<\/p><p><em>Z m\u00faze\u00e1lnej kuchyne<br \/><\/em><a href=\"https:\/\/pmza.sk\/muza_2024_01\/mobile\/index.html#p=60\" target=\"_blank\" rel=\"noopener\"><strong>Pova\u017esk\u00e9 m\u00fazeum \u2013 ak\u00e9 si bolo (\u010dinorod\u00e9) v roku 2023?<\/strong> <\/a>\/ Margita Lehotsk\u00e1<br \/><a href=\"https:\/\/pmza.sk\/muza_2024_01\/mobile\/index.html#p=64\" target=\"_blank\" rel=\"noopener\"><strong>Na hrade Stre\u010dno v\u00edta n\u00e1v\u0161tevn\u00edkov nadrozmern\u00fd havran<\/strong> <\/a>\/ Magdal\u00e9na Lackov\u00e1<\/p><p><em>IN MEMORIAM<br \/><\/em><a href=\"https:\/\/pmza.sk\/muza_2024_01\/mobile\/index.html#p=66\" target=\"_blank\" rel=\"noopener\"><strong>Medail\u00f3n pre Vikt\u00f3riu<\/strong><\/a> \/ Jozef Morav\u010d\u00edk<br \/><a href=\"https:\/\/pmza.sk\/muza_2024_01\/mobile\/index.html#p=68\" target=\"_blank\" rel=\"noopener\"><strong>LIST DO NEBA \/ Spomienka na Vikt\u00f3riu Urbanov\u00fa<\/strong><\/a> \/ Katar\u00edna Kendrov\u00e1<\/p>\t\t\t\t\t\t\t\t<\/div>\n\t\t\t\t<\/div>\n\t\t\t\t<div class=\"elementor-element elementor-element-87346ed elementor-widget-divider--view-line elementor-widget elementor-widget-divider\" data-id=\"87346ed\" data-element_type=\"widget\" data-widget_type=\"divider.default\">\n\t\t\t\t<div class=\"elementor-widget-container\">\n\t\t\t\t\t\t\t<div class=\"elementor-divider\">\n\t\t\t<span class=\"elementor-divider-separator\">\n\t\t\t\t\t\t<\/span>\n\t\t<\/div>\n\t\t\t\t\t\t<\/div>\n\t\t\t\t<\/div>\n\t\t\t\t\t<\/div>\n\t\t<\/div>\n\t\t\t\t\t<\/div>\n\t\t<\/section>\n\t\t\t\t<section class=\"elementor-section elementor-inner-section elementor-element elementor-element-01281d0 elementor-section-boxed elementor-section-height-default elementor-section-height-default\" data-id=\"01281d0\" data-element_type=\"section\">\n\t\t\t\t\t\t<div class=\"elementor-container elementor-column-gap-narrow\">\n\t\t\t\t\t<div class=\"elementor-column elementor-col-50 elementor-inner-column elementor-element elementor-element-288eba3\" data-id=\"288eba3\" data-element_type=\"column\">\n\t\t\t<div class=\"elementor-widget-wrap elementor-element-populated\">\n\t\t\t\t\t\t<div class=\"elementor-element elementor-element-ee9d782 elementor-widget elementor-widget-image\" data-id=\"ee9d782\" data-element_type=\"widget\" data-widget_type=\"image.default\">\n\t\t\t\t<div class=\"elementor-widget-container\">\n\t\t\t\t\t\t\t\t\t\t\t\t\t\t\t\t<a href=\"https:\/\/pmza.sk\/muza-1-2023-5\/index.html#p=1\">\n\t\t\t\t\t\t\t<img decoding=\"async\" src=\"https:\/\/pmza.sk\/wp-content\/uploads\/2023\/08\/02_Muza_01_2023_Obalka-scaled.jpg\" title=\"02_Muza_01_2023_Obalka\" alt=\"02_Muza_01_2023_Obalka\" loading=\"lazy\" \/>\t\t\t\t\t\t\t\t<\/a>\n\t\t\t\t\t\t\t\t\t\t\t\t\t\t\t<\/div>\n\t\t\t\t<\/div>\n\t\t\t\t<div class=\"elementor-element elementor-element-3a091aa elementor-widget elementor-widget-heading\" data-id=\"3a091aa\" data-element_type=\"widget\" data-widget_type=\"heading.default\">\n\t\t\t\t<div class=\"elementor-widget-container\">\n\t\t\t\t\t<h2 class=\"elementor-heading-title elementor-size-default\">1\/2023<\/h2>\t\t\t\t<\/div>\n\t\t\t\t<\/div>\n\t\t\t\t\t<\/div>\n\t\t<\/div>\n\t\t\t\t<div class=\"elementor-column elementor-col-50 elementor-inner-column elementor-element elementor-element-0579e25\" data-id=\"0579e25\" data-element_type=\"column\">\n\t\t\t<div class=\"elementor-widget-wrap elementor-element-populated\">\n\t\t\t\t\t\t<div class=\"elementor-element elementor-element-6fd2694 elementor-widget elementor-widget-text-editor\" data-id=\"6fd2694\" data-element_type=\"widget\" data-widget_type=\"text-editor.default\">\n\t\t\t\t<div class=\"elementor-widget-container\">\n\t\t\t\t\t\t\t\t\t<p><strong>Obsah:<\/strong><\/p><p><a href=\"https:\/\/pmza.sk\/muza-1-2023-5\/mobile\/index.html#p=4\"><strong>Poniklec prostredn\u00fd a tri hrady v S\u00fa\u013eovsk\u0107h skal\u00e1ch. \u010co ich sp\u00e1ja?<\/strong><\/a> \/ Kv\u011bta Kickov\u00e1, Jozef Mih\u00e1lik<br \/><a href=\"https:\/\/pmza.sk\/muza-1-2023-5\/mobile\/index.html#p=10\"><strong>Najstar\u0161ie geologick\u00e9 mapy \u017diliny a okolia po vzniku \u0160t\u00e1tneho geologick\u00e9ho \u00fastavu Dion\u00fdza \u0160t\u00fara v Bratislave<\/strong><\/a> \/ Andrea Slan\u00e1<br \/><a href=\"https:\/\/pmza.sk\/muza-1-2023-5\/mobile\/index.html#p=14\"><strong>A<\/strong><strong>nglick\u00fd cestovate\u013e na Hornom Pova\u017e\u00ed<\/strong><\/a> \/ Peter \u0160imko<br \/><a href=\"https:\/\/pmza.sk\/muza-1-2023-5\/mobile\/index.html#p=22\"><strong>V<\/strong><strong>odn\u00fd mlyn v Hri\u010dovskom Podhrad\u00ed<\/strong> <\/a>\/ Jozef Mih\u00e1lik<\/p><p><em>V\u00fdstavy <br \/><\/em><a href=\"https:\/\/pmza.sk\/muza-1-2023-5\/mobile\/index.html#p=24\"><strong>\u017d<\/strong><strong>ivot v srdci drot\u00e1rie.<\/strong><\/a> Vplyv drot\u00e1rstva na sp\u00f4sob odievania v obciach Ve\u013ek\u00e9 Rovn\u00e9 a Dlh\u00e9 Pole \/ Katar\u00edna Kendrov\u00e1<br \/><a href=\"https:\/\/pmza.sk\/muza-1-2023-5\/mobile\/index.html#p=28\"><strong>M<\/strong><strong>oje druh\u00e9 ja.<\/strong> <\/a>Autorsk\u00e9 \u0161perky Lucie \u010cert\u00edkovej in\u0161pirovan\u00e9 drot\u00e1rskou trad\u00edciou \/ Katar\u00edna Hallonov\u00e1<br \/><a href=\"https:\/\/pmza.sk\/muza-1-2023-5\/mobile\/index.html#p=31\"><strong>Matilda.<\/strong><\/a> Pozn\u00e1mky k tvorbe akademickej maliarky Matildy \u010cechovej \/ Zden\u011bk Hogh<\/p><p><em><strong>Ochrana zbierok<br \/><\/strong><\/em><a href=\"https:\/\/pmza.sk\/muza-1-2023-5\/mobile\/index.html#p=38\"><strong>In persona christi.<\/strong><\/a> Re\u0161taurovanie cirkevn\u00fdch text\u00edli\u00ed \u2013 I. a II. etapa \/ Dominika Hlob\u00edkov\u00e1<\/p><p><em><strong>V\u00fdro\u010dia<br \/><\/strong><\/em><a href=\"https:\/\/pmza.sk\/muza-1-2023-5\/mobile\/index.html#p=40\"><strong>Spomienka na majstra \u017eeleza a dr\u00f4tu. Ladislav Jurovat\u00fd st.<\/strong><\/a> \/ Katar\u00edna Hallonov\u00e1<br \/><a href=\"https:\/\/pmza.sk\/muza-1-2023-5\/mobile\/index.html#p=45\"><strong>Majster z rodu majstrov. Jozef Hol\u00e1nik-Bake\u013e<\/strong><\/a> \/ Katar\u00edna Hallonov\u00e1<\/p><p><em><strong>Udalosti<br \/><\/strong><\/em><a href=\"https:\/\/pmza.sk\/muza-1-2023-5\/mobile\/index.html#p=50\"><strong>Ma\u013eovan\u00e1 chal\u00fapka<\/strong><\/a> \/ Adriana B\u00e1rdyov\u00e1<br \/><a href=\"https:\/\/pmza.sk\/muza-1-2023-5\/mobile\/index.html#p=52\"><strong>Nov\u00e9 poznatky z dej\u00edn cestnej dopravy. N\u00e1vrat k odbornej konferencii<\/strong><\/a>\u00a0\/ Peter \u0160imko<\/p>\t\t\t\t\t\t\t\t<\/div>\n\t\t\t\t<\/div>\n\t\t\t\t<div class=\"elementor-element elementor-element-ccb687e elementor-widget-divider--view-line elementor-widget elementor-widget-divider\" data-id=\"ccb687e\" data-element_type=\"widget\" data-widget_type=\"divider.default\">\n\t\t\t\t<div class=\"elementor-widget-container\">\n\t\t\t\t\t\t\t<div class=\"elementor-divider\">\n\t\t\t<span class=\"elementor-divider-separator\">\n\t\t\t\t\t\t<\/span>\n\t\t<\/div>\n\t\t\t\t\t\t<\/div>\n\t\t\t\t<\/div>\n\t\t\t\t\t<\/div>\n\t\t<\/div>\n\t\t\t\t\t<\/div>\n\t\t<\/section>\n\t\t\t\t<section class=\"elementor-section elementor-inner-section elementor-element elementor-element-04f73ef elementor-section-boxed elementor-section-height-default elementor-section-height-default\" data-id=\"04f73ef\" data-element_type=\"section\">\n\t\t\t\t\t\t<div class=\"elementor-container elementor-column-gap-narrow\">\n\t\t\t\t\t<div class=\"elementor-column elementor-col-50 elementor-inner-column elementor-element elementor-element-76b578c\" data-id=\"76b578c\" data-element_type=\"column\">\n\t\t\t<div class=\"elementor-widget-wrap elementor-element-populated\">\n\t\t\t\t\t\t<div class=\"elementor-element elementor-element-d9b1e45 elementor-widget elementor-widget-image\" data-id=\"d9b1e45\" data-element_type=\"widget\" data-widget_type=\"image.default\">\n\t\t\t\t<div class=\"elementor-widget-container\">\n\t\t\t\t\t\t\t\t\t\t\t\t\t\t\t\t<a href=\"https:\/\/pmza.sk\/muza2-20221\/muza_2022_02.html\">\n\t\t\t\t\t\t\t<img decoding=\"async\" width=\"521\" height=\"736\" src=\"https:\/\/pmza.sk\/wp-content\/uploads\/2022\/12\/muza2-222o-521x736.jpg\" class=\"attachment-large size-large wp-image-54543\" alt=\"\" srcset=\"https:\/\/pmza.sk\/wp-content\/uploads\/2022\/12\/muza2-222o-521x736.jpg 521w, https:\/\/pmza.sk\/wp-content\/uploads\/2022\/12\/muza2-222o-255x360.jpg 255w, https:\/\/pmza.sk\/wp-content\/uploads\/2022\/12\/muza2-222o-768x1085.jpg 768w, https:\/\/pmza.sk\/wp-content\/uploads\/2022\/12\/muza2-222o-1088x1536.jpg 1088w, https:\/\/pmza.sk\/wp-content\/uploads\/2022\/12\/muza2-222o-1450x2048.jpg 1450w, https:\/\/pmza.sk\/wp-content\/uploads\/2022\/12\/muza2-222o-600x847.jpg 600w, https:\/\/pmza.sk\/wp-content\/uploads\/2022\/12\/muza2-222o-scaled.jpg 1813w\" sizes=\"(max-width: 521px) 100vw, 521px\" \/>\t\t\t\t\t\t\t\t<\/a>\n\t\t\t\t\t\t\t\t\t\t\t\t\t\t\t<\/div>\n\t\t\t\t<\/div>\n\t\t\t\t<div class=\"elementor-element elementor-element-1c65642 elementor-widget elementor-widget-heading\" data-id=\"1c65642\" data-element_type=\"widget\" data-widget_type=\"heading.default\">\n\t\t\t\t<div class=\"elementor-widget-container\">\n\t\t\t\t\t<h2 class=\"elementor-heading-title elementor-size-default\">2\/2022<\/h2>\t\t\t\t<\/div>\n\t\t\t\t<\/div>\n\t\t\t\t\t<\/div>\n\t\t<\/div>\n\t\t\t\t<div class=\"elementor-column elementor-col-50 elementor-inner-column elementor-element elementor-element-904a6bc\" data-id=\"904a6bc\" data-element_type=\"column\">\n\t\t\t<div class=\"elementor-widget-wrap elementor-element-populated\">\n\t\t\t\t\t\t<div class=\"elementor-element elementor-element-2e58422 elementor-widget elementor-widget-text-editor\" data-id=\"2e58422\" data-element_type=\"widget\" data-widget_type=\"text-editor.default\">\n\t\t\t\t<div class=\"elementor-widget-container\">\n\t\t\t\t\t\t\t\t\t<p class=\"MsoNormal\"><i>80. v\u00fdro\u010die Pova\u017esk\u00e9ho m\u00fazea<br \/><\/i><b>Prv\u00e9 expoz\u00edcie \u017eilinsk\u00e9ho mestsk\u00e9ho m\u00fazea<\/b> \/ Katar\u00edna Hallonov\u00e1<i><br \/><\/i><b>Truhlica Gejzu \u010c\u00e1kiho<\/b> \/ Dominika Hlob\u00edkov\u00e1<i><br \/><\/i><b>V\u00fdstava \u010ci\u010dmiansky \u013eudov\u00fd odev a v\u00fd\u0161ivky v roku 1972<\/b> \/ Adriana B\u00e1rdyov\u00e1<i><br \/><\/i><b>Hist\u00f3ria pr\u00edrodovedn\u00fdch v\u00fdstav a expoz\u00edci\u00ed v Pova\u017eskom m\u00fazeu<\/b> \/ Kv\u011bta Kickov\u00e1<i><br \/><\/i><b>Zrekon\u0161truovan\u00e1 zr\u00facanina hradu Stre\u010dno<\/b> \/ Andrea Slan\u00e1<i><br \/><\/i><b>Osobnosti a zberatelia automobilovej dopravy a potreba automobilov\u00e9ho m\u00fazea v \u017diline<\/b> \/ J\u00e1n Trul\u00edk \/ Peter \u0160imko<i><br \/><\/i><b>Metamorf\u00f3za a oslava ako princ\u00edpy tvorenia<\/b> \/ Zden\u011bk Hogh<i><\/i><\/p><p class=\"MsoNormal\"><i>Z minulosti regi\u00f3nu<\/i><br \/><b>Pavil\u00f3n \u017dilinskej s\u00fakennej fabriky ako l\u00e1kadlo milen\u00e1rnej v\u00fdstavy. K dejin\u00e1m \u017eilinskej textilnej tov\u00e1rne do roku 1945. \u010cas\u0165 2.<\/b> \/ Zuzana Kudzbelov\u00e1<br \/><b>P\u00e1r slov o\u00a0\u017eilinskom viadukte<\/b> \/ Peter \u0160imko<\/p><p class=\"MsoNormal\"><i>V\u00fdstavy<\/i><br \/><b>8 deka m\u00fazea. V\u00fdstava pri pr\u00edle\u017eitosti 80. v\u00fdro\u010dia Pova\u017esk\u00e9ho<\/b> m\u00fazea \/ Magdal\u00e9na Lackov\u00e1<br \/><b>Postava drot\u00e1ra v literat\u00fare<\/b> \/ Jana Adamusov\u00e1<\/p><p class=\"MsoNormal\"><i>Ochrana zbierok<\/i><br \/><b>In persona Christi. Re\u0161taurovanie cirkevn\u00fdch text\u00edli\u00ed \u2013 I. etapa<\/b> \/ Dominika Hlob\u00edkov\u00e1<br \/><b>Re\u0161taurovanie truhlice z majetku rodu \u010c\u00e1kiovcov<\/b> \/ Martina Starinsk\u00e1<\/p><p class=\"MsoNormal\"><i>Publik\u00e1cia<\/i><br \/><b>\u017divot v srdci Drot\u00e1rie. Vplyv drot\u00e1rstva na sp\u00f4sob odievania v obciach Ve\u013ek\u00e9 Rovn\u00e9 a Dlh\u00e9<\/b> Pole \/ Katar\u00edna Kendrov\u00e1<\/p><p class=\"MsoNormal\"><i>Udalosti<\/i><br \/><b>Archeol\u00f3gia na hrade Hri\u010dov z poh\u013eadu Zdru\u017eenia priate\u013eov Hri\u010dovsk\u00e9ho hradu<\/b> \/ Jozef Mih\u00e1lik<\/p><p>\u00a0<\/p><p class=\"MsoNormal\"><i>Cez k\u013e\u00fa\u010dov\u00fa dierku<\/i><br \/><b>Ako sa z n\u00e1s stali jaskyniari. Veselo i v\u00e1\u017ene zo z\u00e1kulisia m\u00fazea<\/b> \/ Katar\u00edna Kendrov\u00e1<\/p>\t\t\t\t\t\t\t\t<\/div>\n\t\t\t\t<\/div>\n\t\t\t\t\t<\/div>\n\t\t<\/div>\n\t\t\t\t\t<\/div>\n\t\t<\/section>\n\t\t\t\t<div class=\"elementor-element elementor-element-d4a0e4a elementor-widget-divider--view-line elementor-widget elementor-widget-divider\" data-id=\"d4a0e4a\" data-element_type=\"widget\" data-widget_type=\"divider.default\">\n\t\t\t\t<div class=\"elementor-widget-container\">\n\t\t\t\t\t\t\t<div class=\"elementor-divider\">\n\t\t\t<span class=\"elementor-divider-separator\">\n\t\t\t\t\t\t<\/span>\n\t\t<\/div>\n\t\t\t\t\t\t<\/div>\n\t\t\t\t<\/div>\n\t\t\t\t<section class=\"elementor-section elementor-inner-section elementor-element elementor-element-cfab762 elementor-section-boxed elementor-section-height-default elementor-section-height-default\" data-id=\"cfab762\" data-element_type=\"section\">\n\t\t\t\t\t\t<div class=\"elementor-container elementor-column-gap-narrow\">\n\t\t\t\t\t<div class=\"elementor-column elementor-col-50 elementor-inner-column elementor-element elementor-element-fe05bd1\" data-id=\"fe05bd1\" data-element_type=\"column\">\n\t\t\t<div class=\"elementor-widget-wrap elementor-element-populated\">\n\t\t\t\t\t\t<div class=\"elementor-element elementor-element-bc343c3 elementor-widget elementor-widget-image\" data-id=\"bc343c3\" data-element_type=\"widget\" data-widget_type=\"image.default\">\n\t\t\t\t<div class=\"elementor-widget-container\">\n\t\t\t\t\t\t\t\t\t\t\t\t\t\t\t\t<a href=\"https:\/\/pmza.sk\/muza2022-01\/muza2022-01.html\" target=\"_blank\">\n\t\t\t\t\t\t\t<img loading=\"lazy\" decoding=\"async\" width=\"520\" height=\"736\" src=\"https:\/\/pmza.sk\/wp-content\/uploads\/2023\/01\/MUZA-2022-01-520x736.jpg\" class=\"attachment-large size-large wp-image-54688\" alt=\"\" srcset=\"https:\/\/pmza.sk\/wp-content\/uploads\/2023\/01\/MUZA-2022-01-520x736.jpg 520w, https:\/\/pmza.sk\/wp-content\/uploads\/2023\/01\/MUZA-2022-01-254x360.jpg 254w, https:\/\/pmza.sk\/wp-content\/uploads\/2023\/01\/MUZA-2022-01-768x1088.jpg 768w, https:\/\/pmza.sk\/wp-content\/uploads\/2023\/01\/MUZA-2022-01-1084x1536.jpg 1084w, https:\/\/pmza.sk\/wp-content\/uploads\/2023\/01\/MUZA-2022-01-1446x2048.jpg 1446w, https:\/\/pmza.sk\/wp-content\/uploads\/2023\/01\/MUZA-2022-01-600x850.jpg 600w, https:\/\/pmza.sk\/wp-content\/uploads\/2023\/01\/MUZA-2022-01-scaled.jpg 1807w\" sizes=\"(max-width: 520px) 100vw, 520px\" \/>\t\t\t\t\t\t\t\t<\/a>\n\t\t\t\t\t\t\t\t\t\t\t\t\t\t\t<\/div>\n\t\t\t\t<\/div>\n\t\t\t\t<div class=\"elementor-element elementor-element-4a06d09 elementor-widget elementor-widget-heading\" data-id=\"4a06d09\" data-element_type=\"widget\" data-widget_type=\"heading.default\">\n\t\t\t\t<div class=\"elementor-widget-container\">\n\t\t\t\t\t<h2 class=\"elementor-heading-title elementor-size-default\">1\/2022<\/h2>\t\t\t\t<\/div>\n\t\t\t\t<\/div>\n\t\t\t\t\t<\/div>\n\t\t<\/div>\n\t\t\t\t<div class=\"elementor-column elementor-col-50 elementor-inner-column elementor-element elementor-element-5240c0c\" data-id=\"5240c0c\" data-element_type=\"column\">\n\t\t\t<div class=\"elementor-widget-wrap elementor-element-populated\">\n\t\t\t\t\t\t<div class=\"elementor-element elementor-element-e7daffe elementor-widget elementor-widget-text-editor\" data-id=\"e7daffe\" data-element_type=\"widget\" data-widget_type=\"text-editor.default\">\n\t\t\t\t<div class=\"elementor-widget-container\">\n\t\t\t\t\t\t\t\t\t<p><strong>&#8222;Pareni\u0161te de\u0161trukt\u00edvnych \u017eivlov&#8220;. K dejin\u00e1m \u017eilinskej textilnej tov\u00e1rne do roku 1945.\u00a0<\/strong><strong>1. \u010das\u0165<\/strong> \/ Zuzana Kudzbelov\u00e1<br \/><strong>Prejavy \u013eudovej n\u00e1bo\u017enosti v \u017eivote drot\u00e1rskych rod\u00edn<\/strong> \/ Katar\u00edna Kendrov\u00e1 <br \/><strong>Ide to, nejde to, nech\u00e1me to na leto&#8230; (z dej\u00edn z\u00e1pch)<\/strong> \/ Peter \u0160imko <br \/><strong>Tajomstvo jedn\u00e9ho pam\u00e4tn\u00ed\u010dka<\/strong> \/ Jana Adamusov\u00e1<br \/><strong>\u013dudov\u00e9 ma\u013eby na skle<\/strong> \/ Adriana B\u00e1rdyov\u00e1, Petronela Vlhov\u00e1<br \/><strong>O tvorbe Martiny Piatkovej<\/strong> \/ Zdeno Hogh<br \/><strong>Vz\u00e1cne rastlinstvo slat\u00edn pri \u0160uji<\/strong> \/ Kv\u011bta Kickov\u00e1<br \/><strong>Meteorit z Diviny<\/strong> \/ Andrea Slan\u00e1<\/p><p><em>V\u00fdstavy<\/em><br \/><strong>V mene Bo\u017eom<\/strong> \/ Dominika Hlob\u00edkov\u00e1<br \/><strong>H\u013ea, bar\u00e1nok&#8230;<\/strong> \/ Katar\u00edna Hallonov\u00e1<\/p><p>Ochrana zbierok<br \/><strong>Ochrana zbierok v depozit\u00e1ri hist\u00f3ria<\/strong> \/ Dominika Hlob\u00edkov\u00e1<\/p><p><em>Udalosti<\/em><br \/><strong>Prv\u00fd archeologick\u00fd v\u00fdskum ka\u0161tie\u013ea v Byt\u010di<\/strong> \/ Zuzana Stanekov\u00e1, Marek Both, <br \/>Danka Majer\u010d\u00edkov\u00e1<br \/><strong>V\u00fdskum krypty Katedr\u00e1ly Najsv\u00e4tej\u0161ej Trojice v \u017diline<\/strong> \/ Andrea Slan\u00e1<br \/><strong>Najv\u00e4\u010d\u0161ie podujatia roku 2021<\/strong> \/ Magdal\u00e9na Lackov\u00e1<\/p>\t\t\t\t\t\t\t\t<\/div>\n\t\t\t\t<\/div>\n\t\t\t\t\t<\/div>\n\t\t<\/div>\n\t\t\t\t\t<\/div>\n\t\t<\/section>\n\t\t\t\t<div class=\"elementor-element elementor-element-f22cfcb elementor-widget-divider--view-line elementor-widget elementor-widget-divider\" data-id=\"f22cfcb\" data-element_type=\"widget\" data-widget_type=\"divider.default\">\n\t\t\t\t<div class=\"elementor-widget-container\">\n\t\t\t\t\t\t\t<div class=\"elementor-divider\">\n\t\t\t<span class=\"elementor-divider-separator\">\n\t\t\t\t\t\t<\/span>\n\t\t<\/div>\n\t\t\t\t\t\t<\/div>\n\t\t\t\t<\/div>\n\t\t\t\t<section class=\"elementor-section elementor-inner-section elementor-element elementor-element-4eefb80 elementor-section-boxed elementor-section-height-default elementor-section-height-default\" data-id=\"4eefb80\" data-element_type=\"section\">\n\t\t\t\t\t\t<div class=\"elementor-container elementor-column-gap-narrow\">\n\t\t\t\t\t<div class=\"elementor-column elementor-col-50 elementor-inner-column elementor-element elementor-element-820ef10\" data-id=\"820ef10\" data-element_type=\"column\">\n\t\t\t<div class=\"elementor-widget-wrap elementor-element-populated\">\n\t\t\t\t\t\t<div class=\"elementor-element elementor-element-fc8b3d0 elementor-widget elementor-widget-image\" data-id=\"fc8b3d0\" data-element_type=\"widget\" data-widget_type=\"image.default\">\n\t\t\t\t<div class=\"elementor-widget-container\">\n\t\t\t\t\t\t\t\t\t\t\t\t\t\t\t\t<a href=\"https:\/\/pmza.sk\/muza_1_2021b\/index.html\" target=\"_blank\">\n\t\t\t\t\t\t\t<img loading=\"lazy\" decoding=\"async\" width=\"515\" height=\"736\" src=\"https:\/\/pmza.sk\/wp-content\/uploads\/2022\/01\/MUZA-2021-01-titulka-pozadie-scaled-1-515x736.jpg\" class=\"attachment-large size-large wp-image-47091\" alt=\"\" srcset=\"https:\/\/pmza.sk\/wp-content\/uploads\/2022\/01\/MUZA-2021-01-titulka-pozadie-scaled-1-515x736.jpg 515w, https:\/\/pmza.sk\/wp-content\/uploads\/2022\/01\/MUZA-2021-01-titulka-pozadie-scaled-1-252x360.jpg 252w, https:\/\/pmza.sk\/wp-content\/uploads\/2022\/01\/MUZA-2021-01-titulka-pozadie-scaled-1-768x1098.jpg 768w, https:\/\/pmza.sk\/wp-content\/uploads\/2022\/01\/MUZA-2021-01-titulka-pozadie-scaled-1-600x858.jpg 600w, https:\/\/pmza.sk\/wp-content\/uploads\/2022\/01\/MUZA-2021-01-titulka-pozadie-scaled-1.jpg 792w\" sizes=\"(max-width: 515px) 100vw, 515px\" \/>\t\t\t\t\t\t\t\t<\/a>\n\t\t\t\t\t\t\t\t\t\t\t\t\t\t\t<\/div>\n\t\t\t\t<\/div>\n\t\t\t\t<div class=\"elementor-element elementor-element-65e5c10 elementor-widget elementor-widget-heading\" data-id=\"65e5c10\" data-element_type=\"widget\" data-widget_type=\"heading.default\">\n\t\t\t\t<div class=\"elementor-widget-container\">\n\t\t\t\t\t<h2 class=\"elementor-heading-title elementor-size-default\">1\/2021<\/h2>\t\t\t\t<\/div>\n\t\t\t\t<\/div>\n\t\t\t\t\t<\/div>\n\t\t<\/div>\n\t\t\t\t<div class=\"elementor-column elementor-col-50 elementor-inner-column elementor-element elementor-element-c55f1c1\" data-id=\"c55f1c1\" data-element_type=\"column\">\n\t\t\t<div class=\"elementor-widget-wrap elementor-element-populated\">\n\t\t\t\t\t\t<div class=\"elementor-element elementor-element-4bf1470 elementor-widget elementor-widget-text-editor\" data-id=\"4bf1470\" data-element_type=\"widget\" data-widget_type=\"text-editor.default\">\n\t\t\t\t<div class=\"elementor-widget-container\">\n\t\t\t\t\t\t\t\t\t<p><strong>Svadby rodu Turzovcov<\/strong>\u00a0 \/ Vladim\u00edra Horv\u00e1tov\u00e1 \u2013 Katar\u00edna Mi\u010dietov\u00e1<br \/><strong>Po\u010diatky ovocin\u00e1rstva vo Ve\u013ekom Rovnom<\/strong> \/ Katar\u00edna Kendrov\u00e1<br \/><strong>Stravovanie drot\u00e1rov vo svete<\/strong> \/ Katar\u00edna Kendrov\u00e1\u00a0\u00a0<br \/><span style=\"font-size: 15px;\"><strong>Prem\u00e1val cez \u017dilinu Orient Expres?<\/strong> \/ Peter \u0160imko<br \/><\/span><span style=\"font-size: 15px;\"><strong>HEL\u00cd. V\u00fdroba detsk\u00fdch ko\u010d\u00edkov v Budat\u00edne<\/strong> \/ Dominika Hlob\u00edkov\u00e1<br \/><\/span><span style=\"font-size: 15px;\"><strong>Tibor Nekoranec \u2013 v\u00fdrobca ly\u017e\u00ed z Budat\u00edna<\/strong> \/ Martina Bern\u00e1tov\u00e1<br \/><\/span><span style=\"font-size: 15px;\"><strong>\u010carovn\u00fd svet pod Mraznicou<\/strong> \/ Ji\u0159\u00ed Langer \u2013 Dominika Kuku\u010dov\u00e1<br \/><\/span><span style=\"font-size: 15px;\"><strong>Batikovan\u00e9 kraslice z Domani\u017ee<\/strong> \/ Adriana B\u00e1rdyov\u00e1<br \/><\/span><span style=\"font-size: 15px;\"><strong>Mal\u00e9 Hradisko. Botanicky pestr\u00e1 lokalita v tesnej bl\u00edzkosti \u017diliny<\/strong> \/ Kv\u011bta Kickov\u00e1\u00a0\u00a0<\/span><\/p><p><em>V\u00fdstavy<\/em><br \/><span style=\"font-size: 15px;\"><strong>Slovansk\u00e9 hradisko na Ve\u013ekom vrchu<\/strong> \/ Magdal\u00e9na Lackov\u00e1<br \/><\/span><span style=\"font-size: 15px;\"><strong>Z dediny \u010di z mesta do skrine sa zmestia<\/strong> \/ Adriana B\u00e1rdyov\u00e1 \u2013 Dominika Hlob\u00edkov\u00e1\u00a0\u00a0<\/span><\/p><p><em>Ochrana zbierok<\/em><br \/><span style=\"font-size: 15px;\"><strong>V depozit\u00e1ri hist\u00f3rie<\/strong> \/ Dominika Hlob\u00edkov\u00e1\u00a0<br \/><\/span><span style=\"font-size: 15px;\"><strong>Historick\u00e1 cechov\u00e1 z\u00e1stava z Var\u00edna a jej re\u0161taurovanie<\/strong> \/ Zdeno Hogh,\u00a0<\/span><span style=\"font-size: 15px;\">\u013duba Wehlend, Anna Blonska<\/span><\/p><p><em>Udalosti<\/em><br \/><strong><span style=\"font-size: 15px;\">Prv\u00e1 sez\u00f3na archeologick\u00e9ho v\u00fdskumu na Starhrade<\/span><\/strong><span style=\"font-size: 15px;\"><strong>\u00a0v Nezbudskej L\u00fa\u010dke<\/strong> \/ Zuzana Stanekov\u00e1 \u2013 Marek Both<br \/><\/span><span style=\"font-size: 15px;\"><strong>Na \u010fal\u0161ej vlne koronav\u00edrusu<\/strong> \/ Magdal\u00e9na Lackov\u00e1<\/span><\/p>\t\t\t\t\t\t\t\t<\/div>\n\t\t\t\t<\/div>\n\t\t\t\t\t<\/div>\n\t\t<\/div>\n\t\t\t\t\t<\/div>\n\t\t<\/section>\n\t\t\t\t<div class=\"elementor-element elementor-element-20d7064 elementor-widget-divider--view-line elementor-widget elementor-widget-divider\" data-id=\"20d7064\" data-element_type=\"widget\" data-widget_type=\"divider.default\">\n\t\t\t\t<div class=\"elementor-widget-container\">\n\t\t\t\t\t\t\t<div class=\"elementor-divider\">\n\t\t\t<span class=\"elementor-divider-separator\">\n\t\t\t\t\t\t<\/span>\n\t\t<\/div>\n\t\t\t\t\t\t<\/div>\n\t\t\t\t<\/div>\n\t\t\t\t<section class=\"elementor-section elementor-inner-section elementor-element elementor-element-b5c3902 elementor-section-boxed elementor-section-height-default elementor-section-height-default\" data-id=\"b5c3902\" data-element_type=\"section\">\n\t\t\t\t\t\t<div class=\"elementor-container elementor-column-gap-narrow\">\n\t\t\t\t\t<div class=\"elementor-column elementor-col-50 elementor-inner-column elementor-element elementor-element-00ada7c\" data-id=\"00ada7c\" data-element_type=\"column\">\n\t\t\t<div class=\"elementor-widget-wrap elementor-element-populated\">\n\t\t\t\t\t\t<div class=\"elementor-element elementor-element-9d387bd elementor-widget elementor-widget-image\" data-id=\"9d387bd\" data-element_type=\"widget\" data-widget_type=\"image.default\">\n\t\t\t\t<div class=\"elementor-widget-container\">\n\t\t\t\t\t\t\t\t\t\t\t\t\t\t\t\t<a href=\"https:\/\/pmza.sk\/muza-2-2020-1\/muza-2-2020.html\" target=\"_blank\">\n\t\t\t\t\t\t\t<img loading=\"lazy\" decoding=\"async\" width=\"521\" height=\"736\" src=\"https:\/\/pmza.sk\/wp-content\/uploads\/2020\/09\/000-521x736.jpg\" class=\"attachment-large size-large wp-image-43113\" alt=\"\" srcset=\"https:\/\/pmza.sk\/wp-content\/uploads\/2020\/09\/000-521x736.jpg 521w, https:\/\/pmza.sk\/wp-content\/uploads\/2020\/09\/000-255x360.jpg 255w, https:\/\/pmza.sk\/wp-content\/uploads\/2020\/09\/000.jpg 566w\" sizes=\"(max-width: 521px) 100vw, 521px\" \/>\t\t\t\t\t\t\t\t<\/a>\n\t\t\t\t\t\t\t\t\t\t\t\t\t\t\t<\/div>\n\t\t\t\t<\/div>\n\t\t\t\t<div class=\"elementor-element elementor-element-20856bc elementor-widget elementor-widget-heading\" data-id=\"20856bc\" data-element_type=\"widget\" data-widget_type=\"heading.default\">\n\t\t\t\t<div class=\"elementor-widget-container\">\n\t\t\t\t\t<h2 class=\"elementor-heading-title elementor-size-default\">2\/2020<\/h2>\t\t\t\t<\/div>\n\t\t\t\t<\/div>\n\t\t\t\t\t<\/div>\n\t\t<\/div>\n\t\t\t\t<div class=\"elementor-column elementor-col-50 elementor-inner-column elementor-element elementor-element-b39fc20\" data-id=\"b39fc20\" data-element_type=\"column\">\n\t\t\t<div class=\"elementor-widget-wrap elementor-element-populated\">\n\t\t\t\t\t\t<div class=\"elementor-element elementor-element-69d7848 elementor-widget elementor-widget-text-editor\" data-id=\"69d7848\" data-element_type=\"widget\" data-widget_type=\"text-editor.default\">\n\t\t\t\t<div class=\"elementor-widget-container\">\n\t\t\t\t\t\t\t\t\t<p><strong>Man\u00ednska ties\u0148ava. Naju\u017e\u0161\u00ed ka\u0148on na Slovensku<\/strong> \/ Andrea Slan\u00e1\u00a0<br \/><span style=\"font-size: 15px;\"><strong>Mokrade v katastri mesta \u017dilina<\/strong>\u00a0 \/ Kv\u011bta Kickov\u00e1<br \/><\/span><span style=\"font-size: 15px;\"><strong>Svet pravek\u00fdch det\u00ed. Hlinen\u00e9 hrk\u00e1lky<\/strong> \/ Zuzana Stanekov\u00e1\u00a0<br \/><\/span><span style=\"font-size: 15px;\"><strong>Burian Sv\u011btlovsk\u00fd z Vl\u010dnova<\/strong> \/ Martina Bern\u00e1tov\u00e1\u00a0\u00a0<br \/><\/span><span style=\"font-size: 15px;\"><strong>Prednosta stanice Lietavsk\u00e1 L\u00fa\u010dka<\/strong> \/ Peter \u0160imko, Magdal\u00e9na Galu\u0161kov\u00e1<br \/><\/span><span style=\"font-size: 15px;\"><strong>Region\u00e1lne rezb\u00e1rstvo a d\u00f4le\u017eitos\u0165 poprag\u00e1cie (aj) umeleck\u00fdch diel<\/strong> \/ Adriana B\u00e1rdyov\u00e1<br \/><\/span><span style=\"font-size: 15px;\"><strong>\u017dilina v bojov\u00fdch \u010dasoch. Koniec druhej svetovej vojny<\/strong> \/ Dominika Hlob\u00edkov\u00e1<br \/><\/span><strong><span style=\"font-size: 15px;\">V odl\u00fa\u010den\u00ed&#8230; \u017divot drot\u00e1rskych rod\u00edn cez osobn\u00fa kore\u0161pondenciu\u00a0<\/span><\/strong><span style=\"font-size: 15px;\"><strong>a zmienky v dobovej tla\u010di<\/strong> \/ Katar\u00edna Kendrov\u00e1<br \/><\/span><span style=\"font-size: 15px;\">V<strong>plyv drot\u00e1rskej trad\u00edcie na tvorbu Mat\u00fa\u0161a Kavca<\/strong> \/ Jana Adamusov\u00e1<br \/><\/span><span style=\"font-size: 15px;\"><strong>Naivn\u00e9 umenie Martina Ba\u010furu<\/strong> \/ Zden\u011bk Hogh\u00a0\u00a0<\/span><\/p><p><em>Re\u0161taurovanie<\/em><br \/><span style=\"font-size: 15px;\"><strong>Re\u0161taurovanie pohrebn\u00e9ho ko\u010da<\/strong> \/ Peter \u0160imko\u00a0<\/span><\/p><p><em>V\u00fdstavy<\/em><br \/><span style=\"font-size: 15px;\"><strong>V sieti<\/strong> \/ Katar\u00edna Hallonov\u00e1\u00a0<br \/><\/span><span style=\"font-size: 15px;\"><strong>Detsk\u00e9 vypleta\u010dky pre mal\u00fdch i ve\u013ek\u00fdch<\/strong> \/ Magdal\u00e9na Lackov\u00e1\u00a0<\/span><\/p><p><em>Udalosti<\/em><br \/><span style=\"font-size: 15px;\"><strong>Ako sme sa popasovali s v\u00edrusom<\/strong> \/ Magdal\u00e9na Lackov\u00e1<br \/><\/span><span style=\"font-size: 15px;\"><strong>Hrad Hri\u010dov a archeologick\u00fd v\u00fdskum v sez\u00f3ne 2019 \u2013 2020<\/strong> \/ Zuzana Stanekov\u00e1, Marek Both\u00a0<\/span><\/p>\t\t\t\t\t\t\t\t<\/div>\n\t\t\t\t<\/div>\n\t\t\t\t\t<\/div>\n\t\t<\/div>\n\t\t\t\t\t<\/div>\n\t\t<\/section>\n\t\t\t\t<div class=\"elementor-element elementor-element-e5f9e6a elementor-widget-divider--view-line elementor-widget elementor-widget-divider\" data-id=\"e5f9e6a\" data-element_type=\"widget\" data-widget_type=\"divider.default\">\n\t\t\t\t<div class=\"elementor-widget-container\">\n\t\t\t\t\t\t\t<div class=\"elementor-divider\">\n\t\t\t<span class=\"elementor-divider-separator\">\n\t\t\t\t\t\t<\/span>\n\t\t<\/div>\n\t\t\t\t\t\t<\/div>\n\t\t\t\t<\/div>\n\t\t\t\t<section class=\"elementor-section elementor-inner-section elementor-element elementor-element-bdfcc4b elementor-section-boxed elementor-section-height-default elementor-section-height-default\" data-id=\"bdfcc4b\" data-element_type=\"section\">\n\t\t\t\t\t\t<div class=\"elementor-container elementor-column-gap-narrow\">\n\t\t\t\t\t<div class=\"elementor-column elementor-col-50 elementor-inner-column elementor-element elementor-element-b8dfe8b\" data-id=\"b8dfe8b\" data-element_type=\"column\">\n\t\t\t<div class=\"elementor-widget-wrap elementor-element-populated\">\n\t\t\t\t\t\t<div class=\"elementor-element elementor-element-0f56c93 elementor-widget elementor-widget-image\" data-id=\"0f56c93\" data-element_type=\"widget\" data-widget_type=\"image.default\">\n\t\t\t\t<div class=\"elementor-widget-container\">\n\t\t\t\t\t\t\t\t\t\t\t\t\t\t\t\t<a href=\"https:\/\/pmza.sk\/muza1-2020-1\/muza1-2020-1.html\" target=\"_blank\">\n\t\t\t\t\t\t\t<img loading=\"lazy\" decoding=\"async\" width=\"520\" height=\"736\" src=\"https:\/\/pmza.sk\/wp-content\/uploads\/2018\/11\/MUZA-1-2020-obalka-scaled-1-520x736.jpg\" class=\"attachment-large size-large wp-image-38199\" alt=\"MUZA 1\/2020\" srcset=\"https:\/\/pmza.sk\/wp-content\/uploads\/2018\/11\/MUZA-1-2020-obalka-scaled-1-520x736.jpg 520w, https:\/\/pmza.sk\/wp-content\/uploads\/2018\/11\/MUZA-1-2020-obalka-scaled-1-255x360.jpg 255w, https:\/\/pmza.sk\/wp-content\/uploads\/2018\/11\/MUZA-1-2020-obalka-scaled-1-768x1086.jpg 768w, https:\/\/pmza.sk\/wp-content\/uploads\/2018\/11\/MUZA-1-2020-obalka-scaled-1-1086x1536.jpg 1086w, https:\/\/pmza.sk\/wp-content\/uploads\/2018\/11\/MUZA-1-2020-obalka-scaled-1-1448x2048.jpg 1448w, https:\/\/pmza.sk\/wp-content\/uploads\/2018\/11\/MUZA-1-2020-obalka-scaled-1-600x849.jpg 600w, https:\/\/pmza.sk\/wp-content\/uploads\/2018\/11\/MUZA-1-2020-obalka-scaled-1.jpg 1810w\" sizes=\"(max-width: 520px) 100vw, 520px\" \/>\t\t\t\t\t\t\t\t<\/a>\n\t\t\t\t\t\t\t\t\t\t\t\t\t\t\t<\/div>\n\t\t\t\t<\/div>\n\t\t\t\t<div class=\"elementor-element elementor-element-78687c1 elementor-widget elementor-widget-heading\" data-id=\"78687c1\" data-element_type=\"widget\" data-widget_type=\"heading.default\">\n\t\t\t\t<div class=\"elementor-widget-container\">\n\t\t\t\t\t<h2 class=\"elementor-heading-title elementor-size-default\">1\/2020<\/h2>\t\t\t\t<\/div>\n\t\t\t\t<\/div>\n\t\t\t\t\t<\/div>\n\t\t<\/div>\n\t\t\t\t<div class=\"elementor-column elementor-col-50 elementor-inner-column elementor-element elementor-element-3030406\" data-id=\"3030406\" data-element_type=\"column\">\n\t\t\t<div class=\"elementor-widget-wrap elementor-element-populated\">\n\t\t\t\t\t\t<div class=\"elementor-element elementor-element-ecec203 elementor-widget elementor-widget-text-editor\" data-id=\"ecec203\" data-element_type=\"widget\" data-widget_type=\"text-editor.default\">\n\t\t\t\t<div class=\"elementor-widget-container\">\n\t\t\t\t\t\t\t\t\t<p><strong>S\u00fa\u013eovsk\u00e9 skaly. Najv\u00e4\u010d\u0161ie skaln\u00e9 mesto na Slovensku<\/strong> \/ Andrea Slan\u00e1\u00a0<br \/><span style=\"font-size: 15px;\"><strong>Mokrade \u017dilinskej kotliny<\/strong>\u00a0 \/ Kv\u011bta Kickov\u00e1\u00a0<br \/><\/span><span style=\"font-size: 15px;\"><strong>29. 8. 1678. De\u0148, ke\u010f \u017dilina \u013eahla popolom<\/strong> \/ Martina Bern\u00e1tov\u00e1\u00a0<br \/><\/span><span style=\"font-size: 15px;\"><strong>Drot\u00e1rmi bez kro\u0161ne<\/strong> \/ Katar\u00edna Hallonov\u00e1\u00a0\u00a0<br \/><\/span><span style=\"font-size: 15px;\"><strong>Z\u00e1stava \u017eilinsk\u00fdch s\u00fakenn\u00edkov z roku 1866<\/strong> \/ Martina Bern\u00e1tov\u00e1\u00a0<\/span><\/p><p><span style=\"font-size: 15px;\"><em>Udalosti<\/em><br \/><\/span><span style=\"font-size: 15px;\"><strong>Drot\u00e1rstvo na zozname UNESCO<\/strong> \/ Magdal\u00e9na Lackov\u00e1\u00a0<br \/><\/span><span style=\"font-size: 15px;\"><strong>Cena Andreja Kme\u0165a<\/strong> \/ Magdal\u00e9na Lackov\u00e1\u00a0<br \/><\/span><span style=\"font-size: 15px;\"><strong>Pam\u00e4tn\u00e1 tabu\u013ea prv\u00e9mu archeol\u00f3govi Pova\u017esk\u00e9ho m\u00fazea<\/strong> \/ Zuzana Stanekov\u00e1\u00a0<\/span><\/p><p><span style=\"font-size: 15px;\"><em>Expoz\u00edcie<\/em><br \/><\/span><span style=\"font-size: 15px;\"><strong>\u201ePred hradbami, za hradbami\u201c<\/strong> \/ Zuzana Stanekov\u00e1\u00a0<br \/><\/span><span style=\"font-size: 15px;\"><strong>Nov\u00e9 expon\u00e1ty v drot\u00e1rskom pavil\u00f3ne<\/strong> \/ Katar\u00edna Kendrov\u00e1\u00a0\u00a0<br \/><\/span><span style=\"font-size: 15px;\"><strong>M\u00fazeum dopravy sme uviedli do pohybu<\/strong> \/ Peter \u0160imko\u00a0<\/span><\/p><p><em>V\u00fdstavy<\/em><br \/><span style=\"font-size: 15px;\"><strong>Tkanie\/a\/nie. V\u00fdstava z tvorby Evy Cis\u00e1rovej-Min\u00e1rikovej<\/strong> \/ Zden\u011bk Hogh\u00a0<br \/><\/span><span style=\"font-size: 15px;\"><strong>Medzin\u00e1rodn\u00e1 v\u00fdstava Faszination Stadt<\/strong> \/ Magdal\u00e9na Lackov\u00e1\u00a0<br \/><\/span><span style=\"font-size: 15px;\"><strong>Stavovce severoz\u00e1padn\u00e9ho Slovenska<\/strong> \/ J\u00e1n Kicko\u00a0<\/span><\/p><p><em>Podujatie<\/em><br \/><span style=\"font-size: 15px;\"><strong>V spolo\u010dnosti drot\u00e1rov<\/strong> \/ Katar\u00edna Hallonov\u00e1\u00a0<\/span><\/p><p><span style=\"font-size: 15px;\"><em>Akviz\u00edcie<\/em><br \/><\/span><span style=\"font-size: 15px;\"><strong>Nov\u00e9 expon\u00e1ty v m\u00fazeu dopravy<\/strong> \/ Peter \u0160imko\u00a0<br \/><\/span><span style=\"font-size: 15px;\"><strong>Nov\u00e9 pr\u00edrastky vo fonde drot\u00e1rstva<\/strong> \/ Katar\u00edna Hallonov\u00e1\u00a0<\/span><\/p><p><em>Publik\u00e1cia<\/em><br \/><span style=\"font-size: 15px;\"><strong>\u010carovn\u00e9 \u010ci\u010dmany<\/strong> \/ Adriana B\u00e1rdyov\u00e1<\/span><\/p><p><span style=\"font-size: 15px;\"><em>M\u00fazeum pod lupou<\/em><br \/><\/span><span style=\"font-size: 15px;\"><strong>Ochrana zbierok a efekt\u00edvne vyu\u017eitie depozit\u00e1rov<\/strong> \/ Adriana B\u00e1rdyov\u00e1\u00a0<\/span><\/p><p><span style=\"font-size: 15px;\"><em>In\u0161pir\u00e1cia<\/em><br \/><\/span><span style=\"font-size: 15px;\"><strong>Dve m\u00faze\u00e1 dopravy v Nemecku<\/strong> \/ Magdal\u00e9na Lackov\u00e1 a Peter \u0160imko<\/span><\/p>\t\t\t\t\t\t\t\t<\/div>\n\t\t\t\t<\/div>\n\t\t\t\t\t<\/div>\n\t\t<\/div>\n\t\t\t\t\t<\/div>\n\t\t<\/section>\n\t\t\t\t<div class=\"elementor-element elementor-element-411b2b3 elementor-widget-divider--view-line elementor-widget elementor-widget-divider\" data-id=\"411b2b3\" data-element_type=\"widget\" data-widget_type=\"divider.default\">\n\t\t\t\t<div class=\"elementor-widget-container\">\n\t\t\t\t\t\t\t<div class=\"elementor-divider\">\n\t\t\t<span class=\"elementor-divider-separator\">\n\t\t\t\t\t\t<\/span>\n\t\t<\/div>\n\t\t\t\t\t\t<\/div>\n\t\t\t\t<\/div>\n\t\t\t\t<section class=\"elementor-section elementor-inner-section elementor-element elementor-element-c4361ea elementor-section-boxed elementor-section-height-default elementor-section-height-default\" data-id=\"c4361ea\" data-element_type=\"section\">\n\t\t\t\t\t\t<div class=\"elementor-container elementor-column-gap-default\">\n\t\t\t\t\t<div class=\"elementor-column elementor-col-50 elementor-inner-column elementor-element elementor-element-fa6a109\" data-id=\"fa6a109\" data-element_type=\"column\">\n\t\t\t<div class=\"elementor-widget-wrap elementor-element-populated\">\n\t\t\t\t\t\t<div class=\"elementor-element elementor-element-95ae5b4 elementor-widget elementor-widget-image\" data-id=\"95ae5b4\" data-element_type=\"widget\" data-widget_type=\"image.default\">\n\t\t\t\t<div class=\"elementor-widget-container\">\n\t\t\t\t\t\t\t\t\t\t\t\t\t\t\t\t<a href=\"https:\/\/pmza.sk\/muza1-2019-1\/muza1-2019-1.html\" target=\"_blank\">\n\t\t\t\t\t\t\t<img loading=\"lazy\" decoding=\"async\" width=\"508\" height=\"736\" src=\"https:\/\/pmza.sk\/wp-content\/uploads\/2019\/06\/MUZA-1-2019-scaled-1-508x736.jpg\" class=\"attachment-large size-large wp-image-34476\" alt=\"\" srcset=\"https:\/\/pmza.sk\/wp-content\/uploads\/2019\/06\/MUZA-1-2019-scaled-1-508x736.jpg 508w, https:\/\/pmza.sk\/wp-content\/uploads\/2019\/06\/MUZA-1-2019-scaled-1-248x360.jpg 248w, https:\/\/pmza.sk\/wp-content\/uploads\/2019\/06\/MUZA-1-2019-scaled-1-768x1113.jpg 768w, https:\/\/pmza.sk\/wp-content\/uploads\/2019\/06\/MUZA-1-2019-scaled-1-1060x1536.jpg 1060w, https:\/\/pmza.sk\/wp-content\/uploads\/2019\/06\/MUZA-1-2019-scaled-1-1413x2048.jpg 1413w, https:\/\/pmza.sk\/wp-content\/uploads\/2019\/06\/MUZA-1-2019-scaled-1-600x870.jpg 600w, https:\/\/pmza.sk\/wp-content\/uploads\/2019\/06\/MUZA-1-2019-scaled-1.jpg 1766w\" sizes=\"(max-width: 508px) 100vw, 508px\" \/>\t\t\t\t\t\t\t\t<\/a>\n\t\t\t\t\t\t\t\t\t\t\t\t\t\t\t<\/div>\n\t\t\t\t<\/div>\n\t\t\t\t<div class=\"elementor-element elementor-element-e9e798a elementor-widget elementor-widget-heading\" data-id=\"e9e798a\" data-element_type=\"widget\" data-widget_type=\"heading.default\">\n\t\t\t\t<div class=\"elementor-widget-container\">\n\t\t\t\t\t<h2 class=\"elementor-heading-title elementor-size-default\">1\/2019<\/h2>\t\t\t\t<\/div>\n\t\t\t\t<\/div>\n\t\t\t\t\t<\/div>\n\t\t<\/div>\n\t\t\t\t<div class=\"elementor-column elementor-col-50 elementor-inner-column elementor-element elementor-element-22ef363\" data-id=\"22ef363\" data-element_type=\"column\">\n\t\t\t<div class=\"elementor-widget-wrap elementor-element-populated\">\n\t\t\t\t\t\t<div class=\"elementor-element elementor-element-965e69a elementor-widget elementor-widget-text-editor\" data-id=\"965e69a\" data-element_type=\"widget\" data-widget_type=\"text-editor.default\">\n\t\t\t\t<div class=\"elementor-widget-container\">\n\t\t\t\t\t\t\t\t\t<p><strong>Milan Rastislav \u0160tef\u00e1nik<\/strong> \/ Dominika Tom\u00e1\u0161ov\u00e1<br \/><span style=\"font-size: 15px;\"><strong>Detsk\u00e9 \u013eudov\u00e9 hry<\/strong> \/ Adriana B\u00e1rdyov\u00e1<br \/><\/span><span style=\"font-size: 15px;\"><strong>Hroby bojovn\u00edkov vo Var\u00edne?<\/strong> \/ Zuzana Stanekov\u00e1<br \/><\/span><span style=\"font-size: 15px;\"><strong>Okolo Stre\u010dna cesta nebezpe\u010dn\u00e1<\/strong> \/ Peter \u0160imko<br \/><\/span><span style=\"font-size: 15px;\"><strong>Vaj\u00ed\u010dko \u2212 tradi\u010dn\u00fd symbol jari<\/strong> \/ Katar\u00edna Kendrov\u00e1 a Katar\u00edna Hallonov\u00e1<br \/><\/span><span style=\"font-size: 15px;\"><strong>\u010cerven\u00e9 zoznamy ohrozen\u00fdch druhov rastl\u00edn<\/strong> \/ Kv\u011bta Kickov\u00e1<\/span><\/p><p><span style=\"font-size: 15px;\"><em>Ako plynie \u010das<\/em><br \/><\/span><span style=\"font-size: 15px;\"><strong>Hrad Stre\u010dno<\/strong> \/ Martina Bern\u00e1tov\u00e1<\/span><\/p><p><em>V\u00fdstavy, expoz\u00edcie<\/em><br \/><span style=\"font-size: 15px;\">O<strong>d Alexandra k D\u017eingisch\u00e1novi. Vojensk\u00e9 \u0165a\u017eenia na hodv\u00e1bnej ceste<\/strong> \/ Andrea Slan\u00e1<br \/><\/span><span style=\"font-size: 15px;\"><strong>\u013dudia a poklady lu\u017eickej kult\u00fary<\/strong> \/ Zuzana Stanekov\u00e1<br \/><\/span><span style=\"font-size: 15px;\"><strong>Drot\u00e1rov dom v Dlhom Poli<\/strong> \/ Magdal\u00e9na Lackov\u00e1 a Katar\u00edna Hallonov\u00e1<\/span><\/p><p><span style=\"font-size: 15px;\"><em>M\u00fazeum pod lupou<\/em><br \/><\/span><span style=\"font-size: 15px;\"><strong>Od n\u00e1lezu po expon\u00e1t<\/strong> \/ Margita Lehotsk\u00e1 a Katar\u00edna Hallonov\u00e1<\/span><\/p><p><span style=\"font-size: 15px;\"><em>Re\u0161taurovanie<\/em><br \/><\/span><span style=\"font-size: 15px;\"><strong>Cirkevn\u00e9 text\u00edlie<\/strong> \/ Dominika Tom\u00e1\u0161ov\u00e1<\/span><\/p><p><em><span style=\"font-size: 15px;\">Udalos<\/span>\u0165<\/em><br \/><span style=\"font-size: 15px;\"><strong>Pracovn\u00edci m\u00fazea z\u00edskali ocenenia<\/strong> \/ Magdal\u00e9na Lackov\u00e1<\/span><\/p>\t\t\t\t\t\t\t\t<\/div>\n\t\t\t\t<\/div>\n\t\t\t\t\t<\/div>\n\t\t<\/div>\n\t\t\t\t\t<\/div>\n\t\t<\/section>\n\t\t\t\t<div class=\"elementor-element elementor-element-678b863 elementor-widget-divider--view-line elementor-widget elementor-widget-divider\" data-id=\"678b863\" data-element_type=\"widget\" data-widget_type=\"divider.default\">\n\t\t\t\t<div class=\"elementor-widget-container\">\n\t\t\t\t\t\t\t<div class=\"elementor-divider\">\n\t\t\t<span class=\"elementor-divider-separator\">\n\t\t\t\t\t\t<\/span>\n\t\t<\/div>\n\t\t\t\t\t\t<\/div>\n\t\t\t\t<\/div>\n\t\t\t\t<section class=\"elementor-section elementor-inner-section elementor-element elementor-element-8a1fd2f elementor-section-boxed elementor-section-height-default elementor-section-height-default\" data-id=\"8a1fd2f\" data-element_type=\"section\">\n\t\t\t\t\t\t<div class=\"elementor-container elementor-column-gap-narrow\">\n\t\t\t\t\t<div class=\"elementor-column elementor-col-50 elementor-inner-column elementor-element elementor-element-ff398be\" data-id=\"ff398be\" data-element_type=\"column\">\n\t\t\t<div class=\"elementor-widget-wrap elementor-element-populated\">\n\t\t\t\t\t\t<div class=\"elementor-element elementor-element-b6dec50 elementor-widget elementor-widget-image\" data-id=\"b6dec50\" data-element_type=\"widget\" data-widget_type=\"image.default\">\n\t\t\t\t<div class=\"elementor-widget-container\">\n\t\t\t\t\t\t\t\t\t\t\t\t\t\t\t\t<a href=\"https:\/\/pmza.sk\/muza2-2018-1\/muza-2-2018-1.html\" target=\"_blank\">\n\t\t\t\t\t\t\t<img loading=\"lazy\" decoding=\"async\" width=\"521\" height=\"736\" src=\"https:\/\/pmza.sk\/wp-content\/uploads\/2018\/11\/muza-2-2018-obalka1-scaled-1-521x736.jpg\" class=\"attachment-large size-large wp-image-30970\" alt=\"\" srcset=\"https:\/\/pmza.sk\/wp-content\/uploads\/2018\/11\/muza-2-2018-obalka1-scaled-1-521x736.jpg 521w, https:\/\/pmza.sk\/wp-content\/uploads\/2018\/11\/muza-2-2018-obalka1-scaled-1-255x360.jpg 255w, https:\/\/pmza.sk\/wp-content\/uploads\/2018\/11\/muza-2-2018-obalka1-scaled-1-768x1086.jpg 768w, https:\/\/pmza.sk\/wp-content\/uploads\/2018\/11\/muza-2-2018-obalka1-scaled-1-1087x1536.jpg 1087w, https:\/\/pmza.sk\/wp-content\/uploads\/2018\/11\/muza-2-2018-obalka1-scaled-1-1449x2048.jpg 1449w, https:\/\/pmza.sk\/wp-content\/uploads\/2018\/11\/muza-2-2018-obalka1-scaled-1-600x848.jpg 600w, https:\/\/pmza.sk\/wp-content\/uploads\/2018\/11\/muza-2-2018-obalka1-scaled-1.jpg 1811w\" sizes=\"(max-width: 521px) 100vw, 521px\" \/>\t\t\t\t\t\t\t\t<\/a>\n\t\t\t\t\t\t\t\t\t\t\t\t\t\t\t<\/div>\n\t\t\t\t<\/div>\n\t\t\t\t<div class=\"elementor-element elementor-element-09d5e93 elementor-widget elementor-widget-heading\" data-id=\"09d5e93\" data-element_type=\"widget\" data-widget_type=\"heading.default\">\n\t\t\t\t<div class=\"elementor-widget-container\">\n\t\t\t\t\t<h2 class=\"elementor-heading-title elementor-size-default\">2\/2018<\/h2>\t\t\t\t<\/div>\n\t\t\t\t<\/div>\n\t\t\t\t\t<\/div>\n\t\t<\/div>\n\t\t\t\t<div class=\"elementor-column elementor-col-50 elementor-inner-column elementor-element elementor-element-7212a40\" data-id=\"7212a40\" data-element_type=\"column\">\n\t\t\t<div class=\"elementor-widget-wrap elementor-element-populated\">\n\t\t\t\t\t\t<div class=\"elementor-element elementor-element-80472ba elementor-widget elementor-widget-text-editor\" data-id=\"80472ba\" data-element_type=\"widget\" data-widget_type=\"text-editor.default\">\n\t\t\t\t<div class=\"elementor-widget-container\">\n\t\t\t\t\t\t\t\t\t<p><strong>Vznik \u010ceskoslovenska a Ministerstvo s plnou mocou pre spr\u00e1vu Slovenska <\/strong><span style=\"font-size: 15px;\"><strong>v \u017diline<\/strong> \/ Dominika Tom\u00e1\u0161ov\u00e1<br \/><\/span><span style=\"font-size: 15px;\"><strong>N\u00e1rodopisn\u00e1 v\u00fdstava \u010deskoslovansk\u00e1 v Prahe<\/strong> \/ Adriana B\u00e1rdyov\u00e1<br \/><\/span><strong><span style=\"font-size: 15px;\">\u017delezni\u010dn\u00e9 stanice \u017dilina a Nov\u00e1 \u017dilina v \u010dase vzniku\u00a0<\/span><\/strong><span style=\"font-size: 15px;\"><strong>\u010ceskoslovenskej republiky (1918)<\/strong> \/ Peter \u0160imko\u00a0<br \/><\/span><span style=\"font-size: 15px; font-style: normal; font-weight: 400;\"><strong>N\u00e1v\u0161teva prezidenta Edvarda Bene\u0161a v \u017diline<\/strong> \/ Dominika Tom\u00e1\u0161ov\u00e1<br \/><\/span><span style=\"font-size: 15px; font-style: normal; font-weight: 400;\"><strong>Archeol\u00f3gia na Slovensku v medzivojnovom obdob\u00ed<\/strong> \/ Andrea Slan\u00e1<br \/><\/span><span style=\"font-size: 15px; font-style: normal; font-weight: 400;\"><strong>Drot\u00e1ri v kontexte \u010desko-slovensk\u00fdch vz\u0165ahov<\/strong> \/ Katar\u00edna Hallonov\u00e1\u00a0<br \/><\/span><span style=\"font-size: 15px; font-style: normal; font-weight: 400;\"><strong>Drot\u00e1ri-koledn\u00edci v \u010cech\u00e1ch<\/strong> \/ Katar\u00edna Kendrov\u00e1\u00a0<br \/><\/span><span style=\"font-size: 15px; font-style: normal; font-weight: 400;\"><strong>Drot\u00e1ri v tvorbe Bo\u017eeny N\u011bmcovej<\/strong> \/ Jana Adamusov\u00e1<br \/><\/span><strong><span style=\"font-size: 15px; font-style: normal;\">Historick\u00e9 botanick\u00e9 zbery z rokov 1933 \u2013 1940 z okolia \u017diliny v herb\u00e1ri\u00a0<\/span><\/strong><span style=\"font-size: 15px; font-style: normal; font-weight: 400;\"><strong>Ostravsk\u00e9ho m\u00fazea<\/strong> \/ Kv\u011bta Kickov\u00e1 \u2013 Zdenka Rozbrojov\u00e1<br \/><\/span><span style=\"font-size: 15px; font-style: normal; font-weight: 400;\"><strong>Na\u0161e zoologick\u00e9 zbierky v \u010deskoslovensk\u00fdch kompendi\u00e1ch a periodik\u00e1ch<\/strong> \/ Ladislav Hl\u00f4\u0161ka<br \/><\/span><span style=\"font-size: 15px; font-style: normal; font-weight: 400;\"><strong>Juraj J\u00e1no\u0161\u00edk<\/strong> \/ Adriana B\u00e1rdyov\u00e1<br \/><\/span><span style=\"font-size: 15px; font-style: normal; font-weight: 400;\"><strong>Na po\u010diatku bol autobus<\/strong> \/ Jakub Hriv\u00edk<br \/><\/span><span style=\"font-size: 15px; font-style: normal; font-weight: 400;\"><strong>\u0160pecializovan\u00e1 odborn\u00e1 kni\u017enica \u2013 zauj\u00edmav\u00e9 vedomosti pre ka\u017ed\u00e9ho<\/strong> \/ Janka Sakalov\u00e1<br \/><\/span><strong><span style=\"font-size: 15px; font-style: normal;\">Zv\u00fd\u0161enie ochrany zbierkov\u00fdch predmetov v depozit\u00e1roch a expoz\u00edci\u00e1ch\u00a0<\/span><\/strong><span style=\"font-size: 15px; font-style: normal; font-weight: 400;\"><strong>Pova\u017esk\u00e9ho m\u00fazea<\/strong> \/ Kv\u011bta Kickov\u00e1<br \/><\/span><span style=\"font-size: 15px;\"><strong>Nov\u00e9 akviz\u00edcie v Budat\u00ednskom hrade<\/strong> \/ Dominika Tom\u00e1\u0161ov\u00e1\u00a0<br \/><\/span><span style=\"font-size: 15px; font-style: normal; font-weight: 400;\"><strong>Krst monografie o hradoch Hukvaldy a Budat\u00edn<\/strong> \/ Zuzana Stanekov\u00e1<br \/><\/span><span style=\"font-size: 15px;\"><strong>V\u00fdstava Drot\u00e1rov rok<\/strong> \/ Katar\u00edna Hallonov\u00e1\u00a0<br \/><\/span><span style=\"font-size: 15px;\"><strong>V Budat\u00ednskom hrade sa nahr\u00e1vala \u010deskoslovensk\u00e1 rozpr\u00e1vka<\/strong> \/ Dominika Tom\u00e1\u0161ov\u00e1<br \/><\/span><span style=\"font-size: 15px;\"><strong>Ke\u010f sa stavia z dr\u00f4tu<\/strong> \/ Katar\u00edna Hallonov\u00e1\u00a0<\/span><\/p>\t\t\t\t\t\t\t\t<\/div>\n\t\t\t\t<\/div>\n\t\t\t\t\t<\/div>\n\t\t<\/div>\n\t\t\t\t\t<\/div>\n\t\t<\/section>\n\t\t\t\t<div class=\"elementor-element elementor-element-9e9b917 elementor-widget-divider--view-line elementor-widget elementor-widget-divider\" data-id=\"9e9b917\" data-element_type=\"widget\" data-widget_type=\"divider.default\">\n\t\t\t\t<div class=\"elementor-widget-container\">\n\t\t\t\t\t\t\t<div class=\"elementor-divider\">\n\t\t\t<span class=\"elementor-divider-separator\">\n\t\t\t\t\t\t<\/span>\n\t\t<\/div>\n\t\t\t\t\t\t<\/div>\n\t\t\t\t<\/div>\n\t\t\t\t<section class=\"elementor-section elementor-inner-section elementor-element elementor-element-b971671 elementor-section-boxed elementor-section-height-default elementor-section-height-default\" data-id=\"b971671\" data-element_type=\"section\">\n\t\t\t\t\t\t<div class=\"elementor-container elementor-column-gap-narrow\">\n\t\t\t\t\t<div class=\"elementor-column elementor-col-50 elementor-inner-column elementor-element elementor-element-f5c2953\" data-id=\"f5c2953\" data-element_type=\"column\">\n\t\t\t<div class=\"elementor-widget-wrap elementor-element-populated\">\n\t\t\t\t\t\t<div class=\"elementor-element elementor-element-33f3280 elementor-widget elementor-widget-image\" data-id=\"33f3280\" data-element_type=\"widget\" data-widget_type=\"image.default\">\n\t\t\t\t<div class=\"elementor-widget-container\">\n\t\t\t\t\t\t\t\t\t\t\t\t\t\t\t\t<a href=\"https:\/\/pmza.sk\/muza1-2018-1\/muza-1-2018-1.html\" target=\"_blank\">\n\t\t\t\t\t\t\t<img loading=\"lazy\" decoding=\"async\" width=\"520\" height=\"736\" src=\"https:\/\/pmza.sk\/wp-content\/uploads\/2018\/05\/MUZA-2018-1-\u2013-kopia-scaled-1-520x736.jpg\" class=\"attachment-large size-large wp-image-26620\" alt=\"\" srcset=\"https:\/\/pmza.sk\/wp-content\/uploads\/2018\/05\/MUZA-2018-1-\u2013-kopia-scaled-1-520x736.jpg 520w, https:\/\/pmza.sk\/wp-content\/uploads\/2018\/05\/MUZA-2018-1-\u2013-kopia-scaled-1-254x360.jpg 254w, https:\/\/pmza.sk\/wp-content\/uploads\/2018\/05\/MUZA-2018-1-\u2013-kopia-scaled-1-768x1088.jpg 768w, https:\/\/pmza.sk\/wp-content\/uploads\/2018\/05\/MUZA-2018-1-\u2013-kopia-scaled-1-1084x1536.jpg 1084w, https:\/\/pmza.sk\/wp-content\/uploads\/2018\/05\/MUZA-2018-1-\u2013-kopia-scaled-1-1446x2048.jpg 1446w, https:\/\/pmza.sk\/wp-content\/uploads\/2018\/05\/MUZA-2018-1-\u2013-kopia-scaled-1-600x850.jpg 600w, https:\/\/pmza.sk\/wp-content\/uploads\/2018\/05\/MUZA-2018-1-\u2013-kopia-scaled-1.jpg 1807w\" sizes=\"(max-width: 520px) 100vw, 520px\" \/>\t\t\t\t\t\t\t\t<\/a>\n\t\t\t\t\t\t\t\t\t\t\t\t\t\t\t<\/div>\n\t\t\t\t<\/div>\n\t\t\t\t<div class=\"elementor-element elementor-element-533021c elementor-widget elementor-widget-heading\" data-id=\"533021c\" data-element_type=\"widget\" data-widget_type=\"heading.default\">\n\t\t\t\t<div class=\"elementor-widget-container\">\n\t\t\t\t\t<h2 class=\"elementor-heading-title elementor-size-default\">1\/2018<\/h2>\t\t\t\t<\/div>\n\t\t\t\t<\/div>\n\t\t\t\t\t<\/div>\n\t\t<\/div>\n\t\t\t\t<div class=\"elementor-column elementor-col-50 elementor-inner-column elementor-element elementor-element-37ad54f\" data-id=\"37ad54f\" data-element_type=\"column\">\n\t\t\t<div class=\"elementor-widget-wrap elementor-element-populated\">\n\t\t\t\t\t\t<div class=\"elementor-element elementor-element-19787d0 elementor-widget elementor-widget-text-editor\" data-id=\"19787d0\" data-element_type=\"widget\" data-widget_type=\"text-editor.default\">\n\t\t\t\t<div class=\"elementor-widget-container\">\n\t\t\t\t\t\t\t\t\t<p><em>T\u00e9ma \u010d\u00edsla: 75. v\u00fdro\u010die Pova\u017esk\u00e9ho m\u00fazea v\u00a0\u017diline<\/em><br \/><strong>Z hist\u00f3rie m\u00fazea<\/strong> \/ Michal Jureck\u00fd<br \/><strong>O\u00a0m\u00fazeu a\u00a0jeho srdci<\/strong> \/ Katar\u00edna Hallonov\u00e1<br \/><strong>Z\u00e1stupcovia m\u00e4so\u017erav\u00fdch rastl\u00edn v\u00a0herb\u00e1ri Pova\u017esk\u00e9ho m\u00fazea v\u00a0\u017diline<\/strong> \/ Kv\u011bta Kickov\u00e1<br \/><strong>Zool\u00f3gia v\u00a0m\u00fazeu<\/strong> \/ Ladislav Hl\u00f4\u0161ka<br \/><strong>Najstar\u0161ie keramick\u00e9 n\u00e1doby Slovanov zo \u017diliny<\/strong> \/ Andrea Slan\u00e1<br \/><strong>Mlec\u00ed kame\u0148 z\u00a0hradiska Ve\u013ek\u00fd vrch pri Divinke<\/strong> \/\u00a0<span style=\"font-size: 15px; font-style: normal; font-weight: 400;\">Andrea Slan\u00e1<\/span><br \/><strong>Pokladnica mesta \u017diliny<\/strong> \/ Martina Bern\u00e1tov\u00e1<br \/><strong>Telov\u00fdchovn\u00e1 jednota Lokomot\u00edva<\/strong> \/ Dominika Tom\u00e1\u0161ov\u00e1<br \/><strong>Drevorezby Bavlnovcov zo \u0160tiavnika<\/strong> \/ Adriana B\u00e1rdyov\u00e1<br \/><strong>Najstar\u0161ie fotografie \u017diliny s\u00fa o\u00a0\u017eeleznici<\/strong> \/ Peter \u0160imko<br \/><strong>\u0160pecializovan\u00e9 pracovisko drot\u00e1rstva \u2013 fakty, d\u00e1ta, zauj\u00edmavosti<\/strong> \/ Katar\u00edna Hallonov\u00e1<br \/><strong>Liter\u00e1rne diela s\u00a0drot\u00e1rskou tematikou<\/strong> \/ Jana Adamusov\u00e1<\/p><p><em>Kapitolky z\u00a0hist\u00f3rie<\/em><br \/><strong>Kot\u00edni a\u00a0spr\u00e1vy antick\u00fdch autorov 2. \u010das\u0165<\/strong> \/ Zuzana Stanekov\u00e1<\/p><p><em>Udalosti roka<\/em><br \/><strong>V\u00fdstava \u201eToto je m\u00fazeum_75 rokov PMZA\u201c<\/strong> \/ Kv\u011bta Kickov\u00e1<br \/><strong>Publik\u00e1cia \u201eAko znej\u00fa\u201c<\/strong> \/ Katar\u00edna Kendrov\u00e1<br \/><strong>Re\u0161taurovanie drevenej plastiky sv. Anny zo zbierok Pova\u017esk\u00e9ho m\u00fazea v\u00a0\u017diline<\/strong> \/ Michal Jureck\u00fd<br \/><strong>Ryby a\u00a0in\u00e9 vodn\u00e9 (po)tvory na XXVI. ro\u010dn\u00edku stretnutia drot\u00e1rskych majstrov<\/strong> \/ Katar\u00edna Hallonov\u00e1<br \/><strong>M\u00fazeum dopravy s\u00a0nov\u00fdmi priestormi i\u00a0expon\u00e1tmi<\/strong> \/ Peter \u0160imko<br \/><strong>Vysok\u00e9 spolo\u010densk\u00e9 ocenenie pr\u00e1ce Pova\u017esk\u00e9ho m\u00fazea<\/strong> \/ Katar\u00edna Hallonov\u00e1<span style=\"font-size: 11.0pt; line-height: 107%; font-family: 'Calibri','sans-serif'; mso-ascii-theme-font: minor-latin; mso-fareast-font-family: Calibri; mso-fareast-theme-font: minor-latin; mso-hansi-theme-font: minor-latin; mso-bidi-font-family: 'Times New Roman'; mso-bidi-theme-font: minor-bidi; mso-ansi-language: SK; mso-fareast-language: EN-US; mso-bidi-language: AR-SA;\"><br \/><\/span><\/p>\t\t\t\t\t\t\t\t<\/div>\n\t\t\t\t<\/div>\n\t\t\t\t\t<\/div>\n\t\t<\/div>\n\t\t\t\t\t<\/div>\n\t\t<\/section>\n\t\t\t\t<div class=\"elementor-element elementor-element-950a5c9 elementor-widget-divider--view-line elementor-widget elementor-widget-divider\" data-id=\"950a5c9\" data-element_type=\"widget\" data-widget_type=\"divider.default\">\n\t\t\t\t<div class=\"elementor-widget-container\">\n\t\t\t\t\t\t\t<div class=\"elementor-divider\">\n\t\t\t<span class=\"elementor-divider-separator\">\n\t\t\t\t\t\t<\/span>\n\t\t<\/div>\n\t\t\t\t\t\t<\/div>\n\t\t\t\t<\/div>\n\t\t\t\t<section class=\"elementor-section elementor-inner-section elementor-element elementor-element-561bb5c elementor-section-boxed elementor-section-height-default elementor-section-height-default\" data-id=\"561bb5c\" data-element_type=\"section\">\n\t\t\t\t\t\t<div class=\"elementor-container elementor-column-gap-narrow\">\n\t\t\t\t\t<div class=\"elementor-column elementor-col-50 elementor-inner-column elementor-element elementor-element-b66c93a\" data-id=\"b66c93a\" data-element_type=\"column\">\n\t\t\t<div class=\"elementor-widget-wrap elementor-element-populated\">\n\t\t\t\t\t\t<div class=\"elementor-element elementor-element-08180ac elementor-widget elementor-widget-image\" data-id=\"08180ac\" data-element_type=\"widget\" data-widget_type=\"image.default\">\n\t\t\t\t<div class=\"elementor-widget-container\">\n\t\t\t\t\t\t\t\t\t\t\t\t\t\t\t\t<a href=\"https:\/\/pmza.sk\/muza1-2017-1\/muza1-2017-1.html\" target=\"_blank\">\n\t\t\t\t\t\t\t<img loading=\"lazy\" decoding=\"async\" width=\"521\" height=\"736\" src=\"https:\/\/pmza.sk\/wp-content\/uploads\/2014\/06\/muza1-2017-521x736.jpg\" class=\"attachment-large size-large wp-image-21519\" alt=\"\" srcset=\"https:\/\/pmza.sk\/wp-content\/uploads\/2014\/06\/muza1-2017-521x736.jpg 521w, https:\/\/pmza.sk\/wp-content\/uploads\/2014\/06\/muza1-2017-255x360.jpg 255w, https:\/\/pmza.sk\/wp-content\/uploads\/2014\/06\/muza1-2017-768x1085.jpg 768w, https:\/\/pmza.sk\/wp-content\/uploads\/2014\/06\/muza1-2017-1087x1536.jpg 1087w, https:\/\/pmza.sk\/wp-content\/uploads\/2014\/06\/muza1-2017-1449x2048.jpg 1449w, https:\/\/pmza.sk\/wp-content\/uploads\/2014\/06\/muza1-2017-600x848.jpg 600w, https:\/\/pmza.sk\/wp-content\/uploads\/2014\/06\/muza1-2017.jpg 1752w\" sizes=\"(max-width: 521px) 100vw, 521px\" \/>\t\t\t\t\t\t\t\t<\/a>\n\t\t\t\t\t\t\t\t\t\t\t\t\t\t\t<\/div>\n\t\t\t\t<\/div>\n\t\t\t\t<div class=\"elementor-element elementor-element-bf8d696 elementor-widget elementor-widget-heading\" data-id=\"bf8d696\" data-element_type=\"widget\" data-widget_type=\"heading.default\">\n\t\t\t\t<div class=\"elementor-widget-container\">\n\t\t\t\t\t<h2 class=\"elementor-heading-title elementor-size-default\">1\/2017<\/h2>\t\t\t\t<\/div>\n\t\t\t\t<\/div>\n\t\t\t\t\t<\/div>\n\t\t<\/div>\n\t\t\t\t<div class=\"elementor-column elementor-col-50 elementor-inner-column elementor-element elementor-element-ccbefe5\" data-id=\"ccbefe5\" data-element_type=\"column\">\n\t\t\t<div class=\"elementor-widget-wrap elementor-element-populated\">\n\t\t\t\t\t\t<div class=\"elementor-element elementor-element-c96b914 elementor-widget elementor-widget-text-editor\" data-id=\"c96b914\" data-element_type=\"widget\" data-widget_type=\"text-editor.default\">\n\t\t\t\t<div class=\"elementor-widget-container\">\n\t\t\t\t\t\t\t\t\t<p><strong>Kot\u00edni a spr\u00e1vy antick\u00fdch autorov. 1. \u010das\u0165<\/strong> \/ Zuzana Stanekov\u00e1<br \/><strong>Lomikamene v\u00a0zbierkach pova\u017esk\u00e9ho m\u00fazea<\/strong> \/ Kv\u011bta Kickov\u00e1<br \/><strong>Tom\u00e1\u0161 Ru\u017ei\u010dka<\/strong> \/ Dominika Tom\u00e1\u0161ov\u00e1<br \/><strong>Hist\u00f3ria a poznatky z archeologick\u00fdch v\u00fdskumov v\u00a0Lysici<\/strong> \/ Andrea Slan\u00e1<br \/><strong>Pamiatkov\u00e1 rezerv\u00e1cia \u010ci\u010dmany<\/strong> \/ Adriana B\u00e1rdyov\u00e1<br \/><strong>Ako sa pripravuje nov\u00e1 m\u00fazejn\u00e1 expoz\u00edcia?<\/strong> \/ Peter \u0160imko<br \/><strong>Z\u00a0na\u0161ich zbierok \u2013 z\u00e1pis p\u00e4\u0165mili\u00f3ntych ob\u010diankov<\/strong> \/ Martina Bern\u00e1tov\u00e1<br \/><strong>Konferencia Dejiny cestnej dopravy na slovensku II<\/strong> \/ Michaela Kol\u00e1rikov\u00e1<br \/><strong>Ako plynie \u010das&#8230; \u2013 rieka V\u00e1h v\u00a0\u017diline a\u00a0jej vyu\u017eitie<\/strong>\u00a0<span style=\"font-size: 15px; font-style: normal; font-weight: 400;\">\/ Peter \u0160imko<\/span><\/p>\t\t\t\t\t\t\t\t<\/div>\n\t\t\t\t<\/div>\n\t\t\t\t\t<\/div>\n\t\t<\/div>\n\t\t\t\t\t<\/div>\n\t\t<\/section>\n\t\t\t\t<div class=\"elementor-element elementor-element-8173a13 elementor-widget-divider--view-line elementor-widget elementor-widget-divider\" data-id=\"8173a13\" data-element_type=\"widget\" data-widget_type=\"divider.default\">\n\t\t\t\t<div class=\"elementor-widget-container\">\n\t\t\t\t\t\t\t<div class=\"elementor-divider\">\n\t\t\t<span class=\"elementor-divider-separator\">\n\t\t\t\t\t\t<\/span>\n\t\t<\/div>\n\t\t\t\t\t\t<\/div>\n\t\t\t\t<\/div>\n\t\t\t\t<section class=\"elementor-section elementor-inner-section elementor-element elementor-element-eb79389 elementor-section-boxed elementor-section-height-default elementor-section-height-default\" data-id=\"eb79389\" data-element_type=\"section\">\n\t\t\t\t\t\t<div class=\"elementor-container elementor-column-gap-narrow\">\n\t\t\t\t\t<div class=\"elementor-column elementor-col-50 elementor-inner-column elementor-element elementor-element-7fd161a\" data-id=\"7fd161a\" data-element_type=\"column\">\n\t\t\t<div class=\"elementor-widget-wrap elementor-element-populated\">\n\t\t\t\t\t\t<div class=\"elementor-element elementor-element-474b8ce elementor-widget elementor-widget-image\" data-id=\"474b8ce\" data-element_type=\"widget\" data-widget_type=\"image.default\">\n\t\t\t\t<div class=\"elementor-widget-container\">\n\t\t\t\t\t\t\t\t\t\t\t\t\t\t\t\t<a href=\"https:\/\/pmza.sk\/muza2-2016-1\/muza-2-2016-1.html\" target=\"_blank\">\n\t\t\t\t\t\t\t<img loading=\"lazy\" decoding=\"async\" width=\"520\" height=\"736\" src=\"https:\/\/pmza.sk\/wp-content\/uploads\/2016\/12\/muza-2-2016-520x736.jpg\" class=\"attachment-large size-large wp-image-18706\" alt=\"M\u00daZA 2\/2016\" srcset=\"https:\/\/pmza.sk\/wp-content\/uploads\/2016\/12\/muza-2-2016-520x736.jpg 520w, https:\/\/pmza.sk\/wp-content\/uploads\/2016\/12\/muza-2-2016-254x360.jpg 254w, https:\/\/pmza.sk\/wp-content\/uploads\/2016\/12\/muza-2-2016-768x1088.jpg 768w, https:\/\/pmza.sk\/wp-content\/uploads\/2016\/12\/muza-2-2016-1084x1536.jpg 1084w, https:\/\/pmza.sk\/wp-content\/uploads\/2016\/12\/muza-2-2016-600x850.jpg 600w, https:\/\/pmza.sk\/wp-content\/uploads\/2016\/12\/muza-2-2016.jpg 1224w\" sizes=\"(max-width: 520px) 100vw, 520px\" \/>\t\t\t\t\t\t\t\t<\/a>\n\t\t\t\t\t\t\t\t\t\t\t\t\t\t\t<\/div>\n\t\t\t\t<\/div>\n\t\t\t\t<div class=\"elementor-element elementor-element-8c41d42 elementor-widget elementor-widget-heading\" data-id=\"8c41d42\" data-element_type=\"widget\" data-widget_type=\"heading.default\">\n\t\t\t\t<div class=\"elementor-widget-container\">\n\t\t\t\t\t<h2 class=\"elementor-heading-title elementor-size-default\">2\/2016<\/h2>\t\t\t\t<\/div>\n\t\t\t\t<\/div>\n\t\t\t\t\t<\/div>\n\t\t<\/div>\n\t\t\t\t<div class=\"elementor-column elementor-col-50 elementor-inner-column elementor-element elementor-element-f259e0c\" data-id=\"f259e0c\" data-element_type=\"column\">\n\t\t\t<div class=\"elementor-widget-wrap elementor-element-populated\">\n\t\t\t\t\t\t<div class=\"elementor-element elementor-element-2bba266 elementor-widget elementor-widget-text-editor\" data-id=\"2bba266\" data-element_type=\"widget\" data-widget_type=\"text-editor.default\">\n\t\t\t\t<div class=\"elementor-widget-container\">\n\t\t\t\t\t\t\t\t\t<p><strong>Zaostren\u00e9 na p\u013a\u0161ika<\/strong> \/ Ladislav Hl\u00f4\u0161ka<br \/><strong>Nov\u00e9 druhy drev\u00edn v\u00a0Budat\u00ednskom parku<\/strong> \/ Kv\u011bta Kickov\u00e1<br \/><strong>Archeol\u00f3gia na Budat\u00ednskom hrade v\u00a0rokoch 2006 \u2013 2016<\/strong> \/ Zuzana Stanekov\u00e1<br \/><strong>\u0160afrany alebo jesienky?<\/strong> \/ Kv\u011bta Kickov\u00e1<br \/><strong>Najv\u00e4\u010dsia mapa Uhorska je v\u00a0Budat\u00ednskom hrade<\/strong> \/ Peter \u0160imko<br \/><strong>V\u00fdskum valu na hradisku Ve\u013ek\u00fd vrch v\u00a0Divinke (Podhradie, poloha Hol\u00fd prieloh)<\/strong> \/ Andrea Slan\u00e1<br \/><strong>\u017divot bez chladni\u010dky<\/strong> \/ Katar\u00edna Kendrov\u00e1<br \/><strong>Spomienky Budat\u00edn\u010danov<\/strong> \/ Dominika Tom\u00e1\u0161ov\u00e1<br \/><strong>Ako plynie \u010das&#8230; \u2013 Rosenfeldov pal\u00e1c a\u00a0Neologick\u00e1 synag\u00f3ga v\u00a0\u017diline<\/strong> \/ Peter \u0160imko<br \/><strong>V\u00fdstava Od frfajdy k\u00a0alm\u00e1zii<\/strong> \/ Katar\u00edna Kandrov\u00e1<\/p>\t\t\t\t\t\t\t\t<\/div>\n\t\t\t\t<\/div>\n\t\t\t\t\t<\/div>\n\t\t<\/div>\n\t\t\t\t\t<\/div>\n\t\t<\/section>\n\t\t\t\t<div class=\"elementor-element elementor-element-11c3b7f elementor-widget-divider--view-line elementor-widget elementor-widget-divider\" data-id=\"11c3b7f\" data-element_type=\"widget\" data-widget_type=\"divider.default\">\n\t\t\t\t<div class=\"elementor-widget-container\">\n\t\t\t\t\t\t\t<div class=\"elementor-divider\">\n\t\t\t<span class=\"elementor-divider-separator\">\n\t\t\t\t\t\t<\/span>\n\t\t<\/div>\n\t\t\t\t\t\t<\/div>\n\t\t\t\t<\/div>\n\t\t\t\t<section class=\"elementor-section elementor-inner-section elementor-element elementor-element-022f24c elementor-section-boxed elementor-section-height-default elementor-section-height-default\" data-id=\"022f24c\" data-element_type=\"section\">\n\t\t\t\t\t\t<div class=\"elementor-container elementor-column-gap-narrow\">\n\t\t\t\t\t<div class=\"elementor-column elementor-col-50 elementor-inner-column elementor-element elementor-element-4db611f\" data-id=\"4db611f\" data-element_type=\"column\">\n\t\t\t<div class=\"elementor-widget-wrap elementor-element-populated\">\n\t\t\t\t\t\t<div class=\"elementor-element elementor-element-a43b92c elementor-widget elementor-widget-image\" data-id=\"a43b92c\" data-element_type=\"widget\" data-widget_type=\"image.default\">\n\t\t\t\t<div class=\"elementor-widget-container\">\n\t\t\t\t\t\t\t\t\t\t\t\t\t\t\t\t<a href=\"https:\/\/pmza.sk\/muza1-2016-1\/muza1-2016-1.html\" target=\"_blank\">\n\t\t\t\t\t\t\t<img loading=\"lazy\" decoding=\"async\" width=\"521\" height=\"736\" src=\"https:\/\/pmza.sk\/wp-content\/uploads\/2016\/06\/muza-1-2016-521x736.jpg\" class=\"attachment-large size-large wp-image-16367\" alt=\"M\u00daZA 1\/2016\" srcset=\"https:\/\/pmza.sk\/wp-content\/uploads\/2016\/06\/muza-1-2016-521x736.jpg 521w, https:\/\/pmza.sk\/wp-content\/uploads\/2016\/06\/muza-1-2016-255x360.jpg 255w, https:\/\/pmza.sk\/wp-content\/uploads\/2016\/06\/muza-1-2016.jpg 546w\" sizes=\"(max-width: 521px) 100vw, 521px\" \/>\t\t\t\t\t\t\t\t<\/a>\n\t\t\t\t\t\t\t\t\t\t\t\t\t\t\t<\/div>\n\t\t\t\t<\/div>\n\t\t\t\t<div class=\"elementor-element elementor-element-1b15e8e elementor-widget elementor-widget-heading\" data-id=\"1b15e8e\" data-element_type=\"widget\" data-widget_type=\"heading.default\">\n\t\t\t\t<div class=\"elementor-widget-container\">\n\t\t\t\t\t<h2 class=\"elementor-heading-title elementor-size-default\">1\/2016<\/h2>\t\t\t\t<\/div>\n\t\t\t\t<\/div>\n\t\t\t\t\t<\/div>\n\t\t<\/div>\n\t\t\t\t<div class=\"elementor-column elementor-col-50 elementor-inner-column elementor-element elementor-element-c650051\" data-id=\"c650051\" data-element_type=\"column\">\n\t\t\t<div class=\"elementor-widget-wrap elementor-element-populated\">\n\t\t\t\t\t\t<div class=\"elementor-element elementor-element-9072298 elementor-widget elementor-widget-text-editor\" data-id=\"9072298\" data-element_type=\"widget\" data-widget_type=\"text-editor.default\">\n\t\t\t\t<div class=\"elementor-widget-container\">\n\t\t\t\t\t\t\t\t\t<p><strong><span style=\"font-size: 15px;\">Herb\u00e1r pova\u017esk\u00e9ho m\u00fazea v ekologick\u00fdch a fytogeografick\u00fdch s\u00favislostiach<\/span><\/strong><span style=\"font-size: 15px;\">\u00a0\/ Kv\u011bta Kickov\u00e1<br \/><\/span><span style=\"font-size: 15px;\"><strong>Rieka v\u00e1h \u2013 zimovisko vodn\u00fdch vt\u00e1kov<\/strong> \/ Ladislav Hl\u00f4\u0161ka<br \/><\/span><span style=\"font-size: 15px;\"><strong>Mohylov\u00fd hrob 1 v Gbe\u013eanoch. N\u00e1lez z roku 1964<\/strong> \/ Zuzana Stanekov\u00e1<br \/><\/span><span style=\"font-size: 15px;\"><strong>Zvon zo stredovekej dediny paseka pod hradom Stre\u010dno<\/strong> \/ Andrea Slan\u00e1<br \/><\/span><span style=\"font-size: 15px;\"><strong>\u017dilinsk\u00e1 dom\u00e1cnos\u0165 v stredoveku a ranom novoveku \u2013 II. \u010das\u0165<\/strong> \/ Samuel \u0160panihel<br \/><\/span><span style=\"font-size: 15px;\"><strong>Franti\u0161ek Turzo<\/strong> \/ Martina Bern\u00e1tov\u00e1<br \/><\/span><span style=\"font-size: 15px;\"><strong>Ako plynie \u010das \u2013 Kaplnka Budat\u00ednskeho hradu, ka\u0161tie\u013e v Divinke<\/strong> \/ Martina Bern\u00e1tov\u00e1<\/span><\/p><p><span style=\"font-size: 15px;\"><em>Z na\u0161ich zbierok:<\/em> <br \/><strong>\u00dale<\/strong><\/span><span style=\"font-size: 15px;\">\u00a0\/ Adriana B\u00e1rdyov\u00e1<\/span><\/p><p><span style=\"font-size: 15px;\"><em>Report\u00e1\u017ee z m\u00fazea<\/em><br \/><\/span><span style=\"font-size: 15px;\"><strong>Semin\u00e1r k v\u00fdstave \u201eAko znej\u00fa&#8230;\u201d<\/strong> \/ Katar\u00edna Kendrov\u00e1<br \/><\/span><span style=\"font-size: 15px;\"><strong>Etnol\u00f3g v m\u00fazeu<\/strong> \/ Martina Bern\u00e1tov\u00e1<\/span><\/p>\t\t\t\t\t\t\t\t<\/div>\n\t\t\t\t<\/div>\n\t\t\t\t\t<\/div>\n\t\t<\/div>\n\t\t\t\t\t<\/div>\n\t\t<\/section>\n\t\t\t\t<div class=\"elementor-element elementor-element-9de9509 elementor-widget-divider--view-line elementor-widget elementor-widget-divider\" data-id=\"9de9509\" data-element_type=\"widget\" data-widget_type=\"divider.default\">\n\t\t\t\t<div class=\"elementor-widget-container\">\n\t\t\t\t\t\t\t<div class=\"elementor-divider\">\n\t\t\t<span class=\"elementor-divider-separator\">\n\t\t\t\t\t\t<\/span>\n\t\t<\/div>\n\t\t\t\t\t\t<\/div>\n\t\t\t\t<\/div>\n\t\t\t\t<section class=\"elementor-section elementor-inner-section elementor-element elementor-element-1f6c1a2 elementor-section-boxed elementor-section-height-default elementor-section-height-default\" data-id=\"1f6c1a2\" data-element_type=\"section\">\n\t\t\t\t\t\t<div class=\"elementor-container elementor-column-gap-narrow\">\n\t\t\t\t\t<div class=\"elementor-column elementor-col-50 elementor-inner-column elementor-element elementor-element-4692645\" data-id=\"4692645\" data-element_type=\"column\">\n\t\t\t<div class=\"elementor-widget-wrap elementor-element-populated\">\n\t\t\t\t\t\t<div class=\"elementor-element elementor-element-8175adb elementor-widget elementor-widget-image\" data-id=\"8175adb\" data-element_type=\"widget\" data-widget_type=\"image.default\">\n\t\t\t\t<div class=\"elementor-widget-container\">\n\t\t\t\t\t\t\t\t\t\t\t\t\t\t\t\t<a href=\"https:\/\/pmza.sk\/muza2-2015-1\/muza2-2015-1.html\" target=\"_blank\">\n\t\t\t\t\t\t\t<img loading=\"lazy\" decoding=\"async\" width=\"520\" height=\"736\" src=\"https:\/\/pmza.sk\/wp-content\/uploads\/2014\/06\/MUZA-2-2015-520x736.jpg\" class=\"attachment-large size-large wp-image-14240\" alt=\"M\u00daZA 2\/2015\" srcset=\"https:\/\/pmza.sk\/wp-content\/uploads\/2014\/06\/MUZA-2-2015-520x736.jpg 520w, https:\/\/pmza.sk\/wp-content\/uploads\/2014\/06\/MUZA-2-2015-254x360.jpg 254w, https:\/\/pmza.sk\/wp-content\/uploads\/2014\/06\/MUZA-2-2015-768x1088.jpg 768w, https:\/\/pmza.sk\/wp-content\/uploads\/2014\/06\/MUZA-2-2015-600x850.jpg 600w, https:\/\/pmza.sk\/wp-content\/uploads\/2014\/06\/MUZA-2-2015.jpg 812w\" sizes=\"(max-width: 520px) 100vw, 520px\" \/>\t\t\t\t\t\t\t\t<\/a>\n\t\t\t\t\t\t\t\t\t\t\t\t\t\t\t<\/div>\n\t\t\t\t<\/div>\n\t\t\t\t<div class=\"elementor-element elementor-element-85259c5 elementor-widget elementor-widget-heading\" data-id=\"85259c5\" data-element_type=\"widget\" data-widget_type=\"heading.default\">\n\t\t\t\t<div class=\"elementor-widget-container\">\n\t\t\t\t\t<h2 class=\"elementor-heading-title elementor-size-default\">2\/2015<\/h2>\t\t\t\t<\/div>\n\t\t\t\t<\/div>\n\t\t\t\t\t<\/div>\n\t\t<\/div>\n\t\t\t\t<div class=\"elementor-column elementor-col-50 elementor-inner-column elementor-element elementor-element-cee8ab2\" data-id=\"cee8ab2\" data-element_type=\"column\">\n\t\t\t<div class=\"elementor-widget-wrap elementor-element-populated\">\n\t\t\t\t\t\t<div class=\"elementor-element elementor-element-13f17d8 elementor-widget elementor-widget-text-editor\" data-id=\"13f17d8\" data-element_type=\"widget\" data-widget_type=\"text-editor.default\">\n\t\t\t\t<div class=\"elementor-widget-container\">\n\t\t\t\t\t\t\t\t\t<p><span style=\"font-size: 15px;\"><strong>V\u00fdrobcovia \u013eudov\u00fdch hudobn\u00fdch n\u00e1strojov v \u017dilinskom kraji<\/strong> \/ Katar\u00edna Kendrov\u00e1<br \/><\/span><span style=\"font-size: 15px;\"><strong>Hradn\u00e9 bralo v Stre\u010dne<\/strong> \/ Andrea Slan\u00e1<br \/><\/span><span style=\"font-size: 15px;\"><strong>Vypuknutie SNP a boje v \u017diline<\/strong> \/ Jakub Bielik<br \/><\/span><span style=\"font-size: 15px;\"><strong>Ro\u013en\u00edci p\u00fachovskej kult\u00fary \u2013 II. \u010das\u0165<\/strong> \/ Andrea Slan\u00e1 a Zuzana Stanekov\u00e1<br \/><\/span><span style=\"font-size: 15px;\"><strong>\u017dilinsk\u00e1 dom\u00e1cnos\u0165 v stredoveku a ranom novoveku \u2013 I. \u010das\u0165<\/strong> \/ Samuel \u0160panihel<br \/><\/span><span style=\"font-size: 15px;\"><strong>Vykr\u00e1danie archeologick\u00fdch lokal\u00edt<\/strong> \/ Zuzana Stanekov\u00e1<br \/><\/span><span style=\"font-size: 15px;\"><strong>Ako plynie \u010das \u2013 Lietavsk\u00fd hrad<\/strong> \/ Martina Bern\u00e1tov\u00e1<br \/><\/span><strong><span style=\"font-size: 15px;\">Ako sa to d\u00e1<\/span><\/strong><span style=\"font-size: 15px;\"><strong>\u00a0<\/strong> \/ Michal Jureck\u00fd<br \/><\/span><span style=\"font-size: 15px;\"><strong>Pr\u00e1ca botanika v m\u00fazeu<\/strong> \/ Martina Bern\u00e1tov\u00e1<br \/><\/span><\/p>\t\t\t\t\t\t\t\t<\/div>\n\t\t\t\t<\/div>\n\t\t\t\t\t<\/div>\n\t\t<\/div>\n\t\t\t\t\t<\/div>\n\t\t<\/section>\n\t\t\t\t<div class=\"elementor-element elementor-element-9a4583a elementor-widget-divider--view-line elementor-widget elementor-widget-divider\" data-id=\"9a4583a\" data-element_type=\"widget\" data-widget_type=\"divider.default\">\n\t\t\t\t<div class=\"elementor-widget-container\">\n\t\t\t\t\t\t\t<div class=\"elementor-divider\">\n\t\t\t<span class=\"elementor-divider-separator\">\n\t\t\t\t\t\t<\/span>\n\t\t<\/div>\n\t\t\t\t\t\t<\/div>\n\t\t\t\t<\/div>\n\t\t\t\t<section class=\"elementor-section elementor-inner-section elementor-element elementor-element-2e83fd5 elementor-section-boxed elementor-section-height-default elementor-section-height-default\" data-id=\"2e83fd5\" data-element_type=\"section\">\n\t\t\t\t\t\t<div class=\"elementor-container elementor-column-gap-narrow\">\n\t\t\t\t\t<div class=\"elementor-column elementor-col-50 elementor-inner-column elementor-element elementor-element-76aae51\" data-id=\"76aae51\" data-element_type=\"column\">\n\t\t\t<div class=\"elementor-widget-wrap elementor-element-populated\">\n\t\t\t\t\t\t<div class=\"elementor-element elementor-element-191f5b8 elementor-widget elementor-widget-image\" data-id=\"191f5b8\" data-element_type=\"widget\" data-widget_type=\"image.default\">\n\t\t\t\t<div class=\"elementor-widget-container\">\n\t\t\t\t\t\t\t\t\t\t\t\t\t\t\t\t<a href=\"https:\/\/pmza.sk\/muza1-2015-1\/muza1-2015-1.html\" target=\"_blank\">\n\t\t\t\t\t\t\t<img loading=\"lazy\" decoding=\"async\" width=\"521\" height=\"736\" src=\"https:\/\/pmza.sk\/wp-content\/uploads\/2018\/11\/MUZA-1-2015-scaled-1-521x736.jpg\" class=\"attachment-large size-large wp-image-31282\" alt=\"M\u00daZA 1\/2015\" srcset=\"https:\/\/pmza.sk\/wp-content\/uploads\/2018\/11\/MUZA-1-2015-scaled-1-521x736.jpg 521w, https:\/\/pmza.sk\/wp-content\/uploads\/2018\/11\/MUZA-1-2015-scaled-1-255x360.jpg 255w, https:\/\/pmza.sk\/wp-content\/uploads\/2018\/11\/MUZA-1-2015-scaled-1-768x1086.jpg 768w, https:\/\/pmza.sk\/wp-content\/uploads\/2018\/11\/MUZA-1-2015-scaled-1-1087x1536.jpg 1087w, https:\/\/pmza.sk\/wp-content\/uploads\/2018\/11\/MUZA-1-2015-scaled-1-1449x2048.jpg 1449w, https:\/\/pmza.sk\/wp-content\/uploads\/2018\/11\/MUZA-1-2015-scaled-1-600x848.jpg 600w, https:\/\/pmza.sk\/wp-content\/uploads\/2018\/11\/MUZA-1-2015-scaled-1.jpg 1811w\" sizes=\"(max-width: 521px) 100vw, 521px\" \/>\t\t\t\t\t\t\t\t<\/a>\n\t\t\t\t\t\t\t\t\t\t\t\t\t\t\t<\/div>\n\t\t\t\t<\/div>\n\t\t\t\t<div class=\"elementor-element elementor-element-9d7aec6 elementor-widget elementor-widget-heading\" data-id=\"9d7aec6\" data-element_type=\"widget\" data-widget_type=\"heading.default\">\n\t\t\t\t<div class=\"elementor-widget-container\">\n\t\t\t\t\t<h2 class=\"elementor-heading-title elementor-size-default\">1\/2015<\/h2>\t\t\t\t<\/div>\n\t\t\t\t<\/div>\n\t\t\t\t\t<\/div>\n\t\t<\/div>\n\t\t\t\t<div class=\"elementor-column elementor-col-50 elementor-inner-column elementor-element elementor-element-b7e2a1d\" data-id=\"b7e2a1d\" data-element_type=\"column\">\n\t\t\t<div class=\"elementor-widget-wrap elementor-element-populated\">\n\t\t\t\t\t\t<div class=\"elementor-element elementor-element-ad33eba elementor-widget elementor-widget-text-editor\" data-id=\"ad33eba\" data-element_type=\"widget\" data-widget_type=\"text-editor.default\">\n\t\t\t\t<div class=\"elementor-widget-container\">\n\t\t\t\t\t\t\t\t\t<p><strong>F\u00faza\u010de \u2013 skvosty muze\u00e1lnych expoz\u00edci\u00ed<\/strong> \/ M\u00e1ria Adamov\u00e1\u00a0<br \/><strong>Fl\u00f3ra hradn\u00e9ho brala Stre\u010dno a bl\u00edzkeho okolia<\/strong> \/ Vikt\u00f3ria Urbanov\u00e1<br \/><strong>Z\u00e1hadn\u00e9 erby na olt\u00e1ri v Lietavskom kostole<\/strong> \/ Jana Kuruc\u00e1rov\u00e1 a Martina Bern\u00e1tov\u00e1<br \/><strong>Ro\u013en\u00edci p\u00fachovskej kult\u00fary \u2013 I. \u010das\u0165<\/strong> \/ Andrea Slan\u00e1 a Zuzana Stanekov\u00e1<br \/><strong>Ako plynie \u010das \u2013 Stre\u010dnianske mosty<\/strong> \/ Peter \u0160imko<br \/><strong>Zo zbierok Pova\u017esk\u00e9ho m\u00fazea v \u017diline &#8211; pechotn\u00e9 zbrane 2. svetovej vojny<\/strong> \/ Jakub Bielik<br \/><strong>V\u00fdstava \u201eDajte hrnce dr\u00f4tova\u0165\u201d v po\u013eskom meste Sosnowiec<\/strong>\u00a0 \/ Katar\u00edna Kendrov\u00e1<br \/><strong>Pr\u00e1ca archeol\u00f3ga a konzerv\u00e1tora keramiky v m\u00fazeu<\/strong> \/ Martina Bern\u00e1tov\u00e1<\/p>\t\t\t\t\t\t\t\t<\/div>\n\t\t\t\t<\/div>\n\t\t\t\t\t<\/div>\n\t\t<\/div>\n\t\t\t\t\t<\/div>\n\t\t<\/section>\n\t\t\t\t<div class=\"elementor-element elementor-element-aef3149 elementor-widget-divider--view-line elementor-widget elementor-widget-divider\" data-id=\"aef3149\" data-element_type=\"widget\" data-widget_type=\"divider.default\">\n\t\t\t\t<div class=\"elementor-widget-container\">\n\t\t\t\t\t\t\t<div class=\"elementor-divider\">\n\t\t\t<span class=\"elementor-divider-separator\">\n\t\t\t\t\t\t<\/span>\n\t\t<\/div>\n\t\t\t\t\t\t<\/div>\n\t\t\t\t<\/div>\n\t\t\t\t<section class=\"elementor-section elementor-inner-section elementor-element elementor-element-f0b46ae elementor-section-boxed elementor-section-height-default elementor-section-height-default\" data-id=\"f0b46ae\" data-element_type=\"section\">\n\t\t\t\t\t\t<div class=\"elementor-container elementor-column-gap-narrow\">\n\t\t\t\t\t<div class=\"elementor-column elementor-col-50 elementor-inner-column elementor-element elementor-element-ffa139e\" data-id=\"ffa139e\" data-element_type=\"column\">\n\t\t\t<div class=\"elementor-widget-wrap elementor-element-populated\">\n\t\t\t\t\t\t<div class=\"elementor-element elementor-element-5a35c46 elementor-widget elementor-widget-image\" data-id=\"5a35c46\" data-element_type=\"widget\" data-widget_type=\"image.default\">\n\t\t\t\t<div class=\"elementor-widget-container\">\n\t\t\t\t\t\t\t\t\t\t\t\t\t\t\t\t<a href=\"https:\/\/pmza.sk\/muza2-2014-1\/muza2-2014-1.html\" target=\"_blank\">\n\t\t\t\t\t\t\t<img loading=\"lazy\" decoding=\"async\" width=\"519\" height=\"736\" src=\"https:\/\/pmza.sk\/wp-content\/uploads\/2018\/11\/MUZA-2-2014-1-scaled-1-519x736.jpg\" class=\"attachment-large size-large wp-image-31279\" alt=\"M\u00daZA 2\/2014\" srcset=\"https:\/\/pmza.sk\/wp-content\/uploads\/2018\/11\/MUZA-2-2014-1-scaled-1-519x736.jpg 519w, https:\/\/pmza.sk\/wp-content\/uploads\/2018\/11\/MUZA-2-2014-1-scaled-1-254x360.jpg 254w, https:\/\/pmza.sk\/wp-content\/uploads\/2018\/11\/MUZA-2-2014-1-scaled-1-768x1089.jpg 768w, https:\/\/pmza.sk\/wp-content\/uploads\/2018\/11\/MUZA-2-2014-1-scaled-1-1084x1536.jpg 1084w, https:\/\/pmza.sk\/wp-content\/uploads\/2018\/11\/MUZA-2-2014-1-scaled-1-1445x2048.jpg 1445w, https:\/\/pmza.sk\/wp-content\/uploads\/2018\/11\/MUZA-2-2014-1-scaled-1-600x850.jpg 600w, https:\/\/pmza.sk\/wp-content\/uploads\/2018\/11\/MUZA-2-2014-1-scaled-1.jpg 1806w\" sizes=\"(max-width: 519px) 100vw, 519px\" \/>\t\t\t\t\t\t\t\t<\/a>\n\t\t\t\t\t\t\t\t\t\t\t\t\t\t\t<\/div>\n\t\t\t\t<\/div>\n\t\t\t\t<div class=\"elementor-element elementor-element-c1790d9 elementor-widget elementor-widget-heading\" data-id=\"c1790d9\" data-element_type=\"widget\" data-widget_type=\"heading.default\">\n\t\t\t\t<div class=\"elementor-widget-container\">\n\t\t\t\t\t<h2 class=\"elementor-heading-title elementor-size-default\">2\/2014<\/h2>\t\t\t\t<\/div>\n\t\t\t\t<\/div>\n\t\t\t\t\t<\/div>\n\t\t<\/div>\n\t\t\t\t<div class=\"elementor-column elementor-col-50 elementor-inner-column elementor-element elementor-element-46db0c9\" data-id=\"46db0c9\" data-element_type=\"column\">\n\t\t\t<div class=\"elementor-widget-wrap elementor-element-populated\">\n\t\t\t\t\t\t<div class=\"elementor-element elementor-element-246218c elementor-widget elementor-widget-text-editor\" data-id=\"246218c\" data-element_type=\"widget\" data-widget_type=\"text-editor.default\">\n\t\t\t\t<div class=\"elementor-widget-container\">\n\t\t\t\t\t\t\t\t\t<p><strong>Kr\u00e1sa pravekej keramiky<\/strong> \/ Andrea Slan\u00e1<br \/><strong>Potulky po star\u00fdch cest\u00e1ch v okol\u00ed \u017eiliny, III. \u010das\u0165<\/strong> \/ Peter \u0160imko<br \/><strong>\u010co sme nevedeli o budat\u00ednskej kaplnke<\/strong> \/ Michal Jureck\u00fd<br \/><strong>V\u00fdrobn\u00e9 dru\u017estvo \u013dudov\u00e1 tvorba vo Ve\u013ekom Rovnom<\/strong> \/ Katar\u00edna Kendrov\u00e1<br \/><strong>Ako plynie \u010das \u2013 Byt\u010diansky ka\u0161tie\u013e<\/strong> \/ Martina Bern\u00e1tov\u00e1<br \/><strong>Vz\u00e1cny fragment z mamutieho kla<\/strong> \/ M\u00e1ria Adamov\u00e1<br \/><strong>Digit\u00e1lne m\u00fazeum v Budat\u00edne<\/strong> \/ Katar\u00edna Zacharov\u00e1<br \/><strong>Konferencia \u201eDejiny cestnej dopravy na Slovensku\u201d<\/strong> \/ Du\u0161an Lichner<br \/><strong>Rok 2014 v znamen\u00ed nov\u00fdch expoz\u00edci\u00ed<\/strong> \/ Michaela Kol\u00e1rikov\u00e1<\/p>\t\t\t\t\t\t\t\t<\/div>\n\t\t\t\t<\/div>\n\t\t\t\t\t<\/div>\n\t\t<\/div>\n\t\t\t\t\t<\/div>\n\t\t<\/section>\n\t\t\t\t<div class=\"elementor-element elementor-element-4a0f399 elementor-widget-divider--view-line elementor-widget elementor-widget-divider\" data-id=\"4a0f399\" data-element_type=\"widget\" data-widget_type=\"divider.default\">\n\t\t\t\t<div class=\"elementor-widget-container\">\n\t\t\t\t\t\t\t<div class=\"elementor-divider\">\n\t\t\t<span class=\"elementor-divider-separator\">\n\t\t\t\t\t\t<\/span>\n\t\t<\/div>\n\t\t\t\t\t\t<\/div>\n\t\t\t\t<\/div>\n\t\t\t\t<section class=\"elementor-section elementor-inner-section elementor-element elementor-element-a470f05 elementor-section-boxed elementor-section-height-default elementor-section-height-default\" data-id=\"a470f05\" data-element_type=\"section\">\n\t\t\t\t\t\t<div class=\"elementor-container elementor-column-gap-narrow\">\n\t\t\t\t\t<div class=\"elementor-column elementor-col-50 elementor-inner-column elementor-element elementor-element-4ac8f9a\" data-id=\"4ac8f9a\" data-element_type=\"column\">\n\t\t\t<div class=\"elementor-widget-wrap elementor-element-populated\">\n\t\t\t\t\t\t<div class=\"elementor-element elementor-element-4365bc0 elementor-widget elementor-widget-image\" data-id=\"4365bc0\" data-element_type=\"widget\" data-widget_type=\"image.default\">\n\t\t\t\t<div class=\"elementor-widget-container\">\n\t\t\t\t\t\t\t\t\t\t\t\t\t\t\t\t<a href=\"https:\/\/pmza.sk\/muza1-2014-1\/muza1-2014-1.html\" target=\"_blank\">\n\t\t\t\t\t\t\t<img loading=\"lazy\" decoding=\"async\" width=\"520\" height=\"736\" src=\"https:\/\/pmza.sk\/wp-content\/uploads\/2018\/11\/MUZA1-2014-1-scaled-1-520x736.jpg\" class=\"attachment-large size-large wp-image-31267\" alt=\"M\u00daZA 1\/2014\" srcset=\"https:\/\/pmza.sk\/wp-content\/uploads\/2018\/11\/MUZA1-2014-1-scaled-1-520x736.jpg 520w, https:\/\/pmza.sk\/wp-content\/uploads\/2018\/11\/MUZA1-2014-1-scaled-1-254x360.jpg 254w, https:\/\/pmza.sk\/wp-content\/uploads\/2018\/11\/MUZA1-2014-1-scaled-1-768x1087.jpg 768w, https:\/\/pmza.sk\/wp-content\/uploads\/2018\/11\/MUZA1-2014-1-scaled-1-1085x1536.jpg 1085w, https:\/\/pmza.sk\/wp-content\/uploads\/2018\/11\/MUZA1-2014-1-scaled-1-1446x2048.jpg 1446w, https:\/\/pmza.sk\/wp-content\/uploads\/2018\/11\/MUZA1-2014-1-scaled-1-600x850.jpg 600w, https:\/\/pmza.sk\/wp-content\/uploads\/2018\/11\/MUZA1-2014-1-scaled-1.jpg 1808w\" sizes=\"(max-width: 520px) 100vw, 520px\" \/>\t\t\t\t\t\t\t\t<\/a>\n\t\t\t\t\t\t\t\t\t\t\t\t\t\t\t<\/div>\n\t\t\t\t<\/div>\n\t\t\t\t<div class=\"elementor-element elementor-element-353a2b6 elementor-widget elementor-widget-heading\" data-id=\"353a2b6\" data-element_type=\"widget\" data-widget_type=\"heading.default\">\n\t\t\t\t<div class=\"elementor-widget-container\">\n\t\t\t\t\t<h2 class=\"elementor-heading-title elementor-size-default\">1\/2014<\/h2>\t\t\t\t<\/div>\n\t\t\t\t<\/div>\n\t\t\t\t\t<\/div>\n\t\t<\/div>\n\t\t\t\t<div class=\"elementor-column elementor-col-50 elementor-inner-column elementor-element elementor-element-9b547ce\" data-id=\"9b547ce\" data-element_type=\"column\">\n\t\t\t<div class=\"elementor-widget-wrap elementor-element-populated\">\n\t\t\t\t\t\t<div class=\"elementor-element elementor-element-f5f4dd2 elementor-widget elementor-widget-text-editor\" data-id=\"f5f4dd2\" data-element_type=\"widget\" data-widget_type=\"text-editor.default\">\n\t\t\t\t<div class=\"elementor-widget-container\">\n\t\t\t\t\t\t\t\t\t<p><i>Spolo\u010denskovedn\u00fd blok<br \/><\/i><strong>Premeny jednej ve\u017ee<\/strong>\u00a0<span style=\"font-size: 15px; font-style: normal; font-weight: 400;\">\/ Michal Jureck\u00fd<\/span><br \/><strong>Su\u0148ogovci z Jasenice a Budat\u00edna<\/strong> \/ Andrea Par\u00e1\u010dov\u00e1<br \/><strong>Peter a Mikul\u00e1\u0161 Kostkovci<\/strong> \/ Martina Bern\u00e1tov\u00e1<br \/><strong>Slovansk\u00e9 os\u00eddlenie v \u017diline<\/strong> \/ Andrea Slan\u00e1<br \/><strong>J\u00e1no\u0161\u00edkovsk\u00fd mot\u00edv\u00a0 v drevorezbe<\/strong> \/ Katar\u00edna Kendrov\u00e1<br \/><strong>\u201eFa\u0161iangy, fa\u0161iangy, fa\u0161iangov\u00e9 \u010dasy, jedni pij\u00fa, druh\u00ed jedia za stolom klob\u00e1sy&#8230;\u201c<\/strong> \/ Katar\u00edna Zacharov\u00e1<br \/><strong>Potulky po star\u00fdch cest\u00e1ch v okol\u00ed \u017diliny<\/strong> \/ Peter \u0160imko<br \/><strong>Taxislu\u017eby v \u017diline v rokoch 1918 \u2013 1939<\/strong> \/ Jakub Bielik<\/p><p><i>Pr\u00edrodovedn\u00fd blok<br \/><\/i><strong>Kvitn\u00face\u00a0 jarn\u00e9 byliny op\u00e4\u0165 v parku<\/strong> \/ Vikt\u00f3ria Urbanov\u00e1<br \/><strong>Inv\u00e1zne druhy pri V\u00e1hu<\/strong> \/ Vikt\u00f3ria Urbanov\u00e1<br \/><strong>Odi\u0161iel \u010fal\u0161\u00ed svedok d\u00e1vnej hist\u00f3rie<\/strong> \/ Vikt\u00f3ria Urbanov\u00e1<\/p><p><strong>Ako plynie \u010das \u2013 hrad Budat\u00edn<\/strong> \/ Martina Bern\u00e1tov\u00e1<br \/><strong>Zo zbierok Pova\u017esk\u00e9ho m\u00fazea v \u017diline \u2013 turo\u0148<\/strong> \/ Katar\u00edna Zacharov\u00e1<\/p>\t\t\t\t\t\t\t\t<\/div>\n\t\t\t\t<\/div>\n\t\t\t\t\t<\/div>\n\t\t<\/div>\n\t\t\t\t\t<\/div>\n\t\t<\/section>\n\t\t\t\t<div class=\"elementor-element elementor-element-85e177a elementor-widget-divider--view-line elementor-widget elementor-widget-divider\" data-id=\"85e177a\" data-element_type=\"widget\" data-widget_type=\"divider.default\">\n\t\t\t\t<div class=\"elementor-widget-container\">\n\t\t\t\t\t\t\t<div class=\"elementor-divider\">\n\t\t\t<span class=\"elementor-divider-separator\">\n\t\t\t\t\t\t<\/span>\n\t\t<\/div>\n\t\t\t\t\t\t<\/div>\n\t\t\t\t<\/div>\n\t\t\t\t<section class=\"elementor-section elementor-inner-section elementor-element elementor-element-f8936a2 elementor-section-boxed elementor-section-height-default elementor-section-height-default\" data-id=\"f8936a2\" data-element_type=\"section\">\n\t\t\t\t\t\t<div class=\"elementor-container elementor-column-gap-narrow\">\n\t\t\t\t\t<div class=\"elementor-column elementor-col-50 elementor-inner-column elementor-element elementor-element-2382d04\" data-id=\"2382d04\" data-element_type=\"column\">\n\t\t\t<div class=\"elementor-widget-wrap elementor-element-populated\">\n\t\t\t\t\t\t<div class=\"elementor-element elementor-element-a13a000 elementor-widget elementor-widget-image\" data-id=\"a13a000\" data-element_type=\"widget\" data-widget_type=\"image.default\">\n\t\t\t\t<div class=\"elementor-widget-container\">\n\t\t\t\t\t\t\t\t\t\t\t\t\t\t\t\t<a href=\"https:\/\/pmza.sk\/muza1-2013-1\/muza1-2013-1.html\" target=\"_blank\">\n\t\t\t\t\t\t\t<img loading=\"lazy\" decoding=\"async\" width=\"520\" height=\"736\" src=\"https:\/\/pmza.sk\/wp-content\/uploads\/2022\/12\/muza-2013-1-obalka-520x736.jpg\" class=\"attachment-large size-large wp-image-54513\" alt=\"\" srcset=\"https:\/\/pmza.sk\/wp-content\/uploads\/2022\/12\/muza-2013-1-obalka-520x736.jpg 520w, https:\/\/pmza.sk\/wp-content\/uploads\/2022\/12\/muza-2013-1-obalka-255x360.jpg 255w, https:\/\/pmza.sk\/wp-content\/uploads\/2022\/12\/muza-2013-1-obalka-600x849.jpg 600w, https:\/\/pmza.sk\/wp-content\/uploads\/2022\/12\/muza-2013-1-obalka.jpg 724w\" sizes=\"(max-width: 520px) 100vw, 520px\" \/>\t\t\t\t\t\t\t\t<\/a>\n\t\t\t\t\t\t\t\t\t\t\t\t\t\t\t<\/div>\n\t\t\t\t<\/div>\n\t\t\t\t<div class=\"elementor-element elementor-element-0e2b154 elementor-widget elementor-widget-heading\" data-id=\"0e2b154\" data-element_type=\"widget\" data-widget_type=\"heading.default\">\n\t\t\t\t<div class=\"elementor-widget-container\">\n\t\t\t\t\t<h2 class=\"elementor-heading-title elementor-size-default\">1\/2013<\/h2>\t\t\t\t<\/div>\n\t\t\t\t<\/div>\n\t\t\t\t\t<\/div>\n\t\t<\/div>\n\t\t\t\t<div class=\"elementor-column elementor-col-50 elementor-inner-column elementor-element elementor-element-25bedff\" data-id=\"25bedff\" data-element_type=\"column\">\n\t\t\t<div class=\"elementor-widget-wrap elementor-element-populated\">\n\t\t\t\t\t\t<div class=\"elementor-element elementor-element-e38d00f elementor-widget elementor-widget-text-editor\" data-id=\"e38d00f\" data-element_type=\"widget\" data-widget_type=\"text-editor.default\">\n\t\t\t\t<div class=\"elementor-widget-container\">\n\t\t\t\t\t\t\t\t\t<p><strong>Odkliaty J\u00e1no\u0161\u00edk<\/strong> \/ Katar\u00edna Zacharov\u00e1<br \/><span style=\"font-size: 15px;\"><strong>Benigna zo Stre\u010dna<\/strong>\u00a0 \/ Martina Bern\u00e1tov\u00e1<br \/><\/span><span style=\"font-size: 15px;\"><strong>Potulky po star\u00fdch cest\u00e1ch v okol\u00ed \u017diliny, I. \u010das\u0165<\/strong> \/ Peter \u0160imko<br \/><\/span><span style=\"font-size: 15px;\"><strong>Poh\u013ead na chorobnos\u0165 a zdravotn\u00fa starostlivos\u0165 Franti\u0161k\u00e1nov na z\u00e1klade nekrol\u00f3gu kl\u00e1\u0161tora v\u00a0\u017diline v 18. storo\u010d\u00ed<\/strong> \/ Michal Jureck\u00fd<br \/><\/span><span style=\"font-size: 15px;\"><strong>Prostit\u00facia v hostinsk\u00fdch zariadeniach v \u017diline v medzivojnovom obdob\u00ed<\/strong> \/ Jakub Bielik<br \/><\/span><span style=\"font-size: 15px;\"><strong>Videli ste mohutnej\u0161iu hru\u0161ku plan\u00fa?<\/strong>\u00a0 \/ Vikt\u00f3ria Urbanov\u00e1<br \/><\/span><span style=\"font-size: 15px;\"><strong>Kr\u00e1sna ale zradn\u00e1<\/strong> \/ Vikt\u00f3ria Urbanov\u00e1<br \/><\/span><span style=\"font-size: 15px;\"><strong>Dve nov\u00e9 publik\u00e1cie o dejin\u00e1ch \u017diliny<\/strong> \/ Peter \u0160imko<br \/><\/span><span style=\"font-size: 15px;\"><strong>Drot\u00e1rske anekdoty<\/strong> \/ Katar\u00edna Kendrov\u00e1<\/span><\/p>\t\t\t\t\t\t\t\t<\/div>\n\t\t\t\t<\/div>\n\t\t\t\t\t<\/div>\n\t\t<\/div>\n\t\t\t\t\t<\/div>\n\t\t<\/section>\n\t\t\t\t\t<\/div>\n\t\t<\/div>\n\t\t\t\t\t<\/div>\n\t\t<\/section>\n\t\t\t\t<section class=\"elementor-section elementor-top-section elementor-element elementor-element-53d59fb elementor-section-boxed elementor-section-height-default elementor-section-height-default\" data-id=\"53d59fb\" data-element_type=\"section\">\n\t\t\t\t\t\t<div class=\"elementor-container elementor-column-gap-default\">\n\t\t\t\t\t<div class=\"elementor-column elementor-col-50 elementor-top-column elementor-element elementor-element-d7fb7c0\" data-id=\"d7fb7c0\" data-element_type=\"column\">\n\t\t\t<div class=\"elementor-widget-wrap elementor-element-populated\">\n\t\t\t\t\t\t<div class=\"elementor-element elementor-element-fbdb7a7 elementor-widget elementor-widget-text-editor\" data-id=\"fbdb7a7\" data-element_type=\"widget\" data-widget_type=\"text-editor.default\">\n\t\t\t\t<div class=\"elementor-widget-container\">\n\t\t\t\t\t\t\t\t\t<p><strong>\u0160\u00e9fredaktor:<\/strong> Mgr. Peter \u0160imko, PhD.<\/p><p><strong>Zodpovedn\u00fd redaktor:<\/strong> Mgr. Michal Jureck\u00fd<\/p><p><strong>Redakcia:<br \/><\/strong>Mgr. Katar\u00edna Hallonov\u00e1<br \/>Ing. Kv\u011bta Kickov\u00e1<br \/>Mgr. Zuzana Kudzbelov\u00e1, PhD.<br \/>Ing. J\u00e1n Topercer, CSc.<br \/>Mgr. Andrea Slan\u00e1, PhD.<br \/>PhDr. Zuzana Stanekov\u00e1<\/p>\t\t\t\t\t\t\t\t<\/div>\n\t\t\t\t<\/div>\n\t\t\t\t\t<\/div>\n\t\t<\/div>\n\t\t\t\t<div class=\"elementor-column elementor-col-50 elementor-top-column elementor-element elementor-element-f592bee\" data-id=\"f592bee\" data-element_type=\"column\">\n\t\t\t<div class=\"elementor-widget-wrap elementor-element-populated\">\n\t\t\t\t\t\t<div class=\"elementor-element elementor-element-2deb476 elementor-widget elementor-widget-text-editor\" data-id=\"2deb476\" data-element_type=\"widget\" data-widget_type=\"text-editor.default\">\n\t\t\t\t<div class=\"elementor-widget-container\">\n\t\t\t\t\t\t\t\t\t<p><strong>Kontakt na redakciu:<br><\/strong>Pova\u017esk\u00e9 m\u00fazeum, Topo\u013eov\u00e1 1, 010 03 \u017dilina<\/p>\n<p><strong>Tel.:<\/strong> +421 41 500 15 11 (pracovn\u00e9 dni 8.00 \u2013 15.00 hod.)<\/p>\n<p><strong>E-mail:<\/strong>&nbsp;<a href=\"mailto:muzeum@pmza.sk\">muzeum@pmza.sk<\/a><\/p>\n<p><strong>Periodicita:<\/strong> minim\u00e1lne 1x ro\u010dne.<\/p>\t\t\t\t\t\t\t\t<\/div>\n\t\t\t\t<\/div>\n\t\t\t\t\t<\/div>\n\t\t<\/div>\n\t\t\t\t\t<\/div>\n\t\t<\/section>\n\t\t\t\t<section class=\"elementor-section elementor-top-section elementor-element elementor-element-b23a960 elementor-section-boxed elementor-section-height-default elementor-section-height-default\" data-id=\"b23a960\" data-element_type=\"section\">\n\t\t\t\t\t\t<div class=\"elementor-container elementor-column-gap-default\">\n\t\t\t\t\t<div class=\"elementor-column elementor-col-100 elementor-top-column elementor-element elementor-element-4fba9c1\" data-id=\"4fba9c1\" data-element_type=\"column\">\n\t\t\t<div class=\"elementor-widget-wrap elementor-element-populated\">\n\t\t\t\t\t\t<div class=\"elementor-element elementor-element-eaecf2c elementor-align-center elementor-widget elementor-widget-button\" data-id=\"eaecf2c\" data-element_type=\"widget\" data-widget_type=\"button.default\">\n\t\t\t\t<div class=\"elementor-widget-container\">\n\t\t\t\t\t\t\t\t\t<div class=\"elementor-button-wrapper\">\n\t\t\t\t\t<a class=\"elementor-button elementor-button-link elementor-size-sm\" href=\"https:\/\/pmza.sk\/wp-content\/uploads\/2022\/05\/Pokyny-pre-autorov-MUZA-2022.pdf\">\n\t\t\t\t\t\t<span class=\"elementor-button-content-wrapper\">\n\t\t\t\t\t\t<span class=\"elementor-button-icon\">\n\t\t\t\t<i aria-hidden=\"true\" class=\"fas fa-cloud-download-alt\"><\/i>\t\t\t<\/span>\n\t\t\t\t\t\t\t\t\t<span class=\"elementor-button-text\">Pokyny pre autorov pr\u00edspevkov<\/span>\n\t\t\t\t\t<\/span>\n\t\t\t\t\t<\/a>\n\t\t\t\t<\/div>\n\t\t\t\t\t\t\t\t<\/div>\n\t\t\t\t<\/div>\n\t\t\t\t\t<\/div>\n\t\t<\/div>\n\t\t\t\t\t<\/div>\n\t\t<\/section>\n\t\t\t\t<\/div>\n\t\t","protected":false},"excerpt":{"rendered":"<p>\u010casopis M\u00daZA M\u00daZA je elektronick\u00fd popul\u00e1rno-n\u00e1u\u010dn\u00fd \u010dasopis, ktor\u00fd vyd\u00e1va Pova\u017esk\u00e9 m\u00fazeum minim\u00e1lne jedenkr\u00e1t ro\u010dne. N\u00e1zov vznikol ako skratka slov M\u00daZEUM a \u017dILINA. Jeho cie\u013eom je \u0161irokej verejnosti pribli\u017eova\u0165 t\u00e9my z oblasti spolo\u010densk\u00fdch a pr\u00edrodn\u00fdch vied sp\u00e4t\u00e9 s okresmi \u017dilina a Byt\u010da (regi\u00f3n Horn\u00e9 Pova\u017eie) a z\u00e1rove\u0148 informova\u0165 aj o realizovan\u00fdch m\u00fazejn\u00fdch v\u00fdstav\u00e1ch, podujatiach, akvizi\u010dnej \u010di [&hellip;]<\/p>\n","protected":false},"author":1,"featured_media":0,"parent":0,"menu_order":21,"comment_status":"closed","ping_status":"closed","template":"","meta":{"site-sidebar-layout":"no-sidebar","site-content-layout":"page-builder","ast-site-content-layout":"","site-content-style":"default","site-sidebar-style":"default","ast-global-header-display":"","ast-banner-title-visibility":"","ast-main-header-display":"","ast-hfb-above-header-display":"","ast-hfb-below-header-display":"","ast-hfb-mobile-header-display":"","site-post-title":"disabled","ast-breadcrumbs-content":"","ast-featured-img":"disabled","footer-sml-layout":"","theme-transparent-header-meta":"enabled","adv-header-id-meta":"","stick-header-meta":"default","header-above-stick-meta":"","header-main-stick-meta":"","header-below-stick-meta":"","astra-migrate-meta-layouts":"default","ast-page-background-enabled":"default","ast-page-background-meta":{"desktop":{"background-color":"var(--ast-global-color-4)","background-image":"","background-repeat":"repeat","background-position":"center center","background-size":"auto","background-attachment":"scroll","background-type":"","background-media":"","overlay-type":"","overlay-color":"","overlay-opacity":"","overlay-gradient":""},"tablet":{"background-color":"","background-image":"","background-repeat":"repeat","background-position":"center center","background-size":"auto","background-attachment":"scroll","background-type":"","background-media":"","overlay-type":"","overlay-color":"","overlay-opacity":"","overlay-gradient":""},"mobile":{"background-color":"","background-image":"","background-repeat":"repeat","background-position":"center center","background-size":"auto","background-attachment":"scroll","background-type":"","background-media":"","overlay-type":"","overlay-color":"","overlay-opacity":"","overlay-gradient":""}},"ast-content-background-meta":{"desktop":{"background-color":"var(--ast-global-color-5)","background-image":"","background-repeat":"repeat","background-position":"center center","background-size":"auto","background-attachment":"scroll","background-type":"","background-media":"","overlay-type":"","overlay-color":"","overlay-opacity":"","overlay-gradient":""},"tablet":{"background-color":"var(--ast-global-color-5)","background-image":"","background-repeat":"repeat","background-position":"center center","background-size":"auto","background-attachment":"scroll","background-type":"","background-media":"","overlay-type":"","overlay-color":"","overlay-opacity":"","overlay-gradient":""},"mobile":{"background-color":"var(--ast-global-color-5)","background-image":"","background-repeat":"repeat","background-position":"center center","background-size":"auto","background-attachment":"scroll","background-type":"","background-media":"","overlay-type":"","overlay-color":"","overlay-opacity":"","overlay-gradient":""}},"footnotes":""},"class_list":["post-49348","page","type-page","status-publish","hentry"],"yoast_head":"<!-- This site is optimized with the Yoast SEO plugin v27.4 - https:\/\/yoast.com\/product\/yoast-seo-wordpress\/ -->\n<title>\u010casopis M\u00daZA - Pova\u017esk\u00e9 m\u00fazeum<\/title>\n<meta name=\"robots\" content=\"index, follow, max-snippet:-1, max-image-preview:large, max-video-preview:-1\" \/>\n<link rel=\"canonical\" href=\"https:\/\/pmza.sk\/?page_id=49348\" \/>\n<meta property=\"og:locale\" content=\"sk_SK\" \/>\n<meta property=\"og:type\" content=\"article\" \/>\n<meta property=\"og:title\" content=\"\u010casopis M\u00daZA - Pova\u017esk\u00e9 m\u00fazeum\" \/>\n<meta property=\"og:description\" content=\"\u010casopis M\u00daZA M\u00daZA je elektronick\u00fd popul\u00e1rno-n\u00e1u\u010dn\u00fd \u010dasopis, ktor\u00fd vyd\u00e1va Pova\u017esk\u00e9 m\u00fazeum minim\u00e1lne jedenkr\u00e1t ro\u010dne. N\u00e1zov vznikol ako skratka slov M\u00daZEUM a \u017dILINA. Jeho cie\u013eom je \u0161irokej verejnosti pribli\u017eova\u0165 t\u00e9my z oblasti spolo\u010densk\u00fdch a pr\u00edrodn\u00fdch vied sp\u00e4t\u00e9 s okresmi \u017dilina a Byt\u010da (regi\u00f3n Horn\u00e9 Pova\u017eie) a z\u00e1rove\u0148 informova\u0165 aj o realizovan\u00fdch m\u00fazejn\u00fdch v\u00fdstav\u00e1ch, podujatiach, akvizi\u010dnej \u010di [&hellip;]\" \/>\n<meta property=\"og:url\" content=\"https:\/\/pmza.sk\/?page_id=49348\" \/>\n<meta property=\"og:site_name\" content=\"Pova\u017esk\u00e9 m\u00fazeum\" \/>\n<meta property=\"article:publisher\" content=\"https:\/\/www.facebook.com\/povazskemuzeum\" \/>\n<meta property=\"article:modified_time\" content=\"2026-04-15T11:21:19+00:00\" \/>\n<meta property=\"og:image\" content=\"https:\/\/pmza.sk\/wp-content\/uploads\/2025\/08\/Muza_2025_01_o-520x736.jpg\" \/>\n<meta name=\"twitter:card\" content=\"summary_large_image\" \/>\n<meta name=\"twitter:label1\" content=\"Predpokladan\u00fd \u010das \u010d\u00edtania\" \/>\n\t<meta name=\"twitter:data1\" content=\"5 min\u00fat\" \/>\n<script type=\"application\/ld+json\" class=\"yoast-schema-graph\">{\"@context\":\"https:\\\/\\\/schema.org\",\"@graph\":[{\"@type\":\"WebPage\",\"@id\":\"https:\\\/\\\/pmza.sk\\\/?page_id=49348\",\"url\":\"https:\\\/\\\/pmza.sk\\\/?page_id=49348\",\"name\":\"\u010casopis M\u00daZA - Pova\u017esk\u00e9 m\u00fazeum\",\"isPartOf\":{\"@id\":\"https:\\\/\\\/pmza.sk\\\/#website\"},\"primaryImageOfPage\":{\"@id\":\"https:\\\/\\\/pmza.sk\\\/?page_id=49348#primaryimage\"},\"image\":{\"@id\":\"https:\\\/\\\/pmza.sk\\\/?page_id=49348#primaryimage\"},\"thumbnailUrl\":\"https:\\\/\\\/pmza.sk\\\/wp-content\\\/uploads\\\/2025\\\/08\\\/Muza_2025_01_o-520x736.jpg\",\"datePublished\":\"2022-01-30T11:38:31+00:00\",\"dateModified\":\"2026-04-15T11:21:19+00:00\",\"breadcrumb\":{\"@id\":\"https:\\\/\\\/pmza.sk\\\/?page_id=49348#breadcrumb\"},\"inLanguage\":\"sk-SK\",\"potentialAction\":[{\"@type\":\"ReadAction\",\"target\":[\"https:\\\/\\\/pmza.sk\\\/?page_id=49348\"]}]},{\"@type\":\"ImageObject\",\"inLanguage\":\"sk-SK\",\"@id\":\"https:\\\/\\\/pmza.sk\\\/?page_id=49348#primaryimage\",\"url\":\"https:\\\/\\\/pmza.sk\\\/wp-content\\\/uploads\\\/2025\\\/08\\\/Muza_2025_01_o.jpg\",\"contentUrl\":\"https:\\\/\\\/pmza.sk\\\/wp-content\\\/uploads\\\/2025\\\/08\\\/Muza_2025_01_o.jpg\",\"width\":648,\"height\":917},{\"@type\":\"BreadcrumbList\",\"@id\":\"https:\\\/\\\/pmza.sk\\\/?page_id=49348#breadcrumb\",\"itemListElement\":[{\"@type\":\"ListItem\",\"position\":1,\"name\":\"Domovsk\u00e1 str\u00e1nka\",\"item\":\"https:\\\/\\\/pmza.sk\\\/\"},{\"@type\":\"ListItem\",\"position\":2,\"name\":\"\u010casopis M\u00daZA\"}]},{\"@type\":\"WebSite\",\"@id\":\"https:\\\/\\\/pmza.sk\\\/#website\",\"url\":\"https:\\\/\\\/pmza.sk\\\/\",\"name\":\"Pova\u017esk\u00e9 m\u00fazeum\",\"description\":\"Pova\u017esk\u00e9 m\u00fazeum v \u017diline je region\u00e1lne m\u00fazeum so s\u00eddlom v Budat\u00edne. Jeho expoz\u00edcie s\u00fa zameran\u00e9 na dejiny slovensk\u00e9ho umenia, kult\u00fary a dopravy.\",\"publisher\":{\"@id\":\"https:\\\/\\\/pmza.sk\\\/#organization\"},\"potentialAction\":[{\"@type\":\"SearchAction\",\"target\":{\"@type\":\"EntryPoint\",\"urlTemplate\":\"https:\\\/\\\/pmza.sk\\\/?s={search_term_string}\"},\"query-input\":{\"@type\":\"PropertyValueSpecification\",\"valueRequired\":true,\"valueName\":\"search_term_string\"}}],\"inLanguage\":\"sk-SK\"},{\"@type\":\"Organization\",\"@id\":\"https:\\\/\\\/pmza.sk\\\/#organization\",\"name\":\"Pova\u017esk\u00e9 m\u00fazeum\",\"url\":\"https:\\\/\\\/pmza.sk\\\/\",\"logo\":{\"@type\":\"ImageObject\",\"inLanguage\":\"sk-SK\",\"@id\":\"https:\\\/\\\/pmza.sk\\\/#\\\/schema\\\/logo\\\/image\\\/\",\"url\":\"https:\\\/\\\/pmza.sk\\\/wp-content\\\/uploads\\\/2022\\\/01\\\/logo_PM_horizontal.jpg\",\"contentUrl\":\"https:\\\/\\\/pmza.sk\\\/wp-content\\\/uploads\\\/2022\\\/01\\\/logo_PM_horizontal.jpg\",\"width\":231,\"height\":142,\"caption\":\"Pova\u017esk\u00e9 m\u00fazeum\"},\"image\":{\"@id\":\"https:\\\/\\\/pmza.sk\\\/#\\\/schema\\\/logo\\\/image\\\/\"},\"sameAs\":[\"https:\\\/\\\/www.facebook.com\\\/povazskemuzeum\",\"https:\\\/\\\/www.instagram.com\\\/povazskemuzeum\\\/\"]}]}<\/script>\n<!-- \/ Yoast SEO plugin. -->","yoast_head_json":{"title":"\u010casopis M\u00daZA - Pova\u017esk\u00e9 m\u00fazeum","robots":{"index":"index","follow":"follow","max-snippet":"max-snippet:-1","max-image-preview":"max-image-preview:large","max-video-preview":"max-video-preview:-1"},"canonical":"https:\/\/pmza.sk\/?page_id=49348","og_locale":"sk_SK","og_type":"article","og_title":"\u010casopis M\u00daZA - Pova\u017esk\u00e9 m\u00fazeum","og_description":"\u010casopis M\u00daZA M\u00daZA je elektronick\u00fd popul\u00e1rno-n\u00e1u\u010dn\u00fd \u010dasopis, ktor\u00fd vyd\u00e1va Pova\u017esk\u00e9 m\u00fazeum minim\u00e1lne jedenkr\u00e1t ro\u010dne. N\u00e1zov vznikol ako skratka slov M\u00daZEUM a \u017dILINA. Jeho cie\u013eom je \u0161irokej verejnosti pribli\u017eova\u0165 t\u00e9my z oblasti spolo\u010densk\u00fdch a pr\u00edrodn\u00fdch vied sp\u00e4t\u00e9 s okresmi \u017dilina a Byt\u010da (regi\u00f3n Horn\u00e9 Pova\u017eie) a z\u00e1rove\u0148 informova\u0165 aj o realizovan\u00fdch m\u00fazejn\u00fdch v\u00fdstav\u00e1ch, podujatiach, akvizi\u010dnej \u010di [&hellip;]","og_url":"https:\/\/pmza.sk\/?page_id=49348","og_site_name":"Pova\u017esk\u00e9 m\u00fazeum","article_publisher":"https:\/\/www.facebook.com\/povazskemuzeum","article_modified_time":"2026-04-15T11:21:19+00:00","og_image":[{"url":"https:\/\/pmza.sk\/wp-content\/uploads\/2025\/08\/Muza_2025_01_o-520x736.jpg","type":"","width":"","height":""}],"twitter_card":"summary_large_image","twitter_misc":{"Predpokladan\u00fd \u010das \u010d\u00edtania":"5 min\u00fat"},"schema":{"@context":"https:\/\/schema.org","@graph":[{"@type":"WebPage","@id":"https:\/\/pmza.sk\/?page_id=49348","url":"https:\/\/pmza.sk\/?page_id=49348","name":"\u010casopis M\u00daZA - Pova\u017esk\u00e9 m\u00fazeum","isPartOf":{"@id":"https:\/\/pmza.sk\/#website"},"primaryImageOfPage":{"@id":"https:\/\/pmza.sk\/?page_id=49348#primaryimage"},"image":{"@id":"https:\/\/pmza.sk\/?page_id=49348#primaryimage"},"thumbnailUrl":"https:\/\/pmza.sk\/wp-content\/uploads\/2025\/08\/Muza_2025_01_o-520x736.jpg","datePublished":"2022-01-30T11:38:31+00:00","dateModified":"2026-04-15T11:21:19+00:00","breadcrumb":{"@id":"https:\/\/pmza.sk\/?page_id=49348#breadcrumb"},"inLanguage":"sk-SK","potentialAction":[{"@type":"ReadAction","target":["https:\/\/pmza.sk\/?page_id=49348"]}]},{"@type":"ImageObject","inLanguage":"sk-SK","@id":"https:\/\/pmza.sk\/?page_id=49348#primaryimage","url":"https:\/\/pmza.sk\/wp-content\/uploads\/2025\/08\/Muza_2025_01_o.jpg","contentUrl":"https:\/\/pmza.sk\/wp-content\/uploads\/2025\/08\/Muza_2025_01_o.jpg","width":648,"height":917},{"@type":"BreadcrumbList","@id":"https:\/\/pmza.sk\/?page_id=49348#breadcrumb","itemListElement":[{"@type":"ListItem","position":1,"name":"Domovsk\u00e1 str\u00e1nka","item":"https:\/\/pmza.sk\/"},{"@type":"ListItem","position":2,"name":"\u010casopis M\u00daZA"}]},{"@type":"WebSite","@id":"https:\/\/pmza.sk\/#website","url":"https:\/\/pmza.sk\/","name":"Pova\u017esk\u00e9 m\u00fazeum","description":"Pova\u017esk\u00e9 m\u00fazeum v \u017diline je region\u00e1lne m\u00fazeum so s\u00eddlom v Budat\u00edne. Jeho expoz\u00edcie s\u00fa zameran\u00e9 na dejiny slovensk\u00e9ho umenia, kult\u00fary a dopravy.","publisher":{"@id":"https:\/\/pmza.sk\/#organization"},"potentialAction":[{"@type":"SearchAction","target":{"@type":"EntryPoint","urlTemplate":"https:\/\/pmza.sk\/?s={search_term_string}"},"query-input":{"@type":"PropertyValueSpecification","valueRequired":true,"valueName":"search_term_string"}}],"inLanguage":"sk-SK"},{"@type":"Organization","@id":"https:\/\/pmza.sk\/#organization","name":"Pova\u017esk\u00e9 m\u00fazeum","url":"https:\/\/pmza.sk\/","logo":{"@type":"ImageObject","inLanguage":"sk-SK","@id":"https:\/\/pmza.sk\/#\/schema\/logo\/image\/","url":"https:\/\/pmza.sk\/wp-content\/uploads\/2022\/01\/logo_PM_horizontal.jpg","contentUrl":"https:\/\/pmza.sk\/wp-content\/uploads\/2022\/01\/logo_PM_horizontal.jpg","width":231,"height":142,"caption":"Pova\u017esk\u00e9 m\u00fazeum"},"image":{"@id":"https:\/\/pmza.sk\/#\/schema\/logo\/image\/"},"sameAs":["https:\/\/www.facebook.com\/povazskemuzeum","https:\/\/www.instagram.com\/povazskemuzeum\/"]}]}},"_links":{"self":[{"href":"https:\/\/pmza.sk\/index.php?rest_route=\/wp\/v2\/pages\/49348","targetHints":{"allow":["GET"]}}],"collection":[{"href":"https:\/\/pmza.sk\/index.php?rest_route=\/wp\/v2\/pages"}],"about":[{"href":"https:\/\/pmza.sk\/index.php?rest_route=\/wp\/v2\/types\/page"}],"author":[{"embeddable":true,"href":"https:\/\/pmza.sk\/index.php?rest_route=\/wp\/v2\/users\/1"}],"replies":[{"embeddable":true,"href":"https:\/\/pmza.sk\/index.php?rest_route=%2Fwp%2Fv2%2Fcomments&post=49348"}],"version-history":[{"count":3,"href":"https:\/\/pmza.sk\/index.php?rest_route=\/wp\/v2\/pages\/49348\/revisions"}],"predecessor-version":[{"id":77283,"href":"https:\/\/pmza.sk\/index.php?rest_route=\/wp\/v2\/pages\/49348\/revisions\/77283"}],"wp:attachment":[{"href":"https:\/\/pmza.sk\/index.php?rest_route=%2Fwp%2Fv2%2Fmedia&parent=49348"}],"curies":[{"name":"wp","href":"https:\/\/api.w.org\/{rel}","templated":true}]}}