{"id":49350,"date":"2022-01-30T12:39:11","date_gmt":"2022-01-30T11:39:11","guid":{"rendered":"https:\/\/pmza.sk\/?page_id=49350"},"modified":"2024-01-15T12:53:47","modified_gmt":"2024-01-15T11:53:47","slug":"historia-muzea","status":"publish","type":"page","link":"https:\/\/pmza.sk\/?page_id=49350","title":{"rendered":"Hist\u00f3ria m\u00fazea"},"content":{"rendered":"\t\t<div data-elementor-type=\"wp-post\" data-elementor-id=\"49350\" class=\"elementor elementor-49350\">\n\t\t\t\t\t\t<section class=\"elementor-section elementor-top-section elementor-element elementor-element-688ad38 elementor-section-content-middle elementor-section-boxed elementor-section-height-default elementor-section-height-default\" data-id=\"688ad38\" data-element_type=\"section\" data-settings=\"{&quot;background_background&quot;:&quot;classic&quot;}\">\n\t\t\t\t\t\t\t<div class=\"elementor-background-overlay\"><\/div>\n\t\t\t\t\t\t\t<div class=\"elementor-container elementor-column-gap-no\">\n\t\t\t\t\t<div class=\"elementor-column elementor-col-100 elementor-top-column elementor-element elementor-element-148e58a\" data-id=\"148e58a\" data-element_type=\"column\">\n\t\t\t<div class=\"elementor-widget-wrap elementor-element-populated\">\n\t\t\t\t\t\t<div class=\"elementor-element elementor-element-d915ffa elementor-widget elementor-widget-heading\" data-id=\"d915ffa\" data-element_type=\"widget\" data-widget_type=\"heading.default\">\n\t\t\t\t<div class=\"elementor-widget-container\">\n\t\t\t\t\t<h1 class=\"elementor-heading-title elementor-size-default\">Hist\u00f3ria m\u00fazea<\/h1>\t\t\t\t<\/div>\n\t\t\t\t<\/div>\n\t\t\t\t\t<\/div>\n\t\t<\/div>\n\t\t\t\t\t<\/div>\n\t\t<\/section>\n\t\t\t\t<section class=\"elementor-section elementor-top-section elementor-element elementor-element-303906c elementor-section-content-top elementor-section-boxed elementor-section-height-default elementor-section-height-default\" data-id=\"303906c\" data-element_type=\"section\">\n\t\t\t\t\t\t<div class=\"elementor-container elementor-column-gap-no\">\n\t\t\t\t\t<div class=\"elementor-column elementor-col-50 elementor-top-column elementor-element elementor-element-79e7669\" data-id=\"79e7669\" data-element_type=\"column\">\n\t\t\t<div class=\"elementor-widget-wrap elementor-element-populated\">\n\t\t\t\t\t\t<div class=\"elementor-element elementor-element-f7cee20 elementor-widget elementor-widget-image\" data-id=\"f7cee20\" data-element_type=\"widget\" data-widget_type=\"image.default\">\n\t\t\t\t<div class=\"elementor-widget-container\">\n\t\t\t\t\t\t\t\t\t\t\t\t\t\t\t\t<a href=\"http:\/\/leafnet.sk\/projects\/pmza\/wp-content\/uploads\/2018\/05\/1-Uvod-Vlastivena-expozicia-prveho-zilinskeho-muzea-1.jpg\" data-elementor-open-lightbox=\"yes\" data-elementor-lightbox-title=\"1 \u00davod Vlastiven\u00e1 expoz\u00edcia prv\u00e9ho \u017eilinsk\u00e9ho m\u00fazea 1\" data-e-action-hash=\"#elementor-action%3Aaction%3Dlightbox%26settings%3DeyJpZCI6MjcxNTYsInVybCI6Imh0dHBzOlwvXC9wbXphLnNrXC93cC1jb250ZW50XC91cGxvYWRzXC8yMDE4XC8wNVwvMS1Vdm9kLVZsYXN0aXZlbmEtZXhwb3ppY2lhLXBydmVoby16aWxpbnNrZWhvLW11emVhLTEuanBnIn0%3D\">\n\t\t\t\t\t\t\t<img fetchpriority=\"high\" decoding=\"async\" width=\"647\" height=\"736\" src=\"https:\/\/pmza.sk\/wp-content\/uploads\/2018\/05\/1-Uvod-Vlastivena-expozicia-prveho-zilinskeho-muzea-1-647x736.jpg\" class=\"attachment-large size-large wp-image-27156\" alt=\"\" srcset=\"https:\/\/pmza.sk\/wp-content\/uploads\/2018\/05\/1-Uvod-Vlastivena-expozicia-prveho-zilinskeho-muzea-1-647x736.jpg 647w, https:\/\/pmza.sk\/wp-content\/uploads\/2018\/05\/1-Uvod-Vlastivena-expozicia-prveho-zilinskeho-muzea-1-317x360.jpg 317w, https:\/\/pmza.sk\/wp-content\/uploads\/2018\/05\/1-Uvod-Vlastivena-expozicia-prveho-zilinskeho-muzea-1-768x873.jpg 768w, https:\/\/pmza.sk\/wp-content\/uploads\/2018\/05\/1-Uvod-Vlastivena-expozicia-prveho-zilinskeho-muzea-1-1351x1536.jpg 1351w, https:\/\/pmza.sk\/wp-content\/uploads\/2018\/05\/1-Uvod-Vlastivena-expozicia-prveho-zilinskeho-muzea-1-600x682.jpg 600w, https:\/\/pmza.sk\/wp-content\/uploads\/2018\/05\/1-Uvod-Vlastivena-expozicia-prveho-zilinskeho-muzea-1.jpg 1772w\" sizes=\"(max-width: 647px) 100vw, 647px\" \/>\t\t\t\t\t\t\t\t<\/a>\n\t\t\t\t\t\t\t\t\t\t\t\t\t\t\t<\/div>\n\t\t\t\t<\/div>\n\t\t\t\t\t<\/div>\n\t\t<\/div>\n\t\t\t\t<div class=\"elementor-column elementor-col-50 elementor-top-column elementor-element elementor-element-7722645\" data-id=\"7722645\" data-element_type=\"column\">\n\t\t\t<div class=\"elementor-widget-wrap elementor-element-populated\">\n\t\t\t\t\t\t<div class=\"elementor-element elementor-element-511bd8a elementor-widget elementor-widget-text-editor\" data-id=\"511bd8a\" data-element_type=\"widget\" data-widget_type=\"text-editor.default\">\n\t\t\t\t<div class=\"elementor-widget-container\">\n\t\t\t\t\t\t\t\t\t<p>My\u0161lienka zalo\u017ei\u0165 v \u017diline m\u00fazeum vznikla na za\u010diatku 20. rokov 20. storo\u010dia a vyslovil ju b\u00fdval\u00fd starosta \u017diliny Ign\u00e1c Rada. My\u0161lienka v\u0161ak vtedy nena\u0161la pochopenie.<\/p><p>V roku 1935 sa vytvorila skupina priate\u013eov staro\u017eitnost\u00ed a dej\u00edn mesta, kam patrili napr. Vojtech Tvrd\u00fd a Eugen Medveck\u00fd. V roku 1936 sformovali Pr\u00edpravn\u00fd v\u00fdbor pre zalo\u017eenie M\u00fazea \u017diliny a okolia, av\u0161ak pre nedostatok financi\u00ed nedo\u0161lo k realiz\u00e1cii jeho z\u00e1merov.<\/p><p>V j\u00fali \u2013 auguste 1940 sa v obci Dlh\u00e9 Pole konala v\u00fdstava pod n\u00e1zvom \u201eV\u00fdstava drot\u00e1rstva a jeho n\u00e1rodopisu\u201c, ktorej autorom bol Karol Guleja. V\u00fdstava motivovala vtedy u\u017e starostu Vojtecha Tvrd\u00e9ho zalo\u017ei\u0165 spolo\u010dn\u00e9 drot\u00e1rske a mestsk\u00e9 m\u00fazeum.<\/p><p>J\u00fal 1942: M\u00fazeum \u017diliny a okolia bolo otvoren\u00e9 v\u00a0priestoroch radnice na Mari\u00e1nskom n\u00e1mest\u00ed v\u00a0\u017diline. Jeho kust\u00f3dom bol Eugen Medveck\u00fd.<\/p>\t\t\t\t\t\t\t\t<\/div>\n\t\t\t\t<\/div>\n\t\t\t\t\t<\/div>\n\t\t<\/div>\n\t\t\t\t\t<\/div>\n\t\t<\/section>\n\t\t\t\t<section class=\"elementor-section elementor-top-section elementor-element elementor-element-e0a2240 elementor-section-content-top elementor-section-boxed elementor-section-height-default elementor-section-height-default\" data-id=\"e0a2240\" data-element_type=\"section\">\n\t\t\t\t\t\t<div class=\"elementor-container elementor-column-gap-no\">\n\t\t\t\t\t<div class=\"elementor-column elementor-col-100 elementor-top-column elementor-element elementor-element-c1ad9d0\" data-id=\"c1ad9d0\" data-element_type=\"column\">\n\t\t\t<div class=\"elementor-widget-wrap elementor-element-populated\">\n\t\t\t\t\t\t<div class=\"elementor-element elementor-element-0fbc6a6 elementor-widget elementor-widget-text-editor\" data-id=\"0fbc6a6\" data-element_type=\"widget\" data-widget_type=\"text-editor.default\">\n\t\t\t\t<div class=\"elementor-widget-container\">\n\t\t\t\t\t\t\t\t\t<p>Po prechode sovietskeho frontu museli Medveck\u00fd i Tvrd\u00fd zo \u017diliny od\u00eds\u0165. M\u00fazeum nemalo zanieten\u00e9ho spr\u00e1vcu. V roku 1949 bolo Mestsk\u00e9 m\u00fazeum zru\u0161en\u00e9, zbierky uskladnen\u00e9 na povale radnice a zakr\u00e1tko (1953) premiestnen\u00e9 do ve\u017ee Budat\u00ednskeho hradu. V tomto obdob\u00ed bolo rozkradnut\u00fdch viacero vz\u00e1cnych zbierok.<\/p><p>V roku 1954 pri reorganiz\u00e1cii m\u00fazejn\u00edctva bolo v \u017diline ustanoven\u00e9 Krajsk\u00e9 m\u00fazeum \u017dilina so s\u00eddlom v Budat\u00ednskom hrade. Malo jedin\u00fa pracovn\u00ed\u010dku, histori\u010dku Vlastu Kristenov\u00fa (nesk\u00f4r pribudla e\u0161te jedna administrat\u00edvna sila). Kristenov\u00e1 za\u010dala v \u0165a\u017ek\u00fdch \u010dasoch znovubudova\u0165 m\u00fazeum: zalo\u017eila Vlastivedn\u00fd kr\u00fa\u017eok, kde sa obklopila z\u00e1ujemcami o pozn\u00e1vanie regi\u00f3nu. Za\u010dala rozv\u00edja\u0165 v\u00fdskumn\u00fa a predn\u00e1\u0161kov\u00fa \u010dinnos\u0165. Na hrade s\u00eddlila vojensk\u00e1 jednotka, ktor\u00e1 uvo\u013e\u0148ovala priestory pre m\u00fazeum len ve\u013emi pomaly. V roku 1956 za\u010dala pomal\u00e1 oprava hradu (za\u010dalo sa ve\u017eou) a v opraven\u00fdch priestoroch sa za\u010dali pripravova\u0165 v\u00fdstavy.<\/p><p>V roku 1957 bola na hrade in\u0161talovan\u00e1 prv\u00e1 v\u00fdstava Pr\u00edrastky m\u00fazea za roky 1955 \u2013 1957. V tomto roku tie\u017e Vlasta Kristenov\u00e1 zostavila prv\u00fd ro\u010dn\u00edk m\u00fazejn\u00e9ho zborn\u00edka pod n\u00e1zvom Vlastivedn\u00fd zborn\u00edk \u017dilinsk\u00e9ho kraja. Zborn\u00edk patril k najstar\u0161\u00edm vlastivedn\u00fdm periodik\u00e1m na Slovensku.<\/p><p>V tomto roku tie\u017e pribudli dvaja odborn\u00ed pracovn\u00edci \u2013 archeol\u00f3g Anton Petrovsk\u00fd-\u0160ichman a prepar\u00e1tor Karol Cengel, o rok nesk\u00f4r zool\u00f3g Andrej Stollmann, v roku 1959 geol\u00f3g \u013dubom\u00edr Viliam Prikryl, etnografka Magda Podhor\u0148\u00e1kov\u00e1 (nesk\u00f4r ju vystriedala Eva Munkov\u00e1) a historici Valeri\u00e1n Bystrick\u00fd a Du\u0161an Halaj. V\u010faka tomu sa rozbehla v\u00fdskumn\u00e1 \u010dinnos\u0165 na poli pr\u00edrodn\u00fdch i spolo\u010densk\u00fdch vied, vr\u00e1tane t\u00e9my drot\u00e1rstva \u010di hist\u00f3rie Budat\u00ednskeho panstva.<\/p><p>V roku 1960, zru\u0161en\u00edm \u017dilinsk\u00e9ho kraja, pre\u0161lo m\u00fazeum pod MsNV \u017dilina a zmenilo n\u00e1zov na Pova\u017esk\u00e9 m\u00fazeum. Jeho zbern\u00e1 oblas\u0165 bola vyt\u00fd\u010den\u00e1 okresmi \u017dilina, \u010cadca a Pova\u017esk\u00e1 Bystrica. Aj zborn\u00edk zmenil n\u00e1zov na Vlastivedn\u00fd zborn\u00edk Pova\u017eia.<\/p><p>MsNV pokra\u010doval v rekon\u0161trukcii hradu, \u010d\u00edm sa roz\u0161\u00edrili expozi\u010dn\u00e9 priestory m\u00fazea. In\u0161talovala sa tu aj pr\u00edrodovedn\u00e1 expoz\u00edcia, pri\u010dom pracovn\u00edci ju pripravili svojpomocne (zhotovenie vitr\u00edn, osvetlenia). Av\u0161ak pri\u013eahl\u00e9 budovy v are\u00e1li boli pridelen\u00e9 Vysokej \u0161kole dopravnej, stredo\u0161kolsk\u00e9mu intern\u00e1tu v s\u00fa\u010dasnej administrat\u00edvnej budove a Okresn\u00e9mu arch\u00edvu v \u017diline (kaplnka).<\/p>\t\t\t\t\t\t\t\t<\/div>\n\t\t\t\t<\/div>\n\t\t\t\t\t<\/div>\n\t\t<\/div>\n\t\t\t\t\t<\/div>\n\t\t<\/section>\n\t\t\t\t<section class=\"elementor-section elementor-top-section elementor-element elementor-element-d785919 elementor-section-content-top elementor-section-boxed elementor-section-height-default elementor-section-height-default\" data-id=\"d785919\" data-element_type=\"section\">\n\t\t\t\t\t\t<div class=\"elementor-container elementor-column-gap-no\">\n\t\t\t\t\t<div class=\"elementor-column elementor-col-50 elementor-top-column elementor-element elementor-element-e899a76\" data-id=\"e899a76\" data-element_type=\"column\">\n\t\t\t<div class=\"elementor-widget-wrap elementor-element-populated\">\n\t\t\t\t\t\t<div class=\"elementor-element elementor-element-31aa7c3 elementor-widget elementor-widget-text-editor\" data-id=\"31aa7c3\" data-element_type=\"widget\" data-widget_type=\"text-editor.default\">\n\t\t\t\t<div class=\"elementor-widget-container\">\n\t\t\t\t\t\t\t\t\t<p>K najv\u00e4\u010d\u0161\u00edm podujatiam svojho druhu patrila v\u00fdstava \u201e\u017dilina 650 rokov mestom\u201d in\u0161talovan\u00e1 na hrade. V s\u00favislosti s \u0148ou bol vydan\u00fd aj almanach \u017dilina v minulosti a dnes.<\/p><p><span style=\"font-size: 17px; color: var(--ast-global-color-3);\">V roku 1963 bola v starej \u0161kole v Terchovej in\u0161talovan\u00e1 Expoz\u00edcia \u013eudov\u00e9ho odboja a j\u00e1no\u0161\u00edkovskej trad\u00edcie.\u00a0<\/span><\/p><p><span style=\"font-size: 17px; color: var(--ast-global-color-3);\">O rok nesk\u00f4r bolo m\u00fazeum roz\u0161\u00edren\u00e9 o gal\u00e9riu a pod n\u00e1zvom Pova\u017esk\u00e9 m\u00fazeum a gal\u00e9ria bolo za\u010dlenen\u00e9 pod ONV.<\/span><\/p><p>V roku 1966 bola ukon\u010den\u00e1 prv\u00e1 rekon\u0161trukcia Radenovho domu v \u010ci\u010dmanoch, kde bola umiestnen\u00e1 n\u00e1rodopisn\u00e1 expoz\u00edcia.\u00a0<\/p><p><span style=\"font-size: 17px; color: var(--ast-global-color-3);\">V roku 1967 sa m\u00fazeum za\u010dalo zaobera\u0165 dejinami dopravy a to preraden\u00edm vy\u0161e 120 kusov zbierkov\u00fdch predmetov zo Slovensk\u00e9ho technick\u00e9ho m\u00fazea Ko\u0161ice.\u00a0<\/span><\/p>\t\t\t\t\t\t\t\t<\/div>\n\t\t\t\t<\/div>\n\t\t\t\t\t<\/div>\n\t\t<\/div>\n\t\t\t\t<div class=\"elementor-column elementor-col-50 elementor-top-column elementor-element elementor-element-9c57bfc\" data-id=\"9c57bfc\" data-element_type=\"column\">\n\t\t\t<div class=\"elementor-widget-wrap elementor-element-populated\">\n\t\t\t\t\t\t<div class=\"elementor-element elementor-element-c1ae311 elementor-widget elementor-widget-image\" data-id=\"c1ae311\" data-element_type=\"widget\" data-widget_type=\"image.default\">\n\t\t\t\t<div class=\"elementor-widget-container\">\n\t\t\t\t\t\t\t\t\t\t\t\t\t\t\t\t<a href=\"http:\/\/leafnet.sk\/projects\/pmza\/wp-content\/uploads\/2010\/06\/A-134961.jpg\" data-elementor-open-lightbox=\"yes\" data-elementor-lightbox-title=\"A-13496\" data-e-action-hash=\"#elementor-action%3Aaction%3Dlightbox%26settings%3DeyJpZCI6ODEzLCJ1cmwiOiJodHRwczpcL1wvcG16YS5za1wvd3AtY29udGVudFwvdXBsb2Fkc1wvMjAxMFwvMDZcL0EtMTM0OTYxLmpwZyJ9\">\n\t\t\t\t\t\t\t<img decoding=\"async\" width=\"756\" height=\"736\" src=\"https:\/\/pmza.sk\/wp-content\/uploads\/2010\/06\/A-134961-756x736.jpg\" class=\"attachment-large size-large wp-image-813\" alt=\"\" srcset=\"https:\/\/pmza.sk\/wp-content\/uploads\/2010\/06\/A-134961-756x736.jpg 756w, https:\/\/pmza.sk\/wp-content\/uploads\/2010\/06\/A-134961-600x584.jpg 600w, https:\/\/pmza.sk\/wp-content\/uploads\/2010\/06\/A-134961-370x360.jpg 370w, https:\/\/pmza.sk\/wp-content\/uploads\/2010\/06\/A-134961-768x748.jpg 768w, https:\/\/pmza.sk\/wp-content\/uploads\/2010\/06\/A-134961.jpg 789w\" sizes=\"(max-width: 756px) 100vw, 756px\" \/>\t\t\t\t\t\t\t\t<\/a>\n\t\t\t\t\t\t\t\t\t\t\t\t\t\t\t<\/div>\n\t\t\t\t<\/div>\n\t\t\t\t<div class=\"elementor-element elementor-element-2eb97a1 elementor-widget elementor-widget-heading\" data-id=\"2eb97a1\" data-element_type=\"widget\" data-widget_type=\"heading.default\">\n\t\t\t\t<div class=\"elementor-widget-container\">\n\t\t\t\t\t<p class=\"elementor-heading-title elementor-size-default\">Rekon\u0161trukcia hradu Budat\u00edn v 60. rokoch. Arch\u00edv PMZA<\/p>\t\t\t\t<\/div>\n\t\t\t\t<\/div>\n\t\t\t\t\t<\/div>\n\t\t<\/div>\n\t\t\t\t\t<\/div>\n\t\t<\/section>\n\t\t\t\t<section class=\"elementor-section elementor-top-section elementor-element elementor-element-b57e746 elementor-section-content-top elementor-section-boxed elementor-section-height-default elementor-section-height-default\" data-id=\"b57e746\" data-element_type=\"section\">\n\t\t\t\t\t\t<div class=\"elementor-container elementor-column-gap-no\">\n\t\t\t\t\t<div class=\"elementor-column elementor-col-100 elementor-top-column elementor-element elementor-element-25e3367\" data-id=\"25e3367\" data-element_type=\"column\">\n\t\t\t<div class=\"elementor-widget-wrap elementor-element-populated\">\n\t\t\t\t\t\t<div class=\"elementor-element elementor-element-3758b94 elementor-widget elementor-widget-text-editor\" data-id=\"3758b94\" data-element_type=\"widget\" data-widget_type=\"text-editor.default\">\n\t\t\t\t<div class=\"elementor-widget-container\">\n\t\t\t\t\t\t\t\t\t<ul><li style=\"font-size: 17px; font-style: normal; font-weight: 400;\"><span style=\"font-size: 17px; color: var(--ast-global-color-3);\">1968 \u2013 roz\u0161\u00edren\u00edm kapac\u00edt bolo m\u00fazeum rozdelen\u00e9 na dve oddelenia \u2013 pr\u00edrodovedn\u00e9 a spolo\u010denskovedn\u00e9<\/span><\/li><li style=\"font-size: 17px; font-style: normal; font-weight: 400;\">1969 <span style=\"font-size: 17px; color: var(--ast-global-color-3);\">\u2013 <\/span>bola schv\u00e1len\u00e1 koncepcia opravy parku v are\u00e1li hradu. Bolo tu zasaden\u00fdch vy\u0161e 1000 ru\u017e\u00ed. Ku komplexnej revitaliz\u00e1cii v\u0161ak nedo\u0161lo. Rein\u0161talovan\u00e1 bola drot\u00e1rska a pr\u00edrodovedn\u00e1 expoz\u00edcia, vo ve\u017ei zriadili mal\u00fa expoz\u00edciu hod\u00edn.<\/li><li>1976 <span style=\"font-size: 17px; color: var(--ast-global-color-3);\">\u2013<\/span> osamostatnila sa Pova\u017esk\u00e1 gal\u00e9ria umenia, m\u00fazeum sa vr\u00e1tilo k svojmu predch\u00e1dzaj\u00facemu n\u00e1zvu<\/li><li>1977 <span style=\"font-size: 17px; color: var(--ast-global-color-3);\">\u2013 v priestoroch <\/span>Budat\u00ednskeho hradu boli in\u0161talovan\u00e9 expoz\u00edcie Dejiny \u017diliny a Dobov\u00fd interi\u00e9r, ktor\u00e9 existovali a\u017e do roku 2006<\/li><li>1992 <span style=\"font-size: 17px; color: var(--ast-global-color-3);\">\u2013 <\/span>spr\u00edstupnili expoz\u00edciu Drot\u00e1rstvo v nezmenenej podobe pretrv\u00e1vaj\u00facu a\u017e do roku 2006<\/li><li>1995 \u2013 po ukon\u010den\u00ed konzerva\u010dn\u00fdch pr\u00e1c spr\u00edstupnili verejnosti Hrad Stre\u010dno<\/li><li>1996 \u2013 2001 \u2013 uskuto\u010dnila sa prestavba b\u00fdvalej koniarne, kam boli pres\u0165ahovan\u00e9 kancel\u00e1rie pracovn\u00edkov m\u00fazea a kni\u017enica<\/li><li>2002 \u2013 m\u00fazeum pre\u0161lo zo zria\u010fovate\u013eskej p\u00f4sobnosti Krajsk\u00e9ho \u00faradu v \u017diline do p\u00f4sobnosti novozriaden\u00e9ho \u017dilinsk\u00e9ho samospr\u00e1vneho kraja<\/li><li>2006 \u2013 z technick\u00fdch pr\u00ed\u010din bol Budat\u00ednsky hrad pre verejnos\u0165 uzatvoren\u00fd<\/li><li>2013 \u2013 za\u010dala sa rekon\u0161trukcia ve\u017ee, striech a podkrov\u00ed Budat\u00ednskeho hradu<\/li><li>2014 \u2013 otvoren\u00e9 bolo m\u00fazeum dopravy v Rajeck\u00fdch Tepliciach ako 6. expoz\u00edcia m\u00fazea. Zrekon\u0161truovan\u00e1 ve\u017ea Budat\u00ednskeho hradu bola spr\u00edstupnen\u00e1 verejnosti.<\/li><li>2015 \u2013 za\u010dala sa rekon\u0161trukcia hradnej kaplnky<\/li><li>2016 \u2013 otvoren\u00e9 zrekon\u0161truovan\u00e9 3. nadzemn\u00e9 podla\u017eie Budat\u00ednskeho hradu s obnoven\u00fdmi expoz\u00edciami a kaplnka<\/li><li>2018 \u2013 rekon\u0161trukcia hospod\u00e1rskej budovy a vytvorenie samostatnej drot\u00e1rskej expoz\u00edcie<\/li><li>2019 \u2013 spr\u00edstupnenie Drot\u00e1rskeho pavil\u00f3nu verejnosti<\/li><li>2019 \u2013 otvoren\u00e9 zrekon\u0161truovan\u00e9 2. nadzemn\u00e9 podla\u017eie hradu s archeologickou v\u00fdstavou Pred hradbami, za hradbami<\/li><li>2021 \u2013 Pova\u017esk\u00e9 m\u00fazeum v \u017diline zmenilo n\u00e1zov na Pova\u017esk\u00e9 m\u00fazeum<\/li><\/ul>\t\t\t\t\t\t\t\t<\/div>\n\t\t\t\t<\/div>\n\t\t\t\t\t<\/div>\n\t\t<\/div>\n\t\t\t\t\t<\/div>\n\t\t<\/section>\n\t\t\t\t<\/div>\n\t\t","protected":false},"excerpt":{"rendered":"<p>Hist\u00f3ria m\u00fazea My\u0161lienka zalo\u017ei\u0165 v \u017diline m\u00fazeum vznikla na za\u010diatku 20. rokov 20. storo\u010dia a vyslovil ju b\u00fdval\u00fd starosta \u017diliny Ign\u00e1c Rada. My\u0161lienka v\u0161ak vtedy nena\u0161la pochopenie. V roku 1935 sa vytvorila skupina priate\u013eov staro\u017eitnost\u00ed a dej\u00edn mesta, kam patrili napr. Vojtech Tvrd\u00fd a Eugen Medveck\u00fd. V roku 1936 sformovali Pr\u00edpravn\u00fd v\u00fdbor pre zalo\u017eenie M\u00fazea [&hellip;]<\/p>\n","protected":false},"author":1,"featured_media":0,"parent":0,"menu_order":46,"comment_status":"closed","ping_status":"closed","template":"","meta":{"site-sidebar-layout":"no-sidebar","site-content-layout":"page-builder","ast-site-content-layout":"","site-content-style":"default","site-sidebar-style":"default","ast-global-header-display":"","ast-banner-title-visibility":"","ast-main-header-display":"","ast-hfb-above-header-display":"","ast-hfb-below-header-display":"","ast-hfb-mobile-header-display":"","site-post-title":"disabled","ast-breadcrumbs-content":"","ast-featured-img":"disabled","footer-sml-layout":"","theme-transparent-header-meta":"enabled","adv-header-id-meta":"","stick-header-meta":"","header-above-stick-meta":"","header-main-stick-meta":"","header-below-stick-meta":"","astra-migrate-meta-layouts":"default","ast-page-background-enabled":"default","ast-page-background-meta":{"desktop":{"background-color":"var(--ast-global-color-4)","background-image":"","background-repeat":"repeat","background-position":"center center","background-size":"auto","background-attachment":"scroll","background-type":"","background-media":"","overlay-type":"","overlay-color":"","overlay-opacity":"","overlay-gradient":""},"tablet":{"background-color":"","background-image":"","background-repeat":"repeat","background-position":"center center","background-size":"auto","background-attachment":"scroll","background-type":"","background-media":"","overlay-type":"","overlay-color":"","overlay-opacity":"","overlay-gradient":""},"mobile":{"background-color":"","background-image":"","background-repeat":"repeat","background-position":"center center","background-size":"auto","background-attachment":"scroll","background-type":"","background-media":"","overlay-type":"","overlay-color":"","overlay-opacity":"","overlay-gradient":""}},"ast-content-background-meta":{"desktop":{"background-color":"var(--ast-global-color-5)","background-image":"","background-repeat":"repeat","background-position":"center center","background-size":"auto","background-attachment":"scroll","background-type":"","background-media":"","overlay-type":"","overlay-color":"","overlay-opacity":"","overlay-gradient":""},"tablet":{"background-color":"var(--ast-global-color-5)","background-image":"","background-repeat":"repeat","background-position":"center center","background-size":"auto","background-attachment":"scroll","background-type":"","background-media":"","overlay-type":"","overlay-color":"","overlay-opacity":"","overlay-gradient":""},"mobile":{"background-color":"var(--ast-global-color-5)","background-image":"","background-repeat":"repeat","background-position":"center center","background-size":"auto","background-attachment":"scroll","background-type":"","background-media":"","overlay-type":"","overlay-color":"","overlay-opacity":"","overlay-gradient":""}},"footnotes":""},"class_list":["post-49350","page","type-page","status-publish","hentry"],"yoast_head":"<!-- This site is optimized with the Yoast SEO plugin v27.4 - https:\/\/yoast.com\/product\/yoast-seo-wordpress\/ -->\n<title>Hist\u00f3ria m\u00fazea - Pova\u017esk\u00e9 m\u00fazeum<\/title>\n<meta name=\"robots\" content=\"index, follow, max-snippet:-1, max-image-preview:large, max-video-preview:-1\" \/>\n<link rel=\"canonical\" href=\"https:\/\/pmza.sk\/?page_id=49350\" \/>\n<meta property=\"og:locale\" content=\"sk_SK\" \/>\n<meta property=\"og:type\" content=\"article\" \/>\n<meta property=\"og:title\" content=\"Hist\u00f3ria m\u00fazea - Pova\u017esk\u00e9 m\u00fazeum\" \/>\n<meta property=\"og:description\" content=\"Hist\u00f3ria m\u00fazea My\u0161lienka zalo\u017ei\u0165 v \u017diline m\u00fazeum vznikla na za\u010diatku 20. rokov 20. storo\u010dia a vyslovil ju b\u00fdval\u00fd starosta \u017diliny Ign\u00e1c Rada. My\u0161lienka v\u0161ak vtedy nena\u0161la pochopenie. V roku 1935 sa vytvorila skupina priate\u013eov staro\u017eitnost\u00ed a dej\u00edn mesta, kam patrili napr. Vojtech Tvrd\u00fd a Eugen Medveck\u00fd. V roku 1936 sformovali Pr\u00edpravn\u00fd v\u00fdbor pre zalo\u017eenie M\u00fazea [&hellip;]\" \/>\n<meta property=\"og:url\" content=\"https:\/\/pmza.sk\/?page_id=49350\" \/>\n<meta property=\"og:site_name\" content=\"Pova\u017esk\u00e9 m\u00fazeum\" \/>\n<meta property=\"article:publisher\" content=\"https:\/\/www.facebook.com\/povazskemuzeum\" \/>\n<meta property=\"article:modified_time\" content=\"2024-01-15T11:53:47+00:00\" \/>\n<meta property=\"og:image\" content=\"https:\/\/pmza.sk\/wp-content\/uploads\/2018\/05\/1-Uvod-Vlastivena-expozicia-prveho-zilinskeho-muzea-1-647x736.jpg\" \/>\n<meta name=\"twitter:card\" content=\"summary_large_image\" \/>\n<meta name=\"twitter:label1\" content=\"Predpokladan\u00fd \u010das \u010d\u00edtania\" \/>\n\t<meta name=\"twitter:data1\" content=\"5 min\u00fat\" \/>\n<script type=\"application\/ld+json\" class=\"yoast-schema-graph\">{\"@context\":\"https:\\\/\\\/schema.org\",\"@graph\":[{\"@type\":\"WebPage\",\"@id\":\"https:\\\/\\\/pmza.sk\\\/?page_id=49350\",\"url\":\"https:\\\/\\\/pmza.sk\\\/?page_id=49350\",\"name\":\"Hist\u00f3ria m\u00fazea - Pova\u017esk\u00e9 m\u00fazeum\",\"isPartOf\":{\"@id\":\"https:\\\/\\\/pmza.sk\\\/#website\"},\"primaryImageOfPage\":{\"@id\":\"https:\\\/\\\/pmza.sk\\\/?page_id=49350#primaryimage\"},\"image\":{\"@id\":\"https:\\\/\\\/pmza.sk\\\/?page_id=49350#primaryimage\"},\"thumbnailUrl\":\"https:\\\/\\\/pmza.sk\\\/wp-content\\\/uploads\\\/2018\\\/05\\\/1-Uvod-Vlastivena-expozicia-prveho-zilinskeho-muzea-1-647x736.jpg\",\"datePublished\":\"2022-01-30T11:39:11+00:00\",\"dateModified\":\"2024-01-15T11:53:47+00:00\",\"breadcrumb\":{\"@id\":\"https:\\\/\\\/pmza.sk\\\/?page_id=49350#breadcrumb\"},\"inLanguage\":\"sk-SK\",\"potentialAction\":[{\"@type\":\"ReadAction\",\"target\":[\"https:\\\/\\\/pmza.sk\\\/?page_id=49350\"]}]},{\"@type\":\"ImageObject\",\"inLanguage\":\"sk-SK\",\"@id\":\"https:\\\/\\\/pmza.sk\\\/?page_id=49350#primaryimage\",\"url\":\"https:\\\/\\\/pmza.sk\\\/wp-content\\\/uploads\\\/2018\\\/05\\\/1-Uvod-Vlastivena-expozicia-prveho-zilinskeho-muzea-1.jpg\",\"contentUrl\":\"https:\\\/\\\/pmza.sk\\\/wp-content\\\/uploads\\\/2018\\\/05\\\/1-Uvod-Vlastivena-expozicia-prveho-zilinskeho-muzea-1.jpg\",\"width\":1772,\"height\":2015},{\"@type\":\"BreadcrumbList\",\"@id\":\"https:\\\/\\\/pmza.sk\\\/?page_id=49350#breadcrumb\",\"itemListElement\":[{\"@type\":\"ListItem\",\"position\":1,\"name\":\"Domovsk\u00e1 str\u00e1nka\",\"item\":\"https:\\\/\\\/pmza.sk\\\/\"},{\"@type\":\"ListItem\",\"position\":2,\"name\":\"Hist\u00f3ria m\u00fazea\"}]},{\"@type\":\"WebSite\",\"@id\":\"https:\\\/\\\/pmza.sk\\\/#website\",\"url\":\"https:\\\/\\\/pmza.sk\\\/\",\"name\":\"Pova\u017esk\u00e9 m\u00fazeum\",\"description\":\"Pova\u017esk\u00e9 m\u00fazeum v \u017diline je region\u00e1lne m\u00fazeum so s\u00eddlom v Budat\u00edne. Jeho expoz\u00edcie s\u00fa zameran\u00e9 na dejiny slovensk\u00e9ho umenia, kult\u00fary a dopravy.\",\"publisher\":{\"@id\":\"https:\\\/\\\/pmza.sk\\\/#organization\"},\"potentialAction\":[{\"@type\":\"SearchAction\",\"target\":{\"@type\":\"EntryPoint\",\"urlTemplate\":\"https:\\\/\\\/pmza.sk\\\/?s={search_term_string}\"},\"query-input\":{\"@type\":\"PropertyValueSpecification\",\"valueRequired\":true,\"valueName\":\"search_term_string\"}}],\"inLanguage\":\"sk-SK\"},{\"@type\":\"Organization\",\"@id\":\"https:\\\/\\\/pmza.sk\\\/#organization\",\"name\":\"Pova\u017esk\u00e9 m\u00fazeum\",\"url\":\"https:\\\/\\\/pmza.sk\\\/\",\"logo\":{\"@type\":\"ImageObject\",\"inLanguage\":\"sk-SK\",\"@id\":\"https:\\\/\\\/pmza.sk\\\/#\\\/schema\\\/logo\\\/image\\\/\",\"url\":\"https:\\\/\\\/pmza.sk\\\/wp-content\\\/uploads\\\/2022\\\/01\\\/logo_PM_horizontal.jpg\",\"contentUrl\":\"https:\\\/\\\/pmza.sk\\\/wp-content\\\/uploads\\\/2022\\\/01\\\/logo_PM_horizontal.jpg\",\"width\":231,\"height\":142,\"caption\":\"Pova\u017esk\u00e9 m\u00fazeum\"},\"image\":{\"@id\":\"https:\\\/\\\/pmza.sk\\\/#\\\/schema\\\/logo\\\/image\\\/\"},\"sameAs\":[\"https:\\\/\\\/www.facebook.com\\\/povazskemuzeum\",\"https:\\\/\\\/www.instagram.com\\\/povazskemuzeum\\\/\"]}]}<\/script>\n<!-- \/ Yoast SEO plugin. -->","yoast_head_json":{"title":"Hist\u00f3ria m\u00fazea - Pova\u017esk\u00e9 m\u00fazeum","robots":{"index":"index","follow":"follow","max-snippet":"max-snippet:-1","max-image-preview":"max-image-preview:large","max-video-preview":"max-video-preview:-1"},"canonical":"https:\/\/pmza.sk\/?page_id=49350","og_locale":"sk_SK","og_type":"article","og_title":"Hist\u00f3ria m\u00fazea - Pova\u017esk\u00e9 m\u00fazeum","og_description":"Hist\u00f3ria m\u00fazea My\u0161lienka zalo\u017ei\u0165 v \u017diline m\u00fazeum vznikla na za\u010diatku 20. rokov 20. storo\u010dia a vyslovil ju b\u00fdval\u00fd starosta \u017diliny Ign\u00e1c Rada. My\u0161lienka v\u0161ak vtedy nena\u0161la pochopenie. V roku 1935 sa vytvorila skupina priate\u013eov staro\u017eitnost\u00ed a dej\u00edn mesta, kam patrili napr. Vojtech Tvrd\u00fd a Eugen Medveck\u00fd. V roku 1936 sformovali Pr\u00edpravn\u00fd v\u00fdbor pre zalo\u017eenie M\u00fazea [&hellip;]","og_url":"https:\/\/pmza.sk\/?page_id=49350","og_site_name":"Pova\u017esk\u00e9 m\u00fazeum","article_publisher":"https:\/\/www.facebook.com\/povazskemuzeum","article_modified_time":"2024-01-15T11:53:47+00:00","og_image":[{"url":"https:\/\/pmza.sk\/wp-content\/uploads\/2018\/05\/1-Uvod-Vlastivena-expozicia-prveho-zilinskeho-muzea-1-647x736.jpg","type":"","width":"","height":""}],"twitter_card":"summary_large_image","twitter_misc":{"Predpokladan\u00fd \u010das \u010d\u00edtania":"5 min\u00fat"},"schema":{"@context":"https:\/\/schema.org","@graph":[{"@type":"WebPage","@id":"https:\/\/pmza.sk\/?page_id=49350","url":"https:\/\/pmza.sk\/?page_id=49350","name":"Hist\u00f3ria m\u00fazea - Pova\u017esk\u00e9 m\u00fazeum","isPartOf":{"@id":"https:\/\/pmza.sk\/#website"},"primaryImageOfPage":{"@id":"https:\/\/pmza.sk\/?page_id=49350#primaryimage"},"image":{"@id":"https:\/\/pmza.sk\/?page_id=49350#primaryimage"},"thumbnailUrl":"https:\/\/pmza.sk\/wp-content\/uploads\/2018\/05\/1-Uvod-Vlastivena-expozicia-prveho-zilinskeho-muzea-1-647x736.jpg","datePublished":"2022-01-30T11:39:11+00:00","dateModified":"2024-01-15T11:53:47+00:00","breadcrumb":{"@id":"https:\/\/pmza.sk\/?page_id=49350#breadcrumb"},"inLanguage":"sk-SK","potentialAction":[{"@type":"ReadAction","target":["https:\/\/pmza.sk\/?page_id=49350"]}]},{"@type":"ImageObject","inLanguage":"sk-SK","@id":"https:\/\/pmza.sk\/?page_id=49350#primaryimage","url":"https:\/\/pmza.sk\/wp-content\/uploads\/2018\/05\/1-Uvod-Vlastivena-expozicia-prveho-zilinskeho-muzea-1.jpg","contentUrl":"https:\/\/pmza.sk\/wp-content\/uploads\/2018\/05\/1-Uvod-Vlastivena-expozicia-prveho-zilinskeho-muzea-1.jpg","width":1772,"height":2015},{"@type":"BreadcrumbList","@id":"https:\/\/pmza.sk\/?page_id=49350#breadcrumb","itemListElement":[{"@type":"ListItem","position":1,"name":"Domovsk\u00e1 str\u00e1nka","item":"https:\/\/pmza.sk\/"},{"@type":"ListItem","position":2,"name":"Hist\u00f3ria m\u00fazea"}]},{"@type":"WebSite","@id":"https:\/\/pmza.sk\/#website","url":"https:\/\/pmza.sk\/","name":"Pova\u017esk\u00e9 m\u00fazeum","description":"Pova\u017esk\u00e9 m\u00fazeum v \u017diline je region\u00e1lne m\u00fazeum so s\u00eddlom v Budat\u00edne. Jeho expoz\u00edcie s\u00fa zameran\u00e9 na dejiny slovensk\u00e9ho umenia, kult\u00fary a dopravy.","publisher":{"@id":"https:\/\/pmza.sk\/#organization"},"potentialAction":[{"@type":"SearchAction","target":{"@type":"EntryPoint","urlTemplate":"https:\/\/pmza.sk\/?s={search_term_string}"},"query-input":{"@type":"PropertyValueSpecification","valueRequired":true,"valueName":"search_term_string"}}],"inLanguage":"sk-SK"},{"@type":"Organization","@id":"https:\/\/pmza.sk\/#organization","name":"Pova\u017esk\u00e9 m\u00fazeum","url":"https:\/\/pmza.sk\/","logo":{"@type":"ImageObject","inLanguage":"sk-SK","@id":"https:\/\/pmza.sk\/#\/schema\/logo\/image\/","url":"https:\/\/pmza.sk\/wp-content\/uploads\/2022\/01\/logo_PM_horizontal.jpg","contentUrl":"https:\/\/pmza.sk\/wp-content\/uploads\/2022\/01\/logo_PM_horizontal.jpg","width":231,"height":142,"caption":"Pova\u017esk\u00e9 m\u00fazeum"},"image":{"@id":"https:\/\/pmza.sk\/#\/schema\/logo\/image\/"},"sameAs":["https:\/\/www.facebook.com\/povazskemuzeum","https:\/\/www.instagram.com\/povazskemuzeum\/"]}]}},"_links":{"self":[{"href":"https:\/\/pmza.sk\/index.php?rest_route=\/wp\/v2\/pages\/49350","targetHints":{"allow":["GET"]}}],"collection":[{"href":"https:\/\/pmza.sk\/index.php?rest_route=\/wp\/v2\/pages"}],"about":[{"href":"https:\/\/pmza.sk\/index.php?rest_route=\/wp\/v2\/types\/page"}],"author":[{"embeddable":true,"href":"https:\/\/pmza.sk\/index.php?rest_route=\/wp\/v2\/users\/1"}],"replies":[{"embeddable":true,"href":"https:\/\/pmza.sk\/index.php?rest_route=%2Fwp%2Fv2%2Fcomments&post=49350"}],"version-history":[{"count":0,"href":"https:\/\/pmza.sk\/index.php?rest_route=\/wp\/v2\/pages\/49350\/revisions"}],"wp:attachment":[{"href":"https:\/\/pmza.sk\/index.php?rest_route=%2Fwp%2Fv2%2Fmedia&parent=49350"}],"curies":[{"name":"wp","href":"https:\/\/api.w.org\/{rel}","templated":true}]}}