{"id":49352,"date":"2022-01-30T12:39:38","date_gmt":"2022-01-30T11:39:38","guid":{"rendered":"https:\/\/pmza.sk\/?page_id=49352"},"modified":"2024-01-15T12:55:28","modified_gmt":"2024-01-15T11:55:28","slug":"veda-a-vyskum","status":"publish","type":"page","link":"https:\/\/pmza.sk\/?page_id=49352","title":{"rendered":"Veda a v\u00fdskum"},"content":{"rendered":"\t\t<div data-elementor-type=\"wp-post\" data-elementor-id=\"49352\" class=\"elementor elementor-49352\">\n\t\t\t\t\t\t<section class=\"elementor-section elementor-top-section elementor-element elementor-element-688ad38 elementor-section-content-middle elementor-section-boxed elementor-section-height-default elementor-section-height-default\" data-id=\"688ad38\" data-element_type=\"section\" data-settings=\"{&quot;background_background&quot;:&quot;classic&quot;}\">\n\t\t\t\t\t\t\t<div class=\"elementor-background-overlay\"><\/div>\n\t\t\t\t\t\t\t<div class=\"elementor-container elementor-column-gap-no\">\n\t\t\t\t\t<div class=\"elementor-column elementor-col-100 elementor-top-column elementor-element elementor-element-148e58a\" data-id=\"148e58a\" data-element_type=\"column\">\n\t\t\t<div class=\"elementor-widget-wrap elementor-element-populated\">\n\t\t\t\t\t\t<div class=\"elementor-element elementor-element-d915ffa elementor-widget elementor-widget-heading\" data-id=\"d915ffa\" data-element_type=\"widget\" data-widget_type=\"heading.default\">\n\t\t\t\t<div class=\"elementor-widget-container\">\n\t\t\t\t\t<h1 class=\"elementor-heading-title elementor-size-default\">Veda a v\u00fdskum<\/h1>\t\t\t\t<\/div>\n\t\t\t\t<\/div>\n\t\t\t\t\t<\/div>\n\t\t<\/div>\n\t\t\t\t\t<\/div>\n\t\t<\/section>\n\t\t\t\t<section class=\"elementor-section elementor-top-section elementor-element elementor-element-303906c elementor-section-content-top elementor-section-boxed elementor-section-height-default elementor-section-height-default\" data-id=\"303906c\" data-element_type=\"section\">\n\t\t\t\t\t\t<div class=\"elementor-container elementor-column-gap-no\">\n\t\t\t\t\t<div class=\"elementor-column elementor-col-100 elementor-top-column elementor-element elementor-element-79e7669\" data-id=\"79e7669\" data-element_type=\"column\">\n\t\t\t<div class=\"elementor-widget-wrap elementor-element-populated\">\n\t\t\t\t\t\t<div class=\"elementor-element elementor-element-b98fe74 elementor-widget elementor-widget-text-editor\" data-id=\"b98fe74\" data-element_type=\"widget\" data-widget_type=\"text-editor.default\">\n\t\t\t\t<div class=\"elementor-widget-container\">\n\t\t\t\t\t\t\t\t\t<p>Ministerstvo \u0161kolstva, vedy, v\u00fdskumu a\u00a0\u0161portu vydalo Pova\u017esk\u00e9mu m\u00fazeu v\u00a0\u017diline na z\u00e1klade publikovan\u00fdch v\u00fdsledkov vedeckej pr\u00e1ce, eduka\u010dn\u00fdch a\u00a0prezenta\u010dn\u00fdch aktiv\u00edt, ktor\u00e9 posudzovala hodnotite\u013esk\u00e1 komisia zlo\u017een\u00e1 z\u00a0odborn\u00edkov r\u00f4znych vedn\u00fdch discipl\u00edn, osved\u010denie o\u00a0sp\u00f4sobilosti vykon\u00e1va\u0165 vedu a\u00a0v\u00fdskum.<\/p><p><em>\u201eVeda a v\u00fdskum v\u017edy mali, a maj\u00fa i dnes, v\u00a0na\u0161om m\u00fazeu pevn\u00e9 miesto. V\u00fdsledky mnoh\u00fdch v\u00fdskumov s\u00fa prij\u00edman\u00e9 vedeckou obcou s uznan\u00edm, o \u010dom sved\u010dia desiatky odborn\u00fdch \u010dl\u00e1nkov a \u0161t\u00fadi\u00ed publikovan\u00fdch v odborn\u00fdch periodik\u00e1ch a vedeck\u00fdch monografi\u00e1ch. Dlhoro\u010dn\u00e1, systematick\u00e1 a svedomit\u00e1 v\u00fdskumn\u00e1 pr\u00e1ca poslednej gener\u00e1cie m\u00fazejn\u00edkov bola v uplynul\u00fdch d\u0148och korunovan\u00e1 \u00faspechom,\u201c<\/em>\u00a0uviedol riadite\u013e PMZA Michal Jureck\u00fd.<\/p><p>Pova\u017esk\u00e9 m\u00fazeum v\u00a0\u017diline sa ziskom osved\u010denia zaradilo medzi etablovan\u00e9 vedeck\u00e9 a\u00a0vzdel\u00e1vacie in\u0161tit\u00facie na Slovensku. V najbli\u017e\u0161\u00edch \u0161iestich rokoch sa m\u00f4\u017ee v\u010faka tomu uch\u00e1dza\u0165 o priame dot\u00e1cie svojich v\u00fdskumn\u00fdch projektov prostredn\u00edctvom Agent\u00fary na podporu v\u00fdskumu a v\u00fdvoja (APVV). Otv\u00e1ra sa tak jedine\u010dn\u00e1 pr\u00edle\u017eitos\u0165 sta\u0165 sa integr\u00e1lnou a\u00a0plnohodnotnou s\u00fa\u010das\u0165ou modernej svetovej vedy.<\/p><p>Vedn\u00e9 odbory, zast\u00fapen\u00e9 v Pova\u017eskom m\u00fazeu v \u017diline, sa \u00faspe\u0161ne rozv\u00edjali u\u017e koncom p\u00e4\u0165desiatych rokov minul\u00e9ho storo\u010dia. Vtedaj\u0161ie pr\u00edrodovedn\u00e9 oddelenie sa akt\u00edvne zap\u00e1jalo do multidisciplin\u00e1rnych v\u00fdskumov, po\u010das ktor\u00fdch vtedaj\u0161\u00ed pracovn\u00edci tohto oddelenia spolupracovali s popredn\u00fdmi vedeck\u00fdmi in\u0161tit\u00faciami vtedaj\u0161ieho \u010ceskoslovenska. Podobne aj archeol\u00f3govia u\u017e v tomto obdob\u00ed nadviazali \u00fazku spolupr\u00e1cu s Archeologick\u00fdm \u00fastavom v Nitre, ktor\u00e1 \u00faspe\u0161ne pokra\u010duje dodnes. Historick\u00e9 vedy a\u00a0etnol\u00f3gia so zameran\u00edm na drot\u00e1rstvo sa v\u00a0na\u0161om m\u00fazeu \u00faspe\u0161ne rozv\u00edjali taktie\u017e v\u010faka mnohostrannej spolupr\u00e1ci s\u00a0podobne zameran\u00fdmi in\u0161tit\u00faciami nielen doma, ale aj v zahrani\u010d\u00ed.<\/p><p><strong><a href=\"https:\/\/pmza.sk\/wp-content\/uploads\/2018\/01\/Osved%C4%8Denie-o-sp%C3%B4sobilosti-vykon%C3%A1va%C5%A5-vedu-a-v%C3%BDskum.pdf\">Akredit\u00e1cia \u2013 Osved\u010denie o sp\u00f4sobilosti vykon\u00e1va\u0165 vedu a v\u00fdskum (PDF)<\/a><\/strong><\/p>\t\t\t\t\t\t\t\t<\/div>\n\t\t\t\t<\/div>\n\t\t\t\t\t<\/div>\n\t\t<\/div>\n\t\t\t\t\t<\/div>\n\t\t<\/section>\n\t\t\t\t<\/div>\n\t\t","protected":false},"excerpt":{"rendered":"<p>Veda a v\u00fdskum Ministerstvo \u0161kolstva, vedy, v\u00fdskumu a\u00a0\u0161portu vydalo Pova\u017esk\u00e9mu m\u00fazeu v\u00a0\u017diline na z\u00e1klade publikovan\u00fdch v\u00fdsledkov vedeckej pr\u00e1ce, eduka\u010dn\u00fdch a\u00a0prezenta\u010dn\u00fdch aktiv\u00edt, ktor\u00e9 posudzovala hodnotite\u013esk\u00e1 komisia zlo\u017een\u00e1 z\u00a0odborn\u00edkov r\u00f4znych vedn\u00fdch discipl\u00edn, osved\u010denie o\u00a0sp\u00f4sobilosti vykon\u00e1va\u0165 vedu a\u00a0v\u00fdskum. \u201eVeda a v\u00fdskum v\u017edy mali, a maj\u00fa i dnes, v\u00a0na\u0161om m\u00fazeu pevn\u00e9 miesto. V\u00fdsledky mnoh\u00fdch v\u00fdskumov s\u00fa prij\u00edman\u00e9 vedeckou obcou [&hellip;]<\/p>\n","protected":false},"author":1,"featured_media":0,"parent":0,"menu_order":90,"comment_status":"closed","ping_status":"closed","template":"","meta":{"site-sidebar-layout":"no-sidebar","site-content-layout":"page-builder","ast-site-content-layout":"","site-content-style":"default","site-sidebar-style":"default","ast-global-header-display":"","ast-banner-title-visibility":"","ast-main-header-display":"","ast-hfb-above-header-display":"","ast-hfb-below-header-display":"","ast-hfb-mobile-header-display":"","site-post-title":"disabled","ast-breadcrumbs-content":"","ast-featured-img":"disabled","footer-sml-layout":"","theme-transparent-header-meta":"enabled","adv-header-id-meta":"","stick-header-meta":"","header-above-stick-meta":"","header-main-stick-meta":"","header-below-stick-meta":"","astra-migrate-meta-layouts":"default","ast-page-background-enabled":"default","ast-page-background-meta":{"desktop":{"background-color":"var(--ast-global-color-4)","background-image":"","background-repeat":"repeat","background-position":"center center","background-size":"auto","background-attachment":"scroll","background-type":"","background-media":"","overlay-type":"","overlay-color":"","overlay-opacity":"","overlay-gradient":""},"tablet":{"background-color":"","background-image":"","background-repeat":"repeat","background-position":"center center","background-size":"auto","background-attachment":"scroll","background-type":"","background-media":"","overlay-type":"","overlay-color":"","overlay-opacity":"","overlay-gradient":""},"mobile":{"background-color":"","background-image":"","background-repeat":"repeat","background-position":"center center","background-size":"auto","background-attachment":"scroll","background-type":"","background-media":"","overlay-type":"","overlay-color":"","overlay-opacity":"","overlay-gradient":""}},"ast-content-background-meta":{"desktop":{"background-color":"var(--ast-global-color-5)","background-image":"","background-repeat":"repeat","background-position":"center center","background-size":"auto","background-attachment":"scroll","background-type":"","background-media":"","overlay-type":"","overlay-color":"","overlay-opacity":"","overlay-gradient":""},"tablet":{"background-color":"var(--ast-global-color-5)","background-image":"","background-repeat":"repeat","background-position":"center center","background-size":"auto","background-attachment":"scroll","background-type":"","background-media":"","overlay-type":"","overlay-color":"","overlay-opacity":"","overlay-gradient":""},"mobile":{"background-color":"var(--ast-global-color-5)","background-image":"","background-repeat":"repeat","background-position":"center center","background-size":"auto","background-attachment":"scroll","background-type":"","background-media":"","overlay-type":"","overlay-color":"","overlay-opacity":"","overlay-gradient":""}},"footnotes":""},"class_list":["post-49352","page","type-page","status-publish","hentry"],"yoast_head":"<!-- This site is optimized with the Yoast SEO plugin v27.4 - https:\/\/yoast.com\/product\/yoast-seo-wordpress\/ -->\n<title>Veda a v\u00fdskum - Pova\u017esk\u00e9 m\u00fazeum<\/title>\n<meta name=\"robots\" content=\"index, follow, max-snippet:-1, max-image-preview:large, max-video-preview:-1\" \/>\n<link rel=\"canonical\" href=\"https:\/\/pmza.sk\/?page_id=49352\" \/>\n<meta property=\"og:locale\" content=\"sk_SK\" \/>\n<meta property=\"og:type\" content=\"article\" \/>\n<meta property=\"og:title\" content=\"Veda a v\u00fdskum - Pova\u017esk\u00e9 m\u00fazeum\" \/>\n<meta property=\"og:description\" content=\"Veda a v\u00fdskum Ministerstvo \u0161kolstva, vedy, v\u00fdskumu a\u00a0\u0161portu vydalo Pova\u017esk\u00e9mu m\u00fazeu v\u00a0\u017diline na z\u00e1klade publikovan\u00fdch v\u00fdsledkov vedeckej pr\u00e1ce, eduka\u010dn\u00fdch a\u00a0prezenta\u010dn\u00fdch aktiv\u00edt, ktor\u00e9 posudzovala hodnotite\u013esk\u00e1 komisia zlo\u017een\u00e1 z\u00a0odborn\u00edkov r\u00f4znych vedn\u00fdch discipl\u00edn, osved\u010denie o\u00a0sp\u00f4sobilosti vykon\u00e1va\u0165 vedu a\u00a0v\u00fdskum. \u201eVeda a v\u00fdskum v\u017edy mali, a maj\u00fa i dnes, v\u00a0na\u0161om m\u00fazeu pevn\u00e9 miesto. V\u00fdsledky mnoh\u00fdch v\u00fdskumov s\u00fa prij\u00edman\u00e9 vedeckou obcou [&hellip;]\" \/>\n<meta property=\"og:url\" content=\"https:\/\/pmza.sk\/?page_id=49352\" \/>\n<meta property=\"og:site_name\" content=\"Pova\u017esk\u00e9 m\u00fazeum\" \/>\n<meta property=\"article:publisher\" content=\"https:\/\/www.facebook.com\/povazskemuzeum\" \/>\n<meta property=\"article:modified_time\" content=\"2024-01-15T11:55:28+00:00\" \/>\n<meta name=\"twitter:card\" content=\"summary_large_image\" \/>\n<meta name=\"twitter:label1\" content=\"Predpokladan\u00fd \u010das \u010d\u00edtania\" \/>\n\t<meta name=\"twitter:data1\" content=\"2 min\u00faty\" \/>\n<script type=\"application\/ld+json\" class=\"yoast-schema-graph\">{\"@context\":\"https:\\\/\\\/schema.org\",\"@graph\":[{\"@type\":\"WebPage\",\"@id\":\"https:\\\/\\\/pmza.sk\\\/?page_id=49352\",\"url\":\"https:\\\/\\\/pmza.sk\\\/?page_id=49352\",\"name\":\"Veda a v\u00fdskum - Pova\u017esk\u00e9 m\u00fazeum\",\"isPartOf\":{\"@id\":\"https:\\\/\\\/pmza.sk\\\/#website\"},\"datePublished\":\"2022-01-30T11:39:38+00:00\",\"dateModified\":\"2024-01-15T11:55:28+00:00\",\"breadcrumb\":{\"@id\":\"https:\\\/\\\/pmza.sk\\\/?page_id=49352#breadcrumb\"},\"inLanguage\":\"sk-SK\",\"potentialAction\":[{\"@type\":\"ReadAction\",\"target\":[\"https:\\\/\\\/pmza.sk\\\/?page_id=49352\"]}]},{\"@type\":\"BreadcrumbList\",\"@id\":\"https:\\\/\\\/pmza.sk\\\/?page_id=49352#breadcrumb\",\"itemListElement\":[{\"@type\":\"ListItem\",\"position\":1,\"name\":\"Domovsk\u00e1 str\u00e1nka\",\"item\":\"https:\\\/\\\/pmza.sk\\\/\"},{\"@type\":\"ListItem\",\"position\":2,\"name\":\"Veda a v\u00fdskum\"}]},{\"@type\":\"WebSite\",\"@id\":\"https:\\\/\\\/pmza.sk\\\/#website\",\"url\":\"https:\\\/\\\/pmza.sk\\\/\",\"name\":\"Pova\u017esk\u00e9 m\u00fazeum\",\"description\":\"Pova\u017esk\u00e9 m\u00fazeum v \u017diline je region\u00e1lne m\u00fazeum so s\u00eddlom v Budat\u00edne. Jeho expoz\u00edcie s\u00fa zameran\u00e9 na dejiny slovensk\u00e9ho umenia, kult\u00fary a dopravy.\",\"publisher\":{\"@id\":\"https:\\\/\\\/pmza.sk\\\/#organization\"},\"potentialAction\":[{\"@type\":\"SearchAction\",\"target\":{\"@type\":\"EntryPoint\",\"urlTemplate\":\"https:\\\/\\\/pmza.sk\\\/?s={search_term_string}\"},\"query-input\":{\"@type\":\"PropertyValueSpecification\",\"valueRequired\":true,\"valueName\":\"search_term_string\"}}],\"inLanguage\":\"sk-SK\"},{\"@type\":\"Organization\",\"@id\":\"https:\\\/\\\/pmza.sk\\\/#organization\",\"name\":\"Pova\u017esk\u00e9 m\u00fazeum\",\"url\":\"https:\\\/\\\/pmza.sk\\\/\",\"logo\":{\"@type\":\"ImageObject\",\"inLanguage\":\"sk-SK\",\"@id\":\"https:\\\/\\\/pmza.sk\\\/#\\\/schema\\\/logo\\\/image\\\/\",\"url\":\"https:\\\/\\\/pmza.sk\\\/wp-content\\\/uploads\\\/2022\\\/01\\\/logo_PM_horizontal.jpg\",\"contentUrl\":\"https:\\\/\\\/pmza.sk\\\/wp-content\\\/uploads\\\/2022\\\/01\\\/logo_PM_horizontal.jpg\",\"width\":231,\"height\":142,\"caption\":\"Pova\u017esk\u00e9 m\u00fazeum\"},\"image\":{\"@id\":\"https:\\\/\\\/pmza.sk\\\/#\\\/schema\\\/logo\\\/image\\\/\"},\"sameAs\":[\"https:\\\/\\\/www.facebook.com\\\/povazskemuzeum\",\"https:\\\/\\\/www.instagram.com\\\/povazskemuzeum\\\/\"]}]}<\/script>\n<!-- \/ Yoast SEO plugin. -->","yoast_head_json":{"title":"Veda a v\u00fdskum - Pova\u017esk\u00e9 m\u00fazeum","robots":{"index":"index","follow":"follow","max-snippet":"max-snippet:-1","max-image-preview":"max-image-preview:large","max-video-preview":"max-video-preview:-1"},"canonical":"https:\/\/pmza.sk\/?page_id=49352","og_locale":"sk_SK","og_type":"article","og_title":"Veda a v\u00fdskum - Pova\u017esk\u00e9 m\u00fazeum","og_description":"Veda a v\u00fdskum Ministerstvo \u0161kolstva, vedy, v\u00fdskumu a\u00a0\u0161portu vydalo Pova\u017esk\u00e9mu m\u00fazeu v\u00a0\u017diline na z\u00e1klade publikovan\u00fdch v\u00fdsledkov vedeckej pr\u00e1ce, eduka\u010dn\u00fdch a\u00a0prezenta\u010dn\u00fdch aktiv\u00edt, ktor\u00e9 posudzovala hodnotite\u013esk\u00e1 komisia zlo\u017een\u00e1 z\u00a0odborn\u00edkov r\u00f4znych vedn\u00fdch discipl\u00edn, osved\u010denie o\u00a0sp\u00f4sobilosti vykon\u00e1va\u0165 vedu a\u00a0v\u00fdskum. \u201eVeda a v\u00fdskum v\u017edy mali, a maj\u00fa i dnes, v\u00a0na\u0161om m\u00fazeu pevn\u00e9 miesto. V\u00fdsledky mnoh\u00fdch v\u00fdskumov s\u00fa prij\u00edman\u00e9 vedeckou obcou [&hellip;]","og_url":"https:\/\/pmza.sk\/?page_id=49352","og_site_name":"Pova\u017esk\u00e9 m\u00fazeum","article_publisher":"https:\/\/www.facebook.com\/povazskemuzeum","article_modified_time":"2024-01-15T11:55:28+00:00","twitter_card":"summary_large_image","twitter_misc":{"Predpokladan\u00fd \u010das \u010d\u00edtania":"2 min\u00faty"},"schema":{"@context":"https:\/\/schema.org","@graph":[{"@type":"WebPage","@id":"https:\/\/pmza.sk\/?page_id=49352","url":"https:\/\/pmza.sk\/?page_id=49352","name":"Veda a v\u00fdskum - Pova\u017esk\u00e9 m\u00fazeum","isPartOf":{"@id":"https:\/\/pmza.sk\/#website"},"datePublished":"2022-01-30T11:39:38+00:00","dateModified":"2024-01-15T11:55:28+00:00","breadcrumb":{"@id":"https:\/\/pmza.sk\/?page_id=49352#breadcrumb"},"inLanguage":"sk-SK","potentialAction":[{"@type":"ReadAction","target":["https:\/\/pmza.sk\/?page_id=49352"]}]},{"@type":"BreadcrumbList","@id":"https:\/\/pmza.sk\/?page_id=49352#breadcrumb","itemListElement":[{"@type":"ListItem","position":1,"name":"Domovsk\u00e1 str\u00e1nka","item":"https:\/\/pmza.sk\/"},{"@type":"ListItem","position":2,"name":"Veda a v\u00fdskum"}]},{"@type":"WebSite","@id":"https:\/\/pmza.sk\/#website","url":"https:\/\/pmza.sk\/","name":"Pova\u017esk\u00e9 m\u00fazeum","description":"Pova\u017esk\u00e9 m\u00fazeum v \u017diline je region\u00e1lne m\u00fazeum so s\u00eddlom v Budat\u00edne. Jeho expoz\u00edcie s\u00fa zameran\u00e9 na dejiny slovensk\u00e9ho umenia, kult\u00fary a dopravy.","publisher":{"@id":"https:\/\/pmza.sk\/#organization"},"potentialAction":[{"@type":"SearchAction","target":{"@type":"EntryPoint","urlTemplate":"https:\/\/pmza.sk\/?s={search_term_string}"},"query-input":{"@type":"PropertyValueSpecification","valueRequired":true,"valueName":"search_term_string"}}],"inLanguage":"sk-SK"},{"@type":"Organization","@id":"https:\/\/pmza.sk\/#organization","name":"Pova\u017esk\u00e9 m\u00fazeum","url":"https:\/\/pmza.sk\/","logo":{"@type":"ImageObject","inLanguage":"sk-SK","@id":"https:\/\/pmza.sk\/#\/schema\/logo\/image\/","url":"https:\/\/pmza.sk\/wp-content\/uploads\/2022\/01\/logo_PM_horizontal.jpg","contentUrl":"https:\/\/pmza.sk\/wp-content\/uploads\/2022\/01\/logo_PM_horizontal.jpg","width":231,"height":142,"caption":"Pova\u017esk\u00e9 m\u00fazeum"},"image":{"@id":"https:\/\/pmza.sk\/#\/schema\/logo\/image\/"},"sameAs":["https:\/\/www.facebook.com\/povazskemuzeum","https:\/\/www.instagram.com\/povazskemuzeum\/"]}]}},"_links":{"self":[{"href":"https:\/\/pmza.sk\/index.php?rest_route=\/wp\/v2\/pages\/49352","targetHints":{"allow":["GET"]}}],"collection":[{"href":"https:\/\/pmza.sk\/index.php?rest_route=\/wp\/v2\/pages"}],"about":[{"href":"https:\/\/pmza.sk\/index.php?rest_route=\/wp\/v2\/types\/page"}],"author":[{"embeddable":true,"href":"https:\/\/pmza.sk\/index.php?rest_route=\/wp\/v2\/users\/1"}],"replies":[{"embeddable":true,"href":"https:\/\/pmza.sk\/index.php?rest_route=%2Fwp%2Fv2%2Fcomments&post=49352"}],"version-history":[{"count":0,"href":"https:\/\/pmza.sk\/index.php?rest_route=\/wp\/v2\/pages\/49352\/revisions"}],"wp:attachment":[{"href":"https:\/\/pmza.sk\/index.php?rest_route=%2Fwp%2Fv2%2Fmedia&parent=49352"}],"curies":[{"name":"wp","href":"https:\/\/api.w.org\/{rel}","templated":true}]}}