{"id":49356,"date":"2022-01-30T12:40:41","date_gmt":"2022-01-30T11:40:41","guid":{"rendered":"https:\/\/pmza.sk\/?page_id=49356"},"modified":"2026-04-15T13:14:35","modified_gmt":"2026-04-15T11:14:35","slug":"vzp","status":"publish","type":"page","link":"https:\/\/pmza.sk\/?page_id=49356","title":{"rendered":"Vlastivedn\u00fd zborn\u00edk Pova\u017eia"},"content":{"rendered":"\t\t<div data-elementor-type=\"wp-post\" data-elementor-id=\"49356\" class=\"elementor elementor-49356\">\n\t\t\t\t\t\t<section class=\"elementor-section elementor-top-section elementor-element elementor-element-688ad38 elementor-section-content-middle elementor-section-boxed elementor-section-height-default elementor-section-height-default\" data-id=\"688ad38\" data-element_type=\"section\" data-settings=\"{&quot;background_background&quot;:&quot;classic&quot;}\">\n\t\t\t\t\t\t\t<div class=\"elementor-background-overlay\"><\/div>\n\t\t\t\t\t\t\t<div class=\"elementor-container elementor-column-gap-no\">\n\t\t\t\t\t<div class=\"elementor-column elementor-col-100 elementor-top-column elementor-element elementor-element-148e58a\" data-id=\"148e58a\" data-element_type=\"column\">\n\t\t\t<div class=\"elementor-widget-wrap elementor-element-populated\">\n\t\t\t\t\t\t<div class=\"elementor-element elementor-element-d915ffa elementor-widget elementor-widget-heading\" data-id=\"d915ffa\" data-element_type=\"widget\" data-widget_type=\"heading.default\">\n\t\t\t\t<div class=\"elementor-widget-container\">\n\t\t\t\t\t<h1 class=\"elementor-heading-title elementor-size-default\">Vlastivedn\u00fd zborn\u00edk Pova\u017eia<\/h1>\t\t\t\t<\/div>\n\t\t\t\t<\/div>\n\t\t\t\t\t<\/div>\n\t\t<\/div>\n\t\t\t\t\t<\/div>\n\t\t<\/section>\n\t\t\t\t<section class=\"elementor-section elementor-top-section elementor-element elementor-element-303906c elementor-section-content-top elementor-section-boxed elementor-section-height-default elementor-section-height-default\" data-id=\"303906c\" data-element_type=\"section\">\n\t\t\t\t\t\t<div class=\"elementor-container elementor-column-gap-no\">\n\t\t\t\t\t<div class=\"elementor-column elementor-col-100 elementor-top-column elementor-element elementor-element-79e7669\" data-id=\"79e7669\" data-element_type=\"column\">\n\t\t\t<div class=\"elementor-widget-wrap elementor-element-populated\">\n\t\t\t\t\t\t<div class=\"elementor-element elementor-element-b98fe74 elementor-widget elementor-widget-text-editor\" data-id=\"b98fe74\" data-element_type=\"widget\" data-widget_type=\"text-editor.default\">\n\t\t\t\t<div class=\"elementor-widget-container\">\n\t\t\t\t\t\t\t\t\t<p style=\"text-align: center;\">Vlastivedn\u00fd zborn\u00edk Pova\u017eia je dom\u00e1ci recenzovan\u00fd vedeck\u00fd zborn\u00edk, ktor\u00fd uverej\u0148uje v\u00fdsledky v\u00fdskumov v oblasti spolo\u010densk\u00fdch a pr\u00edrodn\u00fdch vied v regi\u00f3ne Horn\u00e9ho Pova\u017eia (okresy \u017dilina a Byt\u010da). Je pokra\u010dovan\u00edm Vlastivedn\u00e9ho sborn\u00edka \u017dilinsk\u00e9ho kraja I \u2013 III (1958 \u2013 1959), Vlastivedn\u00e9ho sborn\u00edka Pova\u017eia IV \u2013 VIII (1961 \u2013 1966) a Vlastivedn\u00e9ho zborn\u00edka Pova\u017eia IX \u2013 XXXI (1968 \u2013 2023).<\/p>\n<p style=\"text-align: center;\">Vych\u00e1dza 1 x za 2 roky spravidla v 4. \u0161tvr\u0165roku.<\/p>\t\t\t\t\t\t\t\t<\/div>\n\t\t\t\t<\/div>\n\t\t\t\t\t<\/div>\n\t\t<\/div>\n\t\t\t\t\t<\/div>\n\t\t<\/section>\n\t\t\t\t<section class=\"elementor-section elementor-top-section elementor-element elementor-element-0b5cb85 elementor-section-boxed elementor-section-height-default elementor-section-height-default\" data-id=\"0b5cb85\" data-element_type=\"section\">\n\t\t\t\t\t\t<div class=\"elementor-container elementor-column-gap-default\">\n\t\t\t\t\t<div class=\"elementor-column elementor-col-100 elementor-top-column elementor-element elementor-element-21bfe19\" data-id=\"21bfe19\" data-element_type=\"column\">\n\t\t\t<div class=\"elementor-widget-wrap elementor-element-populated\">\n\t\t\t\t\t\t<div class=\"elementor-element elementor-element-1f3d17b elementor-widget elementor-widget-spacer\" data-id=\"1f3d17b\" data-element_type=\"widget\" data-widget_type=\"spacer.default\">\n\t\t\t\t<div class=\"elementor-widget-container\">\n\t\t\t\t\t\t\t<div class=\"elementor-spacer\">\n\t\t\t<div class=\"elementor-spacer-inner\"><\/div>\n\t\t<\/div>\n\t\t\t\t\t\t<\/div>\n\t\t\t\t<\/div>\n\t\t\t\t\t<\/div>\n\t\t<\/div>\n\t\t\t\t\t<\/div>\n\t\t<\/section>\n\t\t\t\t<section class=\"elementor-section elementor-top-section elementor-element elementor-element-822b20d elementor-section-boxed elementor-section-height-default elementor-section-height-default\" data-id=\"822b20d\" data-element_type=\"section\">\n\t\t\t\t\t\t<div class=\"elementor-container elementor-column-gap-default\">\n\t\t\t\t\t<div class=\"elementor-column elementor-col-100 elementor-top-column elementor-element elementor-element-85b7ee3\" data-id=\"85b7ee3\" data-element_type=\"column\">\n\t\t\t<div class=\"elementor-widget-wrap elementor-element-populated\">\n\t\t\t\t\t\t<div class=\"elementor-element elementor-element-cc1aa1c elementor-align-center elementor-widget elementor-widget-button\" data-id=\"cc1aa1c\" data-element_type=\"widget\" data-widget_type=\"button.default\">\n\t\t\t\t<div class=\"elementor-widget-container\">\n\t\t\t\t\t\t\t\t\t<div class=\"elementor-button-wrapper\">\n\t\t\t\t\t<a class=\"elementor-button elementor-button-link elementor-size-sm\" href=\"https:\/\/pmza.sk\/?post_type=product\">\n\t\t\t\t\t\t<span class=\"elementor-button-content-wrapper\">\n\t\t\t\t\t\t\t\t\t<span class=\"elementor-button-text\">PREDAJN\u00c9 VYDANIA VLASTIVEDN\u00c9HO ZBORN\u00cdKA POVA\u017dIA <br>(E-SHOP)<\/span>\n\t\t\t\t\t<\/span>\n\t\t\t\t\t<\/a>\n\t\t\t\t<\/div>\n\t\t\t\t\t\t\t\t<\/div>\n\t\t\t\t<\/div>\n\t\t\t\t<div class=\"elementor-element elementor-element-53a8c18 elementor-widget elementor-widget-spacer\" data-id=\"53a8c18\" data-element_type=\"widget\" data-widget_type=\"spacer.default\">\n\t\t\t\t<div class=\"elementor-widget-container\">\n\t\t\t\t\t\t\t<div class=\"elementor-spacer\">\n\t\t\t<div class=\"elementor-spacer-inner\"><\/div>\n\t\t<\/div>\n\t\t\t\t\t\t<\/div>\n\t\t\t\t<\/div>\n\t\t\t\t\t<\/div>\n\t\t<\/div>\n\t\t\t\t\t<\/div>\n\t\t<\/section>\n\t\t\t\t<section class=\"elementor-section elementor-top-section elementor-element elementor-element-2358fc9 elementor-section-boxed elementor-section-height-default elementor-section-height-default\" data-id=\"2358fc9\" data-element_type=\"section\">\n\t\t\t\t\t\t<div class=\"elementor-container elementor-column-gap-default\">\n\t\t\t\t\t<div class=\"elementor-column elementor-col-100 elementor-top-column elementor-element elementor-element-4335382\" data-id=\"4335382\" data-element_type=\"column\">\n\t\t\t<div class=\"elementor-widget-wrap elementor-element-populated\">\n\t\t\t\t\t\t<div class=\"elementor-element elementor-element-c9522fb elementor-widget elementor-widget-heading\" data-id=\"c9522fb\" data-element_type=\"widget\" data-widget_type=\"heading.default\">\n\t\t\t\t<div class=\"elementor-widget-container\">\n\t\t\t\t\t<h2 class=\"elementor-heading-title elementor-size-default\"><span style=\"font-size: 2rem;font-style: normal;font-weight: 400\">Obsah jednotliv\u00fdch zborn\u00edkov<\/span><\/h2>\t\t\t\t<\/div>\n\t\t\t\t<\/div>\n\t\t\t\t<div class=\"elementor-element elementor-element-65365ba elementor-widget elementor-widget-eael-adv-accordion\" data-id=\"65365ba\" data-element_type=\"widget\" data-widget_type=\"eael-adv-accordion.default\">\n\t\t\t\t<div class=\"elementor-widget-container\">\n\t\t\t\t\t            <div class=\"eael-adv-accordion\" id=\"eael-adv-accordion-65365ba\" data-scroll-on-click=\"no\" data-scroll-speed=\"300\" data-accordion-id=\"65365ba\" data-accordion-type=\"accordion\" data-toogle-speed=\"300\">\n            <div class=\"eael-accordion-list\">\n\t\t\t\t\t<div id=\"vlastivedn-sbornk-ilinskho-kraja-i-1957\" class=\"elementor-tab-title eael-accordion-header\" tabindex=\"0\" data-tab=\"1\" aria-controls=\"elementor-tab-content-1061\"><span class=\"eael-advanced-accordion-icon-closed\"><i aria-hidden=\"true\" class=\"fa-accordion-icon fas fa-plus\"><\/i><\/span><span class=\"eael-advanced-accordion-icon-opened\"><i aria-hidden=\"true\" class=\"fa-accordion-icon fas fa-minus\"><\/i><\/span><span class=\"eael-accordion-tab-title\">VLASTIVEDN\u00dd SBORN\u00cdK \u017dILINSK\u00c9HO KRAJA I - 1957<\/span><i aria-hidden=\"true\" class=\"fa-toggle fas fa-angle-right\"><\/i><\/div><div id=\"elementor-tab-content-1061\" class=\"eael-accordion-content clearfix\" data-tab=\"1\" aria-labelledby=\"vlastivedn-sbornk-ilinskho-kraja-i-1957\"><p><a href=\"https:\/\/ekniznice.cvtisr.sk\/view\/uuid:cb554430-a8c1-4c62-8f80-5222c31cf983?page=uuid:d6726891-1900-4a79-963e-e3d9596aaba3\" target=\"_blank\" rel=\"noopener\">ELEKTRONICK\u00dd ZDROJ<\/a><\/p><p>Obsah:<\/p><p>Huska, Miroslav A. : \u00davodom<br \/>Petrovsk\u00fd-\u0160ichman, A. : \u017dilinsk\u00fd kraj v praveku<\/p><p>KRISTENOV\u00c1, V.: Po\u010diatky mesta \u017diliny a jeho v\u00fdvin v dobe feudalizmu (do 16. storo\u010dia). In: Vlastivedn\u00fd sborn\u00edk \u017dilinsk\u00e9ho kraja I. Martin: Osveta, 1957, s. 33 \u2013 46.\u00a0<\/p><p>\u017dABKAY, Arno\u0161t: Dejiny \u017diliny v dobe rozkladu feudalizmu. In: Vlastivedn\u00fd sborn\u00edk \u017dilinsk\u00e9ho kraja I. Martin: Osveta, 1957, str. 47 \u2013 63. <br \/>Huska, Miroslav A.: Pr\u00edspevok k dejin\u00e1m farbiarstva v Liptove<\/p><p>S p r \u00e1 v y<br \/>Z hist\u00f3rie a \u010dinnosti Krajsk\u00e9ho m\u00fazea v \u017diline<br \/>Slovensk\u00e9 n\u00e1rodn\u00e9 m\u00fazeum v Martine<br \/>Z \u010dinnosti Liptovsk\u00e9ho m\u00fazea v Ru\u017eomberku<br \/>Vznik a \u010dinnos\u0165 m\u00fazea v Ru\u017eomberku<br \/>Vznik a \u010dinnos\u0165 M\u00fazea P.O.Hviezdoslava<br \/>Z hist\u00f3rie Oravsk\u00e9ho m\u00fazea<br \/>Obraz\u00e1re\u0148 Petra Michala Boh\u00fa\u0148a<br \/>Adapt\u00e1cia Budat\u00ednskeho z\u00e1mku pre Krajsk\u00e9 m\u00fazeum v \u017diline<br \/>Niektor\u00e9 vz\u00e1cnej\u0161ie pr\u00edrastky Krajsk\u00e9ho m\u00fazea<br \/>Vlastivedn\u00fd kr\u00fa\u017eok pri Krajskom m\u00fazeu v \u017diline<br \/>In memoriam Etely Hegyovej, rodenej Mr\u00e1zovej<\/p><\/div>\n\t\t\t\t\t<\/div><div class=\"eael-accordion-list\">\n\t\t\t\t\t<div id=\"vlastivedn-sbornk-ilinskho-kraja-ii-1959\" class=\"elementor-tab-title eael-accordion-header\" tabindex=\"0\" data-tab=\"2\" aria-controls=\"elementor-tab-content-1062\"><span class=\"eael-advanced-accordion-icon-closed\"><i aria-hidden=\"true\" class=\"fa-accordion-icon fas fa-plus\"><\/i><\/span><span class=\"eael-advanced-accordion-icon-opened\"><i aria-hidden=\"true\" class=\"fa-accordion-icon fas fa-minus\"><\/i><\/span><span class=\"eael-accordion-tab-title\">VLASTIVEDN\u00dd SBORN\u00cdK \u017dILINSK\u00c9HO KRAJA II - 1959<\/span><i aria-hidden=\"true\" class=\"fa-toggle fas fa-angle-right\"><\/i><\/div><div id=\"elementor-tab-content-1062\" class=\"eael-accordion-content clearfix\" data-tab=\"2\" aria-labelledby=\"vlastivedn-sbornk-ilinskho-kraja-ii-1959\"><p><a href=\"https:\/\/ekniznice.cvtisr.sk\/view\/uuid:cb554430-a8c1-4c62-8f80-5222c31cf983?page=uuid:d6726891-1900-4a79-963e-e3d9596aaba3\">ELEKTRONICK\u00dd ZDROJ<\/a><\/p><p>Obsah:<\/p><p>Kavkov\u00e1, Anna: Z nov\u0161\u00edch dej\u00edn mesta \u017dilina<br \/>Mlyn\u00e1rik, J\u00e1n: Robotn\u00edcke hnutie \u017dilinsk\u00e9ho kraja v rokoch 1929-1934<br \/>Huska, Miroslav A.: Ord\u00e1lie a \u010darodejn\u00edcke procesy v na\u0161om kraji za feudalizmu<br \/>\u010caplovi\u010d, Pavol: Z praveku Oravy<br \/>Huska, Miroslav A.: Star\u00e9 formy \u013eudov\u00e9ho lie\u010denia v Liptove<br \/>H\u00e9grov\u00e1, Elena: 90 rokov Hviezdoslavov\u00fdch b\u00e1snick\u00fdch Prvosienok<br \/>Rafaj, Emil: Starostlivos\u0165 o kult\u00farne pamiatky v \u017dilinskom kraji<\/p><p>S p r \u00e1 v y<br \/>V\u00fdskum hradi\u0161tn\u00e9ho s\u00eddliska Dedovec v Pova\u017eskej Bystrici<br \/>Str\u00e1nske pleso<br \/>Spr\u00e1va o \u010dinnosti M\u00fazea revolu\u010dnej tla\u010de Klementa Gottwalda vo Vr\u00fatkach za r. l957<br \/>Pr\u00e1ca Krajsk\u00e9ho m\u00fazea v \u017diline roku 1957<br \/>Z \u010dinnosti Oravsk\u00e9ho m\u00fazea roku 1957<br \/>\u010cinnos\u0165 M\u00fazea P.O.Hviezdoslavav Dolnom Kub\u00edne roku 1957<br \/>Z \u010dinnosti Liptovsk\u00e9ho m\u00fazea v Ru\u017eomberku<br \/>Obraz\u00e1re\u0148 P.M.Boh\u00fa\u0148a v Liptovskom Mikul\u00e1\u0161i<br \/>Z \u010dinnosti M\u00fazea Slovensk\u00e9ho krasu v Liptovskom Mikul\u00e1\u0161i<\/p><\/div>\n\t\t\t\t\t<\/div><div class=\"eael-accordion-list\">\n\t\t\t\t\t<div id=\"vlastivedn-sbornk-ilinskho-kraja-iii-1959\" class=\"elementor-tab-title eael-accordion-header\" tabindex=\"0\" data-tab=\"3\" aria-controls=\"elementor-tab-content-1063\"><span class=\"eael-advanced-accordion-icon-closed\"><i aria-hidden=\"true\" class=\"fa-accordion-icon fas fa-plus\"><\/i><\/span><span class=\"eael-advanced-accordion-icon-opened\"><i aria-hidden=\"true\" class=\"fa-accordion-icon fas fa-minus\"><\/i><\/span><span class=\"eael-accordion-tab-title\">VLASTIVEDN\u00dd SBORN\u00cdK \u017dILINSK\u00c9HO KRAJA III \u2013 1959<\/span><i aria-hidden=\"true\" class=\"fa-toggle fas fa-angle-right\"><\/i><\/div><div id=\"elementor-tab-content-1063\" class=\"eael-accordion-content clearfix\" data-tab=\"3\" aria-labelledby=\"vlastivedn-sbornk-ilinskho-kraja-iii-1959\"><p><a href=\"https:\/\/ekniznice.cvtisr.sk\/view\/uuid:e55be5b6-9597-4a7a-a84f-643f987b92c9?page=uuid:ddbbca08-6518-47d2-a0a3-dcda830429d0\" target=\"_blank\" rel=\"noopener\">Elektronick\u00fd zdroj<\/a><\/p><p>Csizmadia, Dezider: \u0160trajk \u017eilinsk\u00fdch textiln\u00fdch robotn\u00edkov roku 1924<br \/>\u0160tibran\u00fd, Vojtech: Prv\u00fd gener\u00e1lny \u0161trajk slovensk\u00fdch \u017eelezni\u010diarov<br \/>\u0160tibran\u00fd, Vojtech: Korte\u0161a\u010dky v okol\u00ed Tren\u010d\u00edna a \u017diliny v rokoch 1828-1845<br \/>Huska, Miroslav A.: Vzbura \u0161tyroch ul\u00edc proti Ru\u017eomberku roku 1771<br \/>Kova\u010devi\u010dov\u00e1, So\u0148 : Pr\u00edspevok dejin\u00e1m garbiarskeho remesla v Liptove<br \/>Revaj,\u0160tefan: \u010co n\u00e1m hovoria matriky \u017dilinsk\u00e9ho kraja<br \/>Petrovsk\u00fd \u0160ichman, Anton: Zo star\u0161\u00edch dej\u00edn Kys\u00fac<br \/>\u0160tollman, Andrej: Roz\u0161\u00edrenie bocianov bielych v \u017dilinskom kraji<br \/>Dyk, V\u00e1clav: \u010cereb\u013ea poto\u010dn\u00e1 v prame\u0148och v\u00e1pencov\u00fdch pol\u00f4h \u017dilinsk\u00e9ho kraja<br \/>Lutonsk\u00fd, Zdeno: Storo\u010dnica Andreja Stodolu<\/p><p>S p r \u00e1 v y<br \/>O \u010dinnosti M\u00fazea revolu\u010dnej tla\u010de Klementa Gottwalda na Vr\u00fatkach v roku l958<br \/>O \u010cinnosti Krajsk\u00e9ho m\u00fazea v \u017diline v roku 1958<br \/>O \u010cinnosti Liptovsk\u00e9ho m\u00fazea v Ru\u017eomberku v roku l958<br \/>O \u010cinnosti Oravsk\u00e9ho m\u00fazea v Oravskom Podz\u00e1mku<br \/>Hviezdoslavovo m\u00fazeum v Dolnom Kub\u00edne<br \/>P\u00e4\u0165 rokov \u0160t\u00e1tneho arch\u00edvu v Byt\u010di<br \/>Obraz\u00e1re\u0148 Petra Michala Boh\u00fa\u0148a v Liptovskom Mikul\u00e1\u0161i<\/p><\/div>\n\t\t\t\t\t<\/div><div class=\"eael-accordion-list\">\n\t\t\t\t\t<div id=\"vlastivedn-sbornk-povaia-iv-1961\" class=\"elementor-tab-title eael-accordion-header\" tabindex=\"0\" data-tab=\"4\" aria-controls=\"elementor-tab-content-1064\"><span class=\"eael-advanced-accordion-icon-closed\"><i aria-hidden=\"true\" class=\"fa-accordion-icon fas fa-plus\"><\/i><\/span><span class=\"eael-advanced-accordion-icon-opened\"><i aria-hidden=\"true\" class=\"fa-accordion-icon fas fa-minus\"><\/i><\/span><span class=\"eael-accordion-tab-title\">VLASTIVEDN\u00dd SBORN\u00cdK POVA\u017dIA IV \u2013 1961<\/span><i aria-hidden=\"true\" class=\"fa-toggle fas fa-angle-right\"><\/i><\/div><div id=\"elementor-tab-content-1064\" class=\"eael-accordion-content clearfix\" data-tab=\"4\" aria-labelledby=\"vlastivedn-sbornk-povaia-iv-1961\"><p><a href=\"https:\/\/ekniznice.cvtisr.sk\/view\/uuid:e2afc584-c513-43c2-9d60-3d6ad3dc73db?page=uuid:7d21528a-8458-4c70-9d5a-278c71ceeaa6\" target=\"_blank\" rel=\"noopener\">Elektronick\u00fd zdroj<\/a><\/p><p>Pod nov\u00fdm n\u00e1zvom<br \/>Mlyn\u00e1rik, J\u00e1n: Podiel revolu\u010dn\u00e9ho hnutia severoz\u00e1padn\u00e9ho Slovenska<br \/>na vzniku a zalo\u017een\u00ed Komunistickej strany \u010ceskoslovenska<br \/>Mlyn\u00e1rik, J\u00e1n: \u0160trajkov\u00e9 boje na severoz\u00e1padnom Slovensku v rokoch 1921-1924<br \/>Brt\u00e1\u0148, Rudo: St\u00e9 v\u00fdro\u010die martinsk\u00e9ho memoranda. Jeho ohlas v slovenskej literat\u00fare<br \/>H\u00faska, Miroslav A.: Pr\u00edspevok k ot\u00e1zkam viery n\u00e1\u0161ho \u013eudu<br \/>\u0160tibran\u00fd, Peter: Tren\u010d\u00edn za \u0161\u013eachticko-stavovsk\u00e9ho odboja v roku 1703 &#8211; 1711 (hospod\u00e1rsky a soci\u00e1lny \u00fapadok mesta)<br \/>Trnka, Jozef: Lednick\u00fd hrad<br \/>R\u00e9vay, \u0160tefan: \u017divot poddan\u00fdch na lednickom panstve<br \/>Houdek, Ivan: Historick\u00e9 pamiatky mesta Ru\u017eomberka<\/p><p>S p r \u00e1 v y<br \/>Petrovsk\u00fd \u0160ichman , A.: Archeologick\u00fd v\u00fdskum Pova\u017eia 1959-1960<br \/>H\u00e9grov\u00e1-Nov\u00e1kov\u00e1 , Elena: Liter\u00e1rne besedy v M\u00fazeu Pavla Orzs\u00e1gha Hviezdoslava<br \/>\u010caplovi\u010d, Pavol: O \u010dinnosti Oravsk\u00e9ho m\u00fazea<br \/>Pavl\u00edk, J\u00e1n: Z \u010dinnosti Liptovsk\u00e9ho m\u00fazea v Ru\u017eomberku<br \/>Sirek, \u0160tefan: Spr\u00e1va o \u010dinnosti m\u00fazea revolu\u010dnej tla\u010de Klementa Gottwalda na Vr\u00fatkach za rok 1959 &#8211; 1960<br \/>H\u00e9grov\u00e1-Nov\u00e1kov\u00e1, Elena: \u010cinnos\u0165 liter\u00e1rneho m\u00fazea Pavla Orzs\u00e1gha-Hviezdoslava v roku 1959-1960<br \/>A. \u0160.: Anton Kocian \u0161es\u0165desiatnikom<br \/>Dyk, V\u00e1clav: Diviaky a medvede v oravskej oblasti<br \/>\u0160tollmann, Andrej: O skalnom hniezde bociana \u010dierneho<br \/>\u0160tollmann, Andrej : Zamyslenie nad osudom orlov skaln\u00fdch<\/p><\/div>\n\t\t\t\t\t<\/div><div class=\"eael-accordion-list\">\n\t\t\t\t\t<div id=\"vlastivedn-sbornk-povaia-v-1962\" class=\"elementor-tab-title eael-accordion-header\" tabindex=\"0\" data-tab=\"5\" aria-controls=\"elementor-tab-content-1065\"><span class=\"eael-advanced-accordion-icon-closed\"><i aria-hidden=\"true\" class=\"fa-accordion-icon fas fa-plus\"><\/i><\/span><span class=\"eael-advanced-accordion-icon-opened\"><i aria-hidden=\"true\" class=\"fa-accordion-icon fas fa-minus\"><\/i><\/span><span class=\"eael-accordion-tab-title\">VLASTIVEDN\u00dd SBORN\u00cdK POVA\u017dIA V \u2013 1962<\/span><i aria-hidden=\"true\" class=\"fa-toggle fas fa-angle-right\"><\/i><\/div><div id=\"elementor-tab-content-1065\" class=\"eael-accordion-content clearfix\" data-tab=\"5\" aria-labelledby=\"vlastivedn-sbornk-povaia-v-1962\"><p><a href=\"https:\/\/ekniznice.cvtisr.sk\/view\/uuid:f8752563-c028-4412-b295-8373c6dd5347?page=uuid:4e2404b1-1b0a-4f36-9aec-7cb1d6121b0c\" target=\"_blank\" rel=\"noopener\">Elektronick\u00fd zdroj<\/a><\/p><p>V. K.: P\u00e4\u0165 rokov Vlastivedn\u00e9ho sborn\u00edka Pova\u017eiaPavl\u00edk, J\u00e1n: K politick\u00fdm a hospod\u00e1rskym bojom robotn\u00edkov ru\u017eombersk\u00fdch papiern\u00ed v rokoch 1921-1923<br \/>Halaj, Du\u0161an: Oslavy sviatku pr\u00e1ce v \u017diline v rokoch 1921-1945<br \/>Jan\u010do, \u0160tefan: Z dej\u00edn Rajca do roku 1848<br \/>Jan\u010dov\u00e1, Katar\u00edna: Rajec a jeho stavebn\u00fd v\u00fdvoj<br \/>\u0160tilla, Milo\u0161: Z kult\u00farnej hist\u00f3rie Znieva<br \/>Petrovsk\u00fd-\u0160ichman, Anton: Predhistorick\u00e9 vz\u0165ahy \u010ciech k severoz\u00e1padn\u00e9mu Slovensku<br \/>Petrovsk\u00fd-\u0160ichman, Anton: V\u00fd\u0161inn\u00e9 s\u00eddlisk\u00e1 a opevnenia v oblasti Vl\u00e1rskeho priesmyku<br \/>Hutyrov\u00e1 , \u013dudmila: Poklad ihl\u00edc z Ov\u010diarska<br \/>Povala, Gabriel: N\u00e1lez \u017eeleznej radlice z P\u00fachova (okres Doln\u00fd Kub\u00edn)<br \/>Sladk\u00fd, J\u00e1n: Ban\u00edctvo a rudy v okol\u00ed Ru\u017eomberka<br \/>Lobotka, Vojtech: Er\u00f3zia p\u00f4d a protier\u00f3zne z\u00e1brany pou\u017e\u00edvan\u00e9 ro\u013en\u00edkmi v povod\u00ed Bystrice na Kysuciach<br \/>Pikna, Valeri\u00e1n : Naru\u0161enie stability svahov pri dopravn\u00fdch stavb\u00e1ch na \u00fazem\u00ed<br \/>vn\u00fatorn\u00e9ho bradlov\u00e9ho p\u00e1sma medzi \u017dilinou a P\u00fachovom<br \/>Tk\u00e1\u010dik, P. &#8211; Jakab, A. : Miner\u00e1lne vody okolia Pova\u017eskej Bystrice a P\u00fachova<br \/>Paclt, Juraj: \u010eal\u0161\u00ed n\u00e1lez fichtelitu na Slovensku<br \/>\u0160tollmann, Andrej: Pr\u00edspevok k poznaniu vy\u0161\u0161\u00edch vertebr\u00e1t (vt\u00e1kov a cicavcov)<br \/>Kriv\u00e1\u0148skej Malej Fatry<br \/>Kocyan, Anton: Orly skaln\u00e9 (Auila chrysaetoa) na Orave<\/p><p>S p r \u00e1 v y<br \/>Kristenov\u00e1, Vlasta: Pova\u017esk\u00e9 m\u00fazeum a gal\u00e9ria v \u017diline v roku 1961<br \/>Halaj, Du\u0161an: Pam\u00e4tn\u00e1 izba dej\u00edn KS\u010c v \u017eilinskej oblasti<br \/>\u010caplovi\u010d, Pavol: O \u010dinnosti Oravsk\u00e9ho m\u00fazea v Oravskom Podz\u00e1mku za rok 1961<br \/>H\u00e9grov\u00e1-Nov\u00e1kov\u00e1, Elena: M\u00fazeum Pavla Orzs\u00e1gha Hviezdoslava v Dolnom Kub\u00edne<br \/>Pavl\u00edk, J\u00e1n: Liptovsk\u00e9 m\u00fazeum v Ru\u017eomberku<br \/>\u0160ipo\u0161, Pavol: O \u010dinnosti m\u00fazea revolu\u010dnej tla\u010de K.Gottwalda na Vr\u00fatkach<\/p><\/div>\n\t\t\t\t\t<\/div><div class=\"eael-accordion-list\">\n\t\t\t\t\t<div id=\"vlastivedn-sbornk-povaia-vi-1964\" class=\"elementor-tab-title eael-accordion-header\" tabindex=\"0\" data-tab=\"6\" aria-controls=\"elementor-tab-content-1066\"><span class=\"eael-advanced-accordion-icon-closed\"><i aria-hidden=\"true\" class=\"fa-accordion-icon fas fa-plus\"><\/i><\/span><span class=\"eael-advanced-accordion-icon-opened\"><i aria-hidden=\"true\" class=\"fa-accordion-icon fas fa-minus\"><\/i><\/span><span class=\"eael-accordion-tab-title\">VLASTIVEDN\u00dd SBORN\u00cdK POVA\u017dIA VI \u2013 1964<\/span><i aria-hidden=\"true\" class=\"fa-toggle fas fa-angle-right\"><\/i><\/div><div id=\"elementor-tab-content-1066\" class=\"eael-accordion-content clearfix\" data-tab=\"6\" aria-labelledby=\"vlastivedn-sbornk-povaia-vi-1964\"><p><a href=\"https:\/\/ekniznice.cvtisr.sk\/view\/uuid:7fcd71b2-c34d-4904-896d-5e416b53ff55?page=uuid:355d0ece-e97b-45b4-875f-4f99d7bc07f0\" target=\"_blank\" rel=\"noopener\">Elektronick\u00fd zdroj<\/a><\/p><p>Mlyn\u00e1rik, J\u00e1n: O situ\u00e1cii komunistick\u00e9ho hnutia na SZ Slovensku v obdob\u00ed do\u010dasnej stabiliz\u00e1cie kapitalizmu<br \/>Halaj, Du\u0161an: Hnutie pokrokovej ml\u00e1de\u017ee v \u017eilinskej oblasti v rokoch 1921 &#8211; 1938<br \/>Petrovsk\u00fd-\u0160ichman, Anton: Slovensk\u00e9 os\u00eddlenie severn\u00e9ho Slovenska<br \/>Brt\u00e1\u0148, Rudo: Storo\u010dn\u00e1 Matica slovensk\u00e1<br \/>Prikryl, \u013dubom\u00edr V.: Star\u00e9 ban\u00edctvo a hutn\u00edctvo na Orave<br \/>Maz\u00far, Emil: Vznik a v\u00fdvoj \u017dilinskej kotliny<br \/>Drdo\u0161, J\u00e1n: Ochrana pr\u00edrody a raj\u00f3novanie Kriv\u00e1nskej Malej Fatry z h\u013eadiska geomorfologickej hodnoty \u00fazem\u00ed<br \/>\u0160tollmann, Andrej: Pr\u00edspevok k \u0161\u00edreniu sa niektor\u00fdch vt\u00e1kov na severnom Slovensku<br \/>Rau\u010dina, \u0160tefan: Ra\u0161elinisko Such\u00e1 Hora<br \/>Hutyrov\u00e1, \u013dudmila: V\u00fdskum lu\u017eick\u00e9ho pohrebiska v Sedmerovci, okr. Pova\u017esk\u00e1 Bystrica<br \/>Povala, Gabriel: V\u00fdskum v\u00fd\u0161inn\u00e9ho s\u00eddliska v Meste\u010dku pri P\u00fachove za spolupr\u00e1ce<br \/>Bala\u0161a, Gejza: Hrad Zniev vo svetle najnov\u0161\u00edch archeologick\u00fdch v\u00fdskumov<br \/>Prikryl , \u013dubom\u00edr V.: Zpr\u00e1va o predbe\u017enom prieskume a zameran\u00ed kry\u0161t\u00e1\u013eovej jaskyne pod Mal\u00fdm Rosutcom<br \/>Prikryl, \u013dubom\u00edr V.: \u0164a\u017eba \u017eeleznej rudy v Malej Fatre pred vybudovan\u00edm Ko\u0161icko-bohum\u00ednskej \u017eeleznice<br \/>Hegerov\u00e1, Elena: Hviezdoslavov rodn\u00fd dom<\/p><p><em>Zpr\u00e1vy o \u010dinnosti m\u00faze\u00ed<\/em><\/p><\/div>\n\t\t\t\t\t<\/div><div class=\"eael-accordion-list\">\n\t\t\t\t\t<div id=\"vlastivedn-sbornk-povaia-vii-1965\" class=\"elementor-tab-title eael-accordion-header\" tabindex=\"0\" data-tab=\"7\" aria-controls=\"elementor-tab-content-1067\"><span class=\"eael-advanced-accordion-icon-closed\"><i aria-hidden=\"true\" class=\"fa-accordion-icon fas fa-plus\"><\/i><\/span><span class=\"eael-advanced-accordion-icon-opened\"><i aria-hidden=\"true\" class=\"fa-accordion-icon fas fa-minus\"><\/i><\/span><span class=\"eael-accordion-tab-title\">VLASTIVEDN\u00dd SBORN\u00cdK POVA\u017dIA VII \u2013 1965<\/span><i aria-hidden=\"true\" class=\"fa-toggle fas fa-angle-right\"><\/i><\/div><div id=\"elementor-tab-content-1067\" class=\"eael-accordion-content clearfix\" data-tab=\"7\" aria-labelledby=\"vlastivedn-sbornk-povaia-vii-1965\"><p><a href=\"https:\/\/ekniznice.cvtisr.sk\/view\/uuid:afcef677-cb14-41fa-8c78-8e7eb19dd9c1?page=uuid:4766504c-9d55-4e9b-894f-57a9509d2413\">Elektronick\u00fd zdroj<\/a><\/p><p>Kamenec, Ivan: Boj na ochranu republiky na sev. Slovensku v rokoch 1934 &#8211; 1938<br \/>Halaj, Du\u0161an: Hnutie nezamestnan\u00fdch v oblasti \u017diliny vo svetle arch\u00edvnych dokumentov<br \/>Petrovsk\u00fd-\u0160ichman , A.: Severoz\u00e1padn\u00e9 Slovensko v dobe lat\u00e9nskej a r\u00edmskej<br \/>Huska, Miroslav: Trad\u00edcie \u013eudov\u00e9ho lapania vlkov v Liptove<br \/>Kalesn\u00fd, Franti\u0161ek: Z hist\u00f3rie \u013eudov\u00e9ho a remeseln\u00e9ho rezb\u00e1rstva v Rajci<br \/>Gindl, Jozef: Obyvate\u013estvo Turca vo svetle \u00faradnej \u0161tatistiky z roku 1785<br \/>Rafaj, Emil: Kult\u00farne pamiatky \u017dilinsk\u00e9ho okresu<br \/>Mazurek, Jaroslav: Umel\u00e9 pir\u00e1tstvo na rozvod\u00ed V\u00e1hu a Hrona<br \/>\u0160tollman, A. &#8211; Kocyan, A.: Avifauna \u010ds. \u00faseku Babej Hory<br \/>Such\u00e1nek, Old\u0159ich: Roz\u0161\u00edrenie bocianov bielych na Orave<br \/>Prikryl, \u013d. V. &#8211; Schmidt, Z.: Jasky\u0148a \u0160arkania diera v S\u00fa\u013eovsk\u00fdch skal\u00e1ch<br \/>Prikryl , \u013dubom\u00edr.: Rajeck\u00e9 skaly<br \/>Prikryl, \u013dubom\u00edr: Pr\u00fadov\u00fd zosun v Str\u00e1\u0148av\u00e1ch<br \/>Petrovsk\u00fd-\u0160ichman, A.- Prikryl , \u013d: Vz\u00e1cny archeologick\u00fd n\u00e1lez pri Str\u00e1\u0148av\u00e1ch<br \/>S p r \u00e1 v y<\/p><\/div>\n\t\t\t\t\t<\/div><div class=\"eael-accordion-list\">\n\t\t\t\t\t<div id=\"vlastivedn-sbornk-povaia-viii-1966\" class=\"elementor-tab-title eael-accordion-header\" tabindex=\"0\" data-tab=\"8\" aria-controls=\"elementor-tab-content-1068\"><span class=\"eael-advanced-accordion-icon-closed\"><i aria-hidden=\"true\" class=\"fa-accordion-icon fas fa-plus\"><\/i><\/span><span class=\"eael-advanced-accordion-icon-opened\"><i aria-hidden=\"true\" class=\"fa-accordion-icon fas fa-minus\"><\/i><\/span><span class=\"eael-accordion-tab-title\">VLASTIVEDN\u00dd SBORN\u00cdK POVA\u017dIA VIII \u2013 1966<\/span><i aria-hidden=\"true\" class=\"fa-toggle fas fa-angle-right\"><\/i><\/div><div id=\"elementor-tab-content-1068\" class=\"eael-accordion-content clearfix\" data-tab=\"8\" aria-labelledby=\"vlastivedn-sbornk-povaia-viii-1966\"><p><a href=\"https:\/\/ekniznice.cvtisr.sk\/view\/uuid:3532a6ce-04c9-46ee-a6af-7d92e6168ab1?page=uuid:619e068e-a257-46ed-945f-9f07069e266f\" target=\"_blank\" rel=\"noopener\">Elektronick\u00fd zdroj<\/a><\/p><p>Petrovsk\u00fd \u0160ichman, A.: V\u00fdskum s\u00eddliska z doby r\u00edmskej Ohr\u00e1dza v Divinke pri \u017diline<br \/>Chur\u00fd, Slavko: Zbojn\u00edctvo v Liptove v prv\u00fdch troch dec\u00e9ni\u00e1ch 19. stor.<br \/>Huska, Miroslav A.: Podmienky vzniku pltn\u00edctva na Slovensku<br \/>Pavl\u00edk, Alojz: Prv\u00e9 slovensk\u00e9 dru\u017estvo umeleck\u00e9ho dr\u00f4ten\u00e9ho a plech\u00e1rskeho priemyslu v \u017diline<br \/>\u0160piesz, Anton: Remesl\u00e1 a cechy na Pova\u017e\u00ed v 17. &#8211; 18. storo\u010d\u00ed<br \/>Horv\u00e1th, Pavel: Obchod so \u017eelezom a \u017eelezn\u00fdmi v\u00fdrobkami v Tren\u010d\u00edne v rokoch 1681 &#8211; 1684<br \/>\u010caplovi\u010dov\u00e1 , Zdena: \u013dudov\u00e1 modrotla\u010d na Orave<br \/>Rafaj, Emil: Kult\u00farnohistorick\u00e9 pamiatky okresu Pova\u017esk\u00e1 Bystrica<br \/>Svato\u0148, Jaroslav F.: Hlav\u00e1tka oby\u010dajn\u00e1<br \/>Prikryl, \u013dubom\u00edr V.: Na \u010dom stoj\u00ed Budat\u00ednsky z\u00e1mok ?<br \/>Jan\u00e1\u010dik, P. &#8211; \u0160rol, S.: Zpr\u00e1va o v\u00fdskume Liskovskej jaskyne<br \/>Jan\u00e1\u010dik, Pavol: \u0160\u013eapajovit\u00e9 \u0161krapy vo Ve\u013ekej Fatre pri obci Konsk\u00e9 v okrese Martin<br \/>\u0160tollmann, A. &#8211; Darola, J.: N\u00e1\u010drt \u010fal\u0161ieho roz\u0161\u00edrenia krkavca \u010dierneho (Corvus corax) na Slovensku<br \/>Kazim\u00edr, \u0160tefan: Zpr\u00e1vy o n\u00e1lezisk\u00e1ch soli na Orave a v Liptove z prvej polovice 17. storo\u010dia<br \/>Cvacho, Ivan \u2013 Prikryl, \u013d. V.: \u017delezorudn\u00e9 ban\u00edctvo v okol\u00ed \u017diliny<br \/>Prikryl, \u013dubom\u00edr V.: K ot\u00e1zke vzniku jaskyne \u0160arkania diera\u00a0 (S\u00fa\u013eov)<br \/>Prikryl, \u013dubom\u00edr V. : Krasov\u00fd ka\u0148on v Str\u00e1\u0148av\u00e1ch<br \/>Slim\u00e1k, \u013dubom\u00edr: Zauj\u00edmav\u00fd n\u00e1lez p\u00e1vieho oka hru\u0161kov\u00e9ho v Gaderskej doline<\/p><\/div>\n\t\t\t\t\t<\/div><div class=\"eael-accordion-list\">\n\t\t\t\t\t<div id=\"vlastivedn-zbornk-povaia-ix-1968\" class=\"elementor-tab-title eael-accordion-header\" tabindex=\"0\" data-tab=\"9\" aria-controls=\"elementor-tab-content-1069\"><span class=\"eael-advanced-accordion-icon-closed\"><i aria-hidden=\"true\" class=\"fa-accordion-icon fas fa-plus\"><\/i><\/span><span class=\"eael-advanced-accordion-icon-opened\"><i aria-hidden=\"true\" class=\"fa-accordion-icon fas fa-minus\"><\/i><\/span><span class=\"eael-accordion-tab-title\">VLASTIVEDN\u00dd ZBORN\u00cdK POVA\u017dIA IX \u2013 1968<\/span><i aria-hidden=\"true\" class=\"fa-toggle fas fa-angle-right\"><\/i><\/div><div id=\"elementor-tab-content-1069\" class=\"eael-accordion-content clearfix\" data-tab=\"9\" aria-labelledby=\"vlastivedn-zbornk-povaia-ix-1968\"><p><a href=\"https:\/\/ekniznice.cvtisr.sk\/view\/uuid:a8066aab-ad6f-4629-a9f7-ed8f32cb10cd?page=uuid:6ca21fe5-ae8c-4907-9527-23d03afcc60f\" target=\"_blank\" rel=\"noopener\">Elektronick\u00fd zdroj\u00a0<\/a><\/p><p>Petrovsk\u00fd \u2013 \u0160ichman, Anton : V\u00fdskum slovensk\u00fdch moh\u00fdl v Sverepci<br \/>Ko\u010di\u0161, Jozef : Akcia hajd\u00faskych vojsk proti byt\u010dianskemu panstvu r. 1605<br \/>Jan\u010do, \u0160tefan : N\u00e1zvy honov v chot\u00e1ri mesta \u017dilina<br \/>Krcho, Mikul\u00e1\u0161 : \u00da\u010das\u0165 komunistov na protifa\u0161istickom odboji v \u017eilinskej oblasti v rokoch 1938-1941<br \/>Halaj, Du\u0161an : Pr\u00edpravy a prv\u00e9 dni SNP v oblasti \u017diliny<br \/>Geryk, J\u00e1n : \u017datva v p\u00fachovskej doline<br \/>Klapita, M. &#8211; Prikryl, \u013d. V. : Rozbor katastr\u00e1lnych n\u00e1\u010drtov Mal\u00e9 Borov\u00e9, Ve\u013ek\u00e9 Borov\u00e9 a Huty<br \/>Rafaj, Emil: Kult\u00farne pamiatky okresu \u010cadca<br \/>\u0160tollmann, Andrej : Stavovce N\u00edzkych Tatier<br \/>Prikryl, \u013d. V. : \u017delezorudn\u00e9 bane<br \/>Bukovinsk\u00fd, Vojtech: E\u0161te o Mojt\u00ednskom krase<br \/>Bukovinsk\u00fd, Vojtech: Najv\u00e4\u010d\u0161ia br\u00e1na v S\u00fa\u013eovsk\u00fdch skal\u00e1ch<br \/>Filo, Eduard A.: V\u00fdskyt v\u0161ivca chocholnat\u00e9ho v Bielych Karpatoch<br \/>Mul\u00edk, J\u00e1n: Nezn\u00e1my latinsk\u00fd epigram<\/p><\/div>\n\t\t\t\t\t<\/div><div class=\"eael-accordion-list\">\n\t\t\t\t\t<div id=\"vlastivedn-zbornk-povaia-x-1970\" class=\"elementor-tab-title eael-accordion-header\" tabindex=\"0\" data-tab=\"10\" aria-controls=\"elementor-tab-content-10610\"><span class=\"eael-advanced-accordion-icon-closed\"><i aria-hidden=\"true\" class=\"fa-accordion-icon fas fa-plus\"><\/i><\/span><span class=\"eael-advanced-accordion-icon-opened\"><i aria-hidden=\"true\" class=\"fa-accordion-icon fas fa-minus\"><\/i><\/span><span class=\"eael-accordion-tab-title\">VLASTIVEDN\u00dd ZBORN\u00cdK POVA\u017dIA X - 1970<\/span><i aria-hidden=\"true\" class=\"fa-toggle fas fa-angle-right\"><\/i><\/div><div id=\"elementor-tab-content-10610\" class=\"eael-accordion-content clearfix\" data-tab=\"10\" aria-labelledby=\"vlastivedn-zbornk-povaia-x-1970\"><p><a href=\"https:\/\/ekniznice.cvtisr.sk\/view\/uuid:405abae0-2e44-4cec-8aa0-9198e0ed8ab5?page=uuid:dbdc8c2d-491d-4e9f-842f-d5c2c1b6de32\" target=\"_blank\" rel=\"noopener\">Elektronick\u00fd zdroj<\/a><\/p><p>\u00davodom<br \/>Morav\u010d\u00edk, Jozef: Najnov\u0161ie archeologick\u00e9 n\u00e1lezy v okrese \u017dilina<br \/>Pastorek, Ivan: Erb mesta \u017diliny<br \/>Kristenov\u00e1, Vlasta: Budat\u00ednsky z\u00e1mok<br \/>Klapita, Mari\u00e1n: Pe\u010date niektor\u00fdch obc\u00ed \u017dilinsk\u00e9ho okresu<br \/>Jer\u0161ov\u00e1, M\u00e1ria: Z dej\u00edn hrn\u010diarstva v \u017diline<br \/>Jan\u010do, \u0160tefan: Snahy o zalo\u017eenie slovensk\u00e9ho gymn\u00e1zia v Rajci\u00a0 roku 1868<br \/>Halaj, D. &#8211; Krcho, M.: Vzbura n\u00e1hradn\u00e9ho pr\u00e1poru 71. pe\u0161ieho pluku v j\u00fani 1918 v Kragujevci<br \/>Pastorek, Ivan: P\u00f4sobenie ministra s plnou mocou pre spr\u00e1vu Slovenska v \u017diline<br \/>Mlacek, Jozef: N\u00e1\u010drt hl\u00e1skoslovia a tvaroslovia v n\u00e1re\u010d\u00ed Tepli\u010dky nad V\u00e1hom<br \/>Prikryl , \u013dubom\u00edr V.: Krasov\u00e9 formy v okrese \u017dilina<br \/>\u0160tollmann, Andrej: Faunistick\u00fd preh\u013ead vt\u00e1ctva (Aves) okresu \u017dilina<br \/>\u0160tollmann, Andrej: \u010eal\u0161ie \u00fadaje k expanzii drozda \u010dv\u00edkotav\u00e9ho (Turdus pilaris) v Z\u00e1padn\u00fdch Karpatoch<br \/>Prikryl, \u013dubom\u00edr V.: Bibliografia Vlastivedn\u00e9ho zborn\u00edka Pova\u017eia<br \/>Kristenov\u00e1, Vlasta: P\u00e4tn\u00e1s\u0165 rokov Pova\u017esk\u00e9ho m\u00fazea a gal\u00e9rie v \u017diline<br \/>Klapita, Mari\u00e1n: N\u00e1lez stredovek\u00fdch list\u00edn<br \/>Prikryl, \u013dubom\u00edr V.: Mapa \u017diliny z 18. storo\u010dia<br \/>Jan\u00e1\u010dik, Pavol: Chr\u00e1nen\u00e1 krajinn\u00e1 oblas\u0165 Mal\u00e1 Fatra<br \/>Kristenov\u00e1, Vlasta: Nedo\u017eit\u00e9 p\u00e4\u0165desiatiny dr. Antona Petrovsk\u00e9ho-\u0160ichmana (1919-1967)<\/p><\/div>\n\t\t\t\t\t<\/div><div class=\"eael-accordion-list\">\n\t\t\t\t\t<div id=\"vlastivedn-zbornk-povaia-xi-1972\" class=\"elementor-tab-title eael-accordion-header\" tabindex=\"0\" data-tab=\"11\" aria-controls=\"elementor-tab-content-10611\"><span class=\"eael-advanced-accordion-icon-closed\"><i aria-hidden=\"true\" class=\"fa-accordion-icon fas fa-plus\"><\/i><\/span><span class=\"eael-advanced-accordion-icon-opened\"><i aria-hidden=\"true\" class=\"fa-accordion-icon fas fa-minus\"><\/i><\/span><span class=\"eael-accordion-tab-title\">VLASTIVEDN\u00dd ZBORN\u00cdK POVA\u017dIA XI \u2013 1972<\/span><i aria-hidden=\"true\" class=\"fa-toggle fas fa-angle-right\"><\/i><\/div><div id=\"elementor-tab-content-10611\" class=\"eael-accordion-content clearfix\" data-tab=\"11\" aria-labelledby=\"vlastivedn-zbornk-povaia-xi-1972\"><p><a href=\"https:\/\/ekniznice.cvtisr.sk\/view\/uuid:fbea0a14-4e2f-4f01-8713-265370a68977?page=uuid:d50c5f72-f972-4948-a2dd-0bc9b98d52d2\" target=\"_blank\" rel=\"noopener\">Elektronick\u00fd zdroj<\/a><\/p><p>Marsina, Richard: Pr\u00e1vne postavenie slovensk\u00fdch me\u0161\u0165anov v \u017diline koncom 14. a za\u010diatkom 15. storo\u010dia<br \/>Morav\u010d\u00edk, Jozef: Najnov\u0161ie pr\u00edrastky v archeologick\u00fdch zbierkach Pova\u017esk\u00e9ho m\u00fazea a gal\u00e9rie v \u017diline<br \/>Valla\u0161ek, Adri\u00e1n: Nieko\u013eko pozn\u00e1mok k tzv. Sob\u00e1\u0161nemu pal\u00e1cu v Byt\u010di<br \/>Kalesn\u00fd, Franti\u0161ek: Remeseln\u00edcka v\u00fdroba a vznik cechov v Rajci<br \/>Kalesn\u00fd, Franti\u0161ek: Regrut\u00e1cie a verbovanie v Rajci koncom 18. a za\u010diatkom 19. stor.<br \/>Munkov\u00e1, Eva: \u013dudov\u00fd interi\u00e9r a b\u00fdvanie v O\u0161\u010dadnici, Terchovej a v Dlhom Poli<br \/>Geryk, J\u00e1n: \u013dudov\u00fd odev v Z\u00e1rie\u010d\u00ed a okol\u00ed<br \/>Ga\u0161inec, Eduard st.: O remesl\u00e1ch a cechoch v Kysuckom Novom Meste<br \/>Klapita, Mari\u00e1n: Pal\u00e1rikove \u017eivotn\u00e9 osudy a n\u00e1h\u013eady na vzdel\u00e1vanie a v\u00fdchovu dospel\u00fdch<br \/>Halaj, Du\u0161an: Slovensk\u00fd tolstojovec MUDr. Du\u0161an Makovick\u00fd<br \/>Kristenov\u00e1, Vlasta: N\u00e1rodopisn\u00e1 expoz\u00edcia Pova\u017esk\u00e9ho m\u00fazea a gal\u00e9rie v \u010ci\u010dmanoch<br \/>\u0160tollmann, Andrej: Transmigr\u00e1cia kr\u0161iaka ryb\u00e1ra Slovenskom<br \/>Urbanov\u00e1, Vikt\u00f3ria: Floristick\u00e9 pozn\u00e1mky z Ladonhory (Kysuck\u00e1 vrchovina)<br \/>Bos\u00e1\u010dkov\u00e1, E.- Tur\u010danov\u00e1, A.: Borkova ml\u00e1ka &#8211; ochran\u00e1rsky v\u00fdznamn\u00e1 lokalita slatinno-ra\u0161elinnej veget\u00e1cie<br \/>\u0160tollmann, Andrej: Ako \u010falej s kame\u0148olomom Jablonov\u00e9<br \/>Droppa, A. &#8211; Bukovinsk\u00fd, V.: Jaskyniarsky t\u00fd\u017ede\u0148 v Malej Fatre<br \/>\u0160tollmann, Andrej: Desa\u0165 rokov \u010dinnosti Zboru ochrancov pr\u00edrody pri Pova\u017eskom m\u00fazeu a gal\u00e9rii<\/p><\/div>\n\t\t\t\t\t<\/div><div class=\"eael-accordion-list\">\n\t\t\t\t\t<div id=\"vlastivedn-zbornk-povaia-xii-1976\" class=\"elementor-tab-title eael-accordion-header\" tabindex=\"0\" data-tab=\"12\" aria-controls=\"elementor-tab-content-10612\"><span class=\"eael-advanced-accordion-icon-closed\"><i aria-hidden=\"true\" class=\"fa-accordion-icon fas fa-plus\"><\/i><\/span><span class=\"eael-advanced-accordion-icon-opened\"><i aria-hidden=\"true\" class=\"fa-accordion-icon fas fa-minus\"><\/i><\/span><span class=\"eael-accordion-tab-title\">VLASTIVEDN\u00dd ZBORN\u00cdK POVA\u017dIA XII \u2013 1976<\/span><i aria-hidden=\"true\" class=\"fa-toggle fas fa-angle-right\"><\/i><\/div><div id=\"elementor-tab-content-10612\" class=\"eael-accordion-content clearfix\" data-tab=\"12\" aria-labelledby=\"vlastivedn-zbornk-povaia-xii-1976\"><p><a href=\"https:\/\/ekniznice.cvtisr.sk\/view\/uuid:62ee6998-73ca-46ae-9fa8-9fbe528af1ec?page=uuid:c40ab8dd-9cc8-4ab8-826c-2d4f0b21e217\" target=\"_blank\" rel=\"noopener\">Elektronick\u00fd zdroj<\/a><\/p><p>Morav\u010d\u00edk, J.: Ojedinel\u00e9 archeologick\u00e9 n\u00e1lezy v oblasti SZ Slovenska<br \/>Morav\u010d\u00edk, J.: Nov\u00e9 archeologick\u00e9 n\u00e1lezy z P\u00fachova a okolia<br \/>Prikryl, \u013d. V.: Tren\u010dianska stolica na star\u00fdch map\u00e1ch<br \/>Ratko\u0161, P.: Najstar\u0161ia p\u00edsomn\u00e1 zmienka o Rajeck\u00fdch Tepliciach z r. 1376<br \/>Kristenov\u00e1, V.:\u00a0 Hospod\u00e1rsky v\u00fdznam budat\u00ednskeho hradn\u00e9ho panstva do konca 17. storo\u010dia<br \/>Fojt\u00edk, V.: Pr\u00edspevok k dejin\u00e1m Ilavy v rokoch 1526 &#8211; 1848<br \/>Halaj, D.: Pr\u00edspevok k dejin\u00e1m robotn\u00edckeho hnutia v \u017dilinskom okrese do zalo\u017eenia KS\u010c<br \/>Krcho, M.: Bo\u013e\u0161eviz\u00e1cia KS\u010c v \u017eilinskej oblasti (1924-1930)<br \/>Kristenov\u00e1, V.: Z historiografie miest a obc\u00ed severoz\u00e1padn\u00e9ho Slovenska<br \/>Munkov\u00e1, E.: Stoly a zvyky pri stolovan\u00ed v O\u0161\u010dadnici, Terchovej a Dlhom Poli<br \/>Ml\u00e1dek, J.: Podmienky lokaliz\u00e1cie a rozvoja textiln\u00e9ho a konfek\u010dn\u00e9ho priemyslu v strednom Pova\u017e\u00ed<br \/>Michalov\u00e1, J.: Vegeta\u010dn\u00e9 pomery povodia Oravy od \u0161t\u00e1tnych hran\u00edc po Tvrdo\u0161\u00edn<br \/>Urbanov\u00e1, V.: Bibliografia k fl\u00f3re zbernej oblasti Pova\u017esk\u00e9ho m\u00fazea<br \/>\u0160tollmann, A. &#8211; Darola, J.: S\u00fa\u010dasn\u00e9 roz\u0161\u00edrenie ry\u0161avky tmavop\u00e1sej na sz Slovensku<br \/>\u0160tollmann, A.: \u00dadaje k biometrike orla skaln\u00e9ho na Slovensku<br \/>\u0160tollmann, A.: V\u00fdznamn\u00e9 dokladov\u00e9 exempl\u00e1re ma\u010dky divej v zbierkach Pova\u017esk\u00e9ho m\u00fazea v \u017diline<br \/>\u0160tollmann, A.: Okolie \u017diliny v zoologickej literat\u00fare<br \/>Morav\u010d\u00edk, J.: K lokaliz\u00e1cii troch bronzov\u00fdch predmetov<br \/>Pap\u00e1nek, F.: Spomienka na S\u00fa\u013eov (Archeologick\u00e1 \u010drta)<br \/>Jurkovi\u010d, M.: J\u00e1n Frivaldszk\u00fd (1822-1895)<br \/>\u0160tollmann, A.: K \u0161es\u0165desiatin\u00e1m prepar\u00e1tora Karola Cengela<\/p><\/div>\n\t\t\t\t\t<\/div><div class=\"eael-accordion-list\">\n\t\t\t\t\t<div id=\"vlastivedn-zbornk-povaia-xiii-1978\" class=\"elementor-tab-title eael-accordion-header\" tabindex=\"0\" data-tab=\"13\" aria-controls=\"elementor-tab-content-10613\"><span class=\"eael-advanced-accordion-icon-closed\"><i aria-hidden=\"true\" class=\"fa-accordion-icon fas fa-plus\"><\/i><\/span><span class=\"eael-advanced-accordion-icon-opened\"><i aria-hidden=\"true\" class=\"fa-accordion-icon fas fa-minus\"><\/i><\/span><span class=\"eael-accordion-tab-title\">VLASTIVEDN\u00dd ZBORN\u00cdK POVA\u017dIA XIII \u2013 1978<\/span><i aria-hidden=\"true\" class=\"fa-toggle fas fa-angle-right\"><\/i><\/div><div id=\"elementor-tab-content-10613\" class=\"eael-accordion-content clearfix\" data-tab=\"13\" aria-labelledby=\"vlastivedn-zbornk-povaia-xiii-1978\"><p><a href=\"https:\/\/ekniznice.cvtisr.sk\/view\/uuid:b8e60881-76c9-41de-a453-d788f39fb6c8?page=uuid:bd2dd44a-554b-4ee7-bcc9-a0e5a32720b2\" target=\"_blank\" rel=\"noopener\">Elektronick\u00fd zdroj<\/a><\/p><p>B\u00e1rta, Juraj: Prv\u00e9 s\u00eddlisko zo star\u0161ej doby kamennej v \u017dilinskej kotline<br \/>Klein, Bohu\u0161: Z\u00e1sady ur\u010dovania stredovek\u00fdch ciest v geografickom prostred\u00ed<br \/>Kuch\u00e1r, Rudolf: Osobn\u00e9 men\u00e1 v okol\u00ed \u017diliny zo 16. storo\u010dia<br \/>Prikryl, \u013dudov\u00edt V.: V\u00fdvoj mapov\u00e9ho zobrazovania Oravy<br \/>Sloboda, Elo: Dokumenty k dejin\u00e1m dopravy v \u0161t\u00e1tnych arch\u00edvoch SSR<br \/>Fojt\u00edk, Juraj: Protifeud\u00e1lna vzbura v Kol\u00e1roviciach na\u00a0 byt\u010dianskom panstve<br \/>Ne\u010das, Ctibor: Pracovn\u00ed \u00fatva\u0159 v Ilav\u011b roku 1943<br \/>Sl\u00e1dek, Milan: Boj za upevnenie v\u00fdsledkov Febru\u00e1ra do m\u00e1jov\u00fdch volieb 1948<br \/>Duj\u010d\u00edk, J. &#8211; Galv\u00e1nek, J.: Ciele ochrany geologick\u00fdch a hydrogeologick\u00fdch objektov na Kysuciach<br \/>\u0160tollmann, Andrej: Vt\u00e1ctvo severoz\u00e1padn\u00e9ho Slovenska<br \/>Obuch, J\u00e1n: Pr\u00edspevok k v\u00fdskytu netopierov v potrave v\u00fdra skaln\u00e9ho<\/p><\/div>\n\t\t\t\t\t<\/div><div class=\"eael-accordion-list\">\n\t\t\t\t\t<div id=\"vlastivedn-zbornk-povaia-xiv-1980\" class=\"elementor-tab-title eael-accordion-header\" tabindex=\"0\" data-tab=\"14\" aria-controls=\"elementor-tab-content-10614\"><span class=\"eael-advanced-accordion-icon-closed\"><i aria-hidden=\"true\" class=\"fa-accordion-icon fas fa-plus\"><\/i><\/span><span class=\"eael-advanced-accordion-icon-opened\"><i aria-hidden=\"true\" class=\"fa-accordion-icon fas fa-minus\"><\/i><\/span><span class=\"eael-accordion-tab-title\">VLASTIVEDN\u00dd ZBORN\u00cdK POVA\u017dIA XIV \u2013 1980<\/span><i aria-hidden=\"true\" class=\"fa-toggle fas fa-angle-right\"><\/i><\/div><div id=\"elementor-tab-content-10614\" class=\"eael-accordion-content clearfix\" data-tab=\"14\" aria-labelledby=\"vlastivedn-zbornk-povaia-xiv-1980\"><p><a href=\"https:\/\/ekniznice.cvtisr.sk\/view\/uuid:08183f27-6df6-47de-9224-193a84db106e?page=uuid:c3d13b5b-138e-4d4e-8e18-406f480c16ae\" target=\"_blank\" rel=\"noopener\">Elektronick\u00fd zdroj<\/a><\/p><p>Bad\u00edk, Milan: Dvadsa\u0165p\u00e4\u0165 rokov Pova\u017esk\u00e9ho m\u00fazea v \u017diline<br \/>Morav\u010d\u00edk, Jozef: Archeologick\u00e9 n\u00e1lezy v Pova\u017eskom m\u00fazeu v rokoch 1971 &#8211; 1975<br \/>Branick\u00fd, Milan: Dopravn\u00e1 \u0161trukt\u00fara \u017dilinsk\u00e9ho okresu<br \/>Bad\u00edk, M. &#8211; Brunovsk\u00fd, F.: V\u00fdvoj po\u013enohospod\u00e1rstva a priemyslu v Byt\u010di<br \/>Ga\u0161inec, Eduard: Klob\u00fa\u010dnictvo v Kysuckom Novom Meste<br \/>Munkov\u00e1, Eva: Fa\u0161iangov\u00e9, jarn\u00e9 a letn\u00e9 zvyky v Terchovskej doline<br \/>Ondrus, Pavel: Tajn\u00fd jazyk vandrovn\u00fdch remeseln\u00edkov z b\u00fdvalej Tren\u010dianskej stolice<br \/>Habov\u0161tiak, Anton: Lexik\u00e1lne zvl\u00e1\u0161tnosti z\u00e1padoslovensk\u00fdch n\u00e1re\u010d\u00ed<br \/>\u0160trba, Milan: Pr\u00edspevok k poznaniu fauny Malej Fatry<br \/>Dudich, A. &#8211; \u0160tollmann, A.: Drobn\u00e9 zemn\u00e9 cicavce z\u00e1padnej \u010dasti Slovensk\u00fdch Besk\u00fdd<br \/>Obuch, J\u00e1n: N\u00e1\u010drt potravnej ekol\u00f3gie v\u00fdra skaln\u00e9ho<br \/>Cvachov\u00e1, A. &#8211; Urbanov\u00e1, V.: Fytocen\u00f3zy vlhk\u00fdch stanov\u00ed\u0161\u0165 \u0160t. pr\u00edrodnej rezerv\u00e1cie Rozsutec<br \/>\u0160tollmann, A.: Za \u0160tefanom Paul\u00ednym<\/p><\/div>\n\t\t\t\t\t<\/div><div class=\"eael-accordion-list\">\n\t\t\t\t\t<div id=\"vlastivedn-zbornk-povaia-xv-1985\" class=\"elementor-tab-title eael-accordion-header\" tabindex=\"0\" data-tab=\"15\" aria-controls=\"elementor-tab-content-10615\"><span class=\"eael-advanced-accordion-icon-closed\"><i aria-hidden=\"true\" class=\"fa-accordion-icon fas fa-plus\"><\/i><\/span><span class=\"eael-advanced-accordion-icon-opened\"><i aria-hidden=\"true\" class=\"fa-accordion-icon fas fa-minus\"><\/i><\/span><span class=\"eael-accordion-tab-title\">VLASTIVEDN\u00dd ZBORN\u00cdK POVA\u017dIA XV \u2013 1985<\/span><i aria-hidden=\"true\" class=\"fa-toggle fas fa-angle-right\"><\/i><\/div><div id=\"elementor-tab-content-10615\" class=\"eael-accordion-content clearfix\" data-tab=\"15\" aria-labelledby=\"vlastivedn-zbornk-povaia-xv-1985\"><p><a href=\"https:\/\/ekniznice.cvtisr.sk\/view\/uuid:5cd22693-09d1-4794-b45d-48b508c5e110?page=uuid:9426c816-1a5a-4573-87b0-496da1be80be\" target=\"_blank\" rel=\"noopener\">Elektronick\u00fd zdroj\u00a0<\/a><\/p><p>Morav\u010d\u00edk, Jozef: Archeologick\u00e9 n\u00e1lezy v Pova\u017eskom m\u00fazeu v rokoch 1976-1980<br \/>Hajnalov\u00e1, Eva: Zvy\u0161ky pestovan\u00fdch rastl\u00edn a uhl\u00edky z lokality Divinka &#8211; Ve\u013ek\u00fd vrch<br \/>Halaga, O. R.: K historiografii stredokarpatsk\u00e9ho pohrani\u010dia v 9. &#8211; 11. storo\u010d\u00ed<br \/>Klein, Bohu\u0161: Pr\u00edspevok k historickogeografickej lokaliz\u00e1cii cestnej siete Zvolensk\u00e9ho komit\u00e1tu<br \/>Hrt\u00e1nkov\u00e1, Val\u00e9ria: Mestsk\u00e1 spr\u00e1va v \u017diline v 17. &#8211; 18. storo\u010d\u00ed<br \/>Klapita, Mari\u00e1n: Pr\u00edspevok k stavbe Pova\u017eskej \u017eeleznice<br \/>Smole\u0148\u00e1kov\u00e1, Beata: Ivan H\u00e1lek &#8211; \u0161\u00edrite\u013e osvety na Slovensku<br \/>\u0160vecov\u00e1, So\u0148a: Koopera\u010dn\u00e9 skupiny v obci \u010ci\u010dmany<br \/>Pra\u017e\u00e1k, Vil\u00e9m: \u00davod ke studiu \u010di\u010dmansk\u00e9ho domu<br \/>\u0160achl, Jozef: Nov\u00e9 a vz\u00e1cne druhy fl\u00f3ry Kriv\u00e1nsk\u00e9 Mal\u00e9 Fatry<br \/>Urbanov\u00e1, Vikt\u00f3ria: Ra\u0161elinisko \u0160uja<br \/>Obuch, J\u00e1n: Pr\u00edspevok k v\u00fdskytu netopierov v Z\u00e1padn\u00fdch Karpatoch<br \/>\u0160tollmann, Andrej: Preh\u013ead cicavcov severoz\u00e1padn\u00e9ho Slovenska<\/p><\/div>\n\t\t\t\t\t<\/div><div class=\"eael-accordion-list\">\n\t\t\t\t\t<div id=\"vlastivedn-zbornk-povaia-xvi-1991\" class=\"elementor-tab-title eael-accordion-header\" tabindex=\"0\" data-tab=\"16\" aria-controls=\"elementor-tab-content-10616\"><span class=\"eael-advanced-accordion-icon-closed\"><i aria-hidden=\"true\" class=\"fa-accordion-icon fas fa-plus\"><\/i><\/span><span class=\"eael-advanced-accordion-icon-opened\"><i aria-hidden=\"true\" class=\"fa-accordion-icon fas fa-minus\"><\/i><\/span><span class=\"eael-accordion-tab-title\">VLASTIVEDN\u00dd ZBORN\u00cdK POVA\u017dIA XVI \u2013 1991<\/span><i aria-hidden=\"true\" class=\"fa-toggle fas fa-angle-right\"><\/i><\/div><div id=\"elementor-tab-content-10616\" class=\"eael-accordion-content clearfix\" data-tab=\"16\" aria-labelledby=\"vlastivedn-zbornk-povaia-xvi-1991\"><p><a href=\"https:\/\/ekniznice.cvtisr.sk\/view\/uuid:71dabbfa-65f8-4332-81aa-baa12372ef28?page=uuid:bab526ca-14ff-4e6b-9086-72c0f8f4e178\" target=\"_blank\" rel=\"noopener\">Elektronick\u00fd zdroj<\/a><\/p><p>Morav\u010d\u00edk, Jozef: Archeologick\u00e9 n\u00e1lezy v Pova\u017eskom m\u00fazeu v rokoch 1981 &#8211; 1985<br \/>Ma\u0165ov\u010d\u00edk, August\u00edn: N\u00e1rodn\u00fd a liter\u00e1rny profil \u017eilinsk\u00e9ho rod\u00e1ka J\u00e1na Krstite\u013ea Tombora<br \/>\u0160ulav\u00edk , J\u00e1n: Marikovsk\u00e1 dolina do za\u010diatku 18. storo\u010dia<br \/>Hallon, \u013dudov\u00edt: K za\u010diatkom v\u00fdstavby v\u00e1\u017eskej kask\u00e1dy<br \/>Ga\u0161inec, Eduard: Ko\u017eu\u0161n\u00edctvo v Kysuckom Novom Meste<br \/>Pan\u010duhov\u00e1, Eva: Pr\u00edspevok o lesnom hospod\u00e1rstve v \u010ci\u010dmanoch<br \/>Mintalov\u00e1-Zubercov\u00e1, Zora: \u013dudov\u00e1 strava v \u010ci\u010dmanoch<br \/>Horv\u00e1thov\u00e1-Jesensk\u00e1, G.: Z v\u00fdskumu \u013eudov\u00e9ho lie\u010denia v \u010ci\u010dmanoch<br \/>S\u00fdkorov\u00e1, \u013duba: Viera a vedomosti \u013eudu v \u010ci\u010dmanoch v minulosti a dnes<br \/>Urbanov\u00e1, Vikt\u00f3ria: Tr\u00e1vnatobylinn\u00e9 spolo\u010denstv\u00e1 \u0160t\u00e1tnej pr\u00edrodnej rezerv\u00e1cie Such\u00fd v Malej Fatre<br \/>Bad\u00edk, Miloslav: Pr\u00edspevok k poznaniu fauny mot\u00fd\u013eov Byt\u010de a okolia (mot\u00fdle denn\u00e9 &#8211; Rhopalocera)<br \/>Dudich, Alexander: Ektoparazity drobn\u00fdch cicavcov Kysuck\u00fdch Besk\u00fdd<br \/>\u0160teffek, Jozef: Pr\u00edspevok k poznaniu malakofauny \u0160PR Rochovica (Kysuck\u00e1 vrchovina)<br \/>Bad\u00edk, Miloslav: V\u00fdznamnej\u0161ie druhy mot\u00fd\u013eov lokality Mal\u00e1 Lu\u010divn\u00e1 v N\u00e1rodnom parku Mal\u00e1 Fatra<br \/>Karaska, D. &#8211; Kocian, \u013d.: Vt\u00e1ctvo slovenskej \u010dasti Babej hory<br \/>Such\u00e1nek, Old\u0159ich: Zimn\u00ed v\u00fdskyt ptactva v Rajeck\u00fdch Teplic\u00edch v l\u00e9tech 1984 &#8211; 1985<\/p><\/div>\n\t\t\t\t\t<\/div><div class=\"eael-accordion-list\">\n\t\t\t\t\t<div id=\"vlastivedn-zbornk-povaia-xvii-1994\" class=\"elementor-tab-title eael-accordion-header\" tabindex=\"0\" data-tab=\"17\" aria-controls=\"elementor-tab-content-10617\"><span class=\"eael-advanced-accordion-icon-closed\"><i aria-hidden=\"true\" class=\"fa-accordion-icon fas fa-plus\"><\/i><\/span><span class=\"eael-advanced-accordion-icon-opened\"><i aria-hidden=\"true\" class=\"fa-accordion-icon fas fa-minus\"><\/i><\/span><span class=\"eael-accordion-tab-title\">VLASTIVEDN\u00dd ZBORN\u00cdK POVA\u017dIA XVII \u2013 1994<\/span><i aria-hidden=\"true\" class=\"fa-toggle fas fa-angle-right\"><\/i><\/div><div id=\"elementor-tab-content-10617\" class=\"eael-accordion-content clearfix\" data-tab=\"17\" aria-labelledby=\"vlastivedn-zbornk-povaia-xvii-1994\"><p><a href=\"https:\/\/ekniznice.cvtisr.sk\/view\/uuid:53054ba0-39e4-4db1-b87e-8d82ccbe2e31?page=uuid:ee600368-6e50-4578-9238-9fca3bbb75db\" target=\"_blank\" rel=\"noopener\">Elektronick\u00fd zdroj<\/a><\/p><p><em>Mrva, Mari\u00e1n: Pr\u00edhovor<\/em><br \/>Morav\u010d\u00edk, Jozef: Najstar\u0161ie os\u00eddlenie Rajca a okolia<br \/>\u010euri\u0161ov\u00e1, Marcela: Kostoln\u00fd cintor\u00edn na Koscelisku v Radoli<br \/>Dud\u00e1\u0161, Milo\u0161: Okn\u00e1 hradu Stre\u010dno<br \/>Ok\u00e1nikov\u00e1, M\u00e1ria: Z dej\u00edn \u0161kolstva v \u017diline. (Mestsk\u00e1 \u0161kola do 17. storo\u010dia)<br \/>\u0160tollmann, Andrej: V\u00fdvoj pozn\u00e1vania fauny N\u00e1rodn\u00e9ho parku Mal\u00e1 Fatra<br \/>Urbanov\u00e1, Vikt\u00f3ria: Pr\u00edspevok k botanickej charakteristike slatinn\u00fdch spolo\u010denstiev v Bystrickej doline na Kysuciach<br \/>Urbanov\u00e1, V. &#8211; Zaliberov\u00e1, M.: Inventariz\u00e1cia fl\u00f3ry v z\u00e1ujmovom \u00fazem\u00ed pripravovan\u00e9ho Vodn\u00e9ho diela \u017dilina<br \/>Karaska, Du\u0161an: Labu\u0165 spevav\u00e1 na severoz\u00e1padnom Slovensku<br \/>Bad\u00edk, Miloslav: V\u00e1\u017eky (Odonata) CHN \u0160ujsk\u00e9 ra\u0161elinisko<br \/>Bad\u00edk, Miloslav: V\u00e1\u017eky (Odonata) okresu \u017dilina<br \/>Bad\u00edk, Miloslav: Pr\u00edspevok k poznaniu mot\u00fd\u013eov mesta Byt\u010de<br \/>Mrvov\u00e1, Jaroslava: Z \u010dinnosti Pova\u017esk\u00e9ho m\u00fazea v \u017diline po roku 1989<\/p><\/div>\n\t\t\t\t\t<\/div><div class=\"eael-accordion-list\">\n\t\t\t\t\t<div id=\"vlastivedn-zbornk-povaia-xviii-1996\" class=\"elementor-tab-title eael-accordion-header\" tabindex=\"0\" data-tab=\"18\" aria-controls=\"elementor-tab-content-10618\"><span class=\"eael-advanced-accordion-icon-closed\"><i aria-hidden=\"true\" class=\"fa-accordion-icon fas fa-plus\"><\/i><\/span><span class=\"eael-advanced-accordion-icon-opened\"><i aria-hidden=\"true\" class=\"fa-accordion-icon fas fa-minus\"><\/i><\/span><span class=\"eael-accordion-tab-title\">VLASTIVEDN\u00dd ZBORN\u00cdK POVA\u017dIA XVIII \u2013 1996<\/span><i aria-hidden=\"true\" class=\"fa-toggle fas fa-angle-right\"><\/i><\/div><div id=\"elementor-tab-content-10618\" class=\"eael-accordion-content clearfix\" data-tab=\"18\" aria-labelledby=\"vlastivedn-zbornk-povaia-xviii-1996\"><p><a href=\"https:\/\/ekniznice.cvtisr.sk\/view\/uuid:a51a8c84-311d-4e34-8523-b5b6074b27b1?page=uuid:e0a9ab24-fc4e-4240-b29f-6b964e398081\" target=\"_blank\" rel=\"noopener\">Elektronick\u00fd zdroj<\/a><\/p><p><em>Mrva, Mari\u00e1n: Pr\u00edhovor<\/em><br \/>\u0160kvarna, Du\u0161an: Hrad Stre\u010dno a okolie na star\u00fdch poh\u013eadniciach<br \/>Moravec, J\u00e1n: Star\u00e9 cesty v Brodne<br \/>\u0160kvarnov\u00e1, Monika: P\u00fatnick\u00fd kostol vo Vi\u0161\u0148ovom<br \/>Ok\u00e1nikov\u00e1, M\u00e1ria: Z dej\u00edn \u0161kolstva v \u017diline (U\u010d\u0148ovsk\u00e1 \u0161kola)<br \/>\u017dilin\u010d\u00edk, Ivan: Zabratie \u010dasti Kys\u00fac Po\u013eskom v rokoch 1938 &#8211; 1939<br \/>Pra\u017eenicov\u00e1, Viera: Dom a hospod\u00e1rska usadlos\u0165 \u0160tefana Hun\u010d\u00edka, drot\u00e1ra a podnikate\u013ea<br \/>Pra\u017eenicov\u00e1, Viera: Z v\u00fdro\u010dn\u00e9ho zvykoslovia v Predmieri<br \/>Dud\u00e1\u0161, Milo\u0161: Okenn\u00fd a dvern\u00fd otvor v \u013eudovej zrubovej architekt\u00fare Kys\u00fac<br \/>Bellanov\u00e1, So\u0148a: Paleontologick\u00e9 lokality v Rajeckej doline<br \/>Duda, Josef &#8211; Pilous, Zden\u011bk: Mechorosty \u017dilinskej kotliny<br \/>Urbanov\u00e1, Vikt\u00f3ria: H\u00fdrov &#8211; lokalita so zvy\u0161kami slatinn\u00fdch spolo\u010denstiev v \u017dilinskej kotline<br \/>Urbanov\u00e1 , V. &#8211; Zaliberov\u00e1, M. : Rastlinn\u00e9 spolo\u010denstv\u00e1 v z\u00e1topovom \u00fazem\u00ed Vodn\u00e9ho diela \u017dilina<\/p><\/div>\n\t\t\t\t\t<\/div><div class=\"eael-accordion-list\">\n\t\t\t\t\t<div id=\"vlastivedn-zbornk-povaia-xix-1998\" class=\"elementor-tab-title eael-accordion-header\" tabindex=\"0\" data-tab=\"19\" aria-controls=\"elementor-tab-content-10619\"><span class=\"eael-advanced-accordion-icon-closed\"><i aria-hidden=\"true\" class=\"fa-accordion-icon fas fa-plus\"><\/i><\/span><span class=\"eael-advanced-accordion-icon-opened\"><i aria-hidden=\"true\" class=\"fa-accordion-icon fas fa-minus\"><\/i><\/span><span class=\"eael-accordion-tab-title\">VLASTIVEDN\u00dd ZBORN\u00cdK POVA\u017dIA XIX \u2013 1998<\/span><i aria-hidden=\"true\" class=\"fa-toggle fas fa-angle-right\"><\/i><\/div><div id=\"elementor-tab-content-10619\" class=\"eael-accordion-content clearfix\" data-tab=\"19\" aria-labelledby=\"vlastivedn-zbornk-povaia-xix-1998\"><p><a href=\"https:\/\/ekniznice.cvtisr.sk\/view\/uuid:fd590c2b-99f8-4903-8839-2a52bf337b54?page=uuid:ac3177ba-34b1-412b-8f8f-651ee1fc0913\" target=\"_blank\" rel=\"noopener\">Elektronick\u00fd zdroj<\/a><\/p><p><em>Mrva, Mari\u00e1n: Pr\u00edhovor<\/em><br \/>\u0160kvarnov\u00e1, Monika: Sakr\u00e1lna tvorba Jozefa Hanulu v okol\u00ed \u017diliny a na Kysuciach<br \/>Ok\u00e1nikov\u00e1, M\u00e1ria: Z hist\u00f3rie \u0161kolstva v \u017diline (Re\u00e1lne gymn\u00e1zium 1918 &#8211; 1945)<br \/>Hallonov\u00e1, Katar\u00edna: Drot\u00e1rske zbierky v slovensk\u00fdch a \u010desk\u00fdch m\u00faze\u00e1ch<br \/>Mrvov\u00e1, Jaroslava: Re\u0161taurovanie rozmernej kompoz\u00edcie z umeleck\u00fdch zbierok Pova\u017esk\u00e9ho m\u00fazea v \u017diline<br \/>Urbanov\u00e1, Vikt\u00f3ria: Nelesn\u00e9 rastlinn\u00e9 spolo\u010denstv\u00e1 NPR K\u013eak<br \/>Hl\u00f4\u0161ka, Ladislav: Poznatky o sez\u00f3nnom v\u00fdskyte a hniezdnej biol\u00f3gii orla skaln\u00e9ho v Kriv\u00e1nskej Malej Fatre<br \/>Astalo\u0161, Boris: Kosce NPR K\u013eak v Malej Fatre<br \/>Astalo\u0161, Boris &#8211; Mih\u00e1l, I. -Ma\u0161\u00e1n, P. &#8211; Sta\u0148kov\u00e1, E. : Kosce chr\u00e1nenej krajinnej oblasti Kysuce<br \/>Svato\u0148, J. &#8211; Franc, V. &#8211; Kraj\u010da, A. &#8211; Krump\u00e1lov\u00e1, Z. : K poznaniu pav\u00fakov CHKO Kysuce<br \/>Muzeum v Sosnowcu: Kronika dzialalno\u015bci za lata 1995 &#8211; czerwiec 1998<br \/>Pra\u017eenicov\u00e1, Viera: Projekt a realiz\u00e1cia atnologick\u00e9ho v\u00fdskumu v oblasti Vodn\u00e9ho diela \u017dilina<br \/>\u0160kvarnov\u00e1, Monika: Premeny dr\u00f4tu<\/p><\/div>\n\t\t\t\t\t<\/div><div class=\"eael-accordion-list\">\n\t\t\t\t\t<div id=\"vlastivedn-zbornk-povaia-xx-2000\" class=\"elementor-tab-title eael-accordion-header\" tabindex=\"0\" data-tab=\"20\" aria-controls=\"elementor-tab-content-10620\"><span class=\"eael-advanced-accordion-icon-closed\"><i aria-hidden=\"true\" class=\"fa-accordion-icon fas fa-plus\"><\/i><\/span><span class=\"eael-advanced-accordion-icon-opened\"><i aria-hidden=\"true\" class=\"fa-accordion-icon fas fa-minus\"><\/i><\/span><span class=\"eael-accordion-tab-title\">VLASTIVEDN\u00dd ZBORN\u00cdK POVA\u017dIA XX \u2013 2000<\/span><i aria-hidden=\"true\" class=\"fa-toggle fas fa-angle-right\"><\/i><\/div><div id=\"elementor-tab-content-10620\" class=\"eael-accordion-content clearfix\" data-tab=\"20\" aria-labelledby=\"vlastivedn-zbornk-povaia-xx-2000\"><p><a href=\"https:\/\/ekniznice.cvtisr.sk\/view\/uuid:56725966-0347-499f-8401-522225e06555?page=uuid:accf6430-e65a-4d3b-bf00-7d2398a0e529\" target=\"_blank\" rel=\"noopener\">Elektronick\u00fd zdroj<\/a><\/p><p>Marsina, Richard: Rezidencia Spolo\u010dnosti Je\u017ei\u0161ovej v \u017diline 1674 \u2013 1773<br \/>Jan\u00e1\u010dik, Pavol: K v\u00fdro\u010diu (150.) katastrofy \u2013 mury v Terchovej-\u0160tefanovej<br \/>Thurzo, Igor: Fedor Ruppeldt a jeho koncepcia hlavn\u00e9ho mesta (Pr\u00edspevok k dejin\u00e1m slovensk\u00e9ho region\u00e1lneho myslenia)<br \/>\u017dilin\u010d\u00edk, Ivan: Lesn\u00e1 \u017eeleznica Podbiel \u2013 Habovka \u2013 Brestov\u00e1<br \/>Urbanov\u00e1, Vikt\u00f3ria: Nelesn\u00e9 rastlinn\u00e9 spolo\u010denstv\u00e1 skaln\u00fdch biotopov NPR Man\u00ednska \u00fa\u017eina<br \/>Hl\u00f4\u0161ka, Ladislav: Syn\u00fazie mikromamm\u00e1li\u00ed NPR Rozsutec I. \u010das\u0165<br \/>Hl\u00f4\u0161ka, Ladislav: Syn\u00fazie mikromamm\u00e1li\u00ed NPR Rozsutec II. \u010cas\u0165<br \/>Hl\u00f4\u0161ka, Ladislav: Anal\u00fdza syn\u00fazie mikromamm\u00e1li\u00ed brehov\u00fdch porastov vodn\u00e9ho toku Var\u00ednky pri obci Bel\u00e1<br \/>Moravec, J\u00e1n: \u017dilinsk\u00fd sen\u00e1tor Juraj Brod\u0148ansk\u00fd<br \/>Morav\u010d\u00edk, Jozef: Najstar\u0161ie os\u00eddlenie obc\u00ed v okol\u00ed Vodn\u00e9ho diela \u017dilina od star\u0161ej doby kamennej po stredovek<br \/>Kuruc\u00e1rov\u00e1, Jana: Vodn\u00e9 dielo \u017dilina \u2013 historick\u00fd v\u00fdvoj, os\u00eddlenie a v\u00fdvoj za feudalizmu<br \/>Ok\u00e1nikov\u00e1, M\u00e1ria: Historick\u00fd v\u00fdvoj obc\u00ed z\u00e1topovej oblasti Vodn\u00e9ho diela \u017dilina v rokoch 1918-1945<br \/>Pan\u010duhov\u00e1, Eva: V\u00fdro\u010dn\u00e9 zvyky v z\u00e1topovej oblasti Vodn\u00e9ho diela \u017dilina <br \/>Pra\u017eenicov\u00e1, Eva: \u013dudov\u00fd odev v Moj\u0161ovej L\u00fa\u010dke a okol\u00ed<br \/>Mintalov\u00e1, Zora: \u013dudov\u00e1 strava obyvate\u013eov z\u00e1topovej oblasti Vodn\u00e9ho diela \u017dilina<\/p><\/div>\n\t\t\t\t\t<\/div><div class=\"eael-accordion-list\">\n\t\t\t\t\t<div id=\"vlastivedn-zbornk-povaia-xxi-2002\" class=\"elementor-tab-title eael-accordion-header\" tabindex=\"0\" data-tab=\"21\" aria-controls=\"elementor-tab-content-10621\"><span class=\"eael-advanced-accordion-icon-closed\"><i aria-hidden=\"true\" class=\"fa-accordion-icon fas fa-plus\"><\/i><\/span><span class=\"eael-advanced-accordion-icon-opened\"><i aria-hidden=\"true\" class=\"fa-accordion-icon fas fa-minus\"><\/i><\/span><span class=\"eael-accordion-tab-title\">VLASTIVEDN\u00dd ZBORN\u00cdK POVA\u017dIA XXI \u2013 2002<\/span><i aria-hidden=\"true\" class=\"fa-toggle fas fa-angle-right\"><\/i><\/div><div id=\"elementor-tab-content-10621\" class=\"eael-accordion-content clearfix\" data-tab=\"21\" aria-labelledby=\"vlastivedn-zbornk-povaia-xxi-2002\"><p><em>Mrva, Mari\u00e1n: \u00davod<\/em><br \/>Morav\u010d\u00edk, Jozef: Opevnenie severoz\u00e1padn\u00e9ho Slovenska<br \/>Ok\u00e1nikov\u00e1, M\u00e1ria: Z hist\u00f3rie \u0161kolstva v \u017diline \u2013 Diev\u010densk\u00e9 gymn\u00e1zium v\u00a0\u017diline<br \/>Mrvov\u00e1, Jaroslava: Porcel\u00e1n v zbierkach Pova\u017esk\u00e9ho m\u00fazea v \u017diline<br \/>\u0160kvarnov\u00e1, Monika: V\u00fdtvarn\u00e9 diela s drot\u00e1rskou tematikou v slovensk\u00fdch m\u00faze\u00e1ch a gal\u00e9ri\u00e1ch<br \/>Bellanov\u00e1, So\u0148a: Geologick\u00fd invetariza\u010dn\u00fd v\u00fdskum v NPR Str\u00e1\u017eov<br \/>Urbanov\u00e1, Vikt\u00f3ria: Pr\u00edspevok k v\u00fdskytu inv\u00e1znych druhov fl\u00f3ry v \u017eilinskom regi\u00f3ne<br \/>Urbanov\u00e1, Vikt\u00f3ria: Rastlinstvo na brehoch V\u00e1hu v \u00faseku Doma\u0161\u00ednskeho meandra<br \/>Urbanov\u00e1, Vikt\u00f3ria: Zauj\u00edmavej\u0161ie floristick\u00e9 n\u00e1lezy v \u017dilinskej kotline a v bl\u00edzkom okol\u00ed<br \/>Hl\u00f4\u0161ka, Ladislav: Terestrick\u00e9 stavovce (Vertebrata) Doma\u0161\u00ednskeho meandra<br \/>Zatloukalov\u00e1, Andrea: Poddansk\u00e9 dediny mesta \u017diliny (Z\u00e1vodie, Kr\u00e1sno nad Kysucou, Horelica, O\u0161\u010dadnica, Zborov)<br \/>Hunka, J\u00e1n: V\u00fdnimo\u010dn\u00fd n\u00e1lez minc\u00ed zo za\u010diatku storo\u010dia z Tuchyne pri Ilave<br \/>Hunka, J\u00e1n \u2013 \u017dilin\u010d\u00edk, Ivan: N\u00e1lez pokladu minc\u00ed v \u010cadci v roku 2000<br \/>De\u00e1k, Ladislav: Po\u013esk\u00e9 \u00fazemn\u00e9 po\u017eiadavky na okolie \u010cadce v roku 1938<br \/>Turzo, Igor: Mojm\u00edr Vlkola\u010dek. Maliar a v\u00fdskumn\u00edk starej \u017diliny<br \/>R\u00e1bik, Vladim\u00edr: V\u00fdsadn\u00e1 listina Domani\u017ee z roku 1559. (Diplomaticko-paleografick\u00e1 a obsahov\u00e1 anal\u00fdza)<br \/>Duda, Josef \u2013 Duda, Ji\u0159\u00ed: Mechorosty Kysuck\u00e9 vrchoviny<br \/>Sabol, Martin: Morfometrick\u00e1 anal\u00fdza osteologick\u00fdch zvy\u0161kov medve\u010fov jaskynn\u00fdch (Ursus spelaeus ROSENMULLER et<br \/>HEINROTH, 1794)<br \/>Pa\u0161ka, \u0160tefan: \u017dilinsk\u00fd farsk\u00fd kostol kedysi a dnes<br \/><em>Mrva, Mari\u00e1n: Inform\u00e1cie o \u010dinnosti Pova\u017esk\u00e9ho m\u00fazea v \u017diline za roky 2000 \u2013 2001 <\/em><\/p><\/div>\n\t\t\t\t\t<\/div><div class=\"eael-accordion-list\">\n\t\t\t\t\t<div id=\"vlastivedn-zbornk-povaia-xxii-2004\" class=\"elementor-tab-title eael-accordion-header\" tabindex=\"0\" data-tab=\"22\" aria-controls=\"elementor-tab-content-10622\"><span class=\"eael-advanced-accordion-icon-closed\"><i aria-hidden=\"true\" class=\"fa-accordion-icon fas fa-plus\"><\/i><\/span><span class=\"eael-advanced-accordion-icon-opened\"><i aria-hidden=\"true\" class=\"fa-accordion-icon fas fa-minus\"><\/i><\/span><span class=\"eael-accordion-tab-title\">VLASTIVEDN\u00dd ZBORN\u00cdK POVA\u017dIA XXII - 2004<\/span><i aria-hidden=\"true\" class=\"fa-toggle fas fa-angle-right\"><\/i><\/div><div id=\"elementor-tab-content-10622\" class=\"eael-accordion-content clearfix\" data-tab=\"22\" aria-labelledby=\"vlastivedn-zbornk-povaia-xxii-2004\"><p>Martinick\u00fd, Miroslav: K dejin\u00e1m obc\u00ed pripojen\u00fdch k mestu \u017dilina<br \/>Morav\u010d\u00edk, Jozef: V\u00fdvoj n\u00e1zorov na vznik mesta \u017dilina a v\u00fdpove\u010f archeologick\u00fdch n\u00e1lezov<br \/>Marsina, Richard: Privil\u00e9gium kr\u00e1\u013ea \u017digmunda pre \u017eilinsk\u00fdch me\u0161\u0165anov z roku 1414<br \/>R\u00e1bik, Vladim\u00edr: Nezn\u00e1me listiny mesta \u017diliny z rokov 1385 a 1503. Sonda do diplomatiky \u017eilinsk\u00fdch stredovek\u00fdch list\u00edn<br \/>Ok\u00e1nikov\u00e1, M\u00e1ria: Obchodn\u00e1 \u0161kola v \u017diline<br \/>Janas, Karol: Slovensko-po\u013esk\u00e9 \u00fazemn\u00e9 spory a sp\u00f4soby ich rie\u0161enia na severoz\u00e1padnom Slovensku v rokoch 1938 \u2013 1939<br \/>Mi\u010durov\u00e1, Miroslava \u2013 Lichner, Du\u0161an: Vznik a v\u00fdvoj \u017eeleznice \u017dilina \u2013 Rajec. Z hist\u00f3rie \u017eeleznice \u017dilina \u2013 Rajec<br \/>Moravec, J\u00e1n: N\u00e1lezy kamenn\u00fdch n\u00e1strojov v Brodne<br \/>Hl\u00f4\u0161ka, Ladislav: Vplyv antropick\u00e9ho naru\u0161enia na \u0161trukt\u00faru spolo\u010denstiev mikromam\u00e1li\u00ed<br \/>Urbanov\u00e1, Vikt\u00f3ria: Nieko\u013eko zauj\u00edmav\u00fdch floristick\u00fdch n\u00e1lezov v oblasti severoz\u00e1padn\u00e9ho Slovenska<br \/>Duda, Josef \u2013 Duda, Ji\u0159\u00ed: Pr\u00edspevok k poznaniu machorostov v\u00fdchodnej \u010dasti Javorn\u00edky<br \/>Stollmann, Andrej: Storo\u010dnice ornitol\u00f3gov, na ktor\u00fdch sa nezab\u00fada <br \/><em>Mrva, Mari\u00e1n: Inform\u00e1cie o \u010dinnosti Pova\u017esk\u00e9ho m\u00fazea v \u017diline<\/em><\/p><\/div>\n\t\t\t\t\t<\/div><div class=\"eael-accordion-list\">\n\t\t\t\t\t<div id=\"vlastivedn-zbornk-povaia-xxiii-2006\" class=\"elementor-tab-title eael-accordion-header\" tabindex=\"0\" data-tab=\"23\" aria-controls=\"elementor-tab-content-10623\"><span class=\"eael-advanced-accordion-icon-closed\"><i aria-hidden=\"true\" class=\"fa-accordion-icon fas fa-plus\"><\/i><\/span><span class=\"eael-advanced-accordion-icon-opened\"><i aria-hidden=\"true\" class=\"fa-accordion-icon fas fa-minus\"><\/i><\/span><span class=\"eael-accordion-tab-title\">VLASTIVEDN\u00dd ZBORN\u00cdK POVA\u017dIA XXIII \u2013 2006<\/span><i aria-hidden=\"true\" class=\"fa-toggle fas fa-angle-right\"><\/i><\/div><div id=\"elementor-tab-content-10623\" class=\"eael-accordion-content clearfix\" data-tab=\"23\" aria-labelledby=\"vlastivedn-zbornk-povaia-xxiii-2006\"><p>Morav\u010d\u00edk, Jozef: Najstar\u0161ie os\u00eddlenie Pova\u017eskej Bystrice<br \/>\u0160imkov\u00e1, Zuzana: J\u00e1n Volko \u2013 Starohorsk\u00fd a jeho \u010dinnos\u0165 v oblasti<br \/>archeol\u00f3gie<br \/>Mrvov\u00e1, Jaroslava: Barokov\u00fd maliar Anton Konikovi\u010d<br \/>Dud\u00e1\u0161, Milo\u0161: Budovanie evanjelick\u00e9ho a v. kostola v \u017diline<br \/>Ok\u00e1nikov\u00e1, M\u00e1ria: MUDr. Du\u0161an Makovick\u00fd (1866 \u2013 1921)<br \/>Janas, Karol: Reforma verejnej spr\u00e1vy na Slovensku v roku 1940<br \/>Mi\u010durov\u00e1, Miroslava: Z hist\u00f3rie Pova\u017eskej \u017eeleznice<br \/>\u017dilin\u010d\u00edk, Ivan: Lesn\u00e1 \u00favra\u0165ov\u00e1 \u017eeleznica Lednick\u00e9 Rovne \u2013 Zub\u00e1k<br \/>\u017dilin\u010d\u00edk, Ivan: Lesn\u00e1 \u017eeleznica (Polomka-) Z\u00e1vadka nad Hronom \u2013 Fabov\u00e1<br \/>Wetter, Richard: Geomorfologick\u00fd v\u00fdskum povodia toku Struh\u00e1re\u0148 v Kysuckej vrchovine<br \/>Urbanov\u00e1, Vikt\u00f3ria: Tr\u00e1vnato-bylinn\u00e9 porasty v okol\u00ed Korne a Kloko\u010dova na Kysuciach<br \/>Hl\u00f4\u0161ka, Ladislav: M\u00e4kk\u00fd\u0161e (Mollusca: Gastropoda) al\u00favia Kriv\u00e1nskej rizne<br \/>Hl\u00f4\u0161ka, Ladislav: Distrib\u00facia drobn\u00fdch cicavcov a variabilita mikrohabitatov v \u00fadol\u00ed Kriv\u00e1nskej rizne<br \/>Mellner, Du\u0161an: Zamyslenie sa nad v\u00fdvojom n\u00e1mestia mesta \u017diliny<br \/>Koz\u00e1kov\u00e1, Katar\u00edna: Semin\u00e1r Mlyny a mlyn\u00e1rske remeslo<br \/>Mrvov\u00e1, Jaroslava: Medzin\u00e1rodn\u00e1 konferencia o magdeburskom pr\u00e1ve<br \/>Kendrov\u00e1, Katar\u00edna: Medzin\u00e1rodn\u00e1 vedeck\u00e1 konferencia \u201e M\u00fdtus a realita zbojn\u00edctva v po\u013esko-slovenskom pohrani\u010d\u00ed v hist\u00f3rii, literat\u00fare i kult\u00fare<br \/>Stollmann, Andrej: Vyznanie J\u00e1na Volku-Starohorsk\u00e9ho k Andrejovi Kme\u0165ovi, zakladate\u013eovi slovensk\u00e9ho m\u00fazejn\u00edctva<br \/><em>Mrva, Mari\u00e1n: Inform\u00e1cia o \u010dinnosti Pova\u017esk\u00e9ho m\u00fazea v \u017diline<\/em><br \/><br \/><\/p><\/div>\n\t\t\t\t\t<\/div><div class=\"eael-accordion-list\">\n\t\t\t\t\t<div id=\"vlastivedn-zbornk-povaia-xxiv-2009\" class=\"elementor-tab-title eael-accordion-header\" tabindex=\"0\" data-tab=\"24\" aria-controls=\"elementor-tab-content-10624\"><span class=\"eael-advanced-accordion-icon-closed\"><i aria-hidden=\"true\" class=\"fa-accordion-icon fas fa-plus\"><\/i><\/span><span class=\"eael-advanced-accordion-icon-opened\"><i aria-hidden=\"true\" class=\"fa-accordion-icon fas fa-minus\"><\/i><\/span><span class=\"eael-accordion-tab-title\">VLASTIVEDN\u00dd ZBORN\u00cdK POVA\u017dIA XXIV \u2013 2009<\/span><i aria-hidden=\"true\" class=\"fa-toggle fas fa-angle-right\"><\/i><\/div><div id=\"elementor-tab-content-10624\" class=\"eael-accordion-content clearfix\" data-tab=\"24\" aria-labelledby=\"vlastivedn-zbornk-povaia-xxiv-2009\"><p>\u010eUR\u010cO, Marek : Kostoly ako sakr\u00e1lne objekty vo farnostiach na strednom a hornom Pova\u017e\u00ed na prelome 17. a 18. storo\u010dia<br \/>JURECK\u00dd, Michal : Duchovn\u00e9 slu\u017eby \u017eilinsk\u00fdch franti\u0161k\u00e1nov v 18. storo\u010d\u00ed<br \/>OK\u00c1NIKOV\u00c1, M\u00e1ria : Z hist\u00f3rie \u0161kolstva v \u017diline \u2013 \u017didovsk\u00e1 \u013eudov\u00e1 \u0161kola<br \/>\u0160IMKO, Peter : Cestn\u00e1 doprava v okrese \u017dilina v obdob\u00ed 1848 \u2013 1918<br \/>WETTER, Richard: Geologick\u00e9 a geomorfologick\u00e9 pomery bradlov\u00e9ho p\u00e1sma<br \/>WETTER, Richard: Geomorfologick\u00e9 pomery NPR S\u00fa\u013eovsk\u00e9 skaly \u2013 charakter s\u00fa\u010dasn\u00fdch geomorfologick\u00fdch (reli\u00e9fotvorn\u00fdch) procesov<br \/>URBANOV\u00c1, Vikt\u00f3ria: S\u00fa\u010dasn\u00fd stav nelesnej fl\u00f3ry a veget\u00e1cie na vybran\u00fdch lokalit\u00e1ch v Kysuck\u00fdch Beskyd\u00e1ch a v Kysuckej vrchovine<br \/>HLO\u0160KA, Ladislav: Vplyv habitatov\u00fdch gradientov na \u0161trukt\u00faru spolo\u010denstiev drobn\u00fdch zemn\u00fdch cicavcov (eulipothypla, rodentia)<\/p><p><br \/>SPOMIENKY<br \/>Stollmann, Andrej : Zool\u00f3g v slu\u017eb\u00e1ch Pova\u017esk\u00e9ho m\u00fazea<\/p><\/div>\n\t\t\t\t\t<\/div><div class=\"eael-accordion-list\">\n\t\t\t\t\t<div id=\"vlastivedn-zbornk-povaia-xxv-2011\" class=\"elementor-tab-title eael-accordion-header\" tabindex=\"0\" data-tab=\"25\" aria-controls=\"elementor-tab-content-10625\"><span class=\"eael-advanced-accordion-icon-closed\"><i aria-hidden=\"true\" class=\"fa-accordion-icon fas fa-plus\"><\/i><\/span><span class=\"eael-advanced-accordion-icon-opened\"><i aria-hidden=\"true\" class=\"fa-accordion-icon fas fa-minus\"><\/i><\/span><span class=\"eael-accordion-tab-title\">VLASTIVEDN\u00dd ZBORN\u00cdK POVA\u017dIA XXV \u2013 2011<\/span><i aria-hidden=\"true\" class=\"fa-toggle fas fa-angle-right\"><\/i><\/div><div id=\"elementor-tab-content-10625\" class=\"eael-accordion-content clearfix\" data-tab=\"25\" aria-labelledby=\"vlastivedn-zbornk-povaia-xxv-2011\"><p><em>SPOLO\u010cENSKOVEDN\u00c1 \u010cAS\u0164<\/em><br \/>ZACHAR, J. \u2013 HOR\u0147\u00c1K, M: Archeologick\u00fd v\u00fdskum na Kalin\u010diakovej ulici v \u017diline<br \/>JURECK\u00dd, M.: Kostol sv. Barbory v \u017diline<br \/>\u0160IMKO, P.: Cestn\u00e1 doprava v okresoch \u017dilina a Byt\u010da v 2. polovici 18. a v 1. polovici 19. storo\u010dia na z\u00e1klade historick\u00fdch m\u00e1p<br \/>a opisov<br \/>PAR\u00c1\u010cOV\u00c1, A.: Revolu\u010dn\u00e9 roky 1848 \u2013 1849 v \u017diline a na Kysuciach<br \/>OK\u00c1NIKOV\u00c1, M.: \u017divnostn\u00edci v \u017diline v rokoch 1918 \u2013 1948<br \/>V\u00c1LEKOV\u00c1, M.: \u017dilina vo v\u00fdtvarnom umen\u00ed<br \/>V\u00c1LEKOV\u00c1, M.: Drot\u00e1ri a severn\u00e9 Slovensko v tvorbe Jaroslava Vodr\u00e1\u017eku<br \/>KENDROV\u00c1, K.: \u013dudov\u00e9 lie\u010denie vo Ve\u013ekom Rovnom<br \/>MARCINOV\u00c1, J.: \u013dudov\u00fd odev v \u010ci\u010dmanoch. Porovnanie stavu v minulosti a s\u00fa\u010dasnosti a transform\u00e1cia odevnej motiviky na<br \/>\u013dudovo-umeleck\u00fdch v\u00fdrobkoch<\/p><p><br \/><em>PR\u00cdRODOVEDN\u00c1 \u010cAS\u0164<\/em><br \/>WETTER, R.: Hrad Lietava. Vybran\u00e9 charakteristiky fyzicko-geografick\u00fdch pomerov najbli\u017e\u0161ieho okolia hradu a ich vplyv na fyzick\u00fd stav hradnej ruiny<br \/>URBANOV\u00c1, V.: Pr\u00edspevok k poznaniu mokra\u010fn\u00fdch spolo\u010denstiev v dolin\u00e1ch z\u00e1padnej \u010dasti L\u00fa\u010danskej Fatry<br \/>HLO\u0160KA, L.: \u010casopriestorov\u00e9 zmeny taxocen\u00f3zy mikromam\u00e1li\u00ed<br \/>horsk\u00e9ho \u00fadolia Kriv\u00e1nskej rizne v N\u00e1rodnom parku Mal\u00e1 Fatra<br \/>HLO\u0160KA, L.: Monitoring potenci\u00e1lneho vplyvu prev\u00e1dzky vetern\u00fdch elektr\u00e1rn\u00ed na distrib\u00faciu drobn\u00fdch zemn\u00fdch cicavcov \u2013<br \/>Rodentia, Soricimorpha<br \/>KALA\u0160, M.: Doprava a jej vplyv na popul\u00e1ciu medve\u010fa hned\u00e9ho<br \/>v \u0161ir\u0161ej oblasti N\u00e1rodn\u00e9ho parku Mal\u00e1 Fatra<\/p><p><br \/><em>N\u00c1LEZY \u2013 AKVIZ\u00cdCIE<\/em><br \/>KRI\u0160KOV\u00c1, L.: Bronzov\u00e1 sekerka z Terchovej<br \/>STANEKOV\u00c1, Z.: N\u00e1lez bronzov\u00fdch predmetov z Lietavskej Svinnej\u00a0<br \/>KRI\u0160KOV\u00c1, L.: Minca z Turskej skaly<br \/>KRI\u0160KOV\u00c1, L.: Uhorsk\u00fd den\u00e1r Rudolfa II.<\/p><p><br \/><em>OCHRANA ZBIEROK<\/em><br \/>DASKALAKIS, M.: Pravek\u00e1 kr\u00e1savica<br \/>\u0160PANOV\u00c1, A.: Madona s die\u0165a\u0165om \u2013 re\u0161taurovanie obrazu<br \/>\u0160PANOV\u00c1, A.: Ladislav Med\u0148ansk\u00fd: Drot\u00e1r \u2013 re\u0161taurovanie<br \/>lav\u00edrovanej kresby<br \/>LACHOV\u00c1, A.: Podvika z regi\u00f3nu \u010ci\u010dmian<br \/>LACHOV\u00c1, A.: Textiln\u00fd unik\u00e1t \u2013 \u010di\u010dmianske z\u00e1stery<br \/>SEDILEK, F.: Zhotovenie kostrov\u00e9ho prepar\u00e1tu orla skaln\u00e9ho<\/p><p><br \/><em>SPOMIENKY<\/em><br \/>\u017d\u010e\u00c1REK, P.: Vzpom\u00ednky ornitologa na \u017eilinsk\u00e1 l\u00e9ta<\/p><\/div>\n\t\t\t\t\t<\/div><div class=\"eael-accordion-list\">\n\t\t\t\t\t<div id=\"vlastivedn-zbornk-povaia-xxvi-2013\" class=\"elementor-tab-title eael-accordion-header\" tabindex=\"0\" data-tab=\"26\" aria-controls=\"elementor-tab-content-10626\"><span class=\"eael-advanced-accordion-icon-closed\"><i aria-hidden=\"true\" class=\"fa-accordion-icon fas fa-plus\"><\/i><\/span><span class=\"eael-advanced-accordion-icon-opened\"><i aria-hidden=\"true\" class=\"fa-accordion-icon fas fa-minus\"><\/i><\/span><span class=\"eael-accordion-tab-title\">VLASTIVEDN\u00dd ZBORN\u00cdK POVA\u017dIA XXVI \u2013 2013<\/span><i aria-hidden=\"true\" class=\"fa-toggle fas fa-angle-right\"><\/i><\/div><div id=\"elementor-tab-content-10626\" class=\"eael-accordion-content clearfix\" data-tab=\"26\" aria-labelledby=\"vlastivedn-zbornk-povaia-xxvi-2013\"><p><em>SPOLO\u010cENSKOVEDN\u00c1 \u010cAS\u0164<\/em><br \/>STANEKOV\u00c1, Z.: S\u00eddliskov\u00e1 aglomer\u00e1cia v Divinke so zrete\u013eom na s\u00eddlisko Ohr\u00e1dza<br \/>MAJER\u010c\u00cdKOV\u00c1, D.: Hromadn\u00fd n\u00e1lez po\u013enohospod\u00e1rskych n\u00e1strojov z hradiska na Ve\u013ekom vrchu pri Divinke<br \/>SLAN\u00c1, A.: \u00daprava priestoru pod mohylami vo v\u010dasnom stredoveku na severoz\u00e1padnom Slovensku<br \/>MORAV\u010c\u00cdK, J.: \u017dilinsk\u00fd hrad v historick\u00fdch prame\u0148och a archeologick\u00fdch v\u00fdskumoch<br \/>PAR\u00c1\u010cOV\u00c1, A.: \u017dilinsk\u00e9 pr\u00e1vo na Kysuciach<br \/>\u0160IMKO, P.: Cestn\u00e1 doprava v okrese \u017dilina v obdob\u00ed 1918 \u2013 1945<br \/>BIELIK, J.: Kaviarne v \u017diline v rokoch 1918 \u2013 1945<br \/>SOBOLA, M.: \u013dudov\u00e1 architekt\u00fara a stavite\u013estvo v doline Divinsk\u00e9ho potoka a jeho pr\u00edtokov<\/p><p><br \/><em>PR\u00cdRODOVEDN\u00c1 \u010cAS\u0164<\/em><br \/>URBANOV\u00c1, V.: Teplomiln\u00e9 porasty s mrvicou perovitou Scabioso-Ochroleucae-Brachypodietum pinnati Klika 1933 v Rajeckej kotline<br \/>SKUK\u00c1LEK, J.: Roz\u0161\u00edrenie vstava\u010dovit\u00fdch v katastr\u00e1lnom \u00fazem\u00ed obce Kol\u00e1rovice (Javorn\u00edky)<br \/>HLO\u0160KA, L.: \u0160truktur\u00e1lne a priestorov\u00e9 zmeny lok\u00e1lnych popul\u00e1ci\u00ed drobn\u00fdch zemn\u00fdch cicavcov (Rodentia,Soricimorpha)<br \/>v lokalite T\u00ed\u017einka (NP Mal\u00e1 Fatra)<br \/>PEPICH, P. \u2013 PEPICH, K.: Stanovenie pribli\u017enej vekovej a soci\u00e1lnej \u0161trukt\u00fary druhu medve\u010f hned\u00fd (ursus arctos) v CHKO Str\u00e1\u017eovsk\u00e9 vrchy na z\u00e1klade met\u00f3dy celoro\u010dn\u00e9ho monitoringu stopov\u00fdch dr\u00e1h a stopov\u00fdch odtla\u010dkov<br \/>PEPICH, P.: &#8211; PEPICH, K.: Aktivita medve\u010fa hned\u00e9ho Ursus arctos v Str\u00e1\u017eovsk\u00fdch vrchoch<\/p><p><br \/><em>SPOMIENKY<\/em><br \/>KENDROV\u00c1, K.: Spomienky Imricha Tarar\u00edka na \u010dasy drot\u00e1rske<\/p><p>\u00a0<\/p><p><em>RECENZIE<\/em><br \/>MORAV\u010c\u00cdK, J.: Michal Bada: \u017divot v \u017diline v zrkadle jej mestskej knihy. Ka\u017edodennos\u0165 \u017dilin\u010danov na z\u00e1klade anal\u00fdzy z\u00e1pisov<br \/>\u017dilinskej mestskej knihy na prelome stredoveku a ran\u00e9ho novoveku. Veda, Bratislava 2011, 138 s.<\/p><p><br \/><em>ROZH\u013dADY<\/em><br \/>SAKALOV\u00c1, J.: Kni\u017enica Pova\u017esk\u00e9ho m\u00fazea v \u017diline<br \/>STARINSK\u00c1, M.: Depozit\u00e1re a ulo\u017eenie zbierok v Pova\u017eskom m\u00fazeu v \u017diline<\/p><p><br \/><em>INOV\u00c1CIE A KREATIVITA M\u00daZE\u00cd V ZRIA\u010eOVATE\u013dSKEJ POSOBNOSTI \u017dILINSK\u00c9HO SAMOSPR\u00c1VNEHO KRAJA<\/em><br \/>ZUSKINOV\u00c1, I.: Inova\u010dn\u00e9 procesy v pr\u00e1ci Liptovsk\u00e9ho m\u00fazea v<br \/>Ru\u017eomberku<br \/>ILENINOV\u00c1, K.: Kreativita a inov\u00e1cia v prezenta\u010dnej \u010dinnosti<br \/>Oravsk\u00e9ho m\u00fazea<br \/>BRZIAKOV\u00c1, A. \u2013 MAR\u0160ALOV\u00c1, A.: Kedy sme a kedy nie sme trendy m\u00fazeum?<br \/>HLO\u0160KA, L.: Modern\u00e9 ekologick\u00e9 met\u00f3dy v m\u00fazejnej zool\u00f3gii<br \/>\u0160IMKO, P.: M\u00fazeum s pridru\u017eenou v\u00fdrobou<\/p><\/div>\n\t\t\t\t\t<\/div><div class=\"eael-accordion-list\">\n\t\t\t\t\t<div id=\"vlastivedn-zbornk-povaia-xxvii-2015\" class=\"elementor-tab-title eael-accordion-header\" tabindex=\"0\" data-tab=\"27\" aria-controls=\"elementor-tab-content-10627\"><span class=\"eael-advanced-accordion-icon-closed\"><i aria-hidden=\"true\" class=\"fa-accordion-icon fas fa-plus\"><\/i><\/span><span class=\"eael-advanced-accordion-icon-opened\"><i aria-hidden=\"true\" class=\"fa-accordion-icon fas fa-minus\"><\/i><\/span><span class=\"eael-accordion-tab-title\">VLASTIVEDN\u00dd ZBORN\u00cdK POVA\u017dIA XXVII \u2013 2015<\/span><i aria-hidden=\"true\" class=\"fa-toggle fas fa-angle-right\"><\/i><\/div><div id=\"elementor-tab-content-10627\" class=\"eael-accordion-content clearfix\" data-tab=\"27\" aria-labelledby=\"vlastivedn-zbornk-povaia-xxvii-2015\"><p><em>SPOLO\u010cENSKOVEDN\u00c1 \u010cAS\u0164<\/em><br \/>FUSEK, G. \u2013 SLAN\u00c1, A.: Nov\u00e9 poznatky z prieskumu hradiska Ve\u013ek\u00fd vrch pri Divinke<br \/>STANEKOV\u00c1, Z.: Nepublikovan\u00e9 n\u00e1lezy z hradiska Stran\u00edk v \u017diline \u2013 Z\u00e1stran\u00ed<br \/>BIELICH, M.: Spr\u00e1va o archeologickom v\u00fdskume na Hri\u010dovskom hrade v roku 2012<br \/>\u0160PANIHEL, S.: Ben\u00e1tske berretino z hradu Stre\u010dno<br \/>R\u00c1BIK, V.: Rosina v stredoveku<br \/>\u0160IMKO, P.: Cestn\u00e1 doprava na Hornom Pova\u017e\u00ed v stredoveku<br \/>BERN\u00c1TOV\u00c1, M.: Peter a Mikul\u00e1\u0161 Kostkovci zo Sedl\u00edc, ich p\u00f4vod a erb<br \/>VELI\u010cKA, D.: Pozn\u00e1mky k v\u00fdvoju pe\u010dat\u00ed obc\u00ed severoz\u00e1padn\u00e9ho Slovenska<br \/>KENDROV\u00c1, K.: J\u00e1no\u0161\u00edkovsk\u00e1 trad\u00edcia vo v\u00fdtvarnom prejave slovensk\u00e9ho \u013eudu a neprofesion\u00e1lnych umelcov<br \/>ADAMUSOV\u00c1, J.: Tragick\u00e1 smr\u0165 drot\u00e1ra J\u00e1na Gallika a jej odraz v umen\u00ed<\/p><p>\u00a0<\/p><p><em>PR\u00cdRODOVEDN\u00c1 \u010cAS\u0164<\/em><br \/>URBANOV\u00c1, V.: Rastlinstvo v okol\u00ed Vodnej n\u00e1dr\u017ee Hri\u010dov<\/p><p>\u00a0<\/p><p><em>\u0160IMKO, P.: Spr\u00e1va o \u010dinnosti Pova\u017esk\u00e9ho m\u00fazea v \u017diline za roky 2014 a 2015.<\/em><\/p><\/div>\n\t\t\t\t\t<\/div><div class=\"eael-accordion-list\">\n\t\t\t\t\t<div id=\"vlastivedn-zbornk-povaia-xxviii-2017\" class=\"elementor-tab-title eael-accordion-header\" tabindex=\"0\" data-tab=\"28\" aria-controls=\"elementor-tab-content-10628\"><span class=\"eael-advanced-accordion-icon-closed\"><i aria-hidden=\"true\" class=\"fa-accordion-icon fas fa-plus\"><\/i><\/span><span class=\"eael-advanced-accordion-icon-opened\"><i aria-hidden=\"true\" class=\"fa-accordion-icon fas fa-minus\"><\/i><\/span><span class=\"eael-accordion-tab-title\">VLASTIVEDN\u00dd ZBORN\u00cdK POVA\u017dIA XXVIII \u2013 2017<\/span><i aria-hidden=\"true\" class=\"fa-toggle fas fa-angle-right\"><\/i><\/div><div id=\"elementor-tab-content-10628\" class=\"eael-accordion-content clearfix\" data-tab=\"28\" aria-labelledby=\"vlastivedn-zbornk-povaia-xxviii-2017\"><p><em>SPOLO\u010cENSKOVEDN\u00c1 \u010cAS\u0164<\/em><br \/>MORAV\u010c\u00cdK, J.: Pravek obce Rosina<br \/>STANEKOV\u00c1, Z.: Archeologick\u00fd v\u00fdskum pastierskeho pr\u00edstre\u0161ku na Ve\u013ekom vrchu v Divinke<br \/>SLAN\u00c1, A.: Stredovek\u00e9 \u017eacie a zberov\u00e9 n\u00e1radie v zbierkach Pova\u017esk\u00e9ho m\u00fazea v \u017diline<br \/>BIELICH, M.: Archeologick\u00fd v\u00fdskum Lietavsk\u00e9ho hradu v rokoch 2014 \u2013 2016<br \/>BERN\u00c1TOV\u00c1, M.: Rod Ko\u0161ela v \u017diline v 16. \u2013 17. Storo\u010d\u00ed<br \/>KENDROV\u00c1, K.: Tradi\u010dn\u00e1 strava drot\u00e1rskej obce Ve\u013ek\u00e9 Rovn\u00e9<\/p><p><br \/><em>PR\u00cdRODOVEDN\u00c1 \u010cAS\u0164<\/em><br \/>KICKOV\u00c1, K.: Botanick\u00e1 bibliografia zbernej oblasti Pova\u017esk\u00e9ho m\u00fazea v \u017diline od roku 1993<br \/>HLO\u0160KA, L.: Morfometrick\u00e1 anal\u00fdza lebiek kuny skalnej (Martes foina) zo zbierok Pova\u017esk\u00e9ho m\u00fazea v \u017diline<\/p><p><br \/><em>MISCELLANEA<\/em><br \/>STANEKOV\u00c1, Z.: Archeol\u00f3gia v Pova\u017eskom m\u00fazeu v \u017diline a jej jubilanti<br \/><em>\u0160IMKO, P.: Spr\u00e1va o \u010dinnosti Pova\u017esk\u00e9ho m\u00fazea v \u017diline za roky 2016 &#8211; 2017<\/em><\/p><\/div>\n\t\t\t\t\t<\/div><div class=\"eael-accordion-list\">\n\t\t\t\t\t<div id=\"vlastivedn-zbornk-povaia-xxix-2019\" class=\"elementor-tab-title eael-accordion-header\" tabindex=\"0\" data-tab=\"29\" aria-controls=\"elementor-tab-content-10629\"><span class=\"eael-advanced-accordion-icon-closed\"><i aria-hidden=\"true\" class=\"fa-accordion-icon fas fa-plus\"><\/i><\/span><span class=\"eael-advanced-accordion-icon-opened\"><i aria-hidden=\"true\" class=\"fa-accordion-icon fas fa-minus\"><\/i><\/span><span class=\"eael-accordion-tab-title\">VLASTIVEDN\u00dd ZBORN\u00cdK POVA\u017dIA XXIX \u2013 2019<\/span><i aria-hidden=\"true\" class=\"fa-toggle fas fa-angle-right\"><\/i><\/div><div id=\"elementor-tab-content-10629\" class=\"eael-accordion-content clearfix\" data-tab=\"29\" aria-labelledby=\"vlastivedn-zbornk-povaia-xxix-2019\"><p><em>SPOLO\u010cENSKOVEDN\u00c1 \u010cAS\u0164<\/em><br \/>BERN\u00c1TOV\u00c1, M.: S\u00fakenn\u00edcky rod Rekovcov zo \u017diliny<br \/>HLOB\u00cdKOV\u00c1, D.: \u017dilinsk\u00e9 v\u00fdrobno-hospod\u00e1rske dru\u017estvo Interhelpo (1923 \u2013 1943)<br \/>\u0160IMKO, P.: V\u00fdvoj verejnej cestnej dopravy v rokoch 1945 \u2013 1962<br \/>v regi\u00f3noch Horn\u00e9 Pova\u017eie, Kysuce a Turiec<\/p><p><br \/><em>PR\u00cdRODOVEDN\u00c1 \u010cAS\u0164<\/em><br \/>KICKOV\u00c1, K.: Aktu\u00e1lny stav vegeta\u010dn\u00fdch pomerov H\u00fdrovskej slatiny<br \/>KICKO, J.: Aktu\u00e1lny stav popul\u00e1cie orla krik\u013eav\u00e9ho (Clanga pomarina) v Turci \u2013 hniezdna \u00faspe\u0161nos\u0165, produktivita a zanikanie<br \/>terit\u00f3ri\u00ed<\/p><p><br \/><em>MISCELLANEA<\/em><br \/>\u0160IMKO, P. \u2013 HALLONOV\u00c1, K.: \u010cinnos\u0165 Pova\u017esk\u00e9ho m\u00fazea v \u017diline v rokoch 2018 \u2013 2019<br \/>STANEKOV\u00c1, Z.: Aktivity Pova\u017esk\u00e9ho m\u00fazea v oblasti archeol\u00f3gie v rokoch 2017 \u2013 2019<br \/>KICKOV\u00c1, K.: Prezent\u00e1cia odborn\u00fdch a vzdel\u00e1vac\u00edch aktiv\u00edt v Pova\u017eskom m\u00fazeu v rokoch 2018 \u2013 2019<br \/>STANEKOV\u00c1, Z.: Tret\u00ed ro\u010dn\u00edk konferencie stredoslovensk\u00fdch archeol\u00f3gov<\/p><p>\u00a0<\/p><p><em>FORTIFIK\u00c1CIE NA SLOVENSKO-MORAVSKOM POHRANI\u010c\u00cd<\/em><br \/><em>(pr\u00edspevky z konferencie)<\/em><br \/>PE\u0160KA, J. \u2013 MELLNEROV\u00c1 \u0160UTEKOV\u00c1, J. \u2013 \u0160PANIHEL, S.: Fortifikace eneolitu a doby bronzov\u00e9 na \u0161ir\u0161\u00edm moravsko-slovensk\u00e9m pomez\u00ed<br \/>\u010cI\u017dM\u00c1R, I. a kol.: Detekorov\u00e1 prospekce na v\u00fd\u0161inn\u00e9 lokalit\u011b Rysov u Provodova (okr. Zl\u00edn) v roce 2017<br \/>FUSEK, G.: Pevnostn\u00fd syst\u00e9m hradiska v Divinke<br \/>HOLE\u0160\u010c\u00c1K, M. \u2013 SLAN\u00c1, A.: Archeologick\u00fd v\u00fdskum stredovek\u00e9ho hr\u00e1dku v Divinke, poloha Hradisko<br \/>BEDN\u00c1R, P.: Drevozemn\u00e9 opevnenia v Kysuckej vrchovine<br \/>FOJT\u00cdK, A. \u2013 VRLA, R.: Pozn\u00e1mky k pruzkumu a oprav\u011b severn\u00edho \u010dela hradu Brumov v letech 2018 a 2019<br \/>MIH\u00c1LIK, J. \u2013 TAK\u00c1\u010cOV\u00c1, M.: Stavebn\u00fd v\u00fdvoj hradu Hri\u010dov<br \/>VOJTE\u010cEK, M.: Relikty novovek\u00e9ho fortifika\u010dn\u00e9ho syst\u00e9mu v \u010ciernom na Kysuciach<\/p><\/div>\n\t\t\t\t\t<\/div><div class=\"eael-accordion-list\">\n\t\t\t\t\t<div id=\"vlastivedn-zbornk-povaia-xxx-2021\" class=\"elementor-tab-title eael-accordion-header\" tabindex=\"0\" data-tab=\"30\" aria-controls=\"elementor-tab-content-10630\"><span class=\"eael-advanced-accordion-icon-closed\"><i aria-hidden=\"true\" class=\"fa-accordion-icon fas fa-plus\"><\/i><\/span><span class=\"eael-advanced-accordion-icon-opened\"><i aria-hidden=\"true\" class=\"fa-accordion-icon fas fa-minus\"><\/i><\/span><span class=\"eael-accordion-tab-title\">VLASTIVEDN\u00dd ZBORN\u00cdK POVA\u017dIA XXX \u2013 2021<\/span><i aria-hidden=\"true\" class=\"fa-toggle fas fa-angle-right\"><\/i><\/div><div id=\"elementor-tab-content-10630\" class=\"eael-accordion-content clearfix\" data-tab=\"30\" aria-labelledby=\"vlastivedn-zbornk-povaia-xxx-2021\"><p><em><strong>HIST\u00d3RIA \u017dILINY 1321 \u2013 2021<\/strong><\/em><\/p><p>\u00a0<\/p><p><em>\u0160T\u00daDIE<\/em><br \/>R\u00c1BIK, V.: Okolnosti vydania privil\u00e9gia kr\u00e1\u013ea Karola R\u00f3berta pre \u017dilinu v roku 1321<br \/>VELI\u010cKA, D.: Nezn\u00e1ma stredovek\u00e1 listina pre dedi\u010dn\u00e9ho richt\u00e1ra v Z\u00e1dubn\u00ed<br \/>\u0160PANIHEL, S. \u2013 ZAJACOV\u00c1, B.: Nov\u00e9 poznatky k problematike opevnenia \u017diliny \u2013 v\u00fdskum na ulici Romualda Zaymusa v roku 2019<br \/>LOPATKOV\u00c1, Z. \u2013 HARV\u00c1NKOV\u00c1, R.: \u017dilina vo svetle da\u0148ov\u00fdch s\u00fapisov obyvate\u013estva z rokov 1715 a 1720<br \/>DUD\u00c1\u0160, M.: \u017dilinsk\u00e1 fara a okolnosti jej z\u00e1niku<br \/>ZVEDELOV\u00c1, K. \u2013 MAJTAN, V.: Architektonicko-historick\u00fd v\u00fdskum \u017eilinskej katedr\u00e1ly s d\u00f4razom na najnov\u0161ie n\u00e1lezy z roku 2020<br \/>SLAN\u00c1, A. \u2013 BODORIKOV\u00c1, S. \u2013 D\u00d6RNH\u00d6FEROV\u00c1, M. \u2013 KRU\u0160INSK\u00dd, P. \u2013 GAJANOV\u00c1, D. \u2013 PAVL\u00cdKOV\u00c1, \u0160.: Objav krypty v katedr\u00e1le Najsv\u00e4tej\u0161ej Trojice v \u017diline (prv\u00e1 etapa v\u00fdskumu)<br \/>JANURA, T. \u2013 ZVEDELOV\u00c1, K.: Kaplnka Panny M\u00e1rie Loret\u00e1nskej na Starom cintor\u00edne v \u017diline<br \/>BERN\u00c1TOV\u00c1, M.: Majitelia domov na r\u00ednku v 17. storo\u010d\u00ed; pr\u00edspevok k met\u00f3de v\u00fdskumu v historickej \u010dasti \u017diliny<br \/>MACH\u00ddL, M.: Jezuitsk\u00e9 \u0161kolsk\u00e9 hry v \u017diline v 18. Storo\u010d\u00ed<br \/>ADAM\u010c\u00cdK, T.: \u017dilinsk\u00e1 rodina Geromettovcov<br \/>BUDAJ, M.: Tvorba \u017eidovsk\u00fdch architektov v \u017diline<br \/>STR\u00c1SKA, J.: \u00daloha Vojtecha Tvrd\u00e9ho v rie\u0161en\u00ed tzv. \u017eidovskej ot\u00e1zky v rokoch 1938 \u2013 1945 s akcentom na jeho postoje k \u017eidovsk\u00e9mu obyvate\u013estvu v prostred\u00ed \u017diliny<br \/>HLOB\u00cdKOV\u00c1, D.: N\u00e1v\u0161tevy prezidenta Jozefa Tisa v \u017diline<\/p><p><br \/><em>POLEMIKY<\/em><br \/>BUCHTA, A.: Prv\u00fd \u017eilinsk\u00fd dedi\u010dn\u00fd richt\u00e1r Petzold<\/p><p><br \/><em>MISCELLANEA<\/em><br \/>MORAV\u010c\u00cdK, J.: V\u00fdznam prof. Richarda Marsinu, DrSc. pre hist\u00f3riu \u017diliny<br \/>\u0160IMKO, P.: Vlastivedn\u00fd zborn\u00edk Pova\u017eia jubiluje svojim tridsiatym pokra\u010dovan\u00edm<\/p><\/div>\n\t\t\t\t\t<\/div><div class=\"eael-accordion-list\">\n\t\t\t\t\t<div id=\"vlastivedn-zbornk-povaia-xxxi-2023\" class=\"elementor-tab-title eael-accordion-header\" tabindex=\"0\" data-tab=\"31\" aria-controls=\"elementor-tab-content-10631\"><span class=\"eael-advanced-accordion-icon-closed\"><i aria-hidden=\"true\" class=\"fa-accordion-icon fas fa-plus\"><\/i><\/span><span class=\"eael-advanced-accordion-icon-opened\"><i aria-hidden=\"true\" class=\"fa-accordion-icon fas fa-minus\"><\/i><\/span><span class=\"eael-accordion-tab-title\">VLASTIVEDN\u00dd ZBORN\u00cdK POVA\u017dIA XXXI - 2023<\/span><i aria-hidden=\"true\" class=\"fa-toggle fas fa-angle-right\"><\/i><\/div><div id=\"elementor-tab-content-10631\" class=\"eael-accordion-content clearfix\" data-tab=\"31\" aria-labelledby=\"vlastivedn-zbornk-povaia-xxxi-2023\"><p>OPOROSKOV\u00c1, S.:\u00a0Pozn\u00e1mky k stavebn\u00e9mu v\u00fdvoju S\u00fa\u013eovsk\u00e9ho hradu<br \/>STANEKOV\u00c1, Z. &#8211; MAJER\u010c\u00cdKOV\u00c1, D. &#8211; BOTH, M.:\u00a0Predbe\u017en\u00e9 v\u00fdsledky archeologick\u00e9ho v\u00fdskumu ka\u0161tie\u013ea v Byt\u010di v rokoch 2021 \u2013 2022<br \/>CHLEPKO, P.:\u00a0Iure Theutonicali, eo iure, quolocata est civitas Silniensis\u2026 Nieko\u013eko pozn\u00e1mok k povahe a v\u00fdznamu \u017eilinsk\u00e9ho pr\u00e1va v stredoveku<br \/>VELI\u010cKA, D.:\u00a0Brodi\u0161ova Lopata alebo Brodi sew Lopata? (pokus o interpret\u00e1ciu spornej lokality z don\u00e1cie zeme Kysuca z roku 1244)<br \/>BERN\u00c1TOV\u00c1, M.:\u00a0Vlastn\u00edctvo domov na Mari\u00e1nskom n\u00e1mest\u00ed v \u017diline v 17. \u2013 18. storo\u010d\u00ed (domy \u010d. 2, 3, 4)<br \/>ZVEDELOV\u00c1, K. \u2013\u0160IMKO, P.:\u00a0V\u00fdvoj a stavebno-historick\u00e1 anal\u00fdza v\u00fdpravnej budovy \u017eelezni\u010dnej stanice \u017dilina<br \/>STR\u00c1SKA, J.:\u00a0Spolo\u010densko-politick\u00e1 situ\u00e1cia v okrese \u017dilina v obdob\u00ed auton\u00f3mie Slovenska (okt\u00f3ber 1938 \u2013 marec 1939)<br \/>KICKOV\u00c1, K.:\u00a0Floristick\u00e1 charakteristika mokrade Pod Vraninami v Rajeckej kotline<br \/>HLO\u0160KA, L.:\u00a0Ornitocen\u00f3zy Vodn\u00e9ho diela \u017dilina a s\u00favisiacich biotopov a ich zmeny v rokoch 1992 \u2013 2023<\/p><p><em>MISCELLANEA<\/em><br \/>MIH\u00c1LIK, J.:\u00a0Z\u00e1chrana m\u00fdtnice v obci Doln\u00fd Hri\u010dov<br \/>SLAN\u00c1, A.:\u00a0\u017divotn\u00e9 jubileum Jozefa Morav\u010d\u00edka<br \/>\u0160IMKO, P. &#8211; KICKOV\u00c1, K.:\u00a0\u010cinnos\u0165 Pova\u017esk\u00e9ho m\u00fazea v rokoch 2022 \u2013 2023<\/p><\/div>\n\t\t\t\t\t<\/div><\/div>\t\t\t\t<\/div>\n\t\t\t\t<\/div>\n\t\t\t\t<div class=\"elementor-element elementor-element-a364a67 elementor-widget elementor-widget-spacer\" data-id=\"a364a67\" data-element_type=\"widget\" data-widget_type=\"spacer.default\">\n\t\t\t\t<div class=\"elementor-widget-container\">\n\t\t\t\t\t\t\t<div class=\"elementor-spacer\">\n\t\t\t<div class=\"elementor-spacer-inner\"><\/div>\n\t\t<\/div>\n\t\t\t\t\t\t<\/div>\n\t\t\t\t<\/div>\n\t\t\t\t<div class=\"elementor-element elementor-element-85c5dcd elementor-widget elementor-widget-heading\" data-id=\"85c5dcd\" data-element_type=\"widget\" data-widget_type=\"heading.default\">\n\t\t\t\t<div class=\"elementor-widget-container\">\n\t\t\t\t\t<h2 class=\"elementor-heading-title elementor-size-default\"><h4 data-elementor-setting-key=\"title\" data-pen-placeholder=\"P\u00ed\u0161te tu...\" style=\"font-size: 1.33333rem;font-style: normal;text-transform: none\">Inform\u00e1cie pre autorov pr\u00edspevkov<span style=\"font-size: 2rem;font-weight: 400;text-transform: inherit\"><\/span><\/h4><\/h2>\t\t\t\t<\/div>\n\t\t\t\t<\/div>\n\t\t\t\t<div class=\"elementor-element elementor-element-0c4b257 elementor-widget elementor-widget-text-editor\" data-id=\"0c4b257\" data-element_type=\"widget\" data-widget_type=\"text-editor.default\">\n\t\t\t\t<div class=\"elementor-widget-container\">\n\t\t\t\t\t\t\t\t\t<p>Pova\u017esk\u00e9 m\u00fazeum uverej\u0148uje v zborn\u00edku vedeck\u00e9 pr\u00e1ce zamestnancov m\u00fazea a extern\u00fdch prispievate\u013eov. Zverejni\u0165 je mo\u017en\u00e9 len p\u00f4vodn\u00e9 vedeck\u00e9 pr\u00e1ce. Redakcia m\u00f4\u017ee odmietnu\u0165 uverejnenie pr\u00edspevku, ktor\u00fd bol pon\u00faknut\u00fd aj in\u00e9mu periodiku, ktor\u00fd nesp\u013a\u0148a form\u00e1lne n\u00e1le\u017eitosti a obsahov\u00e9 zameranie zborn\u00edka, alebo ak sa autor pri sprac\u00favan\u00ed t\u00e9my dopustil nekorektn\u00fdch postupov.\u00a0<\/p><div class=\"row row-edge \"><div class=\"col-md-12\"><p><strong>Najbli\u017e\u0161ie \u010d\u00edslo XXXII vyjde v roku 2025. Redak\u010dn\u00e1 uz\u00e1vierka je 31. 5. 2025. V priebehu j\u00fana 2025 pos\u00fadi form\u00e1lnu str\u00e1nku pr\u00edspevkov redakcia a za\u0161le pr\u00edspevky recenzentom. V septembri 2025 schv\u00e1li obsah zborn\u00edka Redak\u010dn\u00e1 rada. Konzult\u00e1cie \/ zasielanie pr\u00edspevkov: Mgr. Peter \u0160imko, PhD. \/ 0918 737 653 \/ simko@pmza.sk alebo muzeum@pmza.sk. Pros\u00edme autorov, aby si\u00a0<u>pre\u0161tudovali a dodr\u017eali ni\u017e\u0161ie uveden\u00e9 pokyny.\u00a0<\/u><\/strong><\/p><\/div><\/div>\t\t\t\t\t\t\t\t<\/div>\n\t\t\t\t<\/div>\n\t\t\t\t<div class=\"elementor-element elementor-element-dd43267 elementor-align-center elementor-widget elementor-widget-button\" data-id=\"dd43267\" data-element_type=\"widget\" data-widget_type=\"button.default\">\n\t\t\t\t<div class=\"elementor-widget-container\">\n\t\t\t\t\t\t\t\t\t<div class=\"elementor-button-wrapper\">\n\t\t\t\t\t<a class=\"elementor-button elementor-button-link elementor-size-sm\" href=\"https:\/\/pmza.sk\/wp-content\/uploads\/2023\/09\/Pokyny-pre-autorov-prispevkov-Vlastivedny-zbornik-Povazia-uprava-2023.pdf\">\n\t\t\t\t\t\t<span class=\"elementor-button-content-wrapper\">\n\t\t\t\t\t\t\t\t\t<span class=\"elementor-button-text\">Pokyny pre autorov pr\u00edspevkov<\/span>\n\t\t\t\t\t<\/span>\n\t\t\t\t\t<\/a>\n\t\t\t\t<\/div>\n\t\t\t\t\t\t\t\t<\/div>\n\t\t\t\t<\/div>\n\t\t\t\t<div class=\"elementor-element elementor-element-ccb7551 elementor-widget elementor-widget-text-editor\" data-id=\"ccb7551\" data-element_type=\"widget\" data-widget_type=\"text-editor.default\">\n\t\t\t\t<div class=\"elementor-widget-container\">\n\t\t\t\t\t\t\t\t\t<div class=\"row row-edge \"><div class=\"col-md-12\"><h4>Redak\u010dn\u00e1 rada Vlastivedn\u00e9ho zborn\u00edka Pova\u017eia:<\/h4><\/div><\/div><div class=\"row row-edge \"><div class=\"col-md-12 col-xs-offset-0 col-sm-offset-0 col-md-offset-0 col-lg-offset-0 col-xs-pull-0 col-sm-pull-0 col-md-pull-0 col-lg-pull-0 col-xs-push-0 col-sm-push-0 col-md-push-0 col-lg-push-0\"><div class=\"motopress-text-obj\"><p><strong>Predseda:<\/strong> <br \/>Mgr. Michal Jureck\u00fd<\/p><p><strong>Extern\u00ed \u010dlenovia:<\/strong><br \/>Prof. PhDr. Vladim\u00edr R\u00e1bik, PhD.<br \/>Mgr. et Mgr. Michal \u010cajka, PhD.<br \/>Mgr. Andrej Bend\u00edk, PhD.<br \/>Mgr. Martin Furman, PhD.<\/p><p><strong>Redakcia:<br \/><\/strong>\u0160\u00e9fredaktor:<strong><br \/><\/strong>Mgr. Peter \u0160imko, PhD.<\/p><p>Redaktori:<br \/>Mgr. Andrea Slan\u00e1, PhD.<br \/><span style=\"font-size: 15px;\">Mgr. Katar\u00edna Hallonov\u00e1<br \/><\/span><span style=\"font-size: 15px;\">Ing. J\u00e1n Topercer, CSc.<br \/><\/span><span style=\"font-size: 15px;\">PhDr. Zuzana Stanekov\u00e1\u00a0 \u00a0 \u00a0 \u00a0 \u00a0 \u00a0 \u00a0 \u00a0 \u00a0 \u00a0 \u00a0 \u00a0 \u00a0 \u00a0 \u00a0 \u00a0 \u00a0 \u00a0 \u00a0 \u00a0 \u00a0 \u00a0 \u00a0 \u00a0 \u00a0 \u00a0 \u00a0 \u00a0 \u00a0 \u00a0 \u00a0 \u00a0 \u00a0 \u00a0 \u00a0 \u00a0 \u00a0 \u00a0 \u00a0 \u00a0 \u00a0 \u00a0 \u00a0 \u00a0 \u00a0 \u00a0 \u00a0 \u00a0 \u00a0 \u00a0 \u00a0 \u00a0 \u00a0 \u00a0 \u00a0 \u00a0 \u00a0 \u00a0 \u00a0 \u00a0 \u00a0 \u00a0 \u00a0 \u00a0 \u00a0 \u00a0 \u00a0 \u00a0 \u00a0 \u00a0 \u00a0 \u00a0 \u00a0 \u00a0 \u00a0 \u00a0 \u00a0 \u00a0 \u00a0 \u00a0 \u00a0 \u00a0 \u00a0 \u00a0 \u00a0 \u00a0 \u00a0 \u00a0 \u00a0 \u00a0 \u00a0 \u00a0 \u00a0 \u00a0 \u00a0 \u00a0 \u00a0 \u00a0 \u00a0 \u00a0 \u00a0 \u00a0 \u00a0 \u00a0 \u00a0 \u00a0 \u00a0 \u00a0 \u00a0 \u00a0 \u00a0 \u00a0 \u00a0 \u00a0 \u00a0 \u00a0 \u00a0 \u00a0 \u00a0 \u00a0 \u00a0 \u00a0 \u00a0 \u00a0 \u00a0 \u00a0 <\/span><span style=\"font-size: 15px;\">Ing. Kv\u011bta Kickov\u00e1<\/span><\/p><p><span style=\"font-size: 15px;\">Tajomn\u00ed\u010dka:<br \/>Alena Mikulcov\u00e1<\/span><\/p><\/div><\/div><\/div>\t\t\t\t\t\t\t\t<\/div>\n\t\t\t\t<\/div>\n\t\t\t\t\t<\/div>\n\t\t<\/div>\n\t\t\t\t\t<\/div>\n\t\t<\/section>\n\t\t\t\t<\/div>\n\t\t","protected":false},"excerpt":{"rendered":"<p>Vlastivedn\u00fd zborn\u00edk Pova\u017eia Vlastivedn\u00fd zborn\u00edk Pova\u017eia je dom\u00e1ci recenzovan\u00fd vedeck\u00fd zborn\u00edk, ktor\u00fd uverej\u0148uje v\u00fdsledky v\u00fdskumov v oblasti spolo\u010densk\u00fdch a pr\u00edrodn\u00fdch vied v regi\u00f3ne Horn\u00e9ho Pova\u017eia (okresy \u017dilina a Byt\u010da). Je pokra\u010dovan\u00edm Vlastivedn\u00e9ho sborn\u00edka \u017dilinsk\u00e9ho kraja I \u2013 III (1958 \u2013 1959), Vlastivedn\u00e9ho sborn\u00edka Pova\u017eia IV \u2013 VIII (1961 \u2013 1966) a Vlastivedn\u00e9ho zborn\u00edka Pova\u017eia IX [&hellip;]<\/p>\n","protected":false},"author":1,"featured_media":0,"parent":0,"menu_order":92,"comment_status":"closed","ping_status":"closed","template":"","meta":{"site-sidebar-layout":"no-sidebar","site-content-layout":"page-builder","ast-site-content-layout":"","site-content-style":"default","site-sidebar-style":"default","ast-global-header-display":"","ast-banner-title-visibility":"","ast-main-header-display":"","ast-hfb-above-header-display":"","ast-hfb-below-header-display":"","ast-hfb-mobile-header-display":"","site-post-title":"disabled","ast-breadcrumbs-content":"","ast-featured-img":"disabled","footer-sml-layout":"","theme-transparent-header-meta":"enabled","adv-header-id-meta":"","stick-header-meta":"default","header-above-stick-meta":"","header-main-stick-meta":"","header-below-stick-meta":"","astra-migrate-meta-layouts":"default","ast-page-background-enabled":"default","ast-page-background-meta":{"desktop":{"background-color":"var(--ast-global-color-4)","background-image":"","background-repeat":"repeat","background-position":"center center","background-size":"auto","background-attachment":"scroll","background-type":"","background-media":"","overlay-type":"","overlay-color":"","overlay-opacity":"","overlay-gradient":""},"tablet":{"background-color":"","background-image":"","background-repeat":"repeat","background-position":"center center","background-size":"auto","background-attachment":"scroll","background-type":"","background-media":"","overlay-type":"","overlay-color":"","overlay-opacity":"","overlay-gradient":""},"mobile":{"background-color":"","background-image":"","background-repeat":"repeat","background-position":"center center","background-size":"auto","background-attachment":"scroll","background-type":"","background-media":"","overlay-type":"","overlay-color":"","overlay-opacity":"","overlay-gradient":""}},"ast-content-background-meta":{"desktop":{"background-color":"var(--ast-global-color-5)","background-image":"","background-repeat":"repeat","background-position":"center center","background-size":"auto","background-attachment":"scroll","background-type":"","background-media":"","overlay-type":"","overlay-color":"","overlay-opacity":"","overlay-gradient":""},"tablet":{"background-color":"var(--ast-global-color-5)","background-image":"","background-repeat":"repeat","background-position":"center center","background-size":"auto","background-attachment":"scroll","background-type":"","background-media":"","overlay-type":"","overlay-color":"","overlay-opacity":"","overlay-gradient":""},"mobile":{"background-color":"var(--ast-global-color-5)","background-image":"","background-repeat":"repeat","background-position":"center center","background-size":"auto","background-attachment":"scroll","background-type":"","background-media":"","overlay-type":"","overlay-color":"","overlay-opacity":"","overlay-gradient":""}},"footnotes":""},"class_list":["post-49356","page","type-page","status-publish","hentry"],"yoast_head":"<!-- This site is optimized with the Yoast SEO plugin v27.4 - https:\/\/yoast.com\/product\/yoast-seo-wordpress\/ -->\n<title>Vlastivedn\u00fd zborn\u00edk Pova\u017eia - Pova\u017esk\u00e9 m\u00fazeum<\/title>\n<meta name=\"robots\" content=\"index, follow, max-snippet:-1, max-image-preview:large, max-video-preview:-1\" \/>\n<link rel=\"canonical\" href=\"https:\/\/pmza.sk\/?page_id=49356\" \/>\n<meta property=\"og:locale\" content=\"sk_SK\" \/>\n<meta property=\"og:type\" content=\"article\" \/>\n<meta property=\"og:title\" content=\"Vlastivedn\u00fd zborn\u00edk Pova\u017eia - Pova\u017esk\u00e9 m\u00fazeum\" \/>\n<meta property=\"og:description\" content=\"Vlastivedn\u00fd zborn\u00edk Pova\u017eia Vlastivedn\u00fd zborn\u00edk Pova\u017eia je dom\u00e1ci recenzovan\u00fd vedeck\u00fd zborn\u00edk, ktor\u00fd uverej\u0148uje v\u00fdsledky v\u00fdskumov v oblasti spolo\u010densk\u00fdch a pr\u00edrodn\u00fdch vied v regi\u00f3ne Horn\u00e9ho Pova\u017eia (okresy \u017dilina a Byt\u010da). Je pokra\u010dovan\u00edm Vlastivedn\u00e9ho sborn\u00edka \u017dilinsk\u00e9ho kraja I \u2013 III (1958 \u2013 1959), Vlastivedn\u00e9ho sborn\u00edka Pova\u017eia IV \u2013 VIII (1961 \u2013 1966) a Vlastivedn\u00e9ho zborn\u00edka Pova\u017eia IX [&hellip;]\" \/>\n<meta property=\"og:url\" content=\"https:\/\/pmza.sk\/?page_id=49356\" \/>\n<meta property=\"og:site_name\" content=\"Pova\u017esk\u00e9 m\u00fazeum\" \/>\n<meta property=\"article:publisher\" content=\"https:\/\/www.facebook.com\/povazskemuzeum\" \/>\n<meta property=\"article:modified_time\" content=\"2026-04-15T11:14:35+00:00\" \/>\n<meta name=\"twitter:card\" content=\"summary_large_image\" \/>\n<meta name=\"twitter:label1\" content=\"Predpokladan\u00fd \u010das \u010d\u00edtania\" \/>\n\t<meta name=\"twitter:data1\" content=\"2 min\u00faty\" \/>\n<script type=\"application\/ld+json\" class=\"yoast-schema-graph\">{\"@context\":\"https:\\\/\\\/schema.org\",\"@graph\":[{\"@type\":\"WebPage\",\"@id\":\"https:\\\/\\\/pmza.sk\\\/?page_id=49356\",\"url\":\"https:\\\/\\\/pmza.sk\\\/?page_id=49356\",\"name\":\"Vlastivedn\u00fd zborn\u00edk Pova\u017eia - Pova\u017esk\u00e9 m\u00fazeum\",\"isPartOf\":{\"@id\":\"https:\\\/\\\/pmza.sk\\\/#website\"},\"datePublished\":\"2022-01-30T11:40:41+00:00\",\"dateModified\":\"2026-04-15T11:14:35+00:00\",\"breadcrumb\":{\"@id\":\"https:\\\/\\\/pmza.sk\\\/?page_id=49356#breadcrumb\"},\"inLanguage\":\"sk-SK\",\"potentialAction\":[{\"@type\":\"ReadAction\",\"target\":[\"https:\\\/\\\/pmza.sk\\\/?page_id=49356\"]}]},{\"@type\":\"BreadcrumbList\",\"@id\":\"https:\\\/\\\/pmza.sk\\\/?page_id=49356#breadcrumb\",\"itemListElement\":[{\"@type\":\"ListItem\",\"position\":1,\"name\":\"Domovsk\u00e1 str\u00e1nka\",\"item\":\"https:\\\/\\\/pmza.sk\\\/\"},{\"@type\":\"ListItem\",\"position\":2,\"name\":\"Vlastivedn\u00fd zborn\u00edk Pova\u017eia\"}]},{\"@type\":\"WebSite\",\"@id\":\"https:\\\/\\\/pmza.sk\\\/#website\",\"url\":\"https:\\\/\\\/pmza.sk\\\/\",\"name\":\"Pova\u017esk\u00e9 m\u00fazeum\",\"description\":\"Pova\u017esk\u00e9 m\u00fazeum v \u017diline je region\u00e1lne m\u00fazeum so s\u00eddlom v Budat\u00edne. Jeho expoz\u00edcie s\u00fa zameran\u00e9 na dejiny slovensk\u00e9ho umenia, kult\u00fary a dopravy.\",\"publisher\":{\"@id\":\"https:\\\/\\\/pmza.sk\\\/#organization\"},\"potentialAction\":[{\"@type\":\"SearchAction\",\"target\":{\"@type\":\"EntryPoint\",\"urlTemplate\":\"https:\\\/\\\/pmza.sk\\\/?s={search_term_string}\"},\"query-input\":{\"@type\":\"PropertyValueSpecification\",\"valueRequired\":true,\"valueName\":\"search_term_string\"}}],\"inLanguage\":\"sk-SK\"},{\"@type\":\"Organization\",\"@id\":\"https:\\\/\\\/pmza.sk\\\/#organization\",\"name\":\"Pova\u017esk\u00e9 m\u00fazeum\",\"url\":\"https:\\\/\\\/pmza.sk\\\/\",\"logo\":{\"@type\":\"ImageObject\",\"inLanguage\":\"sk-SK\",\"@id\":\"https:\\\/\\\/pmza.sk\\\/#\\\/schema\\\/logo\\\/image\\\/\",\"url\":\"https:\\\/\\\/pmza.sk\\\/wp-content\\\/uploads\\\/2022\\\/01\\\/logo_PM_horizontal.jpg\",\"contentUrl\":\"https:\\\/\\\/pmza.sk\\\/wp-content\\\/uploads\\\/2022\\\/01\\\/logo_PM_horizontal.jpg\",\"width\":231,\"height\":142,\"caption\":\"Pova\u017esk\u00e9 m\u00fazeum\"},\"image\":{\"@id\":\"https:\\\/\\\/pmza.sk\\\/#\\\/schema\\\/logo\\\/image\\\/\"},\"sameAs\":[\"https:\\\/\\\/www.facebook.com\\\/povazskemuzeum\",\"https:\\\/\\\/www.instagram.com\\\/povazskemuzeum\\\/\"]}]}<\/script>\n<!-- \/ Yoast SEO plugin. -->","yoast_head_json":{"title":"Vlastivedn\u00fd zborn\u00edk Pova\u017eia - Pova\u017esk\u00e9 m\u00fazeum","robots":{"index":"index","follow":"follow","max-snippet":"max-snippet:-1","max-image-preview":"max-image-preview:large","max-video-preview":"max-video-preview:-1"},"canonical":"https:\/\/pmza.sk\/?page_id=49356","og_locale":"sk_SK","og_type":"article","og_title":"Vlastivedn\u00fd zborn\u00edk Pova\u017eia - Pova\u017esk\u00e9 m\u00fazeum","og_description":"Vlastivedn\u00fd zborn\u00edk Pova\u017eia Vlastivedn\u00fd zborn\u00edk Pova\u017eia je dom\u00e1ci recenzovan\u00fd vedeck\u00fd zborn\u00edk, ktor\u00fd uverej\u0148uje v\u00fdsledky v\u00fdskumov v oblasti spolo\u010densk\u00fdch a pr\u00edrodn\u00fdch vied v regi\u00f3ne Horn\u00e9ho Pova\u017eia (okresy \u017dilina a Byt\u010da). Je pokra\u010dovan\u00edm Vlastivedn\u00e9ho sborn\u00edka \u017dilinsk\u00e9ho kraja I \u2013 III (1958 \u2013 1959), Vlastivedn\u00e9ho sborn\u00edka Pova\u017eia IV \u2013 VIII (1961 \u2013 1966) a Vlastivedn\u00e9ho zborn\u00edka Pova\u017eia IX [&hellip;]","og_url":"https:\/\/pmza.sk\/?page_id=49356","og_site_name":"Pova\u017esk\u00e9 m\u00fazeum","article_publisher":"https:\/\/www.facebook.com\/povazskemuzeum","article_modified_time":"2026-04-15T11:14:35+00:00","twitter_card":"summary_large_image","twitter_misc":{"Predpokladan\u00fd \u010das \u010d\u00edtania":"2 min\u00faty"},"schema":{"@context":"https:\/\/schema.org","@graph":[{"@type":"WebPage","@id":"https:\/\/pmza.sk\/?page_id=49356","url":"https:\/\/pmza.sk\/?page_id=49356","name":"Vlastivedn\u00fd zborn\u00edk Pova\u017eia - Pova\u017esk\u00e9 m\u00fazeum","isPartOf":{"@id":"https:\/\/pmza.sk\/#website"},"datePublished":"2022-01-30T11:40:41+00:00","dateModified":"2026-04-15T11:14:35+00:00","breadcrumb":{"@id":"https:\/\/pmza.sk\/?page_id=49356#breadcrumb"},"inLanguage":"sk-SK","potentialAction":[{"@type":"ReadAction","target":["https:\/\/pmza.sk\/?page_id=49356"]}]},{"@type":"BreadcrumbList","@id":"https:\/\/pmza.sk\/?page_id=49356#breadcrumb","itemListElement":[{"@type":"ListItem","position":1,"name":"Domovsk\u00e1 str\u00e1nka","item":"https:\/\/pmza.sk\/"},{"@type":"ListItem","position":2,"name":"Vlastivedn\u00fd zborn\u00edk Pova\u017eia"}]},{"@type":"WebSite","@id":"https:\/\/pmza.sk\/#website","url":"https:\/\/pmza.sk\/","name":"Pova\u017esk\u00e9 m\u00fazeum","description":"Pova\u017esk\u00e9 m\u00fazeum v \u017diline je region\u00e1lne m\u00fazeum so s\u00eddlom v Budat\u00edne. Jeho expoz\u00edcie s\u00fa zameran\u00e9 na dejiny slovensk\u00e9ho umenia, kult\u00fary a dopravy.","publisher":{"@id":"https:\/\/pmza.sk\/#organization"},"potentialAction":[{"@type":"SearchAction","target":{"@type":"EntryPoint","urlTemplate":"https:\/\/pmza.sk\/?s={search_term_string}"},"query-input":{"@type":"PropertyValueSpecification","valueRequired":true,"valueName":"search_term_string"}}],"inLanguage":"sk-SK"},{"@type":"Organization","@id":"https:\/\/pmza.sk\/#organization","name":"Pova\u017esk\u00e9 m\u00fazeum","url":"https:\/\/pmza.sk\/","logo":{"@type":"ImageObject","inLanguage":"sk-SK","@id":"https:\/\/pmza.sk\/#\/schema\/logo\/image\/","url":"https:\/\/pmza.sk\/wp-content\/uploads\/2022\/01\/logo_PM_horizontal.jpg","contentUrl":"https:\/\/pmza.sk\/wp-content\/uploads\/2022\/01\/logo_PM_horizontal.jpg","width":231,"height":142,"caption":"Pova\u017esk\u00e9 m\u00fazeum"},"image":{"@id":"https:\/\/pmza.sk\/#\/schema\/logo\/image\/"},"sameAs":["https:\/\/www.facebook.com\/povazskemuzeum","https:\/\/www.instagram.com\/povazskemuzeum\/"]}]}},"_links":{"self":[{"href":"https:\/\/pmza.sk\/index.php?rest_route=\/wp\/v2\/pages\/49356","targetHints":{"allow":["GET"]}}],"collection":[{"href":"https:\/\/pmza.sk\/index.php?rest_route=\/wp\/v2\/pages"}],"about":[{"href":"https:\/\/pmza.sk\/index.php?rest_route=\/wp\/v2\/types\/page"}],"author":[{"embeddable":true,"href":"https:\/\/pmza.sk\/index.php?rest_route=\/wp\/v2\/users\/1"}],"replies":[{"embeddable":true,"href":"https:\/\/pmza.sk\/index.php?rest_route=%2Fwp%2Fv2%2Fcomments&post=49356"}],"version-history":[{"count":6,"href":"https:\/\/pmza.sk\/index.php?rest_route=\/wp\/v2\/pages\/49356\/revisions"}],"predecessor-version":[{"id":77279,"href":"https:\/\/pmza.sk\/index.php?rest_route=\/wp\/v2\/pages\/49356\/revisions\/77279"}],"wp:attachment":[{"href":"https:\/\/pmza.sk\/index.php?rest_route=%2Fwp%2Fv2%2Fmedia&parent=49356"}],"curies":[{"name":"wp","href":"https:\/\/api.w.org\/{rel}","templated":true}]}}