{"id":49936,"date":"2022-02-23T18:13:58","date_gmt":"2022-02-23T17:13:58","guid":{"rendered":"https:\/\/pmza.sk\/?page_id=49936"},"modified":"2022-02-23T18:13:58","modified_gmt":"2022-02-23T17:13:58","slug":"fotogaleria-2016","status":"publish","type":"page","link":"https:\/\/pmza.sk\/?page_id=49936","title":{"rendered":"Fotogal\u00e9ria &#8211; 2016"},"content":{"rendered":"<style type=\"text\/css\">.foogallery-album-gallery-list .foogallery-pile h3 { background: #fff !important; }.foogallery-album-gallery-list .foogallery-pile h3 { color: #000000 !important; }<\/style><div id=\"foogallery-album-49931\">\n\t<ul class=\"foogallery-album-gallery-list alignment-left\">\n\t\t\t\t\t\t<li>\n\t\t\t\t\t<div class=\"foogallery-pile\">\n\t\t\t\t\t\t<div class=\"foogallery-pile-inner\">\n\t\t\t\t\t\t\t<a href=\"\/index.php?rest_route=%2Fwp%2Fv2%2Fpages%2F49936&#038;gallery=19563\" target=\"_self\">\n\t\t\t\t\t\t\t\t<img fetchpriority=\"high\" decoding=\"async\" src=\"https:\/\/pmza.sk\/wp-content\/uploads\/cache\/2018\/03\/Budatinsky_hrad_plagat-e1521462072428\/1448150154.png\" width=\"280\" height=\"230\" class=\"skip-lazy fg-image\" loading=\"eager\">\t\t\t\t\t\t\t\t\t\t\t\t\t\t\t\t<h3>Aktu\u00e1lne pozv\u00e1nky\t\t\t\t\t\t\t\t\t<span><\/span>\n\t\t\t\t\t\t\t\t<\/h3>\n\t\t\t\t\t\t\t<\/a>\n\t\t\t\t\t\t<\/div>\n\t\t\t\t\t<\/div>\n\t\t\t\t<\/li>\n\t\t\t\t\t\t\t\t\t<li>\n\t\t\t\t\t<div class=\"foogallery-pile\">\n\t\t\t\t\t\t<div class=\"foogallery-pile-inner\">\n\t\t\t\t\t\t\t<a href=\"\/index.php?rest_route=%2Fwp%2Fv2%2Fpages%2F49936&#038;gallery=sviatocny-koncert-v-kaplnke\" target=\"_self\">\n\t\t\t\t\t\t\t\t<img decoding=\"async\" src=\"https:\/\/pmza.sk\/wp-content\/uploads\/cache\/2016\/12\/koncert_26_12_www\/44035067.jpg\" width=\"280\" height=\"230\" class=\"skip-lazy fg-image\" loading=\"eager\">\t\t\t\t\t\t\t\t\t\t\t\t\t\t\t\t<h3>Sviato\u010dn\u00fd koncert v kaplnke\t\t\t\t\t\t\t\t\t<span><\/span>\n\t\t\t\t\t\t\t\t<\/h3>\n\t\t\t\t\t\t\t<\/a>\n\t\t\t\t\t\t<\/div>\n\t\t\t\t\t<\/div>\n\t\t\t\t<\/li>\n\t\t\t\t\t\t\t\t\t<li>\n\t\t\t\t\t<div class=\"foogallery-pile\">\n\t\t\t\t\t\t<div class=\"foogallery-pile-inner\">\n\t\t\t\t\t\t\t<a href=\"\/index.php?rest_route=%2Fwp%2Fv2%2Fpages%2F49936&#038;gallery=sobasny-palac\" target=\"_self\">\n\t\t\t\t\t\t\t\t<img decoding=\"async\" src=\"https:\/\/pmza.sk\/wp-content\/uploads\/cache\/2016\/12\/550\/2995530187.jpg\" width=\"280\" height=\"230\" class=\"skip-lazy fg-image\" loading=\"eager\">\t\t\t\t\t\t\t\t\t\t\t\t\t\t\t\t<h3>Sob\u00e1\u0161ny pal\u00e1c\t\t\t\t\t\t\t\t\t<span><\/span>\n\t\t\t\t\t\t\t\t<\/h3>\n\t\t\t\t\t\t\t<\/a>\n\t\t\t\t\t\t<\/div>\n\t\t\t\t\t<\/div>\n\t\t\t\t<\/li>\n\t\t\t\t\t\t\t\t\t<li>\n\t\t\t\t\t<div class=\"foogallery-pile\">\n\t\t\t\t\t\t<div class=\"foogallery-pile-inner\">\n\t\t\t\t\t\t\t<a href=\"\/index.php?rest_route=%2Fwp%2Fv2%2Fpages%2F49936&#038;gallery=hrad-strecno\" target=\"_self\">\n\t\t\t\t\t\t\t\t<img decoding=\"async\" src=\"https:\/\/pmza.sk\/wp-content\/uploads\/cache\/2016\/12\/538\/3260823645.jpg\" width=\"280\" height=\"230\" class=\"skip-lazy fg-image\" loading=\"eager\">\t\t\t\t\t\t\t\t\t\t\t\t\t\t\t\t<h3>hrad Stre\u010dno\t\t\t\t\t\t\t\t\t<span><\/span>\n\t\t\t\t\t\t\t\t<\/h3>\n\t\t\t\t\t\t\t<\/a>\n\t\t\t\t\t\t<\/div>\n\t\t\t\t\t<\/div>\n\t\t\t\t<\/li>\n\t\t\t\t\t\t\t\t\t<li>\n\t\t\t\t\t<div class=\"foogallery-pile\">\n\t\t\t\t\t\t<div class=\"foogallery-pile-inner\">\n\t\t\t\t\t\t\t<a href=\"\/index.php?rest_route=%2Fwp%2Fv2%2Fpages%2F49936&#038;gallery=muzeum-dopravy\" target=\"_self\">\n\t\t\t\t\t\t\t\t<img decoding=\"async\" src=\"https:\/\/pmza.sk\/wp-content\/uploads\/cache\/2016\/10\/IMG_0386-scaled-1\/3758391859.jpg\" width=\"280\" height=\"230\" class=\"skip-lazy fg-image\" loading=\"eager\">\t\t\t\t\t\t\t\t\t\t\t\t\t\t\t\t<h3>M\u00fazeum dopravy*\t\t\t\t\t\t\t\t\t<span><\/span>\n\t\t\t\t\t\t\t\t<\/h3>\n\t\t\t\t\t\t\t<\/a>\n\t\t\t\t\t\t<\/div>\n\t\t\t\t\t<\/div>\n\t\t\t\t<\/li>\n\t\t\t\t\t\t\t\t\t<li>\n\t\t\t\t\t<div class=\"foogallery-pile\">\n\t\t\t\t\t\t<div class=\"foogallery-pile-inner\">\n\t\t\t\t\t\t\t<a href=\"\/index.php?rest_route=%2Fwp%2Fv2%2Fpages%2F49936&#038;gallery=advent-a-prichod-spasitela-spodobeny-kamenom\" target=\"_self\">\n\t\t\t\t\t\t\t\t<img decoding=\"async\" src=\"https:\/\/pmza.sk\/wp-content\/uploads\/cache\/2016\/12\/IMG_1516-scaled-1\/3734877610.jpg\" width=\"280\" height=\"230\" class=\"skip-lazy fg-image\" loading=\"eager\">\t\t\t\t\t\t\t\t\t\t\t\t\t\t\t\t<h3>Advent a pr\u00edchod Spasite\u013ea spodoben\u00fd kame\u0148om\t\t\t\t\t\t\t\t\t<span><\/span>\n\t\t\t\t\t\t\t\t<\/h3>\n\t\t\t\t\t\t\t<\/a>\n\t\t\t\t\t\t<\/div>\n\t\t\t\t\t<\/div>\n\t\t\t\t<\/li>\n\t\t\t\t\t\t\t\t\t<li>\n\t\t\t\t\t<div class=\"foogallery-pile\">\n\t\t\t\t\t\t<div class=\"foogallery-pile-inner\">\n\t\t\t\t\t\t\t<a href=\"\/index.php?rest_route=%2Fwp%2Fv2%2Fpages%2F49936&#038;gallery=vianocna-vyzdoba-na-budatinskom-hrade\" target=\"_self\">\n\t\t\t\t\t\t\t\t<img decoding=\"async\" src=\"https:\/\/pmza.sk\/wp-content\/uploads\/cache\/2016\/12\/IMG_2438\/1154556706.jpg\" width=\"280\" height=\"230\" class=\"skip-lazy fg-image\" loading=\"eager\">\t\t\t\t\t\t\t\t\t\t\t\t\t\t\t\t<h3>Viano\u010dn\u00e1 v\u00fdzdoba na Budat\u00ednskom hrade\t\t\t\t\t\t\t\t\t<span><\/span>\n\t\t\t\t\t\t\t\t<\/h3>\n\t\t\t\t\t\t\t<\/a>\n\t\t\t\t\t\t<\/div>\n\t\t\t\t\t<\/div>\n\t\t\t\t<\/li>\n\t\t\t\t\t\t\t\t\t<li>\n\t\t\t\t\t<div class=\"foogallery-pile\">\n\t\t\t\t\t\t<div class=\"foogallery-pile-inner\">\n\t\t\t\t\t\t\t<a href=\"\/index.php?rest_route=%2Fwp%2Fv2%2Fpages%2F49936&#038;gallery=adventny-koncert-v-kaplnke\" target=\"_self\">\n\t\t\t\t\t\t\t\t<img decoding=\"async\" src=\"https:\/\/pmza.sk\/wp-content\/uploads\/cache\/2016\/12\/IMG_2326\/2948504121.jpg\" width=\"280\" height=\"230\" class=\"skip-lazy fg-image\" loading=\"eager\">\t\t\t\t\t\t\t\t\t\t\t\t\t\t\t\t<h3>Adventn\u00fd koncert v kaplnke\t\t\t\t\t\t\t\t\t<span><\/span>\n\t\t\t\t\t\t\t\t<\/h3>\n\t\t\t\t\t\t\t<\/a>\n\t\t\t\t\t\t<\/div>\n\t\t\t\t\t<\/div>\n\t\t\t\t<\/li>\n\t\t\t\t\t\t\t\t\t<li>\n\t\t\t\t\t<div class=\"foogallery-pile\">\n\t\t\t\t\t\t<div class=\"foogallery-pile-inner\">\n\t\t\t\t\t\t\t<a href=\"\/index.php?rest_route=%2Fwp%2Fv2%2Fpages%2F49936&#038;gallery=pribeh-zvonov-z-budatinskeho-hradu\" target=\"_self\">\n\t\t\t\t\t\t\t\t<img decoding=\"async\" src=\"https:\/\/pmza.sk\/wp-content\/uploads\/cache\/2016\/12\/IMG_2317\/1509636536.jpg\" width=\"280\" height=\"230\" class=\"skip-lazy fg-image\" loading=\"eager\">\t\t\t\t\t\t\t\t\t\t\t\t\t\t\t\t<h3>Pr\u00edbeh zvonov z Budat\u00ednskeho hradu\t\t\t\t\t\t\t\t\t<span><\/span>\n\t\t\t\t\t\t\t\t<\/h3>\n\t\t\t\t\t\t\t<\/a>\n\t\t\t\t\t\t<\/div>\n\t\t\t\t\t<\/div>\n\t\t\t\t<\/li>\n\t\t\t\t\t\t\t\t\t<li>\n\t\t\t\t\t<div class=\"foogallery-pile\">\n\t\t\t\t\t\t<div class=\"foogallery-pile-inner\">\n\t\t\t\t\t\t\t<a href=\"\/index.php?rest_route=%2Fwp%2Fv2%2Fpages%2F49936&#038;gallery=attache-trip\" target=\"_self\">\n\t\t\t\t\t\t\t\t<img decoding=\"async\" src=\"https:\/\/pmza.sk\/wp-content\/uploads\/cache\/2016\/12\/IMG_1976\/2172542011.jpg\" width=\"280\" height=\"230\" class=\"skip-lazy fg-image\" loading=\"eager\">\t\t\t\t\t\t\t\t\t\t\t\t\t\t\t\t<h3>Attach\u00e9 Trip 2016\t\t\t\t\t\t\t\t\t<span><\/span>\n\t\t\t\t\t\t\t\t<\/h3>\n\t\t\t\t\t\t\t<\/a>\n\t\t\t\t\t\t<\/div>\n\t\t\t\t\t<\/div>\n\t\t\t\t<\/li>\n\t\t\t\t\t\t\t\t\t<li>\n\t\t\t\t\t<div class=\"foogallery-pile\">\n\t\t\t\t\t\t<div class=\"foogallery-pile-inner\">\n\t\t\t\t\t\t\t<a href=\"\/index.php?rest_route=%2Fwp%2Fv2%2Fpages%2F49936&#038;gallery=s-katarinou-a-jej-pribehom-na-hrade\" target=\"_self\">\n\t\t\t\t\t\t\t\t<img decoding=\"async\" src=\"https:\/\/pmza.sk\/wp-content\/uploads\/cache\/2016\/11\/katarina_www\/195189310.jpg\" width=\"280\" height=\"230\" class=\"skip-lazy fg-image\" loading=\"eager\">\t\t\t\t\t\t\t\t\t\t\t\t\t\t\t\t<h3>S Katar\u00ednou a jej pr\u00edbehom na hrade\t\t\t\t\t\t\t\t\t<span><\/span>\n\t\t\t\t\t\t\t\t<\/h3>\n\t\t\t\t\t\t\t<\/a>\n\t\t\t\t\t\t<\/div>\n\t\t\t\t\t<\/div>\n\t\t\t\t<\/li>\n\t\t\t\t\t\t\t\t\t<li>\n\t\t\t\t\t<div class=\"foogallery-pile\">\n\t\t\t\t\t\t<div class=\"foogallery-pile-inner\">\n\t\t\t\t\t\t\t<a href=\"\/index.php?rest_route=%2Fwp%2Fv2%2Fpages%2F49936&#038;gallery=sobasny-palac-v-bytci\" target=\"_self\">\n\t\t\t\t\t\t\t\t<img decoding=\"async\" src=\"https:\/\/pmza.sk\/wp-content\/uploads\/cache\/2016\/11\/IMG_7229-Sobasny-palac-v-Bytci-scaled-1\/3909192560.jpg\" width=\"280\" height=\"230\" class=\"skip-lazy fg-image\" loading=\"eager\">\t\t\t\t\t\t\t\t\t\t\t\t\t\t\t\t<h3>Sob\u00e1\u0161ny pal\u00e1c v Byt\u010di\t\t\t\t\t\t\t\t\t<span><\/span>\n\t\t\t\t\t\t\t\t<\/h3>\n\t\t\t\t\t\t\t<\/a>\n\t\t\t\t\t\t<\/div>\n\t\t\t\t\t<\/div>\n\t\t\t\t<\/li>\n\t\t\t\t\t\t\t\t\t<li>\n\t\t\t\t\t<div class=\"foogallery-pile\">\n\t\t\t\t\t\t<div class=\"foogallery-pile-inner\">\n\t\t\t\t\t\t\t<a href=\"\/index.php?rest_route=%2Fwp%2Fv2%2Fpages%2F49936&#038;gallery=budatinsky-hrad\" target=\"_self\">\n\t\t\t\t\t\t\t\t<img decoding=\"async\" src=\"https:\/\/pmza.sk\/wp-content\/uploads\/cache\/2016\/11\/DSC2092-3-\u2013-kopia\/490666745.jpg\" width=\"280\" height=\"230\" class=\"skip-lazy fg-image\" loading=\"eager\">\t\t\t\t\t\t\t\t\t\t\t\t\t\t\t\t<h3>Budat\u00ednsky hrad\t\t\t\t\t\t\t\t\t<span><\/span>\n\t\t\t\t\t\t\t\t<\/h3>\n\t\t\t\t\t\t\t<\/a>\n\t\t\t\t\t\t<\/div>\n\t\t\t\t\t<\/div>\n\t\t\t\t<\/li>\n\t\t\t\t\t\t\t\t\t<li>\n\t\t\t\t\t<div class=\"foogallery-pile\">\n\t\t\t\t\t\t<div class=\"foogallery-pile-inner\">\n\t\t\t\t\t\t\t<a href=\"\/index.php?rest_route=%2Fwp%2Fv2%2Fpages%2F49936&#038;gallery=noc-duchov-tekvic-a-strasidiel-2016\" target=\"_self\">\n\t\t\t\t\t\t\t\t<img decoding=\"async\" src=\"https:\/\/pmza.sk\/wp-content\/uploads\/cache\/2016\/10\/noc_duchov-_intro\/3968197663.jpg\" width=\"280\" height=\"230\" class=\"skip-lazy fg-image\" loading=\"eager\">\t\t\t\t\t\t\t\t\t\t\t\t\t\t\t\t<h3>Noc duchov, tekv\u00edc a stra\u0161idiel 2016\t\t\t\t\t\t\t\t\t<span><\/span>\n\t\t\t\t\t\t\t\t<\/h3>\n\t\t\t\t\t\t\t<\/a>\n\t\t\t\t\t\t<\/div>\n\t\t\t\t\t<\/div>\n\t\t\t\t<\/li>\n\t\t\t\t\t\t\t\t\t<li>\n\t\t\t\t\t<div class=\"foogallery-pile\">\n\t\t\t\t\t\t<div class=\"foogallery-pile-inner\">\n\t\t\t\t\t\t\t<a href=\"\/index.php?rest_route=%2Fwp%2Fv2%2Fpages%2F49936&#038;gallery=uhorsky-palatin-juraj-turzo-renesancny-clovek-seminar\" target=\"_self\">\n\t\t\t\t\t\t\t\t<img decoding=\"async\" src=\"https:\/\/pmza.sk\/wp-content\/uploads\/cache\/2016\/10\/turzo-_intro\/2696590384.jpg\" width=\"280\" height=\"230\" class=\"skip-lazy fg-image\" loading=\"eager\">\t\t\t\t\t\t\t\t\t\t\t\t\t\t\t\t<h3>Uhorsk\u00fd palat\u00edn Juraj Turzo - renesan\u010dn\u00fd \u010dlovek (semin\u00e1r)\t\t\t\t\t\t\t\t\t<span><\/span>\n\t\t\t\t\t\t\t\t<\/h3>\n\t\t\t\t\t\t\t<\/a>\n\t\t\t\t\t\t<\/div>\n\t\t\t\t\t<\/div>\n\t\t\t\t<\/li>\n\t\t\t\t\t\t\t\t\t<li>\n\t\t\t\t\t<div class=\"foogallery-pile\">\n\t\t\t\t\t\t<div class=\"foogallery-pile-inner\">\n\t\t\t\t\t\t\t<a href=\"\/index.php?rest_route=%2Fwp%2Fv2%2Fpages%2F49936&#038;gallery=uhorsky-palatin-juraj-turzo-renesancny-clovek-otvorenie-stalej-expozicie\" target=\"_self\">\n\t\t\t\t\t\t\t\t<img decoding=\"async\" src=\"https:\/\/pmza.sk\/wp-content\/uploads\/cache\/2016\/10\/turzo-_intro\/1823272442.jpg\" width=\"280\" height=\"230\" class=\"skip-lazy fg-image\" loading=\"eager\">\t\t\t\t\t\t\t\t\t\t\t\t\t\t\t\t<h3>Uhorsk\u00fd palat\u00edn Juraj Turzo - renesan\u010dn\u00fd \u010dlovek (otvorenie st\u00e1lej expoz\u00edcie)\t\t\t\t\t\t\t\t\t<span><\/span>\n\t\t\t\t\t\t\t\t<\/h3>\n\t\t\t\t\t\t\t<\/a>\n\t\t\t\t\t\t<\/div>\n\t\t\t\t\t<\/div>\n\t\t\t\t<\/li>\n\t\t\t\t\t\t\t\t\t<li>\n\t\t\t\t\t<div class=\"foogallery-pile\">\n\t\t\t\t\t\t<div class=\"foogallery-pile-inner\">\n\t\t\t\t\t\t\t<a href=\"\/index.php?rest_route=%2Fwp%2Fv2%2Fpages%2F49936&#038;gallery=budatinsky-rinok-2016\" target=\"_self\">\n\t\t\t\t\t\t\t\t<img decoding=\"async\" src=\"https:\/\/pmza.sk\/wp-content\/uploads\/cache\/2016\/10\/rinok_intro\/1029339696.jpg\" width=\"280\" height=\"230\" class=\"skip-lazy fg-image\" loading=\"eager\">\t\t\t\t\t\t\t\t\t\t\t\t\t\t\t\t<h3>Budat\u00ednsky r\u00ednok 2016\t\t\t\t\t\t\t\t\t<span><\/span>\n\t\t\t\t\t\t\t\t<\/h3>\n\t\t\t\t\t\t\t<\/a>\n\t\t\t\t\t\t<\/div>\n\t\t\t\t\t<\/div>\n\t\t\t\t<\/li>\n\t\t\t\t\t\t\t\t\t<li>\n\t\t\t\t\t<div class=\"foogallery-pile\">\n\t\t\t\t\t\t<div class=\"foogallery-pile-inner\">\n\t\t\t\t\t\t\t<a href=\"\/index.php?rest_route=%2Fwp%2Fv2%2Fpages%2F49936&#038;gallery=muzeum-dopravy-rajecke-teplice\" target=\"_self\">\n\t\t\t\t\t\t\t\t<img decoding=\"async\" src=\"https:\/\/pmza.sk\/wp-content\/uploads\/cache\/2016\/10\/IMG_0386-scaled-1\/3083902480.jpg\" width=\"280\" height=\"230\" class=\"skip-lazy fg-image\" loading=\"eager\">\t\t\t\t\t\t\t\t\t\t\t\t\t\t\t\t<h3>M\u00fazeum dopravy Rajeck\u00e9 Teplice\t\t\t\t\t\t\t\t\t<span><\/span>\n\t\t\t\t\t\t\t\t<\/h3>\n\t\t\t\t\t\t\t<\/a>\n\t\t\t\t\t\t<\/div>\n\t\t\t\t\t<\/div>\n\t\t\t\t<\/li>\n\t\t\t\t\t\t\t\t\t<li>\n\t\t\t\t\t<div class=\"foogallery-pile\">\n\t\t\t\t\t\t<div class=\"foogallery-pile-inner\">\n\t\t\t\t\t\t\t<a href=\"\/index.php?rest_route=%2Fwp%2Fv2%2Fpages%2F49936&#038;gallery=nostalgicka-jazda-rajeckou-ancou-8-9-10-2016\" target=\"_self\">\n\t\t\t\t\t\t\t\t<img decoding=\"async\" src=\"https:\/\/pmza.sk\/wp-content\/uploads\/cache\/2016\/09\/A4_2016\/1536132966.jpg\" width=\"280\" height=\"230\" class=\"skip-lazy fg-image\" loading=\"eager\">\t\t\t\t\t\t\t\t\t\t\t\t\t\t\t\t<h3>Nostalgick\u00e1 jazda Rajeckou An\u010dou (8. - 9. 10. 2016)\t\t\t\t\t\t\t\t\t<span><\/span>\n\t\t\t\t\t\t\t\t<\/h3>\n\t\t\t\t\t\t\t<\/a>\n\t\t\t\t\t\t<\/div>\n\t\t\t\t\t<\/div>\n\t\t\t\t<\/li>\n\t\t\t\t\t\t\t\t\t<li>\n\t\t\t\t\t<div class=\"foogallery-pile\">\n\t\t\t\t\t\t<div class=\"foogallery-pile-inner\">\n\t\t\t\t\t\t\t<a href=\"\/index.php?rest_route=%2Fwp%2Fv2%2Fpages%2F49936&#038;gallery=vernisaz-vystavy-od-frfajdy-k-almazii\" target=\"_self\">\n\t\t\t\t\t\t\t\t<img decoding=\"async\" src=\"https:\/\/pmza.sk\/wp-content\/uploads\/cache\/2016\/09\/IMG_0154\/888560676.jpg\" width=\"280\" height=\"230\" class=\"skip-lazy fg-image\" loading=\"eager\">\t\t\t\t\t\t\t\t\t\t\t\t\t\t\t\t<h3>Vernis\u00e1\u017e v\u00fdstavy &quot;Od frfajdy k alm\u00e1zii&quot;\t\t\t\t\t\t\t\t\t<span><\/span>\n\t\t\t\t\t\t\t\t<\/h3>\n\t\t\t\t\t\t\t<\/a>\n\t\t\t\t\t\t<\/div>\n\t\t\t\t\t<\/div>\n\t\t\t\t<\/li>\n\t\t\t\t\t\t\t\t\t<li>\n\t\t\t\t\t<div class=\"foogallery-pile\">\n\t\t\t\t\t\t<div class=\"foogallery-pile-inner\">\n\t\t\t\t\t\t\t<a href=\"\/index.php?rest_route=%2Fwp%2Fv2%2Fpages%2F49936&#038;gallery=cestovanie-v-case-25-9-2016\" target=\"_self\">\n\t\t\t\t\t\t\t\t<img decoding=\"async\" src=\"https:\/\/pmza.sk\/wp-content\/uploads\/cache\/2016\/09\/A4_Cestovanie-v-case1\/2539097021.jpg\" width=\"280\" height=\"230\" class=\"skip-lazy fg-image\" loading=\"eager\">\t\t\t\t\t\t\t\t\t\t\t\t\t\t\t\t<h3>Cestovanie v \u010dase - 25. 9. 2016\t\t\t\t\t\t\t\t\t<span><\/span>\n\t\t\t\t\t\t\t\t<\/h3>\n\t\t\t\t\t\t\t<\/a>\n\t\t\t\t\t\t<\/div>\n\t\t\t\t\t<\/div>\n\t\t\t\t<\/li>\n\t\t\t\t\t\t\t\t\t<li>\n\t\t\t\t\t<div class=\"foogallery-pile\">\n\t\t\t\t\t\t<div class=\"foogallery-pile-inner\">\n\t\t\t\t\t\t\t<a href=\"\/index.php?rest_route=%2Fwp%2Fv2%2Fpages%2F49936&#038;gallery=expedicia-budatinsky-hrad-19-9-2016\" target=\"_self\">\n\t\t\t\t\t\t\t\t<img decoding=\"async\" src=\"https:\/\/pmza.sk\/wp-content\/uploads\/cache\/2016\/09\/IMG_8623\/3569557509.jpg\" width=\"280\" height=\"230\" class=\"skip-lazy fg-image\" loading=\"eager\">\t\t\t\t\t\t\t\t\t\t\t\t\t\t\t\t<h3>Exped\u00edcia Budat\u00ednsky hrad - 19. a 26. 9. 2016\t\t\t\t\t\t\t\t\t<span><\/span>\n\t\t\t\t\t\t\t\t<\/h3>\n\t\t\t\t\t\t\t<\/a>\n\t\t\t\t\t\t<\/div>\n\t\t\t\t\t<\/div>\n\t\t\t\t<\/li>\n\t\t\t\t\t\t\t\t\t<li>\n\t\t\t\t\t<div class=\"foogallery-pile\">\n\t\t\t\t\t\t<div class=\"foogallery-pile-inner\">\n\t\t\t\t\t\t\t<a href=\"\/index.php?rest_route=%2Fwp%2Fv2%2Fpages%2F49936&#038;gallery=tradicny-koncert-netradicnej-hudby-25-8-2016\" target=\"_self\">\n\t\t\t\t\t\t\t\t<img decoding=\"async\" src=\"https:\/\/pmza.sk\/wp-content\/uploads\/cache\/2016\/09\/IMG_8423-scaled-1\/1628103560.jpg\" width=\"280\" height=\"230\" class=\"skip-lazy fg-image\" loading=\"eager\">\t\t\t\t\t\t\t\t\t\t\t\t\t\t\t\t<h3>Tradi\u010dn\u00fd koncert netradi\u010dnej hudby - 25. 8. 2016\t\t\t\t\t\t\t\t\t<span><\/span>\n\t\t\t\t\t\t\t\t<\/h3>\n\t\t\t\t\t\t\t<\/a>\n\t\t\t\t\t\t<\/div>\n\t\t\t\t\t<\/div>\n\t\t\t\t<\/li>\n\t\t\t\t\t\t\t\t\t<li>\n\t\t\t\t\t<div class=\"foogallery-pile\">\n\t\t\t\t\t\t<div class=\"foogallery-pile-inner\">\n\t\t\t\t\t\t\t<a href=\"\/index.php?rest_route=%2Fwp%2Fv2%2Fpages%2F49936&#038;gallery=expozicia-janosik-a-terchova\" target=\"_self\">\n\t\t\t\t\t\t\t\t<img decoding=\"async\" src=\"https:\/\/pmza.sk\/wp-content\/uploads\/cache\/2016\/09\/Terchova-1\/2099461018.jpg\" width=\"280\" height=\"230\" class=\"skip-lazy fg-image\" loading=\"eager\">\t\t\t\t\t\t\t\t\t\t\t\t\t\t\t\t<h3>Expoz\u00edcia J\u00e1no\u0161\u00edk a Terchov\u00e1\t\t\t\t\t\t\t\t\t<span><\/span>\n\t\t\t\t\t\t\t\t<\/h3>\n\t\t\t\t\t\t\t<\/a>\n\t\t\t\t\t\t<\/div>\n\t\t\t\t\t<\/div>\n\t\t\t\t<\/li>\n\t\t\t\t\t\t\t\t\t<li>\n\t\t\t\t\t<div class=\"foogallery-pile\">\n\t\t\t\t\t\t<div class=\"foogallery-pile-inner\">\n\t\t\t\t\t\t\t<a href=\"\/index.php?rest_route=%2Fwp%2Fv2%2Fpages%2F49936&#038;gallery=umenie-na-hrade-xl-vit-john-nenahraditelni\" target=\"_self\">\n\t\t\t\t\t\t\t\t<img decoding=\"async\" src=\"https:\/\/pmza.sk\/wp-content\/uploads\/cache\/2016\/08\/JOHN_strecno_pozvanka_2\/3761155581.jpg\" width=\"280\" height=\"230\" class=\"skip-lazy fg-image\" loading=\"eager\">\t\t\t\t\t\t\t\t\t\t\t\t\t\t\t\t<h3>Umenie na hrade XL: V\u00edt John - Nenahradite\u013en\u00ed\t\t\t\t\t\t\t\t\t<span><\/span>\n\t\t\t\t\t\t\t\t<\/h3>\n\t\t\t\t\t\t\t<\/a>\n\t\t\t\t\t\t<\/div>\n\t\t\t\t\t<\/div>\n\t\t\t\t<\/li>\n\t\t\t\t\t\t\t\t\t<li>\n\t\t\t\t\t<div class=\"foogallery-pile\">\n\t\t\t\t\t\t<div class=\"foogallery-pile-inner\">\n\t\t\t\t\t\t\t<a href=\"\/index.php?rest_route=%2Fwp%2Fv2%2Fpages%2F49936&#038;gallery=zbojnickym-chodnickom\" target=\"_self\">\n\t\t\t\t\t\t\t\t<img decoding=\"async\" src=\"https:\/\/pmza.sk\/wp-content\/uploads\/cache\/2016\/08\/Zbojnickym-chodnickom\/749112091.jpg\" width=\"280\" height=\"230\" class=\"skip-lazy fg-image\" loading=\"eager\">\t\t\t\t\t\t\t\t\t\t\t\t\t\t\t\t<h3>Zbojn\u00edckym chodn\u00ed\u010dkom\t\t\t\t\t\t\t\t\t<span><\/span>\n\t\t\t\t\t\t\t\t<\/h3>\n\t\t\t\t\t\t\t<\/a>\n\t\t\t\t\t\t<\/div>\n\t\t\t\t\t<\/div>\n\t\t\t\t<\/li>\n\t\t\t\t\t\t\t\t\t<li>\n\t\t\t\t\t<div class=\"foogallery-pile\">\n\t\t\t\t\t\t<div class=\"foogallery-pile-inner\">\n\t\t\t\t\t\t\t<a href=\"\/index.php?rest_route=%2Fwp%2Fv2%2Fpages%2F49936&#038;gallery=hradne-hry-zofie-bosniakovej\" target=\"_self\">\n\t\t\t\t\t\t\t\t<img decoding=\"async\" src=\"https:\/\/pmza.sk\/wp-content\/uploads\/cache\/2016\/08\/A4_hradne_dni_ZB_2016\/2528442639.jpg\" width=\"280\" height=\"230\" class=\"skip-lazy fg-image\" loading=\"eager\">\t\t\t\t\t\t\t\t\t\t\t\t\t\t\t\t<h3>Hradn\u00e9 hry \u017dofie Bosniakovej\t\t\t\t\t\t\t\t\t<span><\/span>\n\t\t\t\t\t\t\t\t<\/h3>\n\t\t\t\t\t\t\t<\/a>\n\t\t\t\t\t\t<\/div>\n\t\t\t\t\t<\/div>\n\t\t\t\t<\/li>\n\t\t\t\t\t\t\t\t\t<li>\n\t\t\t\t\t<div class=\"foogallery-pile\">\n\t\t\t\t\t\t<div class=\"foogallery-pile-inner\">\n\t\t\t\t\t\t\t<a href=\"\/index.php?rest_route=%2Fwp%2Fv2%2Fpages%2F49936&#038;gallery=otvorenie-budatinskeho-hradu-a-kaplnky-31-7-2016\" target=\"_self\">\n\t\t\t\t\t\t\t\t<img decoding=\"async\" src=\"https:\/\/pmza.sk\/wp-content\/uploads\/cache\/2016\/08\/IMG_1235\/367490580.jpg\" width=\"280\" height=\"230\" class=\"skip-lazy fg-image\" loading=\"eager\">\t\t\t\t\t\t\t\t\t\t\t\t\t\t\t\t<h3>Otvorenie Budat\u00ednskeho hradu a kaplnky 31. 7. 2016\t\t\t\t\t\t\t\t\t<span><\/span>\n\t\t\t\t\t\t\t\t<\/h3>\n\t\t\t\t\t\t\t<\/a>\n\t\t\t\t\t\t<\/div>\n\t\t\t\t\t<\/div>\n\t\t\t\t<\/li>\n\t\t\t\t\t\t\t\t\t<li>\n\t\t\t\t\t<div class=\"foogallery-pile\">\n\t\t\t\t\t\t<div class=\"foogallery-pile-inner\">\n\t\t\t\t\t\t\t<a href=\"\/index.php?rest_route=%2Fwp%2Fv2%2Fpages%2F49936&#038;gallery=korene-nevykorenis-vernisaz-vystavy\" target=\"_self\">\n\t\t\t\t\t\t\t\t<img decoding=\"async\" src=\"https:\/\/pmza.sk\/wp-content\/uploads\/cache\/2016\/07\/kaplnka\/3959565052.jpg\" width=\"280\" height=\"230\" class=\"skip-lazy fg-image\" loading=\"eager\">\t\t\t\t\t\t\t\t\t\t\t\t\t\t\t\t<h3>Korene nevykoren\u00ed\u0161 - vernis\u00e1\u017e v\u00fdstavy\t\t\t\t\t\t\t\t\t<span><\/span>\n\t\t\t\t\t\t\t\t<\/h3>\n\t\t\t\t\t\t\t<\/a>\n\t\t\t\t\t\t<\/div>\n\t\t\t\t\t<\/div>\n\t\t\t\t<\/li>\n\t\t\t\t\t\t\t\t\t<li>\n\t\t\t\t\t<div class=\"foogallery-pile\">\n\t\t\t\t\t\t<div class=\"foogallery-pile-inner\">\n\t\t\t\t\t\t\t<a href=\"\/index.php?rest_route=%2Fwp%2Fv2%2Fpages%2F49936&#038;gallery=nocna-prehliadka-hradu-strecno-15-7-2016\" target=\"_self\">\n\t\t\t\t\t\t\t\t<img decoding=\"async\" src=\"https:\/\/pmza.sk\/wp-content\/uploads\/cache\/2016\/07\/Nocne-prehliadky-hradu-Strecno\/1278888126.jpg\" width=\"280\" height=\"230\" class=\"skip-lazy fg-image\" loading=\"eager\">\t\t\t\t\t\t\t\t\t\t\t\t\t\t\t\t<h3>No\u010dn\u00e1 prehliadka hradu Stre\u010dno 15. 7. 2016\t\t\t\t\t\t\t\t\t<span><\/span>\n\t\t\t\t\t\t\t\t<\/h3>\n\t\t\t\t\t\t\t<\/a>\n\t\t\t\t\t\t<\/div>\n\t\t\t\t\t<\/div>\n\t\t\t\t<\/li>\n\t\t\t\t\t\t\t\t\t<li>\n\t\t\t\t\t<div class=\"foogallery-pile\">\n\t\t\t\t\t\t<div class=\"foogallery-pile-inner\">\n\t\t\t\t\t\t\t<a href=\"\/index.php?rest_route=%2Fwp%2Fv2%2Fpages%2F49936&#038;gallery=umenie-na-hrade-xxxix-vyznanie-marika\" target=\"_self\">\n\t\t\t\t\t\t\t\t<img decoding=\"async\" src=\"https:\/\/pmza.sk\/wp-content\/uploads\/cache\/2016\/06\/Pallovi-vystava-scaled-1\/3505534776.jpg\" width=\"280\" height=\"230\" class=\"skip-lazy fg-image\" loading=\"eager\">\t\t\t\t\t\t\t\t\t\t\t\t\t\t\t\t<h3>Umenie na hrade XXXIX: Vyznanie &amp; Marika\t\t\t\t\t\t\t\t\t<span><\/span>\n\t\t\t\t\t\t\t\t<\/h3>\n\t\t\t\t\t\t\t<\/a>\n\t\t\t\t\t\t<\/div>\n\t\t\t\t\t<\/div>\n\t\t\t\t<\/li>\n\t\t\t\t\t\t\t\t\t<li>\n\t\t\t\t\t<div class=\"foogallery-pile\">\n\t\t\t\t\t\t<div class=\"foogallery-pile-inner\">\n\t\t\t\t\t\t\t<a href=\"\/index.php?rest_route=%2Fwp%2Fv2%2Fpages%2F49936&#038;gallery=rozlucka-so-skolskym-rokom\" target=\"_self\">\n\t\t\t\t\t\t\t\t<img decoding=\"async\" src=\"https:\/\/pmza.sk\/wp-content\/uploads\/cache\/2016\/06\/rozlucka_intro\/313830881.jpg\" width=\"280\" height=\"230\" class=\"skip-lazy fg-image\" loading=\"eager\">\t\t\t\t\t\t\t\t\t\t\t\t\t\t\t\t<h3>Rozl\u00fa\u010dka so \u0161kolsk\u00fdm rokom\t\t\t\t\t\t\t\t\t<span><\/span>\n\t\t\t\t\t\t\t\t<\/h3>\n\t\t\t\t\t\t\t<\/a>\n\t\t\t\t\t\t<\/div>\n\t\t\t\t\t<\/div>\n\t\t\t\t<\/li>\n\t\t\t\t\t\t\t\t\t<li>\n\t\t\t\t\t<div class=\"foogallery-pile\">\n\t\t\t\t\t\t<div class=\"foogallery-pile-inner\">\n\t\t\t\t\t\t\t<a href=\"\/index.php?rest_route=%2Fwp%2Fv2%2Fpages%2F49936&#038;gallery=ozivene-cicmany-19-6-2016\" target=\"_self\">\n\t\t\t\t\t\t\t\t<img decoding=\"async\" src=\"https:\/\/pmza.sk\/wp-content\/uploads\/cache\/2016\/06\/Ozivene-Cicmany_2016\/3005476490.jpg\" width=\"280\" height=\"230\" class=\"skip-lazy fg-image\" loading=\"eager\">\t\t\t\t\t\t\t\t\t\t\t\t\t\t\t\t<h3>O\u017eiven\u00e9 \u010ci\u010dmany - 19. 6. 2016\t\t\t\t\t\t\t\t\t<span><\/span>\n\t\t\t\t\t\t\t\t<\/h3>\n\t\t\t\t\t\t\t<\/a>\n\t\t\t\t\t\t<\/div>\n\t\t\t\t\t<\/div>\n\t\t\t\t<\/li>\n\t\t\t\t\t\t\t\t\t<li>\n\t\t\t\t\t<div class=\"foogallery-pile\">\n\t\t\t\t\t\t<div class=\"foogallery-pile-inner\">\n\t\t\t\t\t\t\t<a href=\"\/index.php?rest_route=%2Fwp%2Fv2%2Fpages%2F49936&#038;gallery=slovenske-rytierske-dni-2016\" target=\"_self\">\n\t\t\t\t\t\t\t\t<img decoding=\"async\" src=\"https:\/\/pmza.sk\/wp-content\/uploads\/cache\/2016\/05\/Slovenske-rytierske-dni-2016_plagat_Strecno-scaled-1\/1874567559.jpg\" width=\"280\" height=\"230\" class=\"skip-lazy fg-image\" loading=\"eager\">\t\t\t\t\t\t\t\t\t\t\t\t\t\t\t\t<h3>Slovensk\u00e9 rytierske dni 2016\t\t\t\t\t\t\t\t\t<span><\/span>\n\t\t\t\t\t\t\t\t<\/h3>\n\t\t\t\t\t\t\t<\/a>\n\t\t\t\t\t\t<\/div>\n\t\t\t\t\t<\/div>\n\t\t\t\t<\/li>\n\t\t\t\t\t\t\t\t\t<li>\n\t\t\t\t\t<div class=\"foogallery-pile\">\n\t\t\t\t\t\t<div class=\"foogallery-pile-inner\">\n\t\t\t\t\t\t\t<a href=\"\/index.php?rest_route=%2Fwp%2Fv2%2Fpages%2F49936&#038;gallery=vikend-otvorenych-parkov-a-zahrad\" target=\"_self\">\n\t\t\t\t\t\t\t\t<img decoding=\"async\" src=\"https:\/\/pmza.sk\/wp-content\/uploads\/cache\/2016\/06\/Vikend-otvorenych-parkov-a-zahrad\/774595689.jpg\" width=\"280\" height=\"230\" class=\"skip-lazy fg-image\" loading=\"eager\">\t\t\t\t\t\t\t\t\t\t\t\t\t\t\t\t<h3>V\u00edkend otvoren\u00fdch parkov a z\u00e1hrad\t\t\t\t\t\t\t\t\t<span><\/span>\n\t\t\t\t\t\t\t\t<\/h3>\n\t\t\t\t\t\t\t<\/a>\n\t\t\t\t\t\t<\/div>\n\t\t\t\t\t<\/div>\n\t\t\t\t<\/li>\n\t\t\t\t\t\t\t\t\t<li>\n\t\t\t\t\t<div class=\"foogallery-pile\">\n\t\t\t\t\t\t<div class=\"foogallery-pile-inner\">\n\t\t\t\t\t\t\t<a href=\"\/index.php?rest_route=%2Fwp%2Fv2%2Fpages%2F49936&#038;gallery=beh-do-strecnianskych-hradnych-schodov\" target=\"_self\">\n\t\t\t\t\t\t\t\t<img decoding=\"async\" src=\"https:\/\/pmza.sk\/wp-content\/uploads\/cache\/2016\/06\/IMG_1451\/543446601.jpg\" width=\"280\" height=\"230\" class=\"skip-lazy fg-image\" loading=\"eager\">\t\t\t\t\t\t\t\t\t\t\t\t\t\t\t\t<h3>Beh do stre\u010dnianskych hradn\u00fdch schodov\t\t\t\t\t\t\t\t\t<span><\/span>\n\t\t\t\t\t\t\t\t<\/h3>\n\t\t\t\t\t\t\t<\/a>\n\t\t\t\t\t\t<\/div>\n\t\t\t\t\t<\/div>\n\t\t\t\t<\/li>\n\t\t\t\t\t\t\t\t\t<li>\n\t\t\t\t\t<div class=\"foogallery-pile\">\n\t\t\t\t\t\t<div class=\"foogallery-pile-inner\">\n\t\t\t\t\t\t\t<a href=\"\/index.php?rest_route=%2Fwp%2Fv2%2Fpages%2F49936&#038;gallery=den-deti-na-hrade-strecno-2016\" target=\"_self\">\n\t\t\t\t\t\t\t\t<img decoding=\"async\" src=\"https:\/\/pmza.sk\/wp-content\/uploads\/cache\/2016\/05\/den_deti_20161\/696892278.jpg\" width=\"280\" height=\"230\" class=\"skip-lazy fg-image\" loading=\"eager\">\t\t\t\t\t\t\t\t\t\t\t\t\t\t\t\t<h3>De\u0148 det\u00ed na hrade Stre\u010dno 2016\t\t\t\t\t\t\t\t\t<span><\/span>\n\t\t\t\t\t\t\t\t<\/h3>\n\t\t\t\t\t\t\t<\/a>\n\t\t\t\t\t\t<\/div>\n\t\t\t\t\t<\/div>\n\t\t\t\t<\/li>\n\t\t\t\t\t\t\t\t\t<li>\n\t\t\t\t\t<div class=\"foogallery-pile\">\n\t\t\t\t\t\t<div class=\"foogallery-pile-inner\">\n\t\t\t\t\t\t\t<a href=\"\/index.php?rest_route=%2Fwp%2Fv2%2Fpages%2F49936&#038;gallery=bytciansky-zamocky-den\" target=\"_self\">\n\t\t\t\t\t\t\t\t<img decoding=\"async\" src=\"https:\/\/pmza.sk\/wp-content\/uploads\/cache\/2016\/05\/Bytciansky-zamocky-den-20161\/2877181620.jpg\" width=\"280\" height=\"230\" class=\"skip-lazy fg-image\" loading=\"eager\">\t\t\t\t\t\t\t\t\t\t\t\t\t\t\t\t<h3>Byt\u010diansky z\u00e1mock\u00fd de\u0148\t\t\t\t\t\t\t\t\t<span><\/span>\n\t\t\t\t\t\t\t\t<\/h3>\n\t\t\t\t\t\t\t<\/a>\n\t\t\t\t\t\t<\/div>\n\t\t\t\t\t<\/div>\n\t\t\t\t<\/li>\n\t\t\t\t\t\t\t\t\t<li>\n\t\t\t\t\t<div class=\"foogallery-pile\">\n\t\t\t\t\t\t<div class=\"foogallery-pile-inner\">\n\t\t\t\t\t\t\t<a href=\"\/index.php?rest_route=%2Fwp%2Fv2%2Fpages%2F49936&#038;gallery=hradna-skola-2016\" target=\"_self\">\n\t\t\t\t\t\t\t\t<img decoding=\"async\" src=\"https:\/\/pmza.sk\/wp-content\/uploads\/cache\/2016\/05\/IMG_1119\/1009926408.jpg\" width=\"280\" height=\"230\" class=\"skip-lazy fg-image\" loading=\"eager\">\t\t\t\t\t\t\t\t\t\t\t\t\t\t\t\t<h3>Hradn\u00e1 \u0161kola 2016\t\t\t\t\t\t\t\t\t<span><\/span>\n\t\t\t\t\t\t\t\t<\/h3>\n\t\t\t\t\t\t\t<\/a>\n\t\t\t\t\t\t<\/div>\n\t\t\t\t\t<\/div>\n\t\t\t\t<\/li>\n\t\t\t\t\t\t\t\t\t<li>\n\t\t\t\t\t<div class=\"foogallery-pile\">\n\t\t\t\t\t\t<div class=\"foogallery-pile-inner\">\n\t\t\t\t\t\t\t<a href=\"\/index.php?rest_route=%2Fwp%2Fv2%2Fpages%2F49936&#038;gallery=po-stopach-palatina\" target=\"_self\">\n\t\t\t\t\t\t\t\t<img decoding=\"async\" src=\"https:\/\/pmza.sk\/wp-content\/uploads\/cache\/2016\/05\/introplagat_Po-stopach-palatina1\/2935705397.jpg\" width=\"280\" height=\"230\" class=\"skip-lazy fg-image\" loading=\"eager\">\t\t\t\t\t\t\t\t\t\t\t\t\t\t\t\t<h3>Po stop\u00e1ch palat\u00edna\t\t\t\t\t\t\t\t\t<span><\/span>\n\t\t\t\t\t\t\t\t<\/h3>\n\t\t\t\t\t\t\t<\/a>\n\t\t\t\t\t\t<\/div>\n\t\t\t\t\t<\/div>\n\t\t\t\t<\/li>\n\t\t\t\t\t\t\t\t\t<li>\n\t\t\t\t\t<div class=\"foogallery-pile\">\n\t\t\t\t\t\t<div class=\"foogallery-pile-inner\">\n\t\t\t\t\t\t\t<a href=\"\/index.php?rest_route=%2Fwp%2Fv2%2Fpages%2F49936&#038;gallery=magicka-laska-z-doby-renesancie\" target=\"_self\">\n\t\t\t\t\t\t\t\t<img decoding=\"async\" src=\"https:\/\/pmza.sk\/wp-content\/uploads\/cache\/2016\/05\/Magicka-laska-z-doby-renesancie\/1730151580.jpg\" width=\"280\" height=\"230\" class=\"skip-lazy fg-image\" loading=\"eager\">\t\t\t\t\t\t\t\t\t\t\t\t\t\t\t\t<h3>Magick\u00e1 l\u00e1ska z doby renesancie\t\t\t\t\t\t\t\t\t<span><\/span>\n\t\t\t\t\t\t\t\t<\/h3>\n\t\t\t\t\t\t\t<\/a>\n\t\t\t\t\t\t<\/div>\n\t\t\t\t\t<\/div>\n\t\t\t\t<\/li>\n\t\t\t\t\t\t\t\t\t<li>\n\t\t\t\t\t<div class=\"foogallery-pile\">\n\t\t\t\t\t\t<div class=\"foogallery-pile-inner\">\n\t\t\t\t\t\t\t<a href=\"\/index.php?rest_route=%2Fwp%2Fv2%2Fpages%2F49936&#038;gallery=jarna-krasa-2016\" target=\"_self\">\n\t\t\t\t\t\t\t\t<img decoding=\"async\" src=\"https:\/\/pmza.sk\/wp-content\/uploads\/cache\/2016\/02\/Jarna-krasa_A3_2016-scaled-1\/1276672571.jpg\" width=\"280\" height=\"230\" class=\"skip-lazy fg-image\" loading=\"eager\">\t\t\t\t\t\t\t\t\t\t\t\t\t\t\t\t<h3>Jarn\u00e1 kr\u00e1sa 2016\t\t\t\t\t\t\t\t\t<span><\/span>\n\t\t\t\t\t\t\t\t<\/h3>\n\t\t\t\t\t\t\t<\/a>\n\t\t\t\t\t\t<\/div>\n\t\t\t\t\t<\/div>\n\t\t\t\t<\/li>\n\t\t\t\t\t\t\t\t\t<li>\n\t\t\t\t\t<div class=\"foogallery-pile\">\n\t\t\t\t\t\t<div class=\"foogallery-pile-inner\">\n\t\t\t\t\t\t\t<a href=\"\/index.php?rest_route=%2Fwp%2Fv2%2Fpages%2F49936&#038;gallery=novinka-v-budatinskom-parku\" target=\"_self\">\n\t\t\t\t\t\t\t\t<img decoding=\"async\" src=\"https:\/\/pmza.sk\/wp-content\/uploads\/cache\/2016\/05\/buk-cervenolisty\/303338429.jpg\" width=\"280\" height=\"230\" class=\"skip-lazy fg-image\" loading=\"eager\">\t\t\t\t\t\t\t\t\t\t\t\t\t\t\t\t<h3>Novinka v Budat\u00ednskom parku\t\t\t\t\t\t\t\t\t<span><\/span>\n\t\t\t\t\t\t\t\t<\/h3>\n\t\t\t\t\t\t\t<\/a>\n\t\t\t\t\t\t<\/div>\n\t\t\t\t\t<\/div>\n\t\t\t\t<\/li>\n\t\t\t\t\t\t\t\t\t<li>\n\t\t\t\t\t<div class=\"foogallery-pile\">\n\t\t\t\t\t\t<div class=\"foogallery-pile-inner\">\n\t\t\t\t\t\t\t<a href=\"\/index.php?rest_route=%2Fwp%2Fv2%2Fpages%2F49936&#038;gallery=vernisaz-vystavy-ako-zneju-galeria-pod-ratuzsem-strumien-pl\" target=\"_self\">\n\t\t\t\t\t\t\t\t<img decoding=\"async\" src=\"https:\/\/pmza.sk\/wp-content\/uploads\/cache\/2016\/04\/Ako-zneju_-e_pozvanka\/3878864987.jpg\" width=\"280\" height=\"230\" class=\"skip-lazy fg-image\" loading=\"eager\">\t\t\t\t\t\t\t\t\t\t\t\t\t\t\t\t<h3>Vernis\u00e1\u017e v\u00fdstavy Ako znej\u00fa... Gal\u00e9ria pod Ratuzsem - Strumie\u0144 (PL)\t\t\t\t\t\t\t\t\t<span><\/span>\n\t\t\t\t\t\t\t\t<\/h3>\n\t\t\t\t\t\t\t<\/a>\n\t\t\t\t\t\t<\/div>\n\t\t\t\t\t<\/div>\n\t\t\t\t<\/li>\n\t\t\t\t\t\t\t\t\t<li>\n\t\t\t\t\t<div class=\"foogallery-pile\">\n\t\t\t\t\t\t<div class=\"foogallery-pile-inner\">\n\t\t\t\t\t\t\t<a href=\"\/index.php?rest_route=%2Fwp%2Fv2%2Fpages%2F49936&#038;gallery=pridte-s-nami-oslavit-1-maj\" target=\"_self\">\n\t\t\t\t\t\t\t\t<img decoding=\"async\" src=\"https:\/\/pmza.sk\/wp-content\/uploads\/cache\/2016\/04\/1maj_1-page-001-scaled-1\/4116718254.jpg\" title=\"Konfeder\u00e1cia odborov\u00fdch zv\u00e4zov SR a \u017dilinsk\u00fd samospr\u00e1vny kraj zorganizovali oslavy Sviatku pr\u00e1ce v are\u00e1li Budat\u00ednskeho hradu. Na podujat\u00ed vyst\u00fapili heligonk\u00e1rka a spev\u00e1\u010dka Vlasta Mudr\u00edkov\u00e1, popul\u00e1rna a zn\u00e1ma skupina Kandr\u00e1\u010dovci a kapela V8 band. Sprievodn\u00fdm programom podujatia bol aj pokus o z\u00e1pis do datab\u00e1zy slovensk\u00fdch rekordov \u201eBozk\u00e1vanie pod \u010dere\u0161\u0148ou\u201c. FOTO: (c) Anna Kuchar\u010d\u00edkov\u00e1\" width=\"280\" height=\"230\" class=\"skip-lazy fg-image\" loading=\"eager\">\t\t\t\t\t\t\t\t\t\t\t\t\t\t\t\t<h3>Pr\u00ed\u010fte s nami osl\u00e1vi\u0165 1. m\u00e1j\t\t\t\t\t\t\t\t\t<span><\/span>\n\t\t\t\t\t\t\t\t<\/h3>\n\t\t\t\t\t\t\t<\/a>\n\t\t\t\t\t\t<\/div>\n\t\t\t\t\t<\/div>\n\t\t\t\t<\/li>\n\t\t\t\t\t\t\t\t\t<li>\n\t\t\t\t\t<div class=\"foogallery-pile\">\n\t\t\t\t\t\t<div class=\"foogallery-pile-inner\">\n\t\t\t\t\t\t\t<a href=\"\/index.php?rest_route=%2Fwp%2Fv2%2Fpages%2F49936&#038;gallery=odomknite-s-nami-hrad\" target=\"_self\">\n\t\t\t\t\t\t\t\t<img decoding=\"async\" src=\"https:\/\/pmza.sk\/wp-content\/uploads\/cache\/2016\/04\/Odomknite-s-nami-hrad\/3105944467.jpg\" width=\"280\" height=\"230\" class=\"skip-lazy fg-image\" loading=\"eager\">\t\t\t\t\t\t\t\t\t\t\t\t\t\t\t\t<h3>Odomknite s nami hrad\t\t\t\t\t\t\t\t\t<span><\/span>\n\t\t\t\t\t\t\t\t<\/h3>\n\t\t\t\t\t\t\t<\/a>\n\t\t\t\t\t\t<\/div>\n\t\t\t\t\t<\/div>\n\t\t\t\t<\/li>\n\t\t\t\t\t\t\t\t\t<li>\n\t\t\t\t\t<div class=\"foogallery-pile\">\n\t\t\t\t\t\t<div class=\"foogallery-pile-inner\">\n\t\t\t\t\t\t\t<a href=\"\/index.php?rest_route=%2Fwp%2Fv2%2Fpages%2F49936&#038;gallery=dlatom-a-stetcom\" target=\"_self\">\n\t\t\t\t\t\t\t\t<img decoding=\"async\" src=\"https:\/\/pmza.sk\/wp-content\/uploads\/cache\/2016\/03\/plagat\/3445260132.jpg\" width=\"280\" height=\"230\" class=\"skip-lazy fg-image\" loading=\"eager\">\t\t\t\t\t\t\t\t\t\t\t\t\t\t\t\t<h3>Dl\u00e1tom a \u0161tetcom\t\t\t\t\t\t\t\t\t<span><\/span>\n\t\t\t\t\t\t\t\t<\/h3>\n\t\t\t\t\t\t\t<\/a>\n\t\t\t\t\t\t<\/div>\n\t\t\t\t\t<\/div>\n\t\t\t\t<\/li>\n\t\t\t\t\t\t\t\t\t<li>\n\t\t\t\t\t<div class=\"foogallery-pile\">\n\t\t\t\t\t\t<div class=\"foogallery-pile-inner\">\n\t\t\t\t\t\t\t<a href=\"\/index.php?rest_route=%2Fwp%2Fv2%2Fpages%2F49936&#038;gallery=rozsvietme-to-na-modro-light-it-up-blue\" target=\"_self\">\n\t\t\t\t\t\t\t\t<img decoding=\"async\" src=\"https:\/\/pmza.sk\/wp-content\/uploads\/cache\/2016\/04\/MG_7233-Adrian-Vavro-Photography\/3684098256.jpg\" width=\"280\" height=\"230\" class=\"skip-lazy fg-image\" loading=\"eager\">\t\t\t\t\t\t\t\t\t\t\t\t\t\t\t\t<h3>Rozsvie\u0165me to na modro - Light it up Blue\t\t\t\t\t\t\t\t\t<span><\/span>\n\t\t\t\t\t\t\t\t<\/h3>\n\t\t\t\t\t\t\t<\/a>\n\t\t\t\t\t\t<\/div>\n\t\t\t\t\t<\/div>\n\t\t\t\t<\/li>\n\t\t\t\t\t\t\t\t\t<li>\n\t\t\t\t\t<div class=\"foogallery-pile\">\n\t\t\t\t\t\t<div class=\"foogallery-pile-inner\">\n\t\t\t\t\t\t\t<a href=\"\/index.php?rest_route=%2Fwp%2Fv2%2Fpages%2F49936&#038;gallery=krizova-cesta\" target=\"_self\">\n\t\t\t\t\t\t\t\t<img decoding=\"async\" src=\"https:\/\/pmza.sk\/wp-content\/uploads\/cache\/2016\/02\/Krizova-cesta-2016\/1539285351.jpg\" width=\"280\" height=\"230\" class=\"skip-lazy fg-image\" loading=\"eager\">\t\t\t\t\t\t\t\t\t\t\t\t\t\t\t\t<h3>Kr\u00ed\u017eov\u00e1 cesta\t\t\t\t\t\t\t\t\t<span><\/span>\n\t\t\t\t\t\t\t\t<\/h3>\n\t\t\t\t\t\t\t<\/a>\n\t\t\t\t\t\t<\/div>\n\t\t\t\t\t<\/div>\n\t\t\t\t<\/li>\n\t\t\t\t\t\t\t\t\t<li>\n\t\t\t\t\t<div class=\"foogallery-pile\">\n\t\t\t\t\t\t<div class=\"foogallery-pile-inner\">\n\t\t\t\t\t\t\t<a href=\"\/index.php?rest_route=%2Fwp%2Fv2%2Fpages%2F49936&#038;gallery=morenu-neseme-zimu-zaneseme\" target=\"_self\">\n\t\t\t\t\t\t\t\t<img decoding=\"async\" src=\"https:\/\/pmza.sk\/wp-content\/uploads\/cache\/2016\/02\/Morenu-neseme-zimu-zaneseme_2016\/3253423423.jpg\" width=\"280\" height=\"230\" class=\"skip-lazy fg-image\" loading=\"eager\">\t\t\t\t\t\t\t\t\t\t\t\t\t\t\t\t<h3>Morenu neseme, zimu zaneseme\t\t\t\t\t\t\t\t\t<span><\/span>\n\t\t\t\t\t\t\t\t<\/h3>\n\t\t\t\t\t\t\t<\/a>\n\t\t\t\t\t\t<\/div>\n\t\t\t\t\t<\/div>\n\t\t\t\t<\/li>\n\t\t\t\t\t\t\t\t\t<li>\n\t\t\t\t\t<div class=\"foogallery-pile\">\n\t\t\t\t\t\t<div class=\"foogallery-pile-inner\">\n\t\t\t\t\t\t\t<a href=\"\/index.php?rest_route=%2Fwp%2Fv2%2Fpages%2F49936&#038;gallery=masky-zimnej-lasky\" target=\"_self\">\n\t\t\t\t\t\t\t\t<img decoding=\"async\" src=\"https:\/\/pmza.sk\/wp-content\/uploads\/cache\/2015\/11\/Masky-zimnej-lasky_A1-plagat-web\/1097986293.jpg\" width=\"280\" height=\"230\" class=\"skip-lazy fg-image\" loading=\"eager\">\t\t\t\t\t\t\t\t\t\t\t\t\t\t\t\t<h3>Masky zimnej l\u00e1sky\t\t\t\t\t\t\t\t\t<span><\/span>\n\t\t\t\t\t\t\t\t<\/h3>\n\t\t\t\t\t\t\t<\/a>\n\t\t\t\t\t\t<\/div>\n\t\t\t\t\t<\/div>\n\t\t\t\t<\/li>\n\t\t\t\t\t\t\t\t\t<li>\n\t\t\t\t\t<div class=\"foogallery-pile\">\n\t\t\t\t\t\t<div class=\"foogallery-pile-inner\">\n\t\t\t\t\t\t\t<a href=\"\/index.php?rest_route=%2Fwp%2Fv2%2Fpages%2F49936&#038;gallery=za-vuni-kavy-vernisaz-vystavy\" target=\"_self\">\n\t\t\t\t\t\t\t\t<img decoding=\"async\" src=\"https:\/\/pmza.sk\/wp-content\/uploads\/cache\/2016\/02\/\u201eZa-vuni-kavy\/83096738.jpg\" width=\"280\" height=\"230\" class=\"skip-lazy fg-image\" loading=\"eager\">\t\t\t\t\t\t\t\t\t\t\t\t\t\t\t\t<h3>Za v\u016fn\u00ed k\u00e1vy\t\t\t\t\t\t\t\t\t<span><\/span>\n\t\t\t\t\t\t\t\t<\/h3>\n\t\t\t\t\t\t\t<\/a>\n\t\t\t\t\t\t<\/div>\n\t\t\t\t\t<\/div>\n\t\t\t\t<\/li>\n\t\t\t\t\t\t\t\t\t<li>\n\t\t\t\t\t<div class=\"foogallery-pile\">\n\t\t\t\t\t\t<div class=\"foogallery-pile-inner\">\n\t\t\t\t\t\t\t<a href=\"\/index.php?rest_route=%2Fwp%2Fv2%2Fpages%2F49936&#038;gallery=laska-vo-vezi\" target=\"_self\">\n\t\t\t\t\t\t\t\t<img decoding=\"async\" src=\"https:\/\/pmza.sk\/wp-content\/uploads\/cache\/2016\/02\/Laska-vo-vezi-scaled-1\/1415858046.jpg\" width=\"280\" height=\"230\" class=\"skip-lazy fg-image\" loading=\"eager\">\t\t\t\t\t\t\t\t\t\t\t\t\t\t\t\t<h3>L\u00e1ska vo ve\u017ei\t\t\t\t\t\t\t\t\t<span><\/span>\n\t\t\t\t\t\t\t\t<\/h3>\n\t\t\t\t\t\t\t<\/a>\n\t\t\t\t\t\t<\/div>\n\t\t\t\t\t<\/div>\n\t\t\t\t<\/li>\n\t\t\t\t\t\t<\/ul>\n\t<div style=\"clear: both;\"><\/div>\n<\/div>\n\n","protected":false},"excerpt":{"rendered":"","protected":false},"author":1,"featured_media":0,"parent":15004,"menu_order":32,"comment_status":"closed","ping_status":"closed","template":"elementor_theme","meta":{"site-sidebar-layout":"default","site-content-layout":"default","ast-site-content-layout":"","site-content-style":"default","site-sidebar-style":"default","ast-global-header-display":"","ast-banner-title-visibility":"","ast-main-header-display":"","ast-hfb-above-header-display":"","ast-hfb-below-header-display":"","ast-hfb-mobile-header-display":"","site-post-title":"","ast-breadcrumbs-content":"","ast-featured-img":"","footer-sml-layout":"","theme-transparent-header-meta":"default","adv-header-id-meta":"","stick-header-meta":"default","header-above-stick-meta":"","header-main-stick-meta":"","header-below-stick-meta":"","astra-migrate-meta-layouts":"default","ast-page-background-enabled":"default","ast-page-background-meta":{"desktop":{"background-color":"var(--ast-global-color-4)","background-image":"","background-repeat":"repeat","background-position":"center center","background-size":"auto","background-attachment":"scroll","background-type":"","background-media":"","overlay-type":"","overlay-color":"","overlay-opacity":"","overlay-gradient":""},"tablet":{"background-color":"","background-image":"","background-repeat":"repeat","background-position":"center center","background-size":"auto","background-attachment":"scroll","background-type":"","background-media":"","overlay-type":"","overlay-color":"","overlay-opacity":"","overlay-gradient":""},"mobile":{"background-color":"","background-image":"","background-repeat":"repeat","background-position":"center center","background-size":"auto","background-attachment":"scroll","background-type":"","background-media":"","overlay-type":"","overlay-color":"","overlay-opacity":"","overlay-gradient":""}},"ast-content-background-meta":{"desktop":{"background-color":"var(--ast-global-color-5)","background-image":"","background-repeat":"repeat","background-position":"center center","background-size":"auto","background-attachment":"scroll","background-type":"","background-media":"","overlay-type":"","overlay-color":"","overlay-opacity":"","overlay-gradient":""},"tablet":{"background-color":"var(--ast-global-color-5)","background-image":"","background-repeat":"repeat","background-position":"center center","background-size":"auto","background-attachment":"scroll","background-type":"","background-media":"","overlay-type":"","overlay-color":"","overlay-opacity":"","overlay-gradient":""},"mobile":{"background-color":"var(--ast-global-color-5)","background-image":"","background-repeat":"repeat","background-position":"center center","background-size":"auto","background-attachment":"scroll","background-type":"","background-media":"","overlay-type":"","overlay-color":"","overlay-opacity":"","overlay-gradient":""}},"footnotes":""},"class_list":["post-49936","page","type-page","status-publish","hentry"],"yoast_head":"<!-- This site is optimized with the Yoast SEO plugin v27.4 - https:\/\/yoast.com\/product\/yoast-seo-wordpress\/ -->\n<title>Fotogal\u00e9ria - 2016 - Pova\u017esk\u00e9 m\u00fazeum<\/title>\n<meta name=\"robots\" content=\"index, follow, max-snippet:-1, max-image-preview:large, max-video-preview:-1\" \/>\n<link rel=\"canonical\" href=\"https:\/\/pmza.sk\/?page_id=49936\" \/>\n<meta property=\"og:locale\" content=\"sk_SK\" \/>\n<meta property=\"og:type\" content=\"article\" \/>\n<meta property=\"og:title\" content=\"Fotogal\u00e9ria - 2016 - Pova\u017esk\u00e9 m\u00fazeum\" \/>\n<meta property=\"og:url\" content=\"https:\/\/pmza.sk\/?page_id=49936\" \/>\n<meta property=\"og:site_name\" content=\"Pova\u017esk\u00e9 m\u00fazeum\" \/>\n<meta property=\"article:publisher\" content=\"https:\/\/www.facebook.com\/povazskemuzeum\" \/>\n<meta name=\"twitter:card\" content=\"summary_large_image\" \/>\n<script type=\"application\/ld+json\" class=\"yoast-schema-graph\">{\"@context\":\"https:\\\/\\\/schema.org\",\"@graph\":[{\"@type\":\"WebPage\",\"@id\":\"https:\\\/\\\/pmza.sk\\\/?page_id=49936\",\"url\":\"https:\\\/\\\/pmza.sk\\\/?page_id=49936\",\"name\":\"Fotogal\u00e9ria - 2016 - Pova\u017esk\u00e9 m\u00fazeum\",\"isPartOf\":{\"@id\":\"https:\\\/\\\/pmza.sk\\\/#website\"},\"datePublished\":\"2022-02-23T17:13:58+00:00\",\"breadcrumb\":{\"@id\":\"https:\\\/\\\/pmza.sk\\\/?page_id=49936#breadcrumb\"},\"inLanguage\":\"sk-SK\",\"potentialAction\":[{\"@type\":\"ReadAction\",\"target\":[\"https:\\\/\\\/pmza.sk\\\/?page_id=49936\"]}]},{\"@type\":\"BreadcrumbList\",\"@id\":\"https:\\\/\\\/pmza.sk\\\/?page_id=49936#breadcrumb\",\"itemListElement\":[{\"@type\":\"ListItem\",\"position\":1,\"name\":\"Domovsk\u00e1 str\u00e1nka\",\"item\":\"https:\\\/\\\/pmza.sk\\\/\"},{\"@type\":\"ListItem\",\"position\":2,\"name\":\"Fotogal\u00e9ria\",\"item\":\"https:\\\/\\\/pmza.sk\\\/?page_id=15004\"},{\"@type\":\"ListItem\",\"position\":3,\"name\":\"Fotogal\u00e9ria &#8211; 2016\"}]},{\"@type\":\"WebSite\",\"@id\":\"https:\\\/\\\/pmza.sk\\\/#website\",\"url\":\"https:\\\/\\\/pmza.sk\\\/\",\"name\":\"Pova\u017esk\u00e9 m\u00fazeum\",\"description\":\"Pova\u017esk\u00e9 m\u00fazeum v \u017diline je region\u00e1lne m\u00fazeum so s\u00eddlom v Budat\u00edne. Jeho expoz\u00edcie s\u00fa zameran\u00e9 na dejiny slovensk\u00e9ho umenia, kult\u00fary a dopravy.\",\"publisher\":{\"@id\":\"https:\\\/\\\/pmza.sk\\\/#organization\"},\"potentialAction\":[{\"@type\":\"SearchAction\",\"target\":{\"@type\":\"EntryPoint\",\"urlTemplate\":\"https:\\\/\\\/pmza.sk\\\/?s={search_term_string}\"},\"query-input\":{\"@type\":\"PropertyValueSpecification\",\"valueRequired\":true,\"valueName\":\"search_term_string\"}}],\"inLanguage\":\"sk-SK\"},{\"@type\":\"Organization\",\"@id\":\"https:\\\/\\\/pmza.sk\\\/#organization\",\"name\":\"Pova\u017esk\u00e9 m\u00fazeum\",\"url\":\"https:\\\/\\\/pmza.sk\\\/\",\"logo\":{\"@type\":\"ImageObject\",\"inLanguage\":\"sk-SK\",\"@id\":\"https:\\\/\\\/pmza.sk\\\/#\\\/schema\\\/logo\\\/image\\\/\",\"url\":\"https:\\\/\\\/pmza.sk\\\/wp-content\\\/uploads\\\/2022\\\/01\\\/logo_PM_horizontal.jpg\",\"contentUrl\":\"https:\\\/\\\/pmza.sk\\\/wp-content\\\/uploads\\\/2022\\\/01\\\/logo_PM_horizontal.jpg\",\"width\":231,\"height\":142,\"caption\":\"Pova\u017esk\u00e9 m\u00fazeum\"},\"image\":{\"@id\":\"https:\\\/\\\/pmza.sk\\\/#\\\/schema\\\/logo\\\/image\\\/\"},\"sameAs\":[\"https:\\\/\\\/www.facebook.com\\\/povazskemuzeum\",\"https:\\\/\\\/www.instagram.com\\\/povazskemuzeum\\\/\"]}]}<\/script>\n<!-- \/ Yoast SEO plugin. -->","yoast_head_json":{"title":"Fotogal\u00e9ria - 2016 - Pova\u017esk\u00e9 m\u00fazeum","robots":{"index":"index","follow":"follow","max-snippet":"max-snippet:-1","max-image-preview":"max-image-preview:large","max-video-preview":"max-video-preview:-1"},"canonical":"https:\/\/pmza.sk\/?page_id=49936","og_locale":"sk_SK","og_type":"article","og_title":"Fotogal\u00e9ria - 2016 - Pova\u017esk\u00e9 m\u00fazeum","og_url":"https:\/\/pmza.sk\/?page_id=49936","og_site_name":"Pova\u017esk\u00e9 m\u00fazeum","article_publisher":"https:\/\/www.facebook.com\/povazskemuzeum","twitter_card":"summary_large_image","schema":{"@context":"https:\/\/schema.org","@graph":[{"@type":"WebPage","@id":"https:\/\/pmza.sk\/?page_id=49936","url":"https:\/\/pmza.sk\/?page_id=49936","name":"Fotogal\u00e9ria - 2016 - Pova\u017esk\u00e9 m\u00fazeum","isPartOf":{"@id":"https:\/\/pmza.sk\/#website"},"datePublished":"2022-02-23T17:13:58+00:00","breadcrumb":{"@id":"https:\/\/pmza.sk\/?page_id=49936#breadcrumb"},"inLanguage":"sk-SK","potentialAction":[{"@type":"ReadAction","target":["https:\/\/pmza.sk\/?page_id=49936"]}]},{"@type":"BreadcrumbList","@id":"https:\/\/pmza.sk\/?page_id=49936#breadcrumb","itemListElement":[{"@type":"ListItem","position":1,"name":"Domovsk\u00e1 str\u00e1nka","item":"https:\/\/pmza.sk\/"},{"@type":"ListItem","position":2,"name":"Fotogal\u00e9ria","item":"https:\/\/pmza.sk\/?page_id=15004"},{"@type":"ListItem","position":3,"name":"Fotogal\u00e9ria &#8211; 2016"}]},{"@type":"WebSite","@id":"https:\/\/pmza.sk\/#website","url":"https:\/\/pmza.sk\/","name":"Pova\u017esk\u00e9 m\u00fazeum","description":"Pova\u017esk\u00e9 m\u00fazeum v \u017diline je region\u00e1lne m\u00fazeum so s\u00eddlom v Budat\u00edne. Jeho expoz\u00edcie s\u00fa zameran\u00e9 na dejiny slovensk\u00e9ho umenia, kult\u00fary a dopravy.","publisher":{"@id":"https:\/\/pmza.sk\/#organization"},"potentialAction":[{"@type":"SearchAction","target":{"@type":"EntryPoint","urlTemplate":"https:\/\/pmza.sk\/?s={search_term_string}"},"query-input":{"@type":"PropertyValueSpecification","valueRequired":true,"valueName":"search_term_string"}}],"inLanguage":"sk-SK"},{"@type":"Organization","@id":"https:\/\/pmza.sk\/#organization","name":"Pova\u017esk\u00e9 m\u00fazeum","url":"https:\/\/pmza.sk\/","logo":{"@type":"ImageObject","inLanguage":"sk-SK","@id":"https:\/\/pmza.sk\/#\/schema\/logo\/image\/","url":"https:\/\/pmza.sk\/wp-content\/uploads\/2022\/01\/logo_PM_horizontal.jpg","contentUrl":"https:\/\/pmza.sk\/wp-content\/uploads\/2022\/01\/logo_PM_horizontal.jpg","width":231,"height":142,"caption":"Pova\u017esk\u00e9 m\u00fazeum"},"image":{"@id":"https:\/\/pmza.sk\/#\/schema\/logo\/image\/"},"sameAs":["https:\/\/www.facebook.com\/povazskemuzeum","https:\/\/www.instagram.com\/povazskemuzeum\/"]}]}},"_links":{"self":[{"href":"https:\/\/pmza.sk\/index.php?rest_route=\/wp\/v2\/pages\/49936","targetHints":{"allow":["GET"]}}],"collection":[{"href":"https:\/\/pmza.sk\/index.php?rest_route=\/wp\/v2\/pages"}],"about":[{"href":"https:\/\/pmza.sk\/index.php?rest_route=\/wp\/v2\/types\/page"}],"author":[{"embeddable":true,"href":"https:\/\/pmza.sk\/index.php?rest_route=\/wp\/v2\/users\/1"}],"replies":[{"embeddable":true,"href":"https:\/\/pmza.sk\/index.php?rest_route=%2Fwp%2Fv2%2Fcomments&post=49936"}],"version-history":[{"count":0,"href":"https:\/\/pmza.sk\/index.php?rest_route=\/wp\/v2\/pages\/49936\/revisions"}],"up":[{"embeddable":true,"href":"https:\/\/pmza.sk\/index.php?rest_route=\/wp\/v2\/pages\/15004"}],"wp:attachment":[{"href":"https:\/\/pmza.sk\/index.php?rest_route=%2Fwp%2Fv2%2Fmedia&parent=49936"}],"curies":[{"name":"wp","href":"https:\/\/api.w.org\/{rel}","templated":true}]}}