{"id":49938,"date":"2022-02-23T18:14:30","date_gmt":"2022-02-23T17:14:30","guid":{"rendered":"https:\/\/pmza.sk\/?page_id=49938"},"modified":"2022-02-23T18:14:30","modified_gmt":"2022-02-23T17:14:30","slug":"fotogaleria-2017","status":"publish","type":"page","link":"https:\/\/pmza.sk\/?page_id=49938","title":{"rendered":"Fotogal\u00e9ria &#8211; 2017"},"content":{"rendered":"<style type=\"text\/css\">.foogallery-album-gallery-list .foogallery-pile h3 { background: #fff !important; }.foogallery-album-gallery-list .foogallery-pile h3 { color: #000000 !important; }<\/style><div id=\"foogallery-album-49932\">\n\t<ul class=\"foogallery-album-gallery-list alignment-left\">\n\t\t\t\t\t\t<li>\n\t\t\t\t\t<div class=\"foogallery-pile\">\n\t\t\t\t\t\t<div class=\"foogallery-pile-inner\">\n\t\t\t\t\t\t\t<a href=\"\/index.php?rest_route=%2Fwp%2Fv2%2Fpages%2F49938&#038;gallery=vystava-v-kaplnke-bh-jarmok-kreativity\" target=\"_self\">\n\t\t\t\t\t\t\t\t<img fetchpriority=\"high\" decoding=\"async\" src=\"https:\/\/pmza.sk\/wp-content\/uploads\/cache\/2017\/12\/PC200370_view-e1513777486572-scaled-1\/172369627.jpg\" width=\"280\" height=\"230\" class=\"skip-lazy fg-image\" loading=\"eager\">\t\t\t\t\t\t\t\t\t\t\t\t\t\t\t\t<h3>V\u00fdstava v kaplnke BH - Jarmok kreativity\t\t\t\t\t\t\t\t\t<span><\/span>\n\t\t\t\t\t\t\t\t<\/h3>\n\t\t\t\t\t\t\t<\/a>\n\t\t\t\t\t\t<\/div>\n\t\t\t\t\t<\/div>\n\t\t\t\t<\/li>\n\t\t\t\t\t\t\t\t\t<li>\n\t\t\t\t\t<div class=\"foogallery-pile\">\n\t\t\t\t\t\t<div class=\"foogallery-pile-inner\">\n\t\t\t\t\t\t\t<a href=\"\/index.php?rest_route=%2Fwp%2Fv2%2Fpages%2F49938&#038;gallery=vianocna-vyzdoba-v-budatinskom-hrade\" target=\"_self\">\n\t\t\t\t\t\t\t\t<img decoding=\"async\" src=\"https:\/\/pmza.sk\/wp-content\/uploads\/cache\/2017\/12\/PC200254_view-e1513778031338-scaled-1\/1851509236.jpg\" width=\"280\" height=\"230\" class=\"skip-lazy fg-image\" loading=\"eager\">\t\t\t\t\t\t\t\t\t\t\t\t\t\t\t\t<h3>Viano\u010dn\u00e1 v\u00fdzdoba v Budat\u00ednskom hrade\t\t\t\t\t\t\t\t\t<span><\/span>\n\t\t\t\t\t\t\t\t<\/h3>\n\t\t\t\t\t\t\t<\/a>\n\t\t\t\t\t\t<\/div>\n\t\t\t\t\t<\/div>\n\t\t\t\t<\/li>\n\t\t\t\t\t\t\t\t\t<li>\n\t\t\t\t\t<div class=\"foogallery-pile\">\n\t\t\t\t\t\t<div class=\"foogallery-pile-inner\">\n\t\t\t\t\t\t\t<a href=\"\/index.php?rest_route=%2Fwp%2Fv2%2Fpages%2F49938&#038;gallery=mikulas-v-muzeu-dopravy-rajecke-teplice\" target=\"_self\">\n\t\t\t\t\t\t\t\t<img decoding=\"async\" src=\"https:\/\/pmza.sk\/wp-content\/uploads\/cache\/2017\/11\/A4_mikulas-1-scaled-1\/256744422.jpg\" width=\"280\" height=\"230\" class=\"skip-lazy fg-image\" loading=\"eager\">\t\t\t\t\t\t\t\t\t\t\t\t\t\t\t\t<h3>Mikul\u00e1\u0161 v M\u00fazeu dopravy Rajeck\u00e9 Teplice\t\t\t\t\t\t\t\t\t<span><\/span>\n\t\t\t\t\t\t\t\t<\/h3>\n\t\t\t\t\t\t\t<\/a>\n\t\t\t\t\t\t<\/div>\n\t\t\t\t\t<\/div>\n\t\t\t\t<\/li>\n\t\t\t\t\t\t\t\t\t<li>\n\t\t\t\t\t<div class=\"foogallery-pile\">\n\t\t\t\t\t\t<div class=\"foogallery-pile-inner\">\n\t\t\t\t\t\t\t<a href=\"\/index.php?rest_route=%2Fwp%2Fv2%2Fpages%2F49938&#038;gallery=s-historiou-v-srdci-4-cast-zimny-pribeh\" target=\"_self\">\n\t\t\t\t\t\t\t\t<img decoding=\"async\" src=\"https:\/\/pmza.sk\/wp-content\/uploads\/cache\/2017\/11\/pribeh-1-scaled-1\/800197684.jpg\" width=\"280\" height=\"230\" class=\"skip-lazy fg-image\" loading=\"eager\">\t\t\t\t\t\t\t\t\t\t\t\t\t\t\t\t<h3>S hist\u00f3riou v srdci - 4. \u010das\u0165: Zimn\u00fd pr\u00edbeh\t\t\t\t\t\t\t\t\t<span><\/span>\n\t\t\t\t\t\t\t\t<\/h3>\n\t\t\t\t\t\t\t<\/a>\n\t\t\t\t\t\t<\/div>\n\t\t\t\t\t<\/div>\n\t\t\t\t<\/li>\n\t\t\t\t\t\t\t\t\t<li>\n\t\t\t\t\t<div class=\"foogallery-pile\">\n\t\t\t\t\t\t<div class=\"foogallery-pile-inner\">\n\t\t\t\t\t\t\t<a href=\"\/index.php?rest_route=%2Fwp%2Fv2%2Fpages%2F49938&#038;gallery=dokumentacia-a-ochrana-drotarstva-v-povazskom-muzeu-v-ziline\" target=\"_self\">\n\t\t\t\t\t\t\t\t<img decoding=\"async\" src=\"https:\/\/pmza.sk\/wp-content\/uploads\/cache\/2017\/11\/IMG_4126\/1069792645.jpg\" width=\"280\" height=\"230\" class=\"skip-lazy fg-image\" loading=\"eager\">\t\t\t\t\t\t\t\t\t\t\t\t\t\t\t\t<h3>Dokument\u00e1cia a ochrana drot\u00e1rstva v Pova\u017eskom m\u00fazeu v \u017diline\t\t\t\t\t\t\t\t\t<span><\/span>\n\t\t\t\t\t\t\t\t<\/h3>\n\t\t\t\t\t\t\t<\/a>\n\t\t\t\t\t\t<\/div>\n\t\t\t\t\t<\/div>\n\t\t\t\t<\/li>\n\t\t\t\t\t\t\t\t\t<li>\n\t\t\t\t\t<div class=\"foogallery-pile\">\n\t\t\t\t\t\t<div class=\"foogallery-pile-inner\">\n\t\t\t\t\t\t\t<a href=\"\/index.php?rest_route=%2Fwp%2Fv2%2Fpages%2F49938&#038;gallery=toto-je-muzeum_75-rokov-pmza\" target=\"_self\">\n\t\t\t\t\t\t\t\t<img decoding=\"async\" src=\"https:\/\/pmza.sk\/wp-content\/uploads\/cache\/2016\/12\/75_pmza-scaled-1\/205188805.jpg\" width=\"280\" height=\"230\" class=\"skip-lazy fg-image\" loading=\"eager\">\t\t\t\t\t\t\t\t\t\t\t\t\t\t\t\t<h3>Toto je m\u00fazeum_75 rokov PMZA\t\t\t\t\t\t\t\t\t<span><\/span>\n\t\t\t\t\t\t\t\t<\/h3>\n\t\t\t\t\t\t\t<\/a>\n\t\t\t\t\t\t<\/div>\n\t\t\t\t\t<\/div>\n\t\t\t\t<\/li>\n\t\t\t\t\t\t\t\t\t<li>\n\t\t\t\t\t<div class=\"foogallery-pile\">\n\t\t\t\t\t\t<div class=\"foogallery-pile-inner\">\n\t\t\t\t\t\t\t<a href=\"\/index.php?rest_route=%2Fwp%2Fv2%2Fpages%2F49938&#038;gallery=noc-duchov-tekvic-a-strasidiel-2017\" target=\"_self\">\n\t\t\t\t\t\t\t\t<img decoding=\"async\" src=\"https:\/\/pmza.sk\/wp-content\/uploads\/cache\/2017\/10\/noc_duchov_www\/2430889785.jpg\" width=\"280\" height=\"230\" class=\"skip-lazy fg-image\" loading=\"eager\">\t\t\t\t\t\t\t\t\t\t\t\t\t\t\t\t<h3>Noc duchov, tekv\u00edc a stra\u0161idiel 2017\t\t\t\t\t\t\t\t\t<span><\/span>\n\t\t\t\t\t\t\t\t<\/h3>\n\t\t\t\t\t\t\t<\/a>\n\t\t\t\t\t\t<\/div>\n\t\t\t\t\t<\/div>\n\t\t\t\t<\/li>\n\t\t\t\t\t\t\t\t\t<li>\n\t\t\t\t\t<div class=\"foogallery-pile\">\n\t\t\t\t\t\t<div class=\"foogallery-pile-inner\">\n\t\t\t\t\t\t\t<a href=\"\/index.php?rest_route=%2Fwp%2Fv2%2Fpages%2F49938&#038;gallery=budatinsky-rinok-2017\" target=\"_self\">\n\t\t\t\t\t\t\t\t<img decoding=\"async\" src=\"https:\/\/pmza.sk\/wp-content\/uploads\/cache\/2017\/10\/IMG_3497\/2540852333.jpg\" width=\"280\" height=\"230\" class=\"skip-lazy fg-image\" loading=\"eager\">\t\t\t\t\t\t\t\t\t\t\t\t\t\t\t\t<h3>Budat\u00ednsky r\u00ednok 2017\t\t\t\t\t\t\t\t\t<span><\/span>\n\t\t\t\t\t\t\t\t<\/h3>\n\t\t\t\t\t\t\t<\/a>\n\t\t\t\t\t\t<\/div>\n\t\t\t\t\t<\/div>\n\t\t\t\t<\/li>\n\t\t\t\t\t\t\t\t\t<li>\n\t\t\t\t\t<div class=\"foogallery-pile\">\n\t\t\t\t\t\t<div class=\"foogallery-pile-inner\">\n\t\t\t\t\t\t\t<a href=\"\/index.php?rest_route=%2Fwp%2Fv2%2Fpages%2F49938&#038;gallery=rozsirena-expozicia-muzea-dopravy-rajecke-teplice\" target=\"_self\">\n\t\t\t\t\t\t\t\t<img decoding=\"async\" src=\"https:\/\/pmza.sk\/wp-content\/uploads\/cache\/2016\/12\/anca_2017-scaled-1\/4218706925.jpg\" width=\"280\" height=\"230\" class=\"skip-lazy fg-image\" loading=\"eager\">\t\t\t\t\t\t\t\t\t\t\t\t\t\t\t\t<h3>Roz\u0161\u00edren\u00e1 expoz\u00edcia M\u00fazea dopravy Rajeck\u00e9 Teplice\t\t\t\t\t\t\t\t\t<span><\/span>\n\t\t\t\t\t\t\t\t<\/h3>\n\t\t\t\t\t\t\t<\/a>\n\t\t\t\t\t\t<\/div>\n\t\t\t\t\t<\/div>\n\t\t\t\t<\/li>\n\t\t\t\t\t\t\t\t\t<li>\n\t\t\t\t\t<div class=\"foogallery-pile\">\n\t\t\t\t\t\t<div class=\"foogallery-pile-inner\">\n\t\t\t\t\t\t\t<a href=\"\/index.php?rest_route=%2Fwp%2Fv2%2Fpages%2F49938&#038;gallery=botanicke-hry-a-mali-vedci\" target=\"_self\">\n\t\t\t\t\t\t\t\t<img decoding=\"async\" src=\"https:\/\/pmza.sk\/wp-content\/uploads\/cache\/2017\/09\/botanicke_hry\/2442097465.jpg\" width=\"280\" height=\"230\" class=\"skip-lazy fg-image\" loading=\"eager\">\t\t\t\t\t\t\t\t\t\t\t\t\t\t\t\t<h3>Botanick\u00e9 hry a mal\u00ed vedci\t\t\t\t\t\t\t\t\t<span><\/span>\n\t\t\t\t\t\t\t\t<\/h3>\n\t\t\t\t\t\t\t<\/a>\n\t\t\t\t\t\t<\/div>\n\t\t\t\t\t<\/div>\n\t\t\t\t<\/li>\n\t\t\t\t\t\t\t\t\t<li>\n\t\t\t\t\t<div class=\"foogallery-pile\">\n\t\t\t\t\t\t<div class=\"foogallery-pile-inner\">\n\t\t\t\t\t\t\t<a href=\"\/index.php?rest_route=%2Fwp%2Fv2%2Fpages%2F49938&#038;gallery=bavorska-delegacia-na-navsteve-budatinskeho-hradu\" target=\"_self\">\n\t\t\t\t\t\t\t\t<img decoding=\"async\" src=\"https:\/\/pmza.sk\/wp-content\/uploads\/cache\/2017\/09\/IMG_4347\/1950621647.jpg\" width=\"280\" height=\"230\" class=\"skip-lazy fg-image\" loading=\"eager\">\t\t\t\t\t\t\t\t\t\t\t\t\t\t\t\t<h3>Bavorsk\u00e1 deleg\u00e1cia na n\u00e1v\u0161teve Budat\u00ednskeho hradu\t\t\t\t\t\t\t\t\t<span><\/span>\n\t\t\t\t\t\t\t\t<\/h3>\n\t\t\t\t\t\t\t<\/a>\n\t\t\t\t\t\t<\/div>\n\t\t\t\t\t<\/div>\n\t\t\t\t<\/li>\n\t\t\t\t\t\t\t\t\t<li>\n\t\t\t\t\t<div class=\"foogallery-pile\">\n\t\t\t\t\t\t<div class=\"foogallery-pile-inner\">\n\t\t\t\t\t\t\t<a href=\"\/index.php?rest_route=%2Fwp%2Fv2%2Fpages%2F49938&#038;gallery=cestovanie-v-case\" target=\"_self\">\n\t\t\t\t\t\t\t\t<img decoding=\"async\" src=\"https:\/\/pmza.sk\/wp-content\/uploads\/cache\/2017\/09\/cestovanie_www\/957455850.jpg\" width=\"280\" height=\"230\" class=\"skip-lazy fg-image\" loading=\"eager\">\t\t\t\t\t\t\t\t\t\t\t\t\t\t\t\t<h3>Cestovanie v \u010dase\t\t\t\t\t\t\t\t\t<span><\/span>\n\t\t\t\t\t\t\t\t<\/h3>\n\t\t\t\t\t\t\t<\/a>\n\t\t\t\t\t\t<\/div>\n\t\t\t\t\t<\/div>\n\t\t\t\t<\/li>\n\t\t\t\t\t\t\t\t\t<li>\n\t\t\t\t\t<div class=\"foogallery-pile\">\n\t\t\t\t\t\t<div class=\"foogallery-pile-inner\">\n\t\t\t\t\t\t\t<a href=\"\/index.php?rest_route=%2Fwp%2Fv2%2Fpages%2F49938&#038;gallery=expedicia-budatinsky-hrad-18-9-2017\" target=\"_self\">\n\t\t\t\t\t\t\t\t<img decoding=\"async\" src=\"https:\/\/pmza.sk\/wp-content\/uploads\/cache\/2017\/09\/IMG_3828\/3761239070.jpg\" width=\"280\" height=\"230\" class=\"skip-lazy fg-image\" loading=\"eager\">\t\t\t\t\t\t\t\t\t\t\t\t\t\t\t\t<h3>Exped\u00edcia Budat\u00ednsky hrad 2017\t\t\t\t\t\t\t\t\t<span><\/span>\n\t\t\t\t\t\t\t\t<\/h3>\n\t\t\t\t\t\t\t<\/a>\n\t\t\t\t\t\t<\/div>\n\t\t\t\t\t<\/div>\n\t\t\t\t<\/li>\n\t\t\t\t\t\t\t\t\t<li>\n\t\t\t\t\t<div class=\"foogallery-pile\">\n\t\t\t\t\t\t<div class=\"foogallery-pile-inner\">\n\t\t\t\t\t\t\t<a href=\"\/index.php?rest_route=%2Fwp%2Fv2%2Fpages%2F49938&#038;gallery=jesenne-dozrievanie\" target=\"_self\">\n\t\t\t\t\t\t\t\t<img decoding=\"async\" src=\"https:\/\/pmza.sk\/wp-content\/uploads\/cache\/2016\/12\/plagat_www\/3942084567.jpg\" width=\"280\" height=\"230\" class=\"skip-lazy fg-image\" loading=\"eager\">\t\t\t\t\t\t\t\t\t\t\t\t\t\t\t\t<h3>Jesenn\u00e9 dozrievanie\t\t\t\t\t\t\t\t\t<span><\/span>\n\t\t\t\t\t\t\t\t<\/h3>\n\t\t\t\t\t\t\t<\/a>\n\t\t\t\t\t\t<\/div>\n\t\t\t\t\t<\/div>\n\t\t\t\t<\/li>\n\t\t\t\t\t\t\t\t\t<li>\n\t\t\t\t\t<div class=\"foogallery-pile\">\n\t\t\t\t\t\t<div class=\"foogallery-pile-inner\">\n\t\t\t\t\t\t\t<a href=\"\/index.php?rest_route=%2Fwp%2Fv2%2Fpages%2F49938&#038;gallery=zahady-nocneho-prizraku\" target=\"_self\">\n\t\t\t\t\t\t\t\t<img decoding=\"async\" src=\"https:\/\/pmza.sk\/wp-content\/uploads\/cache\/2017\/09\/zahady_nocneho_prizraku-scaled-1\/2780889881.jpg\" width=\"280\" height=\"230\" class=\"skip-lazy fg-image\" loading=\"eager\">\t\t\t\t\t\t\t\t\t\t\t\t\t\t\t\t<h3>Z\u00e1hady no\u010dn\u00e9ho pr\u00edzraku\t\t\t\t\t\t\t\t\t<span><\/span>\n\t\t\t\t\t\t\t\t<\/h3>\n\t\t\t\t\t\t\t<\/a>\n\t\t\t\t\t\t<\/div>\n\t\t\t\t\t<\/div>\n\t\t\t\t<\/li>\n\t\t\t\t\t\t\t\t\t<li>\n\t\t\t\t\t<div class=\"foogallery-pile\">\n\t\t\t\t\t\t<div class=\"foogallery-pile-inner\">\n\t\t\t\t\t\t\t<a href=\"\/index.php?rest_route=%2Fwp%2Fv2%2Fpages%2F49938&#038;gallery=hluchan-a-jeho-pribuzni\" target=\"_self\">\n\t\t\t\t\t\t\t\t<img decoding=\"async\" src=\"https:\/\/pmza.sk\/wp-content\/uploads\/cache\/2017\/09\/hluchan_plagat-scaled-1\/257436197.jpg\" width=\"280\" height=\"230\" class=\"skip-lazy fg-image\" loading=\"eager\">\t\t\t\t\t\t\t\t\t\t\t\t\t\t\t\t<h3>Hluch\u00e1\u0148 a jeho pr\u00edbuzn\u00ed\t\t\t\t\t\t\t\t\t<span><\/span>\n\t\t\t\t\t\t\t\t<\/h3>\n\t\t\t\t\t\t\t<\/a>\n\t\t\t\t\t\t<\/div>\n\t\t\t\t\t<\/div>\n\t\t\t\t<\/li>\n\t\t\t\t\t\t\t\t\t<li>\n\t\t\t\t\t<div class=\"foogallery-pile\">\n\t\t\t\t\t\t<div class=\"foogallery-pile-inner\">\n\t\t\t\t\t\t\t<a href=\"\/index.php?rest_route=%2Fwp%2Fv2%2Fpages%2F49938&#038;gallery=cas-vyletov-vernisaz\" target=\"_self\">\n\t\t\t\t\t\t\t\t<img decoding=\"async\" src=\"https:\/\/pmza.sk\/wp-content\/uploads\/cache\/2017\/08\/plagat_www-1\/222003571.jpg\" width=\"280\" height=\"230\" class=\"skip-lazy fg-image\" loading=\"eager\">\t\t\t\t\t\t\t\t\t\t\t\t\t\t\t\t<h3>\u010cas v\u00fdletov - vernis\u00e1\u017e\t\t\t\t\t\t\t\t\t<span><\/span>\n\t\t\t\t\t\t\t\t<\/h3>\n\t\t\t\t\t\t\t<\/a>\n\t\t\t\t\t\t<\/div>\n\t\t\t\t\t<\/div>\n\t\t\t\t<\/li>\n\t\t\t\t\t\t\t\t\t<li>\n\t\t\t\t\t<div class=\"foogallery-pile\">\n\t\t\t\t\t\t<div class=\"foogallery-pile-inner\">\n\t\t\t\t\t\t\t<a href=\"\/index.php?rest_route=%2Fwp%2Fv2%2Fpages%2F49938&#038;gallery=nocna-prehliadka-hradu-strecno-11-8-2017\" target=\"_self\">\n\t\t\t\t\t\t\t\t<img decoding=\"async\" src=\"https:\/\/pmza.sk\/wp-content\/uploads\/cache\/2017\/07\/A4_nocne_2017_www-1\/1664176047.jpg\" width=\"280\" height=\"230\" class=\"skip-lazy fg-image\" loading=\"eager\">\t\t\t\t\t\t\t\t\t\t\t\t\t\t\t\t<h3>No\u010dn\u00e1 prehliadka hradu Stre\u010dno - 11. 8. 2017\t\t\t\t\t\t\t\t\t<span><\/span>\n\t\t\t\t\t\t\t\t<\/h3>\n\t\t\t\t\t\t\t<\/a>\n\t\t\t\t\t\t<\/div>\n\t\t\t\t\t<\/div>\n\t\t\t\t<\/li>\n\t\t\t\t\t\t\t\t\t<li>\n\t\t\t\t\t<div class=\"foogallery-pile\">\n\t\t\t\t\t\t<div class=\"foogallery-pile-inner\">\n\t\t\t\t\t\t\t<a href=\"\/index.php?rest_route=%2Fwp%2Fv2%2Fpages%2F49938&#038;gallery=zbojnickym-chodnickom-5-8-2017\" target=\"_self\">\n\t\t\t\t\t\t\t\t<img decoding=\"async\" src=\"https:\/\/pmza.sk\/wp-content\/uploads\/cache\/2017\/07\/terchova_2017_www\/2843140619.jpg\" width=\"280\" height=\"230\" class=\"skip-lazy fg-image\" loading=\"eager\">\t\t\t\t\t\t\t\t\t\t\t\t\t\t\t\t<h3>Zbojn\u00edckym chodn\u00ed\u010dkom - 5. 8. 2017\t\t\t\t\t\t\t\t\t<span><\/span>\n\t\t\t\t\t\t\t\t<\/h3>\n\t\t\t\t\t\t\t<\/a>\n\t\t\t\t\t\t<\/div>\n\t\t\t\t\t<\/div>\n\t\t\t\t<\/li>\n\t\t\t\t\t\t\t\t\t<li>\n\t\t\t\t\t<div class=\"foogallery-pile\">\n\t\t\t\t\t\t<div class=\"foogallery-pile-inner\">\n\t\t\t\t\t\t\t<a href=\"\/index.php?rest_route=%2Fwp%2Fv2%2Fpages%2F49938&#038;gallery=hradne-hry-zofie-bosniakovej-6-8-2017\" target=\"_self\">\n\t\t\t\t\t\t\t\t<img decoding=\"async\" src=\"https:\/\/pmza.sk\/wp-content\/uploads\/cache\/2017\/07\/HH_ZB_2017_www\/1816816378.jpg\" width=\"280\" height=\"230\" class=\"skip-lazy fg-image\" loading=\"eager\">\t\t\t\t\t\t\t\t\t\t\t\t\t\t\t\t<h3>Hradn\u00e9 hry \u017dofie Bosniakovej - 6. 8. 2017\t\t\t\t\t\t\t\t\t<span><\/span>\n\t\t\t\t\t\t\t\t<\/h3>\n\t\t\t\t\t\t\t<\/a>\n\t\t\t\t\t\t<\/div>\n\t\t\t\t\t<\/div>\n\t\t\t\t<\/li>\n\t\t\t\t\t\t\t\t\t<li>\n\t\t\t\t\t<div class=\"foogallery-pile\">\n\t\t\t\t\t\t<div class=\"foogallery-pile-inner\">\n\t\t\t\t\t\t\t<a href=\"\/index.php?rest_route=%2Fwp%2Fv2%2Fpages%2F49938&#038;gallery=budatinske-hradne-hry-30-7-2017\" target=\"_self\">\n\t\t\t\t\t\t\t\t<img decoding=\"async\" src=\"https:\/\/pmza.sk\/wp-content\/uploads\/cache\/2017\/07\/BHH_www\/3234383770.jpg\" width=\"280\" height=\"230\" class=\"skip-lazy fg-image\" loading=\"eager\">\t\t\t\t\t\t\t\t\t\t\t\t\t\t\t\t<h3>Budat\u00ednske hradn\u00e9 hry - 30. 7. 2017\t\t\t\t\t\t\t\t\t<span><\/span>\n\t\t\t\t\t\t\t\t<\/h3>\n\t\t\t\t\t\t\t<\/a>\n\t\t\t\t\t\t<\/div>\n\t\t\t\t\t<\/div>\n\t\t\t\t<\/li>\n\t\t\t\t\t\t\t\t\t<li>\n\t\t\t\t\t<div class=\"foogallery-pile\">\n\t\t\t\t\t\t<div class=\"foogallery-pile-inner\">\n\t\t\t\t\t\t\t<a href=\"\/index.php?rest_route=%2Fwp%2Fv2%2Fpages%2F49938&#038;gallery=ozivene-cicmany-16-7-2017\" target=\"_self\">\n\t\t\t\t\t\t\t\t<img decoding=\"async\" src=\"https:\/\/pmza.sk\/wp-content\/uploads\/cache\/2017\/05\/cicmany_sezona_www\/1168754365.jpg\" width=\"280\" height=\"230\" class=\"skip-lazy fg-image\" loading=\"eager\">\t\t\t\t\t\t\t\t\t\t\t\t\t\t\t\t<h3>O\u017eiven\u00e9 \u010ci\u010dmany 16. 7. 2017\t\t\t\t\t\t\t\t\t<span><\/span>\n\t\t\t\t\t\t\t\t<\/h3>\n\t\t\t\t\t\t\t<\/a>\n\t\t\t\t\t\t<\/div>\n\t\t\t\t\t<\/div>\n\t\t\t\t<\/li>\n\t\t\t\t\t\t\t\t\t<li>\n\t\t\t\t\t<div class=\"foogallery-pile\">\n\t\t\t\t\t\t<div class=\"foogallery-pile-inner\">\n\t\t\t\t\t\t\t<a href=\"\/index.php?rest_route=%2Fwp%2Fv2%2Fpages%2F49938&#038;gallery=vecerne-premietanie-a-prehliadka-hradnej-veze\" target=\"_self\">\n\t\t\t\t\t\t\t\t<img decoding=\"async\" src=\"https:\/\/pmza.sk\/wp-content\/uploads\/cache\/2017\/07\/premietanie_budatin-scaled-1\/4183980818.jpg\" width=\"280\" height=\"230\" class=\"skip-lazy fg-image\" loading=\"eager\">\t\t\t\t\t\t\t\t\t\t\t\t\t\t\t\t<h3>Ve\u010dern\u00e9 premietanie a prehliadka hradnej ve\u017ee\t\t\t\t\t\t\t\t\t<span><\/span>\n\t\t\t\t\t\t\t\t<\/h3>\n\t\t\t\t\t\t\t<\/a>\n\t\t\t\t\t\t<\/div>\n\t\t\t\t\t<\/div>\n\t\t\t\t<\/li>\n\t\t\t\t\t\t\t\t\t<li>\n\t\t\t\t\t<div class=\"foogallery-pile\">\n\t\t\t\t\t\t<div class=\"foogallery-pile-inner\">\n\t\t\t\t\t\t\t<a href=\"\/index.php?rest_route=%2Fwp%2Fv2%2Fpages%2F49938&#038;gallery=s-historiou-v-srdci-2-cast-letny-slnovrat\" target=\"_self\">\n\t\t\t\t\t\t\t\t<img decoding=\"async\" src=\"https:\/\/pmza.sk\/wp-content\/uploads\/cache\/2017\/07\/letny_slnovrat_www\/2975998064.jpg\" width=\"280\" height=\"230\" class=\"skip-lazy fg-image\" loading=\"eager\">\t\t\t\t\t\t\t\t\t\t\t\t\t\t\t\t<h3>S hist\u00f3riou v srdci \u2013 2. \u010das\u0165 \u2013 Letn\u00fd slnovrat\t\t\t\t\t\t\t\t\t<span><\/span>\n\t\t\t\t\t\t\t\t<\/h3>\n\t\t\t\t\t\t\t<\/a>\n\t\t\t\t\t\t<\/div>\n\t\t\t\t\t<\/div>\n\t\t\t\t<\/li>\n\t\t\t\t\t\t\t\t\t<li>\n\t\t\t\t\t<div class=\"foogallery-pile\">\n\t\t\t\t\t\t<div class=\"foogallery-pile-inner\">\n\t\t\t\t\t\t\t<a href=\"\/index.php?rest_route=%2Fwp%2Fv2%2Fpages%2F49938&#038;gallery=vernisaz-vystavy-vit-pies-drevo-koza-kov\" target=\"_self\">\n\t\t\t\t\t\t\t\t<img decoding=\"async\" src=\"https:\/\/pmza.sk\/wp-content\/uploads\/cache\/2017\/06\/pozvanka_vir_pies_www\/420936626.jpg\" width=\"280\" height=\"230\" class=\"skip-lazy fg-image\" loading=\"eager\">\t\t\t\t\t\t\t\t\t\t\t\t\t\t\t\t<h3>Vernis\u00e1\u017e v\u00fdstavy V\u00edt Pie\u0161: Drevo, ko\u017ea, kov\t\t\t\t\t\t\t\t\t<span><\/span>\n\t\t\t\t\t\t\t\t<\/h3>\n\t\t\t\t\t\t\t<\/a>\n\t\t\t\t\t\t<\/div>\n\t\t\t\t\t<\/div>\n\t\t\t\t<\/li>\n\t\t\t\t\t\t\t\t\t<li>\n\t\t\t\t\t<div class=\"foogallery-pile\">\n\t\t\t\t\t\t<div class=\"foogallery-pile-inner\">\n\t\t\t\t\t\t\t<a href=\"\/index.php?rest_route=%2Fwp%2Fv2%2Fpages%2F49938&#038;gallery=stretnutie-drotarskych-majstrov-2017\" target=\"_self\">\n\t\t\t\t\t\t\t\t<img decoding=\"async\" src=\"https:\/\/pmza.sk\/wp-content\/uploads\/cache\/2017\/06\/A4_plagat_www-1\/3457391007.jpg\" width=\"280\" height=\"230\" class=\"skip-lazy fg-image\" loading=\"eager\">\t\t\t\t\t\t\t\t\t\t\t\t\t\t\t\t<h3>Stretnutie drot\u00e1rskych majstrov 2017\t\t\t\t\t\t\t\t\t<span><\/span>\n\t\t\t\t\t\t\t\t<\/h3>\n\t\t\t\t\t\t\t<\/a>\n\t\t\t\t\t\t<\/div>\n\t\t\t\t\t<\/div>\n\t\t\t\t<\/li>\n\t\t\t\t\t\t\t\t\t<li>\n\t\t\t\t\t<div class=\"foogallery-pile\">\n\t\t\t\t\t\t<div class=\"foogallery-pile-inner\">\n\t\t\t\t\t\t\t<a href=\"\/index.php?rest_route=%2Fwp%2Fv2%2Fpages%2F49938&#038;gallery=ozivene-cicmany-25-6-2017\" target=\"_self\">\n\t\t\t\t\t\t\t\t<img decoding=\"async\" src=\"https:\/\/pmza.sk\/wp-content\/uploads\/cache\/2017\/05\/cicmany_sezona-scaled-1\/2963535062.jpg\" width=\"280\" height=\"230\" class=\"skip-lazy fg-image\" loading=\"eager\">\t\t\t\t\t\t\t\t\t\t\t\t\t\t\t\t<h3>O\u017eiven\u00e9 \u010ci\u010dmany 25. 6. 2017\t\t\t\t\t\t\t\t\t<span><\/span>\n\t\t\t\t\t\t\t\t<\/h3>\n\t\t\t\t\t\t\t<\/a>\n\t\t\t\t\t\t<\/div>\n\t\t\t\t\t<\/div>\n\t\t\t\t<\/li>\n\t\t\t\t\t\t\t\t\t<li>\n\t\t\t\t\t<div class=\"foogallery-pile\">\n\t\t\t\t\t\t<div class=\"foogallery-pile-inner\">\n\t\t\t\t\t\t\t<a href=\"\/index.php?rest_route=%2Fwp%2Fv2%2Fpages%2F49938&#038;gallery=rozlucka-so-skolskym-rokom-2\" target=\"_self\">\n\t\t\t\t\t\t\t\t<img decoding=\"async\" src=\"https:\/\/pmza.sk\/wp-content\/uploads\/cache\/2017\/06\/rozlucka-scaled-1\/3144202470.jpg\" width=\"280\" height=\"230\" class=\"skip-lazy fg-image\" loading=\"eager\">\t\t\t\t\t\t\t\t\t\t\t\t\t\t\t\t<h3>Rozl\u00fa\u010dka so \u0161kolsk\u00fdm rokom\t\t\t\t\t\t\t\t\t<span><\/span>\n\t\t\t\t\t\t\t\t<\/h3>\n\t\t\t\t\t\t\t<\/a>\n\t\t\t\t\t\t<\/div>\n\t\t\t\t\t<\/div>\n\t\t\t\t<\/li>\n\t\t\t\t\t\t\t\t\t<li>\n\t\t\t\t\t<div class=\"foogallery-pile\">\n\t\t\t\t\t\t<div class=\"foogallery-pile-inner\">\n\t\t\t\t\t\t\t<a href=\"\/index.php?rest_route=%2Fwp%2Fv2%2Fpages%2F49938&#038;gallery=projekcia-prirodopisneho-filmu\" target=\"_self\">\n\t\t\t\t\t\t\t\t<img decoding=\"async\" src=\"https:\/\/pmza.sk\/wp-content\/uploads\/cache\/2017\/06\/plagat_www\/2879386913.jpg\" width=\"280\" height=\"230\" class=\"skip-lazy fg-image\" loading=\"eager\">\t\t\t\t\t\t\t\t\t\t\t\t\t\t\t\t<h3>Projekcia pr\u00edrodopisn\u00e9ho filmu\t\t\t\t\t\t\t\t\t<span><\/span>\n\t\t\t\t\t\t\t\t<\/h3>\n\t\t\t\t\t\t\t<\/a>\n\t\t\t\t\t\t<\/div>\n\t\t\t\t\t<\/div>\n\t\t\t\t<\/li>\n\t\t\t\t\t\t\t\t\t<li>\n\t\t\t\t\t<div class=\"foogallery-pile\">\n\t\t\t\t\t\t<div class=\"foogallery-pile-inner\">\n\t\t\t\t\t\t\t<a href=\"\/index.php?rest_route=%2Fwp%2Fv2%2Fpages%2F49938&#038;gallery=3333-km-putovania-po-jakubskej-ceste\" target=\"_self\">\n\t\t\t\t\t\t\t\t<img decoding=\"async\" src=\"https:\/\/pmza.sk\/wp-content\/uploads\/cache\/2017\/06\/IMG_8552\/1235217962.jpg\" width=\"280\" height=\"230\" class=\"skip-lazy fg-image\" loading=\"eager\">\t\t\t\t\t\t\t\t\t\t\t\t\t\t\t\t<h3>3333 km putovania po Jakubskej ceste\t\t\t\t\t\t\t\t\t<span><\/span>\n\t\t\t\t\t\t\t\t<\/h3>\n\t\t\t\t\t\t\t<\/a>\n\t\t\t\t\t\t<\/div>\n\t\t\t\t\t<\/div>\n\t\t\t\t<\/li>\n\t\t\t\t\t\t\t\t\t<li>\n\t\t\t\t\t<div class=\"foogallery-pile\">\n\t\t\t\t\t\t<div class=\"foogallery-pile-inner\">\n\t\t\t\t\t\t\t<a href=\"\/index.php?rest_route=%2Fwp%2Fv2%2Fpages%2F49938&#038;gallery=bolo-raz-jedno-remeslo\" target=\"_self\">\n\t\t\t\t\t\t\t\t<img decoding=\"async\" src=\"https:\/\/pmza.sk\/wp-content\/uploads\/cache\/2017\/06\/IMG_8411\/2353239556.jpg\" width=\"280\" height=\"230\" class=\"skip-lazy fg-image\" loading=\"eager\">\t\t\t\t\t\t\t\t\t\t\t\t\t\t\t\t<h3>Bolo raz jedno remeslo\t\t\t\t\t\t\t\t\t<span><\/span>\n\t\t\t\t\t\t\t\t<\/h3>\n\t\t\t\t\t\t\t<\/a>\n\t\t\t\t\t\t<\/div>\n\t\t\t\t\t<\/div>\n\t\t\t\t<\/li>\n\t\t\t\t\t\t\t\t\t<li>\n\t\t\t\t\t<div class=\"foogallery-pile\">\n\t\t\t\t\t\t<div class=\"foogallery-pile-inner\">\n\t\t\t\t\t\t\t<a href=\"\/index.php?rest_route=%2Fwp%2Fv2%2Fpages%2F49938&#038;gallery=vikend-otvorenych-parkov-a-zahrad-vysadba-dubu-cerveneho-v-budatinskom-parku\" target=\"_self\">\n\t\t\t\t\t\t\t\t<img decoding=\"async\" src=\"https:\/\/pmza.sk\/wp-content\/uploads\/cache\/2017\/06\/00\/3201041867.jpg\" width=\"280\" height=\"230\" class=\"skip-lazy fg-image\" loading=\"eager\">\t\t\t\t\t\t\t\t\t\t\t\t\t\t\t\t<h3>V\u00edkend otvoren\u00fdch parkov a z\u00e1hrad - v\u00fdsadba dubu \u010derven\u00e9ho v Budat\u00ednskom parku\t\t\t\t\t\t\t\t\t<span><\/span>\n\t\t\t\t\t\t\t\t<\/h3>\n\t\t\t\t\t\t\t<\/a>\n\t\t\t\t\t\t<\/div>\n\t\t\t\t\t<\/div>\n\t\t\t\t<\/li>\n\t\t\t\t\t\t\t\t\t<li>\n\t\t\t\t\t<div class=\"foogallery-pile\">\n\t\t\t\t\t\t<div class=\"foogallery-pile-inner\">\n\t\t\t\t\t\t\t<a href=\"\/index.php?rest_route=%2Fwp%2Fv2%2Fpages%2F49938&#038;gallery=hradna-skola-2017\" target=\"_self\">\n\t\t\t\t\t\t\t\t<img decoding=\"async\" src=\"https:\/\/pmza.sk\/wp-content\/uploads\/cache\/2017\/06\/IMG_2279\/1894102798.jpg\" width=\"280\" height=\"230\" class=\"skip-lazy fg-image\" loading=\"eager\">\t\t\t\t\t\t\t\t\t\t\t\t\t\t\t\t<h3>Hradn\u00e1 \u0161kola 2017\t\t\t\t\t\t\t\t\t<span><\/span>\n\t\t\t\t\t\t\t\t<\/h3>\n\t\t\t\t\t\t\t<\/a>\n\t\t\t\t\t\t<\/div>\n\t\t\t\t\t<\/div>\n\t\t\t\t<\/li>\n\t\t\t\t\t\t\t\t\t<li>\n\t\t\t\t\t<div class=\"foogallery-pile\">\n\t\t\t\t\t\t<div class=\"foogallery-pile-inner\">\n\t\t\t\t\t\t\t<a href=\"\/index.php?rest_route=%2Fwp%2Fv2%2Fpages%2F49938&#038;gallery=beh-do-strecnianskych-hradnych-schodov-2017\" target=\"_self\">\n\t\t\t\t\t\t\t\t<img decoding=\"async\" src=\"https:\/\/pmza.sk\/wp-content\/uploads\/cache\/2017\/06\/IMG_7559\/1369493085.jpg\" width=\"280\" height=\"230\" class=\"skip-lazy fg-image\" loading=\"eager\">\t\t\t\t\t\t\t\t\t\t\t\t\t\t\t\t<h3>Beh do stre\u010dnianskych hradn\u00fdch schodov 2017\t\t\t\t\t\t\t\t\t<span><\/span>\n\t\t\t\t\t\t\t\t<\/h3>\n\t\t\t\t\t\t\t<\/a>\n\t\t\t\t\t\t<\/div>\n\t\t\t\t\t<\/div>\n\t\t\t\t<\/li>\n\t\t\t\t\t\t\t\t\t<li>\n\t\t\t\t\t<div class=\"foogallery-pile\">\n\t\t\t\t\t\t<div class=\"foogallery-pile-inner\">\n\t\t\t\t\t\t\t<a href=\"\/index.php?rest_route=%2Fwp%2Fv2%2Fpages%2F49938&#038;gallery=budatinsky-hrad-pre-deti\" target=\"_self\">\n\t\t\t\t\t\t\t\t<img decoding=\"async\" src=\"https:\/\/pmza.sk\/wp-content\/uploads\/cache\/2017\/05\/den_deti_www\/1597453344.jpg\" width=\"280\" height=\"230\" class=\"skip-lazy fg-image\" loading=\"eager\">\t\t\t\t\t\t\t\t\t\t\t\t\t\t\t\t<h3>Budat\u00ednsky hrad pre deti\t\t\t\t\t\t\t\t\t<span><\/span>\n\t\t\t\t\t\t\t\t<\/h3>\n\t\t\t\t\t\t\t<\/a>\n\t\t\t\t\t\t<\/div>\n\t\t\t\t\t<\/div>\n\t\t\t\t<\/li>\n\t\t\t\t\t\t\t\t\t<li>\n\t\t\t\t\t<div class=\"foogallery-pile\">\n\t\t\t\t\t\t<div class=\"foogallery-pile-inner\">\n\t\t\t\t\t\t\t<a href=\"\/index.php?rest_route=%2Fwp%2Fv2%2Fpages%2F49938&#038;gallery=ozivene-cicmany-21-5-2017\" target=\"_self\">\n\t\t\t\t\t\t\t\t<img decoding=\"async\" src=\"https:\/\/pmza.sk\/wp-content\/uploads\/cache\/2017\/05\/cicmany_sezona_www\/3177328435.jpg\" width=\"280\" height=\"230\" class=\"skip-lazy fg-image\" loading=\"eager\">\t\t\t\t\t\t\t\t\t\t\t\t\t\t\t\t<h3>O\u017eiven\u00e9 \u010ci\u010dmany - 21. 5. 2017\t\t\t\t\t\t\t\t\t<span><\/span>\n\t\t\t\t\t\t\t\t<\/h3>\n\t\t\t\t\t\t\t<\/a>\n\t\t\t\t\t\t<\/div>\n\t\t\t\t\t<\/div>\n\t\t\t\t<\/li>\n\t\t\t\t\t\t\t\t\t<li>\n\t\t\t\t\t<div class=\"foogallery-pile\">\n\t\t\t\t\t\t<div class=\"foogallery-pile-inner\">\n\t\t\t\t\t\t\t<a href=\"\/index.php?rest_route=%2Fwp%2Fv2%2Fpages%2F49938&#038;gallery=noc-muzei-a-galerii-v-budatine-a-na-strecne\" target=\"_self\">\n\t\t\t\t\t\t\t\t<img decoding=\"async\" src=\"https:\/\/pmza.sk\/wp-content\/uploads\/cache\/2017\/05\/noc_2017_www\/1140713514.jpg\" width=\"280\" height=\"230\" class=\"skip-lazy fg-image\" loading=\"eager\">\t\t\t\t\t\t\t\t\t\t\t\t\t\t\t\t<h3>Noc m\u00faze\u00ed a gal\u00e9ri\u00ed v Budat\u00edne a na Stre\u010dne\t\t\t\t\t\t\t\t\t<span><\/span>\n\t\t\t\t\t\t\t\t<\/h3>\n\t\t\t\t\t\t\t<\/a>\n\t\t\t\t\t\t<\/div>\n\t\t\t\t\t<\/div>\n\t\t\t\t<\/li>\n\t\t\t\t\t\t\t\t\t<li>\n\t\t\t\t\t<div class=\"foogallery-pile\">\n\t\t\t\t\t\t<div class=\"foogallery-pile-inner\">\n\t\t\t\t\t\t\t<a href=\"\/index.php?rest_route=%2Fwp%2Fv2%2Fpages%2F49938&#038;gallery=21298\" target=\"_self\">\n\t\t\t\t\t\t\t\t<img decoding=\"async\" src=\"https:\/\/pmza.sk\/wp-content\/uploads\/cache\/2017\/05\/Jarna-krasa\/962889037.jpg\" width=\"280\" height=\"230\" class=\"skip-lazy fg-image\" loading=\"eager\">\t\t\t\t\t\t\t\t\t\t\t\t\t\t\t\t<h3>Jarn\u00e1 kr\u00e1sa\t\t\t\t\t\t\t\t\t<span><\/span>\n\t\t\t\t\t\t\t\t<\/h3>\n\t\t\t\t\t\t\t<\/a>\n\t\t\t\t\t\t<\/div>\n\t\t\t\t\t<\/div>\n\t\t\t\t<\/li>\n\t\t\t\t\t\t\t\t\t<li>\n\t\t\t\t\t<div class=\"foogallery-pile\">\n\t\t\t\t\t\t<div class=\"foogallery-pile-inner\">\n\t\t\t\t\t\t\t<a href=\"\/index.php?rest_route=%2Fwp%2Fv2%2Fpages%2F49938&#038;gallery=nebesky-jazdec-pribeh-letca\" target=\"_self\">\n\t\t\t\t\t\t\t\t<img decoding=\"async\" src=\"https:\/\/pmza.sk\/wp-content\/uploads\/cache\/2017\/05\/IMG_1891\/393466676.jpg\" width=\"280\" height=\"230\" class=\"skip-lazy fg-image\" loading=\"eager\">\t\t\t\t\t\t\t\t\t\t\t\t\t\t\t\t<h3>Nebesk\u00fd jazdec - pr\u00edbeh letca\t\t\t\t\t\t\t\t\t<span><\/span>\n\t\t\t\t\t\t\t\t<\/h3>\n\t\t\t\t\t\t\t<\/a>\n\t\t\t\t\t\t<\/div>\n\t\t\t\t\t<\/div>\n\t\t\t\t<\/li>\n\t\t\t\t\t\t\t\t\t<li>\n\t\t\t\t\t<div class=\"foogallery-pile\">\n\t\t\t\t\t\t<div class=\"foogallery-pile-inner\">\n\t\t\t\t\t\t\t<a href=\"\/index.php?rest_route=%2Fwp%2Fv2%2Fpages%2F49938&#038;gallery=21204\" target=\"_self\">\n\t\t\t\t\t\t\t\t<img decoding=\"async\" src=\"https:\/\/pmza.sk\/wp-content\/uploads\/cache\/2017\/04\/jarne_impresie_www\/1915430240.jpg\" width=\"280\" height=\"230\" class=\"skip-lazy fg-image\" loading=\"eager\">\t\t\t\t\t\t\t\t\t\t\t\t\t\t\t\t<h3>S hist\u00f3riou v srdci - 1. \u010das\u0165 - Jarn\u00e9 impresie\t\t\t\t\t\t\t\t\t<span><\/span>\n\t\t\t\t\t\t\t\t<\/h3>\n\t\t\t\t\t\t\t<\/a>\n\t\t\t\t\t\t<\/div>\n\t\t\t\t\t<\/div>\n\t\t\t\t<\/li>\n\t\t\t\t\t\t\t\t\t<li>\n\t\t\t\t\t<div class=\"foogallery-pile\">\n\t\t\t\t\t\t<div class=\"foogallery-pile-inner\">\n\t\t\t\t\t\t\t<a href=\"\/index.php?rest_route=%2Fwp%2Fv2%2Fpages%2F49938&#038;gallery=oslavy-1-maja-v-budatine\" target=\"_self\">\n\t\t\t\t\t\t\t\t<img decoding=\"async\" src=\"https:\/\/pmza.sk\/wp-content\/uploads\/cache\/2017\/05\/IMG_5210\/433945447.jpg\" width=\"280\" height=\"230\" class=\"skip-lazy fg-image\" loading=\"eager\">\t\t\t\t\t\t\t\t\t\t\t\t\t\t\t\t<h3>Oslavy 1. m\u00e1ja v Budat\u00edne\t\t\t\t\t\t\t\t\t<span><\/span>\n\t\t\t\t\t\t\t\t<\/h3>\n\t\t\t\t\t\t\t<\/a>\n\t\t\t\t\t\t<\/div>\n\t\t\t\t\t<\/div>\n\t\t\t\t<\/li>\n\t\t\t\t\t\t\t\t\t<li>\n\t\t\t\t\t<div class=\"foogallery-pile\">\n\t\t\t\t\t\t<div class=\"foogallery-pile-inner\">\n\t\t\t\t\t\t\t<a href=\"\/index.php?rest_route=%2Fwp%2Fv2%2Fpages%2F49938&#038;gallery=otvorenie-letnej-sezony-na-hrade-strecno\" target=\"_self\">\n\t\t\t\t\t\t\t\t<img decoding=\"async\" src=\"https:\/\/pmza.sk\/wp-content\/uploads\/cache\/2016\/12\/odomknite_hrad_www\/309394307.jpg\" width=\"280\" height=\"230\" class=\"skip-lazy fg-image\" loading=\"eager\">\t\t\t\t\t\t\t\t\t\t\t\t\t\t\t\t<h3>Otvorenie letnej sez\u00f3ny na hrade Stre\u010dno\t\t\t\t\t\t\t\t\t<span><\/span>\n\t\t\t\t\t\t\t\t<\/h3>\n\t\t\t\t\t\t\t<\/a>\n\t\t\t\t\t\t<\/div>\n\t\t\t\t\t<\/div>\n\t\t\t\t<\/li>\n\t\t\t\t\t\t\t\t\t<li>\n\t\t\t\t\t<div class=\"foogallery-pile\">\n\t\t\t\t\t\t<div class=\"foogallery-pile-inner\">\n\t\t\t\t\t\t\t<a href=\"\/index.php?rest_route=%2Fwp%2Fv2%2Fpages%2F49938&#038;gallery=jazzovy-koncert-bluesense-v-kaplnke\" target=\"_self\">\n\t\t\t\t\t\t\t\t<img decoding=\"async\" src=\"https:\/\/pmza.sk\/wp-content\/uploads\/cache\/2017\/04\/koncert_www\/2560169019.jpg\" width=\"280\" height=\"230\" class=\"skip-lazy fg-image\" loading=\"eager\">\t\t\t\t\t\t\t\t\t\t\t\t\t\t\t\t<h3>Jazzov\u00fd koncert Bluesense v kaplnke\t\t\t\t\t\t\t\t\t<span><\/span>\n\t\t\t\t\t\t\t\t<\/h3>\n\t\t\t\t\t\t\t<\/a>\n\t\t\t\t\t\t<\/div>\n\t\t\t\t\t<\/div>\n\t\t\t\t<\/li>\n\t\t\t\t\t\t\t\t\t<li>\n\t\t\t\t\t<div class=\"foogallery-pile\">\n\t\t\t\t\t\t<div class=\"foogallery-pile-inner\">\n\t\t\t\t\t\t\t<a href=\"\/index.php?rest_route=%2Fwp%2Fv2%2Fpages%2F49938&#038;gallery=krizova-cesta-2\" target=\"_self\">\n\t\t\t\t\t\t\t\t<img decoding=\"async\" src=\"https:\/\/pmza.sk\/wp-content\/uploads\/cache\/2016\/12\/krizovacesta_www\/3661424525.jpg\" width=\"280\" height=\"230\" class=\"skip-lazy fg-image\" loading=\"eager\">\t\t\t\t\t\t\t\t\t\t\t\t\t\t\t\t<h3>Kr\u00ed\u017eov\u00e1 cesta\t\t\t\t\t\t\t\t\t<span><\/span>\n\t\t\t\t\t\t\t\t<\/h3>\n\t\t\t\t\t\t\t<\/a>\n\t\t\t\t\t\t<\/div>\n\t\t\t\t\t<\/div>\n\t\t\t\t<\/li>\n\t\t\t\t\t\t\t\t\t<li>\n\t\t\t\t\t<div class=\"foogallery-pile\">\n\t\t\t\t\t\t<div class=\"foogallery-pile-inner\">\n\t\t\t\t\t\t\t<a href=\"\/index.php?rest_route=%2Fwp%2Fv2%2Fpages%2F49938&#038;gallery=tradicie-v-cicmanoch\" target=\"_self\">\n\t\t\t\t\t\t\t\t<img decoding=\"async\" src=\"https:\/\/pmza.sk\/wp-content\/uploads\/cache\/2016\/12\/tradicie_www\/569110142.jpg\" width=\"280\" height=\"230\" class=\"skip-lazy fg-image\" loading=\"eager\">\t\t\t\t\t\t\t\t\t\t\t\t\t\t\t\t<h3>Trad\u00edcie v \u010ci\u010dmanoch\t\t\t\t\t\t\t\t\t<span><\/span>\n\t\t\t\t\t\t\t\t<\/h3>\n\t\t\t\t\t\t\t<\/a>\n\t\t\t\t\t\t<\/div>\n\t\t\t\t\t<\/div>\n\t\t\t\t<\/li>\n\t\t\t\t\t\t\t\t\t<li>\n\t\t\t\t\t<div class=\"foogallery-pile\">\n\t\t\t\t\t\t<div class=\"foogallery-pile-inner\">\n\t\t\t\t\t\t\t<a href=\"\/index.php?rest_route=%2Fwp%2Fv2%2Fpages%2F49938&#038;gallery=dni-polskej-kultury\" target=\"_self\">\n\t\t\t\t\t\t\t\t<img decoding=\"async\" src=\"https:\/\/pmza.sk\/wp-content\/uploads\/cache\/2017\/04\/dni_PL_www\/2577303452.jpg\" width=\"280\" height=\"230\" class=\"skip-lazy fg-image\" loading=\"eager\">\t\t\t\t\t\t\t\t\t\t\t\t\t\t\t\t<h3>Dni po\u013eskej kult\u00fary\t\t\t\t\t\t\t\t\t<span><\/span>\n\t\t\t\t\t\t\t\t<\/h3>\n\t\t\t\t\t\t\t<\/a>\n\t\t\t\t\t\t<\/div>\n\t\t\t\t\t<\/div>\n\t\t\t\t<\/li>\n\t\t\t\t\t\t\t\t\t<li>\n\t\t\t\t\t<div class=\"foogallery-pile\">\n\t\t\t\t\t\t<div class=\"foogallery-pile-inner\">\n\t\t\t\t\t\t\t<a href=\"\/index.php?rest_route=%2Fwp%2Fv2%2Fpages%2F49938&#038;gallery=budatinske-jarne-hry\" target=\"_self\">\n\t\t\t\t\t\t\t\t<img decoding=\"async\" src=\"https:\/\/pmza.sk\/wp-content\/uploads\/cache\/2016\/12\/jarne_hry_www\/2212287282.jpg\" width=\"280\" height=\"230\" class=\"skip-lazy fg-image\" loading=\"eager\">\t\t\t\t\t\t\t\t\t\t\t\t\t\t\t\t<h3>Budat\u00ednske jarn\u00e9 hry\t\t\t\t\t\t\t\t\t<span><\/span>\n\t\t\t\t\t\t\t\t<\/h3>\n\t\t\t\t\t\t\t<\/a>\n\t\t\t\t\t\t<\/div>\n\t\t\t\t\t<\/div>\n\t\t\t\t<\/li>\n\t\t\t\t\t\t\t\t\t<li>\n\t\t\t\t\t<div class=\"foogallery-pile\">\n\t\t\t\t\t\t<div class=\"foogallery-pile-inner\">\n\t\t\t\t\t\t\t<a href=\"\/index.php?rest_route=%2Fwp%2Fv2%2Fpages%2F49938&#038;gallery=poznavacia-sutaz-o-krasnej-katarine\" target=\"_self\">\n\t\t\t\t\t\t\t\t<img decoding=\"async\" src=\"https:\/\/pmza.sk\/wp-content\/uploads\/cache\/2017\/03\/IMG_4075-scaled-1\/1758541492.jpg\" width=\"280\" height=\"230\" class=\"skip-lazy fg-image\" loading=\"eager\">\t\t\t\t\t\t\t\t\t\t\t\t\t\t\t\t<h3>Pozn\u00e1vacia s\u00fa\u0165a\u017e o kr\u00e1snej Katar\u00edne\t\t\t\t\t\t\t\t\t<span><\/span>\n\t\t\t\t\t\t\t\t<\/h3>\n\t\t\t\t\t\t\t<\/a>\n\t\t\t\t\t\t<\/div>\n\t\t\t\t\t<\/div>\n\t\t\t\t<\/li>\n\t\t\t\t\t\t\t\t\t<li>\n\t\t\t\t\t<div class=\"foogallery-pile\">\n\t\t\t\t\t\t<div class=\"foogallery-pile-inner\">\n\t\t\t\t\t\t\t<a href=\"\/index.php?rest_route=%2Fwp%2Fv2%2Fpages%2F49938&#038;gallery=tvorive-dielne-den-otvorenych-dveri-kniznice\" target=\"_self\">\n\t\t\t\t\t\t\t\t<img decoding=\"async\" src=\"https:\/\/pmza.sk\/wp-content\/uploads\/cache\/2016\/12\/www_den_otv_dveri\/2969808274.jpg\" width=\"280\" height=\"230\" class=\"skip-lazy fg-image\" loading=\"eager\">\t\t\t\t\t\t\t\t\t\t\t\t\t\t\t\t<h3>Tvoriv\u00e9 dielne - de\u0148 otvoren\u00fdch dver\u00ed kni\u017enice\t\t\t\t\t\t\t\t\t<span><\/span>\n\t\t\t\t\t\t\t\t<\/h3>\n\t\t\t\t\t\t\t<\/a>\n\t\t\t\t\t\t<\/div>\n\t\t\t\t\t<\/div>\n\t\t\t\t<\/li>\n\t\t\t\t\t\t\t\t\t<li>\n\t\t\t\t\t<div class=\"foogallery-pile\">\n\t\t\t\t\t\t<div class=\"foogallery-pile-inner\">\n\t\t\t\t\t\t\t<a href=\"\/index.php?rest_route=%2Fwp%2Fv2%2Fpages%2F49938&#038;gallery=navsteva-polskeho-partnera-zo-strumiena\" target=\"_self\">\n\t\t\t\t\t\t\t\t<img decoding=\"async\" src=\"https:\/\/pmza.sk\/wp-content\/uploads\/cache\/2017\/03\/IMG_3957-scaled-1\/2442071374.jpg\" width=\"280\" height=\"230\" class=\"skip-lazy fg-image\" loading=\"eager\">\t\t\t\t\t\t\t\t\t\t\t\t\t\t\t\t<h3>N\u00e1v\u0161teva po\u013esk\u00e9ho partnera zo Strumie\u0144a\t\t\t\t\t\t\t\t\t<span><\/span>\n\t\t\t\t\t\t\t\t<\/h3>\n\t\t\t\t\t\t\t<\/a>\n\t\t\t\t\t\t<\/div>\n\t\t\t\t\t<\/div>\n\t\t\t\t<\/li>\n\t\t\t\t\t\t\t\t\t<li>\n\t\t\t\t\t<div class=\"foogallery-pile\">\n\t\t\t\t\t\t<div class=\"foogallery-pile-inner\">\n\t\t\t\t\t\t\t<a href=\"\/index.php?rest_route=%2Fwp%2Fv2%2Fpages%2F49938&#038;gallery=ako-preckavaju-cicavce-zimu-zahady-zimneho-spanku\" target=\"_self\">\n\t\t\t\t\t\t\t\t<img decoding=\"async\" src=\"https:\/\/pmza.sk\/wp-content\/uploads\/cache\/2017\/03\/IMG_3916\/1697437053.jpg\" width=\"280\" height=\"230\" class=\"skip-lazy fg-image\" loading=\"eager\">\t\t\t\t\t\t\t\t\t\t\t\t\t\t\t\t<h3>Ako pre\u010dk\u00e1vaj\u00fa cicavce zimu? Z\u00e1hady zimn\u00e9ho sp\u00e1nku.\t\t\t\t\t\t\t\t\t<span><\/span>\n\t\t\t\t\t\t\t\t<\/h3>\n\t\t\t\t\t\t\t<\/a>\n\t\t\t\t\t\t<\/div>\n\t\t\t\t\t<\/div>\n\t\t\t\t<\/li>\n\t\t\t\t\t\t\t\t\t<li>\n\t\t\t\t\t<div class=\"foogallery-pile\">\n\t\t\t\t\t\t<div class=\"foogallery-pile-inner\">\n\t\t\t\t\t\t\t<a href=\"\/index.php?rest_route=%2Fwp%2Fv2%2Fpages%2F49938&#038;gallery=fasiangove-tradicie-v-cicmanoch\" target=\"_self\">\n\t\t\t\t\t\t\t\t<img decoding=\"async\" src=\"https:\/\/pmza.sk\/wp-content\/uploads\/cache\/2017\/02\/fasiangy_cicmany_www\/2225052339.jpg\" width=\"280\" height=\"230\" class=\"skip-lazy fg-image\" loading=\"eager\">\t\t\t\t\t\t\t\t\t\t\t\t\t\t\t\t<h3>Fa\u0161iangov\u00e9 trad\u00edcie v \u010ci\u010dmanoch\t\t\t\t\t\t\t\t\t<span><\/span>\n\t\t\t\t\t\t\t\t<\/h3>\n\t\t\t\t\t\t\t<\/a>\n\t\t\t\t\t\t<\/div>\n\t\t\t\t\t<\/div>\n\t\t\t\t<\/li>\n\t\t\t\t\t\t\t\t\t<li>\n\t\t\t\t\t<div class=\"foogallery-pile\">\n\t\t\t\t\t\t<div class=\"foogallery-pile-inner\">\n\t\t\t\t\t\t\t<a href=\"\/index.php?rest_route=%2Fwp%2Fv2%2Fpages%2F49938&#038;gallery=fasiangy-na-budatinskom-hrade\" target=\"_self\">\n\t\t\t\t\t\t\t\t<img decoding=\"async\" src=\"https:\/\/pmza.sk\/wp-content\/uploads\/cache\/2017\/02\/fasiangy_budatin_www\/911190377.jpg\" width=\"280\" height=\"230\" class=\"skip-lazy fg-image\" loading=\"eager\">\t\t\t\t\t\t\t\t\t\t\t\t\t\t\t\t<h3>Fa\u0161iangy na Budat\u00ednskom hrade\t\t\t\t\t\t\t\t\t<span><\/span>\n\t\t\t\t\t\t\t\t<\/h3>\n\t\t\t\t\t\t\t<\/a>\n\t\t\t\t\t\t<\/div>\n\t\t\t\t\t<\/div>\n\t\t\t\t<\/li>\n\t\t\t\t\t\t\t\t\t<li>\n\t\t\t\t\t<div class=\"foogallery-pile\">\n\t\t\t\t\t\t<div class=\"foogallery-pile-inner\">\n\t\t\t\t\t\t\t<a href=\"\/index.php?rest_route=%2Fwp%2Fv2%2Fpages%2F49938&#038;gallery=o-krasnej-katarine-a-gasparovi-z-rodu-sunogovcov\" target=\"_self\">\n\t\t\t\t\t\t\t\t<img decoding=\"async\" src=\"https:\/\/pmza.sk\/wp-content\/uploads\/cache\/2017\/02\/IMG_3613\/3939712720.jpg\" width=\"280\" height=\"230\" class=\"skip-lazy fg-image\" loading=\"eager\">\t\t\t\t\t\t\t\t\t\t\t\t\t\t\t\t<h3>O kr\u00e1snej Katar\u00edne a Ga\u0161parovi z rodu Su\u0148ogovcov\t\t\t\t\t\t\t\t\t<span><\/span>\n\t\t\t\t\t\t\t\t<\/h3>\n\t\t\t\t\t\t\t<\/a>\n\t\t\t\t\t\t<\/div>\n\t\t\t\t\t<\/div>\n\t\t\t\t<\/li>\n\t\t\t\t\t\t\t\t\t<li>\n\t\t\t\t\t<div class=\"foogallery-pile\">\n\t\t\t\t\t\t<div class=\"foogallery-pile-inner\">\n\t\t\t\t\t\t\t<a href=\"\/index.php?rest_route=%2Fwp%2Fv2%2Fpages%2F49938&#038;gallery=prednaska-o-platane-javorolistom-na-zs-karpatska\" target=\"_self\">\n\t\t\t\t\t\t\t\t<img decoding=\"async\" src=\"https:\/\/pmza.sk\/wp-content\/uploads\/cache\/2017\/02\/IMG_3572\/1266366430.jpg\" width=\"280\" height=\"230\" class=\"skip-lazy fg-image\" loading=\"eager\">\t\t\t\t\t\t\t\t\t\t\t\t\t\t\t\t<h3>Predn\u00e1\u0161ka o platane javorolistom na Z\u0160 Karpatsk\u00e1\t\t\t\t\t\t\t\t\t<span><\/span>\n\t\t\t\t\t\t\t\t<\/h3>\n\t\t\t\t\t\t\t<\/a>\n\t\t\t\t\t\t<\/div>\n\t\t\t\t\t<\/div>\n\t\t\t\t<\/li>\n\t\t\t\t\t\t\t\t\t<li>\n\t\t\t\t\t<div class=\"foogallery-pile\">\n\t\t\t\t\t\t<div class=\"foogallery-pile-inner\">\n\t\t\t\t\t\t\t<a href=\"\/index.php?rest_route=%2Fwp%2Fv2%2Fpages%2F49938&#038;gallery=zahranicna-navsteva-budatina-zo-sanghaja\" target=\"_self\">\n\t\t\t\t\t\t\t\t<img decoding=\"async\" src=\"https:\/\/pmza.sk\/wp-content\/uploads\/cache\/2017\/02\/IMG_3471\/1194205984.jpg\" width=\"280\" height=\"230\" class=\"skip-lazy fg-image\" loading=\"eager\">\t\t\t\t\t\t\t\t\t\t\t\t\t\t\t\t<h3>Zahrani\u010dn\u00e1 n\u00e1v\u0161teva Budat\u00edna zo \u0160anghaja\t\t\t\t\t\t\t\t\t<span><\/span>\n\t\t\t\t\t\t\t\t<\/h3>\n\t\t\t\t\t\t\t<\/a>\n\t\t\t\t\t\t<\/div>\n\t\t\t\t\t<\/div>\n\t\t\t\t<\/li>\n\t\t\t\t\t\t\t\t\t<li>\n\t\t\t\t\t<div class=\"foogallery-pile\">\n\t\t\t\t\t\t<div class=\"foogallery-pile-inner\">\n\t\t\t\t\t\t\t<a href=\"\/index.php?rest_route=%2Fwp%2Fv2%2Fpages%2F49938&#038;gallery=budatinsky-platan-navstivil-svetoznamy-lovec-stromov\" target=\"_self\">\n\t\t\t\t\t\t\t\t<img decoding=\"async\" src=\"https:\/\/pmza.sk\/wp-content\/uploads\/cache\/2017\/02\/IMG_3259\/2638373479.jpg\" width=\"280\" height=\"230\" class=\"skip-lazy fg-image\" loading=\"eager\">\t\t\t\t\t\t\t\t\t\t\t\t\t\t\t\t<h3>Budat\u00ednsky platan nav\u0161t\u00edvil svetozn\u00e1my lovec stromov\t\t\t\t\t\t\t\t\t<span><\/span>\n\t\t\t\t\t\t\t\t<\/h3>\n\t\t\t\t\t\t\t<\/a>\n\t\t\t\t\t\t<\/div>\n\t\t\t\t\t<\/div>\n\t\t\t\t<\/li>\n\t\t\t\t\t\t\t\t\t<li>\n\t\t\t\t\t<div class=\"foogallery-pile\">\n\t\t\t\t\t\t<div class=\"foogallery-pile-inner\">\n\t\t\t\t\t\t\t<a href=\"\/index.php?rest_route=%2Fwp%2Fv2%2Fpages%2F49938&#038;gallery=platan-javorolisty-finalista-sutaze-europsky-strom-roka-2017\" target=\"_self\">\n\t\t\t\t\t\t\t\t<img decoding=\"async\" src=\"https:\/\/pmza.sk\/wp-content\/uploads\/cache\/2017\/02\/dvaja-bratia-scaled-1\/102313089.jpg\" width=\"280\" height=\"230\" class=\"skip-lazy fg-image\" loading=\"eager\">\t\t\t\t\t\t\t\t\t\t\t\t\t\t\t\t<h3>Platan javorolist\u00fd - finalista s\u00fa\u0165a\u017ee Eur\u00f3psky strom roka 2017\t\t\t\t\t\t\t\t\t<span><\/span>\n\t\t\t\t\t\t\t\t<\/h3>\n\t\t\t\t\t\t\t<\/a>\n\t\t\t\t\t\t<\/div>\n\t\t\t\t\t<\/div>\n\t\t\t\t<\/li>\n\t\t\t\t\t\t\t\t\t<li>\n\t\t\t\t\t<div class=\"foogallery-pile\">\n\t\t\t\t\t\t<div class=\"foogallery-pile-inner\">\n\t\t\t\t\t\t\t<a href=\"\/index.php?rest_route=%2Fwp%2Fv2%2Fpages%2F49938&#038;gallery=laska-vo-vezi-2\" target=\"_self\">\n\t\t\t\t\t\t\t\t<img decoding=\"async\" src=\"https:\/\/pmza.sk\/wp-content\/uploads\/cache\/2017\/02\/laska_vo-vezi_www\/4164883263.jpg\" width=\"280\" height=\"230\" class=\"skip-lazy fg-image\" loading=\"eager\">\t\t\t\t\t\t\t\t\t\t\t\t\t\t\t\t<h3>L\u00e1ska vo ve\u017ei\t\t\t\t\t\t\t\t\t<span><\/span>\n\t\t\t\t\t\t\t\t<\/h3>\n\t\t\t\t\t\t\t<\/a>\n\t\t\t\t\t\t<\/div>\n\t\t\t\t\t<\/div>\n\t\t\t\t<\/li>\n\t\t\t\t\t\t\t\t\t<li>\n\t\t\t\t\t<div class=\"foogallery-pile\">\n\t\t\t\t\t\t<div class=\"foogallery-pile-inner\">\n\t\t\t\t\t\t\t<a href=\"\/index.php?rest_route=%2Fwp%2Fv2%2Fpages%2F49938&#038;gallery=laska-z-doby-renesancie-2\" target=\"_self\">\n\t\t\t\t\t\t\t\t<img decoding=\"async\" src=\"https:\/\/pmza.sk\/wp-content\/uploads\/cache\/2017\/02\/JA-pergamen-1\/94731652.jpg\" width=\"280\" height=\"230\" class=\"skip-lazy fg-image\" loading=\"eager\">\t\t\t\t\t\t\t\t\t\t\t\t\t\t\t\t<h3>L\u00e1ska z doby renesancie\t\t\t\t\t\t\t\t\t<span><\/span>\n\t\t\t\t\t\t\t\t<\/h3>\n\t\t\t\t\t\t\t<\/a>\n\t\t\t\t\t\t<\/div>\n\t\t\t\t\t<\/div>\n\t\t\t\t<\/li>\n\t\t\t\t\t\t\t\t\t<li>\n\t\t\t\t\t<div class=\"foogallery-pile\">\n\t\t\t\t\t\t<div class=\"foogallery-pile-inner\">\n\t\t\t\t\t\t\t<a href=\"\/index.php?rest_route=%2Fwp%2Fv2%2Fpages%2F49938&#038;gallery=laska-z-doby-renesancie\" target=\"_self\">\n\t\t\t\t\t\t\t\t<img decoding=\"async\" src=\"https:\/\/pmza.sk\/wp-content\/uploads\/cache\/2017\/01\/magicka_laska-scaled-1\/2985028765.jpg\" width=\"280\" height=\"230\" class=\"skip-lazy fg-image\" loading=\"eager\">\t\t\t\t\t\t\t\t\t\t\t\t\t\t\t\t<h3>L\u00e1ska z doby renesancie\t\t\t\t\t\t\t\t\t<span><\/span>\n\t\t\t\t\t\t\t\t<\/h3>\n\t\t\t\t\t\t\t<\/a>\n\t\t\t\t\t\t<\/div>\n\t\t\t\t\t<\/div>\n\t\t\t\t<\/li>\n\t\t\t\t\t\t\t\t\t<li>\n\t\t\t\t\t<div class=\"foogallery-pile\">\n\t\t\t\t\t\t<div class=\"foogallery-pile-inner\">\n\t\t\t\t\t\t\t<a href=\"\/index.php?rest_route=%2Fwp%2Fv2%2Fpages%2F49938&#038;gallery=navsteva-predsedu-a-podpredsedu-vlady-sr-na-budatinskom-hrade-v-ramci-pracovneho-vyjazdu-v-ziline-10-2-2017\" target=\"_self\">\n\t\t\t\t\t\t\t\t<img decoding=\"async\" src=\"https:\/\/pmza.sk\/wp-content\/uploads\/cache\/2017\/02\/IMG_3034\/338310994.jpg\" width=\"280\" height=\"230\" class=\"skip-lazy fg-image\" loading=\"eager\">\t\t\t\t\t\t\t\t\t\t\t\t\t\t\t\t<h3>N\u00e1v\u0161teva predsedu a podpredsedu vl\u00e1dy SR na Budat\u00ednskom hrade v r\u00e1mci pracovn\u00e9ho v\u00fdjazdu v \u017diline 10. 2. 2017\t\t\t\t\t\t\t\t\t<span><\/span>\n\t\t\t\t\t\t\t\t<\/h3>\n\t\t\t\t\t\t\t<\/a>\n\t\t\t\t\t\t<\/div>\n\t\t\t\t\t<\/div>\n\t\t\t\t<\/li>\n\t\t\t\t\t\t\t\t\t<li>\n\t\t\t\t\t<div class=\"foogallery-pile\">\n\t\t\t\t\t\t<div class=\"foogallery-pile-inner\">\n\t\t\t\t\t\t\t<a href=\"\/index.php?rest_route=%2Fwp%2Fv2%2Fpages%2F49938&#038;gallery=konferencia-dejiny-cestnej-dopravy-na-slovensku-ii\" target=\"_self\">\n\t\t\t\t\t\t\t\t<img decoding=\"async\" src=\"https:\/\/pmza.sk\/wp-content\/uploads\/cache\/2016\/12\/pozvanka\/3839857341.jpg\" width=\"280\" height=\"230\" class=\"skip-lazy fg-image\" loading=\"eager\">\t\t\t\t\t\t\t\t\t\t\t\t\t\t\t\t<h3>Konferencia Dejiny cestnej dopravy na Slovensku II.\t\t\t\t\t\t\t\t\t<span><\/span>\n\t\t\t\t\t\t\t\t<\/h3>\n\t\t\t\t\t\t\t<\/a>\n\t\t\t\t\t\t<\/div>\n\t\t\t\t\t<\/div>\n\t\t\t\t<\/li>\n\t\t\t\t\t\t\t\t\t<li>\n\t\t\t\t\t<div class=\"foogallery-pile\">\n\t\t\t\t\t\t<div class=\"foogallery-pile-inner\">\n\t\t\t\t\t\t\t<a href=\"\/index.php?rest_route=%2Fwp%2Fv2%2Fpages%2F49938&#038;gallery=novorocny-koncert-v-kaplnke\" target=\"_self\">\n\t\t\t\t\t\t\t\t<img decoding=\"async\" src=\"https:\/\/pmza.sk\/wp-content\/uploads\/cache\/2016\/12\/koncert_15_1_-scaled-1\/1340383534.jpg\" width=\"280\" height=\"230\" class=\"skip-lazy fg-image\" loading=\"eager\">\t\t\t\t\t\t\t\t\t\t\t\t\t\t\t\t<h3>Novoro\u010dn\u00fd koncert v kaplnke\t\t\t\t\t\t\t\t\t<span><\/span>\n\t\t\t\t\t\t\t\t<\/h3>\n\t\t\t\t\t\t\t<\/a>\n\t\t\t\t\t\t<\/div>\n\t\t\t\t\t<\/div>\n\t\t\t\t<\/li>\n\t\t\t\t\t\t<\/ul>\n\t<div style=\"clear: both;\"><\/div>\n<\/div>\n\n","protected":false},"excerpt":{"rendered":"","protected":false},"author":1,"featured_media":0,"parent":15004,"menu_order":33,"comment_status":"closed","ping_status":"closed","template":"elementor_theme","meta":{"site-sidebar-layout":"default","site-content-layout":"default","ast-site-content-layout":"","site-content-style":"default","site-sidebar-style":"default","ast-global-header-display":"","ast-banner-title-visibility":"","ast-main-header-display":"","ast-hfb-above-header-display":"","ast-hfb-below-header-display":"","ast-hfb-mobile-header-display":"","site-post-title":"","ast-breadcrumbs-content":"","ast-featured-img":"","footer-sml-layout":"","theme-transparent-header-meta":"default","adv-header-id-meta":"","stick-header-meta":"default","header-above-stick-meta":"","header-main-stick-meta":"","header-below-stick-meta":"","astra-migrate-meta-layouts":"default","ast-page-background-enabled":"default","ast-page-background-meta":{"desktop":{"background-color":"var(--ast-global-color-4)","background-image":"","background-repeat":"repeat","background-position":"center center","background-size":"auto","background-attachment":"scroll","background-type":"","background-media":"","overlay-type":"","overlay-color":"","overlay-opacity":"","overlay-gradient":""},"tablet":{"background-color":"","background-image":"","background-repeat":"repeat","background-position":"center center","background-size":"auto","background-attachment":"scroll","background-type":"","background-media":"","overlay-type":"","overlay-color":"","overlay-opacity":"","overlay-gradient":""},"mobile":{"background-color":"","background-image":"","background-repeat":"repeat","background-position":"center center","background-size":"auto","background-attachment":"scroll","background-type":"","background-media":"","overlay-type":"","overlay-color":"","overlay-opacity":"","overlay-gradient":""}},"ast-content-background-meta":{"desktop":{"background-color":"var(--ast-global-color-5)","background-image":"","background-repeat":"repeat","background-position":"center center","background-size":"auto","background-attachment":"scroll","background-type":"","background-media":"","overlay-type":"","overlay-color":"","overlay-opacity":"","overlay-gradient":""},"tablet":{"background-color":"var(--ast-global-color-5)","background-image":"","background-repeat":"repeat","background-position":"center center","background-size":"auto","background-attachment":"scroll","background-type":"","background-media":"","overlay-type":"","overlay-color":"","overlay-opacity":"","overlay-gradient":""},"mobile":{"background-color":"var(--ast-global-color-5)","background-image":"","background-repeat":"repeat","background-position":"center center","background-size":"auto","background-attachment":"scroll","background-type":"","background-media":"","overlay-type":"","overlay-color":"","overlay-opacity":"","overlay-gradient":""}},"footnotes":""},"class_list":["post-49938","page","type-page","status-publish","hentry"],"yoast_head":"<!-- This site is optimized with the Yoast SEO plugin v27.4 - https:\/\/yoast.com\/product\/yoast-seo-wordpress\/ -->\n<title>Fotogal\u00e9ria - 2017 - Pova\u017esk\u00e9 m\u00fazeum<\/title>\n<meta name=\"robots\" content=\"index, follow, max-snippet:-1, max-image-preview:large, max-video-preview:-1\" \/>\n<link rel=\"canonical\" href=\"https:\/\/pmza.sk\/?page_id=49938\" \/>\n<meta property=\"og:locale\" content=\"sk_SK\" \/>\n<meta property=\"og:type\" content=\"article\" \/>\n<meta property=\"og:title\" content=\"Fotogal\u00e9ria - 2017 - Pova\u017esk\u00e9 m\u00fazeum\" \/>\n<meta property=\"og:url\" content=\"https:\/\/pmza.sk\/?page_id=49938\" \/>\n<meta property=\"og:site_name\" content=\"Pova\u017esk\u00e9 m\u00fazeum\" \/>\n<meta property=\"article:publisher\" content=\"https:\/\/www.facebook.com\/povazskemuzeum\" \/>\n<meta name=\"twitter:card\" content=\"summary_large_image\" \/>\n<script type=\"application\/ld+json\" class=\"yoast-schema-graph\">{\"@context\":\"https:\\\/\\\/schema.org\",\"@graph\":[{\"@type\":\"WebPage\",\"@id\":\"https:\\\/\\\/pmza.sk\\\/?page_id=49938\",\"url\":\"https:\\\/\\\/pmza.sk\\\/?page_id=49938\",\"name\":\"Fotogal\u00e9ria - 2017 - Pova\u017esk\u00e9 m\u00fazeum\",\"isPartOf\":{\"@id\":\"https:\\\/\\\/pmza.sk\\\/#website\"},\"datePublished\":\"2022-02-23T17:14:30+00:00\",\"breadcrumb\":{\"@id\":\"https:\\\/\\\/pmza.sk\\\/?page_id=49938#breadcrumb\"},\"inLanguage\":\"sk-SK\",\"potentialAction\":[{\"@type\":\"ReadAction\",\"target\":[\"https:\\\/\\\/pmza.sk\\\/?page_id=49938\"]}]},{\"@type\":\"BreadcrumbList\",\"@id\":\"https:\\\/\\\/pmza.sk\\\/?page_id=49938#breadcrumb\",\"itemListElement\":[{\"@type\":\"ListItem\",\"position\":1,\"name\":\"Domovsk\u00e1 str\u00e1nka\",\"item\":\"https:\\\/\\\/pmza.sk\\\/\"},{\"@type\":\"ListItem\",\"position\":2,\"name\":\"Fotogal\u00e9ria\",\"item\":\"https:\\\/\\\/pmza.sk\\\/?page_id=15004\"},{\"@type\":\"ListItem\",\"position\":3,\"name\":\"Fotogal\u00e9ria &#8211; 2017\"}]},{\"@type\":\"WebSite\",\"@id\":\"https:\\\/\\\/pmza.sk\\\/#website\",\"url\":\"https:\\\/\\\/pmza.sk\\\/\",\"name\":\"Pova\u017esk\u00e9 m\u00fazeum\",\"description\":\"Pova\u017esk\u00e9 m\u00fazeum v \u017diline je region\u00e1lne m\u00fazeum so s\u00eddlom v Budat\u00edne. Jeho expoz\u00edcie s\u00fa zameran\u00e9 na dejiny slovensk\u00e9ho umenia, kult\u00fary a dopravy.\",\"publisher\":{\"@id\":\"https:\\\/\\\/pmza.sk\\\/#organization\"},\"potentialAction\":[{\"@type\":\"SearchAction\",\"target\":{\"@type\":\"EntryPoint\",\"urlTemplate\":\"https:\\\/\\\/pmza.sk\\\/?s={search_term_string}\"},\"query-input\":{\"@type\":\"PropertyValueSpecification\",\"valueRequired\":true,\"valueName\":\"search_term_string\"}}],\"inLanguage\":\"sk-SK\"},{\"@type\":\"Organization\",\"@id\":\"https:\\\/\\\/pmza.sk\\\/#organization\",\"name\":\"Pova\u017esk\u00e9 m\u00fazeum\",\"url\":\"https:\\\/\\\/pmza.sk\\\/\",\"logo\":{\"@type\":\"ImageObject\",\"inLanguage\":\"sk-SK\",\"@id\":\"https:\\\/\\\/pmza.sk\\\/#\\\/schema\\\/logo\\\/image\\\/\",\"url\":\"https:\\\/\\\/pmza.sk\\\/wp-content\\\/uploads\\\/2022\\\/01\\\/logo_PM_horizontal.jpg\",\"contentUrl\":\"https:\\\/\\\/pmza.sk\\\/wp-content\\\/uploads\\\/2022\\\/01\\\/logo_PM_horizontal.jpg\",\"width\":231,\"height\":142,\"caption\":\"Pova\u017esk\u00e9 m\u00fazeum\"},\"image\":{\"@id\":\"https:\\\/\\\/pmza.sk\\\/#\\\/schema\\\/logo\\\/image\\\/\"},\"sameAs\":[\"https:\\\/\\\/www.facebook.com\\\/povazskemuzeum\",\"https:\\\/\\\/www.instagram.com\\\/povazskemuzeum\\\/\"]}]}<\/script>\n<!-- \/ Yoast SEO plugin. -->","yoast_head_json":{"title":"Fotogal\u00e9ria - 2017 - Pova\u017esk\u00e9 m\u00fazeum","robots":{"index":"index","follow":"follow","max-snippet":"max-snippet:-1","max-image-preview":"max-image-preview:large","max-video-preview":"max-video-preview:-1"},"canonical":"https:\/\/pmza.sk\/?page_id=49938","og_locale":"sk_SK","og_type":"article","og_title":"Fotogal\u00e9ria - 2017 - Pova\u017esk\u00e9 m\u00fazeum","og_url":"https:\/\/pmza.sk\/?page_id=49938","og_site_name":"Pova\u017esk\u00e9 m\u00fazeum","article_publisher":"https:\/\/www.facebook.com\/povazskemuzeum","twitter_card":"summary_large_image","schema":{"@context":"https:\/\/schema.org","@graph":[{"@type":"WebPage","@id":"https:\/\/pmza.sk\/?page_id=49938","url":"https:\/\/pmza.sk\/?page_id=49938","name":"Fotogal\u00e9ria - 2017 - Pova\u017esk\u00e9 m\u00fazeum","isPartOf":{"@id":"https:\/\/pmza.sk\/#website"},"datePublished":"2022-02-23T17:14:30+00:00","breadcrumb":{"@id":"https:\/\/pmza.sk\/?page_id=49938#breadcrumb"},"inLanguage":"sk-SK","potentialAction":[{"@type":"ReadAction","target":["https:\/\/pmza.sk\/?page_id=49938"]}]},{"@type":"BreadcrumbList","@id":"https:\/\/pmza.sk\/?page_id=49938#breadcrumb","itemListElement":[{"@type":"ListItem","position":1,"name":"Domovsk\u00e1 str\u00e1nka","item":"https:\/\/pmza.sk\/"},{"@type":"ListItem","position":2,"name":"Fotogal\u00e9ria","item":"https:\/\/pmza.sk\/?page_id=15004"},{"@type":"ListItem","position":3,"name":"Fotogal\u00e9ria &#8211; 2017"}]},{"@type":"WebSite","@id":"https:\/\/pmza.sk\/#website","url":"https:\/\/pmza.sk\/","name":"Pova\u017esk\u00e9 m\u00fazeum","description":"Pova\u017esk\u00e9 m\u00fazeum v \u017diline je region\u00e1lne m\u00fazeum so s\u00eddlom v Budat\u00edne. Jeho expoz\u00edcie s\u00fa zameran\u00e9 na dejiny slovensk\u00e9ho umenia, kult\u00fary a dopravy.","publisher":{"@id":"https:\/\/pmza.sk\/#organization"},"potentialAction":[{"@type":"SearchAction","target":{"@type":"EntryPoint","urlTemplate":"https:\/\/pmza.sk\/?s={search_term_string}"},"query-input":{"@type":"PropertyValueSpecification","valueRequired":true,"valueName":"search_term_string"}}],"inLanguage":"sk-SK"},{"@type":"Organization","@id":"https:\/\/pmza.sk\/#organization","name":"Pova\u017esk\u00e9 m\u00fazeum","url":"https:\/\/pmza.sk\/","logo":{"@type":"ImageObject","inLanguage":"sk-SK","@id":"https:\/\/pmza.sk\/#\/schema\/logo\/image\/","url":"https:\/\/pmza.sk\/wp-content\/uploads\/2022\/01\/logo_PM_horizontal.jpg","contentUrl":"https:\/\/pmza.sk\/wp-content\/uploads\/2022\/01\/logo_PM_horizontal.jpg","width":231,"height":142,"caption":"Pova\u017esk\u00e9 m\u00fazeum"},"image":{"@id":"https:\/\/pmza.sk\/#\/schema\/logo\/image\/"},"sameAs":["https:\/\/www.facebook.com\/povazskemuzeum","https:\/\/www.instagram.com\/povazskemuzeum\/"]}]}},"_links":{"self":[{"href":"https:\/\/pmza.sk\/index.php?rest_route=\/wp\/v2\/pages\/49938","targetHints":{"allow":["GET"]}}],"collection":[{"href":"https:\/\/pmza.sk\/index.php?rest_route=\/wp\/v2\/pages"}],"about":[{"href":"https:\/\/pmza.sk\/index.php?rest_route=\/wp\/v2\/types\/page"}],"author":[{"embeddable":true,"href":"https:\/\/pmza.sk\/index.php?rest_route=\/wp\/v2\/users\/1"}],"replies":[{"embeddable":true,"href":"https:\/\/pmza.sk\/index.php?rest_route=%2Fwp%2Fv2%2Fcomments&post=49938"}],"version-history":[{"count":0,"href":"https:\/\/pmza.sk\/index.php?rest_route=\/wp\/v2\/pages\/49938\/revisions"}],"up":[{"embeddable":true,"href":"https:\/\/pmza.sk\/index.php?rest_route=\/wp\/v2\/pages\/15004"}],"wp:attachment":[{"href":"https:\/\/pmza.sk\/index.php?rest_route=%2Fwp%2Fv2%2Fmedia&parent=49938"}],"curies":[{"name":"wp","href":"https:\/\/api.w.org\/{rel}","templated":true}]}}