{"id":49943,"date":"2022-02-23T18:15:26","date_gmt":"2022-02-23T17:15:26","guid":{"rendered":"https:\/\/pmza.sk\/?page_id=49943"},"modified":"2022-02-23T18:15:26","modified_gmt":"2022-02-23T17:15:26","slug":"fotogaleria-2019","status":"publish","type":"page","link":"https:\/\/pmza.sk\/?page_id=49943","title":{"rendered":"Fotogal\u00e9ria &#8211; 2019"},"content":{"rendered":"<style type=\"text\/css\">.foogallery-album-gallery-list .foogallery-pile h3 { background: #fff !important; }.foogallery-album-gallery-list .foogallery-pile h3 { color: #000000 !important; }<\/style><div id=\"foogallery-album-49934\">\n\t<ul class=\"foogallery-album-gallery-list alignment-left\">\n\t\t\t\t\t\t<li>\n\t\t\t\t\t<div class=\"foogallery-pile\">\n\t\t\t\t\t\t<div class=\"foogallery-pile-inner\">\n\t\t\t\t\t\t\t<a href=\"\/index.php?rest_route=%2Fwp%2Fv2%2Fpages%2F49943&#038;gallery=muzeum-pre-vas-sviatocne-dekoracie\" target=\"_self\">\n\t\t\t\t\t\t\t\t<img fetchpriority=\"high\" decoding=\"async\" src=\"https:\/\/pmza.sk\/wp-content\/uploads\/cache\/2019\/12\/PC100823_view\/1854340250.jpg\" title=\"M\u00fazeum pre v\u00e1s: Sviato\u010dn\u00e9 dekor\u00e1cie\" width=\"280\" height=\"230\" class=\"skip-lazy fg-image\" loading=\"eager\">\t\t\t\t\t\t\t\t\t\t\t\t\t\t\t\t<h3>M\u00fazeum pre v\u00e1s: Sviato\u010dn\u00e9 dekor\u00e1cie\t\t\t\t\t\t\t\t\t<span><\/span>\n\t\t\t\t\t\t\t\t<\/h3>\n\t\t\t\t\t\t\t<\/a>\n\t\t\t\t\t\t<\/div>\n\t\t\t\t\t<\/div>\n\t\t\t\t<\/li>\n\t\t\t\t\t\t\t\t\t<li>\n\t\t\t\t\t<div class=\"foogallery-pile\">\n\t\t\t\t\t\t<div class=\"foogallery-pile-inner\">\n\t\t\t\t\t\t\t<a href=\"\/index.php?rest_route=%2Fwp%2Fv2%2Fpages%2F49943&#038;gallery=vianocne-tradicie\" target=\"_self\">\n\t\t\t\t\t\t\t\t<img decoding=\"async\" src=\"https:\/\/pmza.sk\/wp-content\/uploads\/cache\/2019\/12\/20191205_121040\/257513118.jpg\" title=\"Viano\u010dn\u00e9 trad\u00edcie\" width=\"280\" height=\"230\" class=\"skip-lazy fg-image\" loading=\"eager\">\t\t\t\t\t\t\t\t\t\t\t\t\t\t\t\t<h3>Viano\u010dn\u00e9 trad\u00edcie\t\t\t\t\t\t\t\t\t<span><\/span>\n\t\t\t\t\t\t\t\t<\/h3>\n\t\t\t\t\t\t\t<\/a>\n\t\t\t\t\t\t<\/div>\n\t\t\t\t\t<\/div>\n\t\t\t\t<\/li>\n\t\t\t\t\t\t\t\t\t<li>\n\t\t\t\t\t<div class=\"foogallery-pile\">\n\t\t\t\t\t\t<div class=\"foogallery-pile-inner\">\n\t\t\t\t\t\t\t<a href=\"\/index.php?rest_route=%2Fwp%2Fv2%2Fpages%2F49943&#038;gallery=vystava-v-sieti\" target=\"_self\">\n\t\t\t\t\t\t\t\t<img decoding=\"async\" src=\"https:\/\/pmza.sk\/wp-content\/uploads\/cache\/2019\/12\/20191204_162238\/2620732369.jpg\" title=\"V\u00fdstava &quot;V sieti&quot;\" width=\"280\" height=\"230\" class=\"skip-lazy fg-image\" loading=\"eager\">\t\t\t\t\t\t\t\t\t\t\t\t\t\t\t\t<h3>V\u00fdstava &quot;V sieti&quot;\t\t\t\t\t\t\t\t\t<span><\/span>\n\t\t\t\t\t\t\t\t<\/h3>\n\t\t\t\t\t\t\t<\/a>\n\t\t\t\t\t\t<\/div>\n\t\t\t\t\t<\/div>\n\t\t\t\t<\/li>\n\t\t\t\t\t\t\t\t\t<li>\n\t\t\t\t\t<div class=\"foogallery-pile\">\n\t\t\t\t\t\t<div class=\"foogallery-pile-inner\">\n\t\t\t\t\t\t\t<a href=\"\/index.php?rest_route=%2Fwp%2Fv2%2Fpages%2F49943&#038;gallery=drotene-vianoce\" target=\"_self\">\n\t\t\t\t\t\t\t\t<img decoding=\"async\" src=\"https:\/\/pmza.sk\/wp-content\/uploads\/cache\/2019\/11\/IMG_1821\/1069944325.jpg\" title=\"Dr\u00f4ten\u00e9 Vianoce\" width=\"280\" height=\"230\" class=\"skip-lazy fg-image\" loading=\"eager\">\t\t\t\t\t\t\t\t\t\t\t\t\t\t\t\t<h3>Dr\u00f4ten\u00e9 Vianoce\t\t\t\t\t\t\t\t\t<span><\/span>\n\t\t\t\t\t\t\t\t<\/h3>\n\t\t\t\t\t\t\t<\/a>\n\t\t\t\t\t\t<\/div>\n\t\t\t\t\t<\/div>\n\t\t\t\t<\/li>\n\t\t\t\t\t\t\t\t\t<li>\n\t\t\t\t\t<div class=\"foogallery-pile\">\n\t\t\t\t\t\t<div class=\"foogallery-pile-inner\">\n\t\t\t\t\t\t\t<a href=\"\/index.php?rest_route=%2Fwp%2Fv2%2Fpages%2F49943&#038;gallery=odhalenie-pamatnej-tabule-antona-petrovskeho-sichmana\" target=\"_self\">\n\t\t\t\t\t\t\t\t<img decoding=\"async\" src=\"https:\/\/pmza.sk\/wp-content\/uploads\/cache\/2019\/11\/7M9A0093\/819033129.jpg\" title=\"Odhalenie pam\u00e4tnej tabule Antonovi Petrovsk\u00e9mu-\u0160ichmanovi\" width=\"280\" height=\"230\" class=\"skip-lazy fg-image\" loading=\"eager\">\t\t\t\t\t\t\t\t\t\t\t\t\t\t\t\t<h3>Odhalenie pam\u00e4tnej tabule Antonovi Petrovsk\u00e9mu-\u0160ichmanovi\t\t\t\t\t\t\t\t\t<span><\/span>\n\t\t\t\t\t\t\t\t<\/h3>\n\t\t\t\t\t\t\t<\/a>\n\t\t\t\t\t\t<\/div>\n\t\t\t\t\t<\/div>\n\t\t\t\t<\/li>\n\t\t\t\t\t\t\t\t\t<li>\n\t\t\t\t\t<div class=\"foogallery-pile\">\n\t\t\t\t\t\t<div class=\"foogallery-pile-inner\">\n\t\t\t\t\t\t\t<a href=\"\/index.php?rest_route=%2Fwp%2Fv2%2Fpages%2F49943&#038;gallery=ake-remeslo-taky-cimer\" target=\"_self\">\n\t\t\t\t\t\t\t\t<img decoding=\"async\" src=\"https:\/\/pmza.sk\/wp-content\/uploads\/cache\/2019\/11\/IMG_1663\/3772598227.jpg\" width=\"280\" height=\"230\" class=\"skip-lazy fg-image\" loading=\"eager\">\t\t\t\t\t\t\t\t\t\t\t\t\t\t\t\t<h3>Ak\u00e9 remeslo, tak\u00fd c\u00edmer\t\t\t\t\t\t\t\t\t<span><\/span>\n\t\t\t\t\t\t\t\t<\/h3>\n\t\t\t\t\t\t\t<\/a>\n\t\t\t\t\t\t<\/div>\n\t\t\t\t\t<\/div>\n\t\t\t\t<\/li>\n\t\t\t\t\t\t\t\t\t<li>\n\t\t\t\t\t<div class=\"foogallery-pile\">\n\t\t\t\t\t\t<div class=\"foogallery-pile-inner\">\n\t\t\t\t\t\t\t<a href=\"\/index.php?rest_route=%2Fwp%2Fv2%2Fpages%2F49943&#038;gallery=muzeum-pre-vas-archeologicky-vyskum-hradiska-velky-vrch-v-divinke\" target=\"_self\">\n\t\t\t\t\t\t\t\t<img decoding=\"async\" src=\"https:\/\/pmza.sk\/wp-content\/uploads\/cache\/2019\/11\/IMG_0952-scaled-1\/3555273514.jpg\" title=\"M\u00fazeum pre v\u00e1s: Archeologick\u00fd v\u00fdskum hradiska Ve\u013ek\u00fd vrch v Divinke\" width=\"280\" height=\"230\" class=\"skip-lazy fg-image\" loading=\"eager\">\t\t\t\t\t\t\t\t\t\t\t\t\t\t\t\t<h3>M\u00fazeum pre v\u00e1s: Archeologick\u00fd v\u00fdskum hradiska Ve\u013ek\u00fd Vrch v Divinke\t\t\t\t\t\t\t\t\t<span><\/span>\n\t\t\t\t\t\t\t\t<\/h3>\n\t\t\t\t\t\t\t<\/a>\n\t\t\t\t\t\t<\/div>\n\t\t\t\t\t<\/div>\n\t\t\t\t<\/li>\n\t\t\t\t\t\t\t\t\t<li>\n\t\t\t\t\t<div class=\"foogallery-pile\">\n\t\t\t\t\t\t<div class=\"foogallery-pile-inner\">\n\t\t\t\t\t\t\t<a href=\"\/index.php?rest_route=%2Fwp%2Fv2%2Fpages%2F49943&#038;gallery=noc-duchov-tekvic-a-strasidiel\" target=\"_self\">\n\t\t\t\t\t\t\t\t<img decoding=\"async\" src=\"https:\/\/pmza.sk\/wp-content\/uploads\/cache\/2019\/10\/IMG_0071\/1118676763.jpg\" title=\"Noc duchov, tekv\u00edc a stra\u0161idiel\" width=\"280\" height=\"230\" class=\"skip-lazy fg-image\" loading=\"eager\">\t\t\t\t\t\t\t\t\t\t\t\t\t\t\t\t<h3>Noc duchov, tekv\u00edc a stra\u0161idiel\t\t\t\t\t\t\t\t\t<span><\/span>\n\t\t\t\t\t\t\t\t<\/h3>\n\t\t\t\t\t\t\t<\/a>\n\t\t\t\t\t\t<\/div>\n\t\t\t\t\t<\/div>\n\t\t\t\t<\/li>\n\t\t\t\t\t\t\t\t\t<li>\n\t\t\t\t\t<div class=\"foogallery-pile\">\n\t\t\t\t\t\t<div class=\"foogallery-pile-inner\">\n\t\t\t\t\t\t\t<a href=\"\/index.php?rest_route=%2Fwp%2Fv2%2Fpages%2F49943&#038;gallery=budatinsky-rinok\" target=\"_self\">\n\t\t\t\t\t\t\t\t<img decoding=\"async\" src=\"https:\/\/pmza.sk\/wp-content\/uploads\/cache\/2020\/08\/Rinok-2019\/448479766.jpg\" width=\"280\" height=\"230\" class=\"skip-lazy fg-image\" loading=\"eager\">\t\t\t\t\t\t\t\t\t\t\t\t\t\t\t\t<h3>Budat\u00ednsky r\u00ednok\t\t\t\t\t\t\t\t\t<span><\/span>\n\t\t\t\t\t\t\t\t<\/h3>\n\t\t\t\t\t\t\t<\/a>\n\t\t\t\t\t\t<\/div>\n\t\t\t\t\t<\/div>\n\t\t\t\t<\/li>\n\t\t\t\t\t\t\t\t\t<li>\n\t\t\t\t\t<div class=\"foogallery-pile\">\n\t\t\t\t\t\t<div class=\"foogallery-pile-inner\">\n\t\t\t\t\t\t\t<a href=\"\/index.php?rest_route=%2Fwp%2Fv2%2Fpages%2F49943&#038;gallery=archeologicka-expozicia-pred-hradbami-za-hradbami\" target=\"_self\">\n\t\t\t\t\t\t\t\t<img decoding=\"async\" src=\"https:\/\/pmza.sk\/wp-content\/uploads\/cache\/2019\/10\/IMG_7948\/1083096659.jpg\" title=\"Archeologick\u00e1 expoz\u00edcia &quot;Pred hradbami, za hradbami&quot;\" width=\"280\" height=\"230\" class=\"skip-lazy fg-image\" loading=\"eager\">\t\t\t\t\t\t\t\t\t\t\t\t\t\t\t\t<h3>Archeologick\u00e1 expoz\u00edcia &quot;Pred hradbami, za hradbami&quot;\t\t\t\t\t\t\t\t\t<span><\/span>\n\t\t\t\t\t\t\t\t<\/h3>\n\t\t\t\t\t\t\t<\/a>\n\t\t\t\t\t\t<\/div>\n\t\t\t\t\t<\/div>\n\t\t\t\t<\/li>\n\t\t\t\t\t\t\t\t\t<li>\n\t\t\t\t\t<div class=\"foogallery-pile\">\n\t\t\t\t\t\t<div class=\"foogallery-pile-inner\">\n\t\t\t\t\t\t\t<a href=\"\/index.php?rest_route=%2Fwp%2Fv2%2Fpages%2F49943&#038;gallery=expedicia-budatinsky-hrad\" target=\"_self\">\n\t\t\t\t\t\t\t\t<img decoding=\"async\" src=\"https:\/\/pmza.sk\/wp-content\/uploads\/cache\/2019\/10\/IMG_7295\/3201765886.jpg\" title=\"Exped\u00edcia Budat\u00ednsky hrad\" width=\"280\" height=\"230\" class=\"skip-lazy fg-image\" loading=\"eager\">\t\t\t\t\t\t\t\t\t\t\t\t\t\t\t\t<h3>Exped\u00edcia Budat\u00ednsky hrad\t\t\t\t\t\t\t\t\t<span><\/span>\n\t\t\t\t\t\t\t\t<\/h3>\n\t\t\t\t\t\t\t<\/a>\n\t\t\t\t\t\t<\/div>\n\t\t\t\t\t<\/div>\n\t\t\t\t<\/li>\n\t\t\t\t\t\t\t\t\t<li>\n\t\t\t\t\t<div class=\"foogallery-pile\">\n\t\t\t\t\t\t<div class=\"foogallery-pile-inner\">\n\t\t\t\t\t\t\t<a href=\"\/index.php?rest_route=%2Fwp%2Fv2%2Fpages%2F49943&#038;gallery=cestovanie-v-case-3\" target=\"_self\">\n\t\t\t\t\t\t\t\t<img decoding=\"async\" src=\"https:\/\/pmza.sk\/wp-content\/uploads\/cache\/2019\/09\/IMG_6783\/192971184.jpg\" title=\"Cestovanie v \u010dase\" width=\"280\" height=\"230\" class=\"skip-lazy fg-image\" loading=\"eager\">\t\t\t\t\t\t\t\t\t\t\t\t\t\t\t\t<h3>Cestovanie v \u010dase\t\t\t\t\t\t\t\t\t<span><\/span>\n\t\t\t\t\t\t\t\t<\/h3>\n\t\t\t\t\t\t\t<\/a>\n\t\t\t\t\t\t<\/div>\n\t\t\t\t\t<\/div>\n\t\t\t\t<\/li>\n\t\t\t\t\t\t\t\t\t<li>\n\t\t\t\t\t<div class=\"foogallery-pile\">\n\t\t\t\t\t\t<div class=\"foogallery-pile-inner\">\n\t\t\t\t\t\t\t<a href=\"\/index.php?rest_route=%2Fwp%2Fv2%2Fpages%2F49943&#038;gallery=vystava-drzme-spolu\" target=\"_self\">\n\t\t\t\t\t\t\t\t<img decoding=\"async\" src=\"https:\/\/pmza.sk\/wp-content\/uploads\/cache\/2019\/09\/IMG_6368\/4127381222.jpg\" width=\"280\" height=\"230\" class=\"skip-lazy fg-image\" loading=\"eager\">\t\t\t\t\t\t\t\t\t\t\t\t\t\t\t\t<h3>V\u00fdstava &quot;Dr\u017eme spolu&quot;\t\t\t\t\t\t\t\t\t<span><\/span>\n\t\t\t\t\t\t\t\t<\/h3>\n\t\t\t\t\t\t\t<\/a>\n\t\t\t\t\t\t<\/div>\n\t\t\t\t\t<\/div>\n\t\t\t\t<\/li>\n\t\t\t\t\t\t\t\t\t<li>\n\t\t\t\t\t<div class=\"foogallery-pile\">\n\t\t\t\t\t\t<div class=\"foogallery-pile-inner\">\n\t\t\t\t\t\t\t<a href=\"\/index.php?rest_route=%2Fwp%2Fv2%2Fpages%2F49943&#038;gallery=tkanieanie\" target=\"_self\">\n\t\t\t\t\t\t\t\t<img decoding=\"async\" src=\"https:\/\/pmza.sk\/wp-content\/uploads\/cache\/2019\/09\/IMG_5247\/4004386698.jpg\" title=\"V\u00fdstava Tkanie(a)nie\" width=\"280\" height=\"230\" class=\"skip-lazy fg-image\" loading=\"eager\">\t\t\t\t\t\t\t\t\t\t\t\t\t\t\t\t<h3>Tkanie(a)nie\t\t\t\t\t\t\t\t\t<span><\/span>\n\t\t\t\t\t\t\t\t<\/h3>\n\t\t\t\t\t\t\t<\/a>\n\t\t\t\t\t\t<\/div>\n\t\t\t\t\t<\/div>\n\t\t\t\t<\/li>\n\t\t\t\t\t\t\t\t\t<li>\n\t\t\t\t\t<div class=\"foogallery-pile\">\n\t\t\t\t\t\t<div class=\"foogallery-pile-inner\">\n\t\t\t\t\t\t\t<a href=\"\/index.php?rest_route=%2Fwp%2Fv2%2Fpages%2F49943&#038;gallery=zahada-ukradnuteho-pokladu\" target=\"_self\">\n\t\t\t\t\t\t\t\t<img decoding=\"async\" src=\"https:\/\/pmza.sk\/wp-content\/uploads\/cache\/2019\/09\/P8310101_view\/4013412654.jpg\" title=\"Z\u00e1hada ukradnut\u00e9ho pokladu\" width=\"280\" height=\"230\" class=\"skip-lazy fg-image\" loading=\"eager\">\t\t\t\t\t\t\t\t\t\t\t\t\t\t\t\t<h3>Z\u00e1hada ukradnut\u00e9ho pokladu\t\t\t\t\t\t\t\t\t<span><\/span>\n\t\t\t\t\t\t\t\t<\/h3>\n\t\t\t\t\t\t\t<\/a>\n\t\t\t\t\t\t<\/div>\n\t\t\t\t\t<\/div>\n\t\t\t\t<\/li>\n\t\t\t\t\t\t\t\t\t<li>\n\t\t\t\t\t<div class=\"foogallery-pile\">\n\t\t\t\t\t\t<div class=\"foogallery-pile-inner\">\n\t\t\t\t\t\t\t<a href=\"\/index.php?rest_route=%2Fwp%2Fv2%2Fpages%2F49943&#038;gallery=muzeum-pre-vas-prehliadka-s-riaditelom\" target=\"_self\">\n\t\t\t\t\t\t\t\t<img decoding=\"async\" src=\"https:\/\/pmza.sk\/wp-content\/uploads\/cache\/2019\/08\/IMG_7363\/4233344294.jpg\" title=\"M\u00fazeum pre v\u00e1s: Riadite\u013e m\u00fazea sprev\u00e1dza\" width=\"280\" height=\"230\" class=\"skip-lazy fg-image\" loading=\"eager\">\t\t\t\t\t\t\t\t\t\t\t\t\t\t\t\t<h3>M\u00fazeum pre v\u00e1s: Riadite\u013e m\u00fazea sprev\u00e1dza\t\t\t\t\t\t\t\t\t<span><\/span>\n\t\t\t\t\t\t\t\t<\/h3>\n\t\t\t\t\t\t\t<\/a>\n\t\t\t\t\t\t<\/div>\n\t\t\t\t\t<\/div>\n\t\t\t\t<\/li>\n\t\t\t\t\t\t\t\t\t<li>\n\t\t\t\t\t<div class=\"foogallery-pile\">\n\t\t\t\t\t\t<div class=\"foogallery-pile-inner\">\n\t\t\t\t\t\t\t<a href=\"\/index.php?rest_route=%2Fwp%2Fv2%2Fpages%2F49943&#038;gallery=rajecka-anca\" target=\"_self\">\n\t\t\t\t\t\t\t\t<img decoding=\"async\" src=\"https:\/\/pmza.sk\/wp-content\/uploads\/cache\/2019\/08\/IMG_7114\/1592069226.jpg\" title=\"Rajeck\u00e1 An\u010da\" width=\"280\" height=\"230\" class=\"skip-lazy fg-image\" loading=\"eager\">\t\t\t\t\t\t\t\t\t\t\t\t\t\t\t\t<h3>Rajeck\u00e1 An\u010da\t\t\t\t\t\t\t\t\t<span><\/span>\n\t\t\t\t\t\t\t\t<\/h3>\n\t\t\t\t\t\t\t<\/a>\n\t\t\t\t\t\t<\/div>\n\t\t\t\t\t<\/div>\n\t\t\t\t<\/li>\n\t\t\t\t\t\t\t\t\t<li>\n\t\t\t\t\t<div class=\"foogallery-pile\">\n\t\t\t\t\t\t<div class=\"foogallery-pile-inner\">\n\t\t\t\t\t\t\t<a href=\"\/index.php?rest_route=%2Fwp%2Fv2%2Fpages%2F49943&#038;gallery=hradne-hry-zofie-bosniakovej-3\" target=\"_self\">\n\t\t\t\t\t\t\t\t<img decoding=\"async\" src=\"https:\/\/pmza.sk\/wp-content\/uploads\/cache\/2019\/08\/IMG_6732-Medium\/90192589.jpg\" width=\"280\" height=\"230\" class=\"skip-lazy fg-image\" loading=\"eager\">\t\t\t\t\t\t\t\t\t\t\t\t\t\t\t\t<h3>Hradn\u00e9 hry \u017dofie Bosniakovej\t\t\t\t\t\t\t\t\t<span><\/span>\n\t\t\t\t\t\t\t\t<\/h3>\n\t\t\t\t\t\t\t<\/a>\n\t\t\t\t\t\t<\/div>\n\t\t\t\t\t<\/div>\n\t\t\t\t<\/li>\n\t\t\t\t\t\t\t\t\t<li>\n\t\t\t\t\t<div class=\"foogallery-pile\">\n\t\t\t\t\t\t<div class=\"foogallery-pile-inner\">\n\t\t\t\t\t\t\t<a href=\"\/index.php?rest_route=%2Fwp%2Fv2%2Fpages%2F49943&#038;gallery=zbojnickym-chodnickom-2\" target=\"_self\">\n\t\t\t\t\t\t\t\t<img decoding=\"async\" src=\"https:\/\/pmza.sk\/wp-content\/uploads\/cache\/2019\/08\/Zbojnickym-chodnickom-1\/511762242.jpg\" title=\"Zbojn\u00edckym chodn\u00ed\u010dkom\" width=\"280\" height=\"230\" class=\"skip-lazy fg-image\" loading=\"eager\">\t\t\t\t\t\t\t\t\t\t\t\t\t\t\t\t<h3>Zbojn\u00edckym chodn\u00ed\u010dkom\t\t\t\t\t\t\t\t\t<span><\/span>\n\t\t\t\t\t\t\t\t<\/h3>\n\t\t\t\t\t\t\t<\/a>\n\t\t\t\t\t\t<\/div>\n\t\t\t\t\t<\/div>\n\t\t\t\t<\/li>\n\t\t\t\t\t\t\t\t\t<li>\n\t\t\t\t\t<div class=\"foogallery-pile\">\n\t\t\t\t\t\t<div class=\"foogallery-pile-inner\">\n\t\t\t\t\t\t\t<a href=\"\/index.php?rest_route=%2Fwp%2Fv2%2Fpages%2F49943&#038;gallery=nocna-prehliadka-na-hrade-strecno\" target=\"_self\">\n\t\t\t\t\t\t\t\t<img decoding=\"async\" src=\"https:\/\/pmza.sk\/wp-content\/uploads\/cache\/2019\/07\/IMG_6216-Medium\/4267411480.jpg\" title=\"No\u010dn\u00e1 prehliadka na hrade Stre\u010dno\" width=\"280\" height=\"230\" class=\"skip-lazy fg-image\" loading=\"eager\">\t\t\t\t\t\t\t\t\t\t\t\t\t\t\t\t<h3>No\u010dn\u00e1 prehliadka na hrade Stre\u010dno\t\t\t\t\t\t\t\t\t<span><\/span>\n\t\t\t\t\t\t\t\t<\/h3>\n\t\t\t\t\t\t\t<\/a>\n\t\t\t\t\t\t<\/div>\n\t\t\t\t\t<\/div>\n\t\t\t\t<\/li>\n\t\t\t\t\t\t\t\t\t<li>\n\t\t\t\t\t<div class=\"foogallery-pile\">\n\t\t\t\t\t\t<div class=\"foogallery-pile-inner\">\n\t\t\t\t\t\t\t<a href=\"\/index.php?rest_route=%2Fwp%2Fv2%2Fpages%2F49943&#038;gallery=zlate-casy-budatinske-2\" target=\"_self\">\n\t\t\t\t\t\t\t\t<img decoding=\"async\" src=\"https:\/\/pmza.sk\/wp-content\/uploads\/cache\/2019\/07\/IMG_3028\/1732653705.jpg\" width=\"280\" height=\"230\" class=\"skip-lazy fg-image\" loading=\"eager\">\t\t\t\t\t\t\t\t\t\t\t\t\t\t\t\t<h3>Zlat\u00e9 \u010dasy budat\u00ednske\t\t\t\t\t\t\t\t\t<span><\/span>\n\t\t\t\t\t\t\t\t<\/h3>\n\t\t\t\t\t\t\t<\/a>\n\t\t\t\t\t\t<\/div>\n\t\t\t\t\t<\/div>\n\t\t\t\t<\/li>\n\t\t\t\t\t\t\t\t\t<li>\n\t\t\t\t\t<div class=\"foogallery-pile\">\n\t\t\t\t\t\t<div class=\"foogallery-pile-inner\">\n\t\t\t\t\t\t\t<a href=\"\/index.php?rest_route=%2Fwp%2Fv2%2Fpages%2F49943&#038;gallery=ludia-a-poklady-luzickej-kultury\" target=\"_self\">\n\t\t\t\t\t\t\t\t<img decoding=\"async\" src=\"https:\/\/pmza.sk\/wp-content\/uploads\/cache\/2019\/07\/IMG_2869\/3230486401.jpg\" width=\"280\" height=\"230\" class=\"skip-lazy fg-image\" loading=\"eager\">\t\t\t\t\t\t\t\t\t\t\t\t\t\t\t\t<h3>\u013dudia a poklady lu\u017eickej kult\u00fary\t\t\t\t\t\t\t\t\t<span><\/span>\n\t\t\t\t\t\t\t\t<\/h3>\n\t\t\t\t\t\t\t<\/a>\n\t\t\t\t\t\t<\/div>\n\t\t\t\t\t<\/div>\n\t\t\t\t<\/li>\n\t\t\t\t\t\t\t\t\t<li>\n\t\t\t\t\t<div class=\"foogallery-pile\">\n\t\t\t\t\t\t<div class=\"foogallery-pile-inner\">\n\t\t\t\t\t\t\t<a href=\"\/index.php?rest_route=%2Fwp%2Fv2%2Fpages%2F49943&#038;gallery=stretnutie-drotarskych-majstrov-2\" target=\"_self\">\n\t\t\t\t\t\t\t\t<img decoding=\"async\" src=\"https:\/\/pmza.sk\/wp-content\/uploads\/cache\/2019\/06\/IMG_2437\/2522755802.jpg\" title=\"Stretnutie drot\u00e1rskych majstrov\" width=\"280\" height=\"230\" class=\"skip-lazy fg-image\" loading=\"eager\">\t\t\t\t\t\t\t\t\t\t\t\t\t\t\t\t<h3>Stretnutie drot\u00e1rskych majstrov\t\t\t\t\t\t\t\t\t<span><\/span>\n\t\t\t\t\t\t\t\t<\/h3>\n\t\t\t\t\t\t\t<\/a>\n\t\t\t\t\t\t<\/div>\n\t\t\t\t\t<\/div>\n\t\t\t\t<\/li>\n\t\t\t\t\t\t\t\t\t<li>\n\t\t\t\t\t<div class=\"foogallery-pile\">\n\t\t\t\t\t\t<div class=\"foogallery-pile-inner\">\n\t\t\t\t\t\t\t<a href=\"\/index.php?rest_route=%2Fwp%2Fv2%2Fpages%2F49943&#038;gallery=pro-musica-nostra-thursoviensi\" target=\"_self\">\n\t\t\t\t\t\t\t\t<img decoding=\"async\" src=\"https:\/\/pmza.sk\/wp-content\/uploads\/cache\/2019\/06\/IMG_2127\/412231189.jpg\" title=\"Pro Musica Nostra Thursoviensi\" width=\"280\" height=\"230\" class=\"skip-lazy fg-image\" loading=\"eager\">\t\t\t\t\t\t\t\t\t\t\t\t\t\t\t\t<h3>Pro Musica Nostra Thursoviensi\t\t\t\t\t\t\t\t\t<span><\/span>\n\t\t\t\t\t\t\t\t<\/h3>\n\t\t\t\t\t\t\t<\/a>\n\t\t\t\t\t\t<\/div>\n\t\t\t\t\t<\/div>\n\t\t\t\t<\/li>\n\t\t\t\t\t\t\t\t\t<li>\n\t\t\t\t\t<div class=\"foogallery-pile\">\n\t\t\t\t\t\t<div class=\"foogallery-pile-inner\">\n\t\t\t\t\t\t\t<a href=\"\/index.php?rest_route=%2Fwp%2Fv2%2Fpages%2F49943&#038;gallery=piknik-v-meste\" target=\"_self\">\n\t\t\t\t\t\t\t\t<img decoding=\"async\" src=\"https:\/\/pmza.sk\/wp-content\/uploads\/cache\/2019\/06\/IMG_4113-Medium\/1825953809.jpg\" width=\"280\" height=\"230\" class=\"skip-lazy fg-image\" loading=\"eager\">\t\t\t\t\t\t\t\t\t\t\t\t\t\t\t\t<h3>Piknik v meste\t\t\t\t\t\t\t\t\t<span><\/span>\n\t\t\t\t\t\t\t\t<\/h3>\n\t\t\t\t\t\t\t<\/a>\n\t\t\t\t\t\t<\/div>\n\t\t\t\t\t<\/div>\n\t\t\t\t<\/li>\n\t\t\t\t\t\t\t\t\t<li>\n\t\t\t\t\t<div class=\"foogallery-pile\">\n\t\t\t\t\t\t<div class=\"foogallery-pile-inner\">\n\t\t\t\t\t\t\t<a href=\"\/index.php?rest_route=%2Fwp%2Fv2%2Fpages%2F49943&#038;gallery=cesta-rozpravkovym-parkom\" target=\"_self\">\n\t\t\t\t\t\t\t\t<img decoding=\"async\" src=\"https:\/\/pmza.sk\/wp-content\/uploads\/cache\/2019\/06\/IMG_0873\/806155084.jpg\" title=\"Cesta rozpr\u00e1vkov\u00fdm parkom\" width=\"280\" height=\"230\" class=\"skip-lazy fg-image\" loading=\"eager\">\t\t\t\t\t\t\t\t\t\t\t\t\t\t\t\t<h3>Cesta rozpr\u00e1vkov\u00fdm parkom\t\t\t\t\t\t\t\t\t<span><\/span>\n\t\t\t\t\t\t\t\t<\/h3>\n\t\t\t\t\t\t\t<\/a>\n\t\t\t\t\t\t<\/div>\n\t\t\t\t\t<\/div>\n\t\t\t\t<\/li>\n\t\t\t\t\t\t\t\t\t<li>\n\t\t\t\t\t<div class=\"foogallery-pile\">\n\t\t\t\t\t\t<div class=\"foogallery-pile-inner\">\n\t\t\t\t\t\t\t<a href=\"\/index.php?rest_route=%2Fwp%2Fv2%2Fpages%2F49943&#038;gallery=fortifikacie-na-slovensko-moravskom-pohranici\" target=\"_self\">\n\t\t\t\t\t\t\t\t<img decoding=\"async\" src=\"https:\/\/pmza.sk\/wp-content\/uploads\/cache\/2019\/06\/IMG_0703\/2709760683.jpg\" title=\"Fortifik\u00e1cie na slovensko-moravskom pohrani\u010d\u00ed\" width=\"280\" height=\"230\" class=\"skip-lazy fg-image\" loading=\"eager\">\t\t\t\t\t\t\t\t\t\t\t\t\t\t\t\t<h3>Fortifik\u00e1cie na slovensko-moravskom pohrani\u010d\u00ed\t\t\t\t\t\t\t\t\t<span><\/span>\n\t\t\t\t\t\t\t\t<\/h3>\n\t\t\t\t\t\t\t<\/a>\n\t\t\t\t\t\t<\/div>\n\t\t\t\t\t<\/div>\n\t\t\t\t<\/li>\n\t\t\t\t\t\t\t\t\t<li>\n\t\t\t\t\t<div class=\"foogallery-pile\">\n\t\t\t\t\t\t<div class=\"foogallery-pile-inner\">\n\t\t\t\t\t\t\t<a href=\"\/index.php?rest_route=%2Fwp%2Fv2%2Fpages%2F49943&#038;gallery=den-deti-na-hrade-strecno\" target=\"_self\">\n\t\t\t\t\t\t\t\t<img decoding=\"async\" src=\"https:\/\/pmza.sk\/wp-content\/uploads\/cache\/2019\/06\/IMG_0054-1\/1962111332.jpg\" width=\"280\" height=\"230\" class=\"skip-lazy fg-image\" loading=\"eager\">\t\t\t\t\t\t\t\t\t\t\t\t\t\t\t\t<h3>De\u0148 det\u00ed na hrade Stre\u010dno\t\t\t\t\t\t\t\t\t<span><\/span>\n\t\t\t\t\t\t\t\t<\/h3>\n\t\t\t\t\t\t\t<\/a>\n\t\t\t\t\t\t<\/div>\n\t\t\t\t\t<\/div>\n\t\t\t\t<\/li>\n\t\t\t\t\t\t\t\t\t<li>\n\t\t\t\t\t<div class=\"foogallery-pile\">\n\t\t\t\t\t\t<div class=\"foogallery-pile-inner\">\n\t\t\t\t\t\t\t<a href=\"\/index.php?rest_route=%2Fwp%2Fv2%2Fpages%2F49943&#038;gallery=hradna-skola\" target=\"_self\">\n\t\t\t\t\t\t\t\t<img decoding=\"async\" src=\"https:\/\/pmza.sk\/wp-content\/uploads\/cache\/2019\/05\/IMG_9150\/2098527205.jpg\" title=\"Hradn\u00e1 \u0161kola\" width=\"280\" height=\"230\" class=\"skip-lazy fg-image\" loading=\"eager\">\t\t\t\t\t\t\t\t\t\t\t\t\t\t\t\t<h3>Hradn\u00e1 \u0161kola\t\t\t\t\t\t\t\t\t<span><\/span>\n\t\t\t\t\t\t\t\t<\/h3>\n\t\t\t\t\t\t\t<\/a>\n\t\t\t\t\t\t<\/div>\n\t\t\t\t\t<\/div>\n\t\t\t\t<\/li>\n\t\t\t\t\t\t\t\t\t<li>\n\t\t\t\t\t<div class=\"foogallery-pile\">\n\t\t\t\t\t\t<div class=\"foogallery-pile-inner\">\n\t\t\t\t\t\t\t<a href=\"\/index.php?rest_route=%2Fwp%2Fv2%2Fpages%2F49943&#038;gallery=beh-do-strecnianskych-hradnych-schodov-3\" target=\"_self\">\n\t\t\t\t\t\t\t\t<img decoding=\"async\" src=\"https:\/\/pmza.sk\/wp-content\/uploads\/cache\/2019\/05\/IMG_8230\/3542244240.jpg\" width=\"280\" height=\"230\" class=\"skip-lazy fg-image\" loading=\"eager\">\t\t\t\t\t\t\t\t\t\t\t\t\t\t\t\t<h3>Beh do stre\u010dnianskych hradn\u00fdch schodov\t\t\t\t\t\t\t\t\t<span><\/span>\n\t\t\t\t\t\t\t\t<\/h3>\n\t\t\t\t\t\t\t<\/a>\n\t\t\t\t\t\t<\/div>\n\t\t\t\t\t<\/div>\n\t\t\t\t<\/li>\n\t\t\t\t\t\t\t\t\t<li>\n\t\t\t\t\t<div class=\"foogallery-pile\">\n\t\t\t\t\t\t<div class=\"foogallery-pile-inner\">\n\t\t\t\t\t\t\t<a href=\"\/index.php?rest_route=%2Fwp%2Fv2%2Fpages%2F49943&#038;gallery=noc-muzei-na-hrade-strecno\" target=\"_self\">\n\t\t\t\t\t\t\t\t<img decoding=\"async\" src=\"https:\/\/pmza.sk\/wp-content\/uploads\/cache\/2019\/05\/IMG_0862-Medium\/96494200.jpg\" width=\"280\" height=\"230\" class=\"skip-lazy fg-image\" loading=\"eager\">\t\t\t\t\t\t\t\t\t\t\t\t\t\t\t\t<h3>Noc m\u00faze\u00ed na hrade Stre\u010dno\t\t\t\t\t\t\t\t\t<span><\/span>\n\t\t\t\t\t\t\t\t<\/h3>\n\t\t\t\t\t\t\t<\/a>\n\t\t\t\t\t\t<\/div>\n\t\t\t\t\t<\/div>\n\t\t\t\t<\/li>\n\t\t\t\t\t\t\t\t\t<li>\n\t\t\t\t\t<div class=\"foogallery-pile\">\n\t\t\t\t\t\t<div class=\"foogallery-pile-inner\">\n\t\t\t\t\t\t\t<a href=\"\/index.php?rest_route=%2Fwp%2Fv2%2Fpages%2F49943&#038;gallery=33663\" target=\"_self\">\n\t\t\t\t\t\t\t\t<img decoding=\"async\" src=\"https:\/\/pmza.sk\/wp-content\/uploads\/cache\/2019\/05\/IMG_7497\/3639230136.jpg\" title=\"Jarn\u00e1 kr\u00e1sa\" width=\"280\" height=\"230\" class=\"skip-lazy fg-image\" loading=\"eager\">\t\t\t\t\t\t\t\t\t\t\t\t\t\t\t\t<h3>Jarn\u00e1 kr\u00e1sa\t\t\t\t\t\t\t\t\t<span><\/span>\n\t\t\t\t\t\t\t\t<\/h3>\n\t\t\t\t\t\t\t<\/a>\n\t\t\t\t\t\t<\/div>\n\t\t\t\t\t<\/div>\n\t\t\t\t<\/li>\n\t\t\t\t\t\t\t\t\t<li>\n\t\t\t\t\t<div class=\"foogallery-pile\">\n\t\t\t\t\t\t<div class=\"foogallery-pile-inner\">\n\t\t\t\t\t\t\t<a href=\"\/index.php?rest_route=%2Fwp%2Fv2%2Fpages%2F49943&#038;gallery=general-maly-velky-slovak\" target=\"_self\">\n\t\t\t\t\t\t\t\t<img decoding=\"async\" src=\"https:\/\/pmza.sk\/wp-content\/uploads\/cache\/2019\/05\/IMG_6806\/994368801.jpg\" width=\"280\" height=\"230\" class=\"skip-lazy fg-image\" loading=\"eager\">\t\t\t\t\t\t\t\t\t\t\t\t\t\t\t\t<h3>Gener\u00e1l - mal\u00fd ve\u013ek\u00fd Slov\u00e1k\t\t\t\t\t\t\t\t\t<span><\/span>\n\t\t\t\t\t\t\t\t<\/h3>\n\t\t\t\t\t\t\t<\/a>\n\t\t\t\t\t\t<\/div>\n\t\t\t\t\t<\/div>\n\t\t\t\t<\/li>\n\t\t\t\t\t\t\t\t\t<li>\n\t\t\t\t\t<div class=\"foogallery-pile\">\n\t\t\t\t\t\t<div class=\"foogallery-pile-inner\">\n\t\t\t\t\t\t\t<a href=\"\/index.php?rest_route=%2Fwp%2Fv2%2Fpages%2F49943&#038;gallery=oslavy-sviatku-prace\" target=\"_self\">\n\t\t\t\t\t\t\t\t<img decoding=\"async\" src=\"https:\/\/pmza.sk\/wp-content\/uploads\/cache\/2019\/05\/IMG_6783\/2493597264.jpg\" title=\"Oslavy Sviatku pr\u00e1ce\" width=\"280\" height=\"230\" class=\"skip-lazy fg-image\" loading=\"eager\">\t\t\t\t\t\t\t\t\t\t\t\t\t\t\t\t<h3>Oslavy Sviatku pr\u00e1ce\t\t\t\t\t\t\t\t\t<span><\/span>\n\t\t\t\t\t\t\t\t<\/h3>\n\t\t\t\t\t\t\t<\/a>\n\t\t\t\t\t\t<\/div>\n\t\t\t\t\t<\/div>\n\t\t\t\t<\/li>\n\t\t\t\t\t\t\t\t\t<li>\n\t\t\t\t\t<div class=\"foogallery-pile\">\n\t\t\t\t\t\t<div class=\"foogallery-pile-inner\">\n\t\t\t\t\t\t\t<a href=\"\/index.php?rest_route=%2Fwp%2Fv2%2Fpages%2F49943&#038;gallery=slavnostne-otvorenie-hradu-strecno\" target=\"_self\">\n\t\t\t\t\t\t\t\t<img decoding=\"async\" src=\"https:\/\/pmza.sk\/wp-content\/uploads\/cache\/2019\/04\/IMG_6152\/2306615419.jpg\" width=\"280\" height=\"230\" class=\"skip-lazy fg-image\" loading=\"eager\">\t\t\t\t\t\t\t\t\t\t\t\t\t\t\t\t<h3>Sl\u00e1vnostn\u00e9 otvorenie hradu Stre\u010dno\t\t\t\t\t\t\t\t\t<span><\/span>\n\t\t\t\t\t\t\t\t<\/h3>\n\t\t\t\t\t\t\t<\/a>\n\t\t\t\t\t\t<\/div>\n\t\t\t\t\t<\/div>\n\t\t\t\t<\/li>\n\t\t\t\t\t\t\t\t\t<li>\n\t\t\t\t\t<div class=\"foogallery-pile\">\n\t\t\t\t\t\t<div class=\"foogallery-pile-inner\">\n\t\t\t\t\t\t\t<a href=\"\/index.php?rest_route=%2Fwp%2Fv2%2Fpages%2F49943&#038;gallery=muzeum-pre-vas-komentovana-prehliadka-vystavy\" target=\"_self\">\n\t\t\t\t\t\t\t\t<img decoding=\"async\" src=\"https:\/\/pmza.sk\/wp-content\/uploads\/cache\/2019\/04\/IMG_6020\/2379727457.jpg\" width=\"280\" height=\"230\" class=\"skip-lazy fg-image\" loading=\"eager\">\t\t\t\t\t\t\t\t\t\t\t\t\t\t\t\t<h3>M\u00fazeum pre v\u00e1s: Komentovan\u00e1 prehliadka v\u00fdstavy\t\t\t\t\t\t\t\t\t<span><\/span>\n\t\t\t\t\t\t\t\t<\/h3>\n\t\t\t\t\t\t\t<\/a>\n\t\t\t\t\t\t<\/div>\n\t\t\t\t\t<\/div>\n\t\t\t\t<\/li>\n\t\t\t\t\t\t\t\t\t<li>\n\t\t\t\t\t<div class=\"foogallery-pile\">\n\t\t\t\t\t\t<div class=\"foogallery-pile-inner\">\n\t\t\t\t\t\t\t<a href=\"\/index.php?rest_route=%2Fwp%2Fv2%2Fpages%2F49943&#038;gallery=o-rytierovi-ktory-sa-nevedel-spravat\" target=\"_self\">\n\t\t\t\t\t\t\t\t<img decoding=\"async\" src=\"https:\/\/pmza.sk\/wp-content\/uploads\/cache\/2019\/04\/IMG_5676\/2198376210.jpg\" title=\"O rytierovi, ktor\u00fd sa nevedel spr\u00e1va\u0165\" width=\"280\" height=\"230\" class=\"skip-lazy fg-image\" loading=\"eager\">\t\t\t\t\t\t\t\t\t\t\t\t\t\t\t\t<h3>O rytierovi, ktor\u00fd sa nevedel spr\u00e1va\u0165\t\t\t\t\t\t\t\t\t<span><\/span>\n\t\t\t\t\t\t\t\t<\/h3>\n\t\t\t\t\t\t\t<\/a>\n\t\t\t\t\t\t<\/div>\n\t\t\t\t\t<\/div>\n\t\t\t\t<\/li>\n\t\t\t\t\t\t\t\t\t<li>\n\t\t\t\t\t<div class=\"foogallery-pile\">\n\t\t\t\t\t\t<div class=\"foogallery-pile-inner\">\n\t\t\t\t\t\t\t<a href=\"\/index.php?rest_route=%2Fwp%2Fv2%2Fpages%2F49943&#038;gallery=krizova-cesta-3\" target=\"_self\">\n\t\t\t\t\t\t\t\t<img decoding=\"async\" src=\"https:\/\/pmza.sk\/wp-content\/uploads\/cache\/2019\/04\/P4140120_view-scaled-1\/519686707.jpg\" title=\"Kr\u00ed\u017eov\u00e1 cesta\" width=\"280\" height=\"230\" class=\"skip-lazy fg-image\" loading=\"eager\">\t\t\t\t\t\t\t\t\t\t\t\t\t\t\t\t<h3>Kr\u00ed\u017eov\u00e1 cesta\t\t\t\t\t\t\t\t\t<span><\/span>\n\t\t\t\t\t\t\t\t<\/h3>\n\t\t\t\t\t\t\t<\/a>\n\t\t\t\t\t\t<\/div>\n\t\t\t\t\t<\/div>\n\t\t\t\t<\/li>\n\t\t\t\t\t\t\t\t\t<li>\n\t\t\t\t\t<div class=\"foogallery-pile\">\n\t\t\t\t\t\t<div class=\"foogallery-pile-inner\">\n\t\t\t\t\t\t\t<a href=\"\/index.php?rest_route=%2Fwp%2Fv2%2Fpages%2F49943&#038;gallery=dni-polskej-kultury-3\" target=\"_self\">\n\t\t\t\t\t\t\t\t<img decoding=\"async\" src=\"https:\/\/pmza.sk\/wp-content\/uploads\/cache\/2019\/04\/IMG_5324\/563292560.jpg\" width=\"280\" height=\"230\" class=\"skip-lazy fg-image\" loading=\"eager\">\t\t\t\t\t\t\t\t\t\t\t\t\t\t\t\t<h3>Dni po\u013eskej kult\u00fary\t\t\t\t\t\t\t\t\t<span><\/span>\n\t\t\t\t\t\t\t\t<\/h3>\n\t\t\t\t\t\t\t<\/a>\n\t\t\t\t\t\t<\/div>\n\t\t\t\t\t<\/div>\n\t\t\t\t<\/li>\n\t\t\t\t\t\t\t\t\t<li>\n\t\t\t\t\t<div class=\"foogallery-pile\">\n\t\t\t\t\t\t<div class=\"foogallery-pile-inner\">\n\t\t\t\t\t\t\t<a href=\"\/index.php?rest_route=%2Fwp%2Fv2%2Fpages%2F49943&#038;gallery=5-vyrocie-muzea-dopravy\" target=\"_self\">\n\t\t\t\t\t\t\t\t<img decoding=\"async\" src=\"https:\/\/pmza.sk\/wp-content\/uploads\/cache\/2019\/04\/IMG_5105\/823846175.jpg\" width=\"280\" height=\"230\" class=\"skip-lazy fg-image\" loading=\"eager\">\t\t\t\t\t\t\t\t\t\t\t\t\t\t\t\t<h3>5. v\u00fdro\u010die M\u00fazea dopravy\t\t\t\t\t\t\t\t\t<span><\/span>\n\t\t\t\t\t\t\t\t<\/h3>\n\t\t\t\t\t\t\t<\/a>\n\t\t\t\t\t\t<\/div>\n\t\t\t\t\t<\/div>\n\t\t\t\t<\/li>\n\t\t\t\t\t\t\t\t\t<li>\n\t\t\t\t\t<div class=\"foogallery-pile\">\n\t\t\t\t\t\t<div class=\"foogallery-pile-inner\">\n\t\t\t\t\t\t\t<a href=\"\/index.php?rest_route=%2Fwp%2Fv2%2Fpages%2F49943&#038;gallery=velkonocne-tradicie-2\" target=\"_self\">\n\t\t\t\t\t\t\t\t<img decoding=\"async\" src=\"https:\/\/pmza.sk\/wp-content\/uploads\/cache\/2019\/04\/IMG_4842\/3106180857.jpg\" width=\"280\" height=\"230\" class=\"skip-lazy fg-image\" loading=\"eager\">\t\t\t\t\t\t\t\t\t\t\t\t\t\t\t\t<h3>Ve\u013ekono\u010dn\u00e9 trad\u00edcie\t\t\t\t\t\t\t\t\t<span><\/span>\n\t\t\t\t\t\t\t\t<\/h3>\n\t\t\t\t\t\t\t<\/a>\n\t\t\t\t\t\t<\/div>\n\t\t\t\t\t<\/div>\n\t\t\t\t<\/li>\n\t\t\t\t\t\t\t\t\t<li>\n\t\t\t\t\t<div class=\"foogallery-pile\">\n\t\t\t\t\t\t<div class=\"foogallery-pile-inner\">\n\t\t\t\t\t\t\t<a href=\"\/index.php?rest_route=%2Fwp%2Fv2%2Fpages%2F49943&#038;gallery=jedle-divorastuce-bylinky\" target=\"_self\">\n\t\t\t\t\t\t\t\t<img decoding=\"async\" src=\"https:\/\/pmza.sk\/wp-content\/uploads\/cache\/2019\/04\/IMG_4800\/1054876885.jpg\" title=\"Jedl\u00e9 divorast\u00face bylinky\" width=\"280\" height=\"230\" class=\"skip-lazy fg-image\" loading=\"eager\">\t\t\t\t\t\t\t\t\t\t\t\t\t\t\t\t<h3>Jedl\u00e9 divorast\u00face bylinky\t\t\t\t\t\t\t\t\t<span><\/span>\n\t\t\t\t\t\t\t\t<\/h3>\n\t\t\t\t\t\t\t<\/a>\n\t\t\t\t\t\t<\/div>\n\t\t\t\t\t<\/div>\n\t\t\t\t<\/li>\n\t\t\t\t\t\t\t\t\t<li>\n\t\t\t\t\t<div class=\"foogallery-pile\">\n\t\t\t\t\t\t<div class=\"foogallery-pile-inner\">\n\t\t\t\t\t\t\t<a href=\"\/index.php?rest_route=%2Fwp%2Fv2%2Fpages%2F49943&#038;gallery=muzeum-pre-vas-velkonocne-kraslice\" target=\"_self\">\n\t\t\t\t\t\t\t\t<img decoding=\"async\" src=\"https:\/\/pmza.sk\/wp-content\/uploads\/cache\/2019\/03\/IMG_4176\/1962146165.jpg\" width=\"280\" height=\"230\" class=\"skip-lazy fg-image\" loading=\"eager\">\t\t\t\t\t\t\t\t\t\t\t\t\t\t\t\t<h3>M\u00fazeum pre v\u00e1s: ve\u013ekono\u010dn\u00e9 kraslice\t\t\t\t\t\t\t\t\t<span><\/span>\n\t\t\t\t\t\t\t\t<\/h3>\n\t\t\t\t\t\t\t<\/a>\n\t\t\t\t\t\t<\/div>\n\t\t\t\t\t<\/div>\n\t\t\t\t<\/li>\n\t\t\t\t\t\t\t\t\t<li>\n\t\t\t\t\t<div class=\"foogallery-pile\">\n\t\t\t\t\t\t<div class=\"foogallery-pile-inner\">\n\t\t\t\t\t\t\t<a href=\"\/index.php?rest_route=%2Fwp%2Fv2%2Fpages%2F49943&#038;gallery=literatura-zabavne\" target=\"_self\">\n\t\t\t\t\t\t\t\t<img decoding=\"async\" src=\"https:\/\/pmza.sk\/wp-content\/uploads\/cache\/2019\/03\/IMG_3583\/1259327907.jpg\" width=\"280\" height=\"230\" class=\"skip-lazy fg-image\" loading=\"eager\">\t\t\t\t\t\t\t\t\t\t\t\t\t\t\t\t<h3>Literat\u00fara z\u00e1bavne\t\t\t\t\t\t\t\t\t<span><\/span>\n\t\t\t\t\t\t\t\t<\/h3>\n\t\t\t\t\t\t\t<\/a>\n\t\t\t\t\t\t<\/div>\n\t\t\t\t\t<\/div>\n\t\t\t\t<\/li>\n\t\t\t\t\t\t\t\t\t<li>\n\t\t\t\t\t<div class=\"foogallery-pile\">\n\t\t\t\t\t\t<div class=\"foogallery-pile-inner\">\n\t\t\t\t\t\t\t<a href=\"\/index.php?rest_route=%2Fwp%2Fv2%2Fpages%2F49943&#038;gallery=den-otvorenych-dveri-v-kniznici\" target=\"_self\">\n\t\t\t\t\t\t\t\t<img decoding=\"async\" src=\"https:\/\/pmza.sk\/wp-content\/uploads\/cache\/2019\/03\/IMG_3618\/3307057154.jpg\" title=\"De\u0148 otvoren\u00fdch dver\u00ed v kni\u017enici\" width=\"280\" height=\"230\" class=\"skip-lazy fg-image\" loading=\"eager\">\t\t\t\t\t\t\t\t\t\t\t\t\t\t\t\t<h3>De\u0148 otvoren\u00fdch dver\u00ed v kni\u017enici\t\t\t\t\t\t\t\t\t<span><\/span>\n\t\t\t\t\t\t\t\t<\/h3>\n\t\t\t\t\t\t\t<\/a>\n\t\t\t\t\t\t<\/div>\n\t\t\t\t\t<\/div>\n\t\t\t\t<\/li>\n\t\t\t\t\t\t\t\t\t<li>\n\t\t\t\t\t<div class=\"foogallery-pile\">\n\t\t\t\t\t\t<div class=\"foogallery-pile-inner\">\n\t\t\t\t\t\t\t<a href=\"\/index.php?rest_route=%2Fwp%2Fv2%2Fpages%2F49943&#038;gallery=komentovana-prehliadka-vystavy-od-alexandra-k-dzingischanovi\" target=\"_self\">\n\t\t\t\t\t\t\t\t<img decoding=\"async\" src=\"https:\/\/pmza.sk\/wp-content\/uploads\/cache\/2019\/03\/IMG_3091\/2840099545.jpg\" title=\"Komentovan\u00e1 prehliadka v\u00fdstavy od Alexandra k D\u017eingisch\u00e1novi\" width=\"280\" height=\"230\" class=\"skip-lazy fg-image\" loading=\"eager\">\t\t\t\t\t\t\t\t\t\t\t\t\t\t\t\t<h3>Komentovan\u00e1 prehliadka v\u00fdstavy Od Alexandra k D\u017eingisch\u00e1novi\t\t\t\t\t\t\t\t\t<span><\/span>\n\t\t\t\t\t\t\t\t<\/h3>\n\t\t\t\t\t\t\t<\/a>\n\t\t\t\t\t\t<\/div>\n\t\t\t\t\t<\/div>\n\t\t\t\t<\/li>\n\t\t\t\t\t\t\t\t\t<li>\n\t\t\t\t\t<div class=\"foogallery-pile\">\n\t\t\t\t\t\t<div class=\"foogallery-pile-inner\">\n\t\t\t\t\t\t\t<a href=\"\/index.php?rest_route=%2Fwp%2Fv2%2Fpages%2F49943&#038;gallery=premeny-hospodarskej-budovy\" target=\"_self\">\n\t\t\t\t\t\t\t\t<img decoding=\"async\" src=\"https:\/\/pmza.sk\/wp-content\/uploads\/cache\/2019\/02\/foto-11\/1395988128.jpg\" width=\"280\" height=\"230\" class=\"skip-lazy fg-image\" loading=\"eager\">\t\t\t\t\t\t\t\t\t\t\t\t\t\t\t\t<h3>Premeny hospod\u00e1rskej budovy\t\t\t\t\t\t\t\t\t<span><\/span>\n\t\t\t\t\t\t\t\t<\/h3>\n\t\t\t\t\t\t\t<\/a>\n\t\t\t\t\t\t<\/div>\n\t\t\t\t\t<\/div>\n\t\t\t\t<\/li>\n\t\t\t\t\t\t\t\t\t<li>\n\t\t\t\t\t<div class=\"foogallery-pile\">\n\t\t\t\t\t\t<div class=\"foogallery-pile-inner\">\n\t\t\t\t\t\t\t<a href=\"\/index.php?rest_route=%2Fwp%2Fv2%2Fpages%2F49943&#038;gallery=dzingischan-a-jeho-bojovnici\" target=\"_self\">\n\t\t\t\t\t\t\t\t<img decoding=\"async\" src=\"https:\/\/pmza.sk\/wp-content\/uploads\/cache\/2019\/02\/IMG_2381\/151082460.jpg\" title=\"D\u017eingisch\u00e1n a jeho bojovn\u00edci\" width=\"280\" height=\"230\" class=\"skip-lazy fg-image\" loading=\"eager\">\t\t\t\t\t\t\t\t\t\t\t\t\t\t\t\t<h3>D\u017eingisch\u00e1n a jeho bojovn\u00edci\t\t\t\t\t\t\t\t\t<span><\/span>\n\t\t\t\t\t\t\t\t<\/h3>\n\t\t\t\t\t\t\t<\/a>\n\t\t\t\t\t\t<\/div>\n\t\t\t\t\t<\/div>\n\t\t\t\t<\/li>\n\t\t\t\t\t\t\t\t\t<li>\n\t\t\t\t\t<div class=\"foogallery-pile\">\n\t\t\t\t\t\t<div class=\"foogallery-pile-inner\">\n\t\t\t\t\t\t\t<a href=\"\/index.php?rest_route=%2Fwp%2Fv2%2Fpages%2F49943&#038;gallery=nocne-pozorovanie-zvierat-so-zoologom\" target=\"_self\">\n\t\t\t\t\t\t\t\t<img decoding=\"async\" src=\"https:\/\/pmza.sk\/wp-content\/uploads\/cache\/2019\/02\/IMG_2295\/3449721005.jpg\" title=\"No\u010dn\u00e9 pozorovanie zvierat so zool\u00f3gom\" width=\"280\" height=\"230\" class=\"skip-lazy fg-image\" loading=\"eager\">\t\t\t\t\t\t\t\t\t\t\t\t\t\t\t\t<h3>M\u00fazeum pre v\u00e1s: No\u010dn\u00e9 pozorovanie zvierat so zool\u00f3gom\t\t\t\t\t\t\t\t\t<span><\/span>\n\t\t\t\t\t\t\t\t<\/h3>\n\t\t\t\t\t\t\t<\/a>\n\t\t\t\t\t\t<\/div>\n\t\t\t\t\t<\/div>\n\t\t\t\t<\/li>\n\t\t\t\t\t\t\t\t\t<li>\n\t\t\t\t\t<div class=\"foogallery-pile\">\n\t\t\t\t\t\t<div class=\"foogallery-pile-inner\">\n\t\t\t\t\t\t\t<a href=\"\/index.php?rest_route=%2Fwp%2Fv2%2Fpages%2F49943&#038;gallery=vernisaz-vystavy-od-alexandra-k-dzingischanovi\" target=\"_self\">\n\t\t\t\t\t\t\t\t<img decoding=\"async\" src=\"https:\/\/pmza.sk\/wp-content\/uploads\/cache\/2019\/02\/IMG_2040\/3131712847.jpg\" title=\"Vernis\u00e1\u017e v\u00fdstavy Od Alexandra k D\u017eingisch\u00e1novi\" width=\"280\" height=\"230\" class=\"skip-lazy fg-image\" loading=\"eager\">\t\t\t\t\t\t\t\t\t\t\t\t\t\t\t\t<h3>Vernis\u00e1\u017e v\u00fdstavy od Alexandra k D\u017eingisch\u00e1novi\t\t\t\t\t\t\t\t\t<span><\/span>\n\t\t\t\t\t\t\t\t<\/h3>\n\t\t\t\t\t\t\t<\/a>\n\t\t\t\t\t\t<\/div>\n\t\t\t\t\t<\/div>\n\t\t\t\t<\/li>\n\t\t\t\t\t\t\t\t\t<li>\n\t\t\t\t\t<div class=\"foogallery-pile\">\n\t\t\t\t\t\t<div class=\"foogallery-pile-inner\">\n\t\t\t\t\t\t\t<a href=\"\/index.php?rest_route=%2Fwp%2Fv2%2Fpages%2F49943&#038;gallery=stara-zilinska-zeleznicna-stanica\" target=\"_self\">\n\t\t\t\t\t\t\t\t<img decoding=\"async\" src=\"https:\/\/pmza.sk\/wp-content\/uploads\/cache\/2019\/01\/IMG_9295\/2370472491.jpg\" title=\"M\u00fazeum pre v\u00e1s: Star\u00e1 \u017eilinsk\u00e1 \u017eelezni\u010dn\u00e1 stanica\" width=\"280\" height=\"230\" class=\"skip-lazy fg-image\" loading=\"eager\">\t\t\t\t\t\t\t\t\t\t\t\t\t\t\t\t<h3>M\u00fazeum pre v\u00e1s: Star\u00e1 \u017eilinsk\u00e1 \u017eelezni\u010dn\u00e1 stanica\t\t\t\t\t\t\t\t\t<span><\/span>\n\t\t\t\t\t\t\t\t<\/h3>\n\t\t\t\t\t\t\t<\/a>\n\t\t\t\t\t\t<\/div>\n\t\t\t\t\t<\/div>\n\t\t\t\t<\/li>\n\t\t\t\t\t\t<\/ul>\n\t<div style=\"clear: both;\"><\/div>\n<\/div>\n\n","protected":false},"excerpt":{"rendered":"","protected":false},"author":1,"featured_media":0,"parent":15004,"menu_order":35,"comment_status":"closed","ping_status":"closed","template":"elementor_theme","meta":{"site-sidebar-layout":"default","site-content-layout":"default","ast-site-content-layout":"","site-content-style":"default","site-sidebar-style":"default","ast-global-header-display":"","ast-banner-title-visibility":"","ast-main-header-display":"","ast-hfb-above-header-display":"","ast-hfb-below-header-display":"","ast-hfb-mobile-header-display":"","site-post-title":"","ast-breadcrumbs-content":"","ast-featured-img":"","footer-sml-layout":"","theme-transparent-header-meta":"default","adv-header-id-meta":"","stick-header-meta":"default","header-above-stick-meta":"","header-main-stick-meta":"","header-below-stick-meta":"","astra-migrate-meta-layouts":"default","ast-page-background-enabled":"default","ast-page-background-meta":{"desktop":{"background-color":"var(--ast-global-color-4)","background-image":"","background-repeat":"repeat","background-position":"center center","background-size":"auto","background-attachment":"scroll","background-type":"","background-media":"","overlay-type":"","overlay-color":"","overlay-opacity":"","overlay-gradient":""},"tablet":{"background-color":"","background-image":"","background-repeat":"repeat","background-position":"center center","background-size":"auto","background-attachment":"scroll","background-type":"","background-media":"","overlay-type":"","overlay-color":"","overlay-opacity":"","overlay-gradient":""},"mobile":{"background-color":"","background-image":"","background-repeat":"repeat","background-position":"center center","background-size":"auto","background-attachment":"scroll","background-type":"","background-media":"","overlay-type":"","overlay-color":"","overlay-opacity":"","overlay-gradient":""}},"ast-content-background-meta":{"desktop":{"background-color":"var(--ast-global-color-5)","background-image":"","background-repeat":"repeat","background-position":"center center","background-size":"auto","background-attachment":"scroll","background-type":"","background-media":"","overlay-type":"","overlay-color":"","overlay-opacity":"","overlay-gradient":""},"tablet":{"background-color":"var(--ast-global-color-5)","background-image":"","background-repeat":"repeat","background-position":"center center","background-size":"auto","background-attachment":"scroll","background-type":"","background-media":"","overlay-type":"","overlay-color":"","overlay-opacity":"","overlay-gradient":""},"mobile":{"background-color":"var(--ast-global-color-5)","background-image":"","background-repeat":"repeat","background-position":"center center","background-size":"auto","background-attachment":"scroll","background-type":"","background-media":"","overlay-type":"","overlay-color":"","overlay-opacity":"","overlay-gradient":""}},"footnotes":""},"class_list":["post-49943","page","type-page","status-publish","hentry"],"yoast_head":"<!-- This site is optimized with the Yoast SEO plugin v27.4 - https:\/\/yoast.com\/product\/yoast-seo-wordpress\/ -->\n<title>Fotogal\u00e9ria - 2019 - Pova\u017esk\u00e9 m\u00fazeum<\/title>\n<meta name=\"robots\" content=\"index, follow, max-snippet:-1, max-image-preview:large, max-video-preview:-1\" \/>\n<link rel=\"canonical\" href=\"https:\/\/pmza.sk\/?page_id=49943\" \/>\n<meta property=\"og:locale\" content=\"sk_SK\" \/>\n<meta property=\"og:type\" content=\"article\" \/>\n<meta property=\"og:title\" content=\"Fotogal\u00e9ria - 2019 - Pova\u017esk\u00e9 m\u00fazeum\" \/>\n<meta property=\"og:url\" content=\"https:\/\/pmza.sk\/?page_id=49943\" \/>\n<meta property=\"og:site_name\" content=\"Pova\u017esk\u00e9 m\u00fazeum\" \/>\n<meta property=\"article:publisher\" content=\"https:\/\/www.facebook.com\/povazskemuzeum\" \/>\n<meta name=\"twitter:card\" content=\"summary_large_image\" \/>\n<script type=\"application\/ld+json\" class=\"yoast-schema-graph\">{\"@context\":\"https:\\\/\\\/schema.org\",\"@graph\":[{\"@type\":\"WebPage\",\"@id\":\"https:\\\/\\\/pmza.sk\\\/?page_id=49943\",\"url\":\"https:\\\/\\\/pmza.sk\\\/?page_id=49943\",\"name\":\"Fotogal\u00e9ria - 2019 - Pova\u017esk\u00e9 m\u00fazeum\",\"isPartOf\":{\"@id\":\"https:\\\/\\\/pmza.sk\\\/#website\"},\"datePublished\":\"2022-02-23T17:15:26+00:00\",\"breadcrumb\":{\"@id\":\"https:\\\/\\\/pmza.sk\\\/?page_id=49943#breadcrumb\"},\"inLanguage\":\"sk-SK\",\"potentialAction\":[{\"@type\":\"ReadAction\",\"target\":[\"https:\\\/\\\/pmza.sk\\\/?page_id=49943\"]}]},{\"@type\":\"BreadcrumbList\",\"@id\":\"https:\\\/\\\/pmza.sk\\\/?page_id=49943#breadcrumb\",\"itemListElement\":[{\"@type\":\"ListItem\",\"position\":1,\"name\":\"Domovsk\u00e1 str\u00e1nka\",\"item\":\"https:\\\/\\\/pmza.sk\\\/\"},{\"@type\":\"ListItem\",\"position\":2,\"name\":\"Fotogal\u00e9ria\",\"item\":\"https:\\\/\\\/pmza.sk\\\/?page_id=15004\"},{\"@type\":\"ListItem\",\"position\":3,\"name\":\"Fotogal\u00e9ria &#8211; 2019\"}]},{\"@type\":\"WebSite\",\"@id\":\"https:\\\/\\\/pmza.sk\\\/#website\",\"url\":\"https:\\\/\\\/pmza.sk\\\/\",\"name\":\"Pova\u017esk\u00e9 m\u00fazeum\",\"description\":\"Pova\u017esk\u00e9 m\u00fazeum v \u017diline je region\u00e1lne m\u00fazeum so s\u00eddlom v Budat\u00edne. Jeho expoz\u00edcie s\u00fa zameran\u00e9 na dejiny slovensk\u00e9ho umenia, kult\u00fary a dopravy.\",\"publisher\":{\"@id\":\"https:\\\/\\\/pmza.sk\\\/#organization\"},\"potentialAction\":[{\"@type\":\"SearchAction\",\"target\":{\"@type\":\"EntryPoint\",\"urlTemplate\":\"https:\\\/\\\/pmza.sk\\\/?s={search_term_string}\"},\"query-input\":{\"@type\":\"PropertyValueSpecification\",\"valueRequired\":true,\"valueName\":\"search_term_string\"}}],\"inLanguage\":\"sk-SK\"},{\"@type\":\"Organization\",\"@id\":\"https:\\\/\\\/pmza.sk\\\/#organization\",\"name\":\"Pova\u017esk\u00e9 m\u00fazeum\",\"url\":\"https:\\\/\\\/pmza.sk\\\/\",\"logo\":{\"@type\":\"ImageObject\",\"inLanguage\":\"sk-SK\",\"@id\":\"https:\\\/\\\/pmza.sk\\\/#\\\/schema\\\/logo\\\/image\\\/\",\"url\":\"https:\\\/\\\/pmza.sk\\\/wp-content\\\/uploads\\\/2022\\\/01\\\/logo_PM_horizontal.jpg\",\"contentUrl\":\"https:\\\/\\\/pmza.sk\\\/wp-content\\\/uploads\\\/2022\\\/01\\\/logo_PM_horizontal.jpg\",\"width\":231,\"height\":142,\"caption\":\"Pova\u017esk\u00e9 m\u00fazeum\"},\"image\":{\"@id\":\"https:\\\/\\\/pmza.sk\\\/#\\\/schema\\\/logo\\\/image\\\/\"},\"sameAs\":[\"https:\\\/\\\/www.facebook.com\\\/povazskemuzeum\",\"https:\\\/\\\/www.instagram.com\\\/povazskemuzeum\\\/\"]}]}<\/script>\n<!-- \/ Yoast SEO plugin. -->","yoast_head_json":{"title":"Fotogal\u00e9ria - 2019 - Pova\u017esk\u00e9 m\u00fazeum","robots":{"index":"index","follow":"follow","max-snippet":"max-snippet:-1","max-image-preview":"max-image-preview:large","max-video-preview":"max-video-preview:-1"},"canonical":"https:\/\/pmza.sk\/?page_id=49943","og_locale":"sk_SK","og_type":"article","og_title":"Fotogal\u00e9ria - 2019 - Pova\u017esk\u00e9 m\u00fazeum","og_url":"https:\/\/pmza.sk\/?page_id=49943","og_site_name":"Pova\u017esk\u00e9 m\u00fazeum","article_publisher":"https:\/\/www.facebook.com\/povazskemuzeum","twitter_card":"summary_large_image","schema":{"@context":"https:\/\/schema.org","@graph":[{"@type":"WebPage","@id":"https:\/\/pmza.sk\/?page_id=49943","url":"https:\/\/pmza.sk\/?page_id=49943","name":"Fotogal\u00e9ria - 2019 - Pova\u017esk\u00e9 m\u00fazeum","isPartOf":{"@id":"https:\/\/pmza.sk\/#website"},"datePublished":"2022-02-23T17:15:26+00:00","breadcrumb":{"@id":"https:\/\/pmza.sk\/?page_id=49943#breadcrumb"},"inLanguage":"sk-SK","potentialAction":[{"@type":"ReadAction","target":["https:\/\/pmza.sk\/?page_id=49943"]}]},{"@type":"BreadcrumbList","@id":"https:\/\/pmza.sk\/?page_id=49943#breadcrumb","itemListElement":[{"@type":"ListItem","position":1,"name":"Domovsk\u00e1 str\u00e1nka","item":"https:\/\/pmza.sk\/"},{"@type":"ListItem","position":2,"name":"Fotogal\u00e9ria","item":"https:\/\/pmza.sk\/?page_id=15004"},{"@type":"ListItem","position":3,"name":"Fotogal\u00e9ria &#8211; 2019"}]},{"@type":"WebSite","@id":"https:\/\/pmza.sk\/#website","url":"https:\/\/pmza.sk\/","name":"Pova\u017esk\u00e9 m\u00fazeum","description":"Pova\u017esk\u00e9 m\u00fazeum v \u017diline je region\u00e1lne m\u00fazeum so s\u00eddlom v Budat\u00edne. Jeho expoz\u00edcie s\u00fa zameran\u00e9 na dejiny slovensk\u00e9ho umenia, kult\u00fary a dopravy.","publisher":{"@id":"https:\/\/pmza.sk\/#organization"},"potentialAction":[{"@type":"SearchAction","target":{"@type":"EntryPoint","urlTemplate":"https:\/\/pmza.sk\/?s={search_term_string}"},"query-input":{"@type":"PropertyValueSpecification","valueRequired":true,"valueName":"search_term_string"}}],"inLanguage":"sk-SK"},{"@type":"Organization","@id":"https:\/\/pmza.sk\/#organization","name":"Pova\u017esk\u00e9 m\u00fazeum","url":"https:\/\/pmza.sk\/","logo":{"@type":"ImageObject","inLanguage":"sk-SK","@id":"https:\/\/pmza.sk\/#\/schema\/logo\/image\/","url":"https:\/\/pmza.sk\/wp-content\/uploads\/2022\/01\/logo_PM_horizontal.jpg","contentUrl":"https:\/\/pmza.sk\/wp-content\/uploads\/2022\/01\/logo_PM_horizontal.jpg","width":231,"height":142,"caption":"Pova\u017esk\u00e9 m\u00fazeum"},"image":{"@id":"https:\/\/pmza.sk\/#\/schema\/logo\/image\/"},"sameAs":["https:\/\/www.facebook.com\/povazskemuzeum","https:\/\/www.instagram.com\/povazskemuzeum\/"]}]}},"_links":{"self":[{"href":"https:\/\/pmza.sk\/index.php?rest_route=\/wp\/v2\/pages\/49943","targetHints":{"allow":["GET"]}}],"collection":[{"href":"https:\/\/pmza.sk\/index.php?rest_route=\/wp\/v2\/pages"}],"about":[{"href":"https:\/\/pmza.sk\/index.php?rest_route=\/wp\/v2\/types\/page"}],"author":[{"embeddable":true,"href":"https:\/\/pmza.sk\/index.php?rest_route=\/wp\/v2\/users\/1"}],"replies":[{"embeddable":true,"href":"https:\/\/pmza.sk\/index.php?rest_route=%2Fwp%2Fv2%2Fcomments&post=49943"}],"version-history":[{"count":0,"href":"https:\/\/pmza.sk\/index.php?rest_route=\/wp\/v2\/pages\/49943\/revisions"}],"up":[{"embeddable":true,"href":"https:\/\/pmza.sk\/index.php?rest_route=\/wp\/v2\/pages\/15004"}],"wp:attachment":[{"href":"https:\/\/pmza.sk\/index.php?rest_route=%2Fwp%2Fv2%2Fmedia&parent=49943"}],"curies":[{"name":"wp","href":"https:\/\/api.w.org\/{rel}","templated":true}]}}