{"id":55030,"date":"2023-02-09T10:44:08","date_gmt":"2023-02-09T09:44:08","guid":{"rendered":"https:\/\/pmza.sk\/?page_id=55030"},"modified":"2023-02-09T10:45:21","modified_gmt":"2023-02-09T09:45:21","slug":"fotogaleria-2023","status":"publish","type":"page","link":"https:\/\/pmza.sk\/?page_id=55030","title":{"rendered":"Fotogal\u00e9ria &#8211; 2023"},"content":{"rendered":"<style type=\"text\/css\">.foogallery-album-gallery-list .foogallery-pile h3 { background: #fff !important; }.foogallery-album-gallery-list .foogallery-pile h3 { color: #000000 !important; }<\/style><div id=\"foogallery-album-54998\">\n\t<ul class=\"foogallery-album-gallery-list alignment-left\">\n\t\t\t\t\t\t<li>\n\t\t\t\t\t<div class=\"foogallery-pile\">\n\t\t\t\t\t\t<div class=\"foogallery-pile-inner\">\n\t\t\t\t\t\t\t<a href=\"\/index.php?rest_route=%2Fwp%2Fv2%2Fpages%2F55030&#038;gallery=tvorive-vianocne-debatky\" target=\"_self\">\n\t\t\t\t\t\t\t\t<img fetchpriority=\"high\" decoding=\"async\" src=\"https:\/\/pmza.sk\/wp-content\/uploads\/cache\/2023\/12\/IMG_5702\/3303645173.jpg\" width=\"280\" height=\"230\" class=\"skip-lazy fg-image\" loading=\"eager\">\t\t\t\t\t\t\t\t\t\t\t\t\t\t\t\t<h3>Tvoriv\u00e9 viano\u010dn\u00e9 debatky\t\t\t\t\t\t\t\t\t<span><\/span>\n\t\t\t\t\t\t\t\t<\/h3>\n\t\t\t\t\t\t\t<\/a>\n\t\t\t\t\t\t<\/div>\n\t\t\t\t\t<\/div>\n\t\t\t\t<\/li>\n\t\t\t\t\t\t\t\t\t<li>\n\t\t\t\t\t<div class=\"foogallery-pile\">\n\t\t\t\t\t\t<div class=\"foogallery-pile-inner\">\n\t\t\t\t\t\t\t<a href=\"\/index.php?rest_route=%2Fwp%2Fv2%2Fpages%2F55030&#038;gallery=vianoce-v-budatine-3\" target=\"_self\">\n\t\t\t\t\t\t\t\t<img decoding=\"async\" src=\"https:\/\/pmza.sk\/wp-content\/uploads\/cache\/2023\/12\/IMG_5456\/1506042903.jpg\" width=\"280\" height=\"230\" class=\"skip-lazy fg-image\" loading=\"eager\">\t\t\t\t\t\t\t\t\t\t\t\t\t\t\t\t<h3>Vianoce v Budat\u00edne\t\t\t\t\t\t\t\t\t<span><\/span>\n\t\t\t\t\t\t\t\t<\/h3>\n\t\t\t\t\t\t\t<\/a>\n\t\t\t\t\t\t<\/div>\n\t\t\t\t\t<\/div>\n\t\t\t\t<\/li>\n\t\t\t\t\t\t\t\t\t<li>\n\t\t\t\t\t<div class=\"foogallery-pile\">\n\t\t\t\t\t\t<div class=\"foogallery-pile-inner\">\n\t\t\t\t\t\t\t<a href=\"\/index.php?rest_route=%2Fwp%2Fv2%2Fpages%2F55030&#038;gallery=mikulas-v-muzeu-dopravy-3\" target=\"_self\">\n\t\t\t\t\t\t\t\t<img decoding=\"async\" src=\"https:\/\/pmza.sk\/wp-content\/uploads\/cache\/2023\/12\/DSC7305-scaled\/2057823255.jpg\" width=\"280\" height=\"230\" class=\"skip-lazy fg-image\" loading=\"eager\">\t\t\t\t\t\t\t\t\t\t\t\t\t\t\t\t<h3>Mikul\u00e1\u0161 v M\u00fazeu dopravy\t\t\t\t\t\t\t\t\t<span><\/span>\n\t\t\t\t\t\t\t\t<\/h3>\n\t\t\t\t\t\t\t<\/a>\n\t\t\t\t\t\t<\/div>\n\t\t\t\t\t<\/div>\n\t\t\t\t<\/li>\n\t\t\t\t\t\t\t\t\t<li>\n\t\t\t\t\t<div class=\"foogallery-pile\">\n\t\t\t\t\t\t<div class=\"foogallery-pile-inner\">\n\t\t\t\t\t\t\t<a href=\"\/index.php?rest_route=%2Fwp%2Fv2%2Fpages%2F55030&#038;gallery=vecer-v-muzeu-dopravy-2\" target=\"_self\">\n\t\t\t\t\t\t\t\t<img decoding=\"async\" src=\"https:\/\/pmza.sk\/wp-content\/uploads\/cache\/2023\/11\/IMG_4539\/263048591.jpg\" width=\"280\" height=\"230\" class=\"skip-lazy fg-image\" loading=\"eager\">\t\t\t\t\t\t\t\t\t\t\t\t\t\t\t\t<h3>Ve\u010der v M\u00fazeu dopravy\t\t\t\t\t\t\t\t\t<span><\/span>\n\t\t\t\t\t\t\t\t<\/h3>\n\t\t\t\t\t\t\t<\/a>\n\t\t\t\t\t\t<\/div>\n\t\t\t\t\t<\/div>\n\t\t\t\t<\/li>\n\t\t\t\t\t\t\t\t\t<li>\n\t\t\t\t\t<div class=\"foogallery-pile\">\n\t\t\t\t\t\t<div class=\"foogallery-pile-inner\">\n\t\t\t\t\t\t\t<a href=\"\/index.php?rest_route=%2Fwp%2Fv2%2Fpages%2F55030&#038;gallery=expedicia-budatinsky-hrad-3\" target=\"_self\">\n\t\t\t\t\t\t\t\t<img decoding=\"async\" src=\"https:\/\/pmza.sk\/wp-content\/uploads\/cache\/2023\/11\/IMG_4124\/2414065295.jpg\" width=\"280\" height=\"230\" class=\"skip-lazy fg-image\" loading=\"eager\">\t\t\t\t\t\t\t\t\t\t\t\t\t\t\t\t<h3>Exped\u00edcia Budat\u00ednsky hrad\t\t\t\t\t\t\t\t\t<span><\/span>\n\t\t\t\t\t\t\t\t<\/h3>\n\t\t\t\t\t\t\t<\/a>\n\t\t\t\t\t\t<\/div>\n\t\t\t\t\t<\/div>\n\t\t\t\t<\/li>\n\t\t\t\t\t\t\t\t\t<li>\n\t\t\t\t\t<div class=\"foogallery-pile\">\n\t\t\t\t\t\t<div class=\"foogallery-pile-inner\">\n\t\t\t\t\t\t\t<a href=\"\/index.php?rest_route=%2Fwp%2Fv2%2Fpages%2F55030&#038;gallery=prva-nedela-v-podkrovi-budatinskeho-hradu\" target=\"_self\">\n\t\t\t\t\t\t\t\t<img decoding=\"async\" src=\"https:\/\/pmza.sk\/wp-content\/uploads\/cache\/2023\/11\/IMG_3786\/47524141.jpg\" width=\"280\" height=\"230\" class=\"skip-lazy fg-image\" loading=\"eager\">\t\t\t\t\t\t\t\t\t\t\t\t\t\t\t\t<h3>Prv\u00e1 nede\u013ea v podkrov\u00ed Budat\u00ednskeho hradu\t\t\t\t\t\t\t\t\t<span><\/span>\n\t\t\t\t\t\t\t\t<\/h3>\n\t\t\t\t\t\t\t<\/a>\n\t\t\t\t\t\t<\/div>\n\t\t\t\t\t<\/div>\n\t\t\t\t<\/li>\n\t\t\t\t\t\t\t\t\t<li>\n\t\t\t\t\t<div class=\"foogallery-pile\">\n\t\t\t\t\t\t<div class=\"foogallery-pile-inner\">\n\t\t\t\t\t\t\t<a href=\"\/index.php?rest_route=%2Fwp%2Fv2%2Fpages%2F55030&#038;gallery=slavnostne-otvorenie\" target=\"_self\">\n\t\t\t\t\t\t\t\t<img decoding=\"async\" src=\"https:\/\/pmza.sk\/wp-content\/uploads\/cache\/2023\/11\/IMG_3443\/2089406035.jpg\" width=\"280\" height=\"230\" class=\"skip-lazy fg-image\" loading=\"eager\">\t\t\t\t\t\t\t\t\t\t\t\t\t\t\t\t<h3>Sl\u00e1vnostn\u00e9 otvorenie podkrovia Budat\u00ednskeho hradu\t\t\t\t\t\t\t\t\t<span><\/span>\n\t\t\t\t\t\t\t\t<\/h3>\n\t\t\t\t\t\t\t<\/a>\n\t\t\t\t\t\t<\/div>\n\t\t\t\t\t<\/div>\n\t\t\t\t<\/li>\n\t\t\t\t\t\t\t\t\t<li>\n\t\t\t\t\t<div class=\"foogallery-pile\">\n\t\t\t\t\t\t<div class=\"foogallery-pile-inner\">\n\t\t\t\t\t\t\t<a href=\"\/index.php?rest_route=%2Fwp%2Fv2%2Fpages%2F55030&#038;gallery=stretnutie-drotarskych-majstrov-3\" target=\"_self\">\n\t\t\t\t\t\t\t\t<img decoding=\"async\" src=\"https:\/\/pmza.sk\/wp-content\/uploads\/cache\/2023\/10\/IMG_2293\/2361559863.jpg\" width=\"280\" height=\"230\" class=\"skip-lazy fg-image\" loading=\"eager\">\t\t\t\t\t\t\t\t\t\t\t\t\t\t\t\t<h3>Stretnutie drot\u00e1rskych majstrov\t\t\t\t\t\t\t\t\t<span><\/span>\n\t\t\t\t\t\t\t\t<\/h3>\n\t\t\t\t\t\t\t<\/a>\n\t\t\t\t\t\t<\/div>\n\t\t\t\t\t<\/div>\n\t\t\t\t<\/li>\n\t\t\t\t\t\t\t\t\t<li>\n\t\t\t\t\t<div class=\"foogallery-pile\">\n\t\t\t\t\t\t<div class=\"foogallery-pile-inner\">\n\t\t\t\t\t\t\t<a href=\"\/index.php?rest_route=%2Fwp%2Fv2%2Fpages%2F55030&#038;gallery=otvorenie-vystavy-tiene-minulosti\" target=\"_self\">\n\t\t\t\t\t\t\t\t<img decoding=\"async\" src=\"https:\/\/pmza.sk\/wp-content\/uploads\/cache\/2023\/10\/IMG_2517\/3495326416.jpg\" width=\"280\" height=\"230\" class=\"skip-lazy fg-image\" loading=\"eager\">\t\t\t\t\t\t\t\t\t\t\t\t\t\t\t\t<h3>Otvorenie v\u00fdstavy Tiene minulosti\t\t\t\t\t\t\t\t\t<span><\/span>\n\t\t\t\t\t\t\t\t<\/h3>\n\t\t\t\t\t\t\t<\/a>\n\t\t\t\t\t\t<\/div>\n\t\t\t\t\t<\/div>\n\t\t\t\t<\/li>\n\t\t\t\t\t\t\t\t\t<li>\n\t\t\t\t\t<div class=\"foogallery-pile\">\n\t\t\t\t\t\t<div class=\"foogallery-pile-inner\">\n\t\t\t\t\t\t\t<a href=\"\/index.php?rest_route=%2Fwp%2Fv2%2Fpages%2F55030&#038;gallery=noc-duchov-tekvic-a-strasidiel-3\" target=\"_self\">\n\t\t\t\t\t\t\t\t<img decoding=\"async\" src=\"https:\/\/pmza.sk\/wp-content\/uploads\/cache\/2023\/10\/IMG_2751\/3815321816.jpg\" width=\"280\" height=\"230\" class=\"skip-lazy fg-image\" loading=\"eager\">\t\t\t\t\t\t\t\t\t\t\t\t\t\t\t\t<h3>Noc duchov, tekv\u00edc a stra\u0161idiel\t\t\t\t\t\t\t\t\t<span><\/span>\n\t\t\t\t\t\t\t\t<\/h3>\n\t\t\t\t\t\t\t<\/a>\n\t\t\t\t\t\t<\/div>\n\t\t\t\t\t<\/div>\n\t\t\t\t<\/li>\n\t\t\t\t\t\t\t\t\t<li>\n\t\t\t\t\t<div class=\"foogallery-pile\">\n\t\t\t\t\t\t<div class=\"foogallery-pile-inner\">\n\t\t\t\t\t\t\t<a href=\"\/index.php?rest_route=%2Fwp%2Fv2%2Fpages%2F55030&#038;gallery=budatinsky-rinok-3\" target=\"_self\">\n\t\t\t\t\t\t\t\t<img decoding=\"async\" src=\"https:\/\/pmza.sk\/wp-content\/uploads\/cache\/2023\/10\/JAF01416\/993554656.jpg\" width=\"280\" height=\"230\" class=\"skip-lazy fg-image\" loading=\"eager\">\t\t\t\t\t\t\t\t\t\t\t\t\t\t\t\t<h3>Budat\u00ednsky r\u00ednok\t\t\t\t\t\t\t\t\t<span><\/span>\n\t\t\t\t\t\t\t\t<\/h3>\n\t\t\t\t\t\t\t<\/a>\n\t\t\t\t\t\t<\/div>\n\t\t\t\t\t<\/div>\n\t\t\t\t<\/li>\n\t\t\t\t\t\t\t\t\t<li>\n\t\t\t\t\t<div class=\"foogallery-pile\">\n\t\t\t\t\t\t<div class=\"foogallery-pile-inner\">\n\t\t\t\t\t\t\t<a href=\"\/index.php?rest_route=%2Fwp%2Fv2%2Fpages%2F55030&#038;gallery=cestovanie-v-case-5\" target=\"_self\">\n\t\t\t\t\t\t\t\t<img decoding=\"async\" src=\"https:\/\/pmza.sk\/wp-content\/uploads\/cache\/2023\/09\/20230924_110007-scaled\/2048557899.jpg\" width=\"280\" height=\"230\" class=\"skip-lazy fg-image\" loading=\"eager\">\t\t\t\t\t\t\t\t\t\t\t\t\t\t\t\t<h3>Cestovanie v \u010dase\t\t\t\t\t\t\t\t\t<span><\/span>\n\t\t\t\t\t\t\t\t<\/h3>\n\t\t\t\t\t\t\t<\/a>\n\t\t\t\t\t\t<\/div>\n\t\t\t\t\t<\/div>\n\t\t\t\t<\/li>\n\t\t\t\t\t\t\t\t\t<li>\n\t\t\t\t\t<div class=\"foogallery-pile\">\n\t\t\t\t\t\t<div class=\"foogallery-pile-inner\">\n\t\t\t\t\t\t\t<a href=\"\/index.php?rest_route=%2Fwp%2Fv2%2Fpages%2F55030&#038;gallery=muzeum-pre-vas-stal-v-bytci-stredoveky-hrad\" target=\"_self\">\n\t\t\t\t\t\t\t\t<img decoding=\"async\" src=\"https:\/\/pmza.sk\/wp-content\/uploads\/cache\/2023\/09\/20230919_160541-scaled\/607658999.jpg\" width=\"280\" height=\"230\" class=\"skip-lazy fg-image\" loading=\"eager\">\t\t\t\t\t\t\t\t\t\t\t\t\t\t\t\t<h3>M\u00fazeum pre V\u00e1s: St\u00e1l v Byt\u010di stredovek\u00fd hrad?\t\t\t\t\t\t\t\t\t<span><\/span>\n\t\t\t\t\t\t\t\t<\/h3>\n\t\t\t\t\t\t\t<\/a>\n\t\t\t\t\t\t<\/div>\n\t\t\t\t\t<\/div>\n\t\t\t\t<\/li>\n\t\t\t\t\t\t\t\t\t<li>\n\t\t\t\t\t<div class=\"foogallery-pile\">\n\t\t\t\t\t\t<div class=\"foogallery-pile-inner\">\n\t\t\t\t\t\t\t<a href=\"\/index.php?rest_route=%2Fwp%2Fv2%2Fpages%2F55030&#038;gallery=sherlock-holmes-na-hrade\" target=\"_self\">\n\t\t\t\t\t\t\t\t<img decoding=\"async\" src=\"https:\/\/pmza.sk\/wp-content\/uploads\/cache\/2023\/09\/IMG_6462\/710267197.jpg\" width=\"280\" height=\"230\" class=\"skip-lazy fg-image\" loading=\"eager\">\t\t\t\t\t\t\t\t\t\t\t\t\t\t\t\t<h3>Sherlock Holmes na hrade\t\t\t\t\t\t\t\t\t<span><\/span>\n\t\t\t\t\t\t\t\t<\/h3>\n\t\t\t\t\t\t\t<\/a>\n\t\t\t\t\t\t<\/div>\n\t\t\t\t\t<\/div>\n\t\t\t\t<\/li>\n\t\t\t\t\t\t\t\t\t<li>\n\t\t\t\t\t<div class=\"foogallery-pile\">\n\t\t\t\t\t\t<div class=\"foogallery-pile-inner\">\n\t\t\t\t\t\t\t<a href=\"\/index.php?rest_route=%2Fwp%2Fv2%2Fpages%2F55030&#038;gallery=rajecka-anca-2\" target=\"_self\">\n\t\t\t\t\t\t\t\t<img decoding=\"async\" src=\"https:\/\/pmza.sk\/wp-content\/uploads\/cache\/2023\/08\/xQBbEtW-scaled\/4022046838.jpeg\" width=\"280\" height=\"230\" class=\"skip-lazy fg-image\" loading=\"eager\">\t\t\t\t\t\t\t\t\t\t\t\t\t\t\t\t<h3>Rajeck\u00e1 An\u010da\t\t\t\t\t\t\t\t\t<span><\/span>\n\t\t\t\t\t\t\t\t<\/h3>\n\t\t\t\t\t\t\t<\/a>\n\t\t\t\t\t\t<\/div>\n\t\t\t\t\t<\/div>\n\t\t\t\t<\/li>\n\t\t\t\t\t\t\t\t\t<li>\n\t\t\t\t\t<div class=\"foogallery-pile\">\n\t\t\t\t\t\t<div class=\"foogallery-pile-inner\">\n\t\t\t\t\t\t\t<a href=\"\/index.php?rest_route=%2Fwp%2Fv2%2Fpages%2F55030&#038;gallery=ked-sa-predvadzame\" target=\"_self\">\n\t\t\t\t\t\t\t\t<img decoding=\"async\" src=\"https:\/\/pmza.sk\/wp-content\/uploads\/cache\/2023\/08\/IMG_1163-scaled\/2842804210.jpg\" width=\"280\" height=\"230\" class=\"skip-lazy fg-image\" loading=\"eager\">\t\t\t\t\t\t\t\t\t\t\t\t\t\t\t\t<h3>Ke\u010f (sa) predv\u00e1dzame\t\t\t\t\t\t\t\t\t<span><\/span>\n\t\t\t\t\t\t\t\t<\/h3>\n\t\t\t\t\t\t\t<\/a>\n\t\t\t\t\t\t<\/div>\n\t\t\t\t\t<\/div>\n\t\t\t\t<\/li>\n\t\t\t\t\t\t\t\t\t<li>\n\t\t\t\t\t<div class=\"foogallery-pile\">\n\t\t\t\t\t\t<div class=\"foogallery-pile-inner\">\n\t\t\t\t\t\t\t<a href=\"\/index.php?rest_route=%2Fwp%2Fv2%2Fpages%2F55030&#038;gallery=hradne-hry-zofie-bosniakovej-4\" target=\"_self\">\n\t\t\t\t\t\t\t\t<img decoding=\"async\" src=\"https:\/\/pmza.sk\/wp-content\/uploads\/cache\/2023\/08\/IMG_1479-scaled\/1644371693.jpg\" width=\"280\" height=\"230\" class=\"skip-lazy fg-image\" loading=\"eager\">\t\t\t\t\t\t\t\t\t\t\t\t\t\t\t\t<h3>Hradn\u00e9 hry \u017dofie Bosniakovej\t\t\t\t\t\t\t\t\t<span><\/span>\n\t\t\t\t\t\t\t\t<\/h3>\n\t\t\t\t\t\t\t<\/a>\n\t\t\t\t\t\t<\/div>\n\t\t\t\t\t<\/div>\n\t\t\t\t<\/li>\n\t\t\t\t\t\t\t\t\t<li>\n\t\t\t\t\t<div class=\"foogallery-pile\">\n\t\t\t\t\t\t<div class=\"foogallery-pile-inner\">\n\t\t\t\t\t\t\t<a href=\"\/index.php?rest_route=%2Fwp%2Fv2%2Fpages%2F55030&#038;gallery=muzeum-pre-vas-plstenie\" target=\"_self\">\n\t\t\t\t\t\t\t\t<img decoding=\"async\" src=\"https:\/\/pmza.sk\/wp-content\/uploads\/cache\/2023\/08\/IMG_1366\/2855704235.jpg\" width=\"280\" height=\"230\" class=\"skip-lazy fg-image\" loading=\"eager\">\t\t\t\t\t\t\t\t\t\t\t\t\t\t\t\t<h3>M\u00fazeum pre V\u00e1s: Plstenie\t\t\t\t\t\t\t\t\t<span><\/span>\n\t\t\t\t\t\t\t\t<\/h3>\n\t\t\t\t\t\t\t<\/a>\n\t\t\t\t\t\t<\/div>\n\t\t\t\t\t<\/div>\n\t\t\t\t<\/li>\n\t\t\t\t\t\t\t\t\t<li>\n\t\t\t\t\t<div class=\"foogallery-pile\">\n\t\t\t\t\t\t<div class=\"foogallery-pile-inner\">\n\t\t\t\t\t\t\t<a href=\"\/index.php?rest_route=%2Fwp%2Fv2%2Fpages%2F55030&#038;gallery=nocna-prehliadka-na-hrade-strecno-2\" target=\"_self\">\n\t\t\t\t\t\t\t\t<img decoding=\"async\" src=\"https:\/\/pmza.sk\/wp-content\/uploads\/cache\/2023\/07\/IMG_0720\/3055720626.jpg\" width=\"280\" height=\"230\" class=\"skip-lazy fg-image\" loading=\"eager\">\t\t\t\t\t\t\t\t\t\t\t\t\t\t\t\t<h3>No\u010dn\u00e1 prehliadka na hrade Stre\u010dno\t\t\t\t\t\t\t\t\t<span><\/span>\n\t\t\t\t\t\t\t\t<\/h3>\n\t\t\t\t\t\t\t<\/a>\n\t\t\t\t\t\t<\/div>\n\t\t\t\t\t<\/div>\n\t\t\t\t<\/li>\n\t\t\t\t\t\t\t\t\t<li>\n\t\t\t\t\t<div class=\"foogallery-pile\">\n\t\t\t\t\t\t<div class=\"foogallery-pile-inner\">\n\t\t\t\t\t\t\t<a href=\"\/index.php?rest_route=%2Fwp%2Fv2%2Fpages%2F55030&#038;gallery=muzeum-pre-vas-tkanie\" target=\"_self\">\n\t\t\t\t\t\t\t\t<img decoding=\"async\" src=\"https:\/\/pmza.sk\/wp-content\/uploads\/cache\/2023\/07\/20230719_141320-scaled\/2448693023.jpg\" width=\"280\" height=\"230\" class=\"skip-lazy fg-image\" loading=\"eager\">\t\t\t\t\t\t\t\t\t\t\t\t\t\t\t\t<h3>M\u00fazeum pre V\u00e1s: Tkanie\t\t\t\t\t\t\t\t\t<span><\/span>\n\t\t\t\t\t\t\t\t<\/h3>\n\t\t\t\t\t\t\t<\/a>\n\t\t\t\t\t\t<\/div>\n\t\t\t\t\t<\/div>\n\t\t\t\t<\/li>\n\t\t\t\t\t\t\t\t\t<li>\n\t\t\t\t\t<div class=\"foogallery-pile\">\n\t\t\t\t\t\t<div class=\"foogallery-pile-inner\">\n\t\t\t\t\t\t\t<a href=\"\/index.php?rest_route=%2Fwp%2Fv2%2Fpages%2F55030&#038;gallery=vylet-s-tatranom-do-rajeckych-teplic\" target=\"_self\">\n\t\t\t\t\t\t\t\t<img decoding=\"async\" src=\"https:\/\/pmza.sk\/wp-content\/uploads\/cache\/2023\/07\/360160564_267468362577051_1661628255844398942_n\/2951866441.jpg\" width=\"280\" height=\"230\" class=\"skip-lazy fg-image\" loading=\"eager\">\t\t\t\t\t\t\t\t\t\t\t\t\t\t\t\t<h3>V\u00fdlet s Tatranom do Rajeck\u00fdch Tepl\u00edc\t\t\t\t\t\t\t\t\t<span><\/span>\n\t\t\t\t\t\t\t\t<\/h3>\n\t\t\t\t\t\t\t<\/a>\n\t\t\t\t\t\t<\/div>\n\t\t\t\t\t<\/div>\n\t\t\t\t<\/li>\n\t\t\t\t\t\t\t\t\t<li>\n\t\t\t\t\t<div class=\"foogallery-pile\">\n\t\t\t\t\t\t<div class=\"foogallery-pile-inner\">\n\t\t\t\t\t\t\t<a href=\"\/index.php?rest_route=%2Fwp%2Fv2%2Fpages%2F55030&#038;gallery=otvorenie-vystavy-slovensko-v-statnej-symbolike\" target=\"_self\">\n\t\t\t\t\t\t\t\t<img decoding=\"async\" src=\"https:\/\/pmza.sk\/wp-content\/uploads\/cache\/2023\/07\/IMG_0275\/2323997082.jpg\" width=\"280\" height=\"230\" class=\"skip-lazy fg-image\" loading=\"eager\">\t\t\t\t\t\t\t\t\t\t\t\t\t\t\t\t<h3>Otvorenie v\u00fdstavy Slovensko v \u0161t\u00e1tnej symbolike\t\t\t\t\t\t\t\t\t<span><\/span>\n\t\t\t\t\t\t\t\t<\/h3>\n\t\t\t\t\t\t\t<\/a>\n\t\t\t\t\t\t<\/div>\n\t\t\t\t\t<\/div>\n\t\t\t\t<\/li>\n\t\t\t\t\t\t\t\t\t<li>\n\t\t\t\t\t<div class=\"foogallery-pile\">\n\t\t\t\t\t\t<div class=\"foogallery-pile-inner\">\n\t\t\t\t\t\t\t<a href=\"\/index.php?rest_route=%2Fwp%2Fv2%2Fpages%2F55030&#038;gallery=zlate-casy-budatinske-3\" target=\"_self\">\n\t\t\t\t\t\t\t\t<img decoding=\"async\" src=\"https:\/\/pmza.sk\/wp-content\/uploads\/cache\/2023\/07\/53\/61854944.jpg\" width=\"280\" height=\"230\" class=\"skip-lazy fg-image\" loading=\"eager\">\t\t\t\t\t\t\t\t\t\t\t\t\t\t\t\t<h3>Zlat\u00e9 \u010dasy budat\u00ednske\t\t\t\t\t\t\t\t\t<span><\/span>\n\t\t\t\t\t\t\t\t<\/h3>\n\t\t\t\t\t\t\t<\/a>\n\t\t\t\t\t\t<\/div>\n\t\t\t\t\t<\/div>\n\t\t\t\t<\/li>\n\t\t\t\t\t\t\t\t\t<li>\n\t\t\t\t\t<div class=\"foogallery-pile\">\n\t\t\t\t\t\t<div class=\"foogallery-pile-inner\">\n\t\t\t\t\t\t\t<a href=\"\/index.php?rest_route=%2Fwp%2Fv2%2Fpages%2F55030&#038;gallery=slavnostne-otvorenie-interaktivnej-expozicie-na-hrade-strecno\" target=\"_self\">\n\t\t\t\t\t\t\t\t<img decoding=\"async\" src=\"https:\/\/pmza.sk\/wp-content\/uploads\/cache\/2023\/07\/IMG_9118\/3397790204.jpg\" width=\"280\" height=\"230\" class=\"skip-lazy fg-image\" loading=\"eager\">\t\t\t\t\t\t\t\t\t\t\t\t\t\t\t\t<h3>Sl\u00e1vnostn\u00e9 otvorenie interakt\u00edvnej expoz\u00edcie na hrade Stre\u010dno\t\t\t\t\t\t\t\t\t<span><\/span>\n\t\t\t\t\t\t\t\t<\/h3>\n\t\t\t\t\t\t\t<\/a>\n\t\t\t\t\t\t<\/div>\n\t\t\t\t\t<\/div>\n\t\t\t\t<\/li>\n\t\t\t\t\t\t\t\t\t<li>\n\t\t\t\t\t<div class=\"foogallery-pile\">\n\t\t\t\t\t\t<div class=\"foogallery-pile-inner\">\n\t\t\t\t\t\t\t<a href=\"\/index.php?rest_route=%2Fwp%2Fv2%2Fpages%2F55030&#038;gallery=o-venceku-vily-malvinky\" target=\"_self\">\n\t\t\t\t\t\t\t\t<img decoding=\"async\" src=\"https:\/\/pmza.sk\/wp-content\/uploads\/cache\/2023\/06\/15-scaled\/343558407.jpg\" width=\"280\" height=\"230\" class=\"skip-lazy fg-image\" loading=\"eager\">\t\t\t\t\t\t\t\t\t\t\t\t\t\t\t\t<h3>O ven\u010deku v\u00edly Malv\u00ednky\t\t\t\t\t\t\t\t\t<span><\/span>\n\t\t\t\t\t\t\t\t<\/h3>\n\t\t\t\t\t\t\t<\/a>\n\t\t\t\t\t\t<\/div>\n\t\t\t\t\t<\/div>\n\t\t\t\t<\/li>\n\t\t\t\t\t\t\t\t\t<li>\n\t\t\t\t\t<div class=\"foogallery-pile\">\n\t\t\t\t\t\t<div class=\"foogallery-pile-inner\">\n\t\t\t\t\t\t\t<a href=\"\/index.php?rest_route=%2Fwp%2Fv2%2Fpages%2F55030&#038;gallery=budatinsky-papierak-2023\" target=\"_self\">\n\t\t\t\t\t\t\t\t<img decoding=\"async\" src=\"https:\/\/pmza.sk\/wp-content\/uploads\/cache\/2023\/06\/347242889_10210950781081708_7312126195950976610_n\/3639210949.jpg\" width=\"280\" height=\"230\" class=\"skip-lazy fg-image\" loading=\"eager\">\t\t\t\t\t\t\t\t\t\t\t\t\t\t\t\t<h3>Budat\u00ednsky papier\u00e1k\t\t\t\t\t\t\t\t\t<span><\/span>\n\t\t\t\t\t\t\t\t<\/h3>\n\t\t\t\t\t\t\t<\/a>\n\t\t\t\t\t\t<\/div>\n\t\t\t\t\t<\/div>\n\t\t\t\t<\/li>\n\t\t\t\t\t\t\t\t\t<li>\n\t\t\t\t\t<div class=\"foogallery-pile\">\n\t\t\t\t\t\t<div class=\"foogallery-pile-inner\">\n\t\t\t\t\t\t\t<a href=\"\/index.php?rest_route=%2Fwp%2Fv2%2Fpages%2F55030&#038;gallery=vernisaz-vystavy-kde-bolo-tam-bolo\" target=\"_self\">\n\t\t\t\t\t\t\t\t<img decoding=\"async\" src=\"https:\/\/pmza.sk\/wp-content\/uploads\/cache\/2023\/06\/IMG_8615\/1323826242.jpg\" width=\"280\" height=\"230\" class=\"skip-lazy fg-image\" loading=\"eager\">\t\t\t\t\t\t\t\t\t\t\t\t\t\t\t\t<h3>Vernis\u00e1\u017e v\u00fdstavy Kde bolo, tam bolo...\t\t\t\t\t\t\t\t\t<span><\/span>\n\t\t\t\t\t\t\t\t<\/h3>\n\t\t\t\t\t\t\t<\/a>\n\t\t\t\t\t\t<\/div>\n\t\t\t\t\t<\/div>\n\t\t\t\t<\/li>\n\t\t\t\t\t\t\t\t\t<li>\n\t\t\t\t\t<div class=\"foogallery-pile\">\n\t\t\t\t\t\t<div class=\"foogallery-pile-inner\">\n\t\t\t\t\t\t\t<a href=\"\/index.php?rest_route=%2Fwp%2Fv2%2Fpages%2F55030&#038;gallery=den-deti-na-hrade-strecno-3\" target=\"_self\">\n\t\t\t\t\t\t\t\t<img decoding=\"async\" src=\"https:\/\/pmza.sk\/wp-content\/uploads\/cache\/2023\/05\/P1020115-scaled\/4117989990.jpg\" width=\"280\" height=\"230\" class=\"skip-lazy fg-image\" loading=\"eager\">\t\t\t\t\t\t\t\t\t\t\t\t\t\t\t\t<h3>De\u0148 det\u00ed na hrade Stre\u010dno\t\t\t\t\t\t\t\t\t<span><\/span>\n\t\t\t\t\t\t\t\t<\/h3>\n\t\t\t\t\t\t\t<\/a>\n\t\t\t\t\t\t<\/div>\n\t\t\t\t\t<\/div>\n\t\t\t\t<\/li>\n\t\t\t\t\t\t\t\t\t<li>\n\t\t\t\t\t<div class=\"foogallery-pile\">\n\t\t\t\t\t\t<div class=\"foogallery-pile-inner\">\n\t\t\t\t\t\t\t<a href=\"\/index.php?rest_route=%2Fwp%2Fv2%2Fpages%2F55030&#038;gallery=hradna-skola-2\" target=\"_self\">\n\t\t\t\t\t\t\t\t<img decoding=\"async\" src=\"https:\/\/pmza.sk\/wp-content\/uploads\/cache\/2023\/05\/IMG_7997\/108934154.jpg\" width=\"280\" height=\"230\" class=\"skip-lazy fg-image\" loading=\"eager\">\t\t\t\t\t\t\t\t\t\t\t\t\t\t\t\t<h3>Hradn\u00e1 \u0161kola\t\t\t\t\t\t\t\t\t<span><\/span>\n\t\t\t\t\t\t\t\t<\/h3>\n\t\t\t\t\t\t\t<\/a>\n\t\t\t\t\t\t<\/div>\n\t\t\t\t\t<\/div>\n\t\t\t\t<\/li>\n\t\t\t\t\t\t\t\t\t<li>\n\t\t\t\t\t<div class=\"foogallery-pile\">\n\t\t\t\t\t\t<div class=\"foogallery-pile-inner\">\n\t\t\t\t\t\t\t<a href=\"\/index.php?rest_route=%2Fwp%2Fv2%2Fpages%2F55030&#038;gallery=vernisaz-vystavy-na-hrade-a-pod-hradom\" target=\"_self\">\n\t\t\t\t\t\t\t\t<img decoding=\"async\" src=\"https:\/\/pmza.sk\/wp-content\/uploads\/cache\/2023\/05\/IMG_7919-scaled\/2978101639.jpg\" width=\"280\" height=\"230\" class=\"skip-lazy fg-image\" loading=\"eager\">\t\t\t\t\t\t\t\t\t\t\t\t\t\t\t\t<h3>Vernis\u00e1\u017e v\u00fdstavy Na hrade a pod hradom\t\t\t\t\t\t\t\t\t<span><\/span>\n\t\t\t\t\t\t\t\t<\/h3>\n\t\t\t\t\t\t\t<\/a>\n\t\t\t\t\t\t<\/div>\n\t\t\t\t\t<\/div>\n\t\t\t\t<\/li>\n\t\t\t\t\t\t\t\t\t<li>\n\t\t\t\t\t<div class=\"foogallery-pile\">\n\t\t\t\t\t\t<div class=\"foogallery-pile-inner\">\n\t\t\t\t\t\t\t<a href=\"\/index.php?rest_route=%2Fwp%2Fv2%2Fpages%2F55030&#038;gallery=beh-do-strecnianskych-hradnych-schodov-4\" target=\"_self\">\n\t\t\t\t\t\t\t\t<img decoding=\"async\" src=\"https:\/\/pmza.sk\/wp-content\/uploads\/cache\/2023\/05\/IMG_6708-scaled\/64860610.jpg\" width=\"280\" height=\"230\" class=\"skip-lazy fg-image\" loading=\"eager\">\t\t\t\t\t\t\t\t\t\t\t\t\t\t\t\t<h3>Beh do stre\u010dnianskych hradn\u00fdch schodov\t\t\t\t\t\t\t\t\t<span><\/span>\n\t\t\t\t\t\t\t\t<\/h3>\n\t\t\t\t\t\t\t<\/a>\n\t\t\t\t\t\t<\/div>\n\t\t\t\t\t<\/div>\n\t\t\t\t<\/li>\n\t\t\t\t\t\t\t\t\t<li>\n\t\t\t\t\t<div class=\"foogallery-pile\">\n\t\t\t\t\t\t<div class=\"foogallery-pile-inner\">\n\t\t\t\t\t\t\t<a href=\"\/index.php?rest_route=%2Fwp%2Fv2%2Fpages%2F55030&#038;gallery=vernisaz-vystavy-matilda\" target=\"_self\">\n\t\t\t\t\t\t\t\t<img decoding=\"async\" src=\"https:\/\/pmza.sk\/wp-content\/uploads\/cache\/2023\/05\/IMG_6648\/239383793.jpg\" width=\"280\" height=\"230\" class=\"skip-lazy fg-image\" loading=\"eager\">\t\t\t\t\t\t\t\t\t\t\t\t\t\t\t\t<h3>Vernis\u00e1\u017e v\u00fdstavy Matilda\t\t\t\t\t\t\t\t\t<span><\/span>\n\t\t\t\t\t\t\t\t<\/h3>\n\t\t\t\t\t\t\t<\/a>\n\t\t\t\t\t\t<\/div>\n\t\t\t\t\t<\/div>\n\t\t\t\t<\/li>\n\t\t\t\t\t\t\t\t\t<li>\n\t\t\t\t\t<div class=\"foogallery-pile\">\n\t\t\t\t\t\t<div class=\"foogallery-pile-inner\">\n\t\t\t\t\t\t\t<a href=\"\/index.php?rest_route=%2Fwp%2Fv2%2Fpages%2F55030&#038;gallery=den-polskej-kultury\" target=\"_self\">\n\t\t\t\t\t\t\t\t<img decoding=\"async\" src=\"https:\/\/pmza.sk\/wp-content\/uploads\/cache\/2023\/05\/20230506_142931-scaled\/1469783848.jpg\" width=\"280\" height=\"230\" class=\"skip-lazy fg-image\" loading=\"eager\">\t\t\t\t\t\t\t\t\t\t\t\t\t\t\t\t<h3>De\u0148 po\u013eskej kult\u00fary\t\t\t\t\t\t\t\t\t<span><\/span>\n\t\t\t\t\t\t\t\t<\/h3>\n\t\t\t\t\t\t\t<\/a>\n\t\t\t\t\t\t<\/div>\n\t\t\t\t\t<\/div>\n\t\t\t\t<\/li>\n\t\t\t\t\t\t\t\t\t<li>\n\t\t\t\t\t<div class=\"foogallery-pile\">\n\t\t\t\t\t\t<div class=\"foogallery-pile-inner\">\n\t\t\t\t\t\t\t<a href=\"\/index.php?rest_route=%2Fwp%2Fv2%2Fpages%2F55030&#038;gallery=jarna-krasa\" target=\"_self\">\n\t\t\t\t\t\t\t\t<img decoding=\"async\" src=\"https:\/\/pmza.sk\/wp-content\/uploads\/cache\/2023\/05\/IMG_6585\/2510386736.jpg\" width=\"280\" height=\"230\" class=\"skip-lazy fg-image\" loading=\"eager\">\t\t\t\t\t\t\t\t\t\t\t\t\t\t\t\t<h3>Jarn\u00e1 kr\u00e1sa\t\t\t\t\t\t\t\t\t<span><\/span>\n\t\t\t\t\t\t\t\t<\/h3>\n\t\t\t\t\t\t\t<\/a>\n\t\t\t\t\t\t<\/div>\n\t\t\t\t\t<\/div>\n\t\t\t\t<\/li>\n\t\t\t\t\t\t\t\t\t<li>\n\t\t\t\t\t<div class=\"foogallery-pile\">\n\t\t\t\t\t\t<div class=\"foogallery-pile-inner\">\n\t\t\t\t\t\t\t<a href=\"\/index.php?rest_route=%2Fwp%2Fv2%2Fpages%2F55030&#038;gallery=vernisaz-vystavy-sixfonia\" target=\"_self\">\n\t\t\t\t\t\t\t\t<img decoding=\"async\" src=\"https:\/\/pmza.sk\/wp-content\/uploads\/cache\/2023\/05\/IMG_1740\/1299325011.jpg\" width=\"280\" height=\"230\" class=\"skip-lazy fg-image\" loading=\"eager\">\t\t\t\t\t\t\t\t\t\t\t\t\t\t\t\t<h3>Vernis\u00e1\u017e v\u00fdstavy Sixf\u00f3nia\t\t\t\t\t\t\t\t\t<span><\/span>\n\t\t\t\t\t\t\t\t<\/h3>\n\t\t\t\t\t\t\t<\/a>\n\t\t\t\t\t\t<\/div>\n\t\t\t\t\t<\/div>\n\t\t\t\t<\/li>\n\t\t\t\t\t\t\t\t\t<li>\n\t\t\t\t\t<div class=\"foogallery-pile\">\n\t\t\t\t\t\t<div class=\"foogallery-pile-inner\">\n\t\t\t\t\t\t\t<a href=\"\/index.php?rest_route=%2Fwp%2Fv2%2Fpages%2F55030&#038;gallery=so-zofiou-na-hrade\" target=\"_self\">\n\t\t\t\t\t\t\t\t<img decoding=\"async\" src=\"https:\/\/pmza.sk\/wp-content\/uploads\/cache\/2023\/05\/IMG_6075\/52208047.jpg\" width=\"280\" height=\"230\" class=\"skip-lazy fg-image\" loading=\"eager\">\t\t\t\t\t\t\t\t\t\t\t\t\t\t\t\t<h3>So \u017dofiou na hrade\t\t\t\t\t\t\t\t\t<span><\/span>\n\t\t\t\t\t\t\t\t<\/h3>\n\t\t\t\t\t\t\t<\/a>\n\t\t\t\t\t\t<\/div>\n\t\t\t\t\t<\/div>\n\t\t\t\t<\/li>\n\t\t\t\t\t\t\t\t\t<li>\n\t\t\t\t\t<div class=\"foogallery-pile\">\n\t\t\t\t\t\t<div class=\"foogallery-pile-inner\">\n\t\t\t\t\t\t\t<a href=\"\/index.php?rest_route=%2Fwp%2Fv2%2Fpages%2F55030&#038;gallery=konferencia-nove-poznatky-z-historie-cestnej-dopravy\" target=\"_self\">\n\t\t\t\t\t\t\t\t<img decoding=\"async\" src=\"https:\/\/pmza.sk\/wp-content\/uploads\/cache\/2023\/04\/2-scaled\/899254083.jpg\" width=\"280\" height=\"230\" class=\"skip-lazy fg-image\" loading=\"eager\">\t\t\t\t\t\t\t\t\t\t\t\t\t\t\t\t<h3>Konferencia Nov\u00e9 poznatky z hist\u00f3rie cestnej dopravy\t\t\t\t\t\t\t\t\t<span><\/span>\n\t\t\t\t\t\t\t\t<\/h3>\n\t\t\t\t\t\t\t<\/a>\n\t\t\t\t\t\t<\/div>\n\t\t\t\t\t<\/div>\n\t\t\t\t<\/li>\n\t\t\t\t\t\t\t\t\t<li>\n\t\t\t\t\t<div class=\"foogallery-pile\">\n\t\t\t\t\t\t<div class=\"foogallery-pile-inner\">\n\t\t\t\t\t\t\t<a href=\"\/index.php?rest_route=%2Fwp%2Fv2%2Fpages%2F55030&#038;gallery=vychadzka-ku-dnu-zeme\" target=\"_self\">\n\t\t\t\t\t\t\t\t<img decoding=\"async\" src=\"https:\/\/pmza.sk\/wp-content\/uploads\/cache\/2023\/04\/336373187_955066288961859_3300769248081237572_n\/3655597198.jpg\" width=\"280\" height=\"230\" class=\"skip-lazy fg-image\" loading=\"eager\">\t\t\t\t\t\t\t\t\t\t\t\t\t\t\t\t<h3>Vych\u00e1dzka ku D\u0148u Zeme\t\t\t\t\t\t\t\t\t<span><\/span>\n\t\t\t\t\t\t\t\t<\/h3>\n\t\t\t\t\t\t\t<\/a>\n\t\t\t\t\t\t<\/div>\n\t\t\t\t\t<\/div>\n\t\t\t\t<\/li>\n\t\t\t\t\t\t\t\t\t<li>\n\t\t\t\t\t<div class=\"foogallery-pile\">\n\t\t\t\t\t\t<div class=\"foogallery-pile-inner\">\n\t\t\t\t\t\t\t<a href=\"\/index.php?rest_route=%2Fwp%2Fv2%2Fpages%2F55030&#038;gallery=pribehy-obrazov-budatinskeho-hradu\" target=\"_self\">\n\t\t\t\t\t\t\t\t<img decoding=\"async\" src=\"https:\/\/pmza.sk\/wp-content\/uploads\/cache\/2023\/04\/20230409_220432\/3223121276.jpg\" width=\"280\" height=\"230\" class=\"skip-lazy fg-image\" loading=\"eager\">\t\t\t\t\t\t\t\t\t\t\t\t\t\t\t\t<h3>Pr\u00edbehy obrazov Budat\u00ednskeho hradu\t\t\t\t\t\t\t\t\t<span><\/span>\n\t\t\t\t\t\t\t\t<\/h3>\n\t\t\t\t\t\t\t<\/a>\n\t\t\t\t\t\t<\/div>\n\t\t\t\t\t<\/div>\n\t\t\t\t<\/li>\n\t\t\t\t\t\t\t\t\t<li>\n\t\t\t\t\t<div class=\"foogallery-pile\">\n\t\t\t\t\t\t<div class=\"foogallery-pile-inner\">\n\t\t\t\t\t\t\t<a href=\"\/index.php?rest_route=%2Fwp%2Fv2%2Fpages%2F55030&#038;gallery=muzeum-pre-vas-riaditel-sprevadza-2\" target=\"_self\">\n\t\t\t\t\t\t\t\t<img decoding=\"async\" src=\"https:\/\/pmza.sk\/wp-content\/uploads\/cache\/2023\/04\/IMG_5610\/3963449892.jpg\" width=\"280\" height=\"230\" class=\"skip-lazy fg-image\" loading=\"eager\">\t\t\t\t\t\t\t\t\t\t\t\t\t\t\t\t<h3>M\u00fazeum pre V\u00e1s: Riadite\u013e sprev\u00e1dza\t\t\t\t\t\t\t\t\t<span><\/span>\n\t\t\t\t\t\t\t\t<\/h3>\n\t\t\t\t\t\t\t<\/a>\n\t\t\t\t\t\t<\/div>\n\t\t\t\t\t<\/div>\n\t\t\t\t<\/li>\n\t\t\t\t\t\t\t\t\t<li>\n\t\t\t\t\t<div class=\"foogallery-pile\">\n\t\t\t\t\t\t<div class=\"foogallery-pile-inner\">\n\t\t\t\t\t\t\t<a href=\"\/index.php?rest_route=%2Fwp%2Fv2%2Fpages%2F55030&#038;gallery=tradicne-velkonocne-zvyky-2\" target=\"_self\">\n\t\t\t\t\t\t\t\t<img decoding=\"async\" src=\"https:\/\/pmza.sk\/wp-content\/uploads\/cache\/2023\/04\/IMG_5550\/2811690265.jpg\" width=\"280\" height=\"230\" class=\"skip-lazy fg-image\" loading=\"eager\">\t\t\t\t\t\t\t\t\t\t\t\t\t\t\t\t<h3>Tradi\u010dn\u00e9 ve\u013ekono\u010dn\u00e9 zvyky\t\t\t\t\t\t\t\t\t<span><\/span>\n\t\t\t\t\t\t\t\t<\/h3>\n\t\t\t\t\t\t\t<\/a>\n\t\t\t\t\t\t<\/div>\n\t\t\t\t\t<\/div>\n\t\t\t\t<\/li>\n\t\t\t\t\t\t\t\t\t<li>\n\t\t\t\t\t<div class=\"foogallery-pile\">\n\t\t\t\t\t\t<div class=\"foogallery-pile-inner\">\n\t\t\t\t\t\t\t<a href=\"\/index.php?rest_route=%2Fwp%2Fv2%2Fpages%2F55030&#038;gallery=krizova-cesta-4\" target=\"_self\">\n\t\t\t\t\t\t\t\t<img decoding=\"async\" src=\"https:\/\/pmza.sk\/wp-content\/uploads\/cache\/2023\/04\/IMG_5431\/2906862800.jpg\" width=\"280\" height=\"230\" class=\"skip-lazy fg-image\" loading=\"eager\">\t\t\t\t\t\t\t\t\t\t\t\t\t\t\t\t<h3>Kr\u00ed\u017eov\u00e1 cesta\t\t\t\t\t\t\t\t\t<span><\/span>\n\t\t\t\t\t\t\t\t<\/h3>\n\t\t\t\t\t\t\t<\/a>\n\t\t\t\t\t\t<\/div>\n\t\t\t\t\t<\/div>\n\t\t\t\t<\/li>\n\t\t\t\t\t\t\t\t\t<li>\n\t\t\t\t\t<div class=\"foogallery-pile\">\n\t\t\t\t\t\t<div class=\"foogallery-pile-inner\">\n\t\t\t\t\t\t\t<a href=\"\/index.php?rest_route=%2Fwp%2Fv2%2Fpages%2F55030&#038;gallery=vecer-v-muzeu-dopravy\" target=\"_self\">\n\t\t\t\t\t\t\t\t<img decoding=\"async\" src=\"https:\/\/pmza.sk\/wp-content\/uploads\/cache\/2023\/03\/IMG_5220\/1904697752.jpg\" width=\"280\" height=\"230\" class=\"skip-lazy fg-image\" loading=\"eager\">\t\t\t\t\t\t\t\t\t\t\t\t\t\t\t\t<h3>Ve\u010der v M\u00fazeu dopravy\t\t\t\t\t\t\t\t\t<span><\/span>\n\t\t\t\t\t\t\t\t<\/h3>\n\t\t\t\t\t\t\t<\/a>\n\t\t\t\t\t\t<\/div>\n\t\t\t\t\t<\/div>\n\t\t\t\t<\/li>\n\t\t\t\t\t\t\t\t\t<li>\n\t\t\t\t\t<div class=\"foogallery-pile\">\n\t\t\t\t\t\t<div class=\"foogallery-pile-inner\">\n\t\t\t\t\t\t\t<a href=\"\/index.php?rest_route=%2Fwp%2Fv2%2Fpages%2F55030&#038;gallery=janosik-legenda-oziva\" target=\"_self\">\n\t\t\t\t\t\t\t\t<img decoding=\"async\" src=\"https:\/\/pmza.sk\/wp-content\/uploads\/cache\/2023\/03\/k009-scaled\/34616547.jpg\" width=\"280\" height=\"230\" class=\"skip-lazy fg-image\" loading=\"eager\">\t\t\t\t\t\t\t\t\t\t\t\t\t\t\t\t<h3>J\u00e1no\u0161\u00edk \u2013 legenda o\u017e\u00edva\t\t\t\t\t\t\t\t\t<span><\/span>\n\t\t\t\t\t\t\t\t<\/h3>\n\t\t\t\t\t\t\t<\/a>\n\t\t\t\t\t\t<\/div>\n\t\t\t\t\t<\/div>\n\t\t\t\t<\/li>\n\t\t\t\t\t\t\t\t\t<li>\n\t\t\t\t\t<div class=\"foogallery-pile\">\n\t\t\t\t\t\t<div class=\"foogallery-pile-inner\">\n\t\t\t\t\t\t\t<a href=\"\/index.php?rest_route=%2Fwp%2Fv2%2Fpages%2F55030&#038;gallery=fasiangy-2\" target=\"_self\">\n\t\t\t\t\t\t\t\t<img decoding=\"async\" src=\"https:\/\/pmza.sk\/wp-content\/uploads\/cache\/2023\/02\/329969571_908373520476460_3766872869370270185_n\/1820083843.jpg\" width=\"280\" height=\"230\" class=\"skip-lazy fg-image\" loading=\"eager\">\t\t\t\t\t\t\t\t\t\t\t\t\t\t\t\t<h3>Fa\u0161iangy\t\t\t\t\t\t\t\t\t<span><\/span>\n\t\t\t\t\t\t\t\t<\/h3>\n\t\t\t\t\t\t\t<\/a>\n\t\t\t\t\t\t<\/div>\n\t\t\t\t\t<\/div>\n\t\t\t\t<\/li>\n\t\t\t\t\t\t\t\t\t<li>\n\t\t\t\t\t<div class=\"foogallery-pile\">\n\t\t\t\t\t\t<div class=\"foogallery-pile-inner\">\n\t\t\t\t\t\t\t<a href=\"\/index.php?rest_route=%2Fwp%2Fv2%2Fpages%2F55030&#038;gallery=povedacky-plne-lasky\" target=\"_self\">\n\t\t\t\t\t\t\t\t<img decoding=\"async\" src=\"https:\/\/pmza.sk\/wp-content\/uploads\/cache\/2023\/02\/IMG_4756\/342663875.jpg\" width=\"280\" height=\"230\" class=\"skip-lazy fg-image\" loading=\"eager\">\t\t\t\t\t\t\t\t\t\t\t\t\t\t\t\t<h3>Poveda\u010dky pln\u00e9 l\u00e1sky\t\t\t\t\t\t\t\t\t<span><\/span>\n\t\t\t\t\t\t\t\t<\/h3>\n\t\t\t\t\t\t\t<\/a>\n\t\t\t\t\t\t<\/div>\n\t\t\t\t\t<\/div>\n\t\t\t\t<\/li>\n\t\t\t\t\t\t\t\t\t<li>\n\t\t\t\t\t<div class=\"foogallery-pile\">\n\t\t\t\t\t\t<div class=\"foogallery-pile-inner\">\n\t\t\t\t\t\t\t<a href=\"\/index.php?rest_route=%2Fwp%2Fv2%2Fpages%2F55030&#038;gallery=laska-strelena\" target=\"_self\">\n\t\t\t\t\t\t\t\t<img decoding=\"async\" src=\"https:\/\/pmza.sk\/wp-content\/uploads\/cache\/2023\/02\/IMG_6095\/353283343.jpg\" width=\"280\" height=\"230\" class=\"skip-lazy fg-image\" loading=\"eager\">\t\t\t\t\t\t\t\t\t\t\t\t\t\t\t\t<h3>L\u00e1ska strelen\u00e1\t\t\t\t\t\t\t\t\t<span><\/span>\n\t\t\t\t\t\t\t\t<\/h3>\n\t\t\t\t\t\t\t<\/a>\n\t\t\t\t\t\t<\/div>\n\t\t\t\t\t<\/div>\n\t\t\t\t<\/li>\n\t\t\t\t\t\t\t\t\t<li>\n\t\t\t\t\t<div class=\"foogallery-pile\">\n\t\t\t\t\t\t<div class=\"foogallery-pile-inner\">\n\t\t\t\t\t\t\t<a href=\"\/index.php?rest_route=%2Fwp%2Fv2%2Fpages%2F55030&#038;gallery=54999\" target=\"_self\">\n\t\t\t\t\t\t\t\t<img decoding=\"async\" src=\"https:\/\/pmza.sk\/wp-content\/uploads\/cache\/2023\/02\/IMG_4524\/258068195.jpg\" width=\"280\" height=\"230\" class=\"skip-lazy fg-image\" loading=\"eager\">\t\t\t\t\t\t\t\t\t\t\t\t\t\t\t\t<h3>O princeznej, ktor\u00e1 sa par\u00e1dila\t\t\t\t\t\t\t\t\t<span><\/span>\n\t\t\t\t\t\t\t\t<\/h3>\n\t\t\t\t\t\t\t<\/a>\n\t\t\t\t\t\t<\/div>\n\t\t\t\t\t<\/div>\n\t\t\t\t<\/li>\n\t\t\t\t\t\t<\/ul>\n\t<div style=\"clear: both;\"><\/div>\n<\/div>\n\n","protected":false},"excerpt":{"rendered":"","protected":false},"author":1,"featured_media":0,"parent":15004,"menu_order":38,"comment_status":"closed","ping_status":"closed","template":"elementor_theme","meta":{"site-sidebar-layout":"default","site-content-layout":"default","ast-site-content-layout":"","site-content-style":"default","site-sidebar-style":"default","ast-global-header-display":"","ast-banner-title-visibility":"","ast-main-header-display":"","ast-hfb-above-header-display":"","ast-hfb-below-header-display":"","ast-hfb-mobile-header-display":"","site-post-title":"","ast-breadcrumbs-content":"","ast-featured-img":"","footer-sml-layout":"","theme-transparent-header-meta":"default","adv-header-id-meta":"","stick-header-meta":"default","header-above-stick-meta":"","header-main-stick-meta":"","header-below-stick-meta":"","astra-migrate-meta-layouts":"default","ast-page-background-enabled":"default","ast-page-background-meta":{"desktop":{"background-color":"var(--ast-global-color-4)","background-image":"","background-repeat":"repeat","background-position":"center center","background-size":"auto","background-attachment":"scroll","background-type":"","background-media":"","overlay-type":"","overlay-color":"","overlay-opacity":"","overlay-gradient":""},"tablet":{"background-color":"","background-image":"","background-repeat":"repeat","background-position":"center center","background-size":"auto","background-attachment":"scroll","background-type":"","background-media":"","overlay-type":"","overlay-color":"","overlay-opacity":"","overlay-gradient":""},"mobile":{"background-color":"","background-image":"","background-repeat":"repeat","background-position":"center center","background-size":"auto","background-attachment":"scroll","background-type":"","background-media":"","overlay-type":"","overlay-color":"","overlay-opacity":"","overlay-gradient":""}},"ast-content-background-meta":{"desktop":{"background-color":"var(--ast-global-color-5)","background-image":"","background-repeat":"repeat","background-position":"center center","background-size":"auto","background-attachment":"scroll","background-type":"","background-media":"","overlay-type":"","overlay-color":"","overlay-opacity":"","overlay-gradient":""},"tablet":{"background-color":"var(--ast-global-color-5)","background-image":"","background-repeat":"repeat","background-position":"center center","background-size":"auto","background-attachment":"scroll","background-type":"","background-media":"","overlay-type":"","overlay-color":"","overlay-opacity":"","overlay-gradient":""},"mobile":{"background-color":"var(--ast-global-color-5)","background-image":"","background-repeat":"repeat","background-position":"center center","background-size":"auto","background-attachment":"scroll","background-type":"","background-media":"","overlay-type":"","overlay-color":"","overlay-opacity":"","overlay-gradient":""}},"footnotes":""},"class_list":["post-55030","page","type-page","status-publish","hentry"],"yoast_head":"<!-- This site is optimized with the Yoast SEO plugin v27.4 - https:\/\/yoast.com\/product\/yoast-seo-wordpress\/ -->\n<title>Fotogal\u00e9ria - 2023 - Pova\u017esk\u00e9 m\u00fazeum<\/title>\n<meta name=\"robots\" content=\"index, follow, max-snippet:-1, max-image-preview:large, max-video-preview:-1\" \/>\n<link rel=\"canonical\" href=\"https:\/\/pmza.sk\/?page_id=55030\" \/>\n<meta property=\"og:locale\" content=\"sk_SK\" \/>\n<meta property=\"og:type\" content=\"article\" \/>\n<meta property=\"og:title\" content=\"Fotogal\u00e9ria - 2023 - Pova\u017esk\u00e9 m\u00fazeum\" \/>\n<meta property=\"og:url\" content=\"https:\/\/pmza.sk\/?page_id=55030\" \/>\n<meta property=\"og:site_name\" content=\"Pova\u017esk\u00e9 m\u00fazeum\" \/>\n<meta property=\"article:publisher\" content=\"https:\/\/www.facebook.com\/povazskemuzeum\" \/>\n<meta property=\"article:modified_time\" content=\"2023-02-09T09:45:21+00:00\" \/>\n<meta name=\"twitter:card\" content=\"summary_large_image\" \/>\n<meta name=\"twitter:label1\" content=\"Predpokladan\u00fd \u010das \u010d\u00edtania\" \/>\n\t<meta name=\"twitter:data1\" content=\"1 min\u00fata\" \/>\n<script type=\"application\/ld+json\" class=\"yoast-schema-graph\">{\"@context\":\"https:\\\/\\\/schema.org\",\"@graph\":[{\"@type\":\"WebPage\",\"@id\":\"https:\\\/\\\/pmza.sk\\\/?page_id=55030\",\"url\":\"https:\\\/\\\/pmza.sk\\\/?page_id=55030\",\"name\":\"Fotogal\u00e9ria - 2023 - Pova\u017esk\u00e9 m\u00fazeum\",\"isPartOf\":{\"@id\":\"https:\\\/\\\/pmza.sk\\\/#website\"},\"datePublished\":\"2023-02-09T09:44:08+00:00\",\"dateModified\":\"2023-02-09T09:45:21+00:00\",\"breadcrumb\":{\"@id\":\"https:\\\/\\\/pmza.sk\\\/?page_id=55030#breadcrumb\"},\"inLanguage\":\"sk-SK\",\"potentialAction\":[{\"@type\":\"ReadAction\",\"target\":[\"https:\\\/\\\/pmza.sk\\\/?page_id=55030\"]}]},{\"@type\":\"BreadcrumbList\",\"@id\":\"https:\\\/\\\/pmza.sk\\\/?page_id=55030#breadcrumb\",\"itemListElement\":[{\"@type\":\"ListItem\",\"position\":1,\"name\":\"Domovsk\u00e1 str\u00e1nka\",\"item\":\"https:\\\/\\\/pmza.sk\\\/\"},{\"@type\":\"ListItem\",\"position\":2,\"name\":\"Fotogal\u00e9ria\",\"item\":\"https:\\\/\\\/pmza.sk\\\/?page_id=15004\"},{\"@type\":\"ListItem\",\"position\":3,\"name\":\"Fotogal\u00e9ria &#8211; 2023\"}]},{\"@type\":\"WebSite\",\"@id\":\"https:\\\/\\\/pmza.sk\\\/#website\",\"url\":\"https:\\\/\\\/pmza.sk\\\/\",\"name\":\"Pova\u017esk\u00e9 m\u00fazeum\",\"description\":\"Pova\u017esk\u00e9 m\u00fazeum v \u017diline je region\u00e1lne m\u00fazeum so s\u00eddlom v Budat\u00edne. Jeho expoz\u00edcie s\u00fa zameran\u00e9 na dejiny slovensk\u00e9ho umenia, kult\u00fary a dopravy.\",\"publisher\":{\"@id\":\"https:\\\/\\\/pmza.sk\\\/#organization\"},\"potentialAction\":[{\"@type\":\"SearchAction\",\"target\":{\"@type\":\"EntryPoint\",\"urlTemplate\":\"https:\\\/\\\/pmza.sk\\\/?s={search_term_string}\"},\"query-input\":{\"@type\":\"PropertyValueSpecification\",\"valueRequired\":true,\"valueName\":\"search_term_string\"}}],\"inLanguage\":\"sk-SK\"},{\"@type\":\"Organization\",\"@id\":\"https:\\\/\\\/pmza.sk\\\/#organization\",\"name\":\"Pova\u017esk\u00e9 m\u00fazeum\",\"url\":\"https:\\\/\\\/pmza.sk\\\/\",\"logo\":{\"@type\":\"ImageObject\",\"inLanguage\":\"sk-SK\",\"@id\":\"https:\\\/\\\/pmza.sk\\\/#\\\/schema\\\/logo\\\/image\\\/\",\"url\":\"https:\\\/\\\/pmza.sk\\\/wp-content\\\/uploads\\\/2022\\\/01\\\/logo_PM_horizontal.jpg\",\"contentUrl\":\"https:\\\/\\\/pmza.sk\\\/wp-content\\\/uploads\\\/2022\\\/01\\\/logo_PM_horizontal.jpg\",\"width\":231,\"height\":142,\"caption\":\"Pova\u017esk\u00e9 m\u00fazeum\"},\"image\":{\"@id\":\"https:\\\/\\\/pmza.sk\\\/#\\\/schema\\\/logo\\\/image\\\/\"},\"sameAs\":[\"https:\\\/\\\/www.facebook.com\\\/povazskemuzeum\",\"https:\\\/\\\/www.instagram.com\\\/povazskemuzeum\\\/\"]}]}<\/script>\n<!-- \/ Yoast SEO plugin. -->","yoast_head_json":{"title":"Fotogal\u00e9ria - 2023 - Pova\u017esk\u00e9 m\u00fazeum","robots":{"index":"index","follow":"follow","max-snippet":"max-snippet:-1","max-image-preview":"max-image-preview:large","max-video-preview":"max-video-preview:-1"},"canonical":"https:\/\/pmza.sk\/?page_id=55030","og_locale":"sk_SK","og_type":"article","og_title":"Fotogal\u00e9ria - 2023 - Pova\u017esk\u00e9 m\u00fazeum","og_url":"https:\/\/pmza.sk\/?page_id=55030","og_site_name":"Pova\u017esk\u00e9 m\u00fazeum","article_publisher":"https:\/\/www.facebook.com\/povazskemuzeum","article_modified_time":"2023-02-09T09:45:21+00:00","twitter_card":"summary_large_image","twitter_misc":{"Predpokladan\u00fd \u010das \u010d\u00edtania":"1 min\u00fata"},"schema":{"@context":"https:\/\/schema.org","@graph":[{"@type":"WebPage","@id":"https:\/\/pmza.sk\/?page_id=55030","url":"https:\/\/pmza.sk\/?page_id=55030","name":"Fotogal\u00e9ria - 2023 - Pova\u017esk\u00e9 m\u00fazeum","isPartOf":{"@id":"https:\/\/pmza.sk\/#website"},"datePublished":"2023-02-09T09:44:08+00:00","dateModified":"2023-02-09T09:45:21+00:00","breadcrumb":{"@id":"https:\/\/pmza.sk\/?page_id=55030#breadcrumb"},"inLanguage":"sk-SK","potentialAction":[{"@type":"ReadAction","target":["https:\/\/pmza.sk\/?page_id=55030"]}]},{"@type":"BreadcrumbList","@id":"https:\/\/pmza.sk\/?page_id=55030#breadcrumb","itemListElement":[{"@type":"ListItem","position":1,"name":"Domovsk\u00e1 str\u00e1nka","item":"https:\/\/pmza.sk\/"},{"@type":"ListItem","position":2,"name":"Fotogal\u00e9ria","item":"https:\/\/pmza.sk\/?page_id=15004"},{"@type":"ListItem","position":3,"name":"Fotogal\u00e9ria &#8211; 2023"}]},{"@type":"WebSite","@id":"https:\/\/pmza.sk\/#website","url":"https:\/\/pmza.sk\/","name":"Pova\u017esk\u00e9 m\u00fazeum","description":"Pova\u017esk\u00e9 m\u00fazeum v \u017diline je region\u00e1lne m\u00fazeum so s\u00eddlom v Budat\u00edne. Jeho expoz\u00edcie s\u00fa zameran\u00e9 na dejiny slovensk\u00e9ho umenia, kult\u00fary a dopravy.","publisher":{"@id":"https:\/\/pmza.sk\/#organization"},"potentialAction":[{"@type":"SearchAction","target":{"@type":"EntryPoint","urlTemplate":"https:\/\/pmza.sk\/?s={search_term_string}"},"query-input":{"@type":"PropertyValueSpecification","valueRequired":true,"valueName":"search_term_string"}}],"inLanguage":"sk-SK"},{"@type":"Organization","@id":"https:\/\/pmza.sk\/#organization","name":"Pova\u017esk\u00e9 m\u00fazeum","url":"https:\/\/pmza.sk\/","logo":{"@type":"ImageObject","inLanguage":"sk-SK","@id":"https:\/\/pmza.sk\/#\/schema\/logo\/image\/","url":"https:\/\/pmza.sk\/wp-content\/uploads\/2022\/01\/logo_PM_horizontal.jpg","contentUrl":"https:\/\/pmza.sk\/wp-content\/uploads\/2022\/01\/logo_PM_horizontal.jpg","width":231,"height":142,"caption":"Pova\u017esk\u00e9 m\u00fazeum"},"image":{"@id":"https:\/\/pmza.sk\/#\/schema\/logo\/image\/"},"sameAs":["https:\/\/www.facebook.com\/povazskemuzeum","https:\/\/www.instagram.com\/povazskemuzeum\/"]}]}},"_links":{"self":[{"href":"https:\/\/pmza.sk\/index.php?rest_route=\/wp\/v2\/pages\/55030","targetHints":{"allow":["GET"]}}],"collection":[{"href":"https:\/\/pmza.sk\/index.php?rest_route=\/wp\/v2\/pages"}],"about":[{"href":"https:\/\/pmza.sk\/index.php?rest_route=\/wp\/v2\/types\/page"}],"author":[{"embeddable":true,"href":"https:\/\/pmza.sk\/index.php?rest_route=\/wp\/v2\/users\/1"}],"replies":[{"embeddable":true,"href":"https:\/\/pmza.sk\/index.php?rest_route=%2Fwp%2Fv2%2Fcomments&post=55030"}],"version-history":[{"count":0,"href":"https:\/\/pmza.sk\/index.php?rest_route=\/wp\/v2\/pages\/55030\/revisions"}],"up":[{"embeddable":true,"href":"https:\/\/pmza.sk\/index.php?rest_route=\/wp\/v2\/pages\/15004"}],"wp:attachment":[{"href":"https:\/\/pmza.sk\/index.php?rest_route=%2Fwp%2Fv2%2Fmedia&parent=55030"}],"curies":[{"name":"wp","href":"https:\/\/api.w.org\/{rel}","templated":true}]}}