{"id":59260,"date":"2023-11-23T10:39:41","date_gmt":"2023-11-23T09:39:41","guid":{"rendered":"https:\/\/pmza.sk\/?page_id=59260"},"modified":"2025-07-08T14:36:32","modified_gmt":"2025-07-08T12:36:32","slug":"projekty","status":"publish","type":"page","link":"https:\/\/pmza.sk\/?page_id=59260","title":{"rendered":"Projekty"},"content":{"rendered":"\t\t<div data-elementor-type=\"wp-page\" data-elementor-id=\"59260\" class=\"elementor elementor-59260\">\n\t\t\t\t\t\t<section class=\"elementor-section elementor-top-section elementor-element elementor-element-7825805 elementor-section-content-middle elementor-section-boxed elementor-section-height-default elementor-section-height-default\" data-id=\"7825805\" data-element_type=\"section\" data-settings=\"{&quot;background_background&quot;:&quot;classic&quot;}\">\n\t\t\t\t\t\t\t<div class=\"elementor-background-overlay\"><\/div>\n\t\t\t\t\t\t\t<div class=\"elementor-container elementor-column-gap-no\">\n\t\t\t\t\t<div class=\"elementor-column elementor-col-100 elementor-top-column elementor-element elementor-element-6b2af99\" data-id=\"6b2af99\" data-element_type=\"column\">\n\t\t\t<div class=\"elementor-widget-wrap elementor-element-populated\">\n\t\t\t\t\t\t<div class=\"elementor-element elementor-element-df5a5d9 elementor-widget elementor-widget-heading\" data-id=\"df5a5d9\" data-element_type=\"widget\" data-widget_type=\"heading.default\">\n\t\t\t\t<div class=\"elementor-widget-container\">\n\t\t\t\t\t<h1 class=\"elementor-heading-title elementor-size-default\">Projekty<\/h1>\t\t\t\t<\/div>\n\t\t\t\t<\/div>\n\t\t\t\t\t<\/div>\n\t\t<\/div>\n\t\t\t\t\t<\/div>\n\t\t<\/section>\n\t\t\t\t<section class=\"elementor-section elementor-top-section elementor-element elementor-element-c3aa36e elementor-section-content-top elementor-section-boxed elementor-section-height-default elementor-section-height-default\" data-id=\"c3aa36e\" data-element_type=\"section\">\n\t\t\t\t\t\t<div class=\"elementor-container elementor-column-gap-no\">\n\t\t\t\t\t<div class=\"elementor-column elementor-col-100 elementor-top-column elementor-element elementor-element-92c52af\" data-id=\"92c52af\" data-element_type=\"column\">\n\t\t\t<div class=\"elementor-widget-wrap elementor-element-populated\">\n\t\t\t\t\t\t<div class=\"elementor-element elementor-element-310002c elementor-widget elementor-widget-eael-adv-accordion\" data-id=\"310002c\" data-element_type=\"widget\" data-widget_type=\"eael-adv-accordion.default\">\n\t\t\t\t<div class=\"elementor-widget-container\">\n\t\t\t\t\t            <div class=\"eael-adv-accordion\" id=\"eael-adv-accordion-310002c\" data-scroll-on-click=\"no\" data-scroll-speed=\"300\" data-accordion-id=\"310002c\" data-accordion-type=\"accordion\" data-toogle-speed=\"300\">\n            <div class=\"eael-accordion-list\">\n\t\t\t\t\t<div id=\"vchovno-vzdelvacie-aktivity-vstavy-krli-oblohy\" class=\"elementor-tab-title eael-accordion-header\" tabindex=\"0\" data-tab=\"1\" aria-controls=\"elementor-tab-content-5131\"><span class=\"eael-advanced-accordion-icon-closed\"><i aria-hidden=\"true\" class=\"fa-accordion-icon fas fa-newspaper\"><\/i><\/span><span class=\"eael-advanced-accordion-icon-opened\"><i aria-hidden=\"true\" class=\"fa-accordion-icon fas fa-minus\"><\/i><\/span><span class=\"eael-accordion-tab-title\">V\u00fdchovno - vzdel\u00e1vacie aktivity V\u00fdstavy \"Kr\u00e1li oblohy\"<\/span><i aria-hidden=\"true\" class=\"fa-toggle fas fa-angle-right\"><\/i><\/div><div id=\"elementor-tab-content-5131\" class=\"eael-accordion-content clearfix\" data-tab=\"1\" aria-labelledby=\"vchovno-vzdelvacie-aktivity-vstavy-krli-oblohy\"><p>V\u010faka Environment\u00e1lnemu fondu v roku 2024 Pova\u017esk\u00e9 m\u00fazeum v \u017diline \u00faspe\u0161ne zrealizovalo projekt <strong>V\u00fdchovno &#8211; vzdel\u00e1vacie aktivity V\u00fdstavy &#8222;Kr\u00e1li oblohy&#8220;<\/strong> zameran\u00fd na ochranu a populariz\u00e1ciu drav\u00fdch vt\u00e1kov prostredn\u00edctvom v\u00fdstavy \u201eKr\u00e1li oblohy\u201c. Tento ekov\u00fdchovn\u00fd projekt, ktor\u00fd prep\u00e1ja odborn\u00fd v\u00fdskum, environment\u00e1lnu v\u00fdchovu a osvetu, zah\u0155\u0148al viacer\u00e9 sprievodn\u00e9 aktivity, ktor\u00e9 by sme V\u00e1m radi predstavili. Projekt bol zrealizovan\u00fd s podporou Environment\u00e1lneho fondu vo v\u00fd\u0161ke 32 872,00 \u20ac.<\/p><p><strong>V\u00fdstava a eduka\u010dn\u00e9 aktivity<\/strong><\/p><p>S\u00fa\u010das\u0165ou projektu boli kreat\u00edvne a eduka\u010dn\u00e9 programy pre deti, ako oma\u013eov\u00e1nky, pexes\u00e1 \u010di tvoriv\u00e9 dielne, kde si mohli deti ma\u013eova\u0165, zahra\u0165 alebo sa dozvedie\u0165 viac o\u00a0na\u0161ich drav\u00fdch vt\u00e1koch. Tieto aktivity boli ur\u010den\u00e9 najm\u00e4 pre \u017eiakov matersk\u00fdch \u0161k\u00f4l a ni\u017e\u0161\u00edch ro\u010dn\u00edkov z\u00e1kladn\u00fdch \u0161k\u00f4l, pri\u010dom materi\u00e1ly z projektu bud\u00fa sl\u00fa\u017ei\u0165 aj po skon\u010den\u00ed v\u00fdstavy.<\/p><p>Pre star\u0161\u00edch \u017eiakov a dospel\u00fdch boli organizovan\u00e9 komentovan\u00e9 prehliadky v\u00fdstavy aj exkurzie, po\u010das ktor\u00fdch sa vyu\u017e\u00edvali modern\u00e9 technol\u00f3gie, ako tablety a bluetooth reproduktory, na prehr\u00e1vanie zvukov vt\u00e1kov.<\/p><p><strong>Ter\u00e9nne vych\u00e1dzky a sledovanie hniezd<\/strong><\/p><p>Pre \u0161irok\u00fa verejnos\u0165 boli pripraven\u00e9 ter\u00e9nne vych\u00e1dzky zameran\u00e9 na pozorovanie dravcov v pr\u00edrode. Mimoriadny z\u00e1ujem verejnosti vzbudil projekt monitorovania hniezdenia dravcov pomocou fotopasc\u00ed. Z\u00e1bery z hniezd sokola my\u0161iara a orla krik\u013eav\u00e9ho boli prezentovan\u00e9 na soci\u00e1lnych sie\u0165ach a v\u00fdstave, \u010d\u00edm sme mali mo\u017enos\u0165 nahliadnu\u0165 do s\u00fakromia t\u00fdchto vz\u00e1cnych druhov.<\/p><p><strong>Satelitn\u00e9 sledovanie orlov<\/strong><\/p><p>V\u00fdznamnou s\u00fa\u010das\u0165ou projektu bolo aj satelitn\u00e9 sledovanie pohybu orla krik\u013eav\u00e9ho pomocou \u0161peci\u00e1lnych vysiela\u010diek. Tento program, ktor\u00fd bol plne rozbehnut\u00fd na konci leta 2024, priniesol cenn\u00e9 \u00fadaje o migr\u00e1ci\u00e1ch tohto druhu a obohatil osvety zameran\u00e9 na ochranu dravcov. Na z\u00e1klade \u00fadajov sme mohli sledova\u0165 migra\u010dn\u00fd \u0165ah orlieho p\u00e1ru do Afriky, so v\u0161etk\u00fdmi jeho zastaveniami. \u017dia\u013e, \u017eivotn\u00e1 cesta ich ml\u00e1\u010fat\u00e1 sa ukon\u010dila ve\u013emi skoro tesne pred odletom, ke\u010f uhynulo na st\u013ape elektrick\u00e9ho vedenia bl\u00edzko svojho rodiska.<\/p><p><strong>Publik\u00e1cia a promo\u010dn\u00e9 materi\u00e1ly<\/strong><\/p><p>M\u00fazeum pripravilo aj knihu \u201eKr\u00e1li oblohy\u201c, ktor\u00e1 dop\u013a\u0148a inform\u00e1cie z v\u00fdstavy a sl\u00fa\u017ei na \u010fal\u0161ie \u0161\u00edrenie povedomia o drav\u00fdch vt\u00e1koch. Ako s\u00fa\u010das\u0165 propag\u00e1cie boli v Budat\u00ednskom parku in\u0161talovan\u00e9 farebn\u00e9 p\u00fata\u010de a siluety dravcov, ktor\u00e9 l\u00e1kali n\u00e1v\u0161tevn\u00edkov po\u010das v\u00fdstavy.<\/p><p>Projekt \u201eKr\u00e1li oblohy\u201c sa uk\u00e1zal ako efekt\u00edvny sp\u00f4sob prep\u00e1jania vedy, vzdel\u00e1vania a osvetovej \u010dinnosti, pri\u010dom oslovil tis\u00edce n\u00e1v\u0161tevn\u00edkov r\u00f4znych vekov\u00fdch skup\u00edn. Pova\u017esk\u00e9 m\u00fazeum t\u00fdmto projektom nielen zvy\u0161ovalo z\u00e1ujem o pr\u00edrodu, ale aj prispelo k\u00a0rozv\u00edjaniu poznatkov o\u00a0tejto ohrozenej skupine vt\u00e1kov.<\/p><p><strong><em>Projekt \u201e<\/em><\/strong><strong><em>V\u00fdchovno-vzdel\u00e1vacie aktivity v\u00fdstavy &#8222;Kr\u00e1li oblohy&#8220;<\/em><\/strong><strong> <em>bol realizovan\u00fd s podporou Environment\u00e1lneho fondu<\/em><\/strong><\/p><div class=\"wp-block-image\"><img fetchpriority=\"high\" decoding=\"async\" class=\"wpa-warning wpa-image-missing-alt alignnone size-medium wp-image-69432\" src=\"https:\/\/pmza.sk\/wp-content\/uploads\/2025\/04\/logo_horizontalne_farebne_transparentne-570x138.png\" alt=\"\" width=\"570\" height=\"138\" srcset=\"https:\/\/pmza.sk\/wp-content\/uploads\/2025\/04\/logo_horizontalne_farebne_transparentne-570x138.png 570w, https:\/\/pmza.sk\/wp-content\/uploads\/2025\/04\/logo_horizontalne_farebne_transparentne-1170x284.png 1170w, https:\/\/pmza.sk\/wp-content\/uploads\/2025\/04\/logo_horizontalne_farebne_transparentne-768x187.png 768w, https:\/\/pmza.sk\/wp-content\/uploads\/2025\/04\/logo_horizontalne_farebne_transparentne-1536x373.png 1536w, https:\/\/pmza.sk\/wp-content\/uploads\/2025\/04\/logo_horizontalne_farebne_transparentne-2048x498.png 2048w, https:\/\/pmza.sk\/wp-content\/uploads\/2025\/04\/logo_horizontalne_farebne_transparentne-600x146.png 600w\" sizes=\"(max-width: 570px) 100vw, 570px\" \/><\/div><div class=\"wp-block-image\">\u00a0<\/div><div><div class=\"wp-block-image\"><img decoding=\"async\" class=\"wpa-warning wpa-image-missing-alt alignnone size-medium wp-image-69434\" src=\"https:\/\/pmza.sk\/wp-content\/uploads\/2025\/04\/Foto-z-akcie-Zoolog-na-linke-480x360.jpg\" alt=\"\" width=\"480\" height=\"360\" srcset=\"https:\/\/pmza.sk\/wp-content\/uploads\/2025\/04\/Foto-z-akcie-Zoolog-na-linke-480x360.jpg 480w, https:\/\/pmza.sk\/wp-content\/uploads\/2025\/04\/Foto-z-akcie-Zoolog-na-linke-981x736.jpg 981w, https:\/\/pmza.sk\/wp-content\/uploads\/2025\/04\/Foto-z-akcie-Zoolog-na-linke-768x576.jpg 768w, https:\/\/pmza.sk\/wp-content\/uploads\/2025\/04\/Foto-z-akcie-Zoolog-na-linke-1536x1152.jpg 1536w, https:\/\/pmza.sk\/wp-content\/uploads\/2025\/04\/Foto-z-akcie-Zoolog-na-linke-600x450.jpg 600w, https:\/\/pmza.sk\/wp-content\/uploads\/2025\/04\/Foto-z-akcie-Zoolog-na-linke.jpg 1600w\" sizes=\"(max-width: 480px) 100vw, 480px\" \/><\/div><div>\u00a0<\/div><\/div><div><div class=\"wp-block-image\"><img decoding=\"async\" class=\"wpa-warning wpa-image-missing-alt alignnone size-medium wp-image-69435\" src=\"https:\/\/pmza.sk\/wp-content\/uploads\/2025\/04\/Fotostena-k-vystave-Krali-oblohy-480x360.jpg\" alt=\"\" width=\"480\" height=\"360\" srcset=\"https:\/\/pmza.sk\/wp-content\/uploads\/2025\/04\/Fotostena-k-vystave-Krali-oblohy-480x360.jpg 480w, https:\/\/pmza.sk\/wp-content\/uploads\/2025\/04\/Fotostena-k-vystave-Krali-oblohy-981x736.jpg 981w, https:\/\/pmza.sk\/wp-content\/uploads\/2025\/04\/Fotostena-k-vystave-Krali-oblohy-768x576.jpg 768w, https:\/\/pmza.sk\/wp-content\/uploads\/2025\/04\/Fotostena-k-vystave-Krali-oblohy-1536x1152.jpg 1536w, https:\/\/pmza.sk\/wp-content\/uploads\/2025\/04\/Fotostena-k-vystave-Krali-oblohy-2048x1536.jpg 2048w, https:\/\/pmza.sk\/wp-content\/uploads\/2025\/04\/Fotostena-k-vystave-Krali-oblohy-600x450.jpg 600w\" sizes=\"(max-width: 480px) 100vw, 480px\" \/><\/div><div>\u00a0<\/div><div><div class=\"wp-block-image\"><img loading=\"lazy\" decoding=\"async\" class=\"wpa-warning wpa-image-missing-alt alignnone size-medium wp-image-69436\" src=\"https:\/\/pmza.sk\/wp-content\/uploads\/2025\/04\/Majova-vychadzka-pre-verejnost-na-rozhladnu-Dubova-570x321.jpg\" alt=\"\" width=\"570\" height=\"321\" srcset=\"https:\/\/pmza.sk\/wp-content\/uploads\/2025\/04\/Majova-vychadzka-pre-verejnost-na-rozhladnu-Dubova-570x321.jpg 570w, https:\/\/pmza.sk\/wp-content\/uploads\/2025\/04\/Majova-vychadzka-pre-verejnost-na-rozhladnu-Dubova-1170x658.jpg 1170w, https:\/\/pmza.sk\/wp-content\/uploads\/2025\/04\/Majova-vychadzka-pre-verejnost-na-rozhladnu-Dubova-768x432.jpg 768w, https:\/\/pmza.sk\/wp-content\/uploads\/2025\/04\/Majova-vychadzka-pre-verejnost-na-rozhladnu-Dubova-1536x864.jpg 1536w, https:\/\/pmza.sk\/wp-content\/uploads\/2025\/04\/Majova-vychadzka-pre-verejnost-na-rozhladnu-Dubova-2048x1152.jpg 2048w, https:\/\/pmza.sk\/wp-content\/uploads\/2025\/04\/Majova-vychadzka-pre-verejnost-na-rozhladnu-Dubova-600x338.jpg 600w\" sizes=\"(max-width: 570px) 100vw, 570px\" \/><\/div><div>\u00a0<\/div><\/div><div><div class=\"wp-block-image\"><img loading=\"lazy\" decoding=\"async\" class=\"wpa-warning wpa-image-missing-alt alignnone size-medium wp-image-69437\" src=\"https:\/\/pmza.sk\/wp-content\/uploads\/2025\/04\/Orol-kriklavy-s-umiestnenou-vysielackou-na-satelitnu-telemetriu-480x360.jpg\" alt=\"\" width=\"480\" height=\"360\" srcset=\"https:\/\/pmza.sk\/wp-content\/uploads\/2025\/04\/Orol-kriklavy-s-umiestnenou-vysielackou-na-satelitnu-telemetriu-480x360.jpg 480w, https:\/\/pmza.sk\/wp-content\/uploads\/2025\/04\/Orol-kriklavy-s-umiestnenou-vysielackou-na-satelitnu-telemetriu-981x736.jpg 981w, https:\/\/pmza.sk\/wp-content\/uploads\/2025\/04\/Orol-kriklavy-s-umiestnenou-vysielackou-na-satelitnu-telemetriu-768x576.jpg 768w, https:\/\/pmza.sk\/wp-content\/uploads\/2025\/04\/Orol-kriklavy-s-umiestnenou-vysielackou-na-satelitnu-telemetriu-1536x1152.jpg 1536w, https:\/\/pmza.sk\/wp-content\/uploads\/2025\/04\/Orol-kriklavy-s-umiestnenou-vysielackou-na-satelitnu-telemetriu-2048x1536.jpg 2048w, https:\/\/pmza.sk\/wp-content\/uploads\/2025\/04\/Orol-kriklavy-s-umiestnenou-vysielackou-na-satelitnu-telemetriu-600x450.jpg 600w\" sizes=\"(max-width: 480px) 100vw, 480px\" \/><\/div><div>\u00a0<\/div><\/div><div><div class=\"wp-block-image\"><img loading=\"lazy\" decoding=\"async\" class=\"wpa-warning wpa-image-missing-alt alignnone size-medium wp-image-69438\" src=\"https:\/\/pmza.sk\/wp-content\/uploads\/2025\/04\/Pocas-hry-na-hladanie-konkretneho-dravca-542x360.jpg\" alt=\"\" width=\"542\" height=\"360\" srcset=\"https:\/\/pmza.sk\/wp-content\/uploads\/2025\/04\/Pocas-hry-na-hladanie-konkretneho-dravca-542x360.jpg 542w, https:\/\/pmza.sk\/wp-content\/uploads\/2025\/04\/Pocas-hry-na-hladanie-konkretneho-dravca-768x510.jpg 768w, https:\/\/pmza.sk\/wp-content\/uploads\/2025\/04\/Pocas-hry-na-hladanie-konkretneho-dravca-600x398.jpg 600w, https:\/\/pmza.sk\/wp-content\/uploads\/2025\/04\/Pocas-hry-na-hladanie-konkretneho-dravca.jpg 1024w\" sizes=\"(max-width: 542px) 100vw, 542px\" \/><\/div><div>\u00a0<\/div><div><div class=\"wp-block-image\"><img loading=\"lazy\" decoding=\"async\" class=\"wpa-warning wpa-image-missing-alt alignnone size-medium wp-image-69439\" src=\"https:\/\/pmza.sk\/wp-content\/uploads\/2025\/04\/Putac-na-vystavu-570x321.jpg\" alt=\"\" width=\"570\" height=\"321\" srcset=\"https:\/\/pmza.sk\/wp-content\/uploads\/2025\/04\/Putac-na-vystavu-570x321.jpg 570w, https:\/\/pmza.sk\/wp-content\/uploads\/2025\/04\/Putac-na-vystavu-1170x658.jpg 1170w, https:\/\/pmza.sk\/wp-content\/uploads\/2025\/04\/Putac-na-vystavu-768x432.jpg 768w, https:\/\/pmza.sk\/wp-content\/uploads\/2025\/04\/Putac-na-vystavu-1536x864.jpg 1536w, https:\/\/pmza.sk\/wp-content\/uploads\/2025\/04\/Putac-na-vystavu-2048x1152.jpg 2048w, https:\/\/pmza.sk\/wp-content\/uploads\/2025\/04\/Putac-na-vystavu-600x338.jpg 600w\" sizes=\"(max-width: 570px) 100vw, 570px\" \/><\/div><div>\u00a0<\/div><div><div class=\"wp-block-image\"><img loading=\"lazy\" decoding=\"async\" class=\"wpa-warning wpa-image-missing-alt alignnone size-medium wp-image-69440\" src=\"https:\/\/pmza.sk\/wp-content\/uploads\/2025\/04\/Vyklad-k-vystave-Krali-oblohy-bol-prisposobeny-veku-deti-540x360.jpg\" alt=\"\" width=\"540\" height=\"360\" srcset=\"https:\/\/pmza.sk\/wp-content\/uploads\/2025\/04\/Vyklad-k-vystave-Krali-oblohy-bol-prisposobeny-veku-deti-540x360.jpg 540w, https:\/\/pmza.sk\/wp-content\/uploads\/2025\/04\/Vyklad-k-vystave-Krali-oblohy-bol-prisposobeny-veku-deti-768x512.jpg 768w, https:\/\/pmza.sk\/wp-content\/uploads\/2025\/04\/Vyklad-k-vystave-Krali-oblohy-bol-prisposobeny-veku-deti-600x400.jpg 600w, https:\/\/pmza.sk\/wp-content\/uploads\/2025\/04\/Vyklad-k-vystave-Krali-oblohy-bol-prisposobeny-veku-deti.jpg 1024w\" sizes=\"(max-width: 540px) 100vw, 540px\" \/><\/div><div>\u00a0<\/div><div><div class=\"wp-block-image\"><img loading=\"lazy\" decoding=\"async\" class=\"wpa-warning wpa-image-missing-alt alignnone size-medium wp-image-70932\" src=\"https:\/\/pmza.sk\/wp-content\/uploads\/2025\/07\/Pamatna_tabula_Krali_oblohy-509x360.jpg\" alt=\"\" width=\"509\" height=\"360\" srcset=\"https:\/\/pmza.sk\/wp-content\/uploads\/2025\/07\/Pamatna_tabula_Krali_oblohy-509x360.jpg 509w, https:\/\/pmza.sk\/wp-content\/uploads\/2025\/07\/Pamatna_tabula_Krali_oblohy-1041x736.jpg 1041w, https:\/\/pmza.sk\/wp-content\/uploads\/2025\/07\/Pamatna_tabula_Krali_oblohy-768x543.jpg 768w, https:\/\/pmza.sk\/wp-content\/uploads\/2025\/07\/Pamatna_tabula_Krali_oblohy-1536x1086.jpg 1536w, https:\/\/pmza.sk\/wp-content\/uploads\/2025\/07\/Pamatna_tabula_Krali_oblohy-2048x1448.jpg 2048w, https:\/\/pmza.sk\/wp-content\/uploads\/2025\/07\/Pamatna_tabula_Krali_oblohy-600x424.jpg 600w\" sizes=\"(max-width: 509px) 100vw, 509px\" \/><\/div><\/div><div>\u00a0<\/div><\/div><\/div><\/div><\/div><\/div>\n\t\t\t\t\t<\/div><div class=\"eael-accordion-list\">\n\t\t\t\t\t<div id=\"remesl-a-priemysel-\" class=\"elementor-tab-title eael-accordion-header\" tabindex=\"0\" data-tab=\"2\" aria-controls=\"elementor-tab-content-5132\"><span class=\"eael-advanced-accordion-icon-closed\"><i aria-hidden=\"true\" class=\"fa-accordion-icon fas fa-newspaper\"><\/i><\/span><span class=\"eael-advanced-accordion-icon-opened\"><i aria-hidden=\"true\" class=\"fa-accordion-icon fas fa-minus\"><\/i><\/span><span class=\"eael-accordion-tab-title\">Remesl\u00e1 a priemysel <\/span><i aria-hidden=\"true\" class=\"fa-toggle fas fa-angle-right\"><\/i><\/div><div id=\"elementor-tab-content-5132\" class=\"eael-accordion-content clearfix\" data-tab=\"2\" aria-labelledby=\"remesl-a-priemysel-\"><p><strong>O projekte<\/strong><\/p><p>N\u00e1zov projektu: Remesl\u00e1 a priemysel v m\u00fazeu<br \/>K\u00f3d projektu: 304021CJM8<br \/>\u017diadate\u013e: Pova\u017esk\u00e9 m\u00fazeum, Topo\u013eov\u00e1 1, 010 03 \u017dilina, I\u010c: 36145173<br \/>Hlavn\u00fd cezhrani\u010dn\u00fd partner projektu: Muzeum Beskyd Fr\u00fddek-M\u00edstek, p\u0159\u00edsp\u011bvkov\u00e1 organizace, Hlubok\u00e1 66, 738 01 Fr\u00fddek-M\u00edstek, I\u010c: 00095630<\/p><p>Cie\u013eom projektu je propag\u00e1cia a zatrakt\u00edvnenie cezhrani\u010dn\u00e9ho \u00fazemia vytvoren\u00edm ucelen\u00e9ho produktu zameran\u00e9ho na prepojenie remesla a priemyslu na spolo\u010dnom \u00fazem\u00ed. V\u00fdstupy projektu bud\u00fa l\u00e1kadlom pre n\u00e1v\u0161tevn\u00edkov a priaznivcov hmotn\u00e9ho a nehmotn\u00e9ho kult\u00farneho dedi\u010dstva a\u00a0jeho zachovania pre bud\u00face gener\u00e1cie.\u00a0 S\u00fa\u010das\u0165ou projektu je obnova vn\u00fatorn\u00fdch priestorov dvoch v\u00fdznamn\u00fdch kult\u00farnych pamiatok pohrani\u010dia: podkrovie Budat\u00ednskeho hradu a pal\u00e1ca hradu Hukvaldy a propag\u00e1cia remesiel a\u00a0textiln\u00e9ho priemyslu v\u0161etk\u00fdm vekov\u00fdm kateg\u00f3ri\u00e1m prostredn\u00edctvom spojenia modern\u00fdch technol\u00f3gi\u00ed a tradi\u010dn\u00e9ho umenia na \u017eiv\u00fdch podujatiach a\u00a0v\u00a0online priestore.<\/p><ul><li>Celkov\u00e1 v\u00fd\u0161ka opr\u00e1vnen\u00fdch v\u00fddajov: 678 158,20 \u20ac<\/li><li>Financovan\u00e9 z EFRR: 576 434,46 \u20ac (85 %)<\/li><li>Financovan\u00e9 zo \u0161t\u00e1tneho rozpo\u010dtu (VP): 41 391,86 \u20ac (6,10%)<\/li><li>Financovan\u00e9 zo \u0161t\u00e1tneho rozpo\u010dtu (HCP): 13211,97 (1,95%)<\/li><li>Financovan\u00e9 zo zdrojov \u017dSK:\u00a0 47 119,91 \u20ac (6,95%)<\/li><\/ul><hr \/><p><strong>Workshop k informa\u010dnej platforme o dejin\u00e1ch remesiel a\u00a0priemyslu<\/strong><\/p><p>Prv\u00fdm spolo\u010dn\u00fdm podujat\u00edm v\u00a0r\u00e1mci projektu bolo stretnutie odborn\u00fdch pracovn\u00edkov Pova\u017esk\u00e9ho m\u00fazea a\u00a0M\u00fazea Beskyd Fr\u00fddek-M\u00edstek realizovan\u00e9 11. 10. 2023 v\u00a0podkrov\u00ed Budat\u00ednskeho hradu. \u00da\u010dastn\u00edci si na \u0148om vymenili inform\u00e1cie o vyu\u017e\u00edvan\u00ed digit\u00e1lnych pr\u00edstupov a\u00a0met\u00f3d vo svojej m\u00faze\u00e1lnej praxi. Hlavn\u00e1 \u010das\u0165 podujatia bola zameran\u00e1\u00a0 na informa\u010dn\u00fa platformu, ktor\u00e1 ako st\u00e1ly v\u00fdstup z\u00a0projektu m\u00e1 za cie\u013e prezentova\u0165 \u00a0dejiny remesiel a\u00a0priemyslu v\u00a0cezhrani\u010dnom priestore Besk\u00fdd.\u00a0 T\u00e1to platforma bude umiestnen\u00e1 na webov\u00fdch str\u00e1nkach Pova\u017esk\u00e9ho m\u00fazea a\u00a0M\u00fazea Beskyd Fr\u00fddek-M\u00edstek. N\u00e1v\u0161tevn\u00edci si bud\u00fa m\u00f4c\u0165 na nej pozrie\u0165 r\u00f4zne zdigitalizovan\u00e9 zbierkov\u00e9 predmety, alebo vide\u00e1 pribli\u017euj\u00face vybran\u00e9 remesl\u00e1 a\u00a0priemysel, ktor\u00e9 tvoria s\u00fa\u010das\u0165 hmotn\u00e9ho a\u00a0nehmotn\u00e9ho kult\u00farneho dedi\u010dstva cezhrani\u010dn\u00e9ho regi\u00f3nu. Zamestnanci Pova\u017esk\u00e9ho m\u00fazea na stretnut\u00ed informovali o\u00a0zdigitalizovan\u00fdch predmetoch zo svojho zbierkov\u00e9ho fondu pomocou zak\u00fapen\u00e9ho IKT vybavenia, ktor\u00e9 bude sl\u00fa\u017ei\u0165 na digitaliz\u00e1ciu predmetov aj po skon\u010den\u00ed projektu. Z\u00e1rove\u0148 prebehla diskusia o\u00a0fin\u00e1lnej podobe informa\u010dnej platformy. Obaja partneri sa zhodli, \u017ee v prvej f\u00e1ze zverejnia multimedi\u00e1lny obsah k textilnej v\u00fdrobe, pri\u010dom postupne bud\u00fa na tejto\u00a0 platforme prib\u00fada\u0165 inform\u00e1cie aj o \u010fal\u0161\u00edch remesl\u00e1ch a\u00a0priemysle, ktor\u00e9 s\u00fa charakteristick\u00e9 pre cezhrani\u010dn\u00e9 \u00fazemie Besk\u00fdd.\u00a0<\/p><div class=\"wp-block-image\"><div id='gallery-1' class='gallery galleryid-59260 gallery-columns-5 gallery-size-thumbnail'><figure class='gallery-item'>\n\t\t\t<div class='gallery-icon landscape'>\n\t\t\t\t<a href='https:\/\/pmza.sk\/wp-content\/uploads\/2024\/01\/IMG_2016.jpg'><img loading=\"lazy\" decoding=\"async\" width=\"475\" height=\"300\" src=\"https:\/\/pmza.sk\/wp-content\/uploads\/2024\/01\/IMG_2016-475x300.jpg\" class=\"attachment-thumbnail size-thumbnail\" alt=\"\" \/><\/a>\n\t\t\t<\/div><\/figure><figure class='gallery-item'>\n\t\t\t<div class='gallery-icon landscape'>\n\t\t\t\t<a href='https:\/\/pmza.sk\/wp-content\/uploads\/2024\/01\/IMG_2006.jpg'><img loading=\"lazy\" decoding=\"async\" width=\"475\" height=\"300\" src=\"https:\/\/pmza.sk\/wp-content\/uploads\/2024\/01\/IMG_2006-475x300.jpg\" class=\"attachment-thumbnail size-thumbnail\" alt=\"\" \/><\/a>\n\t\t\t<\/div><\/figure><figure class='gallery-item'>\n\t\t\t<div class='gallery-icon landscape'>\n\t\t\t\t<a href='https:\/\/pmza.sk\/wp-content\/uploads\/2024\/01\/IMG_2025.jpg'><img loading=\"lazy\" decoding=\"async\" width=\"475\" height=\"300\" src=\"https:\/\/pmza.sk\/wp-content\/uploads\/2024\/01\/IMG_2025-475x300.jpg\" class=\"attachment-thumbnail size-thumbnail\" alt=\"\" \/><\/a>\n\t\t\t<\/div><\/figure><figure class='gallery-item'>\n\t\t\t<div class='gallery-icon landscape'>\n\t\t\t\t<a href='https:\/\/pmza.sk\/wp-content\/uploads\/2024\/01\/A.jpg'><img loading=\"lazy\" decoding=\"async\" width=\"475\" height=\"300\" src=\"https:\/\/pmza.sk\/wp-content\/uploads\/2024\/01\/A-475x300.jpg\" class=\"attachment-thumbnail size-thumbnail\" alt=\"\" \/><\/a>\n\t\t\t<\/div><\/figure>\n\t\t<\/div>\n<\/div><div class=\"wp-block-image\">\u00a0<\/div><div class=\"wp-block-image\">\u00a0<\/div><div class=\"wp-block-image\">\u00a0<\/div><hr \/><p><strong>Sl\u00e1vnostn\u00e9 otvorenie renesan\u010dn\u00e9ho pal\u00e1ca hradu Hukvaldy <\/strong><strong>\u00a0<\/strong><\/p><p>Druh\u00e9 spolo\u010dn\u00e9 stretnutie sa konalo 14. 10. 2023 na hrade Hukvaldy. V r\u00e1mci neho sa verejnosti spr\u00edstupnil renesan\u010dn\u00fd pal\u00e1c hradu Hukvaldy zo 16. storo\u010dia, ktor\u00fd sa zrekon\u0161truoval v\u010faka projektu cezhrani\u010dnej spolupr\u00e1ce. N\u00e1v\u0161tevn\u00edk si z\u00e1rove\u0148 v revitalizovanom objekte mohol pozrie\u0165 aj v\u00fdstavu, ktor\u00e1 predstavovala archeologick\u00e9 n\u00e1lezy z hradu a jeho okolia a cirkevn\u00e9 r\u00facha, poch\u00e1dzaj\u00face zo zbierkov\u00e9ho fondu nielen M\u00fazea Beskyd Fr\u00fddek-M\u00edstek, ale aj Pova\u017esk\u00e9ho m\u00fazea. Sprievodn\u00e9 akcie zah\u0155\u0148ali napr\u00edklad aj uk\u00e1\u017eky r\u00f4znych remesiel. V r\u00e1mci nich prezentoval\u00a0 techniky drot\u00e1rskeho remesla slovensk\u00fd drot\u00e1r Miroslav Kalman. Dejiny drot\u00e1rskeho remesla na Pova\u017e\u00ed a aktivity\u00a0 Pova\u017esk\u00e9ho m\u00fazea, ktor\u00e9 maj\u00fa za cie\u013e \u00a0zachova\u0165 drot\u00e1rske remeslo a \u0161\u00edri\u0165 povedomie o jeho dejin\u00e1ch, pribl\u00ed\u017eila histori\u010dka Mgr. Katar\u00edna Hallonov\u00e1 z Pova\u017esk\u00e9ho m\u00fazea.<\/p><div id='gallery-2' class='gallery galleryid-59260 gallery-columns-5 gallery-size-thumbnail'><figure class='gallery-item'>\n\t\t\t<div class='gallery-icon landscape'>\n\t\t\t\t<a href='https:\/\/pmza.sk\/wp-content\/uploads\/2024\/01\/20231014_120459-1.jpg'><img loading=\"lazy\" decoding=\"async\" width=\"475\" height=\"300\" src=\"https:\/\/pmza.sk\/wp-content\/uploads\/2024\/01\/20231014_120459-1-475x300.jpg\" class=\"attachment-thumbnail size-thumbnail\" alt=\"\" \/><\/a>\n\t\t\t<\/div><\/figure><figure class='gallery-item'>\n\t\t\t<div class='gallery-icon landscape'>\n\t\t\t\t<a href='https:\/\/pmza.sk\/wp-content\/uploads\/2024\/01\/20231014_110629-1.jpg'><img loading=\"lazy\" decoding=\"async\" width=\"475\" height=\"300\" src=\"https:\/\/pmza.sk\/wp-content\/uploads\/2024\/01\/20231014_110629-1-475x300.jpg\" class=\"attachment-thumbnail size-thumbnail\" alt=\"\" \/><\/a>\n\t\t\t<\/div><\/figure><figure class='gallery-item'>\n\t\t\t<div class='gallery-icon landscape'>\n\t\t\t\t<a href='https:\/\/pmza.sk\/wp-content\/uploads\/2024\/01\/20231014_134745-1.jpg'><img loading=\"lazy\" decoding=\"async\" width=\"475\" height=\"300\" src=\"https:\/\/pmza.sk\/wp-content\/uploads\/2024\/01\/20231014_134745-1-475x300.jpg\" class=\"attachment-thumbnail size-thumbnail\" alt=\"\" \/><\/a>\n\t\t\t<\/div><\/figure><figure class='gallery-item'>\n\t\t\t<div class='gallery-icon landscape'>\n\t\t\t\t<a href='https:\/\/pmza.sk\/wp-content\/uploads\/2024\/01\/20231014_140259-1.jpg'><img loading=\"lazy\" decoding=\"async\" width=\"475\" height=\"300\" src=\"https:\/\/pmza.sk\/wp-content\/uploads\/2024\/01\/20231014_140259-1-475x300.jpg\" class=\"attachment-thumbnail size-thumbnail\" alt=\"\" \/><\/a>\n\t\t\t<\/div><\/figure>\n\t\t<\/div>\n<hr \/><p><strong>Sl\u00e1vnostn\u00e9 otvorenie podkrovia Budat\u00ednskeho hradu <\/strong><strong>a\u00a0sprievodn\u00e9 akcie zameran\u00e9 na textiln\u00fa v\u00fdrobu a\u00a0jej spolo\u010densk\u00fd dopad<\/strong><\/p><p>D\u0148a 28. 10. 2023 bolo sl\u00e1vnostne spr\u00edstupnen\u00e9 podkrovie Budat\u00ednskeho hradu, ktor\u00e9 sa zrekon\u0161truovalo v\u010faka projektu cezhrani\u010dnej spolupr\u00e1ce. Sprievodn\u00e9 akcie boli zameran\u00e9 na textiln\u00fa v\u00fdrobu a jej dopad na spolo\u010dnos\u0165. Preto si n\u00e1v\u0161tevn\u00edk mohol vypo\u010du\u0165 predn\u00e1\u0161ku o spracovan\u00ed vlny na Slovensku od \u013d. N. Kov\u00e1\u010dikovej a A. Ni\u0148ajovej zo zdru\u017eenia Na\u0161a Vlna, predn\u00e1\u0161ku o vplyve priemyselnej revol\u00facie na m\u00f3du od etnologi\u010dky Slovensk\u00e9ho n\u00e1rodn\u00e9ho m\u00fazea Evy Hasalovej, predn\u00e1\u0161ku o \u017eilinskej textilnej fabrike od histori\u010dky Zuzany Kudzbelovej a predn\u00e1\u0161ku o za\u010diatkoch priemyselnej\u00a0 textilnej v\u00fdrobe vo Fr\u00fddku-M\u00edstek od historika Petra Ju\u0159\u00e1ka. N\u00e1v\u0161tevn\u00edci si na podujat\u00ed mohli vysk\u00fa\u0161a\u0165 aj \u010desanie vlny a pradenie na vretienku pod veden\u00edm lektoriek u\u017e spomenutej p. Kov\u00e1\u010dikovej a Ni\u0148ajovej alebo tkanie na mal\u00fdch krosn\u00e1ch pod veden\u00edm lektoriek etnologi\u010dky Adriany B\u00e1rdyovej a Dominiky Hlob\u00edkovej. Podujatie doplnilo hudobn\u00e9 vyst\u00fapenie Ondro a kamar\u00e1ti a divadeln\u00e9 predstavenia v podan\u00ed divadelno-hrav\u00e9ho zoskupenia RAZCA.<\/p><div id='gallery-3' class='gallery galleryid-59260 gallery-columns-5 gallery-size-thumbnail'><figure class='gallery-item'>\n\t\t\t<div class='gallery-icon landscape'>\n\t\t\t\t<a href='https:\/\/pmza.sk\/wp-content\/uploads\/2024\/01\/IMG_3544.jpg'><img loading=\"lazy\" decoding=\"async\" width=\"475\" height=\"300\" src=\"https:\/\/pmza.sk\/wp-content\/uploads\/2024\/01\/IMG_3544-475x300.jpg\" class=\"attachment-thumbnail size-thumbnail\" alt=\"\" \/><\/a>\n\t\t\t<\/div><\/figure><figure class='gallery-item'>\n\t\t\t<div class='gallery-icon landscape'>\n\t\t\t\t<a href='https:\/\/pmza.sk\/wp-content\/uploads\/2024\/01\/IMG_3676.jpg'><img loading=\"lazy\" decoding=\"async\" width=\"475\" height=\"300\" src=\"https:\/\/pmza.sk\/wp-content\/uploads\/2024\/01\/IMG_3676-475x300.jpg\" class=\"attachment-thumbnail size-thumbnail\" alt=\"\" \/><\/a>\n\t\t\t<\/div><\/figure><figure class='gallery-item'>\n\t\t\t<div class='gallery-icon landscape'>\n\t\t\t\t<a href='https:\/\/pmza.sk\/wp-content\/uploads\/2024\/01\/20231120_142955.jpg'><img loading=\"lazy\" decoding=\"async\" width=\"475\" height=\"300\" src=\"https:\/\/pmza.sk\/wp-content\/uploads\/2024\/01\/20231120_142955-475x300.jpg\" class=\"attachment-thumbnail size-thumbnail\" alt=\"\" \/><\/a>\n\t\t\t<\/div><\/figure><figure class='gallery-item'>\n\t\t\t<div class='gallery-icon landscape'>\n\t\t\t\t<a href='https:\/\/pmza.sk\/wp-content\/uploads\/2024\/01\/IMG_3401.jpg'><img loading=\"lazy\" decoding=\"async\" width=\"475\" height=\"300\" src=\"https:\/\/pmza.sk\/wp-content\/uploads\/2024\/01\/IMG_3401-475x300.jpg\" class=\"attachment-thumbnail size-thumbnail\" alt=\"\" \/><\/a>\n\t\t\t<\/div><\/figure><figure class='gallery-item'>\n\t\t\t<div class='gallery-icon landscape'>\n\t\t\t\t<a href='https:\/\/pmza.sk\/wp-content\/uploads\/2024\/01\/IMG_3492.jpg'><img loading=\"lazy\" decoding=\"async\" width=\"475\" height=\"300\" src=\"https:\/\/pmza.sk\/wp-content\/uploads\/2024\/01\/IMG_3492-475x300.jpg\" class=\"attachment-thumbnail size-thumbnail\" alt=\"\" \/><\/a>\n\t\t\t<\/div><\/figure><figure class='gallery-item'>\n\t\t\t<div class='gallery-icon landscape'>\n\t\t\t\t<a href='https:\/\/pmza.sk\/wp-content\/uploads\/2024\/01\/IMG_3400.jpg'><img loading=\"lazy\" decoding=\"async\" width=\"475\" height=\"300\" src=\"https:\/\/pmza.sk\/wp-content\/uploads\/2024\/01\/IMG_3400-475x300.jpg\" class=\"attachment-thumbnail size-thumbnail\" alt=\"\" \/><\/a>\n\t\t\t<\/div><\/figure><figure class='gallery-item'>\n\t\t\t<div class='gallery-icon landscape'>\n\t\t\t\t<a href='https:\/\/pmza.sk\/wp-content\/uploads\/2024\/01\/IMG_3450.jpg'><img loading=\"lazy\" decoding=\"async\" width=\"475\" height=\"300\" src=\"https:\/\/pmza.sk\/wp-content\/uploads\/2024\/01\/IMG_3450-475x300.jpg\" class=\"attachment-thumbnail size-thumbnail\" alt=\"\" \/><\/a>\n\t\t\t<\/div><\/figure><figure class='gallery-item'>\n\t\t\t<div class='gallery-icon landscape'>\n\t\t\t\t<a href='https:\/\/pmza.sk\/wp-content\/uploads\/2024\/01\/IMG_3605.jpg'><img loading=\"lazy\" decoding=\"async\" width=\"475\" height=\"300\" src=\"https:\/\/pmza.sk\/wp-content\/uploads\/2024\/01\/IMG_3605-475x300.jpg\" class=\"attachment-thumbnail size-thumbnail\" alt=\"\" \/><\/a>\n\t\t\t<\/div><\/figure><figure class='gallery-item'>\n\t\t\t<div class='gallery-icon landscape'>\n\t\t\t\t<a href='https:\/\/pmza.sk\/wp-content\/uploads\/2024\/01\/20231120_143014.jpg'><img loading=\"lazy\" decoding=\"async\" width=\"475\" height=\"300\" src=\"https:\/\/pmza.sk\/wp-content\/uploads\/2024\/01\/20231120_143014-475x300.jpg\" class=\"attachment-thumbnail size-thumbnail\" alt=\"\" \/><\/a>\n\t\t\t<\/div><\/figure><figure class='gallery-item'>\n\t\t\t<div class='gallery-icon landscape'>\n\t\t\t\t<a href='https:\/\/pmza.sk\/wp-content\/uploads\/2024\/01\/IMG_3695.jpg'><img loading=\"lazy\" decoding=\"async\" width=\"475\" height=\"300\" src=\"https:\/\/pmza.sk\/wp-content\/uploads\/2024\/01\/IMG_3695-475x300.jpg\" class=\"attachment-thumbnail size-thumbnail\" alt=\"\" \/><\/a>\n\t\t\t<\/div><\/figure><figure class='gallery-item'>\n\t\t\t<div class='gallery-icon landscape'>\n\t\t\t\t<a href='https:\/\/pmza.sk\/wp-content\/uploads\/2024\/01\/IMG_3601.jpg'><img loading=\"lazy\" decoding=\"async\" width=\"475\" height=\"300\" src=\"https:\/\/pmza.sk\/wp-content\/uploads\/2024\/01\/IMG_3601-475x300.jpg\" class=\"attachment-thumbnail size-thumbnail\" alt=\"\" \/><\/a>\n\t\t\t<\/div><\/figure><figure class='gallery-item'>\n\t\t\t<div class='gallery-icon landscape'>\n\t\t\t\t<a href='https:\/\/pmza.sk\/wp-content\/uploads\/2024\/01\/20231120_142948.jpg'><img loading=\"lazy\" decoding=\"async\" width=\"475\" height=\"300\" src=\"https:\/\/pmza.sk\/wp-content\/uploads\/2024\/01\/20231120_142948-475x300.jpg\" class=\"attachment-thumbnail size-thumbnail\" alt=\"\" \/><\/a>\n\t\t\t<\/div><\/figure><figure class='gallery-item'>\n\t\t\t<div class='gallery-icon landscape'>\n\t\t\t\t<a href='https:\/\/pmza.sk\/wp-content\/uploads\/2024\/01\/IMG_3443.jpg'><img loading=\"lazy\" decoding=\"async\" width=\"475\" height=\"300\" src=\"https:\/\/pmza.sk\/wp-content\/uploads\/2024\/01\/IMG_3443-475x300.jpg\" class=\"attachment-thumbnail size-thumbnail\" alt=\"\" \/><\/a>\n\t\t\t<\/div><\/figure><figure class='gallery-item'>\n\t\t\t<div class='gallery-icon landscape'>\n\t\t\t\t<a href='https:\/\/pmza.sk\/wp-content\/uploads\/2024\/01\/IMG_3753.jpg'><img loading=\"lazy\" decoding=\"async\" width=\"475\" height=\"300\" src=\"https:\/\/pmza.sk\/wp-content\/uploads\/2024\/01\/IMG_3753-475x300.jpg\" class=\"attachment-thumbnail size-thumbnail\" alt=\"\" \/><\/a>\n\t\t\t<\/div><\/figure><figure class='gallery-item'>\n\t\t\t<div class='gallery-icon landscape'>\n\t\t\t\t<a href='https:\/\/pmza.sk\/wp-content\/uploads\/2024\/01\/IMG_3591.jpg'><img loading=\"lazy\" decoding=\"async\" width=\"475\" height=\"300\" src=\"https:\/\/pmza.sk\/wp-content\/uploads\/2024\/01\/IMG_3591-475x300.jpg\" class=\"attachment-thumbnail size-thumbnail\" alt=\"\" \/><\/a>\n\t\t\t<\/div><\/figure><figure class='gallery-item'>\n\t\t\t<div class='gallery-icon landscape'>\n\t\t\t\t<a href='https:\/\/pmza.sk\/wp-content\/uploads\/2024\/01\/IMG_3438.jpg'><img loading=\"lazy\" decoding=\"async\" width=\"475\" height=\"300\" src=\"https:\/\/pmza.sk\/wp-content\/uploads\/2024\/01\/IMG_3438-475x300.jpg\" class=\"attachment-thumbnail size-thumbnail\" alt=\"\" \/><\/a>\n\t\t\t<\/div><\/figure><figure class='gallery-item'>\n\t\t\t<div class='gallery-icon landscape'>\n\t\t\t\t<a href='https:\/\/pmza.sk\/wp-content\/uploads\/2024\/01\/IMG_3553.jpg'><img loading=\"lazy\" decoding=\"async\" width=\"475\" height=\"300\" src=\"https:\/\/pmza.sk\/wp-content\/uploads\/2024\/01\/IMG_3553-475x300.jpg\" class=\"attachment-thumbnail size-thumbnail\" alt=\"\" \/><\/a>\n\t\t\t<\/div><\/figure><figure class='gallery-item'>\n\t\t\t<div class='gallery-icon landscape'>\n\t\t\t\t<a href='https:\/\/pmza.sk\/wp-content\/uploads\/2024\/01\/IMG_3548-\u2013-kopia.jpg'><img loading=\"lazy\" decoding=\"async\" width=\"475\" height=\"300\" src=\"https:\/\/pmza.sk\/wp-content\/uploads\/2024\/01\/IMG_3548-\u2013-kopia-475x300.jpg\" class=\"attachment-thumbnail size-thumbnail\" alt=\"\" \/><\/a>\n\t\t\t<\/div><\/figure><figure class='gallery-item'>\n\t\t\t<div class='gallery-icon landscape'>\n\t\t\t\t<a href='https:\/\/pmza.sk\/wp-content\/uploads\/2024\/01\/IMG_3418.jpg'><img loading=\"lazy\" decoding=\"async\" width=\"475\" height=\"300\" src=\"https:\/\/pmza.sk\/wp-content\/uploads\/2024\/01\/IMG_3418-475x300.jpg\" class=\"attachment-thumbnail size-thumbnail\" alt=\"\" \/><\/a>\n\t\t\t<\/div><\/figure><figure class='gallery-item'>\n\t\t\t<div class='gallery-icon landscape'>\n\t\t\t\t<a href='https:\/\/pmza.sk\/wp-content\/uploads\/2024\/01\/IMG_3717.jpg'><img loading=\"lazy\" decoding=\"async\" width=\"475\" height=\"300\" src=\"https:\/\/pmza.sk\/wp-content\/uploads\/2024\/01\/IMG_3717-475x300.jpg\" class=\"attachment-thumbnail size-thumbnail\" alt=\"\" \/><\/a>\n\t\t\t<\/div><\/figure><figure class='gallery-item'>\n\t\t\t<div class='gallery-icon landscape'>\n\t\t\t\t<a href='https:\/\/pmza.sk\/wp-content\/uploads\/2024\/01\/IMG_3575.jpg'><img loading=\"lazy\" decoding=\"async\" width=\"475\" height=\"300\" src=\"https:\/\/pmza.sk\/wp-content\/uploads\/2024\/01\/IMG_3575-475x300.jpg\" class=\"attachment-thumbnail size-thumbnail\" alt=\"\" \/><\/a>\n\t\t\t<\/div><\/figure>\n\t\t<\/div>\n<hr \/><p><strong>Prv\u00e1 nede\u013ea v podkrov\u00ed Budat\u00ednskeho hradu zameran\u00e1 na textiln\u00fa v\u00fdrobu<\/strong><\/p><p>Posledn\u00e9 podujatie v r\u00e1mci projektu sa uskuto\u010dnilo 29. 10. 2023 v zrekon\u0161truovanom podkrov\u00ed Budat\u00ednskeho hradu a prinieslo op\u00e4\u0165 bohat\u00fd program na prezent\u00e1ciu textilnej v\u00fdroby v cezhrani\u010dnom priestore.\u00a0 N\u00e1v\u0161tevn\u00edci sa dozvedeli o spracovan\u00ed \u013eanu a v\u00fdrobe pl\u00e1tna od Zuzany Koval\u010d\u00edkovej z Le\u0161t\u00edn, pri\u010dom si mohli vysk\u00fa\u0161a\u0165 aj ml\u00e1tenie \u013eanu. O dejin\u00e1ch modrotla\u010de rozpr\u00e1val Peter Trnka. Pod jeho veden\u00edm si bolo mo\u017en\u00e9 vyrobi\u0165\u00a0 \u0161atku z modrotla\u010de. N\u00e1v\u0161tevn\u00edci si vyrobili aj r\u00f4zne ozdoby na workshope plstenia pod veden\u00edm lektoriek A. B\u00e1rdyovej a D. Hlob\u00edkovej alebo si odniesli vyzdoben\u00e9 tri\u010dk\u00e1 \u010di pl\u00e1tenn\u00e9 ta\u0161ky z workshopu m\u00fazejnej pedagogi\u010dky Tatiany Kub\u00e1\u0148ovej. Aktivity na podujat\u00ed dop\u013a\u0148al hudobn\u00fd sprievod v podan\u00ed harfistky Anety Jakubcovej. Divadlo zo \u0161ufl\u00edka pripravilo\u00a0 divadeln\u00e9 vyst\u00fapenie pre deti.<\/p><div id='gallery-4' class='gallery galleryid-59260 gallery-columns-5 gallery-size-thumbnail'><figure class='gallery-item'>\n\t\t\t<div class='gallery-icon landscape'>\n\t\t\t\t<a href='https:\/\/pmza.sk\/wp-content\/uploads\/2024\/01\/IMG_3840.jpg'><img loading=\"lazy\" decoding=\"async\" width=\"475\" height=\"300\" src=\"https:\/\/pmza.sk\/wp-content\/uploads\/2024\/01\/IMG_3840-475x300.jpg\" class=\"attachment-thumbnail size-thumbnail\" alt=\"\" \/><\/a>\n\t\t\t<\/div><\/figure><figure class='gallery-item'>\n\t\t\t<div class='gallery-icon landscape'>\n\t\t\t\t<a href='https:\/\/pmza.sk\/wp-content\/uploads\/2024\/01\/IMG_3786.jpg'><img loading=\"lazy\" decoding=\"async\" width=\"475\" height=\"300\" src=\"https:\/\/pmza.sk\/wp-content\/uploads\/2024\/01\/IMG_3786-475x300.jpg\" class=\"attachment-thumbnail size-thumbnail\" alt=\"\" \/><\/a>\n\t\t\t<\/div><\/figure><figure class='gallery-item'>\n\t\t\t<div class='gallery-icon landscape'>\n\t\t\t\t<a href='https:\/\/pmza.sk\/wp-content\/uploads\/2024\/01\/IMG_3955.jpg'><img loading=\"lazy\" decoding=\"async\" width=\"475\" height=\"300\" src=\"https:\/\/pmza.sk\/wp-content\/uploads\/2024\/01\/IMG_3955-475x300.jpg\" class=\"attachment-thumbnail size-thumbnail\" alt=\"\" \/><\/a>\n\t\t\t<\/div><\/figure><figure class='gallery-item'>\n\t\t\t<div class='gallery-icon landscape'>\n\t\t\t\t<a href='https:\/\/pmza.sk\/wp-content\/uploads\/2024\/01\/IMG_4009.jpg'><img loading=\"lazy\" decoding=\"async\" width=\"475\" height=\"300\" src=\"https:\/\/pmza.sk\/wp-content\/uploads\/2024\/01\/IMG_4009-475x300.jpg\" class=\"attachment-thumbnail size-thumbnail\" alt=\"\" \/><\/a>\n\t\t\t<\/div><\/figure><figure class='gallery-item'>\n\t\t\t<div class='gallery-icon landscape'>\n\t\t\t\t<a href='https:\/\/pmza.sk\/wp-content\/uploads\/2024\/01\/IMG_4005.jpg'><img loading=\"lazy\" decoding=\"async\" width=\"475\" height=\"300\" src=\"https:\/\/pmza.sk\/wp-content\/uploads\/2024\/01\/IMG_4005-475x300.jpg\" class=\"attachment-thumbnail size-thumbnail\" alt=\"\" \/><\/a>\n\t\t\t<\/div><\/figure><figure class='gallery-item'>\n\t\t\t<div class='gallery-icon landscape'>\n\t\t\t\t<a href='https:\/\/pmza.sk\/wp-content\/uploads\/2024\/01\/IMG_3925.jpg'><img loading=\"lazy\" decoding=\"async\" width=\"475\" height=\"300\" src=\"https:\/\/pmza.sk\/wp-content\/uploads\/2024\/01\/IMG_3925-475x300.jpg\" class=\"attachment-thumbnail size-thumbnail\" alt=\"\" \/><\/a>\n\t\t\t<\/div><\/figure><figure class='gallery-item'>\n\t\t\t<div class='gallery-icon portrait'>\n\t\t\t\t<a href='https:\/\/pmza.sk\/wp-content\/uploads\/2024\/01\/IMG_3829.jpg'><img loading=\"lazy\" decoding=\"async\" width=\"475\" height=\"300\" src=\"https:\/\/pmza.sk\/wp-content\/uploads\/2024\/01\/IMG_3829-475x300.jpg\" class=\"attachment-thumbnail size-thumbnail\" alt=\"\" \/><\/a>\n\t\t\t<\/div><\/figure><figure class='gallery-item'>\n\t\t\t<div class='gallery-icon landscape'>\n\t\t\t\t<a href='https:\/\/pmza.sk\/wp-content\/uploads\/2024\/01\/IMG_4019.jpg'><img loading=\"lazy\" decoding=\"async\" width=\"475\" height=\"300\" src=\"https:\/\/pmza.sk\/wp-content\/uploads\/2024\/01\/IMG_4019-475x300.jpg\" class=\"attachment-thumbnail size-thumbnail\" alt=\"\" \/><\/a>\n\t\t\t<\/div><\/figure><figure class='gallery-item'>\n\t\t\t<div class='gallery-icon landscape'>\n\t\t\t\t<a href='https:\/\/pmza.sk\/wp-content\/uploads\/2024\/01\/IMG_4022.jpg'><img loading=\"lazy\" decoding=\"async\" width=\"475\" height=\"300\" src=\"https:\/\/pmza.sk\/wp-content\/uploads\/2024\/01\/IMG_4022-475x300.jpg\" class=\"attachment-thumbnail size-thumbnail\" alt=\"\" \/><\/a>\n\t\t\t<\/div><\/figure><figure class='gallery-item'>\n\t\t\t<div class='gallery-icon portrait'>\n\t\t\t\t<a href='https:\/\/pmza.sk\/wp-content\/uploads\/2024\/01\/IMG_3969.jpg'><img loading=\"lazy\" decoding=\"async\" width=\"475\" height=\"300\" src=\"https:\/\/pmza.sk\/wp-content\/uploads\/2024\/01\/IMG_3969-475x300.jpg\" class=\"attachment-thumbnail size-thumbnail\" alt=\"\" \/><\/a>\n\t\t\t<\/div><\/figure><figure class='gallery-item'>\n\t\t\t<div class='gallery-icon landscape'>\n\t\t\t\t<a href='https:\/\/pmza.sk\/wp-content\/uploads\/2024\/01\/IMG_3867.jpg'><img loading=\"lazy\" decoding=\"async\" width=\"475\" height=\"300\" src=\"https:\/\/pmza.sk\/wp-content\/uploads\/2024\/01\/IMG_3867-475x300.jpg\" class=\"attachment-thumbnail size-thumbnail\" alt=\"\" \/><\/a>\n\t\t\t<\/div><\/figure><figure class='gallery-item'>\n\t\t\t<div class='gallery-icon landscape'>\n\t\t\t\t<a href='https:\/\/pmza.sk\/wp-content\/uploads\/2024\/01\/IMG_4026.jpg'><img loading=\"lazy\" decoding=\"async\" width=\"475\" height=\"300\" src=\"https:\/\/pmza.sk\/wp-content\/uploads\/2024\/01\/IMG_4026-475x300.jpg\" class=\"attachment-thumbnail size-thumbnail\" alt=\"\" \/><\/a>\n\t\t\t<\/div><\/figure><figure class='gallery-item'>\n\t\t\t<div class='gallery-icon landscape'>\n\t\t\t\t<a href='https:\/\/pmza.sk\/wp-content\/uploads\/2024\/01\/IMG_4021.jpg'><img loading=\"lazy\" decoding=\"async\" width=\"475\" height=\"300\" src=\"https:\/\/pmza.sk\/wp-content\/uploads\/2024\/01\/IMG_4021-475x300.jpg\" class=\"attachment-thumbnail size-thumbnail\" alt=\"\" \/><\/a>\n\t\t\t<\/div><\/figure><figure class='gallery-item'>\n\t\t\t<div class='gallery-icon landscape'>\n\t\t\t\t<a href='https:\/\/pmza.sk\/wp-content\/uploads\/2024\/01\/IMG_3991.jpg'><img loading=\"lazy\" decoding=\"async\" width=\"475\" height=\"300\" src=\"https:\/\/pmza.sk\/wp-content\/uploads\/2024\/01\/IMG_3991-475x300.jpg\" class=\"attachment-thumbnail size-thumbnail\" alt=\"\" \/><\/a>\n\t\t\t<\/div><\/figure><figure class='gallery-item'>\n\t\t\t<div class='gallery-icon landscape'>\n\t\t\t\t<a href='https:\/\/pmza.sk\/wp-content\/uploads\/2024\/01\/IMG_4023.jpg'><img loading=\"lazy\" decoding=\"async\" width=\"475\" height=\"300\" src=\"https:\/\/pmza.sk\/wp-content\/uploads\/2024\/01\/IMG_4023-475x300.jpg\" class=\"attachment-thumbnail size-thumbnail\" alt=\"\" \/><\/a>\n\t\t\t<\/div><\/figure><figure class='gallery-item'>\n\t\t\t<div class='gallery-icon landscape'>\n\t\t\t\t<a href='https:\/\/pmza.sk\/wp-content\/uploads\/2024\/01\/IMG_3906.jpg'><img loading=\"lazy\" decoding=\"async\" width=\"475\" height=\"300\" src=\"https:\/\/pmza.sk\/wp-content\/uploads\/2024\/01\/IMG_3906-475x300.jpg\" class=\"attachment-thumbnail size-thumbnail\" alt=\"\" \/><\/a>\n\t\t\t<\/div><\/figure><figure class='gallery-item'>\n\t\t\t<div class='gallery-icon landscape'>\n\t\t\t\t<a href='https:\/\/pmza.sk\/wp-content\/uploads\/2024\/01\/IMG_4027.jpg'><img loading=\"lazy\" decoding=\"async\" width=\"475\" height=\"300\" src=\"https:\/\/pmza.sk\/wp-content\/uploads\/2024\/01\/IMG_4027-475x300.jpg\" class=\"attachment-thumbnail size-thumbnail\" alt=\"\" \/><\/a>\n\t\t\t<\/div><\/figure><figure class='gallery-item'>\n\t\t\t<div class='gallery-icon landscape'>\n\t\t\t\t<a href='https:\/\/pmza.sk\/wp-content\/uploads\/2024\/01\/IMG_3995.jpg'><img loading=\"lazy\" decoding=\"async\" width=\"475\" height=\"300\" src=\"https:\/\/pmza.sk\/wp-content\/uploads\/2024\/01\/IMG_3995-475x300.jpg\" class=\"attachment-thumbnail size-thumbnail\" alt=\"\" \/><\/a>\n\t\t\t<\/div><\/figure>\n\t\t<\/div>\n<hr \/><p><strong>V\u00fdstava predmetov o textilnej v\u00fdrobe na pohrani\u010dnom \u00fazem\u00ed<\/strong><\/p><p>Na podujatiach si mohli n\u00e1v\u0161tevn\u00edci v\u00a0podkrov\u00ed Budat\u00ednskeho hradu pozrie\u0165 aj r\u00f4zne zauj\u00edmav\u00e9 zbierkov\u00e9 predmety \u00a0Pova\u017esk\u00e9ho m\u00fazea a\u00a0M\u00fazea Besk\u00fdd vo Fr\u00fddku-M\u00edstku, zachyt\u00e1vaj\u00face textiln\u00fa v\u00fdrobu v cezhrani\u010dnom priestore. I\u0161lo napr\u00edklad o\u00a0n\u00e1stroje pou\u017e\u00edvan\u00e9 na spracovanie \u013eanu alebo ov\u010dieho r\u00facha, pradenie. Z\u00a0priemyselnej textilnej produkcie bola vystaven\u00e1 zbierka fotografi\u00ed z\u00a0v\u00fdstavby \u017eilinskej textilnej fabriky v\u00a0roku 1890, alebo vzorkovnice text\u00edli\u00ed z\u00a0fabr\u00edk vo Fr\u00fddku-M\u00edstku.<\/p><\/div>\n\t\t\t\t\t<\/div><div class=\"eael-accordion-list\">\n\t\t\t\t\t<div id=\"hrad-streno-skvost-povaia\" class=\"elementor-tab-title eael-accordion-header\" tabindex=\"0\" data-tab=\"3\" aria-controls=\"elementor-tab-content-5133\"><span class=\"eael-advanced-accordion-icon-closed\"><i aria-hidden=\"true\" class=\"fa-accordion-icon fas fa-newspaper\"><\/i><\/span><span class=\"eael-advanced-accordion-icon-opened\"><i aria-hidden=\"true\" class=\"fa-accordion-icon fas fa-minus\"><\/i><\/span><span class=\"eael-accordion-tab-title\">Hrad Stre\u010dno \u2013 skvost Pova\u017eia<\/span><i aria-hidden=\"true\" class=\"fa-toggle fas fa-angle-right\"><\/i><\/div><div id=\"elementor-tab-content-5133\" class=\"eael-accordion-content clearfix\" data-tab=\"3\" aria-labelledby=\"hrad-streno-skvost-povaia\"><p><a href=\"https:\/\/pmza.sk\/wp-content\/uploads\/2010\/06\/skvost-povazia-1.jpg\"><img loading=\"lazy\" decoding=\"async\" class=\"aligncenter wp-image-797 size-full\" title=\"skvost povazia\" src=\"https:\/\/pmza.sk\/wp-content\/uploads\/2010\/06\/skvost-povazia-1.jpg\" alt=\"\" width=\"400\" height=\"197\" \/><\/a><\/p><ul><li>Zdroj financovania: Eur\u00f3psky fond region\u00e1lneho rozvoja, Program cezhrani\u010dnej spolupr\u00e1ce Po\u013esko \u2013 Slovensk\u00e1 republika 2007 &#8211; 2013<\/li><li>Prioritn\u00e1 os: 3. : Podpora miestnych iniciat\u00edv (mikroprojekty)<\/li><li>V\u00fd\u0161ka nen\u00e1vratn\u00e9ho finan\u010dn\u00e9ho pr\u00edspevku: 58\u00a0820 \u20ac<\/li><li>D\u00e1tum schv\u00e1lenia \u017eiadosti : 24.septembra 2009<\/li><\/ul><p><span style=\"color: #ffffff\">.<\/span><\/p><h3>1. Hlavn\u00e9 ciele projektu<\/h3><p>Projekt sl\u00fa\u017ei na podporu cezhrani\u010dnej spolupr\u00e1ce medzi Pova\u017esk\u00fdm m\u00fazeom v \u017diline a jeho partnerom \u2013 obec\u00a0\u00a0\u015alemie\u0144 (Sliezske vojvodstvo), na spolo\u010dn\u00e9 stret\u00e1vanie sa dvoch slovansk\u00fdch n\u00e1rodov, nako\u013eko doteraj\u0161ia spolupr\u00e1ca v r\u00e1mci v\u00fdmenn\u00fdch kult\u00farno-v\u00fdchovn\u00fdch aktiv\u00edt nebola dosta\u010duj\u00faca.<\/p><p>Na tento projekt nadv\u00e4zuje \u010fal\u0161\u00ed pripravovan\u00fd ve\u013ek\u00fd projekt s obcou \u015alemie\u0144 v Programe cezhrani\u010dnej spolupr\u00e1ce Po\u013esko \u2013 Slovensk\u00e1 republika (Stredovek\u00e1 dedina), \u010d\u00edm je zaisten\u00e1 \u010fal\u0161ia udr\u017eate\u013enos\u0165 vz\u00e1jomn\u00e9ho stret\u00e1vania sa a nadv\u00e4zovania kontaktov.<\/p><p>Medzin\u00e1rodn\u00e9 kult\u00farne a umeleck\u00e9 podujatia tvoria podstatn\u00fd rozmer cezhrani\u010dnej spolupr\u00e1ce.\u00a0Festivaly,s\u00fa\u0165a\u017ee,v\u00fdstavy a folkl\u00f3rne podujatia prispievaj\u00fa k nadv\u00e4zovaniu priamych kontaktov medzi miestnymi komunitami a samospr\u00e1vami Po\u013eskej a Slovenskej republiky.<\/p><p><span style=\"color: #ffffff\">.<\/span><\/p><h3>2. Implementa\u010dn\u00e9 aktivity projektu<\/h3><p>Kult\u00farno-v\u00fdchovn\u00fdmi aktivitami sa rozumie v\u00fdmena \u00fa\u010dinkuj\u00facich, organizovanie po\u013esko-slovensk\u00fdch dn\u00ed (hudobn\u00e9 a folkl\u00f3rne skupiny, zvykoslovie, predstavenie \u0161ermiarskych a sokoliarskych skup\u00edn, v\u00fdmena v\u00fdstav, zapojenie sa mladej gener\u00e1cie do spozn\u00e1vania hist\u00f3rie).<\/p><p>Aktivity, ako Hradn\u00e1 \u0161kola pre z\u00e1kladn\u00e9 \u0161koly z Po\u013eska a Slovenska d\u00e1va mo\u017enos\u0165\u00a0spozna\u0165 \u017eivot na stredovekom hrade cez vyst\u00fapenia sokoliarov a \u0161ermiarov, nadviaza\u0165 medzi mladou gener\u00e1ciou nov\u00e9 priate\u013estv\u00e1, spozn\u00e1va\u0165 mentality a podobn\u00fa lingvistiku na\u0161ich jazykov.<\/p><p>V r\u00e1mci slovensko-po\u013esk\u00e9ho v\u00edkendu na hrade Stre\u010dno je pl\u00e1novan\u00e1 no\u010dn\u00e1 prehliadka hradu. Z tohto d\u00f4vodu je nutn\u00e1 rekon\u0161trukcia\u00a0\u00a0osvetlenia, \u010d\u00edm bude vytvoren\u00e9 e\u0161te atrakt\u00edvnej\u0161ie a bezpe\u010dnej\u0161ie\u00a0\u00a0prostredie pre \u00fa\u010dastn\u00edkov projektu a ostatn\u00fdch n\u00e1v\u0161tevn\u00edkov hradu. Vydan\u00edm spolo\u010dn\u00e9ho informa\u010dn\u00e9ho materi\u00e1lu o hrade Stre\u010dno a obci \u015alemie\u0144 v po\u013esko-slovenskom jazyku sa sleduje nov\u00fd rozmer bud\u00faceho\u00a0\u00a0partnerstva.<\/p><p>N\u00e1v\u0161tevou slovensk\u00fdch det\u00ed a \u010fal\u0161\u00edch \u00fa\u010dastn\u00edkov projektu v Sliezskom kraji (m\u00faze\u00e1, historick\u00e9 pamiatky) sa roz\u0161\u00edri obzor o \u017eivote po\u013esk\u00e9ho partnera s cie\u013eom stoto\u017enenia sa s kult\u00farou a\u00a0\u00a0a jeho prostred\u00edm.<\/p><p><span style=\"color: #ffffff\">.<\/span><\/p><h3>3. Cie\u013eov\u00e1 skupina projektu<\/h3><h3>Projekt m\u00e1 pozit\u00edvny dopad na cie\u013eov\u00e9 skupiny, ktor\u00fdmi s\u00fa \u00fa\u010dastn\u00edci pl\u00e1novan\u00fdch aktiv\u00edt, deti z\u00e1kladn\u00fdch \u0161k\u00f4l zo Slovenska a Po\u013eska. Snahou projektu je \u010do naj\u0161ir\u0161ej komunite pon\u00faknu\u0165 mo\u017enosti stret\u00e1vani sa oboch n\u00e1rodov \u010di je to cez dospel\u00fdch alebo mlad\u00fa gener\u00e1ciu.<\/h3><h3>4. \u010casov\u00fd harmonogram projektu<\/h3><p><strong>4. -5. j\u00fan 2010<br \/>Slovensko-po\u013esk\u00fd v\u00edkend<\/strong><\/p><p>No\u010dn\u00e1 prehliadka hradu Stre\u010dno spojen\u00e1 s kult\u00farnym programom a stredovekou ve\u010derou.<br \/>N\u00e1v\u0161teva Objektov \u013eudovej architekt\u00fary v \u010ci\u010dmanoch.<\/p><p><a href=\"https:\/\/pmza.sk\/wp-content\/uploads\/2010\/06\/poliaci-na-Strecne-a-v-Cicmanoch-scaled-1.jpg\"><img loading=\"lazy\" decoding=\"async\" class=\"alignnone wp-image-1440 size-full\" title=\"poliaci na Strecne a v Cicmanoch\" src=\"https:\/\/pmza.sk\/wp-content\/uploads\/2010\/06\/poliaci-na-Strecne-a-v-Cicmanoch-scaled-1.jpg\" alt=\"\" width=\"1817\" height=\"2560\" srcset=\"https:\/\/pmza.sk\/wp-content\/uploads\/2010\/06\/poliaci-na-Strecne-a-v-Cicmanoch-scaled-1.jpg 1817w, https:\/\/pmza.sk\/wp-content\/uploads\/2010\/06\/poliaci-na-Strecne-a-v-Cicmanoch-scaled-1-600x845.jpg 600w, https:\/\/pmza.sk\/wp-content\/uploads\/2010\/06\/poliaci-na-Strecne-a-v-Cicmanoch-scaled-1-256x360.jpg 256w, https:\/\/pmza.sk\/wp-content\/uploads\/2010\/06\/poliaci-na-Strecne-a-v-Cicmanoch-scaled-1-522x736.jpg 522w, https:\/\/pmza.sk\/wp-content\/uploads\/2010\/06\/poliaci-na-Strecne-a-v-Cicmanoch-scaled-1-768x1082.jpg 768w, https:\/\/pmza.sk\/wp-content\/uploads\/2010\/06\/poliaci-na-Strecne-a-v-Cicmanoch-scaled-1-1090x1536.jpg 1090w, https:\/\/pmza.sk\/wp-content\/uploads\/2010\/06\/poliaci-na-Strecne-a-v-Cicmanoch-scaled-1-1454x2048.jpg 1454w\" sizes=\"(max-width: 1817px) 100vw, 1817px\" \/><\/a><\/p><p><span style=\"color: #ffffff\">.<\/span><a href=\"https:\/\/pmza.sk\/wp-content\/uploads\/2010\/06\/2.den_.jpg\"><img loading=\"lazy\" decoding=\"async\" class=\"alignnone wp-image-1918 size-full\" title=\"2.den\" src=\"https:\/\/pmza.sk\/wp-content\/uploads\/2010\/06\/2.den_.jpg\" alt=\"\" width=\"2402\" height=\"1642\" srcset=\"https:\/\/pmza.sk\/wp-content\/uploads\/2010\/06\/2.den_.jpg 2402w, https:\/\/pmza.sk\/wp-content\/uploads\/2010\/06\/2.den_-600x410.jpg 600w, https:\/\/pmza.sk\/wp-content\/uploads\/2010\/06\/2.den_-527x360.jpg 527w, https:\/\/pmza.sk\/wp-content\/uploads\/2010\/06\/2.den_-1077x736.jpg 1077w, https:\/\/pmza.sk\/wp-content\/uploads\/2010\/06\/2.den_-768x525.jpg 768w, https:\/\/pmza.sk\/wp-content\/uploads\/2010\/06\/2.den_-1536x1050.jpg 1536w, https:\/\/pmza.sk\/wp-content\/uploads\/2010\/06\/2.den_-2048x1400.jpg 2048w\" sizes=\"(max-width: 2402px) 100vw, 2402px\" \/><\/a><\/p><p><strong>.<br \/>23. j\u00fan 2010<br \/>Hradn\u00e1 \u0161kola na hrade Stre\u010dno<\/strong><\/p><p><a href=\"https:\/\/pmza.sk\/wp-content\/uploads\/2010\/06\/foto_hradna-skola-scaled-1.jpg\"><img loading=\"lazy\" decoding=\"async\" class=\"alignnone wp-image-1438 size-full\" title=\"foto_hradna skola\" src=\"https:\/\/pmza.sk\/wp-content\/uploads\/2010\/06\/foto_hradna-skola-scaled-1.jpg\" alt=\"\" width=\"1809\" height=\"2560\" srcset=\"https:\/\/pmza.sk\/wp-content\/uploads\/2010\/06\/foto_hradna-skola-scaled-1.jpg 1809w, https:\/\/pmza.sk\/wp-content\/uploads\/2010\/06\/foto_hradna-skola-scaled-1-600x849.jpg 600w, https:\/\/pmza.sk\/wp-content\/uploads\/2010\/06\/foto_hradna-skola-scaled-1-254x360.jpg 254w, https:\/\/pmza.sk\/wp-content\/uploads\/2010\/06\/foto_hradna-skola-scaled-1-520x736.jpg 520w, https:\/\/pmza.sk\/wp-content\/uploads\/2010\/06\/foto_hradna-skola-scaled-1-768x1087.jpg 768w, https:\/\/pmza.sk\/wp-content\/uploads\/2010\/06\/foto_hradna-skola-scaled-1-1085x1536.jpg 1085w, https:\/\/pmza.sk\/wp-content\/uploads\/2010\/06\/foto_hradna-skola-scaled-1-1447x2048.jpg 1447w\" sizes=\"(max-width: 1809px) 100vw, 1809px\" \/><\/a><\/p><p>Pova\u017esk\u00e9 m\u00fazeum ka\u017edoro\u010dne organizuje pre z\u00e1kladn\u00e9 \u0161koly na hrade Stre\u010dno eduka\u010dn\u00fd program pod n\u00e1zvom Hradn\u00e1 \u0161kola. Pre \u00fa\u010dastn\u00edkov pozn\u00e1vacieho z\u00e1jazdu det\u00ed z\u00e1kladnej \u0161koly z obce \u015alemie\u0144 a obce Stre\u010dno bude zrealizovan\u00e1 medzin\u00e1rodn\u00e1 hradn\u00e1 \u0161kola. N\u00e1pl\u0148ou Hradnej \u0161koly je akt\u00edvne vstupova\u0165 do eduka\u010dn\u00e9ho programu. Spr\u00edstupnenie malej archeologickej lokality, kde deti bud\u00fa ma\u0165 mo\u017enos\u0165 h\u013eada\u0165 archeologick\u00e9 n\u00e1lezy, spozna\u0165 hist\u00f3riu hrn\u010diarskeho a\u00a0drot\u00e1rskeho\u00a0\u00a0remesla.. Odborn\u00ed pracovn\u00edci pripravia zauj\u00edmav\u00e9 t\u00e9my zo \u017eivota v\u00a0\u010dasoch d\u00e1vno minul\u00fdch. Stredovek\u00fa atmosf\u00e9ru hradu pribl\u00ed\u017eia \u0161ermiari, sokoliari.\u00a0\u00a0Na z\u00e1ver d\u0148a\u00a0\u00a0je pripraven\u00e9 prekvapenie \u2013 vypustenie bal\u00f3nikov s\u00a0karti\u010dkou s\u00a0uveden\u00edm sp\u00e4tnej adresy. T\u00fdmto tie\u017e sledujeme nadviazanie nov\u00fdch kontaktov, nako\u013eko u\u00a0n\u00e1s nie je more, aby sme cez odkaz vo f\u013ea\u0161i poslali spr\u00e1vu, my to urob\u00edme cez oblaky.<\/p><p><strong>okt\u00f3ber 2010<\/strong><br \/><strong>Po\u013esko-slovensk\u00fd v\u00edkend<\/strong><\/p><p><a href=\"https:\/\/pmza.sk\/wp-content\/uploads\/2010\/06\/foto_slov-scaled-1.jpg\"><img loading=\"lazy\" decoding=\"async\" class=\"alignnone wp-image-1444 size-full\" title=\"foto_slov\" src=\"https:\/\/pmza.sk\/wp-content\/uploads\/2010\/06\/foto_slov-scaled-1.jpg\" alt=\"\" width=\"1798\" height=\"2560\" srcset=\"https:\/\/pmza.sk\/wp-content\/uploads\/2010\/06\/foto_slov-scaled-1.jpg 1798w, https:\/\/pmza.sk\/wp-content\/uploads\/2010\/06\/foto_slov-scaled-1-600x854.jpg 600w, https:\/\/pmza.sk\/wp-content\/uploads\/2010\/06\/foto_slov-scaled-1-253x360.jpg 253w, https:\/\/pmza.sk\/wp-content\/uploads\/2010\/06\/foto_slov-scaled-1-517x736.jpg 517w, https:\/\/pmza.sk\/wp-content\/uploads\/2010\/06\/foto_slov-scaled-1-768x1093.jpg 768w, https:\/\/pmza.sk\/wp-content\/uploads\/2010\/06\/foto_slov-scaled-1-1079x1536.jpg 1079w, https:\/\/pmza.sk\/wp-content\/uploads\/2010\/06\/foto_slov-scaled-1-1438x2048.jpg 1438w\" sizes=\"(max-width: 1798px) 100vw, 1798px\" \/><\/a><a href=\"https:\/\/pmza.sk\/wp-content\/uploads\/2010\/06\/Pracovnici-v-Polsku-scaled-1.jpg\"><img loading=\"lazy\" decoding=\"async\" class=\"alignnone wp-image-1447 size-full\" title=\"Pracovnici v Polsku\" src=\"https:\/\/pmza.sk\/wp-content\/uploads\/2010\/06\/Pracovnici-v-Polsku-scaled-1.jpg\" alt=\"\" width=\"1787\" height=\"2560\" srcset=\"https:\/\/pmza.sk\/wp-content\/uploads\/2010\/06\/Pracovnici-v-Polsku-scaled-1.jpg 1787w, https:\/\/pmza.sk\/wp-content\/uploads\/2010\/06\/Pracovnici-v-Polsku-scaled-1-600x860.jpg 600w, https:\/\/pmza.sk\/wp-content\/uploads\/2010\/06\/Pracovnici-v-Polsku-scaled-1-251x360.jpg 251w, https:\/\/pmza.sk\/wp-content\/uploads\/2010\/06\/Pracovnici-v-Polsku-scaled-1-514x736.jpg 514w, https:\/\/pmza.sk\/wp-content\/uploads\/2010\/06\/Pracovnici-v-Polsku-scaled-1-768x1100.jpg 768w, https:\/\/pmza.sk\/wp-content\/uploads\/2010\/06\/Pracovnici-v-Polsku-scaled-1-1072x1536.jpg 1072w, https:\/\/pmza.sk\/wp-content\/uploads\/2010\/06\/Pracovnici-v-Polsku-scaled-1-1430x2048.jpg 1430w\" sizes=\"(max-width: 1787px) 100vw, 1787px\" \/><\/a><\/p><p>Slovensk\u00e9 deti bud\u00fa spozn\u00e1va\u0165 prostredie svojich kamar\u00e1tov cez pozn\u00e1vac\u00ed v\u00fdlet do \u015alemienu a\u00a0bl\u00edzkeho okolia. Tak isto \u00fa\u010dastn\u00edci 2-d\u0148ov\u00e9ho pozn\u00e1vacieho z\u00e1jazdu V\u00a0Sliezskom vojvodstve spoznaj\u00fa \u015alemien a\u00a0okolie, stretn\u00fa sa z\u00a0jeho obyvate\u013emi, spoznaj\u00fa folkl\u00f3r, n\u00e1rodn\u00fa kuchy\u0148u.<\/p><p><strong>december 2010<br \/>Viano\u010dn\u00e9 zvykoslovie Sliezskeho vojvodstva.<\/strong><br \/>Po\u010das viano\u010dn\u00e9ho obdobia bud\u00fa \u00fa\u010dinkova\u0165 pre n\u00e1v\u0161tevn\u00edkov hradu folkl\u00f3rne skupiny zo Stre\u010dna a\u00a0zo \u015alemie\u0144u so svojimi zvykmi, gastron\u00f3miou, ktor\u00e9 s\u00fa typick\u00e9\u00a0\u00a0pre toto obdobie.<\/p><p><strong>5. Pr\u00ednos projektu<\/strong><\/p><p>Napriek tomu, \u017ee sa jedn\u00e1 o jednoduch\u00fd projekt , cezhrani\u010dn\u00e1 spolupr\u00e1ca je prospe\u0161n\u00e1 a podnetn\u00e1 pre obe strany. Po\u013esk\u00ed partneri spoznaj\u00fa expoz\u00edcie Pova\u017esk\u00e9ho m\u00fazea v \u017diline a obce v intravil\u00e1ne, v ktor\u00fdch s\u00fa expoz\u00edcie. \u00da\u010dastn\u00edci pozn\u00e1vacieho z\u00e1jazdu\u00a0\u00a0bud\u00fa ma\u0165 mo\u017enos\u0165 spozna\u0165 lokalitu Sliezskeho kraja a obec \u015alemie\u0144.\u00a0\u00a0Nezanedbate\u013en\u00fdm aspektom je zapojenie det\u00ed z\u00e1kladn\u00fdch \u0161k\u00f4l oboch str\u00e1n do projektu cez hist\u00f3riu hradu Stre\u010dno \u2013 Hradn\u00e1 \u0161kola.<\/p><p>Do tohto projektu je zapojen\u00e1 aj obec Stre\u010dno, ktor\u00e1 zabezpe\u010d\u00ed kult\u00farne zlo\u017eky,v nej existuj\u00face. A to detsk\u00fd folkl\u00f3rny s\u00fabor H\u00e1jov\u010dek a dychov\u00fa hudbu. Hudobn\u00e9 zoskupenie \u2013 Flatus Vocis taktie\u017e poch\u00e1dza z obce Stre\u010dno.\u00a0\u00a0Spolupr\u00e1ca bude pokra\u010dova\u0165 aj po ukon\u010den\u00ed projektu organizovan\u00edm v\u00fdstav \u2013 partner prejavil z\u00e1ujem o v\u00fdstavu s drot\u00e1rskou t\u00e9matikou.<\/p><\/div>\n\t\t\t\t\t<\/div><div class=\"eael-accordion-list\">\n\t\t\t\t\t<div id=\"stredovek-ako-neobmedzen-zdroj-inpircie\" class=\"elementor-tab-title eael-accordion-header\" tabindex=\"0\" data-tab=\"4\" aria-controls=\"elementor-tab-content-5134\"><span class=\"eael-advanced-accordion-icon-closed\"><i aria-hidden=\"true\" class=\"fa-accordion-icon fas fa-newspaper\"><\/i><\/span><span class=\"eael-advanced-accordion-icon-opened\"><i aria-hidden=\"true\" class=\"fa-accordion-icon fas fa-minus\"><\/i><\/span><span class=\"eael-accordion-tab-title\">Stredovek ako neobmedzen\u00fd zdroj in\u0161pir\u00e1cie<\/span><i aria-hidden=\"true\" class=\"fa-toggle fas fa-angle-right\"><\/i><\/div><div id=\"elementor-tab-content-5134\" class=\"eael-accordion-content clearfix\" data-tab=\"4\" aria-labelledby=\"stredovek-ako-neobmedzen-zdroj-inpircie\"><p><a href=\"https:\/\/pmza.sk\/wp-content\/uploads\/2013\/06\/Grafika13.jpg\"><img loading=\"lazy\" decoding=\"async\" class=\"aligncenter wp-image-7703 size-full\" title=\"Grafika1\" src=\"https:\/\/pmza.sk\/wp-content\/uploads\/2013\/06\/Grafika13.jpg\" alt=\"\" width=\"1601\" height=\"624\" srcset=\"https:\/\/pmza.sk\/wp-content\/uploads\/2013\/06\/Grafika13.jpg 1601w, https:\/\/pmza.sk\/wp-content\/uploads\/2013\/06\/Grafika13-600x234.jpg 600w, https:\/\/pmza.sk\/wp-content\/uploads\/2013\/06\/Grafika13-570x222.jpg 570w, https:\/\/pmza.sk\/wp-content\/uploads\/2013\/06\/Grafika13-1170x456.jpg 1170w, https:\/\/pmza.sk\/wp-content\/uploads\/2013\/06\/Grafika13-768x299.jpg 768w, https:\/\/pmza.sk\/wp-content\/uploads\/2013\/06\/Grafika13-1536x599.jpg 1536w\" sizes=\"(max-width: 1601px) 100vw, 1601px\" \/><\/a><\/p><ul><li>Zdroj financovania: Eur\u00f3psky fond region\u00e1lneho rozvoja, Program cezhrani\u010dnej spolupr\u00e1ce Po\u013esko \u2013 Slovensk\u00e1 republika 2007 &#8211; 2013<\/li><li>Prioritn\u00e1 os: 3. : Podpora miestnych iniciat\u00edv (mikroprojekty)<\/li><li>V\u00fd\u0161ka nen\u00e1vratn\u00e9ho finan\u010dn\u00e9ho pr\u00edspevku: 49\u00a0997 eur<\/li><\/ul><p><span style=\"color: #ffffff\">.<\/span><\/p><h3>1. Hlavn\u00e9 ciele projektu<\/h3><p>Projekt sl\u00fa\u017ei na cezhrani\u010dn\u00fa spolupr\u00e1cu medzi Pova\u017esk\u00fdm m\u00fazeom v\u00a0\u017diline a\u00a0partnerom Nad\u00e1ciou Kamoj\u00f3wka, stret\u00e1vanie sa dvoch slovansk\u00fdch n\u00e1rodov. Spolupr\u00e1ca je o\u00a0to zauj\u00edmavej\u0161ia, \u017ee sa jedn\u00e1 o\u00a0spolupr\u00e1cu m\u00fazea a\u00a0nad\u00e1cie. Hlavn\u00fdm cie\u013eom je zv\u00fd\u0161enie a roz\u0161\u00edrenie atrakt\u00edvnosti\u00a0 obidvoch kult\u00farnych in\u0161tit\u00faci\u00ed a celkovo regi\u00f3nu a vytvori\u0165 stabiln\u00fd z\u00e1klad na d\u00f4vern\u00fa dlhoro\u010dn\u00fa spolupr\u00e1cu v cezhrani\u010dnom regi\u00f3ne. Obidvaja partneri maj\u00fa vytvoren\u00fd v projekte priestor na spolo\u010dn\u00e9 stretnutia, v\u00fdmenu svojich osobitn\u00fdch kult\u00farnych vlastnost\u00ed a zauj\u00edmavost\u00ed v praktickej forme. Prezent\u00e1ciou tradi\u010dn\u00fdch stredovek\u00fdch \u00a0remesiel a\u00a0uk\u00e1\u017eky stredovekej bitky je n\u00e1v\u0161tevn\u00edk \u00fa\u010dastn\u00edkom \u00a0\u017eivej formy hist\u00f3rie.<\/p><h3>2. Implementa\u010dn\u00e9 aktivity projektu<\/h3><p>Vz\u00e1jomn\u00e1 v\u00fdmena \u00fa\u010dinkuj\u00facich a\u00a0remeseln\u00edkov rie\u0161i vytv\u00e1ranie nov\u00fdch kontaktov, verejnos\u0165 bude ma\u0165 mo\u017enos\u0165 lep\u0161ie spozna\u0165 naturel partnera prostredn\u00edctvom spolo\u010dn\u00fdch aktiv\u00edt. Uk\u00e1\u017ekou remesiel cezhrani\u010dn\u00e9ho partnera bud\u00fa n\u00e1v\u0161tevn\u00edci konfrontovan\u00ed s\u00a0t\u00fdm, \u010do poznaj\u00fa so svojho bezprostredn\u00e9ho okolia s\u00a0t\u00fdm, \u010do im cez prezentovanie remesiel pon\u00fakneme. N\u00e1v\u0161tevou partnera \u00fa\u010dastn\u00edci m\u00f4\u017eu spozna\u0165 prostredie partnera, in\u00e9 m\u00faze\u00e1 a\u00a0ich mo\u017enosti fungovania a\u00a0prezentovania smerom k\u00a0n\u00e1v\u0161tevn\u00edkom v\u00a0cezhrani\u010dnej oblasti. Organizovan\u00edm spolo\u010dn\u00fdch v\u00fdstav a\u00a0kult\u00farno-spolo\u010densk\u00fdch aktiv\u00edt, historickej bitky a\u00a0spolo\u010dn\u00fdmi n\u00e1v\u0161tevami sa odb\u00fara jazykov\u00e1 bari\u00e9ra a\u00a0t\u00fdm sa upevn\u00ed spolo\u010dn\u00e1 komunik\u00e1cia a\u00a0vz\u00e1jomn\u00e9 porozumenie. Nemenej zauj\u00edmav\u00fdm prvkom v\u00a0pripravovan\u00fdch aktivit\u00e1ch je prezent\u00e1cia slovensk\u00fdch \u0161pecial\u00edt u\u00a0partnera, spolo\u010dn\u00e9 posedenie s\u00a0kult\u00farnym programom pri vernis\u00e1\u017ei v\u00fdstavy. Pri organizovan\u00ed dn\u00ed remesiel na hrade Stre\u010dno bud\u00fa spolo\u010dne po\u013esk\u00ed a\u00a0slovensk\u00ed remeseln\u00edci predv\u00e1dza\u0165 uk\u00e1\u017eky postupov stredovek\u00fdch remesiel \u00a0a\u00a0v\u00fdstupom projektu bude vydanie publik\u00e1cie o\u00a0stredovek\u00fdch remesl\u00e1ch a\u00a0ich vplyve na s\u00fa\u010dasn\u00e9 remesl\u00e1. V\u00a0r\u00e1mci investi\u010dn\u00fdch n\u00e1kladov bud\u00fa vybudovan\u00e9 dreven\u00e9 pr\u00edstre\u0161ky potrebn\u00e9 na prezent\u00e1ciu remesiel a\u00a0jeden mobiln\u00fd pr\u00edstre\u0161ok.<\/p><h3>3. Cie\u013eov\u00e1 skupina projektu<\/h3><p>Cie\u013eovou skupinou cezhrani\u010dnej spolupr\u00e1ce s\u00fa \u00fa\u010dastn\u00edci pl\u00e1novan\u00fdch aktiv\u00edt zo Slovenska a\u00a0Po\u013eska. Snahou projektu je \u010do naj\u0161ir\u0161ej komunite pon\u00faknu\u0165 mo\u017enos\u0165 stretnutia sa oboch n\u00e1rodov \u010di je to cez dospel\u00fdch, alebo mlad\u00fa gener\u00e1ciu. Cie\u013eovou skupinou s\u00fa samozrejme aj n\u00e1v\u0161tevn\u00edci hradu Stre\u010dno.<\/p><h3>4. \u010casov\u00fd harmonogram projektu<\/h3><p>november &#8211; m\u00e1j 2013 Vybudovanie dreven\u00fdch pr\u00edstre\u0161kov na hrade Stre\u010dno j\u00fan 2013 Stredovek\u00fd de\u0148 v Suszci, v\u00fdstava a prezent\u00e1cia slovensk\u00fdch \u0161pecial\u00edt j\u00fan 2013 Dvojd\u0148ov\u00fd pozn\u00e1vac\u00ed v\u00fdlet k partnerovi j\u00fal 2013 Vydanie publik\u00e1cie o stredovek\u00fdch remesl\u00e1ch september 2013 Dni remesiel na hrade Stre\u010dno<\/p><h3>5. Pr\u00ednos projektu\/cezhrani\u010dn\u00fd dopad<\/h3><p>Slovensk\u00ed \u00fa\u010dastn\u00edci pozn\u00e1vacieho v\u00fdletu bud\u00fa ma\u0165 mo\u017enos\u0165 spozna\u0165 lokalitu partnera. Spolo\u010dn\u00fdm organizovan\u00edm aktiv\u00edt uveden\u00fdch v projekte je vytvoren\u00fd vz\u00e1jomn\u00fd komunika\u010dn\u00fd kan\u00e1l. Rie\u0161ia sa organiza\u010dn\u00e9 z\u00e1le\u017eitosti naplnenia projektu, probl\u00e9my vzniknut\u00e9 po\u010das realiz\u00e1cie. Nadviazan\u00e9 vz\u00e1jomn\u00e9 vz\u0165ahy medzi Pova\u017esk\u00fdm m\u00fazeom v \u017diline a\u00a0Nad\u00e1ciou Kamoj\u00f3wka \u00a0s\u00fa \u00a0d\u00f4le\u017eit\u00fdm prvkom pri v\u00fdmene sk\u00fasenost\u00ed ale aj realiz\u00e1cii \u010fal\u0161\u00edch spolo\u010dn\u00fdch projektov &#8211; v\u00fdmena v\u00fdstav, odborn\u00e9 konzult\u00e1cie, at\u010f.<\/p><\/div>\n\t\t\t\t\t<\/div><div class=\"eael-accordion-list\">\n\t\t\t\t\t<div id=\"stredoeurpsky-most-streno-hukvaldy\" class=\"elementor-tab-title eael-accordion-header\" tabindex=\"0\" data-tab=\"5\" aria-controls=\"elementor-tab-content-5135\"><span class=\"eael-advanced-accordion-icon-closed\"><i aria-hidden=\"true\" class=\"fa-accordion-icon fas fa-newspaper\"><\/i><\/span><span class=\"eael-advanced-accordion-icon-opened\"><i aria-hidden=\"true\" class=\"fa-accordion-icon fas fa-minus\"><\/i><\/span><span class=\"eael-accordion-tab-title\">Stredoeur\u00f3psky most \u2013 Stre\u010dno - Hukvaldy<\/span><i aria-hidden=\"true\" class=\"fa-toggle fas fa-angle-right\"><\/i><\/div><div id=\"elementor-tab-content-5135\" class=\"eael-accordion-content clearfix\" data-tab=\"5\" aria-labelledby=\"stredoeurpsky-most-streno-hukvaldy\"><p>\u00a0<\/p><p><strong>Stredoeur\u00f3psky most \u2013 Stre\u010dno &#8211; Hukvaldy<br \/><\/strong><\/p><p><strong><a href=\"https\/\/pmza.sk\/wp-content\/uploads\/2011\/04\/108-logo_program.jpg\"><img loading=\"lazy\" decoding=\"async\" class=\"wp-image-6119 alignleft\" title=\"108-logo_program\" src=\"https:\/\/pmza.sk\/wp-content\/uploads\/2011\/04\/108-logo_program.jpg\" alt=\"\" width=\"332\" height=\"109\" srcset=\"https:\/\/pmza.sk\/wp-content\/uploads\/2011\/04\/108-logo_program.jpg 1126w, https:\/\/pmza.sk\/wp-content\/uploads\/2011\/04\/108-logo_program-600x197.jpg 600w, https:\/\/pmza.sk\/wp-content\/uploads\/2011\/04\/108-logo_program-570x187.jpg 570w, https:\/\/pmza.sk\/wp-content\/uploads\/2011\/04\/108-logo_program-768x252.jpg 768w\" sizes=\"(max-width: 332px) 100vw, 332px\" \/><\/a><a href=\"https:\/\/pmza.sk\/wp-content\/uploads\/2011\/04\/109-logo_eu.jpg\"><img loading=\"lazy\" decoding=\"async\" class=\"wp-image-6120 alignleft\" title=\"109-logo_eu\" src=\"https:\/\/pmza.sk\/wp-content\/uploads\/2011\/04\/109-logo_eu.jpg\" alt=\"\" width=\"358\" height=\"107\" srcset=\"https:\/\/pmza.sk\/wp-content\/uploads\/2011\/04\/109-logo_eu.jpg 1363w, https:\/\/pmza.sk\/wp-content\/uploads\/2011\/04\/109-logo_eu-600x180.jpg 600w, https:\/\/pmza.sk\/wp-content\/uploads\/2011\/04\/109-logo_eu-570x171.jpg 570w, https:\/\/pmza.sk\/wp-content\/uploads\/2011\/04\/109-logo_eu-1170x350.jpg 1170w, https:\/\/pmza.sk\/wp-content\/uploads\/2011\/04\/109-logo_eu-768x230.jpg 768w\" sizes=\"(max-width: 358px) 100vw, 358px\" \/><\/a><a href=\"https:\/\/pmza.sk\/wp-content\/uploads\/2011\/04\/trenciansky.jpg\"><img loading=\"lazy\" decoding=\"async\" class=\"wp-image-6121 alignleft\" title=\"trenciansky\" src=\"https:\/\/pmza.sk\/wp-content\/uploads\/2011\/04\/trenciansky.jpg\" alt=\"\" width=\"66\" height=\"105\" srcset=\"https:\/\/pmza.sk\/wp-content\/uploads\/2011\/04\/trenciansky.jpg 654w, https:\/\/pmza.sk\/wp-content\/uploads\/2011\/04\/trenciansky-600x950.jpg 600w, https:\/\/pmza.sk\/wp-content\/uploads\/2011\/04\/trenciansky-227x360.jpg 227w, https:\/\/pmza.sk\/wp-content\/uploads\/2011\/04\/trenciansky-465x736.jpg 465w\" sizes=\"(max-width: 66px) 100vw, 66px\" \/><\/a><br \/><\/strong><\/p><ul><li><strong>Zdroj financovania: Fond mikroprojektov \u2013 Opera\u010dn\u00fd program cezhrani\u010dnej spolupr\u00e1ce Slovensk\u00e1 republika \u2013 \u010cesk\u00e1 republika 2007 &#8211; 2013 <\/strong><\/li><li><strong>Celkov\u00e9 opr\u00e1vnen\u00e9 v\u00fddavky mikroprojektu : 23 530 \u20ac<\/strong><\/li><li><strong>Po\u017eadovan\u00e1 v\u00fd\u0161ka FP z ERDF: \u00a020 000 \u20ac<\/strong><\/li><li><strong>Partneri projektu \u2013 Pova\u017esk\u00e9 m\u00fazeum v \u017diline, Fond Jan\u00e1\u010dkovy Hukvaldy o.s.<\/strong><\/li><\/ul><p><strong>1. Hlavn\u00e9 ciele projektu<\/strong><\/p><p>Cie\u013eom projektu je zalo\u017eenie trad\u00edcie spolupr\u00e1ce medzi slovensk\u00fdm a\u00a0\u010desk\u00fdm partnerom, a to realiz\u00e1ciou spolo\u010dn\u00fdch v\u00fdstav, organizovan\u00ed v\u00fdmenn\u00fdch podujat\u00ed, vydan\u00edm spolo\u010dn\u00fdch publik\u00e1ci\u00ed o stredovek\u00fdch hradoch , ktor\u00e9 partneri spravuj\u00fa. Hlavn\u00fdm cie\u013eom spom\u00ednan\u00fdch aktiv\u00edt je prispie\u0165 k nadv\u00e4zovaniu priamych kontaktov medzi miestnymi komunitami a samospr\u00e1vami Slovenskej a \u010ceskej republiky, \u010d\u00edm je garantovan\u00e1 \u00a0dlhodob\u00e1 udr\u017eate\u013enos\u0165 projektu.<\/p><p><strong>2. Cie\u013eov\u00e1 skupina projektu<\/strong><\/p><p>Projekt m\u00e1 pozit\u00edvny dopad na cie\u013eov\u00e9 skupiny, ktor\u00fdmi s\u00fa \u00fa\u010dastn\u00edci pl\u00e1novan\u00fdch aktiv\u00edt, deti z\u00e1kladn\u00fdch \u0161k\u00f4l zo Slovenska a \u010ceska. Snahou projektu je \u010do naj\u0161ir\u0161ej komunite pon\u00faknu\u0165 mo\u017enosti stret\u00e1vani sa oboch n\u00e1rodov \u010di je to cez dospel\u00fdch alebo mlad\u00fa gener\u00e1ciu. V neposlednom rade d\u00f4le\u017eitou cie\u013eovou skupinou, na ktor\u00fa bude ma\u0165 projekt pozit\u00edvny dopad s\u00fa n\u00e1v\u0161tevn\u00edci oboch hradov.<\/p><p><strong>3. \u010casov\u00fd harmonogram projektu<\/strong><\/p><p><strong>apr\u00edl \u2013 j\u00fan 2011<br \/>V\u00fdstava zo zbierok M\u00fazea Beskyd na hrade Stre\u010dno (v\u00fdstava o hrade Hukvaldy)<\/strong><\/p><p>V\u00fdstava atrakt\u00edvnych expon\u00e1tov realizovan\u00e1 v spolupr\u00e1ci s\u00a0\u00a0 M\u00fazeom Beskyd vo Fr\u00fddku M\u00edstku vi\u017e\u00faca sa k dejin\u00e1m hradu a regi\u00f3nu Hukvaldy. V\u00fdstava otv\u00e1ra hlavn\u00fa turistick\u00fa sez\u00f3nu na hrade Stre\u010dno.<\/p><p><a href=\"https:\/\/pmza.sk\/wp-content\/uploads\/2011\/04\/IMG_4683.jpg\"><img loading=\"lazy\" decoding=\"async\" class=\"wp-image-2865 size-full aligncenter\" title=\"IMG_4683\" src=\"https:\/\/pmza.sk\/wp-content\/uploads\/2011\/04\/IMG_4683.jpg\" alt=\"\" width=\"640\" height=\"388\" srcset=\"https:\/\/pmza.sk\/wp-content\/uploads\/2011\/04\/IMG_4683.jpg 640w, https:\/\/pmza.sk\/wp-content\/uploads\/2011\/04\/IMG_4683-600x364.jpg 600w, https:\/\/pmza.sk\/wp-content\/uploads\/2011\/04\/IMG_4683-570x346.jpg 570w\" sizes=\"(max-width: 640px) 100vw, 640px\" \/><\/a> <a href=\"https:\/\/pmza.sk\/wp-content\/uploads\/2011\/04\/IMG_6285.jpg\"><img loading=\"lazy\" decoding=\"async\" class=\"wp-image-2866 size-full aligncenter\" title=\"IMG_6285\" src=\"https:\/\/pmza.sk\/wp-content\/uploads\/2011\/04\/IMG_6285.jpg\" alt=\"\" width=\"640\" height=\"427\" srcset=\"https:\/\/pmza.sk\/wp-content\/uploads\/2011\/04\/IMG_6285.jpg 640w, https:\/\/pmza.sk\/wp-content\/uploads\/2011\/04\/IMG_6285-600x400.jpg 600w, https:\/\/pmza.sk\/wp-content\/uploads\/2011\/04\/IMG_6285-540x360.jpg 540w\" sizes=\"(max-width: 640px) 100vw, 640px\" \/><\/a> <a href=\"https:\/\/pmza.sk\/wp-content\/uploads\/2011\/04\/IMG_6323.jpg\"><img loading=\"lazy\" decoding=\"async\" class=\"wp-image-2867 size-full aligncenter\" title=\"IMG_6323\" src=\"https:\/\/pmza.sk\/wp-content\/uploads\/2011\/04\/IMG_6323.jpg\" alt=\"\" width=\"640\" height=\"427\" srcset=\"https:\/\/pmza.sk\/wp-content\/uploads\/2011\/04\/IMG_6323.jpg 640w, https:\/\/pmza.sk\/wp-content\/uploads\/2011\/04\/IMG_6323-600x400.jpg 600w, https:\/\/pmza.sk\/wp-content\/uploads\/2011\/04\/IMG_6323-540x360.jpg 540w\" sizes=\"(max-width: 640px) 100vw, 640px\" \/><\/a><\/p><p><strong>m\u00e1j 2011<\/strong><\/p><p><strong>\u010ceskoslovensk\u00fd de\u0148 na hrade Hukvaldy<\/strong><br \/>\u010cesk\u00fd partner bude hosti\u0165 a\u00a0prezentova\u0165 slovensk\u00e9 trad\u00edcie a\u00a0slovensk\u00fa gastron\u00f3miu. Predstavia sa slovensk\u00ed umelci s\u00a0uk\u00e1\u017ekami dobov\u00fdch sentenci\u00ed \u017eivota stredovekej \u0161\u013eachty.<\/p><p><a href=\"https:\/\/pmza.sk\/wp-content\/uploads\/2011\/04\/IMG_6397.jpg\"><img loading=\"lazy\" decoding=\"async\" class=\"wp-image-2873 size-medium aligncenter\" title=\"IMG_6397\" src=\"https:\/\/pmza.sk\/wp-content\/uploads\/2011\/04\/IMG_6397-540x360.jpg\" alt=\"\" width=\"540\" height=\"360\" srcset=\"https:\/\/pmza.sk\/wp-content\/uploads\/2011\/04\/IMG_6397-540x360.jpg 540w, https:\/\/pmza.sk\/wp-content\/uploads\/2011\/04\/IMG_6397-600x400.jpg 600w, https:\/\/pmza.sk\/wp-content\/uploads\/2011\/04\/IMG_6397.jpg 640w\" sizes=\"(max-width: 540px) 100vw, 540px\" \/><\/a> <a href=\"https:\/\/pmza.sk\/wp-content\/uploads\/2011\/04\/IMG_6546.jpg\"><img loading=\"lazy\" decoding=\"async\" class=\"wp-image-2874 size-full aligncenter\" title=\"IMG_6546\" src=\"https:\/\/pmza.sk\/wp-content\/uploads\/2011\/04\/IMG_6546.jpg\" alt=\"\" width=\"640\" height=\"427\" srcset=\"https:\/\/pmza.sk\/wp-content\/uploads\/2011\/04\/IMG_6546.jpg 640w, https:\/\/pmza.sk\/wp-content\/uploads\/2011\/04\/IMG_6546-600x400.jpg 600w, https:\/\/pmza.sk\/wp-content\/uploads\/2011\/04\/IMG_6546-540x360.jpg 540w\" sizes=\"(max-width: 640px) 100vw, 640px\" \/><\/a> <a href=\"https:\/\/pmza.sk\/wp-content\/uploads\/2011\/04\/IMG_6593.jpg\"><img loading=\"lazy\" decoding=\"async\" class=\"wp-image-2875 size-medium aligncenter\" title=\"IMG_6593\" src=\"https:\/\/pmza.sk\/wp-content\/uploads\/2011\/04\/IMG_6593-240x360.jpg\" alt=\"\" width=\"240\" height=\"360\" srcset=\"https:\/\/pmza.sk\/wp-content\/uploads\/2011\/04\/IMG_6593-240x360.jpg 240w, https:\/\/pmza.sk\/wp-content\/uploads\/2011\/04\/IMG_6593.jpg 427w\" sizes=\"(max-width: 240px) 100vw, 240px\" \/><\/a><\/p><p><strong>j\u00fal \u2013 august\u00a0 2011<br \/>V\u00fdstava o\u00a0hrade Stre\u010dno na hrade Hukvaldy<\/strong><\/p><p>Expon\u00e1ty Pova\u017esk\u00e9ho m\u00fazea v\u00a0\u017diline predstav\u00ed hrad Hukvaldy svojim n\u00e1v\u0161tevn\u00edkom po\u010das letnej sez\u00f3ny. N\u00e1v\u0161tevn\u00edk \u010desk\u00e9ho hradu tak dostane ucelen\u00fa inform\u00e1ciu o\u00a0hrade Stre\u010dno, ktor\u00fd sa nach\u00e1dza bl\u00edzko hran\u00edc.<\/p><p>Hukvaldy<\/p><p><strong>september 2011<br \/>V\u00fdmenn\u00e9 stretnutie partnerov projektu<\/strong><\/p><p>Pracovn\u00e9 stretnutia v\u00a0kontexte projektu bud\u00fa v\u00a0septembri 2011 zav\u0155\u0161en\u00e9 exkurziou slovensk\u00e9ho partnera projektu na hrade Hukvaldy.<\/p><p><strong>september 2011<br \/>\u010ceskoslovensk\u00fd gastronomick\u00fd de\u0148 na hrade Stre\u010dno<\/strong><\/p><p>V\u00a0s\u00favislosti s\u00a0Medzin\u00e1rodn\u00fdm d\u0148om cestovn\u00e9ho ruchu bude na hrade Stre\u010dno predstaven\u00fd \u010desk\u00fd partner s\u00a0kult\u00farnym programom a\u00a0ochutn\u00e1vkou\u00a0 region\u00e1lnych \u0161pecial\u00edt.<br \/><a href=\"https:\/\/pmza.sk.sk\/?p=3899\">Tla\u010dov\u00e1 spr\u00e1va. <\/a><\/p><p><strong>december 2011<br \/>Viano\u010dn\u00fd v\u00fdstup na hrad Stre\u010dno<\/strong><\/p><p>Uk\u00e1\u017eky viano\u010dn\u00e9ho zvykoslovia a\u00a0oby\u010dajov \u010desk\u00e9ho partnera na hrade Stre\u010dno.<br \/><a href=\"https:\/\/pmza.sk.sk\/?p=4592\">Tla\u010dov\u00e1 spr\u00e1va<\/a><\/p><p><strong>Z\u00e1vere\u010dn\u00fdm v\u00fdstupom projektu bude vydanie spolo\u010dnej publik\u00e1cie o\u00a0hrade Stre\u010dno a\u00a0hrade Hukvaldy<\/strong><\/p><p><strong>4. Pr\u00ednos projektu<\/strong><br \/>Napriek tomu, \u017ee sa jedn\u00e1 o m\u00e4kk\u00fd projekt , cezhrani\u010dn\u00e1 spolupr\u00e1ca bude prospe\u0161n\u00e1 a podnetn\u00e1 pre obe strany. Ke\u010f\u017ee podujatia projektu s\u00fa koncipovan\u00e9 multispektr\u00e1lne,\u00a0 hlavn\u00e1 turistick\u00e1 sez\u00f3na na oboch hradoch bude takto obohaten\u00e1 nielen o\u00a0tradi\u010dn\u00e9 podujatia, ktor\u00e9 partneri organizuj\u00fa ka\u017edoro\u010dne. Slovensk\u00ed aj \u010desk\u00ed n\u00e1v\u0161tevn\u00edci hradu Stre\u010dno a Hukvaldy bud\u00fa ma\u0165 mo\u017enos\u0165 pr\u00e1ve prostredn\u00edctvom tohoto projektu bli\u017e\u0161ie spozna\u0165 a porovna\u0165 hist\u00f3riu a\u00a0\u0161pecifik\u00e1 prihrani\u010dn\u00fdch a\u00a0jazykovo bl\u00edzkych regi\u00f3nov.<\/p><\/div>\n\t\t\t\t\t<\/div><div class=\"eael-accordion-list\">\n\t\t\t\t\t<div id=\"lemie-a-streno-na-spolonej-ceste-cez-minulos-do-budcnosti\" class=\"elementor-tab-title eael-accordion-header\" tabindex=\"0\" data-tab=\"6\" aria-controls=\"elementor-tab-content-5136\"><span class=\"eael-advanced-accordion-icon-closed\"><i aria-hidden=\"true\" class=\"fa-accordion-icon fas fa-newspaper\"><\/i><\/span><span class=\"eael-advanced-accordion-icon-opened\"><i aria-hidden=\"true\" class=\"fa-accordion-icon fas fa-minus\"><\/i><\/span><span class=\"eael-accordion-tab-title\">\u201e\u015alemie\u0144 a Stre\u010dno na spolo\u010dnej ceste cez minulos\u0165 do bud\u00facnosti\u201c<\/span><i aria-hidden=\"true\" class=\"fa-toggle fas fa-angle-right\"><\/i><\/div><div id=\"elementor-tab-content-5136\" class=\"eael-accordion-content clearfix\" data-tab=\"6\" aria-labelledby=\"lemie-a-streno-na-spolonej-ceste-cez-minulos-do-budcnosti\"><p><strong>\u00a0<\/strong><\/p><ul><li><strong>N\u00e1zov projektu : \u015alemie\u0144 a\u00a0Stre\u010dno na\u00a0spolo\u010dnej ceste cez minulos\u0165 do\u00a0bud\u00facnosti <\/strong><\/li><li><strong>K\u00f3d projektu : WTSL.02.02.00-24-290\/10<\/strong><\/li><li><strong>Zdroj financovania : Program cezhrani\u010dnej spolupr\u00e1ce SR \u2013 PL 2007 2007 &#8211; 2013 <\/strong><\/li><li><strong>Opatrenie : 1. Podpora sociokult\u00farneho a\u00a0hospod\u00e1rskeho rozvoja cezhrani\u010dn\u00e9ho regi\u00f3nu a\u00a0spolupr\u00e1ce<\/strong><\/li><li><strong>Celkov\u00e9 opr\u00e1vnen\u00e9 n\u00e1klady ( SR strana ) : 583 797,77 EUR <\/strong><\/li><li><strong>V\u00fd\u0161ka nen\u00e1vratn\u00e9ho finan\u010dn\u00e9ho pr\u00edspevku : 554 607,88 EUR<\/strong><\/li><li><strong>V\u00fd\u0161ka spolufinancovania \u017dSK : 29 189,59 EUR <\/strong><\/li><li><strong>D\u00e1tum za\u010datia v\u00fdstavby : 09\/2012<\/strong><\/li><li><strong>D\u00e1tum ukon\u010denia stavebn\u00fdch pr\u00e1c : 05\/2013 <\/strong><\/li><\/ul><p><strong>Predmetom projektu bolo :<br \/><\/strong>Hlavn\u00fd cie\u013e projektu: ochrana, zachovanie a\u00a0propag\u00e1cia kult\u00farneho dedi\u010dstva are\u00e1lu hradu Stre\u010dno a\u00a0architekt\u00fary Etnografick\u00e9ho Parku \u017bywieckiej zeme v\u00a0\u015alemieni a\u00a0transhrani\u010dn\u00e1<br \/>spolupr\u00e1ca prihrani\u010dn\u00fdch regi\u00f3nov.<\/p><p>\u010ciastkov\u00e9 ciele:<br \/>&#8211; ochrana a\u00a0zachovanie bohat\u00e9ho a\u00a0r\u00f4znorod\u00e9ho kult\u00farneho dedi\u010dstva v\u00a0po\u013esko-slovenskom transhrani\u010dnom regi\u00f3ne a\u00a0jeho lep\u0161ie vyu\u017eitie,<br \/>&#8211; propag\u00e1cia kult\u00farneho dedi\u010dstva oboch partnerov v\u00a0zahrani\u010d\u00ed (\u010cesko, Ukrajina, Franc\u00fazsko),<br \/>&#8211; vytvorenie spolupr\u00e1ce a\u00a0kult\u00farnej v\u00fdmeny prostredn\u00edctvom organiz\u00e1cie spolo\u010dn\u00fdch kult\u00farnych a\u00a0eduka\u010dn\u00fdch podujat\u00ed pre\u00a0deti, ml\u00e1de\u017e a\u00a0dospel\u00fdch,<br \/>&#8211; vytvorenie integrovan\u00fdch kult\u00farnych, turistick\u00fdch a\u00a0tradi\u010dn\u00fdch remeseln\u00edckych produktov za pomoci vyu\u017eitia potenci\u00e1lu oboch prihrani\u010dn\u00fdch str\u00e1n, ktor\u00e9 bud\u00fa st\u00e1le zachovan\u00e9 a<br \/>prezentovan\u00e9 v\u00a0are\u00e1li hradu Stre\u010dno a\u00a0Etnografick\u00e9ho Parku,<br \/>&#8211; posilnenie atraktivity obidvoch regi\u00f3nov pre\u00a0turistov a\u00a0vytvorenie lep\u0161\u00edch podmienok pre\u00a0zalo\u017eenie hospod\u00e1rskej \u010dinnost\u00ed turistick\u00e9ho charakteru.<\/p><p>Realiz\u00e1cia projektu &#8211; v\u00fdstavbou amfite\u00e1tra v\u00a0\u015alemieni a\u00a0stredovekej dediny pod hradom Stre\u010dno i\u00a0kult\u00farnymi aktivitami sa prispelo k ochrane a\u00a0vyu\u017eitiu kult\u00farneho a\u00a0pr\u00edrodn\u00e9ho<br \/>dedi\u010dstva a\u00a0m\u00e1 v\u00fdznamn\u00fd vplyv i\u00a0na rozvoj cezhrani\u010dnej spolupr\u00e1ce a\u00a0zv\u00fd\u0161enie kvality \u017eivota obyvate\u013eov prihrani\u010dn\u00fdch oblast\u00ed. Nepriamym sp\u00f4sobom prostredn\u00edctvom<br \/>zv\u00fd\u0161enia turistick\u00e9ho ruchu prispel projekt k mo\u017enosti vytvorenia nov\u00fdch pracovn\u00fdch miest v\u00a0regi\u00f3noch a\u00a0k o\u017eiveniu z\u00e1ujmu o\u00a0kult\u00farne dedi\u010dstvo partnerov.<\/p><p><a href=\"https:\/\/pmza.sk\/wp-content\/uploads\/2013\/09\/1175332_10153227159650581_417589459_n.jpg\"><img loading=\"lazy\" decoding=\"async\" class=\"aligncenter wp-image-8079 size-medium\" src=\"https:\/\/pmza.sk\/wp-content\/uploads\/2013\/09\/1175332_10153227159650581_417589459_n-540x360.jpg\" alt=\"1175332_10153227159650581_417589459_n\" width=\"540\" height=\"360\" srcset=\"https:\/\/pmza.sk\/wp-content\/uploads\/2013\/09\/1175332_10153227159650581_417589459_n-540x360.jpg 540w, https:\/\/pmza.sk\/wp-content\/uploads\/2013\/09\/1175332_10153227159650581_417589459_n-600x400.jpg 600w, https:\/\/pmza.sk\/wp-content\/uploads\/2013\/09\/1175332_10153227159650581_417589459_n.jpg 640w\" sizes=\"(max-width: 540px) 100vw, 540px\" \/><\/a><\/p><p><a href=\"https:\/\/pmza.sk\/wp-content\/uploads\/2016\/08\/IMG_0037-scaled-1.jpg\"><img loading=\"lazy\" decoding=\"async\" class=\"aligncenter wp-image-17492 size-medium\" src=\"https:\/\/pmza.sk\/wp-content\/uploads\/2016\/08\/IMG_0037-scaled-1-540x360.jpg\" alt=\"IMG_0037\" width=\"540\" height=\"360\" srcset=\"https:\/\/pmza.sk\/wp-content\/uploads\/2016\/08\/IMG_0037-scaled-1-540x360.jpg 540w, https:\/\/pmza.sk\/wp-content\/uploads\/2016\/08\/IMG_0037-scaled-1-1104x736.jpg 1104w, https:\/\/pmza.sk\/wp-content\/uploads\/2016\/08\/IMG_0037-scaled-1-768x512.jpg 768w, https:\/\/pmza.sk\/wp-content\/uploads\/2016\/08\/IMG_0037-scaled-1-1536x1024.jpg 1536w, https:\/\/pmza.sk\/wp-content\/uploads\/2016\/08\/IMG_0037-scaled-1-2048x1366.jpg 2048w, https:\/\/pmza.sk\/wp-content\/uploads\/2016\/08\/IMG_0037-scaled-1-600x400.jpg 600w\" sizes=\"(max-width: 540px) 100vw, 540px\" \/><\/a><\/p><p><a href=\"https:\/\/pmza.sk\/wp-content\/uploads\/2016\/08\/IMG_0022-scaled-1.jpg\"><img loading=\"lazy\" decoding=\"async\" class=\"aligncenter wp-image-17496 size-medium\" src=\"https:\/\/pmza.sk\/wp-content\/uploads\/2016\/08\/IMG_0022-scaled-1-540x360.jpg\" alt=\"IMG_0022\" width=\"540\" height=\"360\" srcset=\"https:\/\/pmza.sk\/wp-content\/uploads\/2016\/08\/IMG_0022-scaled-1-540x360.jpg 540w, https:\/\/pmza.sk\/wp-content\/uploads\/2016\/08\/IMG_0022-scaled-1-1104x736.jpg 1104w, https:\/\/pmza.sk\/wp-content\/uploads\/2016\/08\/IMG_0022-scaled-1-768x512.jpg 768w, https:\/\/pmza.sk\/wp-content\/uploads\/2016\/08\/IMG_0022-scaled-1-1536x1024.jpg 1536w, https:\/\/pmza.sk\/wp-content\/uploads\/2016\/08\/IMG_0022-scaled-1-2048x1366.jpg 2048w, https:\/\/pmza.sk\/wp-content\/uploads\/2016\/08\/IMG_0022-scaled-1-600x400.jpg 600w\" sizes=\"(max-width: 540px) 100vw, 540px\" \/><\/a><\/p><\/div>\n\t\t\t\t\t<\/div><div class=\"eael-accordion-list\">\n\t\t\t\t\t<div id=\"tradin-udov-architektra-a-spsob-bvania-v-pamiatkovej-rezervcii-imany\" class=\"elementor-tab-title eael-accordion-header\" tabindex=\"0\" data-tab=\"7\" aria-controls=\"elementor-tab-content-5137\"><span class=\"eael-advanced-accordion-icon-closed\"><i aria-hidden=\"true\" class=\"fa-accordion-icon fas fa-newspaper\"><\/i><\/span><span class=\"eael-advanced-accordion-icon-opened\"><i aria-hidden=\"true\" class=\"fa-accordion-icon fas fa-minus\"><\/i><\/span><span class=\"eael-accordion-tab-title\">Tradi\u010dn\u00e1 \u013eudov\u00e1 architekt\u00fara a sp\u00f4sob b\u00fdvania v pamiatkovej rezerv\u00e1cii \u010ci\u010dmany<\/span><i aria-hidden=\"true\" class=\"fa-toggle fas fa-angle-right\"><\/i><\/div><div id=\"elementor-tab-content-5137\" class=\"eael-accordion-content clearfix\" data-tab=\"7\" aria-labelledby=\"tradin-udov-architektra-a-spsob-bvania-v-pamiatkovej-rezervcii-imany\"><p style=\"text-align: center\"><strong>Mikroprojekt<\/strong><\/p><p style=\"text-align: center\"><strong>\u201eTradi\u010dn\u00e1 \u013eudov\u00e1 architekt\u00fara a\u00a0sp\u00f4sob b\u00fdvania v\u00a0pamiatkovej rezerv\u00e1cii \u010ci\u010dmany\u201c<\/strong> PL-SK\/ZA\/IPP\/I\/062<a href=\"https:\/\/pmza.sk\/wp-content\/uploads\/2011\/05\/loga-cicmany-scaled-1.jpg\"><br \/><\/a><a href=\"https:\/\/pmza.sk\/wp-content\/uploads\/2011\/05\/loga-cicmany2-scaled-1.jpg\"><img loading=\"lazy\" decoding=\"async\" class=\"aligncenter wp-image-2611 size-large\" title=\"loga \u010di\u010dmany\" src=\"https:\/\/pmza.sk\/wp-content\/uploads\/2011\/05\/loga-cicmany2-scaled-1-1170x318.jpg\" alt=\"\" width=\"1170\" height=\"318\" srcset=\"https:\/\/pmza.sk\/wp-content\/uploads\/2011\/05\/loga-cicmany2-scaled-1-1170x318.jpg 1170w, https:\/\/pmza.sk\/wp-content\/uploads\/2011\/05\/loga-cicmany2-scaled-1-600x163.jpg 600w, https:\/\/pmza.sk\/wp-content\/uploads\/2011\/05\/loga-cicmany2-scaled-1-570x155.jpg 570w, https:\/\/pmza.sk\/wp-content\/uploads\/2011\/05\/loga-cicmany2-scaled-1-768x209.jpg 768w, https:\/\/pmza.sk\/wp-content\/uploads\/2011\/05\/loga-cicmany2-scaled-1-1536x417.jpg 1536w, https:\/\/pmza.sk\/wp-content\/uploads\/2011\/05\/loga-cicmany2-scaled-1-2048x556.jpg 2048w\" sizes=\"(max-width: 1170px) 100vw, 1170px\" \/><\/a><\/p><ul><li>Zdroj financovania: Eur\u00f3psky fond region\u00e1lneho rozvoja, Program cezhrani\u010dnej spolupr\u00e1ce Po\u013esko \u2013 Slovensk\u00e1 republika 2007 \u2013 2013<\/li><li>Prioritn\u00e1 os: 3. : Podpora miestnych iniciat\u00edv (mikroprojekty)<\/li><li>V\u00fd\u0161ka nen\u00e1vratn\u00e9ho finan\u010dn\u00e9ho pr\u00edspevku: 45\u00a0267,60 \u20ac<\/li><li>Celkov\u00e9 opr\u00e1vnen\u00e9 n\u00e1klady na projekt 53\u00a0256,00 \u20ac<\/li><li>D\u00e1tum podp\u00edsania zmluvy : 02.02.2010<\/li><\/ul><p><strong>1.<\/strong> <strong>Komplement\u00e1rny projekt a\u00a0cezhrani\u010dn\u00fd partner projektu<\/strong><\/p><p>\u201eTradycyjna architektura wiejska Ziemi Pszczy\u0144skiej prze\u0142omu XIX i XX w.-prezentacja zapomnianych rozwi\u0105za\u0144 konstrukcyjnych na przyk\u0142adzie o\u015bmiok\u0105tnej stodo\u0142y w Muzeum Regionalnym Kamoj\u00f3wka w Suszcu.\u201d<\/p><p>Fundacja Kamojowa &#8211; Muzeum Regionalne Kamoj\u00f3wka, Suszec, Po\u013esko<\/p><h3>2. Hlavn\u00e9 ciele projektu<\/h3><p>Zatrakt\u00edvnenie regi\u00f3nu pre turistov. Vytvorenie atrakt\u00edvnej expoz\u00edcie, ktor\u00e1 bude zachov\u00e1va\u0165 tradi\u010dn\u00e9 prvky \u013eudovej architekt\u00fary a pon\u00fakne nov\u00fa vo\u013eno\u010dasov\u00fa aktivitu pre \u0161irok\u00e9 spektrum n\u00e1v\u0161tevn\u00edkov \u010ci\u010dmian. \u00dalohou projektu je aj ochrana spolo\u010dn\u00e9ho kult\u00farneho dedi\u010dstva slovensko &#8211; po\u013esk\u00e9ho pohrani\u010dia.<\/p><p>Zlep\u0161enie dokument\u00e1cie a zmapovanie jedine\u010dnej architekt\u00fary v obci a jej vyu\u017eitie v praxi pre rozvoj turizmu.<\/p><p>Akciou v\u00fdstavn\u00e9ho charakteru prezentova\u0165 architekt\u00faru v \u010ci\u010dmanoch a v Suszcu slovensk\u00fdm aj po\u013esk\u00fdm n\u00e1v\u0161tevn\u00edkom a spropagova\u0165 turisticky atrakt\u00edvny regi\u00f3n \u010ci\u010dmian v Po\u013esku a naopak po\u013esk\u00fd regi\u00f3n na Slovensku. V\u00fdstava by predstavila n\u00e1v\u0161tevn\u00edkom tradi\u010dn\u00e9 architektonick\u00e9 prvky \u010di\u010dmianskeho regi\u00f3nu a aj regi\u00f3nu Suszec.<\/p><p>Pr\u00edprava spolo\u010dnej publik\u00e1cie s\u00a0partnerskou kult\u00farnou in\u0161tit\u00faciou v\u00a0Suszcu s\u00a0pr\u00edspevkami oboznamuj\u00facimi verejnos\u0165 o\u00a0\u013eudovej kult\u00fare, tradi\u010dnej architekt\u00fare,\u00a0jej odli\u0161nostiach a\u00a0o priebehu projektu na Slovensku aj v\u00a0Po\u013esku.<\/p><h3>3. Implementa\u010dn\u00e9 aktivity projektu<\/h3><p><a href=\"https:\/\/pmza.sk\/wp-content\/uploads\/2011\/05\/802_0266.jpg\"><img loading=\"lazy\" decoding=\"async\" class=\"wp-image-2615 size-full aligncenter\" title=\"802_0266\" src=\"https:\/\/pmza.sk\/wp-content\/uploads\/2011\/05\/802_0266.jpg\" alt=\"\" width=\"640\" height=\"480\" srcset=\"https:\/\/pmza.sk\/wp-content\/uploads\/2011\/05\/802_0266.jpg 640w, https:\/\/pmza.sk\/wp-content\/uploads\/2011\/05\/802_0266-600x450.jpg 600w, https:\/\/pmza.sk\/wp-content\/uploads\/2011\/05\/802_0266-480x360.jpg 480w\" sizes=\"(max-width: 640px) 100vw, 640px\" \/><\/a><\/p><p><span style=\"color: #ffffff\">.<\/span><\/p><p>1. D\u00f4kladn\u00e1 obnova domu \u010d. 42 v\u00a0\u010ci\u010dmanoch.<\/p><p>Rekon\u0161trukciou zrubov\u00e9ho domu, ktor\u00fd sa nach\u00e1dza v pamiatkovej rezerv\u00e1cii chceme prispie\u0165\u00a0 ku ochrane tradi\u010dnej \u013eudovej architekt\u00fary a z\u00e1chrane kult\u00farneho dedi\u010dstva, a t\u00fdm dosiahnu\u0165 jeho zachovanie pre nasleduj\u00face gener\u00e1cie n\u00e1v\u0161tevn\u00edkov nielen zo Slovenska, ale aj pre \u010dast\u00fdch n\u00e1v\u0161tevn\u00edkov z Po\u013eskej republiky<\/p><p>2. Vytvorenie atrakt\u00edvnej a modernej expoz\u00edcie.<\/p><p>Expoz\u00edcia v Dome \u010d. 42 bola verejnosti spr\u00edstupnen\u00e1 v roku 1987. Potreba\u00a0 novej expoz\u00edcie sa po 22. rokoch stala nevyhnutnos\u0165ou a vy\u017eaduje si celkov\u00fa \u00fapravu, predov\u0161etk\u00fdm z d\u00f4vodu pril\u00e1kania v\u00e4\u010d\u0161ieho po\u010dtu n\u00e1v\u0161tevn\u00edkov a vytvorenia p\u00fatavej expoz\u00edcie ako miesta, ktor\u00e9 poskytne turistom nov\u00e9 poznatky o \u013eudovej kult\u00fare, architekt\u00fare a tradi\u010dnom sp\u00f4sobe \u017eivota obyvate\u013eov \u010ci\u010dmian. Pri otvoren\u00ed expoz\u00edcie vyu\u017ei\u0165 tradi\u010dn\u00fd \u010di\u010dmiansky kroj pre lep\u0161iu prezent\u00e1ciu danej oblasti, kroje vyu\u017e\u00edva\u0165 aj pri \u010fal\u0161\u00edch spolo\u010dn\u00fdch kult\u00farnych podujatiach.<\/p><p>3. Tvorba propaga\u010dn\u00fdch a sprievodn\u00fdch materi\u00e1lov k novej expoz\u00edcii zameran\u00e1 na po\u013esk\u00fdch turistov. Vytvorenie sprievodn\u00e9ho slova, textov, sklada\u010dky a pozv\u00e1nky v\u00a0dvojjazy\u010dnej slovensko \u2013 po\u013eskej\u00a0 mut\u00e1cii.<\/p><p>Prostredn\u00edctvom propaga\u010dn\u00fdch materi\u00e1lov a odborn\u00fdch textov poskytn\u00fa\u0165 n\u00e1v\u0161tevn\u00edkom \u010do mo\u017eno najucelenej\u0161ie poznatky. Cezhrani\u010dn\u00fa spolupr\u00e1cu rozv\u00edja\u0165 aj prostredn\u00edctvom propaga\u010dn\u00fdch materi\u00e1lov, ktor\u00e9 bud\u00fa v slovensko-po\u013eskej mut\u00e1cii.<\/p><p>4. Vydanie publik\u00e1cie o \u013eudovej architekt\u00fare a jej odli\u0161nostiach medzi \u010ci\u010dmanmi a okol\u00edm Suszcu; taktie\u017e pon\u00fakne inform\u00e1cie o priebehu a realiz\u00e1cii projektu.<\/p><p>Dvojjazy\u010dnou publik\u00e1ciou o tradi\u010dn\u00fdch architektonick\u00fdch technik\u00e1ch prispie\u0165 ku zv\u00fd\u0161en\u00e9mu z\u00e1ujmu turistov nav\u0161t\u00edvi\u0165 regi\u00f3ny zapojen\u00e9 do projektu a rozv\u00edja\u0165 tak cezhrani\u010dn\u00fa spolupr\u00e1cu.<\/p><p>5. Zorganizovanie v\u00fdstavy s\u00favisiacej s tradi\u010dnou architekt\u00farou oblast\u00ed zapojen\u00fdch do projektu a prezentovanie regi\u00f3nov na slovenskej aj po\u013eskej strane. V\u00fdstavn\u00e9 banery prostredn\u00edctvom textov a fotodokument\u00e1cie pon\u00faknu n\u00e1v\u0161tevn\u00edkom inform\u00e1cie o tradi\u010dnom \u017eivote a pribl\u00ed\u017eia jedine\u010dn\u00e9 architektonick\u00e9 prvky dan\u00fdch oblast\u00ed.<\/p><h3>4. Cie\u013eov\u00e1 skupina projektu<\/h3><p>Atrakt\u00edvna expoz\u00edcia, ktor\u00e1 bude zachov\u00e1va\u0165 tradi\u010dn\u00e9 prvky pritiahne z\u00e1ujem mlad\u00fdch \u013eud\u00ed, zv\u00fd\u0161i ich povedomie o \u00a0kult\u00farnom dedi\u010dstve regi\u00f3nu. Expoz\u00edcia bude l\u00e1kav\u00e1 z d\u00f4vodu zachovania tradi\u010dn\u00e9ho zariadenia dom\u00e1cnosti a nai\u0161talovania dobov\u00e9ho \u013eudov\u00e9ho zariadenia, ktor\u00e9 poch\u00e1dza zo zbierok m\u00fazea.<\/p><p>Odborn\u00e1 verejnos\u0165 na slovenskej aj po\u013eskej strane z\u00edska z\u00e1kladn\u00e9 odborn\u00e9 inform\u00e1cie o architekt\u00fare a \u013eudovej kult\u00fare, ktor\u00e9 bud\u00fa dostupn\u00e9 priamo v\u00a0expoz\u00edcii, vydanie publik\u00e1cie poskytne priestor pre z\u00edskanie inform\u00e1ci\u00ed o\u00a0v\u00fdsledkoch v\u00fdskumu.<\/p><p>Turistom expoz\u00edcia pon\u00fakne inform\u00e1cie o\u00a0hist\u00f3rii, \u013eudovej kult\u00fare a tradi\u010dnom\u00a0b\u00fdvan\u00ed, z\u00a0ktor\u00fdch si n\u00e1v\u0161tevn\u00edk m\u00f4\u017ee vybra\u0165 pod\u013ea svojho z\u00e1ujmu. Pre po\u013esk\u00fdch turistov bude expoz\u00edcia pr\u00edstupn\u00e1 v\u00a0po\u013eskom jazyku. Zv\u00fd\u0161i sa informovanos\u0165 po\u013eskej verejnosti a mo\u017enos\u0165 na\u010falej rozv\u00edja\u0165 spolupr\u00e1cu s po\u013esk\u00fdm partnerom v\u00a0Suszcu.<\/p><h3>5. \u010casov\u00fd harmonogram projektu<\/h3><p>1. mesiac 1-2-3-4-5-6( september 2010-febru\u00e1r 2011): Obnova \u2013 rekon\u0161trukcia domu \u010d. 42 v \u010ci\u010dmanoch. Pr\u00edprava atrakt\u00edvnej, modernej expoz\u00edcie,<\/p><p>2. mesiac 7-8 ( marec 2011-apr\u00edl 2011) :\u00a0 Realiz\u00e1cia atrakt\u00edvnej, modernej expoz\u00edcie,<\/p><p>3. mesiac 9( m\u00e1j 2011): Tvorba propaga\u010dn\u00fdch materi\u00e1lov,<\/p><p>4. mesiac 10 ( j\u00fan 2011) : Pr\u00edprava a realiz\u00e1cia odbornej publik\u00e1cie,<\/p><p>5. mesiac 11- 12 ( j\u00fal 2011 \u2013august 2011): Pr\u00edprava a realiz\u00e1cia v\u00fdstavy venovanej tradi\u010dnej architekt\u00fare.<\/p><p>Pozn\u00e1mka: So s\u00fahlasom centr\u00e1lnej koordina\u010dnej jednotky boli aktivity 1 a\u00a02 pred\u013a\u017een\u00e9 do m\u00e1ja 2011 a\u00a0aktivita 5 presunut\u00e1 na j\u00fan a\u00a0j\u00fal 2011.<\/p><h3>6. Pr\u00ednos projektu<\/h3><p>\u010ci\u010dmany s\u00fa v\u00fdznamn\u00fdm turistick\u00fdm miestom v Str\u00e1\u017eovsk\u00fdch vrchoch, ktor\u00e9 je vo ve\u013ekej miere nav\u0161tevovan\u00e9 po\u013esk\u00fdmi turistami. Realiz\u00e1cia projektu prinesie zlep\u0161enie ponuky pre turistick\u00fd ruch, osobitne pre po\u013esk\u00fdch turistov. Prispeje k\u00a0zmapovaniu danej problematiky na slovensko \u2013 po\u013eskom pomedz\u00ed a\u00a0k\u00a0lep\u0161iemu poznaniu kult\u00fary tejto oblasti pre obyvate\u013eov susedn\u00fdch regi\u00f3nov. Tradi\u010dn\u00e1 \u010di\u010dmianska architekt\u00fara s ornament\u00e1lnou v\u00fdzdobou je v obci zachovan\u00e1 dodnes. Realiz\u00e1cia projektu v\u00fdrazne pom\u00f4\u017ee k ochrane a zachovaniu spolo\u010dn\u00e9ho kult\u00farneho dedi\u010dstva a\u00a0k zv\u00fd\u0161eniu spolo\u010dn\u00e9ho kult\u00farneho povedomia jeho obyvate\u013eov. Vo ve\u013ekej miere sa roz\u0161\u00edri ponuka vo\u013eno\u010dasov\u00fdch aktiv\u00edt turistick\u00e9ho ruchu, ktor\u00e9 s\u00fa ve\u013emi ob\u013e\u00faben\u00e9 aj medzi po\u013esk\u00fdmi turistami. Dlhodob\u00fdm pr\u00ednosom je aj mo\u017en\u00fd dopad realiz\u00e1cie projektu v\u00a0oblasti zamestnanosti v\u00a0cestovnom ruchu aj na po\u013eskej strane. Realiz\u00e1ciou projektu sa z\u00e1rove\u0148 rozvinie cezhrani\u010dn\u00e1 spolupr\u00e1ca partnersk\u00fdch in\u0161tit\u00faci\u00ed v\u00a0oblasti v\u00fdmeny odborn\u00fdch inform\u00e1ci\u00ed.<\/p><p>Spolo\u010dnou v\u00fdstavou prezentuj\u00facou kult\u00faru \u010ci\u010dmian v Suszcu a naopak kult\u00faru Suszca v \u010ci\u010dmanoch sa zv\u00fd\u0161i informovanos\u0165 obyvate\u013eov a n\u00e1v\u0161tevn\u00edkov dan\u00fdch partnersk\u00fdch obc\u00ed o tradi\u010dnej kult\u00fare a zv\u00fd\u0161i sa po\u010det zahrani\u010dn\u00fdch n\u00e1v\u0161tevn\u00edkov, ktor\u00ed m\u00f4\u017eu vyu\u017ei\u0165 aj\u00a0 bohat\u00fd pr\u00edrodn\u00fd potenci\u00e1l partnersk\u00fdch obc\u00ed.<\/p><p><strong>Fotogal\u00e9ria k projektu:<\/strong><\/p><p><strong>Obnova domu \u010d. 42<\/strong><\/p><p><strong>Vernis\u00e1\u017e slovenskej v\u00fdstavy <em>\u013dudov\u00e1 architekt\u00fara \u010ci\u010dmian<\/em> v Suszci a v \u010ci\u010dmanoch<\/strong><\/p><p><strong>Vernis\u00e1\u017e po\u013eskej v\u00fdstavy <em>Zabudnut\u00e9 stavebn\u00e9 kon\u0161trukcie<\/em> v \u010ci\u010dmanoch a podujatie pre deti<\/strong><\/p><\/div>\n\t\t\t\t\t<\/div><div class=\"eael-accordion-list\">\n\t\t\t\t\t<div id=\"tinkersmuseumeu-chiron-interreg-iii-b-cadses\" class=\"elementor-tab-title eael-accordion-header\" tabindex=\"0\" data-tab=\"8\" aria-controls=\"elementor-tab-content-5138\"><span class=\"eael-advanced-accordion-icon-closed\"><i aria-hidden=\"true\" class=\"fa-accordion-icon fas fa-newspaper\"><\/i><\/span><span class=\"eael-advanced-accordion-icon-opened\"><i aria-hidden=\"true\" class=\"fa-accordion-icon fas fa-minus\"><\/i><\/span><span class=\"eael-accordion-tab-title\">TINKERSMUSEUM.EU, CHIRON, INTERREG III B CADSES<\/span><i aria-hidden=\"true\" class=\"fa-toggle fas fa-angle-right\"><\/i><\/div><div id=\"elementor-tab-content-5138\" class=\"eael-accordion-content clearfix\" data-tab=\"8\" aria-labelledby=\"tinkersmuseumeu-chiron-interreg-iii-b-cadses\"><p>N\u00e1zov projektu: &#8222;<strong>TINKERSMUSEUM.EU, CHIRON, INTERREG III B CADSES<\/strong>&#8222;<\/p><p><span style=\"color: #ffffff\"><span style=\"color: #000000\">Projekt Chiron:<br \/>CHIRON INTERREG IIIB CADSES &#8211; propag\u00e1cia kult\u00farneho dedi\u010dstva pre identifik\u00e1ciu regi\u00f3nov: Vytvorenie spolo\u010denstva pre kult\u00farny cestovn\u00fd ruch a z\u00e1chranu kult\u00farneho dedi\u010dstva.<\/span><\/span><\/p><p><span style=\"color: #ffffff\"><span style=\"color: #ffffff\">.<\/span><\/span><\/p><h2>Kr\u00e1tky popis projektu<\/h2><p style=\"text-align: justify\">Rozvoj potenci\u00e1lu kult\u00farneho turizmu v region\u00e1lnych a mestk\u00fdch oblastiach, zalo\u017een\u00fdch na be\u017en\u00fdch transnacion\u00e1lnych pr\u00edstupoch a pilotn\u00fdch demon\u0161tr\u00e1cii na ochranu kult\u00farneho dedi\u010dstva, propag\u00e1cia Kult\u00farnych pamiatok pre zatrakt\u00edvnenenie kult\u00farneho turizmu, publicita a \u0161\u00edrenie kult\u00farnych aktiv\u00edt. \u0160peci\u00e1lne akcie: Identifik\u00e1cia a odhad kult\u00farneho dedi\u010dstva, ochrana a rekon\u0161trukcia kult\u00farneho dedi\u010dstva, rozvoj a realiz\u00e1cia propag\u00e1cie miestnych marketingov\u00fdch strat\u00e9gi\u00ed, pr\u00edprava strategick\u00e9ho priestrorov\u00e9ho pl\u00e1nu pre rozvoj a propag\u00e1ciu kult\u00farneho turizmu, zalo\u017eenie a prev\u00e1dzkovanie N\u00e1v\u0161tevn\u00edckych informa\u010dn\u00fdch centier, zvidite\u013enenie a vyzna\u010denie kult\u00farneho dedi\u010dstva a jeho atrakci\u00ed, v\u00fdmena sk\u00fasenost\u00ed a vytvorenie organiza\u010dnej siete, rozvoj a aplik\u00e1cia na be\u017en\u00fdch met\u00f3dach, \u00fa\u010dast na v\u00fdstav\u00e1ch CR, tla\u010dov\u00e9 a medi\u00e1lne konferencie, \u0161\u00edrenie kult\u00farnych my\u0161lienok, publicita a legaliz\u00e1cia vo forme pravidelnej t\u00edmovej pr\u00e1ce a pozorovaniach.<\/p><p style=\"text-align: justify\">Z\u00a0projektu CHIRON (PROJECT PART &#8211; FINANCED BY THE EUROPEAN UNION) s\u00fa hraden\u00e9 str\u00e1nky\u00a0<a href=\"http:\/\/www.tinkersmuseum.eu\" target=\"_blank\" rel=\"noopener\">http:\/\/www.tinkersmuseum.eu<\/a> a\u00a0<a href=\"https:\/\/pmza.sk.zilina.net\" target=\"_blank\" rel=\"noopener\">https:\/\/pmza.sk.zilina.net<\/a>.<\/p><h2 style=\"text-align: justify\"><span style=\"color: #ffffff\">.<\/span><\/h2><h2 style=\"text-align: justify\">Partneri<\/h2><ul><li><div style=\"text-align: justify\">Municipal Enterprise for Projects, Planning and Development of Municipality of Agria, Agria, Greece,<\/div><\/li><li><div style=\"text-align: justify\">Local Government of Szentgotthard, Szentgotthard, Hungary Self-Governing Association for the Regional Development of Szentgotth\u00e1rd, Hungary,<\/div><\/li><li><div style=\"text-align: justify\">Pova\u017esk\u00e9 m\u00fazeum v \u017diline, \u017dilina, Slovensko,<\/div><\/li><li><div style=\"text-align: justify\">Agencja Rozwoju Regionalnego S.A., Bielsko-Biala, Poland Association \u201cTourism, Enterprise and Local Development Centre\u201d in Bielsko-Biala, Bielsko-Biala, Poland,<\/div><\/li><li><div style=\"text-align: justify\">DKm-Consulting GmbH, Sassnitz, Germany,<\/div><\/li><li><div style=\"text-align: justify\">Bulgarian Association of Tourism Development Funds, Sofia, Bulgaria,<\/div><\/li><li><div style=\"text-align: justify\">Carpathian Tourist Board, Ivano-Frankivsk, Ukraine.<br \/><span style=\"color: #ffffff\">.<\/span><\/div><\/li><\/ul><h2 style=\"text-align: center\"><a href=\"http:\/\/www.tinkersmuseum.eu\" target=\"_blank\" rel=\"noopener\">Internetov\u00e1 str\u00e1nka projektu<\/a><\/h2><p style=\"text-align: center\"><img decoding=\"async\" class=\"aligncenter\" src=\"http:\/\/www.pmza.zilina.net\/pic\/webeditor\/chiron.jpg\" alt=\"\" \/> <img decoding=\"async\" class=\"aligncenter\" src=\"http:\/\/www.pmza.zilina.net\/pic\/webeditor\/chiron1.jpg\" alt=\"\" \/><\/p><\/div>\n\t\t\t\t\t<\/div><div class=\"eael-accordion-list\">\n\t\t\t\t\t<div id=\"budatn-strumien-revitalizcia-a-rozvoj-kultrneho-dedistva\" class=\"elementor-tab-title eael-accordion-header\" tabindex=\"0\" data-tab=\"9\" aria-controls=\"elementor-tab-content-5139\"><span class=\"eael-advanced-accordion-icon-closed\"><i aria-hidden=\"true\" class=\"fa-accordion-icon fas fa-newspaper\"><\/i><\/span><span class=\"eael-advanced-accordion-icon-opened\"><i aria-hidden=\"true\" class=\"fa-accordion-icon fas fa-minus\"><\/i><\/span><span class=\"eael-accordion-tab-title\">BUDAT\u00cdN - STRUMIEN: REVITALIZ\u00c1CIA A ROZVOJ KULT\u00daRNEHO DEDI\u010cSTVA<\/span><i aria-hidden=\"true\" class=\"fa-toggle fas fa-angle-right\"><\/i><\/div><div id=\"elementor-tab-content-5139\" class=\"eael-accordion-content clearfix\" data-tab=\"9\" aria-labelledby=\"budatn-strumien-revitalizcia-a-rozvoj-kultrneho-dedistva\"><p><a href=\"https:\/\/pmza.sk\/wp-content\/uploads\/2010\/02\/logo_programu_pion-slogan_sk.jpg\"><img loading=\"lazy\" decoding=\"async\" class=\"wp-image-5767 alignleft\" title=\"logo_programu_pion-slogan_sk\" src=\"https:\/\/pmza.sk\/wp-content\/uploads\/2010\/02\/logo_programu_pion-slogan_sk-320x360.jpg\" alt=\"\" width=\"197\" height=\"222\" srcset=\"https:\/\/pmza.sk\/wp-content\/uploads\/2010\/02\/logo_programu_pion-slogan_sk-320x360.jpg 320w, https:\/\/pmza.sk\/wp-content\/uploads\/2010\/02\/logo_programu_pion-slogan_sk.jpg 497w\" sizes=\"(max-width: 197px) 100vw, 197px\" \/><\/a><a href=\"https:\/\/pmza.sk\/wp-content\/uploads\/2010\/02\/o_flaga_ue-unia_europejska_efrr_centralnie_sk1-scaled-1.jpg\"><br \/><\/a> <a href=\"https:\/\/pmza.sk\/wp-content\/uploads\/2010\/02\/o_flaga_ue-unia_europejska_efrr_centralnie_sk1-scaled-1.jpg\"><img loading=\"lazy\" decoding=\"async\" class=\"alignleft wp-image-5769 \" title=\"o_flaga_ue-unia_europejska_efrr_centralnie_sk\" src=\"https:\/\/pmza.sk\/wp-content\/uploads\/2010\/02\/o_flaga_ue-unia_europejska_efrr_centralnie_sk1-scaled-1-403x360.jpg\" alt=\"\" width=\"223\" height=\"199\" srcset=\"https:\/\/pmza.sk\/wp-content\/uploads\/2010\/02\/o_flaga_ue-unia_europejska_efrr_centralnie_sk1-scaled-1-403x360.jpg 403w, https:\/\/pmza.sk\/wp-content\/uploads\/2010\/02\/o_flaga_ue-unia_europejska_efrr_centralnie_sk1-scaled-1-600x536.jpg 600w, https:\/\/pmza.sk\/wp-content\/uploads\/2010\/02\/o_flaga_ue-unia_europejska_efrr_centralnie_sk1-scaled-1-823x736.jpg 823w, https:\/\/pmza.sk\/wp-content\/uploads\/2010\/02\/o_flaga_ue-unia_europejska_efrr_centralnie_sk1-scaled-1-768x686.jpg 768w, https:\/\/pmza.sk\/wp-content\/uploads\/2010\/02\/o_flaga_ue-unia_europejska_efrr_centralnie_sk1-scaled-1-1536x1373.jpg 1536w, https:\/\/pmza.sk\/wp-content\/uploads\/2010\/02\/o_flaga_ue-unia_europejska_efrr_centralnie_sk1-scaled-1-2048x1830.jpg 2048w\" sizes=\"(max-width: 223px) 100vw, 223px\" \/><\/a><\/p><p><a href=\"http:\/\/www.zask.sk\/showdoc.do?docid=13512\">\u017dilinsk\u00fd samospr\u00e1vny kraj<\/a><\/p><p>N\u00e1zov projektu: BUDAT\u00cdN &#8211; STRUMIEN: REVITALIZ\u00c1CIA A ROZVOJ KULT\u00daRNEHO DEDI\u010cSTVA<\/p><h2>Z\u00e1kladn\u00e1 charakteristika<\/h2><ul><li>Zdroj financovania: Opera\u010dn\u00fd program cezhrani\u010dnej spolupr\u00e1ce Po\u013esko \u2013 Slovensk\u00e1 republika<\/li><li>Prioritn\u00e1 os: 2. Socioekonomick\u00fd rozvoj<\/li><li>Opatrenie: 2.1. Rozvoj cezhrani\u010dnej spolupr\u00e1ce v oblasti turizmu<\/li><li>V\u00fd\u0161ka nen\u00e1vratn\u00e9ho finan\u010dn\u00e9ho pr\u00edspevku: 696 934,16 \u20ac<\/li><li>D\u00e1tum schv\u00e1lenia \u017eiadosti o NFP: 28. 5. 2009<\/li><\/ul><p style=\"text-align: justify\">Projekt si kladie najvy\u0161\u0161ie ciele pri udr\u017eiavan\u00ed kult\u00farneho a pr\u00edrodn\u00e9ho dedi\u010dstva v inovovanej podobe. Uskuto\u010dnen\u00e9 aktivity bud\u00fa zameran\u00e9 na ochranu kult\u00farneho a pr\u00edrodn\u00e9ho dedi\u010dstva. Okrem investi\u010dn\u00fdch aktiv\u00edt (stavebnej \u010dasti vr\u00e1tane vybavenia) zah\u0155\u0148a aj komplexn\u00e9 rie\u0161enie kult\u00farnych v\u00fdmenn\u00fdch aktiv\u00edt cezhrani\u010dnej spolupr\u00e1ce. Tie maj\u00fa pril\u00e1ka\u0165 n\u00e1v\u0161tevn\u00edkov do priestorov z\u00e1mock\u00e9ho parku a novovybudovanej gal\u00e9rie. Medzin\u00e1rodn\u00e9 kult\u00farne a umeleck\u00e9 podujatia tvoria podstatn\u00fd rozmer cezhrani\u010dnej spolupr\u00e1ce. Festivaly, s\u00fa\u0165a\u017ee, v\u00fdstavy a folkl\u00f3rne podujatia prispievaj\u00fa k nadv\u00e4zovaniu priamych kontaktov medzi miestnymi komunitami a samospr\u00e1vami Po\u013eskej a Slovenskej republiky.<\/p><p style=\"text-align: justify\">Objektami projektu s\u00fa z\u00e1mock\u00fd park pri Budat\u00ednskom hradu, ktor\u00fd je s\u00fa\u010das\u0165ou N\u00e1rodnej kult\u00farnej pamiatky Hrad s are\u00e1lom, vedenej v \u00dastrednom zozname pamiatkov\u00e9ho fondu, vo vlastn\u00edctve \u017dilinsk\u00e9ho samospr\u00e1vneho kraja (\u010falej \u017dSK), spr\u00e1vcom objektu je Pova\u017esk\u00e9 m\u00fazeum (organiz\u00e1cia v zria\u010fovate\u013eskej p\u00f4sobnosti \u017dSK) v zmysle platnej n\u00e1rodnej legislat\u00edvy a najcennej\u0161ia a najstar\u0161ia kult\u00farna pamiatka Te\u0161\u00ednskeho okresu, Radnica Gminy Strumie\u0144, vo vlastn\u00edctve Mestsk\u00e9ho \u00faradu v Strumieni.<\/p><p style=\"text-align: justify\">Projekt prispeje k rozvoju po\u013esko-slovenskej partnerskej spolupr\u00e1ce v r\u00e1mci zlep\u0161enia podmienok cezhrani\u010dnej infra\u0161trukt\u00fary v priestorovej integr\u00e1cii, lep\u0161ej dostupnosti a atraktivite pre obyvate\u013eov a n\u00e1v\u0161tevn\u00edkov, k podpore cezhrani\u010dnej spolupr\u00e1ce pre trvalo udr\u017eate\u013en\u00fd ekologick\u00fd a kult\u00farny rozvoj prihrani\u010dn\u00e9ho \u00fazemia. Cie\u013emi projektu s\u00fa soci\u00e1lna s\u00fadr\u017enos\u0165 a zabezpe\u010denie dobr\u00fdch vz\u0165ahov, starostlivos\u0165 o zachovanie pr\u00edrody a jej biodiverzity, taktie\u017e ochrana kult\u00farnych pamiatok s d\u00f4razom na ich udr\u017eate\u013enos\u0165 a zv\u00fd\u0161enie osvety.<\/p><p style=\"text-align: justify\">Predmetom invest\u00edcie radnice v Strumieni je rozobratie zadnej \u010dasti budovy\u00a0 a verejn\u00fdch toaliet. \u010ealej sa uskuto\u010dn\u00ed adapt\u00e1cia priestorov umiestnen\u00fdch v suter\u00e9ne stavby na prev\u00e1dzkovanie gal\u00e9rie (aj so zariaden\u00edm), s \u00fa\u017eitkovou plochou\u00a0137,2 m, obhospodorovanou plochou s rozlohou\u00a0522 m2\u00a0a organizovanie spolo\u010densk\u00fdch kult\u00farnych aktiv\u00edt.<\/p><p style=\"text-align: justify\">Projekt m\u00e1 pozit\u00edvny dopad na cie\u013eov\u00e9 skupiny, ktor\u00fdmi s\u00fa obyvatelia dotknut\u00e9ho prihrani\u010dn\u00e9ho regi\u00f3nu, dom\u00e1ci a zahrani\u010dn\u00ed n\u00e1v\u0161tevn\u00edci, neprofesion\u00e1lni umelci a predstavitelia \u013eudov\u00fdch remesiel, amat\u00e9rske detsk\u00e9 tane\u010dn\u00e9 a hudobn\u00e9 skupiny, obyvatelia \u017dilinsk\u00e9ho kraja a Gminy Strumie\u0144, person\u00e1l ved\u00faceho a projektov\u00e9ho partnera.<\/p><p style=\"text-align: justify\">Hlavn\u00fdm z\u00e1merom realiz\u00e1cie projektu je vyu\u017e\u00edvanie region\u00e1lnej identity trad\u00edci\u00ed a hist\u00f3rie na propag\u00e1ciu regi\u00f3nu a zachovanie nadobudnut\u00e9ho n\u00e1rodn\u00e9ho kult\u00farneho a pr\u00edrodn\u00e9ho dedi\u010dstva pre bud\u00face gener\u00e1cie a obohatenie po\u013esko-slovensk\u00e9ho kalend\u00e1ria.<\/p><h2 style=\"text-align: justify\">Predstavenie projektu<\/h2><p style=\"text-align: justify\">Park pri Budat\u00ednskom hrade\u00a0sa posledn\u00fdch 15 rokov neudr\u017eiaval pod\u013ea jeho potrieb. Mnoh\u00e9 dreviny s\u00fa v\u00a0\u00a0zlom zdravotnom stave, nosn\u00e9 kon\u00e1re, do zna\u010dnej miery\u00a0\u00a0preschnut\u00e9,\u00a0\u00a0padaj\u00fa na pri\u013eahl\u00e9 komunik\u00e1cie. V\u00a0minulosti do\u0161lo aj k\u00a0samovo\u013en\u00fdm p\u00e1dom niektor\u00fdch stromov.<\/p><p style=\"text-align: justify\">Projekt jeho celkovej revitaliz\u00e1cie a z\u00e1chrany bol napl\u00e1novan\u00fd u\u017e d\u00e1vno, ale pre nedostatok finan\u010dn\u00fdch prostriedkov sa nemohol uskuto\u010dni\u0165.<\/p><p style=\"text-align: justify\">Pova\u017esk\u00e9 m\u00fazeum v\u00a0\u017diline v\u00a0r\u00e1mci programu cezhrani\u010dnej spolupr\u00e1ce Po\u013esko \u2013 Slovensk\u00e1 republika 2007 \u2013 2013 z\u00edskalo v\u00a0roku 2009 finan\u010dn\u00e9 zdroje na realiz\u00e1ciu pl\u00e1novan\u00fdch aktiv\u00edt s\u00favisiacich so z\u00e1chranou parku. \u017diadate\u013eom a\u00a0ved\u00facim partnerom v\u00a0tomto projekte je \u017dilinsk\u00fd samospr\u00e1vny kraj. Partnerom je po\u013esk\u00e9 mesto Strumie\u0144.<\/p><p style=\"text-align: justify\">Ide\u00a0\u00a0o\u00a0invest\u00edciu spojen\u00fa so v\u0161etk\u00fdmi rekon\u0161truk\u010dn\u00fdmi pr\u00e1cami a\u00a0obnovou parku, ktorej cie\u013eom je vytvori\u0165 komplex akt\u00edvnej\u00a0\u00a0oddychovo-relaxa\u010dnej z\u00f3ny priestor niekdaj\u0161ieho korza),\u00a0\u00a0plniacu nielen funkciu centra kult\u00farneho vy\u017eitia pre ob\u010danov mesta, miesta v\u00fdchovno-vzdel\u00e1vac\u00edch podujat\u00ed pre deti a\u00a0ml\u00e1de\u017e, ale najm\u00e4 ucelen\u00fd verejn\u00fd\u00a0zelen\u00fd priestor.<\/p><p style=\"text-align: justify\">Revitaliz\u00e1ciu parku je vn\u00edman\u00e1 ako jedna z\u00a0mnoh\u00fdch aktiv\u00edt smeruj\u00facich ku kompletnej revitaliz\u00e1cii N\u00e1rodnej kult\u00farnej pamiatky Budat\u00ednsky hrad s\u00a0are\u00e1lom. Prvou bolo osvetlenie Budat\u00ednskeho hradu, \u010fal\u0161ou je u\u017e spom\u00ednan\u00e1 revitaliz\u00e1cia parku. V\u00a0procese schva\u013eovania je aj projekt rekon\u0161trukcie ve\u017ee a\u00a0striech Budat\u00ednskeho hradu v\u00a0r\u00e1mci Region\u00e1lneho opera\u010dn\u00e9ho programu. Pova\u017esk\u00e9 m\u00fazeum v\u00a0\u017diline na\u010falej vyh\u013ead\u00e1va \u010fal\u0161ie mo\u017enosti z\u00edskania finan\u010dn\u00fdch prostriedkov na celkov\u00fa rekon\u0161trukciu objektu.<\/p><p style=\"text-align: justify\"><span style=\"color: #ffffff\">.<\/span><\/p><h2 style=\"text-align: justify\">\u010casov\u00fd harmonogram projektu<\/h2><h4 style=\"text-align: justify\">December 2009<\/h4><p style=\"text-align: justify\">&#8211;\u00a0dendrologick\u00fd prieskum, ktor\u00e9ho cie\u013eom je anal\u00fdza s\u00fa\u010dasn\u00e9ho stavu predmetn\u00e9ho porastu drev\u00edn. Z\u00e1rove\u0148 navrhuje postupy a\u00a0konkr\u00e9tne kroky z\u00e1sahov postupnej rekon\u0161trukcie porastu. Dendrologick\u00fd prieskum je v\u00a0s\u00falade s\u00a0po\u017eiadavkami v\u0161etk\u00fdch zainteresovan\u00fdch str\u00e1n (Krajsk\u00fd pamiatkov\u00fd \u00farad v\u00a0\u017diline, Odbor stavebn\u00fd a\u00a0\u017eivotn\u00e9ho prostredia Mesta \u017dilina, Spr\u00e1va N\u00e1rodn\u00e9ho Parku Mal\u00e1 Fatra, neziskov\u00e9 ob\u010dianske zdru\u017eenia).<\/p><h4 style=\"text-align: justify\">Za\u010diatok roka 2010<\/h4><p style=\"text-align: justify\">&#8211; op\u00edlenie kon\u00e1rov, vyp\u00edlenie odumret\u00fdch stromov a\u00a0v\u0161etk\u00fdch n\u00e1letov\u00fdch drev\u00edn, odstr\u00e1nenie krov\u00edn, porastov, v\u00fdsadba nov\u00fdch drev\u00edn. V\u0161etky spom\u00ednan\u00e9 pr\u00e1ce bud\u00fa akceptova\u0165 d\u013a\u017eku vegeta\u010dn\u00e9ho obdobia drev\u00edn a\u00a0rastl\u00edn a\u00a0z\u00e1rove\u0148 bud\u00fa vykonan\u00e9 v s\u00fa\u010dinnosti so z\u00e1konom o ochrane pr\u00edrody a krajiny, ktor\u00fd ur\u010duje bli\u017e\u0161ie podmienky.<\/p><h4 style=\"text-align: justify\">Jar 2010<\/h4><p style=\"text-align: justify\">&#8211; po ukon\u010den\u00ed pr\u00e1c s\u00favisiacich s\u00a0veget\u00e1ciou v\u00a0parku bude nasledova\u0165 rekon\u0161trukcia existuj\u00facich chodn\u00edkov a\u00a0ich spevnenie, osadenie lavi\u010diek, odpadov\u00fdch n\u00e1dob, informa\u010dn\u00fdch tab\u00fa\u013e, in\u0161tal\u00e1cia LED osvetlenia, ozvu\u010denia o\u00a0v\u00fdkone do 1 kW, in\u0161tal\u00e1cia prenosn\u00e9ho p\u00f3dia a\u00a0stoli\u010diek na realiz\u00e1ciu workshopow a\u00a0kult\u00farnych aktiv\u00edt, zak\u00fapenie multifunk\u010dn\u00e9ho zariadenia na letn\u00fa a\u00a0zimn\u00fa \u00fadr\u017ebu, aby bola zabezpe\u010den\u00e1 starostlivos\u0165 novovybudovan\u00e9ho parku na najvy\u0161\u0161ej \u00farovni.<\/p><h4 style=\"text-align: justify\">J\u00fal 2010<\/h4><p style=\"text-align: justify\">Ukon\u010denie projektu a\u00a0implementa\u010dn\u00e1 etapa projektu.<\/p><p style=\"text-align: justify\"><span style=\"color: #ffffff\">.<\/span><\/p><h2 style=\"text-align: justify\">Implementa\u010dn\u00e1 etapa projektu<\/h2><p style=\"text-align: justify\">Implementa\u010dn\u00e1 etapa zah\u0155\u0148a spolo\u010dn\u00e9 aktivity kult\u00farneho a\u00a0historick\u00e9ho dedi\u010dstva obidvoch partnerov projektu s\u00a0n\u00e1zvom Budat\u00edn \u2013 Strumien: Revitaliz\u00e1cia a\u00a0rozvoj kult\u00farneho dedi\u010dstva. Aktivity konaj\u00face sa v\u00a0Are\u00e1li Budat\u00ednskeho hradu.<\/p><h4>Workshop Budat\u00edn \u2013 Strumien\u00a0\u2013 28.1. 2010<\/h4><p style=\"text-align: justify\">&#8211; \u00a0na ktorom sa predstavia partneri projektu prostredn\u00edctvom prezent\u00e1ci\u00ed. Vo v\u00fdstavnej miestnosti Are\u00e1lu Budat\u00ednskeho hradu bude otvoren\u00e1 fotografick\u00e1 v\u00fdstava po\u013esk\u00e9ho partnera.<\/p><h4>Rezb\u00e1rsky de\u0148<\/h4><p>\u2013 16.-17.j\u00fal 2010, cie\u013eom ktor\u00e9ho bude zatrakt\u00edvnenie parku\u00a0\u00a0verejnou gal\u00e9riou s\u00f4ch.<\/p><h4>Hudobn\u00fd de\u0148<\/h4><p style=\"text-align: justify\">\u2013 15. august 2010. Hudobn\u00fd de\u0148 zah\u0155\u0148a koncerty neprofesion\u00e1lnej hudobnej tvorby regi\u00f3nu, ktor\u00e9 bude ma\u0165 verejnos\u0165 mo\u017enos\u0165 vidie\u0165 po dlhom \u010dase pr\u00e1ve v\u00a0priestoroch vynoven\u00e9ho parku.<\/p><h4>Aktivity konaj\u00face sa v\u00a0Strumieni<\/h4><p>&#8211; v\u00fdstava Slovensk\u00e9 drot\u00e1rstvo\u00a0\u2013 november 2010,<\/p><p>&#8211; Staromestsk\u00e1 jar\u00a0\u00a0&#8211; 5.-6.j\u00fan 2010,<\/p><p>&#8211; prezent\u00e1cia tradi\u010dn\u00fdch slovensk\u00fdch \u013eudov\u00fdch remesiel,<\/p><p>&#8211; workshop Strumien \u2013 Budat\u00edn\u00a0\u2013 17.december 2010.<\/p><p><span style=\"color: #ffffff\">.<\/span><\/p><h2>Vyjadrenia odborn\u00edkov a zainteresovan\u00fdch str\u00e1n<\/h2><h4 style=\"text-align: justify\">Park z poh\u013eadu zool\u00f3ga<\/h4><p style=\"text-align: justify\">Park v\u00a0are\u00e1li Budat\u00ednskeho hradu predstavuje z\u00a0poh\u013eadu krajinn\u00e9ho ekol\u00f3ga prvok, ktor\u00fd v\u00a0mnohom svojou priestorovou \u0161trukt\u00farou n\u00e1padne pripom\u00edna interi\u00e9r lesa. V\u00a0posledn\u00fdch desa\u0165ro\u010diach pre\u0161iel f\u00e1zou samovo\u013en\u00e9ho (sukcesn\u00e9ho) v\u00fdvoja. \u017divo\u010d\u00ed\u0161tvo, ako dynamicky sa meniaci komponent tohto umelo zalo\u017een\u00e9ho a\u00a0nesk\u00f4r prirodzene sa vyv\u00edjaj\u00faceho parku, citlivo reaguje na zmeny prostredia \u010di u\u017e sa jedn\u00e1 o\u00a0pr\u00edrodn\u00e9 naru\u0161enia (disturbancie) alebo o\u00a0\u010dlovekom vyvolan\u00e9 (antropog\u00e9nne) zmeny.<\/p><p style=\"text-align: justify\">K\u00a0najlep\u0161ie preb\u00e1dan\u00fdm \u017eivo\u010d\u00ed\u0161nym skupin\u00e1m, ktor\u00e9 sa v\u00a0parku vyskytuj\u00fa, patria vt\u00e1ky (Aves). Prv\u00fd profesion\u00e1lny ornitologick\u00fd v\u00fdskum tu prebiehal v\u00a0rokoch 1992-1993. V\u00fdskum a\u00a0pozorovania ostatn\u00fdch skup\u00edn suchozemsk\u00fdch (terestrick\u00fdch) stavovcov priebiehal pod taktovkou zoologickej sekcie Pova\u017esk\u00e9ho m\u00fazea v\u00a0\u017diline v\u00a0rokoch 2001-2004. Po\u010das neho bolo preuk\u00e1zan\u00e9 hniezdenie 28 druhov vt\u00e1kov. Takmer identick\u00fd po\u010det druhov bol zisten\u00fd aj po\u010das predch\u00e1dzaj\u00faceho ornitologick\u00e9ho v\u00fdskumu (27 druhov). Okrem druhov spevavcov, be\u017en\u00fdch v\u00a0parkovej zeleni v\u00a0\u017diline \u010di jej okol\u00ed, tu pravidelne hniezdia tie\u017e niektor\u00e9 druhy sov, ako napr\u00edklad sova lesn\u00e1 \u010di my\u0161iarka u\u0161at\u00e1.<\/p><p style=\"text-align: justify\">Park v\u00a0are\u00e1li Budat\u00ednskeho parku \u010dak\u00e1 v\u00a0doh\u013eadnej dobe revitaliz\u00e1cia. Odstr\u00e1nen\u00e9 bud\u00fa najm\u00e4 n\u00e1letov\u00e9 dreviny a\u00a0niektor\u00e9 star\u00e9 stromy na hranici svojho do\u017eitia. Verejnos\u0165 tak\u00e9to z\u00e1sahy do zelene v\u00e4\u010d\u0161inou vn\u00edma negat\u00edvne. Treba v\u0161ak poznamena\u0165, \u017ee pl\u00e1novan\u00e1 postupnos\u0165 pri obnove parku bude prebieha\u0165 maxim\u00e1lne citlivo, v\u00a0s\u00fa\u010dinnosti so \u0160t\u00e1tnou ochranou pr\u00edrody a\u00a0\u010fal\u0161\u00edch doktnut\u00fdch zlo\u017eiek . Urb\u00e1nne prostredie mesta, a\u00a0park nie je v\u00fdnimkou, je v\u00fdsledkom mnoho storo\u010d\u00ed trvaj\u00facej \u013eudskej \u010dinnosti. Teraj\u0161\u00ed charakter krajiny je preto v\u00fdslednicou bezprostredn\u00e9ho vplyvu hospod\u00e1renia \u010dloveka v\u00a0krajine. P\u00f4vodn\u00e9 lesn\u00e9 spolo\u010denstv\u00e1, ktor\u00e9 by bez z\u00e1sahu \u010dloveka boli dominantn\u00fdm ekosyst\u00e9mom, boli postupne nahr\u00e1dzan\u00e9 sekund\u00e1rnymi biotopmi s\u00a0charaktristick\u00fdmi rastlinn\u00fdmi a\u00a0\u017eivo\u010d\u00ed\u0161nymi spolo\u010denstvami. Citlivej\u0161ie druhy sa z\u00a0\u010dlovekom po st\u00e1ro\u010dia modifikovanej krajiny postupne vytratili, alebo ich popul\u00e1cie pre\u017e\u00edvaj\u00fa v\u00a0ref\u00fagi\u00e1ch ve\u013ekoplo\u0161n\u00fdch chr\u00e1nen\u00fdch \u00fazem\u00ed s\u00a0vysok\u00fdm podielom p\u00f4vodn\u00fdch, resp. pr\u00edrode bl\u00edzkych biotopov. Druhy s\u00a0vysokou schopnos\u0165ou adaptability, ku ktor\u00fdm vo v\u0161eobecnosti patria niektor\u00e9 stavovce s\u00a0dokonale rozvinutou centr\u00e1lnou nervovou s\u00fastavou a\u00a0zlo\u017eit\u00fdmi prejavmi spr\u00e1vania, sa t\u00fdmto vplyvom prisp\u00f4sobili, dokonca niektor\u00e9 v\u00a0kult\u00farnej krajine dosahuj\u00fa aj vy\u0161\u0161iu popula\u010dn\u00fa hustotu.<\/p><p style=\"text-align: justify\">Dne\u0161n\u00e1 krajina roz\u010dlenen\u00e1 \u0161truktur\u00e1lnymi prvkami biokoridorov a\u00a0pl\u00f4\u0161ok so stromovou a\u00a0krovinovou veget\u00e1ciou poskytuje hniezdne a\u00a0potravn\u00e9 mo\u017enosti pre desiatky druhov vt\u00e1kov. Paradoxne takto narast\u00e1 heterogenita krajiny a\u00a0\u00famerne s\u00a0\u0148ou aj druhov\u00e1 rozmanitos\u0165 druhov, ktor\u00e9 sa prisp\u00f4sobili \u017eivotu v\u00a0\u010dlovekom pozmenenej krajine.<\/p><p style=\"text-align: justify\">Park v\u00a0are\u00e1li Budat\u00ednskeho parku po revitaliz\u00e1cii bude prech\u00e1dza\u0165 \u0161t\u00e1diami tzv. sekund\u00e1rnej sukcesie, s\u00a0postupnou v\u00fdmenou druhov. Aby tieto n\u00e1sledn\u00e9 ekologick\u00e9 procesy boli v\u00a0popul\u00e1ci\u00e1ch \u017eivo\u010d\u00edchov parku minim\u00e1lne, pl\u00e1nujeme v\u00a0parku rozmiestni\u0165 hniezde b\u00fadky pre dutinov\u00e9 hniezdi\u010de, ktor\u00e9 by sl\u00fa\u017eili ako n\u00e1hrada za prirodzen\u00e9 dutiny, ktor\u00e9 \u017eia\u013e zanikn\u00fa po v\u00fdrube niektor\u00fdch prestarnut\u00fdch stromov. Druhy vt\u00e1kovhniezdiace v\u00a0krovin\u00e1ch do\u010dasne zn\u00ed\u017eia svoju po\u010detnos\u0165 i\u00a0druhov\u00fa rozmanitos\u0165. Av\u0161ak skupinov\u00e9 v\u00fdsadby okrasn\u00fdch a\u00a0plodonosn\u00fdch krov v\u00a0podraste star\u00fdch stromov im poskytn\u00fa nov\u00e9 mo\u017enosti na hniezdenie. Fauna vt\u00e1kov (ornitocen\u00f3za) v\u00a0parku sa tak po istom obdob\u00ed m\u00f4\u017ee stabilizova\u0165 a\u00a0vr\u00e1ti\u0165 sa do stavu pred jeho revitaliz\u00e1ciou.<\/p><p>V\u00a0\u017diline, Budat\u00edne, 7.12.2009<\/p><p>RNDr. Ladislav Hl\u00f4\u0161ka, PhD.\u00a0\u2013 zool\u00f3g PM v \u017diline<\/p><p><span style=\"color: #ffffff\">.<\/span><\/p><h4>Novodob\u00e1 hist\u00f3ria a\u00a0s\u00fa\u010dasnos\u0165 parku pri Budat\u00ednskom hrade<\/h4><p style=\"text-align: justify\">Park na s\u00fatoku V\u00e1hu a\u00a0Kysuce\u00a0\u00a0spolu s\u00a0objektom Budat\u00ednskeho hradu tvor\u00ed v\u00fdznamn\u00e9 kult\u00farno-spolo\u010densk\u00e9 miesto v\u00a0\u017diline. Park bol a\u017e do II. svetovej vojny dobre udr\u017eiavan\u00fd\u00a0posledn\u00fdm majite\u013eom Gejzom \u010c\u00e1kym. Pova\u017esk\u00e9 m\u00fazeum dostalo do spr\u00e1vy Budat\u00ednsky hrad spolu s\u00a0are\u00e1lom parku niekedy v\u00a0roku 1954, kedy bolo ustanoven\u00e9 Krajsk\u00e9 m\u00fazeum v\u00a0\u017diline. Are\u00e1l hradu i\u00a0parku bol zna\u010dne zdevastovan\u00fd.<\/p><p style=\"text-align: justify\">\u00dadr\u017eba parku sa nerealizovala\u00a0\u00a0minim\u00e1lne od skon\u010denia vojny. Naopak, rozloha parku sa \u010falej zna\u010dne zmen\u0161ila parcel\u00e1ciou po r. 1946 na v\u00fdstavbu rodinn\u00fdch domov a\u017e na dne\u0161n\u00fa rozlohu\u00a0\u00a04,7\u00a0\u00a0ha. V\u00a0are\u00e1li parku boli umiestnen\u00e9 aj sklady miestneho stavebn\u00e9ho podniku.<\/p><p style=\"text-align: justify\">Koncom \u0161es\u0165desiatych rokov minul\u00e9ho storo\u010dia boli prv\u00e9 pokusy o\u00a0rekon\u0161trukciu parku, ktor\u00e1 sa nakoniec nerealizovala. Uskuto\u010dnili sa len mal\u00e9 \u00fapravy v\u00a0ju\u017enej \u010dasti, kde po men\u0161ej \u00faprave tr\u00e1vnika boli vysaden\u00e9 v\u00a0piatich kruhoch \u0161\u00edpov\u00e9 ru\u017ee (mal to\u00a0by\u0165 z\u00e1klad pre bud\u00face ros\u00e1rium). T\u00e1to \u00faprava v\u0161ak bola v\u00a0kr\u00e1tkom obdob\u00ed zni\u010den\u00e1 a\u00a0ke\u010f\u017ee sa nerealizovala n\u00e1sledn\u00e1 \u00fadr\u017eba \u00fazemia, tak postupne zanikla \u00faplne. Park a\u00a0zele\u0148 v \u0148om exitovali\u00a0\u00a0bez v\u00e4\u010d\u0161ej \u00fadr\u017eby \u010falej, nekoordinovane bol vyu\u017e\u00edvan\u00fd obyvate\u013emi na oddych. Zele\u0148 v\u00a0parku bola po\u0161koden\u00e1 aj po\u010das v\u00fdstavby Vodn\u00e9ho diela \u017dilina, najm\u00e4 brehov\u00e9 porasty okolo V\u00e1hu a\u00a0Kysuce. Z\u00a0parku boli priebe\u017ene odstr\u00e1\u0148ovan\u00e9 such\u00e9 stromy (lipy a\u00a0topole) &#8211;\u00a0stromy, ktor\u00e9 padli vplyvom siln\u00e9ho vetra a\u00a0\u0165a\u017ek\u00e9ho snehu, ale odstr\u00e1nen\u00e9 boli aj lipy na mieste, kde bola postaven\u00e1 nov\u00e1 budova vo v\u00fdchodnej \u010dasti I. n\u00e1dvoria. Park sa zahus\u0165oval n\u00e1letov\u00fdmi drevinami, z\u00a0ktor\u00fdch niektor\u00e9 dor\u00e1stli a\u017e do v\u00fd\u0161ky stromov a\u00a0mnoh\u00e9 tvorili hust\u00fd krovinov\u00fd podrast. Koncom dev\u00e4\u0165desiatych rokov bolo vysaden\u00fdch nieko\u013eko jedincov platanov a\u00a0zrealizovalo sa aj zviazanie kon\u00e1rov v\u00a0korune lipy pri vstupe do parku. V\u00a0tomto obdob\u00ed v\u00a0r\u00e1mci \u00fadr\u017eby bola odstr\u00e1nen\u00e1 \u010das\u0165 krovinov\u00e9ho podrastu a\u00a0kosil sa\u00a0\u00a0tr\u00e1vnat\u00fd porast, najm\u00e4 v\u00a0bezprostrednom\u00a0\u00a0okol\u00ed pr\u00edstupovej cesty do hradu.<\/p><p style=\"text-align: justify\">Kostru parku v\u00a0s\u00fa\u010dasnosti tvoria dreviny, ktor\u00e9 odolali doteraj\u0161\u00edm nepriazniv\u00fdm n\u00e1strah\u00e1m a zachovali sa a\u017e\u00a0\u00a0dodnes. Takmer v\u0161etky potrebuj\u00fa o\u0161etrenie, vzh\u013eadom na ich stav a vek.\u00a0\u00a0Z\u00a0dom\u00e1cich druhov\u00a0\u00a0vekom \u201e odch\u00e1dzaj\u00fa\u201c mohutn\u00e9 jedince topo\u013eov \u010diernych (i\u00a0ke\u010f sa do\u017e\u00edvaj\u00fa a\u017e 300 rokov) s obvodom kme\u0148a a\u017e\u00a0555 cm\u00a0a\u00a0s v\u00fd\u0161kou 30 m. Tieto patrili k\u00a0dominantn\u00fdm najm\u00e4 na brehoch V\u00e1hu a Kysuce. Pekn\u00e9 s\u00fa niektor\u00e9 jedince lipy malolistej s\u00a0obvodom kme\u0148a u\u00a0najmohutnej\u0161\u00edch\u00a0\u00a0435 a\u00a0600 cm, s\u00a0v\u00fd\u0161kou okolo 27 m. Ich vek sa odhaduje na 250 a\u017e 300 rokov (lipy sa do\u017e\u00edvaj\u00fa 700-1000 rokov). O nie\u010do mlad\u0161ie jedince s\u00a0men\u0161\u00edmi parametrami\u00a0\u00a0tvoria aj lipov\u00fa aleju oproti br\u00e1ne do n\u00e1dvoria hradu, ktor\u00e1 poch\u00e1dza pravdepodobne z\u00a0polovice 19 stor., kedy do\u0161lo k\u00a0jej obnoveniu. V\u00a0ju\u017enej \u010dasti parku s\u00fa kr\u00e1sne\u00a0\u00a0javory horsk\u00e9, s obvodmi kme\u0148ov\u00a0\u00a0310,\u00a0480 a560 cm, s\u00a0v\u00fd\u0161kou okolo\u00a027 m\u00a0a s\u00a0odhadovan\u00fdm vekom 250 i\u00a0viac rokov (vek javora sa odhaduje na 600 rokov). V\u00a0strede a\u00a0v severnej \u010dasti parku s\u00fa jedince buka lesn\u00e9ho vo forme previsnutej a\u00a0\u010dervenolistej s\u00a0odhadom veku 150 rokov (buky sa m\u00f4\u017eu do\u017ei\u0165 a\u017e 350 rokov). Z\u00a0cudzokrajn\u00fdch drev\u00edn je zast\u00fapen\u00fd platan javorolist\u00fd. Jeho jedince maj\u00fa obvod kme\u0148a 390, 460 a\u00a0570 cm, v\u00fd\u0161ka je okolo\u00a025 m\u00a0a\u00a0vek sa odhaduje na 200 a\u017e 250 rokov. Z\u00a0uveden\u00e9ho mo\u017eno kon\u0161tatova\u0165, \u017ee mnoh\u00e9 najstar\u0161ie jedince stromov s\u00fa \u017eiv\u00fdmi pam\u00e4tn\u00edkmi dej\u00edn, boli vysaden\u00e9 pr\u00e1ve niekedy v\u00a0polovici 18. storo\u010dia, pri \u00faprave parku, kedy majite\u013emi boli Su\u0148ogovci. Neskor\u0161ie parkov\u00e9 \u00fapravy a\u00a0dosadby sa realizovali za majite\u013eov\u00a0\u00a0\u010c\u00e1kyovcov.<\/p><p style=\"text-align: justify\">O\u00a0tom, \u017ee park bol v\u00a0minulosti bohat\u0161\u00ed na dreviny, n\u00e1s\u00a0\u00a0m\u00f4\u017eu informova\u0165 aj s\u00fapisy druhov, ktor\u00e9 sa realizovali v\u00a0minulom storo\u010d\u00ed. Napr. v\u00a060-tych rokoch\u00a0\u00a0minul\u00e9ho storo\u010dia bolo v\u00a0parku zaznamenan\u00fdch takmer 500 kusov\u00a0\u00a0stromov a\u00a0krov.<\/p><p style=\"text-align: justify\">Dnes je park s\u00fa\u010das\u0165ou N\u00e1rodnej kult\u00farnej pamiatky Hrad s\u00a0are\u00e1lom, vedenej v\u00a0\u00dastrednom zozname pamiatkov\u00e9ho fondu pod \u010d\u00edslom 1427\/1,2. Vzh\u013eadom\u00a0na\u00a0zdravotn\u00fd stav mnoh\u00fdch drev\u00edn, ako aj z\u00a0d\u00f4vodu ich dlhodob\u00e9ho neo\u0161etrovania a\u00a0celkov\u00e9ho vzh\u013eadu parku, \u010dak\u00e1 park revitaliz\u00e1cia a\u00a0n\u00e1sledna rekon\u0161trukcia. T\u00e1to zah\u0155\u0148a v\u00fdrub nevhodn\u00fdch drev\u00edn (zdravotne z\u00e1vadn\u00fdch, plevelov\u00fdch a\u00a0drev\u00edn z\u00a0n\u00e1letov) a\u00a0o\u0161etrenie\u00a0\u00a0star\u00fdch stromov, ktor\u00e9\u00a0\u00a0zostan\u00fa na\u010falej s\u00fa\u010das\u0165ou parku.<\/p><p>7.12.2009<\/p><p>Spracovala RNDr. Urbanov\u00e1 Vikt\u00f3ria, CSc., botani\u010dka PM v \u017diline<\/p><p><span style=\"color: #ffffff\">.<\/span><\/p><h4>Stanovisko mestsk\u00e9ho \u00faradu, odbor stavebn\u00fd a \u017eivotn\u00e9ho prostredia<\/h4><p style=\"text-align: justify\">Mestsk\u00fd \u00farad odbor stavebn\u00fd a \u017eivotn\u00e9ho prostredia v s\u00fa\u010dasnosti pripravuje vydanie rozhodnutia na v\u00fdrub drev\u00edn \u010d.s. C- 30150- 3\/2009 na z\u00e1klade predlo\u017een\u00fdch dokladov od \u017eiadate\u013ea, ktor\u00fdm bol \u017dilinsk\u00fd samospr\u00e1vny kraj, ul. Komensk\u00e9ho 48, 011 09 \u017dilina. Ak bude rozhodnutie schv\u00e1len\u00e9 a podp\u00edsan\u00e9 prim\u00e1torom mesta \u017dilina, m\u00f4\u017ee \u017eiadate\u013e za\u010da\u0165 s revitaliz\u00e1ciou parku Budat\u00edm pod\u013ea podmienok, ktor\u00e9 bud\u00fa dan\u00e9 v tomto rozhodnut\u00ed.<\/p><p>Mgr. Mr\u00e1zikov\u00e1<\/p><p><span style=\"color: #ffffff\">.<\/span><\/p><h4>Spr\u00e1va NP Mal\u00e1 Fatra k\u00a0uveden\u00e9mu projektu vyd\u00e1va toto stanovisko:<\/h4><p style=\"text-align: justify\">Budat\u00ednsky hrad, ktor\u00fd vznikol v\u00a013. storo\u010d\u00ed ako str\u00e1\u017eny vodn\u00fd hrad, je v\u00a0s\u00fa\u010dasnosti s\u00eddlom Pova\u017esk\u00e9ho m\u00fazea v\u00a0\u017diline. S\u00fa\u010das\u0165ou are\u00e1lu Budat\u00ednskeho hradu je park, ktror\u00fd po\u010das nieko\u013ek\u00fdch desa\u0165ro\u010d\u00ed zanedbanej \u00fadr\u017eby a starostlivosti stratil charakter p\u00f4vodn\u00e9ho z\u00e1mock\u00e9ho parku. N\u00e1sledkom zanedb\u00e1vanej starostlivosti o porasty a jednotliv\u00e9 dreviny v\u00a0parku do\u0161lo k\u00a0v\u00fdrazn\u00e9mu zhor\u0161eniu zdravotn\u00e9ho stavu mnoh\u00fdch drev\u00edn a k\u00a0nepriazniv\u00e9mu v\u00fdvoju priestorovej \u0161trukt\u00fary porastov. V\u00a0parku s\u00fa taktie\u017e zanedban\u00e9, resp. ch\u00fdbaj\u00fa, komunik\u00e1cie pre n\u00e1v\u0161tevn\u00edkov, ktor\u00e9\u00a0by zodpovedali charakteru z\u00e1mock\u00e9ho parku. Z\u00a0t\u00fdchto d\u00f4vodov bol navrhnut\u00fd projekt revitaliz\u00e1cie parku, ktor\u00e9ho cie\u013eom je celkov\u00e1 obnova are\u00e1lu parku. Projekt zah\u0155\u0148a obnovu porastov, v\u00fdruby drev\u00edn \u2013 vzh\u013eadom\u00a0na\u00a0ich zl\u00fd zdravotn\u00fd stav a bezpe\u010dnos\u0165 (padaj\u00face such\u00e9 kon\u00e1re, poru\u0161en\u00e1 statika kme\u0148ov) &#8211;\u00a0v\u00fdsadbu drev\u00edn, rekultiv\u00e1ciu pl\u00f4ch tr\u00e1vnikov, vybudovanie chodn\u00edkov, osvetlenia\u00a0a umiestnenie lavi\u010diek.<\/p><p style=\"text-align: justify\">Z\u00a0h\u013eadiska ochrany pr\u00edrody a\u00a0krajiny je tento park zauj\u00edmav\u00fd predov\u0161etk\u00fdm potvrden\u00fdm v\u00fdskytom a\u00a0hniezden\u00edm mnoh\u00fdch \u017eivo\u010d\u00ed\u0161nych druhov, najm\u00e4 vt\u00e1kov, ktor\u00e9 s\u00fa pod\u013ea vyhl\u00e1\u0161ky M\u017dP SR\u00a0 \u010d. 24\/2003, ktorou sa vykon\u00e1na z\u00e1kon \u010d. 543\/2002 Z. z. o\u00a0ochrane pr\u00edrody a\u00a0krajiny v\u00a0znen\u00ed neskor\u0161\u00edch predpisov druhmi n\u00e1rodn\u00e9ho a\u00a0eur\u00f3pskeho v\u00fdznamu (napr. much\u00e1r siv\u00fd, much\u00e1rik bielokrk\u00fd, \u017elna siv\u00e1).\u00a0\u00a0Na stromoch s\u00a0vhodn\u00fdmi podmienkami pre hniezdenie (ve\u013ek\u00e9 star\u00e9 stromy s\u00a0dutinami, polodutinami a\u00a0s\u00a0ve\u013ek\u00fdmi pazuchami kon\u00e1rov), mo\u017eno predpoklada\u0165 po\u010das vegeta\u010dn\u00e9ho obdobia hniezdenie jednotliv\u00fdch druhov. \u010co sa t\u00fdka samotn\u00fdch drev\u00edn, v\u00a0parku sa s\u00edce nenach\u00e1dzaj\u00fa jedince vyhl\u00e1sen\u00e9 za chr\u00e1nen\u00e9 stromy, niektor\u00e9 zo star\u0161\u00edch stromov v\u0161ak sp\u013a\u0148aj\u00fa parametre,\u00a0na z\u00e1klade ktor\u00fdch by ich bolo mo\u017en\u00e9 za chr\u00e1nenen\u00fd strom vyhl\u00e1si\u0165 (lipy, platany).<\/p><p>Spr\u00e1va NP Mal\u00e1 Fatra s\u00fahlas\u00ed s\u00a0navrhovan\u00fdm projektom revitaliz\u00e1cie parku pri dodr\u017ean\u00ed nasledovn\u00fdch podmienok:<\/p><p style=\"text-align: justify\">&#8211; v\u00fdruby vybrat\u00fdch stromov sa uskuto\u010dnia v\u00a0obdob\u00ed vegeta\u010dn\u00e9ho pokoja, t. j. do 31. 3. 2010, resp. od 1. 10. 2010 do 31. 3. 2011;<\/p><p style=\"text-align: justify\">&#8211; v\u00fdruby a\u00a0o\u0161terovanie vybrat\u00fdch stromov bud\u00fa vykon\u00e1va\u0165 osoby s\u00a0n\u00e1le\u017eitou odbornou sp\u00f4sobilos\u0165ou pre profesion\u00e1lnu starostlivos\u0165 o stromy, tzv. arboristi, ktror\u00ed s\u00fa dr\u017eite\u013emi platn\u00e9ho certifik\u00e1tu ISA \u2013 Medzin\u00e1rodnej organiz\u00e1cie arboristov;<\/p><p style=\"text-align: justify\">pri v\u00fdruboch nebud\u00fa pou\u017eit\u00e9 \u0165a\u017ek\u00e9 mechanizmy, aby nedo\u0161lo k\u00a0nadmern\u00e9mu po\u0161kodeniu drev\u00edn, ktor\u00e9 ost\u00e1vaj\u00fa v\u00a0podraste;<\/p><p style=\"text-align: justify\">&#8211; v\u00a0r\u00e1mci projektu nebude realizovan\u00e1 v\u00a0are\u00e1li parku v\u00fdstavba nov\u00fdch objektov, okrem pl\u00e1novanej v\u00fdstavby komunik\u00e1ci\u00ed (chodn\u00edkov) s\u00a0lavi\u010dkami pre n\u00e1v\u0161tevn\u00edkov;<\/p><p style=\"text-align: justify\">&#8211;\u00a0 po ukon\u010den\u00ed projektu bude zabezpe\u010den\u00e1 n\u00e1le\u017eit\u00e1 odborn\u00e1 starostlivos\u0165, ktorou\u00a0sa bude park systematicky udr\u017eiava\u0165 .<\/p><p>Ing. Andrej Vidra<br \/>riadite\u013e Spr\u00e1vy NP Mal\u00e1 Fatra<\/p><\/div>\n\t\t\t\t\t<\/div><div class=\"eael-accordion-list\">\n\t\t\t\t\t<div id=\"histria-spja\" class=\"elementor-tab-title eael-accordion-header\" tabindex=\"0\" data-tab=\"10\" aria-controls=\"elementor-tab-content-51310\"><span class=\"eael-advanced-accordion-icon-closed\"><i aria-hidden=\"true\" class=\"fa-accordion-icon fas fa-newspaper\"><\/i><\/span><span class=\"eael-advanced-accordion-icon-opened\"><i aria-hidden=\"true\" class=\"fa-accordion-icon fas fa-minus\"><\/i><\/span><span class=\"eael-accordion-tab-title\">Hist\u00f3ria sp\u00e1ja<\/span><i aria-hidden=\"true\" class=\"fa-toggle fas fa-angle-right\"><\/i><\/div><div id=\"elementor-tab-content-51310\" class=\"eael-accordion-content clearfix\" data-tab=\"10\" aria-labelledby=\"histria-spja\"><h2>Popis projektu<\/h2><div><div><img loading=\"lazy\" decoding=\"async\" src=\"http:\/\/www.kysuckemuzeum.sk\/images\/stories\/projekty\/SR_CR\/logo_sr_cr.jpg\" alt=\"Sample Image\" width=\"640\" height=\"87\" \/><\/div><\/div><div><p>evid.\u010d.: SK\/FMP\/03\/012<\/p><p>\u017diadate\u013e: Kysuck\u00e9 m\u00fazeum v \u010cadci<br \/>Projektov\u00ed partneri: Kysuck\u00e9 m\u00fazeum v \u010cadci (SR), M\u00fazeum Te\u0161\u00ednska (\u010cR), Pova\u017esk\u00e9 m\u00fazeum v \u017diline (SR)<\/p><p>Za\u010diatok projektu: 7\/2011<br \/>Ukon\u010denie projektu: 6\/2012<br \/>Celkov\u00e9 n\u00e1klady projektu: 22.593,95 \u20ac<br \/>Spolufinancovanie:<br \/>Eur\u00f3psky fond region\u00e1lneho rozvoja: 19.204,85 \u20ac (85 %)<br \/>N\u00e1rodn\u00e9 spolufinancovanie zo \u0161t\u00e1tneho rozpo\u010dtu: 2.259,39 \u20ac (10 %)<br \/>Vlastn\u00e9 zdroje: 1.129,71 \u20ac (5 %)<\/p><\/div><p><strong>Popis projektu:<\/strong><\/p><p><strong>Hlavn\u00fd cie\u013e:<\/strong><\/p><p>Cezhrani\u010dn\u00e1 integr\u00e1cia a zintenz\u00edvnenie dlhodob\u00fdch foriem spolupr\u00e1ce v oblasti historick\u00e9ho v\u00fdskumu a prezent\u00e1cie kult\u00farneho dedi\u010dstva.<\/p><p><strong>\u0160pecifick\u00e9 ciele:<\/strong><\/p><p>Zachov\u00e1vanie a akt\u00edvna prezent\u00e1cia dej\u00edn regi\u00f3nov, pribli\u017eovanie historick\u00e9ho a kult\u00farneho dedi\u010dstva prostredn\u00edctvom realiz\u00e1cie odborn\u00fdch v\u00fdskumov a jeho vedeck\u00fdch v\u00fdstupov \u2013 konferenci\u00ed, predn\u00e1\u0161ok, semin\u00e1rov \u010di v\u00fdstav.\u00a0Vz\u00e1jomn\u00e1 v\u00fdmena odborn\u00fdch poznatkov vo viacer\u00fdch oblastiach spolo\u010densk\u00fdch vied &#8211; Kompar\u00e1cia d\u00f4sledkov p\u00f4sobenia \u0161\u013eachty aj vo vz\u00e1jomne geograficky susediacich oblastiach Kys\u00fac, Te\u0161\u00ednska a Moravy.\u00a0Upev\u0148ovanie partnerstva medzi partnersk\u00fdmi in\u0161tit\u00faciami akt\u00edvnou spolupr\u00e1cou na realiz\u00e1cii r\u00f4znych projektov.<\/p><p><strong>Cie\u013eov\u00e9 skupiny:<\/strong><\/p><p><strong>\u00a0<\/strong><\/p><div>\u2022 z\u00e1ujmov\u00e9 skupiny, \u017eiaci a \u0161tudenti, pedag\u00f3govia v\u0161etk\u00fdch stup\u0148ov v\u00fduky<\/div><div>\u2022 odborn\u00e1 a \u0161irok\u00e1 laick\u00e1 verejnos\u0165<\/div><div>\u2022 n\u00e1v\u0161tevn\u00edci expoz\u00edci\u00ed m\u00faze\u00ed<\/div><div>\u2022 pr\u00e1vnick\u00e9 osoby &#8211; region\u00e1lne, krajsk\u00e9 a \u0161t\u00e1tne kni\u017enice, historick\u00e9 \u00fastavy a univerz\u00edty<\/div><p><strong>Partneri projektu sa bud\u00fa spolo\u010dne podie\u013ea\u0165 na realiz\u00e1cii nasleduj\u00facich aktiv\u00edt:<\/strong><\/p><p><strong><br \/><\/strong>1. V\u00fdskum<br \/>2. Stretnutia pracovnej skupiny<br \/>3. Konferencia<br \/>4. Vydanie zborn\u00edka pr\u00edspevkov z konferencie<br \/>5. V\u00fdstava k spracovan\u00e9mu v\u00fdskumu<\/p><p>Kontaktn\u00e1 osoba pre projekt:<br \/>Ing. Michaela Per\u010fochov\u00e1<br \/>koordin\u00e1tor projektu<br \/>Kysuck\u00e9 m\u00fazeum v \u010cadci<br \/>Moyzesova 50<br \/>022 01<\/p><p>tel. 041\/4327109<br \/>e-mail:\u00a0<a href=\"mailto:perdochova@kysuckemuzeum.sk\">perdochova@kysuckemuzeum.sk<\/a><\/p><p><strong>\u201eTento mikroprojekt je spolufinancovan\u00fd Eur\u00f3pskou \u00faniou, z prostriedkov Fondu mikroprojektov spravovan\u00e9ho Tren\u010dianskym samospr\u00e1vnym krajom\u201c<\/strong><\/p><p>&#8212;&#8212;&#8212;&#8212;&#8212;&#8212;&#8212;&#8212;&#8212;&#8212;&#8212;&#8212;&#8212;&#8212;&#8212;&#8212;&#8212;&#8212;&#8212;&#8212;&#8212;&#8212;&#8212;&#8212;&#8212;&#8212;&#8212;&#8212;&#8212;&#8212;&#8212;&#8212;-<\/p><h2>Hlavn\u00fd v\u00fdstup projektu &#8211; publik\u00e1cia \u0160\u013eachta na Kysuciach a jej susedia<\/h2><p>OBSAH<\/p><p>\u00daVOD\u00a0Quid tibi nibilitas<\/p><p>Budat\u00ednsky hrad vo svetle archeologick\u00fdch n\u00e1lezov\u00a0PETER BEDN\u00c1R \u2013 ZUZANA STANEKOV\u00c1<\/p><p>Budat\u00ednsky hrad \u2013 komunika\u010dn\u00fd uzol v minulosti\u00a0PETER \u0160IMKO<\/p><p>Kto vlastne bol \u017eupan Bohum\u00edr,\u00a0\u0161\u013eachtic z prvej p\u00edsomnej zmienky (1244) o Kysuciach?ADAM BUCHTA<\/p><p>Su\u0148ogovci z Jasenice a Budat\u00edna\u00a0ANDREA PAR\u00c1\u010cOV\u00c1<\/p><p>Alexander Pongr\u00e1c \u2212 zemianstvo a \u0161\u013eachta\u00a0na Kysuciach a bl\u00edzkom okol\u00ed BLANKA KR\u00c1LIKOV\u00c1<\/p><p>Rozvoj \u017eelezni\u010dnej dopravy na Kysuciach a jej vplyv\u00a0na podnikate\u013esk\u00e9 aktivity \u0161\u013eachty v oblasti drev\u00e1rskeho priemyslu\u00a0VERONIKA PAUKOV\u00c1<\/p><p>Gejza \u010c\u00e1ki \u2013 \u0161\u013eachtic v povojnovom \u010cesko-Slovensku\u00a0MARTIN TUR\u00d3CI .<\/p><p>Rodokme\u0148 gr\u00f3fa Gejzu \u010c\u00e1kiho\u00a0v zbierkach Pova\u017esk\u00e9ho m\u00fazea v \u017diline\u00a0MICHAL JURECK\u00dd<\/p><p>Priznajme sa k slovenskej \u0161\u013eachte\u00a0DRAHOSLAV MACHALA<\/p><p>Uhersk\u00e1 \u0161lechta a slez\u0161t\u00ed Piastovci na po\u010d\u00e1tku ran\u00e9ho novov\u011bku\u00a0(rodov\u00e9 aliance ve v\u00edru politiky a osobn\u00ed presti\u017ee) RADIM JE\u017d<\/p><p>Pos\u00e1dka na Jablunkovsk\u00fdch na \u0161anc\u00edch\u00a0P\u0159\u00edsp\u011bvek k pozn\u00e1n\u00ed \u017eivota v ran\u011b novov\u011bk\u00e9m opevn\u011bn\u00ed\u00a0MARTIN KR\u016eL<\/p><p>Pra\u017emov\u00e9 z B\u00edlkova a barokn\u00ed n\u00e1bo\u017eensk\u00e9 festivity ve Fr\u00fddku\u00a0DAVID PINDUR<\/p><p>Slezsk\u00e1 ni\u017e\u0161\u00ed \u0161lechta ve slu\u017eb\u00e1ch olomouck\u00e9ho biskupstv\u00ed\u00a0p\u0159ed B\u00edlou horou\u00a0Osobn\u00ed aspirace versus re\u00e1ln\u00e9 kari\u00e9rn\u00ed mo\u017enosti na p\u0159\u00edkladu Valentina Pavlovsk\u00e9ho\u00a0JAN AL SAHEB<\/p><p>\u0160lechtici v roli hukvaldsk\u00fdch hejtman\u016fa z\u00e1stupc\u016f vrchnosti a jejich kontakty s m\u011bsty\u00a0ve druh\u00e9 polovin\u011b 17. a v 18. stolet\u00ed\u00a0LENKA VA\u0160UTOV\u00c1<\/p><p>Zoznam prame\u0148ov, literat\u00fary a elektronick\u00fdch zdrojov<\/p><p>Zoznam pou\u017eit\u00fdch skratiek<\/p><p>Miestny register<\/p><p>Menn\u00fd register<\/p><p>Autori pr\u00edspevkov<\/p><p>Gentry in Kysuce region and its neighbours (Summaries)<\/p><\/div>\n\t\t\t\t\t<\/div><div class=\"eael-accordion-list\">\n\t\t\t\t\t<div id=\"jnokovsk-tradcia-ako-jedinen-fenomn-spolonho-kultrneho-dedistva-na-slovensko-poskom-pohrani\" class=\"elementor-tab-title eael-accordion-header\" tabindex=\"0\" data-tab=\"11\" aria-controls=\"elementor-tab-content-51311\"><span class=\"eael-advanced-accordion-icon-closed\"><i aria-hidden=\"true\" class=\"fa-accordion-icon fas fa-newspaper\"><\/i><\/span><span class=\"eael-advanced-accordion-icon-opened\"><i aria-hidden=\"true\" class=\"fa-accordion-icon fas fa-minus\"><\/i><\/span><span class=\"eael-accordion-tab-title\">J\u00e1no\u0161\u00edkovsk\u00e1 trad\u00edcia ako jedine\u010dn\u00fd fenom\u00e9n spolo\u010dn\u00e9ho kult\u00farneho dedi\u010dstva na slovensko \u2013 po\u013eskom pohrani\u010d\u00ed<\/span><i aria-hidden=\"true\" class=\"fa-toggle fas fa-angle-right\"><\/i><\/div><div id=\"elementor-tab-content-51311\" class=\"eael-accordion-content clearfix\" data-tab=\"11\" aria-labelledby=\"jnokovsk-tradcia-ako-jedinen-fenomn-spolonho-kultrneho-dedistva-na-slovensko-poskom-pohrani\"><p style=\"text-align: justify\">N\u00e1zov projektu: \u201e<strong>J\u00e1no\u0161\u00edkovsk\u00e1 trad\u00edcia ako jedine\u010dn\u00fd fenom\u00e9n spolo\u010dn\u00e9ho kult\u00farneho dedi\u010dstva na slovensko \u2013 po\u013eskom pohrani\u010d\u00ed<\/strong>\u201c<\/p><p style=\"text-align: justify\"><span style=\"color: #ffffff\">.<\/span><\/p><h2>Kr\u00e1tky popis projektu<\/h2><p style=\"text-align: justify\">Projekt si kladie za cie\u013e na poli ochrany spolo\u010dn\u00e9ho kult\u00farneho dedi\u010dstva slovensko \u2013 po\u013esk\u00e9ho pohrani\u010dia zmapova\u0165 jedine\u010dn\u00fd kult\u00farny fenom\u00e9n zbojn\u00edctva s d\u00f4razom na j\u00e1no\u0161\u00edkovsk\u00fa trad\u00edciu s mo\u017enos\u0165ou pre jeho vyu\u017eitie pri rozvoji turizmu v danej oblasti. Projekt je financovan\u00fd z eur\u00f3pskych \u0161truktur\u00e1lnych fondov z programu INTERREG IIIA SR \u2013 PL (programovacie obdobie 2004 \u2013 2006, priorita: 2 Socio-ekonomick\u00fd rozvoj, opatrenie: 2.3 Podpora miestnych iniciat\u00edv &#8211; fond mikroprojektov).<\/p><p>\u010eal\u0161\u00edm cie\u013eom je nadviazanie spolupr\u00e1ce a vytvorenie priestoru na jej rozvoj s partnerskou kult\u00farnou in\u0161tit\u00faciou v po\u013eskom pohrani\u010d\u00ed\u00ed a podpora miestnej aktivity v Terchovej inova\u010dn\u00fdm podujat\u00edm. Pre dosiahnutie uveden\u00fdch cie\u013eov\u00a0sl\u00fa\u017eia nasleduj\u00face aktivity:\u00a0Vytvorenie spolo\u010dn\u00e9ho slovensko \u2013 po\u013esk\u00e9ho centra inform\u00e1ci\u00ed o sledovanom jave na web str\u00e1nke a jeho propag\u00e1cia na DVD nosi\u010di,<\/p><p style=\"text-align: justify\">Zorganizovanie v\u00fdstavy tematicky ohrani\u010denej zbojn\u00edckymi a osobitne j\u00e1no\u0161\u00edkovsk\u00fdmi trad\u00edciami na Slovensku u cezhrani\u010dn\u00e9ho partnera v Bielsko \u2013 Bia\u0142ej,\u00a0Zorganizovanie odbornej konferencie na t\u00e9mu j\u00e1no\u0161\u00edkovskej trad\u00edcie v slovensko- po\u013eskom pohrani\u010d\u00ed v Terchovej s n\u00e1sledn\u00fdm vydan\u00edm zborn\u00edka predn\u00e1\u0161ok z konferencie, konferencia \u010dasovo viazan\u00e1 k miestnemu folkl\u00f3rnemu festivalu ako inova\u010dn\u00e9 sprievodn\u00e9 podujatie.<\/p><h2 style=\"text-align: justify\"><span style=\"color: #ffffff\">.<\/span><\/h2><p>Cie\u013eov\u00e9 skupiny projektu<\/p><p style=\"text-align: justify\">Priamy prospech sa via\u017ee na partnersk\u00e9 in\u0161tit\u00facie \u2013 m\u00faze\u00e1 \u2013 nadviazanie spolupr\u00e1ce a vytvorenie priestoru na jej \u010fal\u0161\u00ed rozvoj a propag\u00e1ciu. Odborn\u00e1 verejnos\u0165 na oboch stran\u00e1ch cezhrani\u010dn\u00e9ho regi\u00f3nu \u2013 nov\u00e9 kontakty, priestor na prezent\u00e1ciu nov\u00fdch poznatkov a ich propag\u00e1ciu. Laick\u00e1 verejnos\u0165 na oboch stran\u00e1ch cezhrani\u010dn\u00e9ho regi\u00f3nu so z\u00e1ujmom o dan\u00fa problematiku, vr\u00e1tane \u0161tuduj\u00facej ml\u00e1de\u017ee \u2013 z\u00edskaj\u00fa r\u00fdchly pr\u00edstup k inform\u00e1ci\u00e1m o danej problematike zo slovenskej aj po\u013eskej oblasti. Turisti, ktor\u00ed nav\u0161tevuj\u00fa Terchov\u00fa (osobitne po\u013esk\u00ed turisti) \u2013 roz\u0161\u00edren\u00edm slu\u017eieb v muze\u00e1lnej expoz\u00edcii J\u00e1no\u0161\u00edk a Terchov\u00e1.\u00a0Miestna komunita v Terchovej \u2013 zatrakt\u00edvnen\u00edm programu miestneho festivalu inova\u010dn\u00fdm podujat\u00edm.<\/p><h2 style=\"text-align: center\"><a class=\"aligncenter\" href=\"http:\/\/www.pmza.sk\/janosik\" target=\"_blank\" rel=\"noopener\">Internetov\u00e1 str\u00e1nka projektu<\/a><\/h2><\/div>\n\t\t\t\t\t<\/div><div class=\"eael-accordion-list\">\n\t\t\t\t\t<div id=\"projekty-podporen-v-roku-2016-\" class=\"elementor-tab-title eael-accordion-header\" tabindex=\"0\" data-tab=\"12\" aria-controls=\"elementor-tab-content-51312\"><span class=\"eael-advanced-accordion-icon-closed\"><i aria-hidden=\"true\" class=\"fa-accordion-icon fas fa-newspaper\"><\/i><\/span><span class=\"eael-advanced-accordion-icon-opened\"><i aria-hidden=\"true\" class=\"fa-accordion-icon fas fa-minus\"><\/i><\/span><span class=\"eael-accordion-tab-title\">Projekty podporen\u00e9 v roku 2016 <\/span><i aria-hidden=\"true\" class=\"fa-toggle fas fa-angle-right\"><\/i><\/div><div id=\"elementor-tab-content-51312\" class=\"eael-accordion-content clearfix\" data-tab=\"12\" aria-labelledby=\"projekty-podporen-v-roku-2016-\"><ul><li><a href=\"https:\/\/pmza.sk\/wp-content\/uploads\/2017\/09\/Projekty-podporene-v-2016_web.pdf\">Projekty podporen\u00e9 v roku 2016 <\/a><\/li><\/ul><\/div>\n\t\t\t\t\t<\/div><\/div>\t\t\t\t<\/div>\n\t\t\t\t<\/div>\n\t\t\t\t\t<\/div>\n\t\t<\/div>\n\t\t\t\t\t<\/div>\n\t\t<\/section>\n\t\t\t\t<\/div>\n\t\t","protected":false},"excerpt":{"rendered":"<p>Projekty V\u00fdchovno &#8211; vzdel\u00e1vacie aktivity V\u00fdstavy &#8222;Kr\u00e1li oblohy&#8220; V\u010faka Environment\u00e1lnemu fondu v roku 2024 Pova\u017esk\u00e9 m\u00fazeum v \u017diline \u00faspe\u0161ne zrealizovalo projekt V\u00fdchovno &#8211; vzdel\u00e1vacie aktivity V\u00fdstavy &#8222;Kr\u00e1li oblohy&#8220; zameran\u00fd na ochranu a populariz\u00e1ciu drav\u00fdch vt\u00e1kov prostredn\u00edctvom v\u00fdstavy \u201eKr\u00e1li oblohy\u201c. Tento ekov\u00fdchovn\u00fd projekt, ktor\u00fd prep\u00e1ja odborn\u00fd v\u00fdskum, environment\u00e1lnu v\u00fdchovu a osvetu, zah\u0155\u0148al viacer\u00e9 sprievodn\u00e9 aktivity, ktor\u00e9 [&hellip;]<\/p>\n","protected":false},"author":1,"featured_media":0,"parent":0,"menu_order":77,"comment_status":"closed","ping_status":"closed","template":"","meta":{"site-sidebar-layout":"no-sidebar","site-content-layout":"page-builder","ast-site-content-layout":"","site-content-style":"default","site-sidebar-style":"default","ast-global-header-display":"","ast-banner-title-visibility":"","ast-main-header-display":"","ast-hfb-above-header-display":"","ast-hfb-below-header-display":"","ast-hfb-mobile-header-display":"","site-post-title":"disabled","ast-breadcrumbs-content":"","ast-featured-img":"disabled","footer-sml-layout":"","theme-transparent-header-meta":"default","adv-header-id-meta":"","stick-header-meta":"default","header-above-stick-meta":"","header-main-stick-meta":"","header-below-stick-meta":"","astra-migrate-meta-layouts":"default","ast-page-background-enabled":"default","ast-page-background-meta":{"desktop":{"background-color":"var(--ast-global-color-4)","background-image":"","background-repeat":"repeat","background-position":"center center","background-size":"auto","background-attachment":"scroll","background-type":"","background-media":"","overlay-type":"","overlay-color":"","overlay-opacity":"","overlay-gradient":""},"tablet":{"background-color":"","background-image":"","background-repeat":"repeat","background-position":"center center","background-size":"auto","background-attachment":"scroll","background-type":"","background-media":"","overlay-type":"","overlay-color":"","overlay-opacity":"","overlay-gradient":""},"mobile":{"background-color":"","background-image":"","background-repeat":"repeat","background-position":"center center","background-size":"auto","background-attachment":"scroll","background-type":"","background-media":"","overlay-type":"","overlay-color":"","overlay-opacity":"","overlay-gradient":""}},"ast-content-background-meta":{"desktop":{"background-color":"var(--ast-global-color-5)","background-image":"","background-repeat":"repeat","background-position":"center center","background-size":"auto","background-attachment":"scroll","background-type":"","background-media":"","overlay-type":"","overlay-color":"","overlay-opacity":"","overlay-gradient":""},"tablet":{"background-color":"var(--ast-global-color-5)","background-image":"","background-repeat":"repeat","background-position":"center center","background-size":"auto","background-attachment":"scroll","background-type":"","background-media":"","overlay-type":"","overlay-color":"","overlay-opacity":"","overlay-gradient":""},"mobile":{"background-color":"var(--ast-global-color-5)","background-image":"","background-repeat":"repeat","background-position":"center center","background-size":"auto","background-attachment":"scroll","background-type":"","background-media":"","overlay-type":"","overlay-color":"","overlay-opacity":"","overlay-gradient":""}},"footnotes":""},"class_list":["post-59260","page","type-page","status-publish","hentry"],"yoast_head":"<!-- This site is optimized with the Yoast SEO plugin v27.4 - https:\/\/yoast.com\/product\/yoast-seo-wordpress\/ -->\n<title>Projekty - Pova\u017esk\u00e9 m\u00fazeum<\/title>\n<meta name=\"robots\" content=\"index, follow, max-snippet:-1, max-image-preview:large, max-video-preview:-1\" \/>\n<link rel=\"canonical\" href=\"https:\/\/pmza.sk\/?page_id=59260\" \/>\n<meta property=\"og:locale\" content=\"sk_SK\" \/>\n<meta property=\"og:type\" content=\"article\" \/>\n<meta property=\"og:title\" content=\"Projekty - Pova\u017esk\u00e9 m\u00fazeum\" \/>\n<meta property=\"og:description\" content=\"Projekty V\u00fdchovno &#8211; vzdel\u00e1vacie aktivity V\u00fdstavy &#8222;Kr\u00e1li oblohy&#8220; V\u010faka Environment\u00e1lnemu fondu v roku 2024 Pova\u017esk\u00e9 m\u00fazeum v \u017diline \u00faspe\u0161ne zrealizovalo projekt V\u00fdchovno &#8211; vzdel\u00e1vacie aktivity V\u00fdstavy &#8222;Kr\u00e1li oblohy&#8220; zameran\u00fd na ochranu a populariz\u00e1ciu drav\u00fdch vt\u00e1kov prostredn\u00edctvom v\u00fdstavy \u201eKr\u00e1li oblohy\u201c. Tento ekov\u00fdchovn\u00fd projekt, ktor\u00fd prep\u00e1ja odborn\u00fd v\u00fdskum, environment\u00e1lnu v\u00fdchovu a osvetu, zah\u0155\u0148al viacer\u00e9 sprievodn\u00e9 aktivity, ktor\u00e9 [&hellip;]\" \/>\n<meta property=\"og:url\" content=\"https:\/\/pmza.sk\/?page_id=59260\" \/>\n<meta property=\"og:site_name\" content=\"Pova\u017esk\u00e9 m\u00fazeum\" \/>\n<meta property=\"article:publisher\" content=\"https:\/\/www.facebook.com\/povazskemuzeum\" \/>\n<meta property=\"article:modified_time\" content=\"2025-07-08T12:36:32+00:00\" \/>\n<meta property=\"og:image\" content=\"https:\/\/pmza.sk\/wp-content\/uploads\/2025\/04\/logo_horizontalne_farebne_transparentne-570x138.png\" \/>\n<meta name=\"twitter:card\" content=\"summary_large_image\" \/>\n<meta name=\"twitter:label1\" content=\"Predpokladan\u00fd \u010das \u010d\u00edtania\" \/>\n\t<meta name=\"twitter:data1\" content=\"50 min\u00fat\" \/>\n<script type=\"application\/ld+json\" class=\"yoast-schema-graph\">{\"@context\":\"https:\\\/\\\/schema.org\",\"@graph\":[{\"@type\":\"WebPage\",\"@id\":\"https:\\\/\\\/pmza.sk\\\/?page_id=59260\",\"url\":\"https:\\\/\\\/pmza.sk\\\/?page_id=59260\",\"name\":\"Projekty - Pova\u017esk\u00e9 m\u00fazeum\",\"isPartOf\":{\"@id\":\"https:\\\/\\\/pmza.sk\\\/#website\"},\"primaryImageOfPage\":{\"@id\":\"https:\\\/\\\/pmza.sk\\\/?page_id=59260#primaryimage\"},\"image\":{\"@id\":\"https:\\\/\\\/pmza.sk\\\/?page_id=59260#primaryimage\"},\"thumbnailUrl\":\"https:\\\/\\\/pmza.sk\\\/wp-content\\\/uploads\\\/2025\\\/04\\\/logo_horizontalne_farebne_transparentne-570x138.png\",\"datePublished\":\"2023-11-23T09:39:41+00:00\",\"dateModified\":\"2025-07-08T12:36:32+00:00\",\"breadcrumb\":{\"@id\":\"https:\\\/\\\/pmza.sk\\\/?page_id=59260#breadcrumb\"},\"inLanguage\":\"sk-SK\",\"potentialAction\":[{\"@type\":\"ReadAction\",\"target\":[\"https:\\\/\\\/pmza.sk\\\/?page_id=59260\"]}]},{\"@type\":\"ImageObject\",\"inLanguage\":\"sk-SK\",\"@id\":\"https:\\\/\\\/pmza.sk\\\/?page_id=59260#primaryimage\",\"url\":\"https:\\\/\\\/pmza.sk\\\/wp-content\\\/uploads\\\/2025\\\/04\\\/logo_horizontalne_farebne_transparentne.png\",\"contentUrl\":\"https:\\\/\\\/pmza.sk\\\/wp-content\\\/uploads\\\/2025\\\/04\\\/logo_horizontalne_farebne_transparentne.png\",\"width\":2943,\"height\":715},{\"@type\":\"BreadcrumbList\",\"@id\":\"https:\\\/\\\/pmza.sk\\\/?page_id=59260#breadcrumb\",\"itemListElement\":[{\"@type\":\"ListItem\",\"position\":1,\"name\":\"Domovsk\u00e1 str\u00e1nka\",\"item\":\"https:\\\/\\\/pmza.sk\\\/\"},{\"@type\":\"ListItem\",\"position\":2,\"name\":\"Projekty\"}]},{\"@type\":\"WebSite\",\"@id\":\"https:\\\/\\\/pmza.sk\\\/#website\",\"url\":\"https:\\\/\\\/pmza.sk\\\/\",\"name\":\"Pova\u017esk\u00e9 m\u00fazeum\",\"description\":\"Pova\u017esk\u00e9 m\u00fazeum v \u017diline je region\u00e1lne m\u00fazeum so s\u00eddlom v Budat\u00edne. Jeho expoz\u00edcie s\u00fa zameran\u00e9 na dejiny slovensk\u00e9ho umenia, kult\u00fary a dopravy.\",\"publisher\":{\"@id\":\"https:\\\/\\\/pmza.sk\\\/#organization\"},\"potentialAction\":[{\"@type\":\"SearchAction\",\"target\":{\"@type\":\"EntryPoint\",\"urlTemplate\":\"https:\\\/\\\/pmza.sk\\\/?s={search_term_string}\"},\"query-input\":{\"@type\":\"PropertyValueSpecification\",\"valueRequired\":true,\"valueName\":\"search_term_string\"}}],\"inLanguage\":\"sk-SK\"},{\"@type\":\"Organization\",\"@id\":\"https:\\\/\\\/pmza.sk\\\/#organization\",\"name\":\"Pova\u017esk\u00e9 m\u00fazeum\",\"url\":\"https:\\\/\\\/pmza.sk\\\/\",\"logo\":{\"@type\":\"ImageObject\",\"inLanguage\":\"sk-SK\",\"@id\":\"https:\\\/\\\/pmza.sk\\\/#\\\/schema\\\/logo\\\/image\\\/\",\"url\":\"https:\\\/\\\/pmza.sk\\\/wp-content\\\/uploads\\\/2022\\\/01\\\/logo_PM_horizontal.jpg\",\"contentUrl\":\"https:\\\/\\\/pmza.sk\\\/wp-content\\\/uploads\\\/2022\\\/01\\\/logo_PM_horizontal.jpg\",\"width\":231,\"height\":142,\"caption\":\"Pova\u017esk\u00e9 m\u00fazeum\"},\"image\":{\"@id\":\"https:\\\/\\\/pmza.sk\\\/#\\\/schema\\\/logo\\\/image\\\/\"},\"sameAs\":[\"https:\\\/\\\/www.facebook.com\\\/povazskemuzeum\",\"https:\\\/\\\/www.instagram.com\\\/povazskemuzeum\\\/\"]}]}<\/script>\n<!-- \/ Yoast SEO plugin. -->","yoast_head_json":{"title":"Projekty - Pova\u017esk\u00e9 m\u00fazeum","robots":{"index":"index","follow":"follow","max-snippet":"max-snippet:-1","max-image-preview":"max-image-preview:large","max-video-preview":"max-video-preview:-1"},"canonical":"https:\/\/pmza.sk\/?page_id=59260","og_locale":"sk_SK","og_type":"article","og_title":"Projekty - Pova\u017esk\u00e9 m\u00fazeum","og_description":"Projekty V\u00fdchovno &#8211; vzdel\u00e1vacie aktivity V\u00fdstavy &#8222;Kr\u00e1li oblohy&#8220; V\u010faka Environment\u00e1lnemu fondu v roku 2024 Pova\u017esk\u00e9 m\u00fazeum v \u017diline \u00faspe\u0161ne zrealizovalo projekt V\u00fdchovno &#8211; vzdel\u00e1vacie aktivity V\u00fdstavy &#8222;Kr\u00e1li oblohy&#8220; zameran\u00fd na ochranu a populariz\u00e1ciu drav\u00fdch vt\u00e1kov prostredn\u00edctvom v\u00fdstavy \u201eKr\u00e1li oblohy\u201c. Tento ekov\u00fdchovn\u00fd projekt, ktor\u00fd prep\u00e1ja odborn\u00fd v\u00fdskum, environment\u00e1lnu v\u00fdchovu a osvetu, zah\u0155\u0148al viacer\u00e9 sprievodn\u00e9 aktivity, ktor\u00e9 [&hellip;]","og_url":"https:\/\/pmza.sk\/?page_id=59260","og_site_name":"Pova\u017esk\u00e9 m\u00fazeum","article_publisher":"https:\/\/www.facebook.com\/povazskemuzeum","article_modified_time":"2025-07-08T12:36:32+00:00","og_image":[{"url":"https:\/\/pmza.sk\/wp-content\/uploads\/2025\/04\/logo_horizontalne_farebne_transparentne-570x138.png","type":"","width":"","height":""}],"twitter_card":"summary_large_image","twitter_misc":{"Predpokladan\u00fd \u010das \u010d\u00edtania":"50 min\u00fat"},"schema":{"@context":"https:\/\/schema.org","@graph":[{"@type":"WebPage","@id":"https:\/\/pmza.sk\/?page_id=59260","url":"https:\/\/pmza.sk\/?page_id=59260","name":"Projekty - Pova\u017esk\u00e9 m\u00fazeum","isPartOf":{"@id":"https:\/\/pmza.sk\/#website"},"primaryImageOfPage":{"@id":"https:\/\/pmza.sk\/?page_id=59260#primaryimage"},"image":{"@id":"https:\/\/pmza.sk\/?page_id=59260#primaryimage"},"thumbnailUrl":"https:\/\/pmza.sk\/wp-content\/uploads\/2025\/04\/logo_horizontalne_farebne_transparentne-570x138.png","datePublished":"2023-11-23T09:39:41+00:00","dateModified":"2025-07-08T12:36:32+00:00","breadcrumb":{"@id":"https:\/\/pmza.sk\/?page_id=59260#breadcrumb"},"inLanguage":"sk-SK","potentialAction":[{"@type":"ReadAction","target":["https:\/\/pmza.sk\/?page_id=59260"]}]},{"@type":"ImageObject","inLanguage":"sk-SK","@id":"https:\/\/pmza.sk\/?page_id=59260#primaryimage","url":"https:\/\/pmza.sk\/wp-content\/uploads\/2025\/04\/logo_horizontalne_farebne_transparentne.png","contentUrl":"https:\/\/pmza.sk\/wp-content\/uploads\/2025\/04\/logo_horizontalne_farebne_transparentne.png","width":2943,"height":715},{"@type":"BreadcrumbList","@id":"https:\/\/pmza.sk\/?page_id=59260#breadcrumb","itemListElement":[{"@type":"ListItem","position":1,"name":"Domovsk\u00e1 str\u00e1nka","item":"https:\/\/pmza.sk\/"},{"@type":"ListItem","position":2,"name":"Projekty"}]},{"@type":"WebSite","@id":"https:\/\/pmza.sk\/#website","url":"https:\/\/pmza.sk\/","name":"Pova\u017esk\u00e9 m\u00fazeum","description":"Pova\u017esk\u00e9 m\u00fazeum v \u017diline je region\u00e1lne m\u00fazeum so s\u00eddlom v Budat\u00edne. Jeho expoz\u00edcie s\u00fa zameran\u00e9 na dejiny slovensk\u00e9ho umenia, kult\u00fary a dopravy.","publisher":{"@id":"https:\/\/pmza.sk\/#organization"},"potentialAction":[{"@type":"SearchAction","target":{"@type":"EntryPoint","urlTemplate":"https:\/\/pmza.sk\/?s={search_term_string}"},"query-input":{"@type":"PropertyValueSpecification","valueRequired":true,"valueName":"search_term_string"}}],"inLanguage":"sk-SK"},{"@type":"Organization","@id":"https:\/\/pmza.sk\/#organization","name":"Pova\u017esk\u00e9 m\u00fazeum","url":"https:\/\/pmza.sk\/","logo":{"@type":"ImageObject","inLanguage":"sk-SK","@id":"https:\/\/pmza.sk\/#\/schema\/logo\/image\/","url":"https:\/\/pmza.sk\/wp-content\/uploads\/2022\/01\/logo_PM_horizontal.jpg","contentUrl":"https:\/\/pmza.sk\/wp-content\/uploads\/2022\/01\/logo_PM_horizontal.jpg","width":231,"height":142,"caption":"Pova\u017esk\u00e9 m\u00fazeum"},"image":{"@id":"https:\/\/pmza.sk\/#\/schema\/logo\/image\/"},"sameAs":["https:\/\/www.facebook.com\/povazskemuzeum","https:\/\/www.instagram.com\/povazskemuzeum\/"]}]}},"_links":{"self":[{"href":"https:\/\/pmza.sk\/index.php?rest_route=\/wp\/v2\/pages\/59260","targetHints":{"allow":["GET"]}}],"collection":[{"href":"https:\/\/pmza.sk\/index.php?rest_route=\/wp\/v2\/pages"}],"about":[{"href":"https:\/\/pmza.sk\/index.php?rest_route=\/wp\/v2\/types\/page"}],"author":[{"embeddable":true,"href":"https:\/\/pmza.sk\/index.php?rest_route=\/wp\/v2\/users\/1"}],"replies":[{"embeddable":true,"href":"https:\/\/pmza.sk\/index.php?rest_route=%2Fwp%2Fv2%2Fcomments&post=59260"}],"version-history":[{"count":0,"href":"https:\/\/pmza.sk\/index.php?rest_route=\/wp\/v2\/pages\/59260\/revisions"}],"wp:attachment":[{"href":"https:\/\/pmza.sk\/index.php?rest_route=%2Fwp%2Fv2%2Fmedia&parent=59260"}],"curies":[{"name":"wp","href":"https:\/\/api.w.org\/{rel}","templated":true}]}}