{"id":59298,"date":"2023-11-23T13:11:19","date_gmt":"2023-11-23T12:11:19","guid":{"rendered":"https:\/\/pmza.sk\/?page_id=59298"},"modified":"2023-11-23T13:25:06","modified_gmt":"2023-11-23T12:25:06","slug":"textilne-tovarne-vo-frydku-mistku","status":"publish","type":"page","link":"https:\/\/pmza.sk\/?page_id=59298","title":{"rendered":"Textiln\u00e9 tov\u00e1rne vo Fr\u00fddku-M\u00edstku"},"content":{"rendered":"\t\t<div data-elementor-type=\"wp-page\" data-elementor-id=\"59298\" class=\"elementor elementor-59298\">\n\t\t\t\t\t\t<section class=\"elementor-section elementor-top-section elementor-element elementor-element-c30ac12 elementor-section-content-middle elementor-section-boxed elementor-section-height-default elementor-section-height-default\" data-id=\"c30ac12\" data-element_type=\"section\" data-settings=\"{&quot;background_background&quot;:&quot;classic&quot;}\">\n\t\t\t\t\t\t\t<div class=\"elementor-background-overlay\"><\/div>\n\t\t\t\t\t\t\t<div class=\"elementor-container elementor-column-gap-no\">\n\t\t\t\t\t<div class=\"elementor-column elementor-col-100 elementor-top-column elementor-element elementor-element-be0ceaf\" data-id=\"be0ceaf\" data-element_type=\"column\">\n\t\t\t<div class=\"elementor-widget-wrap elementor-element-populated\">\n\t\t\t\t\t\t<div class=\"elementor-element elementor-element-c0e5637 elementor-widget elementor-widget-heading\" data-id=\"c0e5637\" data-element_type=\"widget\" data-widget_type=\"heading.default\">\n\t\t\t\t<div class=\"elementor-widget-container\">\n\t\t\t\t\t<h1 class=\"elementor-heading-title elementor-size-default\">Textiln\u00e9 tov\u00e1rne vo Fr\u00fddku-M\u00edstku<\/h1>\t\t\t\t<\/div>\n\t\t\t\t<\/div>\n\t\t\t\t\t<\/div>\n\t\t<\/div>\n\t\t\t\t\t<\/div>\n\t\t<\/section>\n\t\t\t\t<section class=\"elementor-section elementor-top-section elementor-element elementor-element-c18167e elementor-section-content-top elementor-section-boxed elementor-section-height-default elementor-section-height-default\" data-id=\"c18167e\" data-element_type=\"section\">\n\t\t\t\t\t\t<div class=\"elementor-container elementor-column-gap-no\">\n\t\t\t\t\t<div class=\"elementor-column elementor-col-100 elementor-top-column elementor-element elementor-element-9e3beef\" data-id=\"9e3beef\" data-element_type=\"column\">\n\t\t\t<div class=\"elementor-widget-wrap elementor-element-populated\">\n\t\t\t\t\t\t<div class=\"elementor-element elementor-element-38ad50c elementor-widget elementor-widget-text-editor\" data-id=\"38ad50c\" data-element_type=\"widget\" data-widget_type=\"text-editor.default\">\n\t\t\t\t<div class=\"elementor-widget-container\">\n\t\t\t\t\t\t\t\t\t<p><strong>Slezan, n. p., Fr\u00fddek-M\u00edstek, \u0159editelstv\u00ed podniku, p\u016fvodn\u011b firma Landsberger<\/strong><\/p><p><strong>ulice Na P\u0159\u00edkop\u011b, Fr\u00fddek<\/strong><\/p><p>V\u00a0roce 1851 obdr\u017eel zakladatel firmy Filip Landsberger povolen\u00ed zalo\u017eit tisk\u00e1rnu bavln\u011bn\u00fdch kartoun\u016f, postupn\u011b pak vybudoval je\u0161t\u011b mandlovnu, b\u011blidlo, \u00fapravnu, mechanickou tkalcovnu a barevnu. Po jeho smrti se stal jeho n\u00e1stupcem syn Adolf, kter\u00fd pak postupn\u011b vyplatil d\u011bdick\u00e9 pod\u00edly sv\u00fdch sourozenc\u016f a stal se jedin\u00fdm majitelem. V\u00a0roce 1873 byla zaps\u00e1na v\u00a0obchodn\u00edm rejst\u0159\u00edku firma A. Landsberger, v\u00a0roce 1884 se tento n\u00e1zev roz\u0161\u00ed\u0159il na Adolf Landsberger, c\u00eds. kr\u00e1l. priv. prvn\u00ed rakousko-slezsk\u00e1 p\u0159\u00e1delna bavlny, tkalcovna, b\u011blidlo a \u00fapravna. Roku 1920 se dosavadn\u00ed firma jednotlivce zm\u011bnila na ve\u0159ejnou obchodn\u00ed spole\u010dnost, jej\u00edmi\u017e spole\u010dn\u00edky byli Alfr\u00e9d a Terezie Landsbergerovi a Franti\u0161ek Lonna. Zm\u011bnil se i n\u00e1zev firmy na A. Landsberger, prvn\u00ed slezsk\u00e1 p\u0159\u00e1delna bavlny, tkalcovna, b\u011blidlo a \u00fapravna ve Fr\u00fddku. V\u00a0roce 1927 se stal ve\u0159ejn\u00fdm spole\u010dn\u00edkem firmy man\u017eel Terezie Landsbergerov\u00e9 Rudolf Praxmarer. Po p\u0159\u00edchodu N\u011bmc\u016f v\u00a0roce 1939 byl vnucen\u00fdm spr\u00e1vcem firmy, tzv. treuh\u00e4ndrem, ustanoven Rudolf Praxmarer. V\u00a0roce 1941 byl majetek firmy zabaven ve prosp\u011bch \u0158\u00ed\u0161e a Rudolf Praxmarer byl pro sv\u00e9 d\u0159\u00edv\u011bj\u0161\u00ed sm\u00ed\u0161en\u00e9 man\u017eelstv\u00ed zbaven veden\u00ed podniku. Nov\u00fdm vnucen\u00fdm spr\u00e1vcem se stal Dr. H. Wildhage a v\u00a0roce 1944 Hubert Lubich. Po osvobozen\u00ed v\u00a0roce 1945 byl majetek firmy jako n\u011bmeck\u00fd zkonfiskov\u00e1n, v\u00a0roce 1946 byl za\u010dlen\u011bn do n\u00e1rodn\u00edho podniku Slezsk\u00e9 bavln\u00e1\u0159sk\u00e9 z\u00e1vody se s\u00eddlem ve Fr\u00fddku-M\u00edstku.<\/p><p><img fetchpriority=\"high\" decoding=\"async\" class=\"size-medium wp-image-59305 alignnone\" src=\"https:\/\/pmza.sk\/wp-content\/uploads\/2023\/11\/Foto_Textilni-tovarny-ve-Frydku-Mistku-1-284x360.jpg\" alt=\"\" width=\"284\" height=\"360\" srcset=\"https:\/\/pmza.sk\/wp-content\/uploads\/2023\/11\/Foto_Textilni-tovarny-ve-Frydku-Mistku-1-284x360.jpg 284w, https:\/\/pmza.sk\/wp-content\/uploads\/2023\/11\/Foto_Textilni-tovarny-ve-Frydku-Mistku-1-581x736.jpg 581w, https:\/\/pmza.sk\/wp-content\/uploads\/2023\/11\/Foto_Textilni-tovarny-ve-Frydku-Mistku-1-768x972.jpg 768w, https:\/\/pmza.sk\/wp-content\/uploads\/2023\/11\/Foto_Textilni-tovarny-ve-Frydku-Mistku-1-1213x1536.jpg 1213w, https:\/\/pmza.sk\/wp-content\/uploads\/2023\/11\/Foto_Textilni-tovarny-ve-Frydku-Mistku-1-600x760.jpg 600w, https:\/\/pmza.sk\/wp-content\/uploads\/2023\/11\/Foto_Textilni-tovarny-ve-Frydku-Mistku-1.jpg 1428w\" sizes=\"(max-width: 284px) 100vw, 284px\" \/><\/p><p>Portr\u00e9t Adolfa Landsbergera (1840 &#8211; 1914) v pozd\u011bj\u0161\u00edm v\u011bku. Adolf Landsberger byl majitelem fr\u00fddeck\u00e9 textiln\u00ed tov\u00e1rny, za n\u011bj nastal prudk\u00fd rozvoj textilky. V roce 1903 obdr\u017eel \u0159\u00e1d \u017delezn\u00e9 koruny III. t\u0159\u00eddy, v roce 1912 byl pov\u00fd\u0161en do \u0161lechtick\u00e9ho stavu, jeho predik\u00e1t zn\u011bl Edler von Freideck. Obraz je v hlubok\u00e9m vy\u0159ez\u00e1van\u00e9m r\u00e1mu pod sklem. Autorem je Hans Stalzer (8. 4. 1878 V\u00edde\u0148 &#8211; 30. 6. 1940 V\u00edde\u0148), mal\u00ed\u0159, portr\u00e9tista, obraz vznikl mezi lety 1903 \u2013 1914, olejomalba na d\u0159ev\u011b.<\/p><p>Zbierkov\u00fd fond M\u00fazea Beskyd Fr\u00fddek- M\u00edstek, p. o.<\/p><p>\u00a0<\/p><p>Text: Mgr. et Mgr. Petr Ju\u0159\u00e1k<\/p>\t\t\t\t\t\t\t\t<\/div>\n\t\t\t\t<\/div>\n\t\t\t\t\t<\/div>\n\t\t<\/div>\n\t\t\t\t\t<\/div>\n\t\t<\/section>\n\t\t\t\t<\/div>\n\t\t","protected":false},"excerpt":{"rendered":"<p>Textiln\u00e9 tov\u00e1rne vo Fr\u00fddku-M\u00edstku Slezan, n. p., Fr\u00fddek-M\u00edstek, \u0159editelstv\u00ed podniku, p\u016fvodn\u011b firma Landsberger ulice Na P\u0159\u00edkop\u011b, Fr\u00fddek V\u00a0roce 1851 obdr\u017eel zakladatel firmy Filip Landsberger povolen\u00ed zalo\u017eit tisk\u00e1rnu bavln\u011bn\u00fdch kartoun\u016f, postupn\u011b pak vybudoval je\u0161t\u011b mandlovnu, b\u011blidlo, \u00fapravnu, mechanickou tkalcovnu a barevnu. Po jeho smrti se stal jeho n\u00e1stupcem syn Adolf, kter\u00fd pak postupn\u011b vyplatil d\u011bdick\u00e9 pod\u00edly [&hellip;]<\/p>\n","protected":false},"author":1,"featured_media":0,"parent":59285,"menu_order":84,"comment_status":"closed","ping_status":"closed","template":"","meta":{"site-sidebar-layout":"no-sidebar","site-content-layout":"page-builder","ast-site-content-layout":"","site-content-style":"default","site-sidebar-style":"default","ast-global-header-display":"","ast-banner-title-visibility":"","ast-main-header-display":"","ast-hfb-above-header-display":"","ast-hfb-below-header-display":"","ast-hfb-mobile-header-display":"","site-post-title":"disabled","ast-breadcrumbs-content":"","ast-featured-img":"disabled","footer-sml-layout":"","theme-transparent-header-meta":"default","adv-header-id-meta":"","stick-header-meta":"default","header-above-stick-meta":"","header-main-stick-meta":"","header-below-stick-meta":"","astra-migrate-meta-layouts":"default","ast-page-background-enabled":"default","ast-page-background-meta":{"desktop":{"background-color":"var(--ast-global-color-4)","background-image":"","background-repeat":"repeat","background-position":"center center","background-size":"auto","background-attachment":"scroll","background-type":"","background-media":"","overlay-type":"","overlay-color":"","overlay-opacity":"","overlay-gradient":""},"tablet":{"background-color":"","background-image":"","background-repeat":"repeat","background-position":"center center","background-size":"auto","background-attachment":"scroll","background-type":"","background-media":"","overlay-type":"","overlay-color":"","overlay-opacity":"","overlay-gradient":""},"mobile":{"background-color":"","background-image":"","background-repeat":"repeat","background-position":"center center","background-size":"auto","background-attachment":"scroll","background-type":"","background-media":"","overlay-type":"","overlay-color":"","overlay-opacity":"","overlay-gradient":""}},"ast-content-background-meta":{"desktop":{"background-color":"var(--ast-global-color-5)","background-image":"","background-repeat":"repeat","background-position":"center center","background-size":"auto","background-attachment":"scroll","background-type":"","background-media":"","overlay-type":"","overlay-color":"","overlay-opacity":"","overlay-gradient":""},"tablet":{"background-color":"var(--ast-global-color-5)","background-image":"","background-repeat":"repeat","background-position":"center center","background-size":"auto","background-attachment":"scroll","background-type":"","background-media":"","overlay-type":"","overlay-color":"","overlay-opacity":"","overlay-gradient":""},"mobile":{"background-color":"var(--ast-global-color-5)","background-image":"","background-repeat":"repeat","background-position":"center center","background-size":"auto","background-attachment":"scroll","background-type":"","background-media":"","overlay-type":"","overlay-color":"","overlay-opacity":"","overlay-gradient":""}},"footnotes":""},"class_list":["post-59298","page","type-page","status-publish","hentry"],"yoast_head":"<!-- This site is optimized with the Yoast SEO plugin v27.4 - https:\/\/yoast.com\/product\/yoast-seo-wordpress\/ -->\n<title>Textiln\u00e9 tov\u00e1rne vo Fr\u00fddku-M\u00edstku - Pova\u017esk\u00e9 m\u00fazeum<\/title>\n<meta name=\"robots\" content=\"index, follow, max-snippet:-1, max-image-preview:large, max-video-preview:-1\" \/>\n<link rel=\"canonical\" href=\"https:\/\/pmza.sk\/?page_id=59298\" \/>\n<meta property=\"og:locale\" content=\"sk_SK\" \/>\n<meta property=\"og:type\" content=\"article\" \/>\n<meta property=\"og:title\" content=\"Textiln\u00e9 tov\u00e1rne vo Fr\u00fddku-M\u00edstku - Pova\u017esk\u00e9 m\u00fazeum\" \/>\n<meta property=\"og:description\" content=\"Textiln\u00e9 tov\u00e1rne vo Fr\u00fddku-M\u00edstku Slezan, n. p., Fr\u00fddek-M\u00edstek, \u0159editelstv\u00ed podniku, p\u016fvodn\u011b firma Landsberger ulice Na P\u0159\u00edkop\u011b, Fr\u00fddek V\u00a0roce 1851 obdr\u017eel zakladatel firmy Filip Landsberger povolen\u00ed zalo\u017eit tisk\u00e1rnu bavln\u011bn\u00fdch kartoun\u016f, postupn\u011b pak vybudoval je\u0161t\u011b mandlovnu, b\u011blidlo, \u00fapravnu, mechanickou tkalcovnu a barevnu. Po jeho smrti se stal jeho n\u00e1stupcem syn Adolf, kter\u00fd pak postupn\u011b vyplatil d\u011bdick\u00e9 pod\u00edly [&hellip;]\" \/>\n<meta property=\"og:url\" content=\"https:\/\/pmza.sk\/?page_id=59298\" \/>\n<meta property=\"og:site_name\" content=\"Pova\u017esk\u00e9 m\u00fazeum\" \/>\n<meta property=\"article:publisher\" content=\"https:\/\/www.facebook.com\/povazskemuzeum\" \/>\n<meta property=\"article:modified_time\" content=\"2023-11-23T12:25:06+00:00\" \/>\n<meta property=\"og:image\" content=\"https:\/\/pmza.sk\/wp-content\/uploads\/2023\/11\/Foto_Textilni-tovarny-ve-Frydku-Mistku-1-284x360.jpg\" \/>\n<meta name=\"twitter:card\" content=\"summary_large_image\" \/>\n<meta name=\"twitter:label1\" content=\"Predpokladan\u00fd \u010das \u010d\u00edtania\" \/>\n\t<meta name=\"twitter:data1\" content=\"2 min\u00faty\" \/>\n<script type=\"application\/ld+json\" class=\"yoast-schema-graph\">{\"@context\":\"https:\\\/\\\/schema.org\",\"@graph\":[{\"@type\":\"WebPage\",\"@id\":\"https:\\\/\\\/pmza.sk\\\/?page_id=59298\",\"url\":\"https:\\\/\\\/pmza.sk\\\/?page_id=59298\",\"name\":\"Textiln\u00e9 tov\u00e1rne vo Fr\u00fddku-M\u00edstku - Pova\u017esk\u00e9 m\u00fazeum\",\"isPartOf\":{\"@id\":\"https:\\\/\\\/pmza.sk\\\/#website\"},\"primaryImageOfPage\":{\"@id\":\"https:\\\/\\\/pmza.sk\\\/?page_id=59298#primaryimage\"},\"image\":{\"@id\":\"https:\\\/\\\/pmza.sk\\\/?page_id=59298#primaryimage\"},\"thumbnailUrl\":\"https:\\\/\\\/pmza.sk\\\/wp-content\\\/uploads\\\/2023\\\/11\\\/Foto_Textilni-tovarny-ve-Frydku-Mistku-1-284x360.jpg\",\"datePublished\":\"2023-11-23T12:11:19+00:00\",\"dateModified\":\"2023-11-23T12:25:06+00:00\",\"breadcrumb\":{\"@id\":\"https:\\\/\\\/pmza.sk\\\/?page_id=59298#breadcrumb\"},\"inLanguage\":\"sk-SK\",\"potentialAction\":[{\"@type\":\"ReadAction\",\"target\":[\"https:\\\/\\\/pmza.sk\\\/?page_id=59298\"]}]},{\"@type\":\"ImageObject\",\"inLanguage\":\"sk-SK\",\"@id\":\"https:\\\/\\\/pmza.sk\\\/?page_id=59298#primaryimage\",\"url\":\"https:\\\/\\\/pmza.sk\\\/wp-content\\\/uploads\\\/2023\\\/11\\\/Foto_Textilni-tovarny-ve-Frydku-Mistku-1.jpg\",\"contentUrl\":\"https:\\\/\\\/pmza.sk\\\/wp-content\\\/uploads\\\/2023\\\/11\\\/Foto_Textilni-tovarny-ve-Frydku-Mistku-1.jpg\",\"width\":1428,\"height\":1808,\"caption\":\"OLYMPUS DIGITAL CAMERA\"},{\"@type\":\"BreadcrumbList\",\"@id\":\"https:\\\/\\\/pmza.sk\\\/?page_id=59298#breadcrumb\",\"itemListElement\":[{\"@type\":\"ListItem\",\"position\":1,\"name\":\"Domovsk\u00e1 str\u00e1nka\",\"item\":\"https:\\\/\\\/pmza.sk\\\/\"},{\"@type\":\"ListItem\",\"position\":2,\"name\":\"Remesl\u00e1 a priemysel\",\"item\":\"https:\\\/\\\/pmza.sk\\\/?page_id=59285\"},{\"@type\":\"ListItem\",\"position\":3,\"name\":\"Textiln\u00e9 tov\u00e1rne vo Fr\u00fddku-M\u00edstku\"}]},{\"@type\":\"WebSite\",\"@id\":\"https:\\\/\\\/pmza.sk\\\/#website\",\"url\":\"https:\\\/\\\/pmza.sk\\\/\",\"name\":\"Pova\u017esk\u00e9 m\u00fazeum\",\"description\":\"Pova\u017esk\u00e9 m\u00fazeum v \u017diline je region\u00e1lne m\u00fazeum so s\u00eddlom v Budat\u00edne. Jeho expoz\u00edcie s\u00fa zameran\u00e9 na dejiny slovensk\u00e9ho umenia, kult\u00fary a dopravy.\",\"publisher\":{\"@id\":\"https:\\\/\\\/pmza.sk\\\/#organization\"},\"potentialAction\":[{\"@type\":\"SearchAction\",\"target\":{\"@type\":\"EntryPoint\",\"urlTemplate\":\"https:\\\/\\\/pmza.sk\\\/?s={search_term_string}\"},\"query-input\":{\"@type\":\"PropertyValueSpecification\",\"valueRequired\":true,\"valueName\":\"search_term_string\"}}],\"inLanguage\":\"sk-SK\"},{\"@type\":\"Organization\",\"@id\":\"https:\\\/\\\/pmza.sk\\\/#organization\",\"name\":\"Pova\u017esk\u00e9 m\u00fazeum\",\"url\":\"https:\\\/\\\/pmza.sk\\\/\",\"logo\":{\"@type\":\"ImageObject\",\"inLanguage\":\"sk-SK\",\"@id\":\"https:\\\/\\\/pmza.sk\\\/#\\\/schema\\\/logo\\\/image\\\/\",\"url\":\"https:\\\/\\\/pmza.sk\\\/wp-content\\\/uploads\\\/2022\\\/01\\\/logo_PM_horizontal.jpg\",\"contentUrl\":\"https:\\\/\\\/pmza.sk\\\/wp-content\\\/uploads\\\/2022\\\/01\\\/logo_PM_horizontal.jpg\",\"width\":231,\"height\":142,\"caption\":\"Pova\u017esk\u00e9 m\u00fazeum\"},\"image\":{\"@id\":\"https:\\\/\\\/pmza.sk\\\/#\\\/schema\\\/logo\\\/image\\\/\"},\"sameAs\":[\"https:\\\/\\\/www.facebook.com\\\/povazskemuzeum\",\"https:\\\/\\\/www.instagram.com\\\/povazskemuzeum\\\/\"]}]}<\/script>\n<!-- \/ Yoast SEO plugin. -->","yoast_head_json":{"title":"Textiln\u00e9 tov\u00e1rne vo Fr\u00fddku-M\u00edstku - Pova\u017esk\u00e9 m\u00fazeum","robots":{"index":"index","follow":"follow","max-snippet":"max-snippet:-1","max-image-preview":"max-image-preview:large","max-video-preview":"max-video-preview:-1"},"canonical":"https:\/\/pmza.sk\/?page_id=59298","og_locale":"sk_SK","og_type":"article","og_title":"Textiln\u00e9 tov\u00e1rne vo Fr\u00fddku-M\u00edstku - Pova\u017esk\u00e9 m\u00fazeum","og_description":"Textiln\u00e9 tov\u00e1rne vo Fr\u00fddku-M\u00edstku Slezan, n. p., Fr\u00fddek-M\u00edstek, \u0159editelstv\u00ed podniku, p\u016fvodn\u011b firma Landsberger ulice Na P\u0159\u00edkop\u011b, Fr\u00fddek V\u00a0roce 1851 obdr\u017eel zakladatel firmy Filip Landsberger povolen\u00ed zalo\u017eit tisk\u00e1rnu bavln\u011bn\u00fdch kartoun\u016f, postupn\u011b pak vybudoval je\u0161t\u011b mandlovnu, b\u011blidlo, \u00fapravnu, mechanickou tkalcovnu a barevnu. Po jeho smrti se stal jeho n\u00e1stupcem syn Adolf, kter\u00fd pak postupn\u011b vyplatil d\u011bdick\u00e9 pod\u00edly [&hellip;]","og_url":"https:\/\/pmza.sk\/?page_id=59298","og_site_name":"Pova\u017esk\u00e9 m\u00fazeum","article_publisher":"https:\/\/www.facebook.com\/povazskemuzeum","article_modified_time":"2023-11-23T12:25:06+00:00","og_image":[{"url":"https:\/\/pmza.sk\/wp-content\/uploads\/2023\/11\/Foto_Textilni-tovarny-ve-Frydku-Mistku-1-284x360.jpg","type":"","width":"","height":""}],"twitter_card":"summary_large_image","twitter_misc":{"Predpokladan\u00fd \u010das \u010d\u00edtania":"2 min\u00faty"},"schema":{"@context":"https:\/\/schema.org","@graph":[{"@type":"WebPage","@id":"https:\/\/pmza.sk\/?page_id=59298","url":"https:\/\/pmza.sk\/?page_id=59298","name":"Textiln\u00e9 tov\u00e1rne vo Fr\u00fddku-M\u00edstku - Pova\u017esk\u00e9 m\u00fazeum","isPartOf":{"@id":"https:\/\/pmza.sk\/#website"},"primaryImageOfPage":{"@id":"https:\/\/pmza.sk\/?page_id=59298#primaryimage"},"image":{"@id":"https:\/\/pmza.sk\/?page_id=59298#primaryimage"},"thumbnailUrl":"https:\/\/pmza.sk\/wp-content\/uploads\/2023\/11\/Foto_Textilni-tovarny-ve-Frydku-Mistku-1-284x360.jpg","datePublished":"2023-11-23T12:11:19+00:00","dateModified":"2023-11-23T12:25:06+00:00","breadcrumb":{"@id":"https:\/\/pmza.sk\/?page_id=59298#breadcrumb"},"inLanguage":"sk-SK","potentialAction":[{"@type":"ReadAction","target":["https:\/\/pmza.sk\/?page_id=59298"]}]},{"@type":"ImageObject","inLanguage":"sk-SK","@id":"https:\/\/pmza.sk\/?page_id=59298#primaryimage","url":"https:\/\/pmza.sk\/wp-content\/uploads\/2023\/11\/Foto_Textilni-tovarny-ve-Frydku-Mistku-1.jpg","contentUrl":"https:\/\/pmza.sk\/wp-content\/uploads\/2023\/11\/Foto_Textilni-tovarny-ve-Frydku-Mistku-1.jpg","width":1428,"height":1808,"caption":"OLYMPUS DIGITAL CAMERA"},{"@type":"BreadcrumbList","@id":"https:\/\/pmza.sk\/?page_id=59298#breadcrumb","itemListElement":[{"@type":"ListItem","position":1,"name":"Domovsk\u00e1 str\u00e1nka","item":"https:\/\/pmza.sk\/"},{"@type":"ListItem","position":2,"name":"Remesl\u00e1 a priemysel","item":"https:\/\/pmza.sk\/?page_id=59285"},{"@type":"ListItem","position":3,"name":"Textiln\u00e9 tov\u00e1rne vo Fr\u00fddku-M\u00edstku"}]},{"@type":"WebSite","@id":"https:\/\/pmza.sk\/#website","url":"https:\/\/pmza.sk\/","name":"Pova\u017esk\u00e9 m\u00fazeum","description":"Pova\u017esk\u00e9 m\u00fazeum v \u017diline je region\u00e1lne m\u00fazeum so s\u00eddlom v Budat\u00edne. Jeho expoz\u00edcie s\u00fa zameran\u00e9 na dejiny slovensk\u00e9ho umenia, kult\u00fary a dopravy.","publisher":{"@id":"https:\/\/pmza.sk\/#organization"},"potentialAction":[{"@type":"SearchAction","target":{"@type":"EntryPoint","urlTemplate":"https:\/\/pmza.sk\/?s={search_term_string}"},"query-input":{"@type":"PropertyValueSpecification","valueRequired":true,"valueName":"search_term_string"}}],"inLanguage":"sk-SK"},{"@type":"Organization","@id":"https:\/\/pmza.sk\/#organization","name":"Pova\u017esk\u00e9 m\u00fazeum","url":"https:\/\/pmza.sk\/","logo":{"@type":"ImageObject","inLanguage":"sk-SK","@id":"https:\/\/pmza.sk\/#\/schema\/logo\/image\/","url":"https:\/\/pmza.sk\/wp-content\/uploads\/2022\/01\/logo_PM_horizontal.jpg","contentUrl":"https:\/\/pmza.sk\/wp-content\/uploads\/2022\/01\/logo_PM_horizontal.jpg","width":231,"height":142,"caption":"Pova\u017esk\u00e9 m\u00fazeum"},"image":{"@id":"https:\/\/pmza.sk\/#\/schema\/logo\/image\/"},"sameAs":["https:\/\/www.facebook.com\/povazskemuzeum","https:\/\/www.instagram.com\/povazskemuzeum\/"]}]}},"_links":{"self":[{"href":"https:\/\/pmza.sk\/index.php?rest_route=\/wp\/v2\/pages\/59298","targetHints":{"allow":["GET"]}}],"collection":[{"href":"https:\/\/pmza.sk\/index.php?rest_route=\/wp\/v2\/pages"}],"about":[{"href":"https:\/\/pmza.sk\/index.php?rest_route=\/wp\/v2\/types\/page"}],"author":[{"embeddable":true,"href":"https:\/\/pmza.sk\/index.php?rest_route=\/wp\/v2\/users\/1"}],"replies":[{"embeddable":true,"href":"https:\/\/pmza.sk\/index.php?rest_route=%2Fwp%2Fv2%2Fcomments&post=59298"}],"version-history":[{"count":0,"href":"https:\/\/pmza.sk\/index.php?rest_route=\/wp\/v2\/pages\/59298\/revisions"}],"up":[{"embeddable":true,"href":"https:\/\/pmza.sk\/index.php?rest_route=\/wp\/v2\/pages\/59285"}],"wp:attachment":[{"href":"https:\/\/pmza.sk\/index.php?rest_route=%2Fwp%2Fv2%2Fmedia&parent=59298"}],"curies":[{"name":"wp","href":"https:\/\/api.w.org\/{rel}","templated":true}]}}