{"id":59301,"date":"2023-11-23T13:11:40","date_gmt":"2023-11-23T12:11:40","guid":{"rendered":"https:\/\/pmza.sk\/?page_id=59301"},"modified":"2023-11-23T13:24:03","modified_gmt":"2023-11-23T12:24:03","slug":"vystavba-zilinskej-textilnej-fabriky","status":"publish","type":"page","link":"https:\/\/pmza.sk\/?page_id=59301","title":{"rendered":"V\u00fdstavba \u017eilinskej textilnej fabriky"},"content":{"rendered":"\t\t<div data-elementor-type=\"wp-page\" data-elementor-id=\"59301\" class=\"elementor elementor-59301\">\n\t\t\t\t\t\t<section class=\"elementor-section elementor-top-section elementor-element elementor-element-61967e6 elementor-section-content-middle elementor-section-boxed elementor-section-height-default elementor-section-height-default\" data-id=\"61967e6\" data-element_type=\"section\" data-settings=\"{&quot;background_background&quot;:&quot;classic&quot;}\">\n\t\t\t\t\t\t\t<div class=\"elementor-background-overlay\"><\/div>\n\t\t\t\t\t\t\t<div class=\"elementor-container elementor-column-gap-no\">\n\t\t\t\t\t<div class=\"elementor-column elementor-col-100 elementor-top-column elementor-element elementor-element-b4d3c7b\" data-id=\"b4d3c7b\" data-element_type=\"column\">\n\t\t\t<div class=\"elementor-widget-wrap elementor-element-populated\">\n\t\t\t\t\t\t<div class=\"elementor-element elementor-element-aa5a92f elementor-widget elementor-widget-heading\" data-id=\"aa5a92f\" data-element_type=\"widget\" data-widget_type=\"heading.default\">\n\t\t\t\t<div class=\"elementor-widget-container\">\n\t\t\t\t\t<h1 class=\"elementor-heading-title elementor-size-default\">V\u00fdstavba \u017eilinskej textilnej fabriky<\/h1>\t\t\t\t<\/div>\n\t\t\t\t<\/div>\n\t\t\t\t\t<\/div>\n\t\t<\/div>\n\t\t\t\t\t<\/div>\n\t\t<\/section>\n\t\t\t\t<section class=\"elementor-section elementor-top-section elementor-element elementor-element-16ac727 elementor-section-content-top elementor-section-boxed elementor-section-height-default elementor-section-height-default\" data-id=\"16ac727\" data-element_type=\"section\">\n\t\t\t\t\t\t<div class=\"elementor-container elementor-column-gap-no\">\n\t\t\t\t\t<div class=\"elementor-column elementor-col-100 elementor-top-column elementor-element elementor-element-2e9e513\" data-id=\"2e9e513\" data-element_type=\"column\">\n\t\t\t<div class=\"elementor-widget-wrap elementor-element-populated\">\n\t\t\t\t\t\t<div class=\"elementor-element elementor-element-23d4d03 elementor-widget elementor-widget-text-editor\" data-id=\"23d4d03\" data-element_type=\"widget\" data-widget_type=\"text-editor.default\">\n\t\t\t\t<div class=\"elementor-widget-container\">\n\t\t\t\t\t\t\t\t\t<p>Na konci 19. storo\u010dia sa\u00a0 sna\u017eila uhorsk\u00e1 vl\u00e1da podporova\u0165 zakladanie priemyseln\u00fdch podnikov, v\u00a0ktor\u00fdch videla zlep\u0161enie hospod\u00e1rskeho \u017eivota vo svojej krajine. Ke\u010f\u017ee Tren\u010dianska \u017eupa vykazovala vysok\u00fa mieru vys\u0165ahovalectva, zaumienila si, \u017ee v\u00a0nej postav\u00ed textiln\u00fa fabriku. Oslovila v\u00fdznamn\u00e9ho moravsk\u00e9ho priemyseln\u00edka Karla L\u00f6wa, ktor\u00fd ponuku uhorskej vl\u00e1dy prijal. Za hlavn\u00e9ho in\u017einiera bud\u00facej tov\u00e1rne na Slovensku ustanovil\u00a0 Hannsa H\u00f6rbigera, ktor\u00fd L\u00f6wovi v\u00a0tom \u010dase vypom\u00e1hal s\u00a0jeho textiln\u00fdmi fabrikami na Morave. Spolu s\u00a0brnianskym architektom a stavite\u013eom Josefom Nebehostenym sa preto pustil do vyhotovenia\u00a0 pl\u00e1nov bud\u00facej fabriky, ktor\u00e9 dokon\u010dil 28. marca 1890.<\/p><p>Stavebn\u00e9 pl\u00e1ny spolu aj s odhadmi n\u00e1kladov boli vypracovan\u00e9 aj ke\u010f e\u0161te nebolo celkom ist\u00e9, kde presne na severoz\u00e1padnom Slovensku sa bude v\u00fdstavba textilnej tov\u00e1rne realizova\u0165. Do \u00favahy prich\u00e1dzal okrem \u017diliny napr\u00edklad aj Tren\u010d\u00edn alebo Tur\u010diansky Sv. Martin.\u00a0 Preto L\u00f6w uskuto\u010dnil prieskum potenci\u00e1lneho stavebn\u00e9ho pozemku a vody v t\u00fdchto mest\u00e1ch. Bolo potrebn\u00e9 vzia\u0165 do \u00favahy viacer\u00e9 faktory. Fabrika sa mala nach\u00e1dza\u0165 v bl\u00edzkosti vodn\u00e9ho zdroja, uho\u013en\u00fdch oblast\u00ed (aby z\u00edskala konkurencieschopn\u00e9 ponuky a\u00a0z\u00edskala lacn\u00fa cenu za prepravu) a nesmela by\u0165 umiestnen\u00e1 pr\u00edli\u0161 \u010faleko od \u017eelezni\u010dnej trate. Vodn\u00fd zdroj mal poskytova\u0165 jednoduch\u00e9 a\u00a0lacn\u00e9 obstar\u00e1vanie \u010distej, \u201em\u00e4kkej\u201c vody na \u010distenie a\u00a0farbenie. Bolo potrebn\u00e9 prihliada\u0165 aj na ceny miestnych potrav\u00edn a stavebn\u00fdch materi\u00e1lov, ich mo\u017enosti z\u00e1sobovania a\u00a0aj na dostatok pracovnej sily. Po diskusi\u00e1ch padlo rozhodnutie zvoli\u0165 za miesto novej tov\u00e1rne \u017dilinu.<\/p><p>Stavebn\u00e9 pl\u00e1ny spolu so \u017eiados\u0165ou o povolenie na v\u00fdstavbu tov\u00e1rne\u00a0 Karol L\u00f6w zaslal mestu \u017dilina\u00a0 14. apr\u00edla 1890. D\u0148a 24. apr\u00edla 1890 z\u00edskal Karol stavebn\u00e9 povolenie na vybudovanie tov\u00e1rne medzi \u017eelezni\u010dnou tra\u0165ou Ko\u0161icko-bohum\u00ednskej \u017eeleznice a cestou ved\u00facej zo \u017diliny do Budat\u00edna, ktor\u00e9 bolo podmienen\u00e9 splnen\u00edm nieko\u013ek\u00fdch po\u017eiadaviek.\u00a0 L\u00f6w musel napr\u00edklad odk\u00fapi\u0165 pozemky od s\u00fakromn\u00fdch os\u00f4b. Pri stavbe sa malo dba\u0165 na predpisy protipo\u017eiarnej bezpe\u010dnosti. Tie\u017e bolo potrebn\u00e9 zabezpe\u010di\u0165 odv\u00e1dzanie vody zozbieranej v z\u00e1vode tak, aby nesp\u00f4sobovala \u0161kody na \u017eelezni\u010dnej trati a v okol\u00ed a zabezpe\u010di\u0165, aby \u0161kodliv\u00e9 l\u00e1tky z fabriky nepo\u0161kodzovali okolit\u00e9 prostredie.<\/p><p>Stavebn\u00e9 pr\u00e1ce za\u010dali 28. m\u00e1ja 1890 a\u00a0z\u00fa\u010dast\u0148ovalo sa ich\u00a0 853 robotn\u00edkov, vr\u00e1tane\u00a0odborn\u00fdch pracovn\u00edkov.<\/p><div class=\"wp-block-image\"><img fetchpriority=\"high\" decoding=\"async\" class=\"alignnone size-large wp-image-59306\" src=\"https:\/\/pmza.sk\/wp-content\/uploads\/2023\/11\/Foto_Vystavba-zilinskej-textilnej-fabriky-924x736.jpg\" alt=\"\" width=\"924\" height=\"736\" srcset=\"https:\/\/pmza.sk\/wp-content\/uploads\/2023\/11\/Foto_Vystavba-zilinskej-textilnej-fabriky-924x736.jpg 924w, https:\/\/pmza.sk\/wp-content\/uploads\/2023\/11\/Foto_Vystavba-zilinskej-textilnej-fabriky-452x360.jpg 452w, https:\/\/pmza.sk\/wp-content\/uploads\/2023\/11\/Foto_Vystavba-zilinskej-textilnej-fabriky-768x612.jpg 768w, https:\/\/pmza.sk\/wp-content\/uploads\/2023\/11\/Foto_Vystavba-zilinskej-textilnej-fabriky-1536x1224.jpg 1536w, https:\/\/pmza.sk\/wp-content\/uploads\/2023\/11\/Foto_Vystavba-zilinskej-textilnej-fabriky-2048x1632.jpg 2048w, https:\/\/pmza.sk\/wp-content\/uploads\/2023\/11\/Foto_Vystavba-zilinskej-textilnej-fabriky-600x478.jpg 600w\" sizes=\"(max-width: 924px) 100vw, 924px\" \/><\/div><p>Fotografia pribli\u017euj\u00faca v\u00fdstavbu textilnej fabriky K. L\u00f6wa z\u00a0roku 1890<\/p><p>Zbierkov\u00fd fond Pova\u017esk\u00e9ho m\u00fazea<\/p><p>Text: Mgr. Zuzana Kudzbelov\u00e1, PhD.<\/p>\t\t\t\t\t\t\t\t<\/div>\n\t\t\t\t<\/div>\n\t\t\t\t\t<\/div>\n\t\t<\/div>\n\t\t\t\t\t<\/div>\n\t\t<\/section>\n\t\t\t\t<\/div>\n\t\t","protected":false},"excerpt":{"rendered":"<p>V\u00fdstavba \u017eilinskej textilnej fabriky Na konci 19. storo\u010dia sa\u00a0 sna\u017eila uhorsk\u00e1 vl\u00e1da podporova\u0165 zakladanie priemyseln\u00fdch podnikov, v\u00a0ktor\u00fdch videla zlep\u0161enie hospod\u00e1rskeho \u017eivota vo svojej krajine. Ke\u010f\u017ee Tren\u010dianska \u017eupa vykazovala vysok\u00fa mieru vys\u0165ahovalectva, zaumienila si, \u017ee v\u00a0nej postav\u00ed textiln\u00fa fabriku. Oslovila v\u00fdznamn\u00e9ho moravsk\u00e9ho priemyseln\u00edka Karla L\u00f6wa, ktor\u00fd ponuku uhorskej vl\u00e1dy prijal. Za hlavn\u00e9ho in\u017einiera bud\u00facej tov\u00e1rne na [&hellip;]<\/p>\n","protected":false},"author":1,"featured_media":0,"parent":59285,"menu_order":94,"comment_status":"closed","ping_status":"closed","template":"","meta":{"site-sidebar-layout":"no-sidebar","site-content-layout":"page-builder","ast-site-content-layout":"","site-content-style":"default","site-sidebar-style":"default","ast-global-header-display":"","ast-banner-title-visibility":"","ast-main-header-display":"","ast-hfb-above-header-display":"","ast-hfb-below-header-display":"","ast-hfb-mobile-header-display":"","site-post-title":"disabled","ast-breadcrumbs-content":"","ast-featured-img":"disabled","footer-sml-layout":"","theme-transparent-header-meta":"default","adv-header-id-meta":"","stick-header-meta":"default","header-above-stick-meta":"","header-main-stick-meta":"","header-below-stick-meta":"","astra-migrate-meta-layouts":"default","ast-page-background-enabled":"default","ast-page-background-meta":{"desktop":{"background-color":"var(--ast-global-color-4)","background-image":"","background-repeat":"repeat","background-position":"center center","background-size":"auto","background-attachment":"scroll","background-type":"","background-media":"","overlay-type":"","overlay-color":"","overlay-opacity":"","overlay-gradient":""},"tablet":{"background-color":"","background-image":"","background-repeat":"repeat","background-position":"center center","background-size":"auto","background-attachment":"scroll","background-type":"","background-media":"","overlay-type":"","overlay-color":"","overlay-opacity":"","overlay-gradient":""},"mobile":{"background-color":"","background-image":"","background-repeat":"repeat","background-position":"center center","background-size":"auto","background-attachment":"scroll","background-type":"","background-media":"","overlay-type":"","overlay-color":"","overlay-opacity":"","overlay-gradient":""}},"ast-content-background-meta":{"desktop":{"background-color":"var(--ast-global-color-5)","background-image":"","background-repeat":"repeat","background-position":"center center","background-size":"auto","background-attachment":"scroll","background-type":"","background-media":"","overlay-type":"","overlay-color":"","overlay-opacity":"","overlay-gradient":""},"tablet":{"background-color":"var(--ast-global-color-5)","background-image":"","background-repeat":"repeat","background-position":"center center","background-size":"auto","background-attachment":"scroll","background-type":"","background-media":"","overlay-type":"","overlay-color":"","overlay-opacity":"","overlay-gradient":""},"mobile":{"background-color":"var(--ast-global-color-5)","background-image":"","background-repeat":"repeat","background-position":"center center","background-size":"auto","background-attachment":"scroll","background-type":"","background-media":"","overlay-type":"","overlay-color":"","overlay-opacity":"","overlay-gradient":""}},"footnotes":""},"class_list":["post-59301","page","type-page","status-publish","hentry"],"yoast_head":"<!-- This site is optimized with the Yoast SEO plugin v27.4 - https:\/\/yoast.com\/product\/yoast-seo-wordpress\/ -->\n<title>V\u00fdstavba \u017eilinskej textilnej fabriky - Pova\u017esk\u00e9 m\u00fazeum<\/title>\n<meta name=\"robots\" content=\"index, follow, max-snippet:-1, max-image-preview:large, max-video-preview:-1\" \/>\n<link rel=\"canonical\" href=\"https:\/\/pmza.sk\/?page_id=59301\" \/>\n<meta property=\"og:locale\" content=\"sk_SK\" \/>\n<meta property=\"og:type\" content=\"article\" \/>\n<meta property=\"og:title\" content=\"V\u00fdstavba \u017eilinskej textilnej fabriky - Pova\u017esk\u00e9 m\u00fazeum\" \/>\n<meta property=\"og:description\" content=\"V\u00fdstavba \u017eilinskej textilnej fabriky Na konci 19. storo\u010dia sa\u00a0 sna\u017eila uhorsk\u00e1 vl\u00e1da podporova\u0165 zakladanie priemyseln\u00fdch podnikov, v\u00a0ktor\u00fdch videla zlep\u0161enie hospod\u00e1rskeho \u017eivota vo svojej krajine. Ke\u010f\u017ee Tren\u010dianska \u017eupa vykazovala vysok\u00fa mieru vys\u0165ahovalectva, zaumienila si, \u017ee v\u00a0nej postav\u00ed textiln\u00fa fabriku. Oslovila v\u00fdznamn\u00e9ho moravsk\u00e9ho priemyseln\u00edka Karla L\u00f6wa, ktor\u00fd ponuku uhorskej vl\u00e1dy prijal. Za hlavn\u00e9ho in\u017einiera bud\u00facej tov\u00e1rne na [&hellip;]\" \/>\n<meta property=\"og:url\" content=\"https:\/\/pmza.sk\/?page_id=59301\" \/>\n<meta property=\"og:site_name\" content=\"Pova\u017esk\u00e9 m\u00fazeum\" \/>\n<meta property=\"article:publisher\" content=\"https:\/\/www.facebook.com\/povazskemuzeum\" \/>\n<meta property=\"article:modified_time\" content=\"2023-11-23T12:24:03+00:00\" \/>\n<meta property=\"og:image\" content=\"https:\/\/pmza.sk\/wp-content\/uploads\/2023\/11\/Foto_Vystavba-zilinskej-textilnej-fabriky-924x736.jpg\" \/>\n<meta name=\"twitter:card\" content=\"summary_large_image\" \/>\n<meta name=\"twitter:label1\" content=\"Predpokladan\u00fd \u010das \u010d\u00edtania\" \/>\n\t<meta name=\"twitter:data1\" content=\"2 min\u00faty\" \/>\n<script type=\"application\/ld+json\" class=\"yoast-schema-graph\">{\"@context\":\"https:\\\/\\\/schema.org\",\"@graph\":[{\"@type\":\"WebPage\",\"@id\":\"https:\\\/\\\/pmza.sk\\\/?page_id=59301\",\"url\":\"https:\\\/\\\/pmza.sk\\\/?page_id=59301\",\"name\":\"V\u00fdstavba \u017eilinskej textilnej fabriky - Pova\u017esk\u00e9 m\u00fazeum\",\"isPartOf\":{\"@id\":\"https:\\\/\\\/pmza.sk\\\/#website\"},\"primaryImageOfPage\":{\"@id\":\"https:\\\/\\\/pmza.sk\\\/?page_id=59301#primaryimage\"},\"image\":{\"@id\":\"https:\\\/\\\/pmza.sk\\\/?page_id=59301#primaryimage\"},\"thumbnailUrl\":\"https:\\\/\\\/pmza.sk\\\/wp-content\\\/uploads\\\/2023\\\/11\\\/Foto_Vystavba-zilinskej-textilnej-fabriky-924x736.jpg\",\"datePublished\":\"2023-11-23T12:11:40+00:00\",\"dateModified\":\"2023-11-23T12:24:03+00:00\",\"breadcrumb\":{\"@id\":\"https:\\\/\\\/pmza.sk\\\/?page_id=59301#breadcrumb\"},\"inLanguage\":\"sk-SK\",\"potentialAction\":[{\"@type\":\"ReadAction\",\"target\":[\"https:\\\/\\\/pmza.sk\\\/?page_id=59301\"]}]},{\"@type\":\"ImageObject\",\"inLanguage\":\"sk-SK\",\"@id\":\"https:\\\/\\\/pmza.sk\\\/?page_id=59301#primaryimage\",\"url\":\"https:\\\/\\\/pmza.sk\\\/wp-content\\\/uploads\\\/2023\\\/11\\\/Foto_Vystavba-zilinskej-textilnej-fabriky-scaled.jpg\",\"contentUrl\":\"https:\\\/\\\/pmza.sk\\\/wp-content\\\/uploads\\\/2023\\\/11\\\/Foto_Vystavba-zilinskej-textilnej-fabriky-scaled.jpg\",\"width\":2560,\"height\":2040},{\"@type\":\"BreadcrumbList\",\"@id\":\"https:\\\/\\\/pmza.sk\\\/?page_id=59301#breadcrumb\",\"itemListElement\":[{\"@type\":\"ListItem\",\"position\":1,\"name\":\"Domovsk\u00e1 str\u00e1nka\",\"item\":\"https:\\\/\\\/pmza.sk\\\/\"},{\"@type\":\"ListItem\",\"position\":2,\"name\":\"Remesl\u00e1 a priemysel\",\"item\":\"https:\\\/\\\/pmza.sk\\\/?page_id=59285\"},{\"@type\":\"ListItem\",\"position\":3,\"name\":\"V\u00fdstavba \u017eilinskej textilnej fabriky\"}]},{\"@type\":\"WebSite\",\"@id\":\"https:\\\/\\\/pmza.sk\\\/#website\",\"url\":\"https:\\\/\\\/pmza.sk\\\/\",\"name\":\"Pova\u017esk\u00e9 m\u00fazeum\",\"description\":\"Pova\u017esk\u00e9 m\u00fazeum v \u017diline je region\u00e1lne m\u00fazeum so s\u00eddlom v Budat\u00edne. Jeho expoz\u00edcie s\u00fa zameran\u00e9 na dejiny slovensk\u00e9ho umenia, kult\u00fary a dopravy.\",\"publisher\":{\"@id\":\"https:\\\/\\\/pmza.sk\\\/#organization\"},\"potentialAction\":[{\"@type\":\"SearchAction\",\"target\":{\"@type\":\"EntryPoint\",\"urlTemplate\":\"https:\\\/\\\/pmza.sk\\\/?s={search_term_string}\"},\"query-input\":{\"@type\":\"PropertyValueSpecification\",\"valueRequired\":true,\"valueName\":\"search_term_string\"}}],\"inLanguage\":\"sk-SK\"},{\"@type\":\"Organization\",\"@id\":\"https:\\\/\\\/pmza.sk\\\/#organization\",\"name\":\"Pova\u017esk\u00e9 m\u00fazeum\",\"url\":\"https:\\\/\\\/pmza.sk\\\/\",\"logo\":{\"@type\":\"ImageObject\",\"inLanguage\":\"sk-SK\",\"@id\":\"https:\\\/\\\/pmza.sk\\\/#\\\/schema\\\/logo\\\/image\\\/\",\"url\":\"https:\\\/\\\/pmza.sk\\\/wp-content\\\/uploads\\\/2022\\\/01\\\/logo_PM_horizontal.jpg\",\"contentUrl\":\"https:\\\/\\\/pmza.sk\\\/wp-content\\\/uploads\\\/2022\\\/01\\\/logo_PM_horizontal.jpg\",\"width\":231,\"height\":142,\"caption\":\"Pova\u017esk\u00e9 m\u00fazeum\"},\"image\":{\"@id\":\"https:\\\/\\\/pmza.sk\\\/#\\\/schema\\\/logo\\\/image\\\/\"},\"sameAs\":[\"https:\\\/\\\/www.facebook.com\\\/povazskemuzeum\",\"https:\\\/\\\/www.instagram.com\\\/povazskemuzeum\\\/\"]}]}<\/script>\n<!-- \/ Yoast SEO plugin. -->","yoast_head_json":{"title":"V\u00fdstavba \u017eilinskej textilnej fabriky - Pova\u017esk\u00e9 m\u00fazeum","robots":{"index":"index","follow":"follow","max-snippet":"max-snippet:-1","max-image-preview":"max-image-preview:large","max-video-preview":"max-video-preview:-1"},"canonical":"https:\/\/pmza.sk\/?page_id=59301","og_locale":"sk_SK","og_type":"article","og_title":"V\u00fdstavba \u017eilinskej textilnej fabriky - Pova\u017esk\u00e9 m\u00fazeum","og_description":"V\u00fdstavba \u017eilinskej textilnej fabriky Na konci 19. storo\u010dia sa\u00a0 sna\u017eila uhorsk\u00e1 vl\u00e1da podporova\u0165 zakladanie priemyseln\u00fdch podnikov, v\u00a0ktor\u00fdch videla zlep\u0161enie hospod\u00e1rskeho \u017eivota vo svojej krajine. Ke\u010f\u017ee Tren\u010dianska \u017eupa vykazovala vysok\u00fa mieru vys\u0165ahovalectva, zaumienila si, \u017ee v\u00a0nej postav\u00ed textiln\u00fa fabriku. Oslovila v\u00fdznamn\u00e9ho moravsk\u00e9ho priemyseln\u00edka Karla L\u00f6wa, ktor\u00fd ponuku uhorskej vl\u00e1dy prijal. Za hlavn\u00e9ho in\u017einiera bud\u00facej tov\u00e1rne na [&hellip;]","og_url":"https:\/\/pmza.sk\/?page_id=59301","og_site_name":"Pova\u017esk\u00e9 m\u00fazeum","article_publisher":"https:\/\/www.facebook.com\/povazskemuzeum","article_modified_time":"2023-11-23T12:24:03+00:00","og_image":[{"url":"https:\/\/pmza.sk\/wp-content\/uploads\/2023\/11\/Foto_Vystavba-zilinskej-textilnej-fabriky-924x736.jpg","type":"","width":"","height":""}],"twitter_card":"summary_large_image","twitter_misc":{"Predpokladan\u00fd \u010das \u010d\u00edtania":"2 min\u00faty"},"schema":{"@context":"https:\/\/schema.org","@graph":[{"@type":"WebPage","@id":"https:\/\/pmza.sk\/?page_id=59301","url":"https:\/\/pmza.sk\/?page_id=59301","name":"V\u00fdstavba \u017eilinskej textilnej fabriky - Pova\u017esk\u00e9 m\u00fazeum","isPartOf":{"@id":"https:\/\/pmza.sk\/#website"},"primaryImageOfPage":{"@id":"https:\/\/pmza.sk\/?page_id=59301#primaryimage"},"image":{"@id":"https:\/\/pmza.sk\/?page_id=59301#primaryimage"},"thumbnailUrl":"https:\/\/pmza.sk\/wp-content\/uploads\/2023\/11\/Foto_Vystavba-zilinskej-textilnej-fabriky-924x736.jpg","datePublished":"2023-11-23T12:11:40+00:00","dateModified":"2023-11-23T12:24:03+00:00","breadcrumb":{"@id":"https:\/\/pmza.sk\/?page_id=59301#breadcrumb"},"inLanguage":"sk-SK","potentialAction":[{"@type":"ReadAction","target":["https:\/\/pmza.sk\/?page_id=59301"]}]},{"@type":"ImageObject","inLanguage":"sk-SK","@id":"https:\/\/pmza.sk\/?page_id=59301#primaryimage","url":"https:\/\/pmza.sk\/wp-content\/uploads\/2023\/11\/Foto_Vystavba-zilinskej-textilnej-fabriky-scaled.jpg","contentUrl":"https:\/\/pmza.sk\/wp-content\/uploads\/2023\/11\/Foto_Vystavba-zilinskej-textilnej-fabriky-scaled.jpg","width":2560,"height":2040},{"@type":"BreadcrumbList","@id":"https:\/\/pmza.sk\/?page_id=59301#breadcrumb","itemListElement":[{"@type":"ListItem","position":1,"name":"Domovsk\u00e1 str\u00e1nka","item":"https:\/\/pmza.sk\/"},{"@type":"ListItem","position":2,"name":"Remesl\u00e1 a priemysel","item":"https:\/\/pmza.sk\/?page_id=59285"},{"@type":"ListItem","position":3,"name":"V\u00fdstavba \u017eilinskej textilnej fabriky"}]},{"@type":"WebSite","@id":"https:\/\/pmza.sk\/#website","url":"https:\/\/pmza.sk\/","name":"Pova\u017esk\u00e9 m\u00fazeum","description":"Pova\u017esk\u00e9 m\u00fazeum v \u017diline je region\u00e1lne m\u00fazeum so s\u00eddlom v Budat\u00edne. Jeho expoz\u00edcie s\u00fa zameran\u00e9 na dejiny slovensk\u00e9ho umenia, kult\u00fary a dopravy.","publisher":{"@id":"https:\/\/pmza.sk\/#organization"},"potentialAction":[{"@type":"SearchAction","target":{"@type":"EntryPoint","urlTemplate":"https:\/\/pmza.sk\/?s={search_term_string}"},"query-input":{"@type":"PropertyValueSpecification","valueRequired":true,"valueName":"search_term_string"}}],"inLanguage":"sk-SK"},{"@type":"Organization","@id":"https:\/\/pmza.sk\/#organization","name":"Pova\u017esk\u00e9 m\u00fazeum","url":"https:\/\/pmza.sk\/","logo":{"@type":"ImageObject","inLanguage":"sk-SK","@id":"https:\/\/pmza.sk\/#\/schema\/logo\/image\/","url":"https:\/\/pmza.sk\/wp-content\/uploads\/2022\/01\/logo_PM_horizontal.jpg","contentUrl":"https:\/\/pmza.sk\/wp-content\/uploads\/2022\/01\/logo_PM_horizontal.jpg","width":231,"height":142,"caption":"Pova\u017esk\u00e9 m\u00fazeum"},"image":{"@id":"https:\/\/pmza.sk\/#\/schema\/logo\/image\/"},"sameAs":["https:\/\/www.facebook.com\/povazskemuzeum","https:\/\/www.instagram.com\/povazskemuzeum\/"]}]}},"_links":{"self":[{"href":"https:\/\/pmza.sk\/index.php?rest_route=\/wp\/v2\/pages\/59301","targetHints":{"allow":["GET"]}}],"collection":[{"href":"https:\/\/pmza.sk\/index.php?rest_route=\/wp\/v2\/pages"}],"about":[{"href":"https:\/\/pmza.sk\/index.php?rest_route=\/wp\/v2\/types\/page"}],"author":[{"embeddable":true,"href":"https:\/\/pmza.sk\/index.php?rest_route=\/wp\/v2\/users\/1"}],"replies":[{"embeddable":true,"href":"https:\/\/pmza.sk\/index.php?rest_route=%2Fwp%2Fv2%2Fcomments&post=59301"}],"version-history":[{"count":0,"href":"https:\/\/pmza.sk\/index.php?rest_route=\/wp\/v2\/pages\/59301\/revisions"}],"up":[{"embeddable":true,"href":"https:\/\/pmza.sk\/index.php?rest_route=\/wp\/v2\/pages\/59285"}],"wp:attachment":[{"href":"https:\/\/pmza.sk\/index.php?rest_route=%2Fwp%2Fv2%2Fmedia&parent=59301"}],"curies":[{"name":"wp","href":"https:\/\/api.w.org\/{rel}","templated":true}]}}