{"id":130,"date":"2008-11-26T11:29:16","date_gmt":"2008-11-26T10:29:16","guid":{"rendered":"https:\/\/pmza.sk.sk\/pl\/?post_type=product&amp;p=130"},"modified":"2008-11-26T11:29:16","modified_gmt":"2008-11-26T10:29:16","slug":"slovenski-drotari-v-ceskom-vytvarnom-umeni","status":"publish","type":"product","link":"https:\/\/pmza.sk\/?product=slovenski-drotari-v-ceskom-vytvarnom-umeni","title":{"rendered":"Slovensk\u00ed drot\u00e1ri v \u010deskom v\u00fdtvarnom umen\u00ed"},"content":{"rendered":"<p><strong>Monika \u0160kvarnov\u00e1<\/strong><\/p>\n<p><strong>Slovensk\u00ed drot\u00e1ri v \u010deskom v\u00fdtvarnom umen\u00ed<\/strong><\/p>\n<p>Vydalo Pova\u017esk\u00e9 m\u00fazeum v\u00a0\u017diline, \u017dilina 2008,<\/p>\n<p>81 str\u00e1n, farebn\u00e9 a\u00a0\u010dierno-biele fotografie, anglick\u00e9 a\u00a0nemeck\u00e9 resum\u00e9.<\/p>\n<p>V\u00a0porad\u00ed \u00f4sma publik\u00e1cia z\u00a0ed\u00edcie Mal\u00e1 kni\u017enica drot\u00e1ra venovan\u00e1 drot\u00e1rskej problematike textom i\u00a0bohat\u00fdmi ilustr\u00e1ciami pribli\u017euje n\u00e1met vandrovn\u00e9ho drot\u00e1ra v\u00a0tvorbe \u010desk\u00fdch maliarov a\u00a0soch\u00e1rov od za\u010diatku 19. do polovice 20. storo\u010dia. Vych\u00e1dza z\u00a0v\u00fdskumu v umeleck\u00fdch zbierok slovensk\u00fdch a\u00a0\u010desk\u00fdch m\u00faze\u00ed, gal\u00e9ri\u00ed a\u00a0s\u00fakromn\u00fdch kolekci\u00ed. Publik\u00e1cia vy\u0161la s\u00a0finan\u010dnou podporou Ministerstva kult\u00fary Slovenskej republiky, Liter\u00e1rneho fondu Slovenskej republiky, \u017dilinsk\u00e9ho samospr\u00e1vneho kraja a\u00a0vydavate\u013ea.<\/p>\n","protected":false},"excerpt":{"rendered":"<p>Monika \u0160kvarnov\u00e1 Slovensk\u00ed drot\u00e1ri v \u010deskom v\u00fdtvarnom umen\u00ed Vydalo Pova\u017esk\u00e9 m\u00fazeum v\u00a0\u017diline, \u017dilina 2008, 81 str\u00e1n, farebn\u00e9 a\u00a0\u010dierno-biele fotografie, anglick\u00e9 a\u00a0nemeck\u00e9 resum\u00e9. V\u00a0porad\u00ed \u00f4sma publik\u00e1cia z\u00a0ed\u00edcie Mal\u00e1 kni\u017enica drot\u00e1ra venovan\u00e1 drot\u00e1rskej problematike textom i\u00a0bohat\u00fdmi ilustr\u00e1ciami pribli\u017euje n\u00e1met vandrovn\u00e9ho drot\u00e1ra v\u00a0tvorbe \u010desk\u00fdch maliarov a\u00a0soch\u00e1rov od za\u010diatku 19. do polovice 20. storo\u010dia. Vych\u00e1dza z\u00a0v\u00fdskumu v umeleck\u00fdch zbierok [&hellip;]<\/p>\n","protected":false},"featured_media":34101,"template":"","meta":{"site-sidebar-layout":"default","site-content-layout":"","ast-site-content-layout":"","site-content-style":"default","site-sidebar-style":"default","ast-global-header-display":"","ast-banner-title-visibility":"","ast-main-header-display":"","ast-hfb-above-header-display":"","ast-hfb-below-header-display":"","ast-hfb-mobile-header-display":"","site-post-title":"","ast-breadcrumbs-content":"","ast-featured-img":"","footer-sml-layout":"","theme-transparent-header-meta":"","adv-header-id-meta":"","stick-header-meta":"","header-above-stick-meta":"","header-main-stick-meta":"","header-below-stick-meta":"","astra-migrate-meta-layouts":"default","ast-page-background-enabled":"default","ast-page-background-meta":{"desktop":{"background-color":"var(--ast-global-color-4)","background-image":"","background-repeat":"repeat","background-position":"center center","background-size":"auto","background-attachment":"scroll","background-type":"","background-media":"","overlay-type":"","overlay-color":"","overlay-opacity":"","overlay-gradient":""},"tablet":{"background-color":"","background-image":"","background-repeat":"repeat","background-position":"center center","background-size":"auto","background-attachment":"scroll","background-type":"","background-media":"","overlay-type":"","overlay-color":"","overlay-opacity":"","overlay-gradient":""},"mobile":{"background-color":"","background-image":"","background-repeat":"repeat","background-position":"center center","background-size":"auto","background-attachment":"scroll","background-type":"","background-media":"","overlay-type":"","overlay-color":"","overlay-opacity":"","overlay-gradient":""}},"ast-content-background-meta":{"desktop":{"background-color":"var(--ast-global-color-5)","background-image":"","background-repeat":"repeat","background-position":"center center","background-size":"auto","background-attachment":"scroll","background-type":"","background-media":"","overlay-type":"","overlay-color":"","overlay-opacity":"","overlay-gradient":""},"tablet":{"background-color":"var(--ast-global-color-5)","background-image":"","background-repeat":"repeat","background-position":"center center","background-size":"auto","background-attachment":"scroll","background-type":"","background-media":"","overlay-type":"","overlay-color":"","overlay-opacity":"","overlay-gradient":""},"mobile":{"background-color":"var(--ast-global-color-5)","background-image":"","background-repeat":"repeat","background-position":"center center","background-size":"auto","background-attachment":"scroll","background-type":"","background-media":"","overlay-type":"","overlay-color":"","overlay-opacity":"","overlay-gradient":""}}},"product_cat":[17],"product_tag":[],"class_list":{"0":"post-130","1":"product","2":"type-product","3":"status-publish","4":"has-post-thumbnail","6":"product_cat-edicia-mala-kniznica-drotara","7":"desktop-align-left","8":"tablet-align-left","9":"mobile-align-left","10":"ast-product-gallery-layout-horizontal-slider","11":"ast-product-gallery-with-no-image","12":"ast-magnify-disabled","13":"ast-product-tabs-layout-horizontal","15":"first","16":"instock","17":"shipping-taxable","18":"purchasable","19":"product-type-simple"},"yoast_head":"<!-- This site is optimized with the Yoast SEO plugin v27.4 - https:\/\/yoast.com\/product\/yoast-seo-wordpress\/ -->\n<title>Slovensk\u00ed drot\u00e1ri v \u010deskom v\u00fdtvarnom umen\u00ed - Pova\u017esk\u00e9 m\u00fazeum<\/title>\n<meta name=\"robots\" content=\"index, follow, max-snippet:-1, max-image-preview:large, max-video-preview:-1\" \/>\n<link rel=\"canonical\" href=\"https:\/\/pmza.sk\/?product=slovenski-drotari-v-ceskom-vytvarnom-umeni\" \/>\n<meta property=\"og:locale\" content=\"sk_SK\" \/>\n<meta property=\"og:type\" content=\"article\" \/>\n<meta property=\"og:title\" content=\"Slovensk\u00ed drot\u00e1ri v \u010deskom v\u00fdtvarnom umen\u00ed - Pova\u017esk\u00e9 m\u00fazeum\" \/>\n<meta property=\"og:description\" content=\"Monika \u0160kvarnov\u00e1 Slovensk\u00ed drot\u00e1ri v \u010deskom v\u00fdtvarnom umen\u00ed Vydalo Pova\u017esk\u00e9 m\u00fazeum v\u00a0\u017diline, \u017dilina 2008, 81 str\u00e1n, farebn\u00e9 a\u00a0\u010dierno-biele fotografie, anglick\u00e9 a\u00a0nemeck\u00e9 resum\u00e9. V\u00a0porad\u00ed \u00f4sma publik\u00e1cia z\u00a0ed\u00edcie Mal\u00e1 kni\u017enica drot\u00e1ra venovan\u00e1 drot\u00e1rskej problematike textom i\u00a0bohat\u00fdmi ilustr\u00e1ciami pribli\u017euje n\u00e1met vandrovn\u00e9ho drot\u00e1ra v\u00a0tvorbe \u010desk\u00fdch maliarov a\u00a0soch\u00e1rov od za\u010diatku 19. do polovice 20. storo\u010dia. Vych\u00e1dza z\u00a0v\u00fdskumu v umeleck\u00fdch zbierok [&hellip;]\" \/>\n<meta property=\"og:url\" content=\"https:\/\/pmza.sk\/?product=slovenski-drotari-v-ceskom-vytvarnom-umeni\" \/>\n<meta property=\"og:site_name\" content=\"Pova\u017esk\u00e9 m\u00fazeum\" \/>\n<meta property=\"article:publisher\" content=\"https:\/\/www.facebook.com\/povazskemuzeum\" \/>\n<meta property=\"og:image\" content=\"https:\/\/pmza.sk\/wp-content\/uploads\/2013\/11\/slovenski-drotari-v-ceskom-1.jpg\" \/>\n\t<meta property=\"og:image:width\" content=\"313\" \/>\n\t<meta property=\"og:image:height\" content=\"448\" \/>\n\t<meta property=\"og:image:type\" content=\"image\/jpeg\" \/>\n<meta name=\"twitter:card\" content=\"summary_large_image\" \/>\n<meta name=\"twitter:label1\" content=\"Predpokladan\u00fd \u010das \u010d\u00edtania\" \/>\n\t<meta name=\"twitter:data1\" content=\"1 min\u00fata\" \/>\n<script type=\"application\/ld+json\" class=\"yoast-schema-graph\">{\"@context\":\"https:\\\/\\\/schema.org\",\"@graph\":[{\"@type\":\"WebPage\",\"@id\":\"https:\\\/\\\/pmza.sk\\\/?product=slovenski-drotari-v-ceskom-vytvarnom-umeni\",\"url\":\"https:\\\/\\\/pmza.sk\\\/?product=slovenski-drotari-v-ceskom-vytvarnom-umeni\",\"name\":\"Slovensk\u00ed drot\u00e1ri v \u010deskom v\u00fdtvarnom umen\u00ed - Pova\u017esk\u00e9 m\u00fazeum\",\"isPartOf\":{\"@id\":\"https:\\\/\\\/pmza.sk\\\/#website\"},\"primaryImageOfPage\":{\"@id\":\"https:\\\/\\\/pmza.sk\\\/?product=slovenski-drotari-v-ceskom-vytvarnom-umeni#primaryimage\"},\"image\":{\"@id\":\"https:\\\/\\\/pmza.sk\\\/?product=slovenski-drotari-v-ceskom-vytvarnom-umeni#primaryimage\"},\"thumbnailUrl\":\"https:\\\/\\\/pmza.sk\\\/wp-content\\\/uploads\\\/2013\\\/11\\\/slovenski-drotari-v-ceskom-1.jpg\",\"datePublished\":\"2008-11-26T10:29:16+00:00\",\"breadcrumb\":{\"@id\":\"https:\\\/\\\/pmza.sk\\\/?product=slovenski-drotari-v-ceskom-vytvarnom-umeni#breadcrumb\"},\"inLanguage\":\"sk-SK\",\"potentialAction\":[{\"@type\":\"ReadAction\",\"target\":[\"https:\\\/\\\/pmza.sk\\\/?product=slovenski-drotari-v-ceskom-vytvarnom-umeni\"]}]},{\"@type\":\"ImageObject\",\"inLanguage\":\"sk-SK\",\"@id\":\"https:\\\/\\\/pmza.sk\\\/?product=slovenski-drotari-v-ceskom-vytvarnom-umeni#primaryimage\",\"url\":\"https:\\\/\\\/pmza.sk\\\/wp-content\\\/uploads\\\/2013\\\/11\\\/slovenski-drotari-v-ceskom-1.jpg\",\"contentUrl\":\"https:\\\/\\\/pmza.sk\\\/wp-content\\\/uploads\\\/2013\\\/11\\\/slovenski-drotari-v-ceskom-1.jpg\",\"width\":313,\"height\":448},{\"@type\":\"BreadcrumbList\",\"@id\":\"https:\\\/\\\/pmza.sk\\\/?product=slovenski-drotari-v-ceskom-vytvarnom-umeni#breadcrumb\",\"itemListElement\":[{\"@type\":\"ListItem\",\"position\":1,\"name\":\"Domovsk\u00e1 str\u00e1nka\",\"item\":\"https:\\\/\\\/pmza.sk\\\/\"},{\"@type\":\"ListItem\",\"position\":2,\"name\":\"Obchod\",\"item\":\"https:\\\/\\\/pmza.sk\\\/?page_id=7\"},{\"@type\":\"ListItem\",\"position\":3,\"name\":\"Slovensk\u00ed drot\u00e1ri v \u010deskom v\u00fdtvarnom umen\u00ed\"}]},{\"@type\":\"WebSite\",\"@id\":\"https:\\\/\\\/pmza.sk\\\/#website\",\"url\":\"https:\\\/\\\/pmza.sk\\\/\",\"name\":\"Pova\u017esk\u00e9 m\u00fazeum\",\"description\":\"Pova\u017esk\u00e9 m\u00fazeum v \u017diline je region\u00e1lne m\u00fazeum so s\u00eddlom v Budat\u00edne. Jeho expoz\u00edcie s\u00fa zameran\u00e9 na dejiny slovensk\u00e9ho umenia, kult\u00fary a dopravy.\",\"publisher\":{\"@id\":\"https:\\\/\\\/pmza.sk\\\/#organization\"},\"potentialAction\":[{\"@type\":\"SearchAction\",\"target\":{\"@type\":\"EntryPoint\",\"urlTemplate\":\"https:\\\/\\\/pmza.sk\\\/?s={search_term_string}\"},\"query-input\":{\"@type\":\"PropertyValueSpecification\",\"valueRequired\":true,\"valueName\":\"search_term_string\"}}],\"inLanguage\":\"sk-SK\"},{\"@type\":\"Organization\",\"@id\":\"https:\\\/\\\/pmza.sk\\\/#organization\",\"name\":\"Pova\u017esk\u00e9 m\u00fazeum\",\"url\":\"https:\\\/\\\/pmza.sk\\\/\",\"logo\":{\"@type\":\"ImageObject\",\"inLanguage\":\"sk-SK\",\"@id\":\"https:\\\/\\\/pmza.sk\\\/#\\\/schema\\\/logo\\\/image\\\/\",\"url\":\"https:\\\/\\\/pmza.sk\\\/wp-content\\\/uploads\\\/2022\\\/01\\\/logo_PM_horizontal.jpg\",\"contentUrl\":\"https:\\\/\\\/pmza.sk\\\/wp-content\\\/uploads\\\/2022\\\/01\\\/logo_PM_horizontal.jpg\",\"width\":231,\"height\":142,\"caption\":\"Pova\u017esk\u00e9 m\u00fazeum\"},\"image\":{\"@id\":\"https:\\\/\\\/pmza.sk\\\/#\\\/schema\\\/logo\\\/image\\\/\"},\"sameAs\":[\"https:\\\/\\\/www.facebook.com\\\/povazskemuzeum\",\"https:\\\/\\\/www.instagram.com\\\/povazskemuzeum\\\/\"]}]}<\/script>\n<!-- \/ Yoast SEO plugin. -->","yoast_head_json":{"title":"Slovensk\u00ed drot\u00e1ri v \u010deskom v\u00fdtvarnom umen\u00ed - Pova\u017esk\u00e9 m\u00fazeum","robots":{"index":"index","follow":"follow","max-snippet":"max-snippet:-1","max-image-preview":"max-image-preview:large","max-video-preview":"max-video-preview:-1"},"canonical":"https:\/\/pmza.sk\/?product=slovenski-drotari-v-ceskom-vytvarnom-umeni","og_locale":"sk_SK","og_type":"article","og_title":"Slovensk\u00ed drot\u00e1ri v \u010deskom v\u00fdtvarnom umen\u00ed - Pova\u017esk\u00e9 m\u00fazeum","og_description":"Monika \u0160kvarnov\u00e1 Slovensk\u00ed drot\u00e1ri v \u010deskom v\u00fdtvarnom umen\u00ed Vydalo Pova\u017esk\u00e9 m\u00fazeum v\u00a0\u017diline, \u017dilina 2008, 81 str\u00e1n, farebn\u00e9 a\u00a0\u010dierno-biele fotografie, anglick\u00e9 a\u00a0nemeck\u00e9 resum\u00e9. V\u00a0porad\u00ed \u00f4sma publik\u00e1cia z\u00a0ed\u00edcie Mal\u00e1 kni\u017enica drot\u00e1ra venovan\u00e1 drot\u00e1rskej problematike textom i\u00a0bohat\u00fdmi ilustr\u00e1ciami pribli\u017euje n\u00e1met vandrovn\u00e9ho drot\u00e1ra v\u00a0tvorbe \u010desk\u00fdch maliarov a\u00a0soch\u00e1rov od za\u010diatku 19. do polovice 20. storo\u010dia. Vych\u00e1dza z\u00a0v\u00fdskumu v umeleck\u00fdch zbierok [&hellip;]","og_url":"https:\/\/pmza.sk\/?product=slovenski-drotari-v-ceskom-vytvarnom-umeni","og_site_name":"Pova\u017esk\u00e9 m\u00fazeum","article_publisher":"https:\/\/www.facebook.com\/povazskemuzeum","og_image":[{"width":313,"height":448,"url":"https:\/\/pmza.sk\/wp-content\/uploads\/2013\/11\/slovenski-drotari-v-ceskom-1.jpg","type":"image\/jpeg"}],"twitter_card":"summary_large_image","twitter_misc":{"Predpokladan\u00fd \u010das \u010d\u00edtania":"1 min\u00fata"},"schema":{"@context":"https:\/\/schema.org","@graph":[{"@type":"WebPage","@id":"https:\/\/pmza.sk\/?product=slovenski-drotari-v-ceskom-vytvarnom-umeni","url":"https:\/\/pmza.sk\/?product=slovenski-drotari-v-ceskom-vytvarnom-umeni","name":"Slovensk\u00ed drot\u00e1ri v \u010deskom v\u00fdtvarnom umen\u00ed - Pova\u017esk\u00e9 m\u00fazeum","isPartOf":{"@id":"https:\/\/pmza.sk\/#website"},"primaryImageOfPage":{"@id":"https:\/\/pmza.sk\/?product=slovenski-drotari-v-ceskom-vytvarnom-umeni#primaryimage"},"image":{"@id":"https:\/\/pmza.sk\/?product=slovenski-drotari-v-ceskom-vytvarnom-umeni#primaryimage"},"thumbnailUrl":"https:\/\/pmza.sk\/wp-content\/uploads\/2013\/11\/slovenski-drotari-v-ceskom-1.jpg","datePublished":"2008-11-26T10:29:16+00:00","breadcrumb":{"@id":"https:\/\/pmza.sk\/?product=slovenski-drotari-v-ceskom-vytvarnom-umeni#breadcrumb"},"inLanguage":"sk-SK","potentialAction":[{"@type":"ReadAction","target":["https:\/\/pmza.sk\/?product=slovenski-drotari-v-ceskom-vytvarnom-umeni"]}]},{"@type":"ImageObject","inLanguage":"sk-SK","@id":"https:\/\/pmza.sk\/?product=slovenski-drotari-v-ceskom-vytvarnom-umeni#primaryimage","url":"https:\/\/pmza.sk\/wp-content\/uploads\/2013\/11\/slovenski-drotari-v-ceskom-1.jpg","contentUrl":"https:\/\/pmza.sk\/wp-content\/uploads\/2013\/11\/slovenski-drotari-v-ceskom-1.jpg","width":313,"height":448},{"@type":"BreadcrumbList","@id":"https:\/\/pmza.sk\/?product=slovenski-drotari-v-ceskom-vytvarnom-umeni#breadcrumb","itemListElement":[{"@type":"ListItem","position":1,"name":"Domovsk\u00e1 str\u00e1nka","item":"https:\/\/pmza.sk\/"},{"@type":"ListItem","position":2,"name":"Obchod","item":"https:\/\/pmza.sk\/?page_id=7"},{"@type":"ListItem","position":3,"name":"Slovensk\u00ed drot\u00e1ri v \u010deskom v\u00fdtvarnom umen\u00ed"}]},{"@type":"WebSite","@id":"https:\/\/pmza.sk\/#website","url":"https:\/\/pmza.sk\/","name":"Pova\u017esk\u00e9 m\u00fazeum","description":"Pova\u017esk\u00e9 m\u00fazeum v \u017diline je region\u00e1lne m\u00fazeum so s\u00eddlom v Budat\u00edne. Jeho expoz\u00edcie s\u00fa zameran\u00e9 na dejiny slovensk\u00e9ho umenia, kult\u00fary a dopravy.","publisher":{"@id":"https:\/\/pmza.sk\/#organization"},"potentialAction":[{"@type":"SearchAction","target":{"@type":"EntryPoint","urlTemplate":"https:\/\/pmza.sk\/?s={search_term_string}"},"query-input":{"@type":"PropertyValueSpecification","valueRequired":true,"valueName":"search_term_string"}}],"inLanguage":"sk-SK"},{"@type":"Organization","@id":"https:\/\/pmza.sk\/#organization","name":"Pova\u017esk\u00e9 m\u00fazeum","url":"https:\/\/pmza.sk\/","logo":{"@type":"ImageObject","inLanguage":"sk-SK","@id":"https:\/\/pmza.sk\/#\/schema\/logo\/image\/","url":"https:\/\/pmza.sk\/wp-content\/uploads\/2022\/01\/logo_PM_horizontal.jpg","contentUrl":"https:\/\/pmza.sk\/wp-content\/uploads\/2022\/01\/logo_PM_horizontal.jpg","width":231,"height":142,"caption":"Pova\u017esk\u00e9 m\u00fazeum"},"image":{"@id":"https:\/\/pmza.sk\/#\/schema\/logo\/image\/"},"sameAs":["https:\/\/www.facebook.com\/povazskemuzeum","https:\/\/www.instagram.com\/povazskemuzeum\/"]}]}},"_links":{"self":[{"href":"https:\/\/pmza.sk\/index.php?rest_route=\/wp\/v2\/product\/130","targetHints":{"allow":["GET"]}}],"collection":[{"href":"https:\/\/pmza.sk\/index.php?rest_route=\/wp\/v2\/product"}],"about":[{"href":"https:\/\/pmza.sk\/index.php?rest_route=\/wp\/v2\/types\/product"}],"wp:featuredmedia":[{"embeddable":true,"href":"https:\/\/pmza.sk\/index.php?rest_route=\/wp\/v2\/media\/34101"}],"wp:attachment":[{"href":"https:\/\/pmza.sk\/index.php?rest_route=%2Fwp%2Fv2%2Fmedia&parent=130"}],"wp:term":[{"taxonomy":"product_cat","embeddable":true,"href":"https:\/\/pmza.sk\/index.php?rest_route=%2Fwp%2Fv2%2Fproduct_cat&post=130"},{"taxonomy":"product_tag","embeddable":true,"href":"https:\/\/pmza.sk\/index.php?rest_route=%2Fwp%2Fv2%2Fproduct_tag&post=130"}],"curies":[{"name":"wp","href":"https:\/\/api.w.org\/{rel}","templated":true}]}}