{"id":14389,"date":"2016-01-15T09:53:50","date_gmt":"2016-01-15T08:53:50","guid":{"rendered":"https:\/\/pmza.sk.sk\/?post_type=product&#038;p=14389"},"modified":"2022-11-07T10:14:30","modified_gmt":"2022-11-07T09:14:30","slug":"vlastivedny-zbornik-povazia-xxvii","status":"publish","type":"product","link":"https:\/\/pmza.sk\/?product=vlastivedny-zbornik-povazia-xxvii","title":{"rendered":"Vlastivedn\u00fd zborn\u00edk Pova\u017eia XXVII"},"content":{"rendered":"<p>Pova\u017esk\u00e9 m\u00fazeum v \u017diline, 2015<\/p>\n<p>rozmery: 16 x 23,5 cm<br \/>po\u010det str\u00e1n: 160<\/p>\n<p><strong>Obsah:\u00a0<\/strong><br \/>Gabriel Fusek &#8211; Andrea Slan\u00e1: Nov\u00e9 poznatky z prieskumu hradiska Ve\u013ek\u00fd vrch pri Divinke<br \/>Zuzana Stanekov\u00e1: Nepublikovan\u00e9 n\u00e1lezy z hradiska Stran\u00edk v \u017diline-Z\u00e1stran\u00ed<br \/>M\u00e1rio Bielich: Spr\u00e1va o archeologickom v\u00fdskume na Hri\u010dovskom hrade v roku 2012<br \/>Samuel \u0160panihel: Ben\u00e1tske berretino z hradu Stre\u010dno<br \/>Vladim\u00edr R\u00e1bik: Rosina v stredoveku<br \/>Peter \u0160imko: Cestn\u00e1 doprava na Hornom Pova\u017e\u00ed v stredoveku<br \/>Martina Bern\u00e1tov\u00e1: Peter a Mikul\u00e1\u0161 Kostkovci zo Sedl\u00edc, ich p\u00f4vod a erb<br \/>Drahom\u00edr Veli\u010dka: Pozn\u00e1mky k v\u00fdvoju pe\u010dat\u00ed obc\u00ed severoz\u00e1padn\u00e9ho Slovenska<br \/>Katar\u00edna Kendrov\u00e1: J\u00e1no\u0161\u00edkovsk\u00e1 trad\u00edcia vo v\u00fdtvarnom prejave slovensk\u00e9ho \u013eudu a neprofesion\u00e1lnych umelcov<br \/>Jana Adamusov\u00e1: Tragick\u00e1 smr\u0165 drot\u00e1ra Gallika a jej odraz v umen\u00ed<br \/>Vikt\u00f3ria Urbanov\u00e1: Rastlinstvo v okol\u00ed Vodnej n\u00e1dr\u017ee Hri\u010dov<\/p>\n<p>&nbsp;<\/p>\n","protected":false},"excerpt":{"rendered":"<p>Pova\u017esk\u00e9 m\u00fazeum v \u017diline, 2015 rozmery: 16 x 23,5 cmpo\u010det str\u00e1n: 160 Obsah:\u00a0Gabriel Fusek &#8211; Andrea Slan\u00e1: Nov\u00e9 poznatky z prieskumu hradiska Ve\u013ek\u00fd vrch pri DivinkeZuzana Stanekov\u00e1: Nepublikovan\u00e9 n\u00e1lezy z hradiska Stran\u00edk v \u017diline-Z\u00e1stran\u00edM\u00e1rio Bielich: Spr\u00e1va o archeologickom v\u00fdskume na Hri\u010dovskom hrade v roku 2012Samuel \u0160panihel: Ben\u00e1tske berretino z hradu Stre\u010dnoVladim\u00edr R\u00e1bik: Rosina v stredovekuPeter [&hellip;]<\/p>\n","protected":false},"featured_media":34106,"template":"","meta":{"site-sidebar-layout":"default","site-content-layout":"","ast-site-content-layout":"","site-content-style":"default","site-sidebar-style":"default","ast-global-header-display":"","ast-banner-title-visibility":"","ast-main-header-display":"","ast-hfb-above-header-display":"","ast-hfb-below-header-display":"","ast-hfb-mobile-header-display":"","site-post-title":"","ast-breadcrumbs-content":"","ast-featured-img":"","footer-sml-layout":"","theme-transparent-header-meta":"","adv-header-id-meta":"","stick-header-meta":"","header-above-stick-meta":"","header-main-stick-meta":"","header-below-stick-meta":"","astra-migrate-meta-layouts":"default","ast-page-background-enabled":"default","ast-page-background-meta":{"desktop":{"background-color":"var(--ast-global-color-4)","background-image":"","background-repeat":"repeat","background-position":"center center","background-size":"auto","background-attachment":"scroll","background-type":"","background-media":"","overlay-type":"","overlay-color":"","overlay-opacity":"","overlay-gradient":""},"tablet":{"background-color":"","background-image":"","background-repeat":"repeat","background-position":"center center","background-size":"auto","background-attachment":"scroll","background-type":"","background-media":"","overlay-type":"","overlay-color":"","overlay-opacity":"","overlay-gradient":""},"mobile":{"background-color":"","background-image":"","background-repeat":"repeat","background-position":"center center","background-size":"auto","background-attachment":"scroll","background-type":"","background-media":"","overlay-type":"","overlay-color":"","overlay-opacity":"","overlay-gradient":""}},"ast-content-background-meta":{"desktop":{"background-color":"var(--ast-global-color-5)","background-image":"","background-repeat":"repeat","background-position":"center center","background-size":"auto","background-attachment":"scroll","background-type":"","background-media":"","overlay-type":"","overlay-color":"","overlay-opacity":"","overlay-gradient":""},"tablet":{"background-color":"var(--ast-global-color-5)","background-image":"","background-repeat":"repeat","background-position":"center center","background-size":"auto","background-attachment":"scroll","background-type":"","background-media":"","overlay-type":"","overlay-color":"","overlay-opacity":"","overlay-gradient":""},"mobile":{"background-color":"var(--ast-global-color-5)","background-image":"","background-repeat":"repeat","background-position":"center center","background-size":"auto","background-attachment":"scroll","background-type":"","background-media":"","overlay-type":"","overlay-color":"","overlay-opacity":"","overlay-gradient":""}}},"product_cat":[22],"product_tag":[],"class_list":{"0":"post-14389","1":"product","2":"type-product","3":"status-publish","4":"has-post-thumbnail","6":"product_cat-vlastivedny-zbornik-povazia","7":"desktop-align-left","8":"tablet-align-left","9":"mobile-align-left","10":"ast-product-gallery-layout-horizontal-slider","11":"ast-product-gallery-with-no-image","12":"ast-magnify-disabled","13":"ast-product-tabs-layout-horizontal","15":"first","16":"instock","17":"shipping-taxable","18":"purchasable","19":"product-type-simple"},"yoast_head":"<!-- This site is optimized with the Yoast SEO plugin v27.4 - https:\/\/yoast.com\/product\/yoast-seo-wordpress\/ -->\n<title>Vlastivedn\u00fd zborn\u00edk Pova\u017eia XXVII - Pova\u017esk\u00e9 m\u00fazeum<\/title>\n<meta name=\"robots\" content=\"index, follow, max-snippet:-1, max-image-preview:large, max-video-preview:-1\" \/>\n<link rel=\"canonical\" href=\"https:\/\/pmza.sk\/?product=vlastivedny-zbornik-povazia-xxvii\" \/>\n<meta property=\"og:locale\" content=\"sk_SK\" \/>\n<meta property=\"og:type\" content=\"article\" \/>\n<meta property=\"og:title\" content=\"Vlastivedn\u00fd zborn\u00edk Pova\u017eia XXVII - Pova\u017esk\u00e9 m\u00fazeum\" \/>\n<meta property=\"og:description\" content=\"Pova\u017esk\u00e9 m\u00fazeum v \u017diline, 2015 rozmery: 16 x 23,5 cmpo\u010det str\u00e1n: 160 Obsah:\u00a0Gabriel Fusek &#8211; Andrea Slan\u00e1: Nov\u00e9 poznatky z prieskumu hradiska Ve\u013ek\u00fd vrch pri DivinkeZuzana Stanekov\u00e1: Nepublikovan\u00e9 n\u00e1lezy z hradiska Stran\u00edk v \u017diline-Z\u00e1stran\u00edM\u00e1rio Bielich: Spr\u00e1va o archeologickom v\u00fdskume na Hri\u010dovskom hrade v roku 2012Samuel \u0160panihel: Ben\u00e1tske berretino z hradu Stre\u010dnoVladim\u00edr R\u00e1bik: Rosina v stredovekuPeter [&hellip;]\" \/>\n<meta property=\"og:url\" content=\"https:\/\/pmza.sk\/?product=vlastivedny-zbornik-povazia-xxvii\" \/>\n<meta property=\"og:site_name\" content=\"Pova\u017esk\u00e9 m\u00fazeum\" \/>\n<meta property=\"article:publisher\" content=\"https:\/\/www.facebook.com\/povazskemuzeum\" \/>\n<meta property=\"article:modified_time\" content=\"2022-11-07T09:14:30+00:00\" \/>\n<meta property=\"og:image\" content=\"https:\/\/pmza.sk\/wp-content\/uploads\/2016\/01\/img662-1.jpg\" \/>\n\t<meta property=\"og:image:width\" content=\"537\" \/>\n\t<meta property=\"og:image:height\" content=\"800\" \/>\n\t<meta property=\"og:image:type\" content=\"image\/jpeg\" \/>\n<meta name=\"twitter:card\" content=\"summary_large_image\" \/>\n<meta name=\"twitter:label1\" content=\"Predpokladan\u00fd \u010das \u010d\u00edtania\" \/>\n\t<meta name=\"twitter:data1\" content=\"1 min\u00fata\" \/>\n<script type=\"application\/ld+json\" class=\"yoast-schema-graph\">{\"@context\":\"https:\\\/\\\/schema.org\",\"@graph\":[{\"@type\":\"WebPage\",\"@id\":\"https:\\\/\\\/pmza.sk\\\/?product=vlastivedny-zbornik-povazia-xxvii\",\"url\":\"https:\\\/\\\/pmza.sk\\\/?product=vlastivedny-zbornik-povazia-xxvii\",\"name\":\"Vlastivedn\u00fd zborn\u00edk Pova\u017eia XXVII - Pova\u017esk\u00e9 m\u00fazeum\",\"isPartOf\":{\"@id\":\"https:\\\/\\\/pmza.sk\\\/#website\"},\"primaryImageOfPage\":{\"@id\":\"https:\\\/\\\/pmza.sk\\\/?product=vlastivedny-zbornik-povazia-xxvii#primaryimage\"},\"image\":{\"@id\":\"https:\\\/\\\/pmza.sk\\\/?product=vlastivedny-zbornik-povazia-xxvii#primaryimage\"},\"thumbnailUrl\":\"https:\\\/\\\/pmza.sk\\\/wp-content\\\/uploads\\\/2016\\\/01\\\/img662-1.jpg\",\"datePublished\":\"2016-01-15T08:53:50+00:00\",\"dateModified\":\"2022-11-07T09:14:30+00:00\",\"breadcrumb\":{\"@id\":\"https:\\\/\\\/pmza.sk\\\/?product=vlastivedny-zbornik-povazia-xxvii#breadcrumb\"},\"inLanguage\":\"sk-SK\",\"potentialAction\":[{\"@type\":\"ReadAction\",\"target\":[\"https:\\\/\\\/pmza.sk\\\/?product=vlastivedny-zbornik-povazia-xxvii\"]}]},{\"@type\":\"ImageObject\",\"inLanguage\":\"sk-SK\",\"@id\":\"https:\\\/\\\/pmza.sk\\\/?product=vlastivedny-zbornik-povazia-xxvii#primaryimage\",\"url\":\"https:\\\/\\\/pmza.sk\\\/wp-content\\\/uploads\\\/2016\\\/01\\\/img662-1.jpg\",\"contentUrl\":\"https:\\\/\\\/pmza.sk\\\/wp-content\\\/uploads\\\/2016\\\/01\\\/img662-1.jpg\",\"width\":537,\"height\":800},{\"@type\":\"BreadcrumbList\",\"@id\":\"https:\\\/\\\/pmza.sk\\\/?product=vlastivedny-zbornik-povazia-xxvii#breadcrumb\",\"itemListElement\":[{\"@type\":\"ListItem\",\"position\":1,\"name\":\"Domovsk\u00e1 str\u00e1nka\",\"item\":\"https:\\\/\\\/pmza.sk\\\/\"},{\"@type\":\"ListItem\",\"position\":2,\"name\":\"Obchod\",\"item\":\"https:\\\/\\\/pmza.sk\\\/?page_id=7\"},{\"@type\":\"ListItem\",\"position\":3,\"name\":\"Vlastivedn\u00fd zborn\u00edk Pova\u017eia XXVII\"}]},{\"@type\":\"WebSite\",\"@id\":\"https:\\\/\\\/pmza.sk\\\/#website\",\"url\":\"https:\\\/\\\/pmza.sk\\\/\",\"name\":\"Pova\u017esk\u00e9 m\u00fazeum\",\"description\":\"Pova\u017esk\u00e9 m\u00fazeum v \u017diline je region\u00e1lne m\u00fazeum so s\u00eddlom v Budat\u00edne. Jeho expoz\u00edcie s\u00fa zameran\u00e9 na dejiny slovensk\u00e9ho umenia, kult\u00fary a dopravy.\",\"publisher\":{\"@id\":\"https:\\\/\\\/pmza.sk\\\/#organization\"},\"potentialAction\":[{\"@type\":\"SearchAction\",\"target\":{\"@type\":\"EntryPoint\",\"urlTemplate\":\"https:\\\/\\\/pmza.sk\\\/?s={search_term_string}\"},\"query-input\":{\"@type\":\"PropertyValueSpecification\",\"valueRequired\":true,\"valueName\":\"search_term_string\"}}],\"inLanguage\":\"sk-SK\"},{\"@type\":\"Organization\",\"@id\":\"https:\\\/\\\/pmza.sk\\\/#organization\",\"name\":\"Pova\u017esk\u00e9 m\u00fazeum\",\"url\":\"https:\\\/\\\/pmza.sk\\\/\",\"logo\":{\"@type\":\"ImageObject\",\"inLanguage\":\"sk-SK\",\"@id\":\"https:\\\/\\\/pmza.sk\\\/#\\\/schema\\\/logo\\\/image\\\/\",\"url\":\"https:\\\/\\\/pmza.sk\\\/wp-content\\\/uploads\\\/2022\\\/01\\\/logo_PM_horizontal.jpg\",\"contentUrl\":\"https:\\\/\\\/pmza.sk\\\/wp-content\\\/uploads\\\/2022\\\/01\\\/logo_PM_horizontal.jpg\",\"width\":231,\"height\":142,\"caption\":\"Pova\u017esk\u00e9 m\u00fazeum\"},\"image\":{\"@id\":\"https:\\\/\\\/pmza.sk\\\/#\\\/schema\\\/logo\\\/image\\\/\"},\"sameAs\":[\"https:\\\/\\\/www.facebook.com\\\/povazskemuzeum\",\"https:\\\/\\\/www.instagram.com\\\/povazskemuzeum\\\/\"]}]}<\/script>\n<!-- \/ Yoast SEO plugin. -->","yoast_head_json":{"title":"Vlastivedn\u00fd zborn\u00edk Pova\u017eia XXVII - Pova\u017esk\u00e9 m\u00fazeum","robots":{"index":"index","follow":"follow","max-snippet":"max-snippet:-1","max-image-preview":"max-image-preview:large","max-video-preview":"max-video-preview:-1"},"canonical":"https:\/\/pmza.sk\/?product=vlastivedny-zbornik-povazia-xxvii","og_locale":"sk_SK","og_type":"article","og_title":"Vlastivedn\u00fd zborn\u00edk Pova\u017eia XXVII - Pova\u017esk\u00e9 m\u00fazeum","og_description":"Pova\u017esk\u00e9 m\u00fazeum v \u017diline, 2015 rozmery: 16 x 23,5 cmpo\u010det str\u00e1n: 160 Obsah:\u00a0Gabriel Fusek &#8211; Andrea Slan\u00e1: Nov\u00e9 poznatky z prieskumu hradiska Ve\u013ek\u00fd vrch pri DivinkeZuzana Stanekov\u00e1: Nepublikovan\u00e9 n\u00e1lezy z hradiska Stran\u00edk v \u017diline-Z\u00e1stran\u00edM\u00e1rio Bielich: Spr\u00e1va o archeologickom v\u00fdskume na Hri\u010dovskom hrade v roku 2012Samuel \u0160panihel: Ben\u00e1tske berretino z hradu Stre\u010dnoVladim\u00edr R\u00e1bik: Rosina v stredovekuPeter [&hellip;]","og_url":"https:\/\/pmza.sk\/?product=vlastivedny-zbornik-povazia-xxvii","og_site_name":"Pova\u017esk\u00e9 m\u00fazeum","article_publisher":"https:\/\/www.facebook.com\/povazskemuzeum","article_modified_time":"2022-11-07T09:14:30+00:00","og_image":[{"width":537,"height":800,"url":"https:\/\/pmza.sk\/wp-content\/uploads\/2016\/01\/img662-1.jpg","type":"image\/jpeg"}],"twitter_card":"summary_large_image","twitter_misc":{"Predpokladan\u00fd \u010das \u010d\u00edtania":"1 min\u00fata"},"schema":{"@context":"https:\/\/schema.org","@graph":[{"@type":"WebPage","@id":"https:\/\/pmza.sk\/?product=vlastivedny-zbornik-povazia-xxvii","url":"https:\/\/pmza.sk\/?product=vlastivedny-zbornik-povazia-xxvii","name":"Vlastivedn\u00fd zborn\u00edk Pova\u017eia XXVII - Pova\u017esk\u00e9 m\u00fazeum","isPartOf":{"@id":"https:\/\/pmza.sk\/#website"},"primaryImageOfPage":{"@id":"https:\/\/pmza.sk\/?product=vlastivedny-zbornik-povazia-xxvii#primaryimage"},"image":{"@id":"https:\/\/pmza.sk\/?product=vlastivedny-zbornik-povazia-xxvii#primaryimage"},"thumbnailUrl":"https:\/\/pmza.sk\/wp-content\/uploads\/2016\/01\/img662-1.jpg","datePublished":"2016-01-15T08:53:50+00:00","dateModified":"2022-11-07T09:14:30+00:00","breadcrumb":{"@id":"https:\/\/pmza.sk\/?product=vlastivedny-zbornik-povazia-xxvii#breadcrumb"},"inLanguage":"sk-SK","potentialAction":[{"@type":"ReadAction","target":["https:\/\/pmza.sk\/?product=vlastivedny-zbornik-povazia-xxvii"]}]},{"@type":"ImageObject","inLanguage":"sk-SK","@id":"https:\/\/pmza.sk\/?product=vlastivedny-zbornik-povazia-xxvii#primaryimage","url":"https:\/\/pmza.sk\/wp-content\/uploads\/2016\/01\/img662-1.jpg","contentUrl":"https:\/\/pmza.sk\/wp-content\/uploads\/2016\/01\/img662-1.jpg","width":537,"height":800},{"@type":"BreadcrumbList","@id":"https:\/\/pmza.sk\/?product=vlastivedny-zbornik-povazia-xxvii#breadcrumb","itemListElement":[{"@type":"ListItem","position":1,"name":"Domovsk\u00e1 str\u00e1nka","item":"https:\/\/pmza.sk\/"},{"@type":"ListItem","position":2,"name":"Obchod","item":"https:\/\/pmza.sk\/?page_id=7"},{"@type":"ListItem","position":3,"name":"Vlastivedn\u00fd zborn\u00edk Pova\u017eia XXVII"}]},{"@type":"WebSite","@id":"https:\/\/pmza.sk\/#website","url":"https:\/\/pmza.sk\/","name":"Pova\u017esk\u00e9 m\u00fazeum","description":"Pova\u017esk\u00e9 m\u00fazeum v \u017diline je region\u00e1lne m\u00fazeum so s\u00eddlom v Budat\u00edne. Jeho expoz\u00edcie s\u00fa zameran\u00e9 na dejiny slovensk\u00e9ho umenia, kult\u00fary a dopravy.","publisher":{"@id":"https:\/\/pmza.sk\/#organization"},"potentialAction":[{"@type":"SearchAction","target":{"@type":"EntryPoint","urlTemplate":"https:\/\/pmza.sk\/?s={search_term_string}"},"query-input":{"@type":"PropertyValueSpecification","valueRequired":true,"valueName":"search_term_string"}}],"inLanguage":"sk-SK"},{"@type":"Organization","@id":"https:\/\/pmza.sk\/#organization","name":"Pova\u017esk\u00e9 m\u00fazeum","url":"https:\/\/pmza.sk\/","logo":{"@type":"ImageObject","inLanguage":"sk-SK","@id":"https:\/\/pmza.sk\/#\/schema\/logo\/image\/","url":"https:\/\/pmza.sk\/wp-content\/uploads\/2022\/01\/logo_PM_horizontal.jpg","contentUrl":"https:\/\/pmza.sk\/wp-content\/uploads\/2022\/01\/logo_PM_horizontal.jpg","width":231,"height":142,"caption":"Pova\u017esk\u00e9 m\u00fazeum"},"image":{"@id":"https:\/\/pmza.sk\/#\/schema\/logo\/image\/"},"sameAs":["https:\/\/www.facebook.com\/povazskemuzeum","https:\/\/www.instagram.com\/povazskemuzeum\/"]}]}},"_links":{"self":[{"href":"https:\/\/pmza.sk\/index.php?rest_route=\/wp\/v2\/product\/14389","targetHints":{"allow":["GET"]}}],"collection":[{"href":"https:\/\/pmza.sk\/index.php?rest_route=\/wp\/v2\/product"}],"about":[{"href":"https:\/\/pmza.sk\/index.php?rest_route=\/wp\/v2\/types\/product"}],"wp:featuredmedia":[{"embeddable":true,"href":"https:\/\/pmza.sk\/index.php?rest_route=\/wp\/v2\/media\/34106"}],"wp:attachment":[{"href":"https:\/\/pmza.sk\/index.php?rest_route=%2Fwp%2Fv2%2Fmedia&parent=14389"}],"wp:term":[{"taxonomy":"product_cat","embeddable":true,"href":"https:\/\/pmza.sk\/index.php?rest_route=%2Fwp%2Fv2%2Fproduct_cat&post=14389"},{"taxonomy":"product_tag","embeddable":true,"href":"https:\/\/pmza.sk\/index.php?rest_route=%2Fwp%2Fv2%2Fproduct_tag&post=14389"}],"curies":[{"name":"wp","href":"https:\/\/api.w.org\/{rel}","templated":true}]}}