{"id":320,"date":"2015-06-26T13:01:47","date_gmt":"2015-06-26T11:01:47","guid":{"rendered":"https:\/\/pmza.sk.sk\/pl\/?post_type=product&#038;p=320"},"modified":"2022-11-07T10:13:41","modified_gmt":"2022-11-07T09:13:41","slug":"ked-fajka-zhasla","status":"publish","type":"product","link":"https:\/\/pmza.sk\/?product=ked-fajka-zhasla","title":{"rendered":"Ke\u010f fajka zhasla"},"content":{"rendered":"<p>Katar\u00edna Hallonov\u00e1 <br \/><strong>Ke\u010f fajka zhasla<\/strong><\/p>\n<p>Vydavate\u013e: Pova\u017esk\u00e9 m\u00fazeum v \u017diline, 2015 <br \/>rozmery: 21 x 21 cm, <br \/>po\u010det str\u00e1n: 208 <br \/>bro\u017eovan\u00e1 v\u00e4zba, tenk\u00fd kriedov\u00fd papier<\/p>\n<p>Projekt Ke\u010f fajka zhasla je zav\u0155\u0161en\u00edm vedecko-v\u00fdskumnej \u00falohy zacielenej na doteraz nespracovan\u00fa t\u00e9mu vyu\u017eitia drot\u00e1rstva pri oprav\u00e1ch fajok a v\u00fdrobe faj\u010diarskych potrieb. V\u00fdstupom je publik\u00e1cia s celoslovensk\u00fdm z\u00e1berom, ktor\u00e1 po prv\u00fdkr\u00e1t otvor\u00ed dan\u00fa problematiku z h\u013eadiska hist\u00f3rie, materi\u00e1lnych prejavov i terminol\u00f3gie. Mapuje tie\u017e faj\u010diarske potreby opravovan\u00e9, alebo zhotoven\u00e9 drot\u00e1rskymi technikami, dochovan\u00e9 v muze\u00e1lnych i s\u00fakromn\u00fdch zbierkach na Slovensku s amb\u00edciou prispie\u0165 tak k hlb\u0161iemu poznaniu hist\u00f3rie fajk\u00e1rskeho i drot\u00e1rskeho remesla. Autorkou je histori\u010dka drot\u00e1rstva Katar\u00edna Hallonov\u00e1.<\/p>\n","protected":false},"excerpt":{"rendered":"<p>Katar\u00edna Hallonov\u00e1 Ke\u010f fajka zhasla Vydavate\u013e: Pova\u017esk\u00e9 m\u00fazeum v \u017diline, 2015 rozmery: 21 x 21 cm, po\u010det str\u00e1n: 208 bro\u017eovan\u00e1 v\u00e4zba, tenk\u00fd kriedov\u00fd papier Projekt Ke\u010f fajka zhasla je zav\u0155\u0161en\u00edm vedecko-v\u00fdskumnej \u00falohy zacielenej na doteraz nespracovan\u00fa t\u00e9mu vyu\u017eitia drot\u00e1rstva pri oprav\u00e1ch fajok a v\u00fdrobe faj\u010diarskych potrieb. V\u00fdstupom je publik\u00e1cia s celoslovensk\u00fdm z\u00e1berom, ktor\u00e1 po prv\u00fdkr\u00e1t [&hellip;]<\/p>\n","protected":false},"featured_media":34068,"template":"","meta":{"site-sidebar-layout":"default","site-content-layout":"","ast-site-content-layout":"","site-content-style":"default","site-sidebar-style":"default","ast-global-header-display":"","ast-banner-title-visibility":"","ast-main-header-display":"","ast-hfb-above-header-display":"","ast-hfb-below-header-display":"","ast-hfb-mobile-header-display":"","site-post-title":"","ast-breadcrumbs-content":"","ast-featured-img":"","footer-sml-layout":"","theme-transparent-header-meta":"","adv-header-id-meta":"","stick-header-meta":"","header-above-stick-meta":"","header-main-stick-meta":"","header-below-stick-meta":"","astra-migrate-meta-layouts":"default","ast-page-background-enabled":"default","ast-page-background-meta":{"desktop":{"background-color":"var(--ast-global-color-4)","background-image":"","background-repeat":"repeat","background-position":"center center","background-size":"auto","background-attachment":"scroll","background-type":"","background-media":"","overlay-type":"","overlay-color":"","overlay-opacity":"","overlay-gradient":""},"tablet":{"background-color":"","background-image":"","background-repeat":"repeat","background-position":"center center","background-size":"auto","background-attachment":"scroll","background-type":"","background-media":"","overlay-type":"","overlay-color":"","overlay-opacity":"","overlay-gradient":""},"mobile":{"background-color":"","background-image":"","background-repeat":"repeat","background-position":"center center","background-size":"auto","background-attachment":"scroll","background-type":"","background-media":"","overlay-type":"","overlay-color":"","overlay-opacity":"","overlay-gradient":""}},"ast-content-background-meta":{"desktop":{"background-color":"var(--ast-global-color-5)","background-image":"","background-repeat":"repeat","background-position":"center center","background-size":"auto","background-attachment":"scroll","background-type":"","background-media":"","overlay-type":"","overlay-color":"","overlay-opacity":"","overlay-gradient":""},"tablet":{"background-color":"var(--ast-global-color-5)","background-image":"","background-repeat":"repeat","background-position":"center center","background-size":"auto","background-attachment":"scroll","background-type":"","background-media":"","overlay-type":"","overlay-color":"","overlay-opacity":"","overlay-gradient":""},"mobile":{"background-color":"var(--ast-global-color-5)","background-image":"","background-repeat":"repeat","background-position":"center center","background-size":"auto","background-attachment":"scroll","background-type":"","background-media":"","overlay-type":"","overlay-color":"","overlay-opacity":"","overlay-gradient":""}}},"product_cat":[17],"product_tag":[],"class_list":{"0":"post-320","1":"product","2":"type-product","3":"status-publish","4":"has-post-thumbnail","6":"product_cat-edicia-mala-kniznica-drotara","7":"desktop-align-left","8":"tablet-align-left","9":"mobile-align-left","10":"ast-product-gallery-layout-horizontal-slider","11":"ast-product-gallery-with-no-image","12":"ast-magnify-disabled","13":"ast-product-tabs-layout-horizontal","15":"first","16":"instock","17":"sale","18":"shipping-taxable","19":"purchasable","20":"product-type-simple"},"yoast_head":"<!-- This site is optimized with the Yoast SEO plugin v27.4 - https:\/\/yoast.com\/product\/yoast-seo-wordpress\/ -->\n<title>Ke\u010f fajka zhasla - Pova\u017esk\u00e9 m\u00fazeum<\/title>\n<meta name=\"robots\" content=\"index, follow, max-snippet:-1, max-image-preview:large, max-video-preview:-1\" \/>\n<link rel=\"canonical\" href=\"https:\/\/pmza.sk\/?product=ked-fajka-zhasla\" \/>\n<meta property=\"og:locale\" content=\"sk_SK\" \/>\n<meta property=\"og:type\" content=\"article\" \/>\n<meta property=\"og:title\" content=\"Ke\u010f fajka zhasla - Pova\u017esk\u00e9 m\u00fazeum\" \/>\n<meta property=\"og:description\" content=\"Katar\u00edna Hallonov\u00e1 Ke\u010f fajka zhasla Vydavate\u013e: Pova\u017esk\u00e9 m\u00fazeum v \u017diline, 2015 rozmery: 21 x 21 cm, po\u010det str\u00e1n: 208 bro\u017eovan\u00e1 v\u00e4zba, tenk\u00fd kriedov\u00fd papier Projekt Ke\u010f fajka zhasla je zav\u0155\u0161en\u00edm vedecko-v\u00fdskumnej \u00falohy zacielenej na doteraz nespracovan\u00fa t\u00e9mu vyu\u017eitia drot\u00e1rstva pri oprav\u00e1ch fajok a v\u00fdrobe faj\u010diarskych potrieb. V\u00fdstupom je publik\u00e1cia s celoslovensk\u00fdm z\u00e1berom, ktor\u00e1 po prv\u00fdkr\u00e1t [&hellip;]\" \/>\n<meta property=\"og:url\" content=\"https:\/\/pmza.sk\/?product=ked-fajka-zhasla\" \/>\n<meta property=\"og:site_name\" content=\"Pova\u017esk\u00e9 m\u00fazeum\" \/>\n<meta property=\"article:publisher\" content=\"https:\/\/www.facebook.com\/povazskemuzeum\" \/>\n<meta property=\"article:modified_time\" content=\"2022-11-07T09:13:41+00:00\" \/>\n<meta property=\"og:image\" content=\"https:\/\/pmza.sk\/wp-content\/uploads\/2015\/06\/img590-1.jpg\" \/>\n\t<meta property=\"og:image:width\" content=\"768\" \/>\n\t<meta property=\"og:image:height\" content=\"782\" \/>\n\t<meta property=\"og:image:type\" content=\"image\/jpeg\" \/>\n<meta name=\"twitter:card\" content=\"summary_large_image\" \/>\n<meta name=\"twitter:label1\" content=\"Predpokladan\u00fd \u010das \u010d\u00edtania\" \/>\n\t<meta name=\"twitter:data1\" content=\"1 min\u00fata\" \/>\n<script type=\"application\/ld+json\" class=\"yoast-schema-graph\">{\"@context\":\"https:\\\/\\\/schema.org\",\"@graph\":[{\"@type\":\"WebPage\",\"@id\":\"https:\\\/\\\/pmza.sk\\\/?product=ked-fajka-zhasla\",\"url\":\"https:\\\/\\\/pmza.sk\\\/?product=ked-fajka-zhasla\",\"name\":\"Ke\u010f fajka zhasla - Pova\u017esk\u00e9 m\u00fazeum\",\"isPartOf\":{\"@id\":\"https:\\\/\\\/pmza.sk\\\/#website\"},\"primaryImageOfPage\":{\"@id\":\"https:\\\/\\\/pmza.sk\\\/?product=ked-fajka-zhasla#primaryimage\"},\"image\":{\"@id\":\"https:\\\/\\\/pmza.sk\\\/?product=ked-fajka-zhasla#primaryimage\"},\"thumbnailUrl\":\"https:\\\/\\\/pmza.sk\\\/wp-content\\\/uploads\\\/2015\\\/06\\\/img590-1.jpg\",\"datePublished\":\"2015-06-26T11:01:47+00:00\",\"dateModified\":\"2022-11-07T09:13:41+00:00\",\"breadcrumb\":{\"@id\":\"https:\\\/\\\/pmza.sk\\\/?product=ked-fajka-zhasla#breadcrumb\"},\"inLanguage\":\"sk-SK\",\"potentialAction\":[{\"@type\":\"ReadAction\",\"target\":[\"https:\\\/\\\/pmza.sk\\\/?product=ked-fajka-zhasla\"]}]},{\"@type\":\"ImageObject\",\"inLanguage\":\"sk-SK\",\"@id\":\"https:\\\/\\\/pmza.sk\\\/?product=ked-fajka-zhasla#primaryimage\",\"url\":\"https:\\\/\\\/pmza.sk\\\/wp-content\\\/uploads\\\/2015\\\/06\\\/img590-1.jpg\",\"contentUrl\":\"https:\\\/\\\/pmza.sk\\\/wp-content\\\/uploads\\\/2015\\\/06\\\/img590-1.jpg\",\"width\":768,\"height\":782},{\"@type\":\"BreadcrumbList\",\"@id\":\"https:\\\/\\\/pmza.sk\\\/?product=ked-fajka-zhasla#breadcrumb\",\"itemListElement\":[{\"@type\":\"ListItem\",\"position\":1,\"name\":\"Domovsk\u00e1 str\u00e1nka\",\"item\":\"https:\\\/\\\/pmza.sk\\\/\"},{\"@type\":\"ListItem\",\"position\":2,\"name\":\"Obchod\",\"item\":\"https:\\\/\\\/pmza.sk\\\/?page_id=7\"},{\"@type\":\"ListItem\",\"position\":3,\"name\":\"Ke\u010f fajka zhasla\"}]},{\"@type\":\"WebSite\",\"@id\":\"https:\\\/\\\/pmza.sk\\\/#website\",\"url\":\"https:\\\/\\\/pmza.sk\\\/\",\"name\":\"Pova\u017esk\u00e9 m\u00fazeum\",\"description\":\"Pova\u017esk\u00e9 m\u00fazeum v \u017diline je region\u00e1lne m\u00fazeum so s\u00eddlom v Budat\u00edne. Jeho expoz\u00edcie s\u00fa zameran\u00e9 na dejiny slovensk\u00e9ho umenia, kult\u00fary a dopravy.\",\"publisher\":{\"@id\":\"https:\\\/\\\/pmza.sk\\\/#organization\"},\"potentialAction\":[{\"@type\":\"SearchAction\",\"target\":{\"@type\":\"EntryPoint\",\"urlTemplate\":\"https:\\\/\\\/pmza.sk\\\/?s={search_term_string}\"},\"query-input\":{\"@type\":\"PropertyValueSpecification\",\"valueRequired\":true,\"valueName\":\"search_term_string\"}}],\"inLanguage\":\"sk-SK\"},{\"@type\":\"Organization\",\"@id\":\"https:\\\/\\\/pmza.sk\\\/#organization\",\"name\":\"Pova\u017esk\u00e9 m\u00fazeum\",\"url\":\"https:\\\/\\\/pmza.sk\\\/\",\"logo\":{\"@type\":\"ImageObject\",\"inLanguage\":\"sk-SK\",\"@id\":\"https:\\\/\\\/pmza.sk\\\/#\\\/schema\\\/logo\\\/image\\\/\",\"url\":\"https:\\\/\\\/pmza.sk\\\/wp-content\\\/uploads\\\/2022\\\/01\\\/logo_PM_horizontal.jpg\",\"contentUrl\":\"https:\\\/\\\/pmza.sk\\\/wp-content\\\/uploads\\\/2022\\\/01\\\/logo_PM_horizontal.jpg\",\"width\":231,\"height\":142,\"caption\":\"Pova\u017esk\u00e9 m\u00fazeum\"},\"image\":{\"@id\":\"https:\\\/\\\/pmza.sk\\\/#\\\/schema\\\/logo\\\/image\\\/\"},\"sameAs\":[\"https:\\\/\\\/www.facebook.com\\\/povazskemuzeum\",\"https:\\\/\\\/www.instagram.com\\\/povazskemuzeum\\\/\"]}]}<\/script>\n<!-- \/ Yoast SEO plugin. -->","yoast_head_json":{"title":"Ke\u010f fajka zhasla - Pova\u017esk\u00e9 m\u00fazeum","robots":{"index":"index","follow":"follow","max-snippet":"max-snippet:-1","max-image-preview":"max-image-preview:large","max-video-preview":"max-video-preview:-1"},"canonical":"https:\/\/pmza.sk\/?product=ked-fajka-zhasla","og_locale":"sk_SK","og_type":"article","og_title":"Ke\u010f fajka zhasla - Pova\u017esk\u00e9 m\u00fazeum","og_description":"Katar\u00edna Hallonov\u00e1 Ke\u010f fajka zhasla Vydavate\u013e: Pova\u017esk\u00e9 m\u00fazeum v \u017diline, 2015 rozmery: 21 x 21 cm, po\u010det str\u00e1n: 208 bro\u017eovan\u00e1 v\u00e4zba, tenk\u00fd kriedov\u00fd papier Projekt Ke\u010f fajka zhasla je zav\u0155\u0161en\u00edm vedecko-v\u00fdskumnej \u00falohy zacielenej na doteraz nespracovan\u00fa t\u00e9mu vyu\u017eitia drot\u00e1rstva pri oprav\u00e1ch fajok a v\u00fdrobe faj\u010diarskych potrieb. V\u00fdstupom je publik\u00e1cia s celoslovensk\u00fdm z\u00e1berom, ktor\u00e1 po prv\u00fdkr\u00e1t [&hellip;]","og_url":"https:\/\/pmza.sk\/?product=ked-fajka-zhasla","og_site_name":"Pova\u017esk\u00e9 m\u00fazeum","article_publisher":"https:\/\/www.facebook.com\/povazskemuzeum","article_modified_time":"2022-11-07T09:13:41+00:00","og_image":[{"width":768,"height":782,"url":"https:\/\/pmza.sk\/wp-content\/uploads\/2015\/06\/img590-1.jpg","type":"image\/jpeg"}],"twitter_card":"summary_large_image","twitter_misc":{"Predpokladan\u00fd \u010das \u010d\u00edtania":"1 min\u00fata"},"schema":{"@context":"https:\/\/schema.org","@graph":[{"@type":"WebPage","@id":"https:\/\/pmza.sk\/?product=ked-fajka-zhasla","url":"https:\/\/pmza.sk\/?product=ked-fajka-zhasla","name":"Ke\u010f fajka zhasla - Pova\u017esk\u00e9 m\u00fazeum","isPartOf":{"@id":"https:\/\/pmza.sk\/#website"},"primaryImageOfPage":{"@id":"https:\/\/pmza.sk\/?product=ked-fajka-zhasla#primaryimage"},"image":{"@id":"https:\/\/pmza.sk\/?product=ked-fajka-zhasla#primaryimage"},"thumbnailUrl":"https:\/\/pmza.sk\/wp-content\/uploads\/2015\/06\/img590-1.jpg","datePublished":"2015-06-26T11:01:47+00:00","dateModified":"2022-11-07T09:13:41+00:00","breadcrumb":{"@id":"https:\/\/pmza.sk\/?product=ked-fajka-zhasla#breadcrumb"},"inLanguage":"sk-SK","potentialAction":[{"@type":"ReadAction","target":["https:\/\/pmza.sk\/?product=ked-fajka-zhasla"]}]},{"@type":"ImageObject","inLanguage":"sk-SK","@id":"https:\/\/pmza.sk\/?product=ked-fajka-zhasla#primaryimage","url":"https:\/\/pmza.sk\/wp-content\/uploads\/2015\/06\/img590-1.jpg","contentUrl":"https:\/\/pmza.sk\/wp-content\/uploads\/2015\/06\/img590-1.jpg","width":768,"height":782},{"@type":"BreadcrumbList","@id":"https:\/\/pmza.sk\/?product=ked-fajka-zhasla#breadcrumb","itemListElement":[{"@type":"ListItem","position":1,"name":"Domovsk\u00e1 str\u00e1nka","item":"https:\/\/pmza.sk\/"},{"@type":"ListItem","position":2,"name":"Obchod","item":"https:\/\/pmza.sk\/?page_id=7"},{"@type":"ListItem","position":3,"name":"Ke\u010f fajka zhasla"}]},{"@type":"WebSite","@id":"https:\/\/pmza.sk\/#website","url":"https:\/\/pmza.sk\/","name":"Pova\u017esk\u00e9 m\u00fazeum","description":"Pova\u017esk\u00e9 m\u00fazeum v \u017diline je region\u00e1lne m\u00fazeum so s\u00eddlom v Budat\u00edne. Jeho expoz\u00edcie s\u00fa zameran\u00e9 na dejiny slovensk\u00e9ho umenia, kult\u00fary a dopravy.","publisher":{"@id":"https:\/\/pmza.sk\/#organization"},"potentialAction":[{"@type":"SearchAction","target":{"@type":"EntryPoint","urlTemplate":"https:\/\/pmza.sk\/?s={search_term_string}"},"query-input":{"@type":"PropertyValueSpecification","valueRequired":true,"valueName":"search_term_string"}}],"inLanguage":"sk-SK"},{"@type":"Organization","@id":"https:\/\/pmza.sk\/#organization","name":"Pova\u017esk\u00e9 m\u00fazeum","url":"https:\/\/pmza.sk\/","logo":{"@type":"ImageObject","inLanguage":"sk-SK","@id":"https:\/\/pmza.sk\/#\/schema\/logo\/image\/","url":"https:\/\/pmza.sk\/wp-content\/uploads\/2022\/01\/logo_PM_horizontal.jpg","contentUrl":"https:\/\/pmza.sk\/wp-content\/uploads\/2022\/01\/logo_PM_horizontal.jpg","width":231,"height":142,"caption":"Pova\u017esk\u00e9 m\u00fazeum"},"image":{"@id":"https:\/\/pmza.sk\/#\/schema\/logo\/image\/"},"sameAs":["https:\/\/www.facebook.com\/povazskemuzeum","https:\/\/www.instagram.com\/povazskemuzeum\/"]}]}},"_links":{"self":[{"href":"https:\/\/pmza.sk\/index.php?rest_route=\/wp\/v2\/product\/320","targetHints":{"allow":["GET"]}}],"collection":[{"href":"https:\/\/pmza.sk\/index.php?rest_route=\/wp\/v2\/product"}],"about":[{"href":"https:\/\/pmza.sk\/index.php?rest_route=\/wp\/v2\/types\/product"}],"wp:featuredmedia":[{"embeddable":true,"href":"https:\/\/pmza.sk\/index.php?rest_route=\/wp\/v2\/media\/34068"}],"wp:attachment":[{"href":"https:\/\/pmza.sk\/index.php?rest_route=%2Fwp%2Fv2%2Fmedia&parent=320"}],"wp:term":[{"taxonomy":"product_cat","embeddable":true,"href":"https:\/\/pmza.sk\/index.php?rest_route=%2Fwp%2Fv2%2Fproduct_cat&post=320"},{"taxonomy":"product_tag","embeddable":true,"href":"https:\/\/pmza.sk\/index.php?rest_route=%2Fwp%2Fv2%2Fproduct_tag&post=320"}],"curies":[{"name":"wp","href":"https:\/\/api.w.org\/{rel}","templated":true}]}}