{"id":43764,"date":"2020-12-30T18:38:17","date_gmt":"2020-12-30T17:38:17","guid":{"rendered":"https:\/\/pmza.sk\/?post_type=product&#038;p=43764"},"modified":"2022-11-07T10:09:17","modified_gmt":"2022-11-07T09:09:17","slug":"jazda-storociami","status":"publish","type":"product","link":"https:\/\/pmza.sk\/?product=jazda-storociami","title":{"rendered":"Jazda storo\u010diami"},"content":{"rendered":"<p><strong>Peter \u0160imko: Jazda storo\u010diami.<\/strong> Dejiny dopravy na Slovensku a v\u00fdpove\u010f expon\u00e1tov mal\u00e9ho m\u00fazea.<\/p>\n<p>Na za\u010diatku bola snaha vyda\u0165 katal\u00f3g expon\u00e1tov v M\u00fazeu dopravy v Rajeck\u00fdch Tepliciach. Ale ke\u010f\u017ee expoz\u00edcia n\u00e1v\u0161tevn\u00edkov stru\u010dne oboznamuje s cel\u00fdmi dejinami dopravy na Slovensku, bolo treba ich preh\u013eadne sp\u00edsa\u0165 a doplni\u0165 fotografiami zo zbierky m\u00fazea a \u010fal\u0161\u00edch in\u0161tit\u00faci\u00ed. Tak vznikla 224-stranov\u00e1 kniha, ur\u010den\u00e1 pre ka\u017ed\u00e9ho, kto sa chce zasv\u00e4ti\u0165 do tajov dej\u00edn dopravy na Slovensku od prv\u00fdch chodn\u00edkov cez stredovek\u00e9 vozy, dunajsk\u00fa flotilu, \u017eelezni\u010dn\u00fa sie\u0165 a automobilov\u00fa dopravu a\u017e po lietadl\u00e1 a lanovky.<\/p>\n<p>&nbsp;<\/p>\n<p>Autor textu: Mgr. Peter \u0160imko, PhD.<\/p>\n<p>odborn\u00e1 recenzia: PhDr. Miroslav Sabol, PhD. a Lum\u00edr Kunc<\/p>\n<p>form\u00e1t: 21 x 21 cm<\/p>\n<p>po\u010det str\u00e1n: 224<\/p>\n<p>m\u00e4kk\u00e1 v\u00e4zba<\/p>\n<p>ISBN: 978-80-88877-89-9<\/p>\n<p>&nbsp;<\/p>\n","protected":false},"excerpt":{"rendered":"<p>Peter \u0160imko: Jazda storo\u010diami. Dejiny dopravy na Slovensku a v\u00fdpove\u010f expon\u00e1tov mal\u00e9ho m\u00fazea. Na za\u010diatku bola snaha vyda\u0165 katal\u00f3g expon\u00e1tov v M\u00fazeu dopravy v Rajeck\u00fdch Tepliciach. Ale ke\u010f\u017ee expoz\u00edcia n\u00e1v\u0161tevn\u00edkov stru\u010dne oboznamuje s cel\u00fdmi dejinami dopravy na Slovensku, bolo treba ich preh\u013eadne sp\u00edsa\u0165 a doplni\u0165 fotografiami zo zbierky m\u00fazea a \u010fal\u0161\u00edch in\u0161tit\u00faci\u00ed. Tak vznikla 224-stranov\u00e1 [&hellip;]<\/p>\n","protected":false},"featured_media":43782,"template":"","meta":{"site-sidebar-layout":"default","site-content-layout":"default","ast-site-content-layout":"","site-content-style":"default","site-sidebar-style":"default","ast-global-header-display":"","ast-banner-title-visibility":"","ast-main-header-display":"","ast-hfb-above-header-display":"","ast-hfb-below-header-display":"","ast-hfb-mobile-header-display":"","site-post-title":"","ast-breadcrumbs-content":"","ast-featured-img":"","footer-sml-layout":"","theme-transparent-header-meta":"default","adv-header-id-meta":"","stick-header-meta":"default","header-above-stick-meta":"","header-main-stick-meta":"","header-below-stick-meta":"","astra-migrate-meta-layouts":"default","ast-page-background-enabled":"default","ast-page-background-meta":{"desktop":{"background-color":"var(--ast-global-color-4)","background-image":"","background-repeat":"repeat","background-position":"center center","background-size":"auto","background-attachment":"scroll","background-type":"","background-media":"","overlay-type":"","overlay-color":"","overlay-opacity":"","overlay-gradient":""},"tablet":{"background-color":"","background-image":"","background-repeat":"repeat","background-position":"center center","background-size":"auto","background-attachment":"scroll","background-type":"","background-media":"","overlay-type":"","overlay-color":"","overlay-opacity":"","overlay-gradient":""},"mobile":{"background-color":"","background-image":"","background-repeat":"repeat","background-position":"center center","background-size":"auto","background-attachment":"scroll","background-type":"","background-media":"","overlay-type":"","overlay-color":"","overlay-opacity":"","overlay-gradient":""}},"ast-content-background-meta":{"desktop":{"background-color":"var(--ast-global-color-5)","background-image":"","background-repeat":"repeat","background-position":"center center","background-size":"auto","background-attachment":"scroll","background-type":"","background-media":"","overlay-type":"","overlay-color":"","overlay-opacity":"","overlay-gradient":""},"tablet":{"background-color":"var(--ast-global-color-5)","background-image":"","background-repeat":"repeat","background-position":"center center","background-size":"auto","background-attachment":"scroll","background-type":"","background-media":"","overlay-type":"","overlay-color":"","overlay-opacity":"","overlay-gradient":""},"mobile":{"background-color":"var(--ast-global-color-5)","background-image":"","background-repeat":"repeat","background-position":"center center","background-size":"auto","background-attachment":"scroll","background-type":"","background-media":"","overlay-type":"","overlay-color":"","overlay-opacity":"","overlay-gradient":""}}},"product_cat":[16],"product_tag":[],"class_list":{"0":"post-43764","1":"product","2":"type-product","3":"status-publish","4":"has-post-thumbnail","6":"product_cat-edicia-historia-dopravy","7":"desktop-align-left","8":"tablet-align-left","9":"mobile-align-left","10":"ast-product-gallery-layout-horizontal-slider","11":"ast-magnify-disabled","12":"ast-product-tabs-layout-horizontal","14":"first","15":"instock","16":"shipping-taxable","17":"purchasable","18":"product-type-simple"},"yoast_head":"<!-- This site is optimized with the Yoast SEO plugin v27.4 - https:\/\/yoast.com\/product\/yoast-seo-wordpress\/ -->\n<title>Jazda storo\u010diami - Pova\u017esk\u00e9 m\u00fazeum<\/title>\n<meta name=\"robots\" content=\"index, follow, max-snippet:-1, max-image-preview:large, max-video-preview:-1\" \/>\n<link rel=\"canonical\" href=\"https:\/\/pmza.sk\/?product=jazda-storociami\" \/>\n<meta property=\"og:locale\" content=\"sk_SK\" \/>\n<meta property=\"og:type\" content=\"article\" \/>\n<meta property=\"og:title\" content=\"Jazda storo\u010diami - Pova\u017esk\u00e9 m\u00fazeum\" \/>\n<meta property=\"og:description\" content=\"Peter \u0160imko: Jazda storo\u010diami. Dejiny dopravy na Slovensku a v\u00fdpove\u010f expon\u00e1tov mal\u00e9ho m\u00fazea. Na za\u010diatku bola snaha vyda\u0165 katal\u00f3g expon\u00e1tov v M\u00fazeu dopravy v Rajeck\u00fdch Tepliciach. Ale ke\u010f\u017ee expoz\u00edcia n\u00e1v\u0161tevn\u00edkov stru\u010dne oboznamuje s cel\u00fdmi dejinami dopravy na Slovensku, bolo treba ich preh\u013eadne sp\u00edsa\u0165 a doplni\u0165 fotografiami zo zbierky m\u00fazea a \u010fal\u0161\u00edch in\u0161tit\u00faci\u00ed. Tak vznikla 224-stranov\u00e1 [&hellip;]\" \/>\n<meta property=\"og:url\" content=\"https:\/\/pmza.sk\/?product=jazda-storociami\" \/>\n<meta property=\"og:site_name\" content=\"Pova\u017esk\u00e9 m\u00fazeum\" \/>\n<meta property=\"article:publisher\" content=\"https:\/\/www.facebook.com\/povazskemuzeum\" \/>\n<meta property=\"article:modified_time\" content=\"2022-11-07T09:09:17+00:00\" \/>\n<meta property=\"og:image\" content=\"https:\/\/pmza.sk\/wp-content\/uploads\/2020\/12\/00-OBALKA-1.jpg\" \/>\n\t<meta property=\"og:image:width\" content=\"769\" \/>\n\t<meta property=\"og:image:height\" content=\"768\" \/>\n\t<meta property=\"og:image:type\" content=\"image\/jpeg\" \/>\n<meta name=\"twitter:card\" content=\"summary_large_image\" \/>\n<meta name=\"twitter:label1\" content=\"Predpokladan\u00fd \u010das \u010d\u00edtania\" \/>\n\t<meta name=\"twitter:data1\" content=\"1 min\u00fata\" \/>\n<script type=\"application\/ld+json\" class=\"yoast-schema-graph\">{\"@context\":\"https:\\\/\\\/schema.org\",\"@graph\":[{\"@type\":\"WebPage\",\"@id\":\"https:\\\/\\\/pmza.sk\\\/?product=jazda-storociami\",\"url\":\"https:\\\/\\\/pmza.sk\\\/?product=jazda-storociami\",\"name\":\"Jazda storo\u010diami - Pova\u017esk\u00e9 m\u00fazeum\",\"isPartOf\":{\"@id\":\"https:\\\/\\\/pmza.sk\\\/#website\"},\"primaryImageOfPage\":{\"@id\":\"https:\\\/\\\/pmza.sk\\\/?product=jazda-storociami#primaryimage\"},\"image\":{\"@id\":\"https:\\\/\\\/pmza.sk\\\/?product=jazda-storociami#primaryimage\"},\"thumbnailUrl\":\"https:\\\/\\\/pmza.sk\\\/wp-content\\\/uploads\\\/2020\\\/12\\\/00-OBALKA-1.jpg\",\"datePublished\":\"2020-12-30T17:38:17+00:00\",\"dateModified\":\"2022-11-07T09:09:17+00:00\",\"breadcrumb\":{\"@id\":\"https:\\\/\\\/pmza.sk\\\/?product=jazda-storociami#breadcrumb\"},\"inLanguage\":\"sk-SK\",\"potentialAction\":[{\"@type\":\"ReadAction\",\"target\":[\"https:\\\/\\\/pmza.sk\\\/?product=jazda-storociami\"]}]},{\"@type\":\"ImageObject\",\"inLanguage\":\"sk-SK\",\"@id\":\"https:\\\/\\\/pmza.sk\\\/?product=jazda-storociami#primaryimage\",\"url\":\"https:\\\/\\\/pmza.sk\\\/wp-content\\\/uploads\\\/2020\\\/12\\\/00-OBALKA-1.jpg\",\"contentUrl\":\"https:\\\/\\\/pmza.sk\\\/wp-content\\\/uploads\\\/2020\\\/12\\\/00-OBALKA-1.jpg\",\"width\":769,\"height\":768},{\"@type\":\"BreadcrumbList\",\"@id\":\"https:\\\/\\\/pmza.sk\\\/?product=jazda-storociami#breadcrumb\",\"itemListElement\":[{\"@type\":\"ListItem\",\"position\":1,\"name\":\"Domovsk\u00e1 str\u00e1nka\",\"item\":\"https:\\\/\\\/pmza.sk\\\/\"},{\"@type\":\"ListItem\",\"position\":2,\"name\":\"Obchod\",\"item\":\"https:\\\/\\\/pmza.sk\\\/?page_id=7\"},{\"@type\":\"ListItem\",\"position\":3,\"name\":\"Jazda storo\u010diami\"}]},{\"@type\":\"WebSite\",\"@id\":\"https:\\\/\\\/pmza.sk\\\/#website\",\"url\":\"https:\\\/\\\/pmza.sk\\\/\",\"name\":\"Pova\u017esk\u00e9 m\u00fazeum\",\"description\":\"Pova\u017esk\u00e9 m\u00fazeum v \u017diline je region\u00e1lne m\u00fazeum so s\u00eddlom v Budat\u00edne. Jeho expoz\u00edcie s\u00fa zameran\u00e9 na dejiny slovensk\u00e9ho umenia, kult\u00fary a dopravy.\",\"publisher\":{\"@id\":\"https:\\\/\\\/pmza.sk\\\/#organization\"},\"potentialAction\":[{\"@type\":\"SearchAction\",\"target\":{\"@type\":\"EntryPoint\",\"urlTemplate\":\"https:\\\/\\\/pmza.sk\\\/?s={search_term_string}\"},\"query-input\":{\"@type\":\"PropertyValueSpecification\",\"valueRequired\":true,\"valueName\":\"search_term_string\"}}],\"inLanguage\":\"sk-SK\"},{\"@type\":\"Organization\",\"@id\":\"https:\\\/\\\/pmza.sk\\\/#organization\",\"name\":\"Pova\u017esk\u00e9 m\u00fazeum\",\"url\":\"https:\\\/\\\/pmza.sk\\\/\",\"logo\":{\"@type\":\"ImageObject\",\"inLanguage\":\"sk-SK\",\"@id\":\"https:\\\/\\\/pmza.sk\\\/#\\\/schema\\\/logo\\\/image\\\/\",\"url\":\"https:\\\/\\\/pmza.sk\\\/wp-content\\\/uploads\\\/2022\\\/01\\\/logo_PM_horizontal.jpg\",\"contentUrl\":\"https:\\\/\\\/pmza.sk\\\/wp-content\\\/uploads\\\/2022\\\/01\\\/logo_PM_horizontal.jpg\",\"width\":231,\"height\":142,\"caption\":\"Pova\u017esk\u00e9 m\u00fazeum\"},\"image\":{\"@id\":\"https:\\\/\\\/pmza.sk\\\/#\\\/schema\\\/logo\\\/image\\\/\"},\"sameAs\":[\"https:\\\/\\\/www.facebook.com\\\/povazskemuzeum\",\"https:\\\/\\\/www.instagram.com\\\/povazskemuzeum\\\/\"]}]}<\/script>\n<!-- \/ Yoast SEO plugin. -->","yoast_head_json":{"title":"Jazda storo\u010diami - Pova\u017esk\u00e9 m\u00fazeum","robots":{"index":"index","follow":"follow","max-snippet":"max-snippet:-1","max-image-preview":"max-image-preview:large","max-video-preview":"max-video-preview:-1"},"canonical":"https:\/\/pmza.sk\/?product=jazda-storociami","og_locale":"sk_SK","og_type":"article","og_title":"Jazda storo\u010diami - Pova\u017esk\u00e9 m\u00fazeum","og_description":"Peter \u0160imko: Jazda storo\u010diami. Dejiny dopravy na Slovensku a v\u00fdpove\u010f expon\u00e1tov mal\u00e9ho m\u00fazea. Na za\u010diatku bola snaha vyda\u0165 katal\u00f3g expon\u00e1tov v M\u00fazeu dopravy v Rajeck\u00fdch Tepliciach. Ale ke\u010f\u017ee expoz\u00edcia n\u00e1v\u0161tevn\u00edkov stru\u010dne oboznamuje s cel\u00fdmi dejinami dopravy na Slovensku, bolo treba ich preh\u013eadne sp\u00edsa\u0165 a doplni\u0165 fotografiami zo zbierky m\u00fazea a \u010fal\u0161\u00edch in\u0161tit\u00faci\u00ed. Tak vznikla 224-stranov\u00e1 [&hellip;]","og_url":"https:\/\/pmza.sk\/?product=jazda-storociami","og_site_name":"Pova\u017esk\u00e9 m\u00fazeum","article_publisher":"https:\/\/www.facebook.com\/povazskemuzeum","article_modified_time":"2022-11-07T09:09:17+00:00","og_image":[{"width":769,"height":768,"url":"https:\/\/pmza.sk\/wp-content\/uploads\/2020\/12\/00-OBALKA-1.jpg","type":"image\/jpeg"}],"twitter_card":"summary_large_image","twitter_misc":{"Predpokladan\u00fd \u010das \u010d\u00edtania":"1 min\u00fata"},"schema":{"@context":"https:\/\/schema.org","@graph":[{"@type":"WebPage","@id":"https:\/\/pmza.sk\/?product=jazda-storociami","url":"https:\/\/pmza.sk\/?product=jazda-storociami","name":"Jazda storo\u010diami - Pova\u017esk\u00e9 m\u00fazeum","isPartOf":{"@id":"https:\/\/pmza.sk\/#website"},"primaryImageOfPage":{"@id":"https:\/\/pmza.sk\/?product=jazda-storociami#primaryimage"},"image":{"@id":"https:\/\/pmza.sk\/?product=jazda-storociami#primaryimage"},"thumbnailUrl":"https:\/\/pmza.sk\/wp-content\/uploads\/2020\/12\/00-OBALKA-1.jpg","datePublished":"2020-12-30T17:38:17+00:00","dateModified":"2022-11-07T09:09:17+00:00","breadcrumb":{"@id":"https:\/\/pmza.sk\/?product=jazda-storociami#breadcrumb"},"inLanguage":"sk-SK","potentialAction":[{"@type":"ReadAction","target":["https:\/\/pmza.sk\/?product=jazda-storociami"]}]},{"@type":"ImageObject","inLanguage":"sk-SK","@id":"https:\/\/pmza.sk\/?product=jazda-storociami#primaryimage","url":"https:\/\/pmza.sk\/wp-content\/uploads\/2020\/12\/00-OBALKA-1.jpg","contentUrl":"https:\/\/pmza.sk\/wp-content\/uploads\/2020\/12\/00-OBALKA-1.jpg","width":769,"height":768},{"@type":"BreadcrumbList","@id":"https:\/\/pmza.sk\/?product=jazda-storociami#breadcrumb","itemListElement":[{"@type":"ListItem","position":1,"name":"Domovsk\u00e1 str\u00e1nka","item":"https:\/\/pmza.sk\/"},{"@type":"ListItem","position":2,"name":"Obchod","item":"https:\/\/pmza.sk\/?page_id=7"},{"@type":"ListItem","position":3,"name":"Jazda storo\u010diami"}]},{"@type":"WebSite","@id":"https:\/\/pmza.sk\/#website","url":"https:\/\/pmza.sk\/","name":"Pova\u017esk\u00e9 m\u00fazeum","description":"Pova\u017esk\u00e9 m\u00fazeum v \u017diline je region\u00e1lne m\u00fazeum so s\u00eddlom v Budat\u00edne. Jeho expoz\u00edcie s\u00fa zameran\u00e9 na dejiny slovensk\u00e9ho umenia, kult\u00fary a dopravy.","publisher":{"@id":"https:\/\/pmza.sk\/#organization"},"potentialAction":[{"@type":"SearchAction","target":{"@type":"EntryPoint","urlTemplate":"https:\/\/pmza.sk\/?s={search_term_string}"},"query-input":{"@type":"PropertyValueSpecification","valueRequired":true,"valueName":"search_term_string"}}],"inLanguage":"sk-SK"},{"@type":"Organization","@id":"https:\/\/pmza.sk\/#organization","name":"Pova\u017esk\u00e9 m\u00fazeum","url":"https:\/\/pmza.sk\/","logo":{"@type":"ImageObject","inLanguage":"sk-SK","@id":"https:\/\/pmza.sk\/#\/schema\/logo\/image\/","url":"https:\/\/pmza.sk\/wp-content\/uploads\/2022\/01\/logo_PM_horizontal.jpg","contentUrl":"https:\/\/pmza.sk\/wp-content\/uploads\/2022\/01\/logo_PM_horizontal.jpg","width":231,"height":142,"caption":"Pova\u017esk\u00e9 m\u00fazeum"},"image":{"@id":"https:\/\/pmza.sk\/#\/schema\/logo\/image\/"},"sameAs":["https:\/\/www.facebook.com\/povazskemuzeum","https:\/\/www.instagram.com\/povazskemuzeum\/"]}]}},"_links":{"self":[{"href":"https:\/\/pmza.sk\/index.php?rest_route=\/wp\/v2\/product\/43764","targetHints":{"allow":["GET"]}}],"collection":[{"href":"https:\/\/pmza.sk\/index.php?rest_route=\/wp\/v2\/product"}],"about":[{"href":"https:\/\/pmza.sk\/index.php?rest_route=\/wp\/v2\/types\/product"}],"wp:featuredmedia":[{"embeddable":true,"href":"https:\/\/pmza.sk\/index.php?rest_route=\/wp\/v2\/media\/43782"}],"wp:attachment":[{"href":"https:\/\/pmza.sk\/index.php?rest_route=%2Fwp%2Fv2%2Fmedia&parent=43764"}],"wp:term":[{"taxonomy":"product_cat","embeddable":true,"href":"https:\/\/pmza.sk\/index.php?rest_route=%2Fwp%2Fv2%2Fproduct_cat&post=43764"},{"taxonomy":"product_tag","embeddable":true,"href":"https:\/\/pmza.sk\/index.php?rest_route=%2Fwp%2Fv2%2Fproduct_tag&post=43764"}],"curies":[{"name":"wp","href":"https:\/\/api.w.org\/{rel}","templated":true}]}}