{"id":67110,"date":"2024-12-13T10:06:45","date_gmt":"2024-12-13T09:06:45","guid":{"rendered":"https:\/\/pmza.sk\/?post_type=product&#038;p=67110"},"modified":"2024-12-13T10:06:45","modified_gmt":"2024-12-13T09:06:45","slug":"hrad-strecno-2","status":"publish","type":"product","link":"https:\/\/pmza.sk\/?product=hrad-strecno-2","title":{"rendered":"Hrad Stre\u010dno"},"content":{"rendered":"<h6>Zuzana Kudzbelov\u00e1 &#8211; Andrea Slan\u00e1<\/h6>\n<h3>\nHrad Stre\u010dno \/ Stre\u010dno Castle<\/h3>\n<p>&nbsp;<\/p>\n<p>Bro\u017eovan\u00e1 v\u00e4zba, 21 x 21 cm, 98 s., plnofarebn\u00e1 tla\u010d, kriedov\u00fd papier<\/p>\n<p>Atrakt\u00edvna publik\u00e1cia stru\u010dne, preh\u013eadne a p\u00fatavo oboznamuje nad\u0161encov hist\u00f3rie s dejinami hradu Stre\u010dno. Zaober\u00e1 sa po\u010diatkami hradu a Stre\u010dnianskeho hradn\u00e9ho panstva, jeho majite\u013emi a dr\u017eite\u013emi, spr\u00e1vou hradu, stavebn\u00fdm v\u00fdvojom hradu a prezentuje tu z\u00edskan\u00e9 archeologick\u00e9 n\u00e1lezy. V z\u00e1vere n\u00e1jdeme inform\u00e1cie o konzerv\u00e1cii a rekon\u0161trukcii hradu v 2. polovici 20. storo\u010dia.<\/p>\n<p>Kniha je p\u00edsan\u00e1 v slovenskom a anglickom jazyku. Obsahuje viac ako 100 dobov\u00fdch a s\u00fa\u010dasn\u00fdch fotografi\u00ed.<\/p>\n","protected":false},"excerpt":{"rendered":"<p>Zuzana Kudzbelov\u00e1 &#8211; Andrea Slan\u00e1 Hrad Stre\u010dno \/ Stre\u010dno Castle &nbsp; Bro\u017eovan\u00e1 v\u00e4zba, 21 x 21 cm, 98 s., plnofarebn\u00e1 tla\u010d, kriedov\u00fd papier Atrakt\u00edvna publik\u00e1cia stru\u010dne, preh\u013eadne a p\u00fatavo oboznamuje nad\u0161encov hist\u00f3rie s dejinami hradu Stre\u010dno. Zaober\u00e1 sa po\u010diatkami hradu a Stre\u010dnianskeho hradn\u00e9ho panstva, jeho majite\u013emi a dr\u017eite\u013emi, spr\u00e1vou hradu, stavebn\u00fdm v\u00fdvojom hradu a prezentuje [&hellip;]<\/p>\n","protected":false},"featured_media":67111,"template":"","meta":{"site-sidebar-layout":"default","site-content-layout":"default","ast-site-content-layout":"","site-content-style":"default","site-sidebar-style":"default","ast-global-header-display":"","ast-banner-title-visibility":"","ast-main-header-display":"","ast-hfb-above-header-display":"","ast-hfb-below-header-display":"","ast-hfb-mobile-header-display":"","site-post-title":"","ast-breadcrumbs-content":"","ast-featured-img":"","footer-sml-layout":"","theme-transparent-header-meta":"default","adv-header-id-meta":"","stick-header-meta":"default","header-above-stick-meta":"","header-main-stick-meta":"","header-below-stick-meta":"","astra-migrate-meta-layouts":"default","ast-page-background-enabled":"default","ast-page-background-meta":{"desktop":{"background-color":"var(--ast-global-color-4)","background-image":"","background-repeat":"repeat","background-position":"center center","background-size":"auto","background-attachment":"scroll","background-type":"","background-media":"","overlay-type":"","overlay-color":"","overlay-opacity":"","overlay-gradient":""},"tablet":{"background-color":"","background-image":"","background-repeat":"repeat","background-position":"center center","background-size":"auto","background-attachment":"scroll","background-type":"","background-media":"","overlay-type":"","overlay-color":"","overlay-opacity":"","overlay-gradient":""},"mobile":{"background-color":"","background-image":"","background-repeat":"repeat","background-position":"center center","background-size":"auto","background-attachment":"scroll","background-type":"","background-media":"","overlay-type":"","overlay-color":"","overlay-opacity":"","overlay-gradient":""}},"ast-content-background-meta":{"desktop":{"background-color":"var(--ast-global-color-5)","background-image":"","background-repeat":"repeat","background-position":"center center","background-size":"auto","background-attachment":"scroll","background-type":"","background-media":"","overlay-type":"","overlay-color":"","overlay-opacity":"","overlay-gradient":""},"tablet":{"background-color":"var(--ast-global-color-5)","background-image":"","background-repeat":"repeat","background-position":"center center","background-size":"auto","background-attachment":"scroll","background-type":"","background-media":"","overlay-type":"","overlay-color":"","overlay-opacity":"","overlay-gradient":""},"mobile":{"background-color":"var(--ast-global-color-5)","background-image":"","background-repeat":"repeat","background-position":"center center","background-size":"auto","background-attachment":"scroll","background-type":"","background-media":"","overlay-type":"","overlay-color":"","overlay-opacity":"","overlay-gradient":""}}},"product_cat":[20],"product_tag":[],"class_list":{"0":"post-67110","1":"product","2":"type-product","3":"status-publish","4":"has-post-thumbnail","6":"product_cat-publikacie-o-povazskom-muzeu-v-ziline","7":"desktop-align-left","8":"tablet-align-left","9":"mobile-align-left","10":"ast-product-gallery-layout-horizontal-slider","11":"ast-magnify-disabled","12":"ast-product-tabs-layout-horizontal","14":"first","15":"instock","16":"shipping-taxable","17":"purchasable","18":"product-type-simple"},"yoast_head":"<!-- This site is optimized with the Yoast SEO plugin v27.4 - https:\/\/yoast.com\/product\/yoast-seo-wordpress\/ -->\n<title>Hrad Stre\u010dno - Pova\u017esk\u00e9 m\u00fazeum<\/title>\n<meta name=\"robots\" content=\"index, follow, max-snippet:-1, max-image-preview:large, max-video-preview:-1\" \/>\n<link rel=\"canonical\" href=\"https:\/\/pmza.sk\/?product=hrad-strecno-2\" \/>\n<meta property=\"og:locale\" content=\"sk_SK\" \/>\n<meta property=\"og:type\" content=\"article\" \/>\n<meta property=\"og:title\" content=\"Hrad Stre\u010dno - Pova\u017esk\u00e9 m\u00fazeum\" \/>\n<meta property=\"og:description\" content=\"Zuzana Kudzbelov\u00e1 &#8211; Andrea Slan\u00e1 Hrad Stre\u010dno \/ Stre\u010dno Castle &nbsp; Bro\u017eovan\u00e1 v\u00e4zba, 21 x 21 cm, 98 s., plnofarebn\u00e1 tla\u010d, kriedov\u00fd papier Atrakt\u00edvna publik\u00e1cia stru\u010dne, preh\u013eadne a p\u00fatavo oboznamuje nad\u0161encov hist\u00f3rie s dejinami hradu Stre\u010dno. Zaober\u00e1 sa po\u010diatkami hradu a Stre\u010dnianskeho hradn\u00e9ho panstva, jeho majite\u013emi a dr\u017eite\u013emi, spr\u00e1vou hradu, stavebn\u00fdm v\u00fdvojom hradu a prezentuje [&hellip;]\" \/>\n<meta property=\"og:url\" content=\"https:\/\/pmza.sk\/?product=hrad-strecno-2\" \/>\n<meta property=\"og:site_name\" content=\"Pova\u017esk\u00e9 m\u00fazeum\" \/>\n<meta property=\"article:publisher\" content=\"https:\/\/www.facebook.com\/povazskemuzeum\" \/>\n<meta property=\"og:image\" content=\"https:\/\/pmza.sk\/wp-content\/uploads\/2024\/12\/Strecno_obalka.jpg\" \/>\n\t<meta property=\"og:image:width\" content=\"2391\" \/>\n\t<meta property=\"og:image:height\" content=\"2362\" \/>\n\t<meta property=\"og:image:type\" content=\"image\/jpeg\" \/>\n<meta name=\"twitter:card\" content=\"summary_large_image\" \/>\n<meta name=\"twitter:label1\" content=\"Predpokladan\u00fd \u010das \u010d\u00edtania\" \/>\n\t<meta name=\"twitter:data1\" content=\"1 min\u00fata\" \/>\n<script type=\"application\/ld+json\" class=\"yoast-schema-graph\">{\"@context\":\"https:\\\/\\\/schema.org\",\"@graph\":[{\"@type\":\"WebPage\",\"@id\":\"https:\\\/\\\/pmza.sk\\\/?product=hrad-strecno-2\",\"url\":\"https:\\\/\\\/pmza.sk\\\/?product=hrad-strecno-2\",\"name\":\"Hrad Stre\u010dno - Pova\u017esk\u00e9 m\u00fazeum\",\"isPartOf\":{\"@id\":\"https:\\\/\\\/pmza.sk\\\/#website\"},\"primaryImageOfPage\":{\"@id\":\"https:\\\/\\\/pmza.sk\\\/?product=hrad-strecno-2#primaryimage\"},\"image\":{\"@id\":\"https:\\\/\\\/pmza.sk\\\/?product=hrad-strecno-2#primaryimage\"},\"thumbnailUrl\":\"https:\\\/\\\/pmza.sk\\\/wp-content\\\/uploads\\\/2024\\\/12\\\/Strecno_obalka.jpg\",\"datePublished\":\"2024-12-13T09:06:45+00:00\",\"breadcrumb\":{\"@id\":\"https:\\\/\\\/pmza.sk\\\/?product=hrad-strecno-2#breadcrumb\"},\"inLanguage\":\"sk-SK\",\"potentialAction\":[{\"@type\":\"ReadAction\",\"target\":[\"https:\\\/\\\/pmza.sk\\\/?product=hrad-strecno-2\"]}]},{\"@type\":\"ImageObject\",\"inLanguage\":\"sk-SK\",\"@id\":\"https:\\\/\\\/pmza.sk\\\/?product=hrad-strecno-2#primaryimage\",\"url\":\"https:\\\/\\\/pmza.sk\\\/wp-content\\\/uploads\\\/2024\\\/12\\\/Strecno_obalka.jpg\",\"contentUrl\":\"https:\\\/\\\/pmza.sk\\\/wp-content\\\/uploads\\\/2024\\\/12\\\/Strecno_obalka.jpg\",\"width\":2391,\"height\":2362},{\"@type\":\"BreadcrumbList\",\"@id\":\"https:\\\/\\\/pmza.sk\\\/?product=hrad-strecno-2#breadcrumb\",\"itemListElement\":[{\"@type\":\"ListItem\",\"position\":1,\"name\":\"Domovsk\u00e1 str\u00e1nka\",\"item\":\"https:\\\/\\\/pmza.sk\\\/\"},{\"@type\":\"ListItem\",\"position\":2,\"name\":\"Obchod\",\"item\":\"https:\\\/\\\/pmza.sk\\\/?page_id=7\"},{\"@type\":\"ListItem\",\"position\":3,\"name\":\"Hrad Stre\u010dno\"}]},{\"@type\":\"WebSite\",\"@id\":\"https:\\\/\\\/pmza.sk\\\/#website\",\"url\":\"https:\\\/\\\/pmza.sk\\\/\",\"name\":\"Pova\u017esk\u00e9 m\u00fazeum\",\"description\":\"Pova\u017esk\u00e9 m\u00fazeum v \u017diline je region\u00e1lne m\u00fazeum so s\u00eddlom v Budat\u00edne. Jeho expoz\u00edcie s\u00fa zameran\u00e9 na dejiny slovensk\u00e9ho umenia, kult\u00fary a dopravy.\",\"publisher\":{\"@id\":\"https:\\\/\\\/pmza.sk\\\/#organization\"},\"potentialAction\":[{\"@type\":\"SearchAction\",\"target\":{\"@type\":\"EntryPoint\",\"urlTemplate\":\"https:\\\/\\\/pmza.sk\\\/?s={search_term_string}\"},\"query-input\":{\"@type\":\"PropertyValueSpecification\",\"valueRequired\":true,\"valueName\":\"search_term_string\"}}],\"inLanguage\":\"sk-SK\"},{\"@type\":\"Organization\",\"@id\":\"https:\\\/\\\/pmza.sk\\\/#organization\",\"name\":\"Pova\u017esk\u00e9 m\u00fazeum\",\"url\":\"https:\\\/\\\/pmza.sk\\\/\",\"logo\":{\"@type\":\"ImageObject\",\"inLanguage\":\"sk-SK\",\"@id\":\"https:\\\/\\\/pmza.sk\\\/#\\\/schema\\\/logo\\\/image\\\/\",\"url\":\"https:\\\/\\\/pmza.sk\\\/wp-content\\\/uploads\\\/2022\\\/01\\\/logo_PM_horizontal.jpg\",\"contentUrl\":\"https:\\\/\\\/pmza.sk\\\/wp-content\\\/uploads\\\/2022\\\/01\\\/logo_PM_horizontal.jpg\",\"width\":231,\"height\":142,\"caption\":\"Pova\u017esk\u00e9 m\u00fazeum\"},\"image\":{\"@id\":\"https:\\\/\\\/pmza.sk\\\/#\\\/schema\\\/logo\\\/image\\\/\"},\"sameAs\":[\"https:\\\/\\\/www.facebook.com\\\/povazskemuzeum\",\"https:\\\/\\\/www.instagram.com\\\/povazskemuzeum\\\/\"]}]}<\/script>\n<!-- \/ Yoast SEO plugin. -->","yoast_head_json":{"title":"Hrad Stre\u010dno - Pova\u017esk\u00e9 m\u00fazeum","robots":{"index":"index","follow":"follow","max-snippet":"max-snippet:-1","max-image-preview":"max-image-preview:large","max-video-preview":"max-video-preview:-1"},"canonical":"https:\/\/pmza.sk\/?product=hrad-strecno-2","og_locale":"sk_SK","og_type":"article","og_title":"Hrad Stre\u010dno - Pova\u017esk\u00e9 m\u00fazeum","og_description":"Zuzana Kudzbelov\u00e1 &#8211; Andrea Slan\u00e1 Hrad Stre\u010dno \/ Stre\u010dno Castle &nbsp; Bro\u017eovan\u00e1 v\u00e4zba, 21 x 21 cm, 98 s., plnofarebn\u00e1 tla\u010d, kriedov\u00fd papier Atrakt\u00edvna publik\u00e1cia stru\u010dne, preh\u013eadne a p\u00fatavo oboznamuje nad\u0161encov hist\u00f3rie s dejinami hradu Stre\u010dno. Zaober\u00e1 sa po\u010diatkami hradu a Stre\u010dnianskeho hradn\u00e9ho panstva, jeho majite\u013emi a dr\u017eite\u013emi, spr\u00e1vou hradu, stavebn\u00fdm v\u00fdvojom hradu a prezentuje [&hellip;]","og_url":"https:\/\/pmza.sk\/?product=hrad-strecno-2","og_site_name":"Pova\u017esk\u00e9 m\u00fazeum","article_publisher":"https:\/\/www.facebook.com\/povazskemuzeum","og_image":[{"width":2391,"height":2362,"url":"https:\/\/pmza.sk\/wp-content\/uploads\/2024\/12\/Strecno_obalka.jpg","type":"image\/jpeg"}],"twitter_card":"summary_large_image","twitter_misc":{"Predpokladan\u00fd \u010das \u010d\u00edtania":"1 min\u00fata"},"schema":{"@context":"https:\/\/schema.org","@graph":[{"@type":"WebPage","@id":"https:\/\/pmza.sk\/?product=hrad-strecno-2","url":"https:\/\/pmza.sk\/?product=hrad-strecno-2","name":"Hrad Stre\u010dno - Pova\u017esk\u00e9 m\u00fazeum","isPartOf":{"@id":"https:\/\/pmza.sk\/#website"},"primaryImageOfPage":{"@id":"https:\/\/pmza.sk\/?product=hrad-strecno-2#primaryimage"},"image":{"@id":"https:\/\/pmza.sk\/?product=hrad-strecno-2#primaryimage"},"thumbnailUrl":"https:\/\/pmza.sk\/wp-content\/uploads\/2024\/12\/Strecno_obalka.jpg","datePublished":"2024-12-13T09:06:45+00:00","breadcrumb":{"@id":"https:\/\/pmza.sk\/?product=hrad-strecno-2#breadcrumb"},"inLanguage":"sk-SK","potentialAction":[{"@type":"ReadAction","target":["https:\/\/pmza.sk\/?product=hrad-strecno-2"]}]},{"@type":"ImageObject","inLanguage":"sk-SK","@id":"https:\/\/pmza.sk\/?product=hrad-strecno-2#primaryimage","url":"https:\/\/pmza.sk\/wp-content\/uploads\/2024\/12\/Strecno_obalka.jpg","contentUrl":"https:\/\/pmza.sk\/wp-content\/uploads\/2024\/12\/Strecno_obalka.jpg","width":2391,"height":2362},{"@type":"BreadcrumbList","@id":"https:\/\/pmza.sk\/?product=hrad-strecno-2#breadcrumb","itemListElement":[{"@type":"ListItem","position":1,"name":"Domovsk\u00e1 str\u00e1nka","item":"https:\/\/pmza.sk\/"},{"@type":"ListItem","position":2,"name":"Obchod","item":"https:\/\/pmza.sk\/?page_id=7"},{"@type":"ListItem","position":3,"name":"Hrad Stre\u010dno"}]},{"@type":"WebSite","@id":"https:\/\/pmza.sk\/#website","url":"https:\/\/pmza.sk\/","name":"Pova\u017esk\u00e9 m\u00fazeum","description":"Pova\u017esk\u00e9 m\u00fazeum v \u017diline je region\u00e1lne m\u00fazeum so s\u00eddlom v Budat\u00edne. Jeho expoz\u00edcie s\u00fa zameran\u00e9 na dejiny slovensk\u00e9ho umenia, kult\u00fary a dopravy.","publisher":{"@id":"https:\/\/pmza.sk\/#organization"},"potentialAction":[{"@type":"SearchAction","target":{"@type":"EntryPoint","urlTemplate":"https:\/\/pmza.sk\/?s={search_term_string}"},"query-input":{"@type":"PropertyValueSpecification","valueRequired":true,"valueName":"search_term_string"}}],"inLanguage":"sk-SK"},{"@type":"Organization","@id":"https:\/\/pmza.sk\/#organization","name":"Pova\u017esk\u00e9 m\u00fazeum","url":"https:\/\/pmza.sk\/","logo":{"@type":"ImageObject","inLanguage":"sk-SK","@id":"https:\/\/pmza.sk\/#\/schema\/logo\/image\/","url":"https:\/\/pmza.sk\/wp-content\/uploads\/2022\/01\/logo_PM_horizontal.jpg","contentUrl":"https:\/\/pmza.sk\/wp-content\/uploads\/2022\/01\/logo_PM_horizontal.jpg","width":231,"height":142,"caption":"Pova\u017esk\u00e9 m\u00fazeum"},"image":{"@id":"https:\/\/pmza.sk\/#\/schema\/logo\/image\/"},"sameAs":["https:\/\/www.facebook.com\/povazskemuzeum","https:\/\/www.instagram.com\/povazskemuzeum\/"]}]}},"_links":{"self":[{"href":"https:\/\/pmza.sk\/index.php?rest_route=\/wp\/v2\/product\/67110","targetHints":{"allow":["GET"]}}],"collection":[{"href":"https:\/\/pmza.sk\/index.php?rest_route=\/wp\/v2\/product"}],"about":[{"href":"https:\/\/pmza.sk\/index.php?rest_route=\/wp\/v2\/types\/product"}],"wp:featuredmedia":[{"embeddable":true,"href":"https:\/\/pmza.sk\/index.php?rest_route=\/wp\/v2\/media\/67111"}],"wp:attachment":[{"href":"https:\/\/pmza.sk\/index.php?rest_route=%2Fwp%2Fv2%2Fmedia&parent=67110"}],"wp:term":[{"taxonomy":"product_cat","embeddable":true,"href":"https:\/\/pmza.sk\/index.php?rest_route=%2Fwp%2Fv2%2Fproduct_cat&post=67110"},{"taxonomy":"product_tag","embeddable":true,"href":"https:\/\/pmza.sk\/index.php?rest_route=%2Fwp%2Fv2%2Fproduct_tag&post=67110"}],"curies":[{"name":"wp","href":"https:\/\/api.w.org\/{rel}","templated":true}]}}